{"id":11040,"date":"2018-08-13T13:27:38","date_gmt":"2018-08-13T11:27:38","guid":{"rendered":"http:\/\/recarprofi.cz\/?page_id=11040"},"modified":"2024-04-10T15:02:12","modified_gmt":"2024-04-10T13:02:12","slug":"cb-4","status":"publish","type":"page","link":"https:\/\/recarprofi.cz\/uvod\/manipulacni-technika\/ctyrcestne-vysokozdvizne-voziky-combilift\/cb-4\/","title":{"rendered":"\u010cty\u0159cestn\u00e9 vysokozdvi\u017en\u00e9 voz\u00edky Combi CB 4"},"content":{"rendered":"\t\t<div data-elementor-type=\"wp-page\" data-elementor-id=\"11040\" class=\"elementor elementor-11040\">\n\t\t\t\t\t\t<section class=\"elementor-section elementor-top-section elementor-element elementor-element-431a659b elementor-section-boxed elementor-section-height-default elementor-section-height-default\" data-id=\"431a659b\" data-element_type=\"section\" data-e-type=\"section\">\n\t\t\t\t\t\t<div class=\"elementor-container elementor-column-gap-default\">\n\t\t\t\t\t<div class=\"elementor-column elementor-col-100 elementor-top-column elementor-element elementor-element-1470c784\" data-id=\"1470c784\" data-element_type=\"column\" data-e-type=\"column\">\n\t\t\t<div class=\"elementor-widget-wrap elementor-element-populated\">\n\t\t\t\t\t\t<div class=\"elementor-element elementor-element-6ec5e4 elementor-widget elementor-widget-text-editor\" data-id=\"6ec5e4\" data-element_type=\"widget\" data-e-type=\"widget\" data-widget_type=\"text-editor.default\">\n\t\t\t\t<div class=\"elementor-widget-container\">\n\t\t\t\t\t\t\t\t\t<p><a href=\"http:\/\/recarprofi.cz\/wp-content\/uploads\/2018\/08\/combilift-c25-3.jpg\"><img fetchpriority=\"high\" decoding=\"async\" class=\"aligncenter wp-image-11000 size-full\" src=\"https:\/\/recarprofi.cz\/wp-content\/uploads\/2018\/08\/combilift-c25-3.jpg\" alt=\"\" width=\"768\" height=\"768\" srcset=\"https:\/\/recarprofi.cz\/wp-content\/uploads\/2018\/08\/combilift-c25-3.jpg 768w, https:\/\/recarprofi.cz\/wp-content\/uploads\/2018\/08\/combilift-c25-3-100x100.jpg 100w, https:\/\/recarprofi.cz\/wp-content\/uploads\/2018\/08\/combilift-c25-3-600x600.jpg 600w, https:\/\/recarprofi.cz\/wp-content\/uploads\/2018\/08\/combilift-c25-3-420x420.jpg 420w, https:\/\/recarprofi.cz\/wp-content\/uploads\/2018\/08\/combilift-c25-3-744x744.jpg 744w\" sizes=\"(max-width: 768px) 100vw, 768px\" \/><\/a><\/p><p>Voz\u00edk \u0159ady CB je kompaktn\u00ed vysokozdvi\u017en\u00fd voz\u00edk s protiz\u00e1va\u017e\u00edm a \u010dty\u0159cestn\u00fdm pojezdem.CB je ide\u00e1ln\u00ed pro p\u0159epravu zbo\u017e\u00ed,\u00a0 jako je klasick\u00fd voz\u00edk ale m\u00e1 dal\u0161\u00ed v\u00fdhodu, m\u00e1 schopnost p\u0159en\u00e1\u0161et velk\u00e9 zat\u00ed\u017een\u00ed v bo\u010dn\u00edm re\u017eimu. Pohon voz\u00edku dieselov\u00fd nebo na LPG.<\/p><p>\u00a0<\/p><p><strong>Prospekt:<span style=\"color: #008080;\">\u00a0<\/span><a href=\"http:\/\/recarprofi.cz\/wp-content\/uploads\/2018\/08\/combilift-cb4.pdf\"><span style=\"color: #008080;\">Combi CB4<\/span><\/a><\/strong><\/p><p>\u00a0<\/p><p><strong><span style=\"color: #000000;\">Technick\u00e9 parametry:<\/span><\/strong><\/p><table><tbody><tr><td width=\"194\"><em><strong>Typ voz\u00edku<\/strong><\/em><\/td><td width=\"194\"><em><strong>CB 4<\/strong><\/em><\/td><\/tr><tr><td width=\"194\">Nosnost<\/td><td width=\"194\">4.000 kg<\/td><\/tr><tr><td width=\"194\">T\u011b\u017ei\u0161t\u011b vylo\u017een\u00ed<\/td><td width=\"194\">600 mm<\/td><\/tr><tr><td width=\"194\">Pohon<\/td><td width=\"194\">Diesel\/LPG<\/td><\/tr><tr><td width=\"194\">Vlastn\u00ed hmotnost<\/td><td width=\"194\">8.650 kg<\/td><\/tr><tr><td width=\"194\">Rychlost pojezdu<\/td><td width=\"194\">13 km\/h<\/td><\/tr><tr><td width=\"194\">Pneumatiky p\u0159edn\u00ed<\/td><td width=\"194\">20&#215;9-15<\/td><\/tr><tr><td width=\"194\">Pneumatiky zadn\u00ed<\/td><td width=\"194\">28&#215;12,5-15<\/td><\/tr><tr><td width=\"194\">Motor<\/td><td width=\"194\">Kubota\/GM LPG<\/td><\/tr><tr><td width=\"194\">V\u00fdkon motoru<\/td><td width=\"194\">44 kW\/48 kW<\/td><\/tr><\/tbody><\/table><p><a href=\"http:\/\/recarprofi.cz\/wp-content\/uploads\/2018\/08\/combilift-cb42.jpg\"><img decoding=\"async\" class=\"aligncenter wp-image-11048 size-full\" src=\"https:\/\/recarprofi.cz\/wp-content\/uploads\/2018\/08\/combilift-cb42.jpg\" alt=\"\" width=\"1024\" height=\"597\" srcset=\"https:\/\/recarprofi.cz\/wp-content\/uploads\/2018\/08\/combilift-cb42.jpg 1024w, https:\/\/recarprofi.cz\/wp-content\/uploads\/2018\/08\/combilift-cb42-600x350.jpg 600w, https:\/\/recarprofi.cz\/wp-content\/uploads\/2018\/08\/combilift-cb42-420x245.jpg 420w, https:\/\/recarprofi.cz\/wp-content\/uploads\/2018\/08\/combilift-cb42-744x434.jpg 744w, https:\/\/recarprofi.cz\/wp-content\/uploads\/2018\/08\/combilift-cb42-768x448.jpg 768w\" sizes=\"(max-width: 1024px) 100vw, 1024px\" \/><\/a><a href=\"http:\/\/recarprofi.cz\/wp-content\/uploads\/2018\/08\/combilift-cb41.jpg\"><img decoding=\"async\" class=\"aligncenter wp-image-11047 size-full\" src=\"https:\/\/recarprofi.cz\/wp-content\/uploads\/2018\/08\/combilift-cb41.jpg\" alt=\"\" width=\"1024\" height=\"768\" srcset=\"https:\/\/recarprofi.cz\/wp-content\/uploads\/2018\/08\/combilift-cb41.jpg 1024w, https:\/\/recarprofi.cz\/wp-content\/uploads\/2018\/08\/combilift-cb41-600x450.jpg 600w, https:\/\/recarprofi.cz\/wp-content\/uploads\/2018\/08\/combilift-cb41-420x315.jpg 420w, https:\/\/recarprofi.cz\/wp-content\/uploads\/2018\/08\/combilift-cb41-744x558.jpg 744w, https:\/\/recarprofi.cz\/wp-content\/uploads\/2018\/08\/combilift-cb41-768x576.jpg 768w\" sizes=\"(max-width: 1024px) 100vw, 1024px\" \/><\/a><\/p>\t\t\t\t\t\t\t\t<\/div>\n\t\t\t\t<\/div>\n\t\t\t\t\t<\/div>\n\t\t<\/div>\n\t\t\t\t\t<\/div>\n\t\t<\/section>\n\t\t\t\t<\/div>\n\t\t","protected":false},"excerpt":{"rendered":"<p>Voz\u00edk \u0159ady CB je kompaktn\u00ed vysokozdvi\u017en\u00fd voz\u00edk s protiz\u00e1va\u017e\u00edm a \u010dty\u0159cestn\u00fdm pojezdem.CB je ide\u00e1ln\u00ed pro p\u0159epravu zbo\u017e\u00ed,\u00a0 jako je klasick\u00fd voz\u00edk ale m\u00e1 dal\u0161\u00ed v\u00fdhodu, m\u00e1 schopnost p\u0159en\u00e1\u0161et velk\u00e9 zat\u00ed\u017een\u00ed v bo\u010dn\u00edm re\u017eimu. Pohon voz\u00edku&hellip;<\/p>\n","protected":false},"author":1,"featured_media":11048,"parent":147,"menu_order":9,"comment_status":"closed","ping_status":"closed","template":"","meta":{"footnotes":""},"class_list":["post-11040","page","type-page","status-publish","has-post-thumbnail","hentry"],"_links":{"self":[{"href":"https:\/\/recarprofi.cz\/uvod\/wp-json\/wp\/v2\/pages\/11040","targetHints":{"allow":["GET"]}}],"collection":[{"href":"https:\/\/recarprofi.cz\/uvod\/wp-json\/wp\/v2\/pages"}],"about":[{"href":"https:\/\/recarprofi.cz\/uvod\/wp-json\/wp\/v2\/types\/page"}],"author":[{"embeddable":true,"href":"https:\/\/recarprofi.cz\/uvod\/wp-json\/wp\/v2\/users\/1"}],"replies":[{"embeddable":true,"href":"https:\/\/recarprofi.cz\/uvod\/wp-json\/wp\/v2\/comments?post=11040"}],"version-history":[{"count":9,"href":"https:\/\/recarprofi.cz\/uvod\/wp-json\/wp\/v2\/pages\/11040\/revisions"}],"predecessor-version":[{"id":20399,"href":"https:\/\/recarprofi.cz\/uvod\/wp-json\/wp\/v2\/pages\/11040\/revisions\/20399"}],"up":[{"embeddable":true,"href":"https:\/\/recarprofi.cz\/uvod\/wp-json\/wp\/v2\/pages\/147"}],"wp:featuredmedia":[{"embeddable":true,"href":"https:\/\/recarprofi.cz\/uvod\/wp-json\/wp\/v2\/media\/11048"}],"wp:attachment":[{"href":"https:\/\/recarprofi.cz\/uvod\/wp-json\/wp\/v2\/media?parent=11040"}],"curies":[{"name":"wp","href":"https:\/\/api.w.org\/{rel}","templated":true}]}}