{"id":11095,"date":"2018-08-14T08:30:04","date_gmt":"2018-08-14T06:30:04","guid":{"rendered":"http:\/\/recarprofi.cz\/?page_id=11095"},"modified":"2024-04-10T15:24:16","modified_gmt":"2024-04-10T13:24:16","slug":"bocni-vysokozdvizne-voziky-combi","status":"publish","type":"page","link":"https:\/\/recarprofi.cz\/uvod\/manipulacni-technika\/bocni-vysokozdvizne-voziky-combi\/","title":{"rendered":"Bo\u010dn\u00ed vysokozdvi\u017en\u00e9 voz\u00edky Combi"},"content":{"rendered":"\t\t<div data-elementor-type=\"wp-page\" data-elementor-id=\"11095\" class=\"elementor elementor-11095\">\n\t\t\t\t\t\t<section class=\"elementor-section elementor-top-section elementor-element elementor-element-ddee676 elementor-section-boxed elementor-section-height-default elementor-section-height-default\" data-id=\"ddee676\" data-element_type=\"section\" data-e-type=\"section\">\n\t\t\t\t\t\t<div class=\"elementor-container elementor-column-gap-default\">\n\t\t\t\t\t<div class=\"elementor-column elementor-col-100 elementor-top-column elementor-element elementor-element-cd4f7ca\" data-id=\"cd4f7ca\" data-element_type=\"column\" data-e-type=\"column\">\n\t\t\t<div class=\"elementor-widget-wrap elementor-element-populated\">\n\t\t\t\t\t\t<div class=\"elementor-element elementor-element-124b560 elementor-position-left elementor-vertical-align-top elementor-widget elementor-widget-image-box\" data-id=\"124b560\" data-element_type=\"widget\" data-e-type=\"widget\" data-widget_type=\"image-box.default\">\n\t\t\t\t<div class=\"elementor-widget-container\">\n\t\t\t\t\t<div class=\"elementor-image-box-wrapper\"><figure class=\"elementor-image-box-img\"><a href=\"https:\/\/recarprofi.cz\/uvod\/manipulacni-technika\/bocni-vysokozdvizne-voziky-combi\/sl\/\" tabindex=\"-1\"><img fetchpriority=\"high\" decoding=\"async\" width=\"923\" height=\"919\" src=\"https:\/\/recarprofi.cz\/wp-content\/uploads\/2018\/08\/combi-sl.jpg\" class=\"attachment-full size-full wp-image-11098\" alt=\"\" srcset=\"https:\/\/recarprofi.cz\/wp-content\/uploads\/2018\/08\/combi-sl.jpg 923w, https:\/\/recarprofi.cz\/wp-content\/uploads\/2018\/08\/combi-sl-100x100.jpg 100w, https:\/\/recarprofi.cz\/wp-content\/uploads\/2018\/08\/combi-sl-600x597.jpg 600w\" sizes=\"(max-width: 923px) 100vw, 923px\" \/><\/a><\/figure><div class=\"elementor-image-box-content\"><h3 class=\"elementor-image-box-title\"><a href=\"https:\/\/recarprofi.cz\/uvod\/manipulacni-technika\/bocni-vysokozdvizne-voziky-combi\/sl\/\">Bo\u010dn\u00ed vysokozdvi\u017en\u00e9 voz\u00edky Combi SL<\/a><\/h3><\/div><\/div>\t\t\t\t<\/div>\n\t\t\t\t<\/div>\n\t\t\t\t\t<\/div>\n\t\t<\/div>\n\t\t\t\t\t<\/div>\n\t\t<\/section>\n\t\t\t\t<section class=\"elementor-section elementor-top-section elementor-element elementor-element-f609a6a elementor-section-boxed elementor-section-height-default elementor-section-height-default\" data-id=\"f609a6a\" data-element_type=\"section\" data-e-type=\"section\">\n\t\t\t\t\t\t<div class=\"elementor-container elementor-column-gap-default\">\n\t\t\t\t\t<div class=\"elementor-column elementor-col-100 elementor-top-column elementor-element elementor-element-0666568\" data-id=\"0666568\" data-element_type=\"column\" data-e-type=\"column\">\n\t\t\t<div class=\"elementor-widget-wrap elementor-element-populated\">\n\t\t\t\t\t\t<div class=\"elementor-element elementor-element-7312bf0 elementor-position-left elementor-vertical-align-top elementor-widget elementor-widget-image-box\" data-id=\"7312bf0\" data-element_type=\"widget\" data-e-type=\"widget\" data-widget_type=\"image-box.default\">\n\t\t\t\t<div class=\"elementor-widget-container\">\n\t\t\t\t\t<div class=\"elementor-image-box-wrapper\"><figure class=\"elementor-image-box-img\"><a href=\"https:\/\/recarprofi.cz\/uvod\/manipulacni-technika\/bocni-vysokozdvizne-voziky-combi\/4wsl\/\" tabindex=\"-1\"><img decoding=\"async\" width=\"923\" height=\"919\" src=\"https:\/\/recarprofi.cz\/wp-content\/uploads\/2018\/08\/combi-4wsl.jpg\" class=\"attachment-full size-full wp-image-11093\" alt=\"\" srcset=\"https:\/\/recarprofi.cz\/wp-content\/uploads\/2018\/08\/combi-4wsl.jpg 923w, https:\/\/recarprofi.cz\/wp-content\/uploads\/2018\/08\/combi-4wsl-100x100.jpg 100w, https:\/\/recarprofi.cz\/wp-content\/uploads\/2018\/08\/combi-4wsl-600x597.jpg 600w\" sizes=\"(max-width: 923px) 100vw, 923px\" \/><\/a><\/figure><div class=\"elementor-image-box-content\"><h3 class=\"elementor-image-box-title\"><a href=\"https:\/\/recarprofi.cz\/uvod\/manipulacni-technika\/bocni-vysokozdvizne-voziky-combi\/4wsl\/\">Bo\u010dn\u00ed vysokozdvi\u017en\u00e9 voz\u00edky Combi 4WSL<\/a><\/h3><\/div><\/div>\t\t\t\t<\/div>\n\t\t\t\t<\/div>\n\t\t\t\t\t<\/div>\n\t\t<\/div>\n\t\t\t\t\t<\/div>\n\t\t<\/section>\n\t\t\t\t<section class=\"elementor-section elementor-top-section elementor-element elementor-element-3762761 elementor-section-boxed elementor-section-height-default elementor-section-height-default\" data-id=\"3762761\" data-element_type=\"section\" data-e-type=\"section\">\n\t\t\t\t\t\t<div class=\"elementor-container elementor-column-gap-default\">\n\t\t\t\t\t<div class=\"elementor-column elementor-col-100 elementor-top-column elementor-element elementor-element-2d96622\" data-id=\"2d96622\" data-element_type=\"column\" data-e-type=\"column\">\n\t\t\t<div class=\"elementor-widget-wrap elementor-element-populated\">\n\t\t\t\t\t\t<div class=\"elementor-element elementor-element-bed9f54 elementor-position-left elementor-vertical-align-top elementor-widget elementor-widget-image-box\" data-id=\"bed9f54\" data-element_type=\"widget\" data-e-type=\"widget\" data-widget_type=\"image-box.default\">\n\t\t\t\t<div class=\"elementor-widget-container\">\n\t\t\t\t\t<div class=\"elementor-image-box-wrapper\"><figure class=\"elementor-image-box-img\"><a href=\"https:\/\/recarprofi.cz\/uvod\/manipulacni-technika\/bocni-vysokozdvizne-voziky-combi\/st\/\" tabindex=\"-1\"><img decoding=\"async\" width=\"902\" height=\"896\" src=\"https:\/\/recarprofi.cz\/wp-content\/uploads\/2018\/08\/combi-st.jpg\" class=\"attachment-full size-full wp-image-11099\" alt=\"\" srcset=\"https:\/\/recarprofi.cz\/wp-content\/uploads\/2018\/08\/combi-st.jpg 902w, https:\/\/recarprofi.cz\/wp-content\/uploads\/2018\/08\/combi-st-100x100.jpg 100w, https:\/\/recarprofi.cz\/wp-content\/uploads\/2018\/08\/combi-st-600x596.jpg 600w\" sizes=\"(max-width: 902px) 100vw, 902px\" \/><\/a><\/figure><div class=\"elementor-image-box-content\"><h3 class=\"elementor-image-box-title\"><a href=\"https:\/\/recarprofi.cz\/uvod\/manipulacni-technika\/bocni-vysokozdvizne-voziky-combi\/st\/\">Bo\u010dn\u00ed vysokozdvi\u017en\u00e9 voz\u00edky Combi ST<\/a><\/h3><\/div><\/div>\t\t\t\t<\/div>\n\t\t\t\t<\/div>\n\t\t\t\t\t<\/div>\n\t\t<\/div>\n\t\t\t\t\t<\/div>\n\t\t<\/section>\n\t\t\t\t<\/div>\n\t\t","protected":false},"excerpt":{"rendered":"<p>Bo\u010dn\u00ed vysokozdvi\u017en\u00e9 voz\u00edky Combi SL Bo\u010dn\u00ed vysokozdvi\u017en\u00e9 voz\u00edky Combi 4WSL Bo\u010dn\u00ed vysokozdvi\u017en\u00e9 voz\u00edky Combi ST<\/p>\n","protected":false},"author":1,"featured_media":11126,"parent":71,"menu_order":7,"comment_status":"closed","ping_status":"closed","template":"","meta":{"footnotes":""},"class_list":["post-11095","page","type-page","status-publish","has-post-thumbnail","hentry"],"_links":{"self":[{"href":"https:\/\/recarprofi.cz\/uvod\/wp-json\/wp\/v2\/pages\/11095","targetHints":{"allow":["GET"]}}],"collection":[{"href":"https:\/\/recarprofi.cz\/uvod\/wp-json\/wp\/v2\/pages"}],"about":[{"href":"https:\/\/recarprofi.cz\/uvod\/wp-json\/wp\/v2\/types\/page"}],"author":[{"embeddable":true,"href":"https:\/\/recarprofi.cz\/uvod\/wp-json\/wp\/v2\/users\/1"}],"replies":[{"embeddable":true,"href":"https:\/\/recarprofi.cz\/uvod\/wp-json\/wp\/v2\/comments?post=11095"}],"version-history":[{"count":29,"href":"https:\/\/recarprofi.cz\/uvod\/wp-json\/wp\/v2\/pages\/11095\/revisions"}],"predecessor-version":[{"id":29898,"href":"https:\/\/recarprofi.cz\/uvod\/wp-json\/wp\/v2\/pages\/11095\/revisions\/29898"}],"up":[{"embeddable":true,"href":"https:\/\/recarprofi.cz\/uvod\/wp-json\/wp\/v2\/pages\/71"}],"wp:featuredmedia":[{"embeddable":true,"href":"https:\/\/recarprofi.cz\/uvod\/wp-json\/wp\/v2\/media\/11126"}],"wp:attachment":[{"href":"https:\/\/recarprofi.cz\/uvod\/wp-json\/wp\/v2\/media?parent=11095"}],"curies":[{"name":"wp","href":"https:\/\/api.w.org\/{rel}","templated":true}]}}