{"id":11115,"date":"2018-08-14T09:41:19","date_gmt":"2018-08-14T07:41:19","guid":{"rendered":"http:\/\/recarprofi.cz\/?page_id=11115"},"modified":"2024-04-10T15:20:33","modified_gmt":"2024-04-10T13:20:33","slug":"4wsl","status":"publish","type":"page","link":"https:\/\/recarprofi.cz\/uvod\/manipulacni-technika\/bocni-vysokozdvizne-voziky-combi\/4wsl\/","title":{"rendered":"Bo\u010dn\u00ed vysokozdvi\u017en\u00e9 voz\u00edky Combi 4WSL"},"content":{"rendered":"\t\t<div data-elementor-type=\"wp-page\" data-elementor-id=\"11115\" class=\"elementor elementor-11115\">\n\t\t\t\t\t\t<section class=\"elementor-section elementor-top-section elementor-element elementor-element-3cbd022a elementor-section-boxed elementor-section-height-default elementor-section-height-default\" data-id=\"3cbd022a\" data-element_type=\"section\" data-e-type=\"section\">\n\t\t\t\t\t\t<div class=\"elementor-container elementor-column-gap-default\">\n\t\t\t\t\t<div class=\"elementor-column elementor-col-100 elementor-top-column elementor-element elementor-element-219f9b12\" data-id=\"219f9b12\" data-element_type=\"column\" data-e-type=\"column\">\n\t\t\t<div class=\"elementor-widget-wrap elementor-element-populated\">\n\t\t\t\t\t\t<div class=\"elementor-element elementor-element-52c6b485 elementor-widget elementor-widget-text-editor\" data-id=\"52c6b485\" data-element_type=\"widget\" data-e-type=\"widget\" data-widget_type=\"text-editor.default\">\n\t\t\t\t<div class=\"elementor-widget-container\">\n\t\t\t\t\t\t\t\t\t<p><a href=\"https:\/\/recarprofi.cz\/wp-content\/uploads\/2018\/08\/combi-4wsl.jpg\"><img fetchpriority=\"high\" decoding=\"async\" class=\"aligncenter wp-image-11093 size-full\" src=\"https:\/\/recarprofi.cz\/wp-content\/uploads\/2018\/08\/combi-4wsl.jpg\" alt=\"\" width=\"923\" height=\"919\" srcset=\"https:\/\/recarprofi.cz\/wp-content\/uploads\/2018\/08\/combi-4wsl.jpg 923w, https:\/\/recarprofi.cz\/wp-content\/uploads\/2018\/08\/combi-4wsl-100x100.jpg 100w, https:\/\/recarprofi.cz\/wp-content\/uploads\/2018\/08\/combi-4wsl-600x597.jpg 600w\" sizes=\"(max-width: 923px) 100vw, 923px\" \/><\/a><\/p><p>Pro operace, kter\u00e9 vy\u017eaduj\u00ed robustn\u00ed a rychl\u00fd provoz p\u0159i p\u0159esouv\u00e1n\u00ed produktu na rozs\u00e1hl\u00e9m pracovi\u0161ti, odpov\u00edd\u00e1 \u010dty\u0159kolov\u00fd COMBI-4WSL . Obsluze voz\u00edku<span lang=\"cs\"> je zaji\u0161t\u011bna pohodln\u00e1 j\u00edzda po celou dobu jejich \u0159\u00edzen\u00ed d\u00edky prostorn\u00e9 kabin\u011b s odpru\u017een\u00edm a nastaviteln\u00fdm sloupkem \u0159\u00edzen\u00ed. Vlastnosti, jako je odpu\u017een\u00e1 kabina, hydrostatick\u00fd pohon na v\u0161ech kolech, ovl\u00e1d\u00e1n\u00ed zat\u00ed\u017een\u00ed a samoz\u0159ejmost\u00ed je v\u00fdb\u011br voliteln\u00fdch dopl\u0148k\u016f, umo\u017e\u0148uj\u00edc\u00ed p\u0159izp\u016fsobit v\u00e1\u0161 Combi-SL p\u0159esn\u00fdm po\u017eadavk\u016fm.<\/span><\/p><p><strong>Prospekt: <span style=\"color: #008080;\"><a style=\"color: #008080;\" href=\"http:\/\/recarprofi.cz\/wp-content\/uploads\/2018\/08\/combilift-4wsl.pdf\">Combi 4WSL<\/a><\/span><\/strong><\/p><p><strong>Technick\u00e9 parametry:<\/strong><\/p><table><tbody><tr><td width=\"194\"><em><strong>Typ voz\u00edku<\/strong><\/em><\/td><td width=\"194\"><em><strong>5000 4WSL<\/strong><\/em><\/td><td width=\"194\"><em><strong>6000 4WSL<\/strong><\/em><\/td><\/tr><tr><td width=\"194\">Nosnost<\/td><td width=\"194\">5.000 kg<\/td><td width=\"194\">6.000 kg<\/td><\/tr><tr><td width=\"194\">T\u011b\u017ei\u0161t\u011b vylo\u017een\u00ed<\/td><td width=\"194\">600 mm<\/td><td width=\"194\">600 mm<\/td><\/tr><tr><td width=\"194\">Pohon<\/td><td width=\"194\">Diesel\/LPG<\/td><td width=\"194\">Diesel\/LPG<\/td><\/tr><tr><td width=\"194\">Vlastn\u00ed hmotnost<\/td><td width=\"194\">9.500 kg<\/td><td width=\"194\">9.500 kg<\/td><\/tr><tr><td width=\"194\">Rychlost pojezdu<\/td><td width=\"194\">25 km\/h<\/td><td width=\"194\">25 km\/h<\/td><\/tr><tr><td width=\"194\">Pneumatiky<\/td><td width=\"194\">8,25-15<\/td><td width=\"194\">300-15<\/td><\/tr><tr><td width=\"194\">Motor<\/td><td width=\"194\">Deutz\/GM LPG<\/td><td width=\"194\">Deutz\/GM LPG<\/td><\/tr><tr><td width=\"194\">V\u00fdkon motoru<\/td><td width=\"194\">75 kW<\/td><td width=\"194\">75 kW<\/td><\/tr><\/tbody><\/table><p><a href=\"http:\/\/recarprofi.cz\/wp-content\/uploads\/2018\/08\/combi-4wsl2.jpg\"><img decoding=\"async\" class=\"aligncenter wp-image-11123 size-medium\" src=\"https:\/\/recarprofi.cz\/wp-content\/uploads\/2018\/08\/combi-4wsl2-744x496.jpg\" alt=\"\" width=\"744\" height=\"496\" srcset=\"https:\/\/recarprofi.cz\/wp-content\/uploads\/2018\/08\/combi-4wsl2-744x496.jpg 744w, https:\/\/recarprofi.cz\/wp-content\/uploads\/2018\/08\/combi-4wsl2-600x400.jpg 600w, https:\/\/recarprofi.cz\/wp-content\/uploads\/2018\/08\/combi-4wsl2-420x280.jpg 420w, https:\/\/recarprofi.cz\/wp-content\/uploads\/2018\/08\/combi-4wsl2-768x512.jpg 768w, https:\/\/recarprofi.cz\/wp-content\/uploads\/2018\/08\/combi-4wsl2.jpg 1024w\" sizes=\"(max-width: 744px) 100vw, 744px\" \/><\/a><a href=\"http:\/\/recarprofi.cz\/wp-content\/uploads\/2018\/08\/combi-4wsl3.jpg\"><img decoding=\"async\" class=\"aligncenter wp-image-11124 size-medium\" src=\"https:\/\/recarprofi.cz\/wp-content\/uploads\/2018\/08\/combi-4wsl3-744x496.jpg\" alt=\"\" width=\"744\" height=\"496\" srcset=\"https:\/\/recarprofi.cz\/wp-content\/uploads\/2018\/08\/combi-4wsl3-744x496.jpg 744w, https:\/\/recarprofi.cz\/wp-content\/uploads\/2018\/08\/combi-4wsl3-600x400.jpg 600w, https:\/\/recarprofi.cz\/wp-content\/uploads\/2018\/08\/combi-4wsl3-420x280.jpg 420w, https:\/\/recarprofi.cz\/wp-content\/uploads\/2018\/08\/combi-4wsl3-768x512.jpg 768w, https:\/\/recarprofi.cz\/wp-content\/uploads\/2018\/08\/combi-4wsl3.jpg 1024w\" sizes=\"(max-width: 744px) 100vw, 744px\" \/><\/a><\/p><p><a href=\"http:\/\/recarprofi.cz\/wp-content\/uploads\/2018\/08\/combi-4wsl1.jpg\"><img loading=\"lazy\" decoding=\"async\" class=\"aligncenter wp-image-11126 size-full\" src=\"https:\/\/recarprofi.cz\/wp-content\/uploads\/2018\/08\/combi-4wsl1.jpg\" alt=\"\" width=\"1024\" height=\"1024\" srcset=\"https:\/\/recarprofi.cz\/wp-content\/uploads\/2018\/08\/combi-4wsl1.jpg 1024w, https:\/\/recarprofi.cz\/wp-content\/uploads\/2018\/08\/combi-4wsl1-100x100.jpg 100w, https:\/\/recarprofi.cz\/wp-content\/uploads\/2018\/08\/combi-4wsl1-600x600.jpg 600w, https:\/\/recarprofi.cz\/wp-content\/uploads\/2018\/08\/combi-4wsl1-420x420.jpg 420w, https:\/\/recarprofi.cz\/wp-content\/uploads\/2018\/08\/combi-4wsl1-744x744.jpg 744w, https:\/\/recarprofi.cz\/wp-content\/uploads\/2018\/08\/combi-4wsl1-768x768.jpg 768w\" sizes=\"(max-width: 1024px) 100vw, 1024px\" \/><\/a><\/p>\t\t\t\t\t\t\t\t<\/div>\n\t\t\t\t<\/div>\n\t\t\t\t\t<\/div>\n\t\t<\/div>\n\t\t\t\t\t<\/div>\n\t\t<\/section>\n\t\t\t\t<\/div>\n\t\t","protected":false},"excerpt":{"rendered":"<p>Pro operace, kter\u00e9 vy\u017eaduj\u00ed robustn\u00ed a rychl\u00fd provoz p\u0159i p\u0159esouv\u00e1n\u00ed produktu na rozs\u00e1hl\u00e9m pracovi\u0161ti, odpov\u00edd\u00e1 \u010dty\u0159kolov\u00fd COMBI-4WSL . Obsluze voz\u00edku je zaji\u0161t\u011bna pohodln\u00e1 j\u00edzda po celou dobu jejich \u0159\u00edzen\u00ed d\u00edky prostorn\u00e9 kabin\u011b s odpru\u017een\u00edm a&hellip;<\/p>\n","protected":false},"author":1,"featured_media":11124,"parent":11095,"menu_order":2,"comment_status":"closed","ping_status":"closed","template":"","meta":{"footnotes":""},"class_list":["post-11115","page","type-page","status-publish","has-post-thumbnail","hentry"],"_links":{"self":[{"href":"https:\/\/recarprofi.cz\/uvod\/wp-json\/wp\/v2\/pages\/11115","targetHints":{"allow":["GET"]}}],"collection":[{"href":"https:\/\/recarprofi.cz\/uvod\/wp-json\/wp\/v2\/pages"}],"about":[{"href":"https:\/\/recarprofi.cz\/uvod\/wp-json\/wp\/v2\/types\/page"}],"author":[{"embeddable":true,"href":"https:\/\/recarprofi.cz\/uvod\/wp-json\/wp\/v2\/users\/1"}],"replies":[{"embeddable":true,"href":"https:\/\/recarprofi.cz\/uvod\/wp-json\/wp\/v2\/comments?post=11115"}],"version-history":[{"count":11,"href":"https:\/\/recarprofi.cz\/uvod\/wp-json\/wp\/v2\/pages\/11115\/revisions"}],"predecessor-version":[{"id":20350,"href":"https:\/\/recarprofi.cz\/uvod\/wp-json\/wp\/v2\/pages\/11115\/revisions\/20350"}],"up":[{"embeddable":true,"href":"https:\/\/recarprofi.cz\/uvod\/wp-json\/wp\/v2\/pages\/11095"}],"wp:featuredmedia":[{"embeddable":true,"href":"https:\/\/recarprofi.cz\/uvod\/wp-json\/wp\/v2\/media\/11124"}],"wp:attachment":[{"href":"https:\/\/recarprofi.cz\/uvod\/wp-json\/wp\/v2\/media?parent=11115"}],"curies":[{"name":"wp","href":"https:\/\/api.w.org\/{rel}","templated":true}]}}