{"id":11150,"date":"2018-08-14T13:07:16","date_gmt":"2018-08-14T11:07:16","guid":{"rendered":"http:\/\/recarprofi.cz\/?page_id=11150"},"modified":"2024-04-10T14:17:14","modified_gmt":"2024-04-10T12:17:14","slug":"terenni-vysokozdvizne-voziky","status":"publish","type":"page","link":"https:\/\/recarprofi.cz\/uvod\/manipulacni-technika\/terenni-vysokozdvizne-voziky\/","title":{"rendered":"Ter\u00e9nn\u00ed vysokozdvi\u017en\u00e9 voz\u00edky"},"content":{"rendered":"\t\t<div data-elementor-type=\"wp-page\" data-elementor-id=\"11150\" class=\"elementor elementor-11150\">\n\t\t\t\t\t\t<section class=\"elementor-section elementor-top-section elementor-element elementor-element-ff0d302 elementor-section-boxed elementor-section-height-default elementor-section-height-default\" data-id=\"ff0d302\" data-element_type=\"section\" data-e-type=\"section\">\n\t\t\t\t\t\t<div class=\"elementor-container elementor-column-gap-default\">\n\t\t\t\t\t<div class=\"elementor-column elementor-col-100 elementor-top-column elementor-element elementor-element-064ebdc\" data-id=\"064ebdc\" data-element_type=\"column\" data-e-type=\"column\">\n\t\t\t<div class=\"elementor-widget-wrap elementor-element-populated\">\n\t\t\t\t\t\t<div class=\"elementor-element elementor-element-21c9ffb elementor-position-left elementor-vertical-align-top elementor-widget elementor-widget-image-box\" data-id=\"21c9ffb\" data-element_type=\"widget\" data-e-type=\"widget\" data-widget_type=\"image-box.default\">\n\t\t\t\t<div class=\"elementor-widget-container\">\n\t\t\t\t\t<div class=\"elementor-image-box-wrapper\"><figure class=\"elementor-image-box-img\"><a href=\"https:\/\/recarprofi.cz\/uvod\/manipulacni-technika\/terenni-vysokozdvizne-voziky\/combi-rt\/\" tabindex=\"-1\"><img fetchpriority=\"high\" decoding=\"async\" width=\"1200\" height=\"840\" src=\"https:\/\/recarprofi.cz\/wp-content\/uploads\/2020\/03\/combi-rt.jpg\" class=\"attachment-full size-full wp-image-20330\" alt=\"\" srcset=\"https:\/\/recarprofi.cz\/wp-content\/uploads\/2020\/03\/combi-rt.jpg 1200w, https:\/\/recarprofi.cz\/wp-content\/uploads\/2020\/03\/combi-rt-600x420.jpg 600w, https:\/\/recarprofi.cz\/wp-content\/uploads\/2020\/03\/combi-rt-744x521.jpg 744w, https:\/\/recarprofi.cz\/wp-content\/uploads\/2020\/03\/combi-rt-420x294.jpg 420w, https:\/\/recarprofi.cz\/wp-content\/uploads\/2020\/03\/combi-rt-768x538.jpg 768w\" sizes=\"(max-width: 1200px) 100vw, 1200px\" \/><\/a><\/figure><div class=\"elementor-image-box-content\"><h3 class=\"elementor-image-box-title\"><a href=\"https:\/\/recarprofi.cz\/uvod\/manipulacni-technika\/terenni-vysokozdvizne-voziky\/combi-rt\/\">Ter\u00e9nn\u00ed vysokozdvi\u017en\u00e9 voz\u00edky Combi RT<\/a><\/h3><\/div><\/div>\t\t\t\t<\/div>\n\t\t\t\t<\/div>\n\t\t\t\t\t<\/div>\n\t\t<\/div>\n\t\t\t\t\t<\/div>\n\t\t<\/section>\n\t\t\t\t<section class=\"elementor-section elementor-top-section elementor-element elementor-element-5f88209 elementor-section-boxed elementor-section-height-default elementor-section-height-default\" data-id=\"5f88209\" data-element_type=\"section\" data-e-type=\"section\">\n\t\t\t\t\t\t<div class=\"elementor-container elementor-column-gap-default\">\n\t\t\t\t\t<div class=\"elementor-column elementor-col-100 elementor-top-column elementor-element elementor-element-d06f5e7\" data-id=\"d06f5e7\" data-element_type=\"column\" data-e-type=\"column\">\n\t\t\t<div class=\"elementor-widget-wrap elementor-element-populated\">\n\t\t\t\t\t\t<div class=\"elementor-element elementor-element-fb9500e elementor-position-left elementor-vertical-align-top elementor-widget elementor-widget-image-box\" data-id=\"fb9500e\" data-element_type=\"widget\" data-e-type=\"widget\" data-widget_type=\"image-box.default\">\n\t\t\t\t<div class=\"elementor-widget-container\">\n\t\t\t\t\t<div class=\"elementor-image-box-wrapper\"><figure class=\"elementor-image-box-img\"><a href=\"https:\/\/recarprofi.cz\/uvod\/manipulacni-technika\/terenni-vysokozdvizne-voziky\/agrimac-th\/\" tabindex=\"-1\"><img decoding=\"async\" width=\"700\" height=\"476\" src=\"https:\/\/recarprofi.cz\/wp-content\/uploads\/2018\/08\/agrimac-1.jpg\" class=\"attachment-full size-full wp-image-11176\" alt=\"\" srcset=\"https:\/\/recarprofi.cz\/wp-content\/uploads\/2018\/08\/agrimac-1.jpg 700w, https:\/\/recarprofi.cz\/wp-content\/uploads\/2018\/08\/agrimac-1-600x408.jpg 600w, https:\/\/recarprofi.cz\/wp-content\/uploads\/2018\/08\/agrimac-1-420x286.jpg 420w\" sizes=\"(max-width: 700px) 100vw, 700px\" \/><\/a><\/figure><div class=\"elementor-image-box-content\"><h3 class=\"elementor-image-box-title\"><a href=\"https:\/\/recarprofi.cz\/uvod\/manipulacni-technika\/terenni-vysokozdvizne-voziky\/agrimac-th\/\">Ter\u00e9nn\u00ed vysokozdvi\u017en\u00e9 voz\u00edky Agrimac TH<\/a><\/h3><\/div><\/div>\t\t\t\t<\/div>\n\t\t\t\t<\/div>\n\t\t\t\t\t<\/div>\n\t\t<\/div>\n\t\t\t\t\t<\/div>\n\t\t<\/section>\n\t\t\t\t<\/div>\n\t\t","protected":false},"excerpt":{"rendered":"<p>Ter\u00e9nn\u00ed vysokozdvi\u017en\u00e9 voz\u00edky Combi RT Ter\u00e9nn\u00ed vysokozdvi\u017en\u00e9 voz\u00edky Agrimac TH<\/p>\n","protected":false},"author":1,"featured_media":22440,"parent":71,"menu_order":3,"comment_status":"closed","ping_status":"closed","template":"","meta":{"footnotes":""},"class_list":["post-11150","page","type-page","status-publish","has-post-thumbnail","hentry"],"_links":{"self":[{"href":"https:\/\/recarprofi.cz\/uvod\/wp-json\/wp\/v2\/pages\/11150","targetHints":{"allow":["GET"]}}],"collection":[{"href":"https:\/\/recarprofi.cz\/uvod\/wp-json\/wp\/v2\/pages"}],"about":[{"href":"https:\/\/recarprofi.cz\/uvod\/wp-json\/wp\/v2\/types\/page"}],"author":[{"embeddable":true,"href":"https:\/\/recarprofi.cz\/uvod\/wp-json\/wp\/v2\/users\/1"}],"replies":[{"embeddable":true,"href":"https:\/\/recarprofi.cz\/uvod\/wp-json\/wp\/v2\/comments?post=11150"}],"version-history":[{"count":24,"href":"https:\/\/recarprofi.cz\/uvod\/wp-json\/wp\/v2\/pages\/11150\/revisions"}],"predecessor-version":[{"id":29787,"href":"https:\/\/recarprofi.cz\/uvod\/wp-json\/wp\/v2\/pages\/11150\/revisions\/29787"}],"up":[{"embeddable":true,"href":"https:\/\/recarprofi.cz\/uvod\/wp-json\/wp\/v2\/pages\/71"}],"wp:featuredmedia":[{"embeddable":true,"href":"https:\/\/recarprofi.cz\/uvod\/wp-json\/wp\/v2\/media\/22440"}],"wp:attachment":[{"href":"https:\/\/recarprofi.cz\/uvod\/wp-json\/wp\/v2\/media?parent=11150"}],"curies":[{"name":"wp","href":"https:\/\/api.w.org\/{rel}","templated":true}]}}