{"id":11160,"date":"2018-08-14T13:35:31","date_gmt":"2018-08-14T11:35:31","guid":{"rendered":"http:\/\/recarprofi.cz\/?page_id=11160"},"modified":"2024-04-10T14:12:15","modified_gmt":"2024-04-10T12:12:15","slug":"combi-rt","status":"publish","type":"page","link":"https:\/\/recarprofi.cz\/uvod\/manipulacni-technika\/terenni-vysokozdvizne-voziky\/combi-rt\/","title":{"rendered":"Ter\u00e9nn\u00ed vysokozdvi\u017en\u00fd voz\u00edk Combi RT"},"content":{"rendered":"\t\t<div data-elementor-type=\"wp-page\" data-elementor-id=\"11160\" class=\"elementor elementor-11160\">\n\t\t\t\t\t\t<section class=\"elementor-section elementor-top-section elementor-element elementor-element-29f16823 elementor-section-boxed elementor-section-height-default elementor-section-height-default\" data-id=\"29f16823\" data-element_type=\"section\" data-e-type=\"section\">\n\t\t\t\t\t\t<div class=\"elementor-container elementor-column-gap-default\">\n\t\t\t\t\t<div class=\"elementor-column elementor-col-100 elementor-top-column elementor-element elementor-element-786a5133\" data-id=\"786a5133\" data-element_type=\"column\" data-e-type=\"column\">\n\t\t\t<div class=\"elementor-widget-wrap elementor-element-populated\">\n\t\t\t\t\t\t<div class=\"elementor-element elementor-element-49e7deaa elementor-widget elementor-widget-text-editor\" data-id=\"49e7deaa\" data-element_type=\"widget\" data-e-type=\"widget\" data-widget_type=\"text-editor.default\">\n\t\t\t\t<div class=\"elementor-widget-container\">\n\t\t\t\t\t\t\t\t\t<p dir=\"ltr\" data-placeholder=\"P\u0159eklad\"><a href=\"http:\/\/recarprofi.cz\/wp-content\/uploads\/2018\/08\/combi-rt.jpg\"><img fetchpriority=\"high\" decoding=\"async\" class=\"aligncenter wp-image-11148 size-medium\" src=\"https:\/\/recarprofi.cz\/wp-content\/uploads\/2018\/08\/combi-rt-744x521.jpg\" alt=\"\" width=\"744\" height=\"521\" srcset=\"https:\/\/recarprofi.cz\/wp-content\/uploads\/2018\/08\/combi-rt-744x521.jpg 744w, https:\/\/recarprofi.cz\/wp-content\/uploads\/2018\/08\/combi-rt-600x420.jpg 600w, https:\/\/recarprofi.cz\/wp-content\/uploads\/2018\/08\/combi-rt-420x294.jpg 420w, https:\/\/recarprofi.cz\/wp-content\/uploads\/2018\/08\/combi-rt-768x538.jpg 768w, https:\/\/recarprofi.cz\/wp-content\/uploads\/2018\/08\/combi-rt.jpg 1200w\" sizes=\"(max-width: 744px) 100vw, 744px\" \/><\/a><\/p><p id=\"tw-target-text\" class=\"tw-data-text tw-ta tw-text-small\" dir=\"ltr\" data-placeholder=\"P\u0159eklad\"><span lang=\"cs\">Manipulace na t\u0159ech kolech plus traktorov\u00e9 pneumatiky a hnac\u00ed kola s uz\u00e1v\u011brkou diferenci\u00e1lu poskytuj\u00ed p\u016fsobiv\u00fd v\u00fdkon, kter\u00fd funguje i uvnit\u0159 a ven, a to i na nerovn\u00e9m ter\u00e9nu. Mal\u00fd oto\u010dn\u00fd r\u00e1dius usnad\u0148uje pr\u00e1ci uvnit\u0159 p\u0159\u00edst\u0159e\u0161k\u016f nebo uzav\u0159en\u00fdch dvor\u016f a pln\u011b hydrostatick\u00fd pohon p\u0159in\u00e1\u0161\u00ed s\u00edlu a p\u0159esnost.<\/span><\/p><p dir=\"ltr\" data-placeholder=\"P\u0159eklad\"><strong>Prospekt:\u00a0<span style=\"color: #339966;\"><a style=\"color: #339966;\" href=\"http:\/\/recarprofi.cz\/wp-content\/uploads\/2018\/08\/combilift-rt.pdf\">Combi RT<\/a><\/span><\/strong><\/p><p dir=\"ltr\" data-placeholder=\"P\u0159eklad\"><strong>Technick\u00e9 parametry:<\/strong><\/p><table><tbody><tr><td width=\"129\"><em><strong>Typ voz\u00edku<\/strong><\/em><\/td><td width=\"129\"><em><strong>Combi RT<\/strong><\/em><\/td><\/tr><tr><td width=\"129\">Nosnost<\/td><td width=\"129\">3.000 kg<\/td><\/tr><tr><td width=\"129\">T\u011b\u017ei\u0161t\u011b vylo\u017een\u00ed<\/td><td width=\"129\">600 mm<\/td><\/tr><tr><td width=\"129\">Pohon<\/td><td width=\"129\">Diesel<\/td><\/tr><tr><td width=\"129\">Vlastn\u00ed hmotnost<\/td><td width=\"129\">4.450 kg<\/td><\/tr><tr><td width=\"129\">Rychlost pojezdu<\/td><td width=\"129\">14 km\/h<\/td><\/tr><tr><td width=\"129\">Pneumatiky<\/td><td width=\"129\">910&#215;290<\/td><\/tr><tr><td width=\"129\">Motor<\/td><td width=\"129\">Kubota<\/td><\/tr><tr><td width=\"129\">V\u00fdkon motoru<\/td><td width=\"129\">44 kW<\/td><\/tr><tr><td width=\"129\">Objem palivov\u00e9 n\u00e1dr\u017ee<\/td><td width=\"129\">85 L<\/td><\/tr><\/tbody><\/table><p><a href=\"http:\/\/recarprofi.cz\/wp-content\/uploads\/2018\/08\/combi-rt2.jpg\"><img decoding=\"async\" class=\"aligncenter wp-image-11168 size-medium\" src=\"https:\/\/recarprofi.cz\/wp-content\/uploads\/2018\/08\/combi-rt2-744x353.jpg\" alt=\"\" width=\"744\" height=\"353\" srcset=\"https:\/\/recarprofi.cz\/wp-content\/uploads\/2018\/08\/combi-rt2-744x353.jpg 744w, https:\/\/recarprofi.cz\/wp-content\/uploads\/2018\/08\/combi-rt2-600x285.jpg 600w, https:\/\/recarprofi.cz\/wp-content\/uploads\/2018\/08\/combi-rt2-420x199.jpg 420w, https:\/\/recarprofi.cz\/wp-content\/uploads\/2018\/08\/combi-rt2-768x365.jpg 768w, https:\/\/recarprofi.cz\/wp-content\/uploads\/2018\/08\/combi-rt2.jpg 1024w\" sizes=\"(max-width: 744px) 100vw, 744px\" \/><\/a><a href=\"http:\/\/recarprofi.cz\/wp-content\/uploads\/2018\/08\/combi-rt1.jpg\"><img decoding=\"async\" class=\"aligncenter wp-image-11167 size-medium\" src=\"https:\/\/recarprofi.cz\/wp-content\/uploads\/2018\/08\/combi-rt1-744x558.jpg\" alt=\"\" width=\"744\" height=\"558\" srcset=\"https:\/\/recarprofi.cz\/wp-content\/uploads\/2018\/08\/combi-rt1-744x558.jpg 744w, https:\/\/recarprofi.cz\/wp-content\/uploads\/2018\/08\/combi-rt1-600x450.jpg 600w, https:\/\/recarprofi.cz\/wp-content\/uploads\/2018\/08\/combi-rt1-420x315.jpg 420w, https:\/\/recarprofi.cz\/wp-content\/uploads\/2018\/08\/combi-rt1-768x576.jpg 768w, https:\/\/recarprofi.cz\/wp-content\/uploads\/2018\/08\/combi-rt1.jpg 1024w\" sizes=\"(max-width: 744px) 100vw, 744px\" \/><\/a><\/p>\t\t\t\t\t\t\t\t<\/div>\n\t\t\t\t<\/div>\n\t\t\t\t\t<\/div>\n\t\t<\/div>\n\t\t\t\t\t<\/div>\n\t\t<\/section>\n\t\t\t\t<\/div>\n\t\t","protected":false},"excerpt":{"rendered":"<p>Manipulace na t\u0159ech kolech plus traktorov\u00e9 pneumatiky a hnac\u00ed kola s uz\u00e1v\u011brkou diferenci\u00e1lu poskytuj\u00ed p\u016fsobiv\u00fd v\u00fdkon, kter\u00fd funguje i uvnit\u0159 a ven, a to i na nerovn\u00e9m ter\u00e9nu. Mal\u00fd oto\u010dn\u00fd r\u00e1dius usnad\u0148uje pr\u00e1ci uvnit\u0159 p\u0159\u00edst\u0159e\u0161k\u016f&hellip;<\/p>\n","protected":false},"author":1,"featured_media":11167,"parent":11150,"menu_order":1,"comment_status":"closed","ping_status":"closed","template":"","meta":{"footnotes":""},"class_list":["post-11160","page","type-page","status-publish","has-post-thumbnail","hentry"],"_links":{"self":[{"href":"https:\/\/recarprofi.cz\/uvod\/wp-json\/wp\/v2\/pages\/11160","targetHints":{"allow":["GET"]}}],"collection":[{"href":"https:\/\/recarprofi.cz\/uvod\/wp-json\/wp\/v2\/pages"}],"about":[{"href":"https:\/\/recarprofi.cz\/uvod\/wp-json\/wp\/v2\/types\/page"}],"author":[{"embeddable":true,"href":"https:\/\/recarprofi.cz\/uvod\/wp-json\/wp\/v2\/users\/1"}],"replies":[{"embeddable":true,"href":"https:\/\/recarprofi.cz\/uvod\/wp-json\/wp\/v2\/comments?post=11160"}],"version-history":[{"count":9,"href":"https:\/\/recarprofi.cz\/uvod\/wp-json\/wp\/v2\/pages\/11160\/revisions"}],"predecessor-version":[{"id":20335,"href":"https:\/\/recarprofi.cz\/uvod\/wp-json\/wp\/v2\/pages\/11160\/revisions\/20335"}],"up":[{"embeddable":true,"href":"https:\/\/recarprofi.cz\/uvod\/wp-json\/wp\/v2\/pages\/11150"}],"wp:featuredmedia":[{"embeddable":true,"href":"https:\/\/recarprofi.cz\/uvod\/wp-json\/wp\/v2\/media\/11167"}],"wp:attachment":[{"href":"https:\/\/recarprofi.cz\/uvod\/wp-json\/wp\/v2\/media?parent=11160"}],"curies":[{"name":"wp","href":"https:\/\/api.w.org\/{rel}","templated":true}]}}