{"id":11190,"date":"2018-08-15T10:24:29","date_gmt":"2018-08-15T08:24:29","guid":{"rendered":"http:\/\/recarprofi.cz\/?page_id=11190"},"modified":"2024-04-18T15:16:09","modified_gmt":"2024-04-18T13:16:09","slug":"skladova-technika-combilift","status":"publish","type":"page","link":"https:\/\/recarprofi.cz\/uvod\/manipulacni-technika\/skladova-technika-combilift\/","title":{"rendered":"Skladov\u00e1 technika Combilift"},"content":{"rendered":"\t\t<div data-elementor-type=\"wp-page\" data-elementor-id=\"11190\" class=\"elementor elementor-11190\">\n\t\t\t\t\t\t<section class=\"elementor-section elementor-top-section elementor-element elementor-element-2e48cb5 elementor-section-boxed elementor-section-height-default elementor-section-height-default\" data-id=\"2e48cb5\" data-element_type=\"section\" data-e-type=\"section\">\n\t\t\t\t\t\t<div class=\"elementor-container elementor-column-gap-default\">\n\t\t\t\t\t<div class=\"elementor-column elementor-col-100 elementor-top-column elementor-element elementor-element-ef2b1ba\" data-id=\"ef2b1ba\" data-element_type=\"column\" data-e-type=\"column\">\n\t\t\t<div class=\"elementor-widget-wrap elementor-element-populated\">\n\t\t\t\t\t\t<div class=\"elementor-element elementor-element-122dc9a elementor-position-left elementor-vertical-align-top elementor-widget elementor-widget-image-box\" data-id=\"122dc9a\" data-element_type=\"widget\" data-e-type=\"widget\" data-widget_type=\"image-box.default\">\n\t\t\t\t<div class=\"elementor-widget-container\">\n\t\t\t\t\t<div class=\"elementor-image-box-wrapper\"><figure class=\"elementor-image-box-img\"><a href=\"https:\/\/recarprofi.cz\/uvod\/manipulacni-technika\/skladova-technika-combilift\/combi-cs\/\" tabindex=\"-1\"><img fetchpriority=\"high\" decoding=\"async\" width=\"923\" height=\"919\" src=\"https:\/\/recarprofi.cz\/wp-content\/uploads\/2018\/08\/combi-cs.jpg\" class=\"attachment-full size-full wp-image-11188\" alt=\"\" srcset=\"https:\/\/recarprofi.cz\/wp-content\/uploads\/2018\/08\/combi-cs.jpg 923w, https:\/\/recarprofi.cz\/wp-content\/uploads\/2018\/08\/combi-cs-100x100.jpg 100w, https:\/\/recarprofi.cz\/wp-content\/uploads\/2018\/08\/combi-cs-600x597.jpg 600w\" sizes=\"(max-width: 923px) 100vw, 923px\" \/><\/a><\/figure><div class=\"elementor-image-box-content\"><h3 class=\"elementor-image-box-title\"><a href=\"https:\/\/recarprofi.cz\/uvod\/manipulacni-technika\/skladova-technika-combilift\/combi-cs\/\">Ru\u010dn\u011b veden\u00e9 vysokozdvi\u017en\u00e9 voz\u00edky s protiz\u00e1va\u017e\u00edm Combi CS<\/a><\/h3><\/div><\/div>\t\t\t\t<\/div>\n\t\t\t\t<\/div>\n\t\t\t\t\t<\/div>\n\t\t<\/div>\n\t\t\t\t\t<\/div>\n\t\t<\/section>\n\t\t\t\t<section class=\"elementor-section elementor-top-section elementor-element elementor-element-117623a elementor-section-boxed elementor-section-height-default elementor-section-height-default\" data-id=\"117623a\" data-element_type=\"section\" data-e-type=\"section\">\n\t\t\t\t\t\t<div class=\"elementor-container elementor-column-gap-default\">\n\t\t\t\t\t<div class=\"elementor-column elementor-col-100 elementor-top-column elementor-element elementor-element-bdbcef4\" data-id=\"bdbcef4\" data-element_type=\"column\" data-e-type=\"column\">\n\t\t\t<div class=\"elementor-widget-wrap elementor-element-populated\">\n\t\t\t\t\t\t<div class=\"elementor-element elementor-element-e7a8761 elementor-position-left elementor-vertical-align-top elementor-widget elementor-widget-image-box\" data-id=\"e7a8761\" data-element_type=\"widget\" data-e-type=\"widget\" data-widget_type=\"image-box.default\">\n\t\t\t\t<div class=\"elementor-widget-container\">\n\t\t\t\t\t<div class=\"elementor-image-box-wrapper\"><figure class=\"elementor-image-box-img\"><a href=\"https:\/\/recarprofi.cz\/uvod\/manipulacni-technika\/skladova-technika-combilift\/combi-wr\/\" tabindex=\"-1\"><img decoding=\"async\" width=\"1874\" height=\"2560\" src=\"https:\/\/recarprofi.cz\/wp-content\/uploads\/2019\/04\/combi-wr1-scaled.jpg\" class=\"attachment-full size-full wp-image-12119\" alt=\"\" srcset=\"https:\/\/recarprofi.cz\/wp-content\/uploads\/2019\/04\/combi-wr1-scaled.jpg 1874w, https:\/\/recarprofi.cz\/wp-content\/uploads\/2019\/04\/combi-wr1-scaled-600x820.jpg 600w\" sizes=\"(max-width: 1874px) 100vw, 1874px\" \/><\/a><\/figure><div class=\"elementor-image-box-content\"><h3 class=\"elementor-image-box-title\"><a href=\"https:\/\/recarprofi.cz\/uvod\/manipulacni-technika\/skladova-technika-combilift\/combi-wr\/\">Ru\u010dn\u011b veden\u00e9 vysokozdvi\u017en\u00e9 voz\u00edky s v\u00fdsuvem vidl\u00ed Combi WR <\/a><\/h3><\/div><\/div>\t\t\t\t<\/div>\n\t\t\t\t<\/div>\n\t\t\t\t\t<\/div>\n\t\t<\/div>\n\t\t\t\t\t<\/div>\n\t\t<\/section>\n\t\t\t\t<section class=\"elementor-section elementor-top-section elementor-element elementor-element-94983e1 elementor-section-boxed elementor-section-height-default elementor-section-height-default\" data-id=\"94983e1\" data-element_type=\"section\" data-e-type=\"section\">\n\t\t\t\t\t\t<div class=\"elementor-container elementor-column-gap-default\">\n\t\t\t\t\t<div class=\"elementor-column elementor-col-100 elementor-top-column elementor-element elementor-element-dc306f5\" data-id=\"dc306f5\" data-element_type=\"column\" data-e-type=\"column\">\n\t\t\t<div class=\"elementor-widget-wrap elementor-element-populated\">\n\t\t\t\t\t\t<div class=\"elementor-element elementor-element-4107781 elementor-position-left elementor-vertical-align-top elementor-widget elementor-widget-image-box\" data-id=\"4107781\" data-element_type=\"widget\" data-e-type=\"widget\" data-widget_type=\"image-box.default\">\n\t\t\t\t<div class=\"elementor-widget-container\">\n\t\t\t\t\t<div class=\"elementor-image-box-wrapper\"><figure class=\"elementor-image-box-img\"><a href=\"https:\/\/recarprofi.cz\/uvod\/manipulacni-technika\/skladova-technika-combilift\/combi-wr4-nosnost-145t\/\" tabindex=\"-1\"><img decoding=\"async\" width=\"450\" height=\"500\" src=\"https:\/\/recarprofi.cz\/wp-content\/uploads\/2018\/08\/combi-wr5.jpg\" class=\"attachment-full size-full wp-image-11213\" alt=\"\" srcset=\"https:\/\/recarprofi.cz\/wp-content\/uploads\/2018\/08\/combi-wr5.jpg 450w, https:\/\/recarprofi.cz\/wp-content\/uploads\/2018\/08\/combi-wr5-416x462.jpg 416w, https:\/\/recarprofi.cz\/wp-content\/uploads\/2018\/08\/combi-wr5-420x467.jpg 420w\" sizes=\"(max-width: 450px) 100vw, 450px\" \/><\/a><\/figure><div class=\"elementor-image-box-content\"><h3 class=\"elementor-image-box-title\"><a href=\"https:\/\/recarprofi.cz\/uvod\/manipulacni-technika\/skladova-technika-combilift\/combi-wr4-nosnost-145t\/\">Ru\u010dn\u011b veden\u00e9 \u010dty\u0159cestn\u00e9 vysokozdvi\u017en\u00e9 voz\u00edky Combi WR4<\/a><\/h3><\/div><\/div>\t\t\t\t<\/div>\n\t\t\t\t<\/div>\n\t\t\t\t\t<\/div>\n\t\t<\/div>\n\t\t\t\t\t<\/div>\n\t\t<\/section>\n\t\t\t\t<section class=\"elementor-section elementor-top-section elementor-element elementor-element-6ecb22a elementor-section-boxed elementor-section-height-default elementor-section-height-default\" data-id=\"6ecb22a\" data-element_type=\"section\" data-e-type=\"section\">\n\t\t\t\t\t\t<div class=\"elementor-container elementor-column-gap-default\">\n\t\t\t\t\t<div class=\"elementor-column elementor-col-100 elementor-top-column elementor-element elementor-element-f362e79\" data-id=\"f362e79\" data-element_type=\"column\" data-e-type=\"column\">\n\t\t\t<div class=\"elementor-widget-wrap elementor-element-populated\">\n\t\t\t\t\t\t<div class=\"elementor-element elementor-element-8c1f962 elementor-position-left elementor-vertical-align-top elementor-widget elementor-widget-image-box\" data-id=\"8c1f962\" data-element_type=\"widget\" data-e-type=\"widget\" data-widget_type=\"image-box.default\">\n\t\t\t\t<div class=\"elementor-widget-container\">\n\t\t\t\t\t<div class=\"elementor-image-box-wrapper\"><figure class=\"elementor-image-box-img\"><a href=\"https:\/\/recarprofi.cz\/uvod\/manipulacni-technika\/skladova-technika-combilift\/combi-ppt-nosnost-5t\/\" tabindex=\"-1\"><img loading=\"lazy\" decoding=\"async\" width=\"923\" height=\"646\" src=\"https:\/\/recarprofi.cz\/wp-content\/uploads\/2018\/08\/combi-ppt.jpg\" class=\"attachment-full size-full wp-image-11215\" alt=\"\" srcset=\"https:\/\/recarprofi.cz\/wp-content\/uploads\/2018\/08\/combi-ppt.jpg 923w, https:\/\/recarprofi.cz\/wp-content\/uploads\/2018\/08\/combi-ppt-600x420.jpg 600w\" sizes=\"(max-width: 923px) 100vw, 923px\" \/><\/a><\/figure><div class=\"elementor-image-box-content\"><h3 class=\"elementor-image-box-title\"><a href=\"https:\/\/recarprofi.cz\/uvod\/manipulacni-technika\/skladova-technika-combilift\/combi-ppt-nosnost-5t\/\">Ru\u010dn\u011b veden\u00e9 n\u00edzkozdvi\u017en\u00e9 voz\u00edky Combi PPT<\/a><\/h3><\/div><\/div>\t\t\t\t<\/div>\n\t\t\t\t<\/div>\n\t\t\t\t\t<\/div>\n\t\t<\/div>\n\t\t\t\t\t<\/div>\n\t\t<\/section>\n\t\t\t\t<section class=\"elementor-section elementor-top-section elementor-element elementor-element-cdd5d11 elementor-section-boxed elementor-section-height-default elementor-section-height-default\" data-id=\"cdd5d11\" data-element_type=\"section\" data-e-type=\"section\">\n\t\t\t\t\t\t<div class=\"elementor-container elementor-column-gap-default\">\n\t\t\t\t\t<div class=\"elementor-column elementor-col-100 elementor-top-column elementor-element elementor-element-72f8e97\" data-id=\"72f8e97\" data-element_type=\"column\" data-e-type=\"column\">\n\t\t\t<div class=\"elementor-widget-wrap elementor-element-populated\">\n\t\t\t\t\t\t<div class=\"elementor-element elementor-element-8727427 elementor-position-left elementor-vertical-align-top elementor-widget elementor-widget-image-box\" data-id=\"8727427\" data-element_type=\"widget\" data-e-type=\"widget\" data-widget_type=\"image-box.default\">\n\t\t\t\t<div class=\"elementor-widget-container\">\n\t\t\t\t\t<div class=\"elementor-image-box-wrapper\"><figure class=\"elementor-image-box-img\"><a href=\"https:\/\/recarprofi.cz\/uvod\/manipulacni-technika\/skladova-technika-combilift\/combi-op-nosnost-500-kg\/\" tabindex=\"-1\"><img loading=\"lazy\" decoding=\"async\" width=\"1024\" height=\"920\" src=\"https:\/\/recarprofi.cz\/wp-content\/uploads\/2018\/08\/combi-op.jpg\" class=\"attachment-full size-full wp-image-11217\" alt=\"\" srcset=\"https:\/\/recarprofi.cz\/wp-content\/uploads\/2018\/08\/combi-op.jpg 1024w, https:\/\/recarprofi.cz\/wp-content\/uploads\/2018\/08\/combi-op-600x539.jpg 600w, https:\/\/recarprofi.cz\/wp-content\/uploads\/2018\/08\/combi-op-420x377.jpg 420w, https:\/\/recarprofi.cz\/wp-content\/uploads\/2018\/08\/combi-op-744x668.jpg 744w, https:\/\/recarprofi.cz\/wp-content\/uploads\/2018\/08\/combi-op-768x690.jpg 768w\" sizes=\"(max-width: 1024px) 100vw, 1024px\" \/><\/a><\/figure><div class=\"elementor-image-box-content\"><h3 class=\"elementor-image-box-title\"><a href=\"https:\/\/recarprofi.cz\/uvod\/manipulacni-technika\/skladova-technika-combilift\/combi-op-nosnost-500-kg\/\">Vychyst\u00e1vac\u00ed voz\u00edky Combi OP<\/a><\/h3><\/div><\/div>\t\t\t\t<\/div>\n\t\t\t\t<\/div>\n\t\t\t\t\t<\/div>\n\t\t<\/div>\n\t\t\t\t\t<\/div>\n\t\t<\/section>\n\t\t\t\t<\/div>\n\t\t","protected":false},"excerpt":{"rendered":"<p>Ru\u010dn\u011b veden\u00e9 vysokozdvi\u017en\u00e9 voz\u00edky s protiz\u00e1va\u017e\u00edm Combi CS Ru\u010dn\u011b veden\u00e9 vysokozdvi\u017en\u00e9 voz\u00edky s v\u00fdsuvem vidl\u00ed Combi WR Ru\u010dn\u011b veden\u00e9 \u010dty\u0159cestn\u00e9 vysokozdvi\u017en\u00e9 voz\u00edky Combi WR4 Ru\u010dn\u011b veden\u00e9 n\u00edzkozdvi\u017en\u00e9 voz\u00edky Combi PPT Vychyst\u00e1vac\u00ed voz\u00edky Combi OP<\/p>\n","protected":false},"author":1,"featured_media":11213,"parent":71,"menu_order":10,"comment_status":"closed","ping_status":"closed","template":"","meta":{"footnotes":""},"class_list":["post-11190","page","type-page","status-publish","has-post-thumbnail","hentry"],"_links":{"self":[{"href":"https:\/\/recarprofi.cz\/uvod\/wp-json\/wp\/v2\/pages\/11190","targetHints":{"allow":["GET"]}}],"collection":[{"href":"https:\/\/recarprofi.cz\/uvod\/wp-json\/wp\/v2\/pages"}],"about":[{"href":"https:\/\/recarprofi.cz\/uvod\/wp-json\/wp\/v2\/types\/page"}],"author":[{"embeddable":true,"href":"https:\/\/recarprofi.cz\/uvod\/wp-json\/wp\/v2\/users\/1"}],"replies":[{"embeddable":true,"href":"https:\/\/recarprofi.cz\/uvod\/wp-json\/wp\/v2\/comments?post=11190"}],"version-history":[{"count":37,"href":"https:\/\/recarprofi.cz\/uvod\/wp-json\/wp\/v2\/pages\/11190\/revisions"}],"predecessor-version":[{"id":30178,"href":"https:\/\/recarprofi.cz\/uvod\/wp-json\/wp\/v2\/pages\/11190\/revisions\/30178"}],"up":[{"embeddable":true,"href":"https:\/\/recarprofi.cz\/uvod\/wp-json\/wp\/v2\/pages\/71"}],"wp:featuredmedia":[{"embeddable":true,"href":"https:\/\/recarprofi.cz\/uvod\/wp-json\/wp\/v2\/media\/11213"}],"wp:attachment":[{"href":"https:\/\/recarprofi.cz\/uvod\/wp-json\/wp\/v2\/media?parent=11190"}],"curies":[{"name":"wp","href":"https:\/\/api.w.org\/{rel}","templated":true}]}}