{"id":11235,"date":"2018-08-15T13:38:21","date_gmt":"2018-08-15T11:38:21","guid":{"rendered":"http:\/\/recarprofi.cz\/?page_id=11235"},"modified":"2023-08-11T07:52:07","modified_gmt":"2023-08-11T05:52:07","slug":"combi-wr4-nosnost-145t","status":"publish","type":"page","link":"https:\/\/recarprofi.cz\/uvod\/manipulacni-technika\/skladova-technika-combilift\/combi-wr4-nosnost-145t\/","title":{"rendered":"Ru\u010dn\u011b veden\u00fd \u010dty\u0159cestn\u00fd vysokozdvi\u017en\u00fd voz\u00edk Combi WR4 (nosnost 1,45t.)"},"content":{"rendered":"\t\t<div data-elementor-type=\"wp-page\" data-elementor-id=\"11235\" class=\"elementor elementor-11235\">\n\t\t\t\t\t\t<section class=\"elementor-section elementor-top-section elementor-element elementor-element-3a471804 elementor-section-boxed elementor-section-height-default elementor-section-height-default\" data-id=\"3a471804\" data-element_type=\"section\" data-e-type=\"section\">\n\t\t\t\t\t\t<div class=\"elementor-container elementor-column-gap-default\">\n\t\t\t\t\t<div class=\"elementor-column elementor-col-100 elementor-top-column elementor-element elementor-element-39138871\" data-id=\"39138871\" data-element_type=\"column\" data-e-type=\"column\">\n\t\t\t<div class=\"elementor-widget-wrap elementor-element-populated\">\n\t\t\t\t\t\t<div class=\"elementor-element elementor-element-6dff751b elementor-widget elementor-widget-text-editor\" data-id=\"6dff751b\" data-element_type=\"widget\" data-e-type=\"widget\" data-widget_type=\"text-editor.default\">\n\t\t\t\t<div class=\"elementor-widget-container\">\n\t\t\t\t\t\t\t\t\t<p dir=\"ltr\" data-placeholder=\"P\u0159eklad\"><a href=\"http:\/\/recarprofi.cz\/wp-content\/uploads\/2018\/08\/combi-wr-1.jpg\"><img fetchpriority=\"high\" decoding=\"async\" class=\"aligncenter wp-image-11237 size-medium\" src=\"https:\/\/recarprofi.cz\/wp-content\/uploads\/2018\/08\/combi-wr-1-744x1121.jpg\" alt=\"\" width=\"744\" height=\"1121\" srcset=\"https:\/\/recarprofi.cz\/wp-content\/uploads\/2018\/08\/combi-wr-1-744x1121.jpg 744w, https:\/\/recarprofi.cz\/wp-content\/uploads\/2018\/08\/combi-wr-1-600x904.jpg 600w, https:\/\/recarprofi.cz\/wp-content\/uploads\/2018\/08\/combi-wr-1-420x633.jpg 420w, https:\/\/recarprofi.cz\/wp-content\/uploads\/2018\/08\/combi-wr-1.jpg 768w\" sizes=\"(max-width: 744px) 100vw, 744px\" \/><\/a><\/p><p dir=\"ltr\" data-placeholder=\"P\u0159eklad\">Voz\u00edky Combi-WR4, vybaven\u00e9 patentovan\u00fdm multi-polohov\u00fdm ovl\u00e1d\u00e1n\u00edm oje, nab\u00edz\u00ed bezpe\u010dn\u011bj\u0161\u00ed provoz, maxim\u00e1ln\u00ed viditelnost obsluhy v \u00fazk\u00e9 uli\u010dce.\u00a0 Oje lze oto\u010dit vlevo nebo vpravo, co\u017e umo\u017e\u0148uje obsluze z\u016fstat na boku, \u010d\u00edm\u017e zaji\u0161\u0165uje plnou viditelnost na n\u00e1klad a vidlice, z\u00e1rove\u0148 pln\u00e9 ovl\u00e1d\u00e1 \u0159\u00edzen\u00ed. Obsluha stoj\u00edc\u00ed na stran\u011b voz\u00edku sni\u017euje nebezpe\u010d\u00ed uv\u00edznut\u00ed p\u0159i couv\u00e1n\u00ed voz\u00edku a umo\u017e\u0148uje pracovat ve velmi \u00fazk\u00fdch uli\u010dk\u00e1ch. <span lang=\"cs\">Prvn\u00ed ru\u010dn\u011b veden\u00fd \u010dty\u0159cestn\u00fd vysokozdvi\u017en\u00fd voz\u00edk, kter\u00fd kombinuje v\u00edce sm\u011br\u016f pojezdu, inovativn\u00ed funkce a snadnou obsluhu i v t\u011bch nejn\u00e1ro\u010dn\u011bj\u0161\u00edch podm\u00ednk\u00e1ch.\u00a0\u00a0<\/span>Combi WR4 taky m\u00e1 v\u00fdsuv nosn\u00fdch vidlic 590 mm., sm\u011brem dop\u0159edu-dozadu.<\/p><p dir=\"ltr\" data-placeholder=\"P\u0159eklad\"><strong>Prospekt:\u00a0 <span style=\"color: #ff0000;\"><a style=\"color: #ff0000;\" href=\"http:\/\/recarprofi.cz\/wp-content\/uploads\/2018\/08\/combi-wr4.pdf\">Combi WR4<\/a><\/span><\/strong><\/p><p dir=\"ltr\" data-placeholder=\"P\u0159eklad\"><strong>Technick\u00e9 parametry:<\/strong><\/p><table><tbody><tr><td width=\"97\"><em><strong>Typ voz\u00edku<\/strong><\/em><\/td><td width=\"97\"><em><strong>WR4<\/strong><\/em><\/td><\/tr><tr><td width=\"97\">Nosnost<\/td><td width=\"97\">1.450 kg<\/td><\/tr><tr><td width=\"97\">T\u011b\u017ei\u0161t\u011b vylo\u017een\u00ed<\/td><td width=\"97\">600 mm<\/td><\/tr><tr><td width=\"97\">Pohon<\/td><td width=\"97\">Elektro<\/td><\/tr><tr><td width=\"97\">Vlastn\u00ed hmotnost<\/td><td width=\"97\">2.800 kg<\/td><\/tr><tr><td width=\"97\">Rychlost pojezdu<\/td><td width=\"97\">6 km\/h<\/td><\/tr><tr><td width=\"97\">Kola p\u0159edn\u00ed<\/td><td width=\"97\">200&#215;50<\/td><\/tr><tr><td width=\"97\">Kola zadn\u00ed<\/td><td width=\"97\">250&#215;75<\/td><\/tr><tr><td width=\"97\">Motor<\/td><td width=\"97\">AC 24V<\/td><\/tr><tr><td width=\"97\">V\u00fdkon motoru<\/td><td width=\"97\">2,5 kW<\/td><\/tr><\/tbody><\/table><p><a href=\"http:\/\/recarprofi.cz\/wp-content\/uploads\/2018\/08\/combi-wr9.jpg\"><img decoding=\"async\" class=\"aligncenter wp-image-11246 size-full\" src=\"https:\/\/recarprofi.cz\/wp-content\/uploads\/2018\/08\/combi-wr9.jpg\" alt=\"\" width=\"900\" height=\"900\" srcset=\"https:\/\/recarprofi.cz\/wp-content\/uploads\/2018\/08\/combi-wr9.jpg 900w, https:\/\/recarprofi.cz\/wp-content\/uploads\/2018\/08\/combi-wr9-100x100.jpg 100w, https:\/\/recarprofi.cz\/wp-content\/uploads\/2018\/08\/combi-wr9-600x600.jpg 600w, https:\/\/recarprofi.cz\/wp-content\/uploads\/2018\/08\/combi-wr9-420x420.jpg 420w, https:\/\/recarprofi.cz\/wp-content\/uploads\/2018\/08\/combi-wr9-744x744.jpg 744w, https:\/\/recarprofi.cz\/wp-content\/uploads\/2018\/08\/combi-wr9-768x768.jpg 768w\" sizes=\"(max-width: 900px) 100vw, 900px\" \/><\/a><a href=\"http:\/\/recarprofi.cz\/wp-content\/uploads\/2018\/08\/combi-cs1.jpg\"><img decoding=\"async\" class=\"aligncenter wp-image-11200 size-full\" src=\"https:\/\/recarprofi.cz\/wp-content\/uploads\/2018\/08\/combi-cs1.jpg\" alt=\"\" width=\"1024\" height=\"867\" srcset=\"https:\/\/recarprofi.cz\/wp-content\/uploads\/2018\/08\/combi-cs1.jpg 1024w, https:\/\/recarprofi.cz\/wp-content\/uploads\/2018\/08\/combi-cs1-600x508.jpg 600w, https:\/\/recarprofi.cz\/wp-content\/uploads\/2018\/08\/combi-cs1-420x356.jpg 420w, https:\/\/recarprofi.cz\/wp-content\/uploads\/2018\/08\/combi-cs1-744x630.jpg 744w, https:\/\/recarprofi.cz\/wp-content\/uploads\/2018\/08\/combi-cs1-768x650.jpg 768w\" sizes=\"(max-width: 1024px) 100vw, 1024px\" \/><\/a><\/p>\t\t\t\t\t\t\t\t<\/div>\n\t\t\t\t<\/div>\n\t\t\t\t\t<\/div>\n\t\t<\/div>\n\t\t\t\t\t<\/div>\n\t\t<\/section>\n\t\t\t\t<\/div>\n\t\t","protected":false},"excerpt":{"rendered":"<p>Voz\u00edky Combi-WR4, vybaven\u00e9 patentovan\u00fdm multi-polohov\u00fdm ovl\u00e1d\u00e1n\u00edm oje, nab\u00edz\u00ed bezpe\u010dn\u011bj\u0161\u00ed provoz, maxim\u00e1ln\u00ed viditelnost obsluhy v \u00fazk\u00e9 uli\u010dce.\u00a0 Oje lze oto\u010dit vlevo nebo vpravo, co\u017e umo\u017e\u0148uje obsluze z\u016fstat na boku, \u010d\u00edm\u017e zaji\u0161\u0165uje plnou viditelnost na n\u00e1klad a&hellip;<\/p>\n","protected":false},"author":1,"featured_media":11213,"parent":11190,"menu_order":3,"comment_status":"closed","ping_status":"closed","template":"","meta":{"footnotes":""},"class_list":["post-11235","page","type-page","status-publish","has-post-thumbnail","hentry"],"_links":{"self":[{"href":"https:\/\/recarprofi.cz\/uvod\/wp-json\/wp\/v2\/pages\/11235","targetHints":{"allow":["GET"]}}],"collection":[{"href":"https:\/\/recarprofi.cz\/uvod\/wp-json\/wp\/v2\/pages"}],"about":[{"href":"https:\/\/recarprofi.cz\/uvod\/wp-json\/wp\/v2\/types\/page"}],"author":[{"embeddable":true,"href":"https:\/\/recarprofi.cz\/uvod\/wp-json\/wp\/v2\/users\/1"}],"replies":[{"embeddable":true,"href":"https:\/\/recarprofi.cz\/uvod\/wp-json\/wp\/v2\/comments?post=11235"}],"version-history":[{"count":11,"href":"https:\/\/recarprofi.cz\/uvod\/wp-json\/wp\/v2\/pages\/11235\/revisions"}],"predecessor-version":[{"id":20305,"href":"https:\/\/recarprofi.cz\/uvod\/wp-json\/wp\/v2\/pages\/11235\/revisions\/20305"}],"up":[{"embeddable":true,"href":"https:\/\/recarprofi.cz\/uvod\/wp-json\/wp\/v2\/pages\/11190"}],"wp:featuredmedia":[{"embeddable":true,"href":"https:\/\/recarprofi.cz\/uvod\/wp-json\/wp\/v2\/media\/11213"}],"wp:attachment":[{"href":"https:\/\/recarprofi.cz\/uvod\/wp-json\/wp\/v2\/media?parent=11235"}],"curies":[{"name":"wp","href":"https:\/\/api.w.org\/{rel}","templated":true}]}}