{"id":11262,"date":"2018-08-15T14:32:54","date_gmt":"2018-08-15T12:32:54","guid":{"rendered":"http:\/\/recarprofi.cz\/?page_id=11262"},"modified":"2023-08-11T07:53:39","modified_gmt":"2023-08-11T05:53:39","slug":"combi-op-nosnost-500-kg","status":"publish","type":"page","link":"https:\/\/recarprofi.cz\/uvod\/manipulacni-technika\/skladova-technika-combilift\/combi-op-nosnost-500-kg\/","title":{"rendered":"Vychyst\u00e1vac\u00ed voz\u00edk Combi OP (nosnost 500 kg)"},"content":{"rendered":"\t\t<div data-elementor-type=\"wp-page\" data-elementor-id=\"11262\" class=\"elementor elementor-11262\">\n\t\t\t\t\t\t<section class=\"elementor-section elementor-top-section elementor-element elementor-element-599a72b3 elementor-section-boxed elementor-section-height-default elementor-section-height-default\" data-id=\"599a72b3\" data-element_type=\"section\" data-e-type=\"section\">\n\t\t\t\t\t\t<div class=\"elementor-container elementor-column-gap-default\">\n\t\t\t\t\t<div class=\"elementor-column elementor-col-100 elementor-top-column elementor-element elementor-element-3ba5eae7\" data-id=\"3ba5eae7\" data-element_type=\"column\" data-e-type=\"column\">\n\t\t\t<div class=\"elementor-widget-wrap elementor-element-populated\">\n\t\t\t\t\t\t<div class=\"elementor-element elementor-element-3cd7cfdc elementor-widget elementor-widget-text-editor\" data-id=\"3cd7cfdc\" data-element_type=\"widget\" data-e-type=\"widget\" data-widget_type=\"text-editor.default\">\n\t\t\t\t<div class=\"elementor-widget-container\">\n\t\t\t\t\t\t\t\t\t<p dir=\"ltr\" data-placeholder=\"P\u0159eklad\"><a href=\"http:\/\/recarprofi.cz\/wp-content\/uploads\/2018\/08\/combi-op.jpg\"><img fetchpriority=\"high\" decoding=\"async\" class=\"aligncenter wp-image-11217 size-medium\" src=\"https:\/\/recarprofi.cz\/wp-content\/uploads\/2018\/08\/combi-op-744x668.jpg\" alt=\"\" width=\"744\" height=\"668\" srcset=\"https:\/\/recarprofi.cz\/wp-content\/uploads\/2018\/08\/combi-op-744x668.jpg 744w, https:\/\/recarprofi.cz\/wp-content\/uploads\/2018\/08\/combi-op-600x539.jpg 600w, https:\/\/recarprofi.cz\/wp-content\/uploads\/2018\/08\/combi-op-420x377.jpg 420w, https:\/\/recarprofi.cz\/wp-content\/uploads\/2018\/08\/combi-op-768x690.jpg 768w, https:\/\/recarprofi.cz\/wp-content\/uploads\/2018\/08\/combi-op.jpg 1024w\" sizes=\"(max-width: 744px) 100vw, 744px\" \/><\/a><\/p><p id=\"tw-target-text\" class=\"tw-data-text tw-ta tw-text-small\" dir=\"ltr\" data-placeholder=\"P\u0159eklad\"><span lang=\"cs\">Combi-OP je bezpe\u010dn\u00e1 robustn\u00ed pracovn\u00ed platforma pro efektivn\u00ed zpracov\u00e1n\u00ed v\u00edce objedn\u00e1vek a dlouh\u00fdch n\u00e1klad\u016f.<\/span><\/p><p dir=\"ltr\" data-placeholder=\"P\u0159eklad\"><strong>Technick\u00e9 parametry:<\/strong><\/p><p dir=\"ltr\" data-placeholder=\"P\u0159eklad\">Nosnost\u00a0 500 kg<\/p><p dir=\"ltr\" data-placeholder=\"P\u0159eklad\">V\u00fd\u0161ka zdvihu\u00a0 6.000 mm<\/p><p dir=\"ltr\" data-placeholder=\"P\u0159eklad\">D\u00e9lka platformy\u00a0 1.525 mm<\/p><p dir=\"ltr\" data-placeholder=\"P\u0159eklad\">Celkov\u00e1 \u0161\u00ed\u0159ka\u00a0 1.435 mm<\/p><p dir=\"ltr\" data-placeholder=\"P\u0159eklad\">Multifunk\u010dn\u00ed ovl\u00e1dac\u00ed panel<\/p><p dir=\"ltr\" data-placeholder=\"P\u0159eklad\">Dvojit\u00e1 regulace\u00a0 rychlosti<\/p><p dir=\"ltr\" data-placeholder=\"P\u0159eklad\">Vodic\u00ed v\u00e1le\u010dky<\/p><p dir=\"ltr\" data-placeholder=\"P\u0159eklad\">AC motory<\/p><p dir=\"ltr\" data-placeholder=\"P\u0159eklad\">LED sv\u011btla<\/p><p dir=\"ltr\" data-placeholder=\"P\u0159eklad\"><strong>Prospekt:\u00a0<span style=\"color: #0000ff;\"><a style=\"color: #0000ff;\" href=\"http:\/\/recarprofi.cz\/wp-content\/uploads\/2018\/08\/combilift-op.pdf\">Combi OP<\/a><\/span><\/strong><\/p><p dir=\"ltr\" data-placeholder=\"P\u0159eklad\"><a href=\"http:\/\/recarprofi.cz\/wp-content\/uploads\/2018\/08\/combi-op1.jpg\"><img decoding=\"async\" class=\"aligncenter wp-image-11265 size-full\" src=\"https:\/\/recarprofi.cz\/wp-content\/uploads\/2018\/08\/combi-op1.jpg\" alt=\"\" width=\"683\" height=\"1024\" srcset=\"https:\/\/recarprofi.cz\/wp-content\/uploads\/2018\/08\/combi-op1.jpg 683w, https:\/\/recarprofi.cz\/wp-content\/uploads\/2018\/08\/combi-op1-600x900.jpg 600w, https:\/\/recarprofi.cz\/wp-content\/uploads\/2018\/08\/combi-op1-420x630.jpg 420w\" sizes=\"(max-width: 683px) 100vw, 683px\" \/><\/a><\/p><p dir=\"ltr\" data-placeholder=\"P\u0159eklad\"><a href=\"http:\/\/recarprofi.cz\/wp-content\/uploads\/2018\/08\/combi-op2.jpg\"><img decoding=\"async\" class=\"aligncenter wp-image-11266 size-full\" src=\"https:\/\/recarprofi.cz\/wp-content\/uploads\/2018\/08\/combi-op2.jpg\" alt=\"\" width=\"683\" height=\"1024\" srcset=\"https:\/\/recarprofi.cz\/wp-content\/uploads\/2018\/08\/combi-op2.jpg 683w, https:\/\/recarprofi.cz\/wp-content\/uploads\/2018\/08\/combi-op2-600x900.jpg 600w, https:\/\/recarprofi.cz\/wp-content\/uploads\/2018\/08\/combi-op2-420x630.jpg 420w\" sizes=\"(max-width: 683px) 100vw, 683px\" \/><\/a><\/p>\t\t\t\t\t\t\t\t<\/div>\n\t\t\t\t<\/div>\n\t\t\t\t\t<\/div>\n\t\t<\/div>\n\t\t\t\t\t<\/div>\n\t\t<\/section>\n\t\t\t\t<\/div>\n\t\t","protected":false},"excerpt":{"rendered":"<p>Combi-OP je bezpe\u010dn\u00e1 robustn\u00ed pracovn\u00ed platforma pro efektivn\u00ed zpracov\u00e1n\u00ed v\u00edce objedn\u00e1vek a dlouh\u00fdch n\u00e1klad\u016f. Technick\u00e9 parametry: Nosnost\u00a0 500 kg V\u00fd\u0161ka zdvihu\u00a0 6.000 mm D\u00e9lka platformy\u00a0 1.525 mm Celkov\u00e1 \u0161\u00ed\u0159ka\u00a0 1.435 mm Multifunk\u010dn\u00ed ovl\u00e1dac\u00ed panel Dvojit\u00e1&hellip;<\/p>\n","protected":false},"author":1,"featured_media":11217,"parent":11190,"menu_order":5,"comment_status":"closed","ping_status":"closed","template":"","meta":{"footnotes":""},"class_list":["post-11262","page","type-page","status-publish","has-post-thumbnail","hentry"],"_links":{"self":[{"href":"https:\/\/recarprofi.cz\/uvod\/wp-json\/wp\/v2\/pages\/11262","targetHints":{"allow":["GET"]}}],"collection":[{"href":"https:\/\/recarprofi.cz\/uvod\/wp-json\/wp\/v2\/pages"}],"about":[{"href":"https:\/\/recarprofi.cz\/uvod\/wp-json\/wp\/v2\/types\/page"}],"author":[{"embeddable":true,"href":"https:\/\/recarprofi.cz\/uvod\/wp-json\/wp\/v2\/users\/1"}],"replies":[{"embeddable":true,"href":"https:\/\/recarprofi.cz\/uvod\/wp-json\/wp\/v2\/comments?post=11262"}],"version-history":[{"count":4,"href":"https:\/\/recarprofi.cz\/uvod\/wp-json\/wp\/v2\/pages\/11262\/revisions"}],"predecessor-version":[{"id":20297,"href":"https:\/\/recarprofi.cz\/uvod\/wp-json\/wp\/v2\/pages\/11262\/revisions\/20297"}],"up":[{"embeddable":true,"href":"https:\/\/recarprofi.cz\/uvod\/wp-json\/wp\/v2\/pages\/11190"}],"wp:featuredmedia":[{"embeddable":true,"href":"https:\/\/recarprofi.cz\/uvod\/wp-json\/wp\/v2\/media\/11217"}],"wp:attachment":[{"href":"https:\/\/recarprofi.cz\/uvod\/wp-json\/wp\/v2\/media?parent=11262"}],"curies":[{"name":"wp","href":"https:\/\/api.w.org\/{rel}","templated":true}]}}