{"id":117,"date":"2013-01-25T13:53:50","date_gmt":"2013-01-25T12:53:50","guid":{"rendered":"http:\/\/recarprofi.cz\/?page_id=117"},"modified":"2024-04-25T14:40:09","modified_gmt":"2024-04-25T12:40:09","slug":"manipulace","status":"publish","type":"page","link":"https:\/\/recarprofi.cz\/uvod\/zemedelska-technika\/manipulace\/","title":{"rendered":"Manipulace"},"content":{"rendered":"\t\t<div data-elementor-type=\"wp-page\" data-elementor-id=\"117\" class=\"elementor elementor-117\">\n\t\t\t\t\t\t<section class=\"elementor-section elementor-top-section elementor-element elementor-element-cc97eb6 elementor-section-boxed elementor-section-height-default elementor-section-height-default\" data-id=\"cc97eb6\" data-element_type=\"section\" data-e-type=\"section\">\n\t\t\t\t\t\t<div class=\"elementor-container elementor-column-gap-default\">\n\t\t\t\t\t<div class=\"elementor-column elementor-col-100 elementor-top-column elementor-element elementor-element-35f62a6\" data-id=\"35f62a6\" data-element_type=\"column\" data-e-type=\"column\">\n\t\t\t<div class=\"elementor-widget-wrap elementor-element-populated\">\n\t\t\t\t\t\t<div class=\"elementor-element elementor-element-02c94df elementor-position-left elementor-vertical-align-top elementor-widget elementor-widget-image-box\" data-id=\"02c94df\" data-element_type=\"widget\" data-e-type=\"widget\" data-widget_type=\"image-box.default\">\n\t\t\t\t<div class=\"elementor-widget-container\">\n\t\t\t\t\t<div class=\"elementor-image-box-wrapper\"><figure class=\"elementor-image-box-img\"><a href=\"https:\/\/recarprofi.cz\/uvod\/zemedelska-technika\/manipulace\/teleskopicke-manipulatory-dieci\/\" tabindex=\"-1\"><img fetchpriority=\"high\" decoding=\"async\" width=\"2000\" height=\"1333\" src=\"https:\/\/recarprofi.cz\/wp-content\/uploads\/2019\/10\/dieci-4.jpg\" class=\"attachment-full size-full wp-image-15825\" alt=\"\" srcset=\"https:\/\/recarprofi.cz\/wp-content\/uploads\/2019\/10\/dieci-4.jpg 2000w, https:\/\/recarprofi.cz\/wp-content\/uploads\/2019\/10\/dieci-4-600x400.jpg 600w, https:\/\/recarprofi.cz\/wp-content\/uploads\/2019\/10\/dieci-4-420x280.jpg 420w, https:\/\/recarprofi.cz\/wp-content\/uploads\/2019\/10\/dieci-4-744x496.jpg 744w, https:\/\/recarprofi.cz\/wp-content\/uploads\/2019\/10\/dieci-4-768x512.jpg 768w, https:\/\/recarprofi.cz\/wp-content\/uploads\/2019\/10\/dieci-4-1200x800.jpg 1200w\" sizes=\"(max-width: 2000px) 100vw, 2000px\" \/><\/a><\/figure><div class=\"elementor-image-box-content\"><h3 class=\"elementor-image-box-title\"><a href=\"https:\/\/recarprofi.cz\/uvod\/zemedelska-technika\/manipulace\/teleskopicke-manipulatory-dieci\/\">Teleskopick\u00e9 manipul\u00e1tory Dieci<\/a><\/h3><p class=\"elementor-image-box-description\">S nosnosti od 2,5 do 6,5t.<\/p><\/div><\/div>\t\t\t\t<\/div>\n\t\t\t\t<\/div>\n\t\t\t\t\t<\/div>\n\t\t<\/div>\n\t\t\t\t\t<\/div>\n\t\t<\/section>\n\t\t\t\t<section class=\"elementor-section elementor-top-section elementor-element elementor-element-347ef4a elementor-section-boxed elementor-section-height-default elementor-section-height-default\" data-id=\"347ef4a\" data-element_type=\"section\" data-e-type=\"section\">\n\t\t\t\t\t\t<div class=\"elementor-container elementor-column-gap-default\">\n\t\t\t\t\t<div class=\"elementor-column elementor-col-100 elementor-top-column elementor-element elementor-element-a603d5d\" data-id=\"a603d5d\" data-element_type=\"column\" data-e-type=\"column\">\n\t\t\t<div class=\"elementor-widget-wrap elementor-element-populated\">\n\t\t\t\t\t\t<div class=\"elementor-element elementor-element-fcd9fad elementor-position-left elementor-vertical-align-top elementor-widget elementor-widget-image-box\" data-id=\"fcd9fad\" data-element_type=\"widget\" data-e-type=\"widget\" data-widget_type=\"image-box.default\">\n\t\t\t\t<div class=\"elementor-widget-container\">\n\t\t\t\t\t<div class=\"elementor-image-box-wrapper\"><figure class=\"elementor-image-box-img\"><a href=\"https:\/\/recarprofi.cz\/uvod\/zemedelska-technika\/manipulace\/kloubove-nakladace-thaler\/\" tabindex=\"-1\"><img decoding=\"async\" width=\"1080\" height=\"720\" src=\"https:\/\/recarprofi.cz\/wp-content\/uploads\/2023\/11\/thaler1.webp\" class=\"attachment-full size-full wp-image-27131\" alt=\"\" srcset=\"https:\/\/recarprofi.cz\/wp-content\/uploads\/2023\/11\/thaler1.webp 1080w, https:\/\/recarprofi.cz\/wp-content\/uploads\/2023\/11\/thaler1-744x496.webp 744w, https:\/\/recarprofi.cz\/wp-content\/uploads\/2023\/11\/thaler1-420x280.webp 420w, https:\/\/recarprofi.cz\/wp-content\/uploads\/2023\/11\/thaler1-768x512.webp 768w, https:\/\/recarprofi.cz\/wp-content\/uploads\/2023\/11\/thaler1-1024x683.webp 1024w, https:\/\/recarprofi.cz\/wp-content\/uploads\/2023\/11\/thaler1-600x400.webp 600w\" sizes=\"(max-width: 1080px) 100vw, 1080px\" \/><\/a><\/figure><div class=\"elementor-image-box-content\"><h3 class=\"elementor-image-box-title\"><a href=\"https:\/\/recarprofi.cz\/uvod\/zemedelska-technika\/manipulace\/kloubove-nakladace-thaler\/\">Naklada\u010de a manipul\u00e1tory Thaler<\/a><\/h3><\/div><\/div>\t\t\t\t<\/div>\n\t\t\t\t<\/div>\n\t\t\t\t\t<\/div>\n\t\t<\/div>\n\t\t\t\t\t<\/div>\n\t\t<\/section>\n\t\t\t\t<section class=\"elementor-section elementor-top-section elementor-element elementor-element-f913ad1 elementor-section-boxed elementor-section-height-default elementor-section-height-default\" data-id=\"f913ad1\" data-element_type=\"section\" data-e-type=\"section\">\n\t\t\t\t\t\t<div class=\"elementor-container elementor-column-gap-default\">\n\t\t\t\t\t<div class=\"elementor-column elementor-col-100 elementor-top-column elementor-element elementor-element-24dd814\" data-id=\"24dd814\" data-element_type=\"column\" data-e-type=\"column\">\n\t\t\t<div class=\"elementor-widget-wrap elementor-element-populated\">\n\t\t\t\t\t\t<div class=\"elementor-element elementor-element-64faf78 elementor-position-left elementor-vertical-align-top elementor-widget elementor-widget-image-box\" data-id=\"64faf78\" data-element_type=\"widget\" data-e-type=\"widget\" data-widget_type=\"image-box.default\">\n\t\t\t\t<div class=\"elementor-widget-container\">\n\t\t\t\t\t<div class=\"elementor-image-box-wrapper\"><figure class=\"elementor-image-box-img\"><a href=\"https:\/\/recarprofi.cz\/uvod\/zemedelska-technika\/manipulace\/celni-nakladace-pro-traktory\/\" tabindex=\"-1\"><img decoding=\"async\" width=\"1215\" height=\"980\" src=\"https:\/\/recarprofi.cz\/wp-content\/uploads\/2019\/03\/quicke.png\" class=\"attachment-full size-full wp-image-11619\" alt=\"\" srcset=\"https:\/\/recarprofi.cz\/wp-content\/uploads\/2019\/03\/quicke.png 1215w, https:\/\/recarprofi.cz\/wp-content\/uploads\/2019\/03\/quicke-600x484.png 600w, https:\/\/recarprofi.cz\/wp-content\/uploads\/2019\/03\/quicke-420x339.png 420w, https:\/\/recarprofi.cz\/wp-content\/uploads\/2019\/03\/quicke-744x600.png 744w, https:\/\/recarprofi.cz\/wp-content\/uploads\/2019\/03\/quicke-768x619.png 768w, https:\/\/recarprofi.cz\/wp-content\/uploads\/2019\/03\/quicke-1200x968.png 1200w\" sizes=\"(max-width: 1215px) 100vw, 1215px\" \/><\/a><\/figure><div class=\"elementor-image-box-content\"><h3 class=\"elementor-image-box-title\"><a href=\"https:\/\/recarprofi.cz\/uvod\/zemedelska-technika\/manipulace\/celni-nakladace-pro-traktory\/\">\u010celn\u00ed naklada\u010de pro traktory<\/a><\/h3><\/div><\/div>\t\t\t\t<\/div>\n\t\t\t\t<\/div>\n\t\t\t\t\t<\/div>\n\t\t<\/div>\n\t\t\t\t\t<\/div>\n\t\t<\/section>\n\t\t\t\t<\/div>\n\t\t","protected":false},"excerpt":{"rendered":"<p>Teleskopick\u00e9 manipul\u00e1tory Dieci S nosnosti od 2,5 do 6,5t. Naklada\u010de a manipul\u00e1tory Thaler \u010celn\u00ed naklada\u010de pro traktory<\/p>\n","protected":false},"author":1,"featured_media":22650,"parent":77,"menu_order":6,"comment_status":"closed","ping_status":"closed","template":"","meta":{"footnotes":""},"class_list":["post-117","page","type-page","status-publish","has-post-thumbnail","hentry"],"_links":{"self":[{"href":"https:\/\/recarprofi.cz\/uvod\/wp-json\/wp\/v2\/pages\/117","targetHints":{"allow":["GET"]}}],"collection":[{"href":"https:\/\/recarprofi.cz\/uvod\/wp-json\/wp\/v2\/pages"}],"about":[{"href":"https:\/\/recarprofi.cz\/uvod\/wp-json\/wp\/v2\/types\/page"}],"author":[{"embeddable":true,"href":"https:\/\/recarprofi.cz\/uvod\/wp-json\/wp\/v2\/users\/1"}],"replies":[{"embeddable":true,"href":"https:\/\/recarprofi.cz\/uvod\/wp-json\/wp\/v2\/comments?post=117"}],"version-history":[{"count":35,"href":"https:\/\/recarprofi.cz\/uvod\/wp-json\/wp\/v2\/pages\/117\/revisions"}],"predecessor-version":[{"id":31012,"href":"https:\/\/recarprofi.cz\/uvod\/wp-json\/wp\/v2\/pages\/117\/revisions\/31012"}],"up":[{"embeddable":true,"href":"https:\/\/recarprofi.cz\/uvod\/wp-json\/wp\/v2\/pages\/77"}],"wp:featuredmedia":[{"embeddable":true,"href":"https:\/\/recarprofi.cz\/uvod\/wp-json\/wp\/v2\/media\/22650"}],"wp:attachment":[{"href":"https:\/\/recarprofi.cz\/uvod\/wp-json\/wp\/v2\/media?parent=117"}],"curies":[{"name":"wp","href":"https:\/\/api.w.org\/{rel}","templated":true}]}}