{"id":11787,"date":"2019-03-26T12:29:00","date_gmt":"2019-03-26T11:29:00","guid":{"rendered":"http:\/\/recarprofi.cz\/?page_id=11787"},"modified":"2020-03-25T14:19:39","modified_gmt":"2020-03-25T13:19:39","slug":"mechanicka-seci-kombinace-unia-fm-400-3d","status":"publish","type":"page","link":"https:\/\/recarprofi.cz\/uvod\/zemedelska-technika\/puda\/seci-stroje\/unia-fm-2\/mechanicka-seci-kombinace-unia-fm-400-3d\/","title":{"rendered":"Mechanick\u00e1 sec\u00ed kombinace Unia FM 400\/3D"},"content":{"rendered":"\t\t<div data-elementor-type=\"wp-page\" data-elementor-id=\"11787\" class=\"elementor elementor-11787\">\n\t\t\t\t\t\t<section class=\"elementor-section elementor-top-section elementor-element elementor-element-223d9abe elementor-section-boxed elementor-section-height-default elementor-section-height-default\" data-id=\"223d9abe\" data-element_type=\"section\" data-e-type=\"section\">\n\t\t\t\t\t\t<div class=\"elementor-container elementor-column-gap-default\">\n\t\t\t\t\t<div class=\"elementor-column elementor-col-100 elementor-top-column elementor-element elementor-element-4ace0684\" data-id=\"4ace0684\" data-element_type=\"column\" data-e-type=\"column\">\n\t\t\t<div class=\"elementor-widget-wrap elementor-element-populated\">\n\t\t\t\t\t\t<div class=\"elementor-element elementor-element-6a507b8a elementor-widget elementor-widget-text-editor\" data-id=\"6a507b8a\" data-element_type=\"widget\" data-e-type=\"widget\" data-widget_type=\"text-editor.default\">\n\t\t\t\t<div class=\"elementor-widget-container\">\n\t\t\t\t\t\t\t\t\t<p><a href=\"http:\/\/recarprofi.cz\/wp-content\/uploads\/2019\/03\/unia-fm-400-1.jpg\"><img fetchpriority=\"high\" decoding=\"async\" class=\"aligncenter wp-image-11783 size-large\" src=\"https:\/\/recarprofi.cz\/wp-content\/uploads\/2019\/03\/unia-fm-400-1-1200x800.jpg\" alt=\"\" width=\"1140\" height=\"760\" srcset=\"https:\/\/recarprofi.cz\/wp-content\/uploads\/2019\/03\/unia-fm-400-1-1200x800.jpg 1200w, https:\/\/recarprofi.cz\/wp-content\/uploads\/2019\/03\/unia-fm-400-1-600x400.jpg 600w, https:\/\/recarprofi.cz\/wp-content\/uploads\/2019\/03\/unia-fm-400-1-420x280.jpg 420w, https:\/\/recarprofi.cz\/wp-content\/uploads\/2019\/03\/unia-fm-400-1-744x496.jpg 744w, https:\/\/recarprofi.cz\/wp-content\/uploads\/2019\/03\/unia-fm-400-1-768x512.jpg 768w, https:\/\/recarprofi.cz\/wp-content\/uploads\/2019\/03\/unia-fm-400-1.jpg 1920w\" sizes=\"(max-width: 1140px) 100vw, 1140px\" \/><\/a><\/p><p>Sec\u00ed kombinace PLUS 400\/3 D je tvo\u0159ena mechanick\u00fdm n\u00e1stavbov\u00fdm sec\u00edm strojem na radli\u010dkov\u00e9m agreg\u00e1tu se dv\u011bma \u0159adami radli\u010dek &#8222;SU&#8220; mezi dv\u011bma p\u011bchy. Sec\u00ed stroj m\u00e1 v\u00e1le\u010dkov\u00e9 v\u00fdsevn\u00ed \u00fastroji s v\u00e1le\u010dky pro v\u00fdsev jemnozrn\u00fdch plodin jako jsou \u0159epka, ho\u0159\u010dice \u010di jetele, tak i v\u00e1le\u010dky pro v\u00fdsev standardn\u00edho osiva obilovin \u010di luskovin. V\u00fdsevek se reguluje pomoc\u00ed bezstup\u0148ov\u00e9 p\u0159evodovky. Pohon v\u00fdsevn\u00edho \u00fastroj\u00ed je dle rychlosti pojezdu p\u0159en\u00e1\u0161en od ostruhov\u00e9ho kola. Tyto sec\u00ed stroje vynikaj\u00ed svou vysokou p\u0159esnost\u00ed v\u00fdsevku, snadnou kontrolou v\u00fdsevku, jednoduchou obsluhou s minim\u00e1ln\u00ed nutnou \u00fadr\u017ebou a konstrukc\u00ed umo\u017e\u0148uj\u00edc\u00ed agregaci i s leh\u010d\u00edmi traktory ni\u017e\u0161\u00edch v\u00fdkonu.<\/p><p>Sec\u00ed kombinace PLUS 400\/3 D je ve standardu vybavena:<\/p><ul><li>t\u0159\u00edbodov\u00fdm zav\u011b\u0161en\u00edm kat. II<\/li><li>jednokotou\u010dov\u00fdmi sec\u00edmi botkami<\/li><li>dvod\u00edln\u00fdmi, integrovan\u00fdmi v\u00fdsevn\u00edmi v\u00e1le\u010dky pro v\u00fdsev nap\u0159.: obilovin i \u0159epky<\/li><li>bezstup\u0148ovou p\u0159evodovkou<\/li><li>elektricky ovl\u00e1dan\u00fdmi kolejov\u00fdmi \u0159\u00e1dky<\/li><li>hydraulick\u00fdmi znamen\u00e1ky se dv\u011bmi p\u00edstnicemi<\/li><li>ovl\u00e1d\u00e1n\u00edm StarterSeed<\/li><li>centr\u00e1ln\u00edm i individu\u00e1ln\u00edm nastaven\u00edm p\u0159\u00edtlaku v\u00fdsevn\u00edch botek<\/li><li>\u010dechra\u010dem uvnit\u0159 z\u00e1sobn\u00edku<\/li><li>obslu\u017enou l\u00e1vkou<\/li><li>zavla\u010dova\u010dem<\/li><li>p\u0159edn\u00edm d\u011blen\u00fdm strunov\u00fdm v\u00e1lcem<\/li><li>dv\u011bmi \u0159adami radli\u010dek &#8222;SU&#8220;<\/li><li>zadn\u00edm p\u011bchem PACKER \u00d8 460 mm<\/li><\/ul><h3 class=\"ea-technika\">Technick\u00e1 specifikace:\u00a0<strong>Sec\u00ed kombinace FM 400\/3 D<\/strong><\/h3><table><tbody><tr><td>Pracovn\u00ed z\u00e1b\u011br<\/td><td>3<\/td><\/tr><tr><td>Objem z\u00e1sobn\u00edku<\/td><td>400<\/td><\/tr><tr><td>Typ v\u00fdsevn\u00edch botek<\/td><td>kotou\u010dov\u00e9<\/td><\/tr><tr><td>Po\u010det v\u00fdsevn\u00edch botek<\/td><td>25<\/td><\/tr><tr><td>Hloubka v\u00fdsevu<\/td><td>0\u00f77<\/td><\/tr><tr><td>Hmotnost<\/td><td>1 350<\/td><\/tr><tr><td>Doporu\u010den\u00fd v\u00fdkon traktoru<\/td><td>70<\/td><\/tr><\/tbody><\/table><p><a href=\"http:\/\/recarprofi.cz\/wp-content\/uploads\/2019\/03\/unia-fm-4003.jpg\"><img decoding=\"async\" class=\"aligncenter wp-image-11788 size-full\" src=\"https:\/\/recarprofi.cz\/wp-content\/uploads\/2019\/03\/unia-fm-4003-e1560323237563.jpg\" alt=\"\" width=\"800\" height=\"600\" srcset=\"https:\/\/recarprofi.cz\/wp-content\/uploads\/2019\/03\/unia-fm-4003-e1560323237563.jpg 800w, https:\/\/recarprofi.cz\/wp-content\/uploads\/2019\/03\/unia-fm-4003-e1560323237563-600x450.jpg 600w\" sizes=\"(max-width: 800px) 100vw, 800px\" \/><\/a><\/p><p><a href=\"https:\/\/recarprofi.cz\/wp-content\/uploads\/2019\/03\/unia-fm2.jpg\"><img decoding=\"async\" class=\"aligncenter wp-image-11797 size-full\" src=\"https:\/\/recarprofi.cz\/wp-content\/uploads\/2019\/03\/unia-fm2.jpg\" alt=\"\" width=\"500\" height=\"384\" srcset=\"https:\/\/recarprofi.cz\/wp-content\/uploads\/2019\/03\/unia-fm2.jpg 500w, https:\/\/recarprofi.cz\/wp-content\/uploads\/2019\/03\/unia-fm2-416x319.jpg 416w, https:\/\/recarprofi.cz\/wp-content\/uploads\/2019\/03\/unia-fm2-420x323.jpg 420w\" sizes=\"(max-width: 500px) 100vw, 500px\" \/><\/a><\/p>\t\t\t\t\t\t\t\t<\/div>\n\t\t\t\t<\/div>\n\t\t\t\t\t<\/div>\n\t\t<\/div>\n\t\t\t\t\t<\/div>\n\t\t<\/section>\n\t\t\t\t<\/div>\n\t\t","protected":false},"excerpt":{"rendered":"<p>Sec\u00ed kombinace PLUS 400\/3 D je tvo\u0159ena mechanick\u00fdm n\u00e1stavbov\u00fdm sec\u00edm strojem na radli\u010dkov\u00e9m agreg\u00e1tu se dv\u011bma \u0159adami radli\u010dek &#8222;SU&#8220; mezi dv\u011bma p\u011bchy. Sec\u00ed stroj m\u00e1 v\u00e1le\u010dkov\u00e9 v\u00fdsevn\u00ed \u00fastroji s v\u00e1le\u010dky pro v\u00fdsev jemnozrn\u00fdch plodin jako&hellip;<\/p>\n","protected":false},"author":1,"featured_media":0,"parent":11780,"menu_order":1,"comment_status":"closed","ping_status":"closed","template":"","meta":{"footnotes":""},"class_list":["post-11787","page","type-page","status-publish","hentry"],"_links":{"self":[{"href":"https:\/\/recarprofi.cz\/uvod\/wp-json\/wp\/v2\/pages\/11787","targetHints":{"allow":["GET"]}}],"collection":[{"href":"https:\/\/recarprofi.cz\/uvod\/wp-json\/wp\/v2\/pages"}],"about":[{"href":"https:\/\/recarprofi.cz\/uvod\/wp-json\/wp\/v2\/types\/page"}],"author":[{"embeddable":true,"href":"https:\/\/recarprofi.cz\/uvod\/wp-json\/wp\/v2\/users\/1"}],"replies":[{"embeddable":true,"href":"https:\/\/recarprofi.cz\/uvod\/wp-json\/wp\/v2\/comments?post=11787"}],"version-history":[{"count":5,"href":"https:\/\/recarprofi.cz\/uvod\/wp-json\/wp\/v2\/pages\/11787\/revisions"}],"predecessor-version":[{"id":21294,"href":"https:\/\/recarprofi.cz\/uvod\/wp-json\/wp\/v2\/pages\/11787\/revisions\/21294"}],"up":[{"embeddable":true,"href":"https:\/\/recarprofi.cz\/uvod\/wp-json\/wp\/v2\/pages\/11780"}],"wp:attachment":[{"href":"https:\/\/recarprofi.cz\/uvod\/wp-json\/wp\/v2\/media?parent=11787"}],"curies":[{"name":"wp","href":"https:\/\/api.w.org\/{rel}","templated":true}]}}