{"id":1564,"date":"2013-02-11T20:51:26","date_gmt":"2013-02-11T19:51:26","guid":{"rendered":"http:\/\/recarprofi.cz\/?page_id=1564"},"modified":"2024-04-25T10:07:14","modified_gmt":"2024-04-25T08:07:14","slug":"prepravniky-zvirat-pronar","status":"publish","type":"page","link":"https:\/\/recarprofi.cz\/uvod\/zemedelska-technika\/doprava\/prepravniky-zvirat-pronar\/","title":{"rendered":"P\u0159epravn\u00edky zv\u00ed\u0159at Pronar"},"content":{"rendered":"\t\t<div data-elementor-type=\"wp-page\" data-elementor-id=\"1564\" class=\"elementor elementor-1564\">\n\t\t\t\t\t\t<section class=\"elementor-section elementor-top-section elementor-element elementor-element-d440a99 elementor-section-boxed elementor-section-height-default elementor-section-height-default\" data-id=\"d440a99\" data-element_type=\"section\" data-e-type=\"section\">\n\t\t\t\t\t\t<div class=\"elementor-container elementor-column-gap-default\">\n\t\t\t\t\t<div class=\"elementor-column elementor-col-100 elementor-top-column elementor-element elementor-element-197bbad\" data-id=\"197bbad\" data-element_type=\"column\" data-e-type=\"column\">\n\t\t\t<div class=\"elementor-widget-wrap elementor-element-populated\">\n\t\t\t\t\t\t<div class=\"elementor-element elementor-element-968684b elementor-position-left elementor-vertical-align-top elementor-widget elementor-widget-image-box\" data-id=\"968684b\" data-element_type=\"widget\" data-e-type=\"widget\" data-widget_type=\"image-box.default\">\n\t\t\t\t<div class=\"elementor-widget-container\">\n\t\t\t\t\t<div class=\"elementor-image-box-wrapper\"><figure class=\"elementor-image-box-img\"><a href=\"https:\/\/recarprofi.cz\/uvod\/zemedelska-technika\/doprava\/prepravniky-zvirat-pronar\/t-046\/\" tabindex=\"-1\"><img fetchpriority=\"high\" decoding=\"async\" width=\"550\" height=\"454\" src=\"https:\/\/recarprofi.cz\/wp-content\/uploads\/2013\/02\/pronar-046.jpg\" class=\"attachment-full size-full wp-image-1576\" alt=\"\" srcset=\"https:\/\/recarprofi.cz\/wp-content\/uploads\/2013\/02\/pronar-046.jpg 550w, https:\/\/recarprofi.cz\/wp-content\/uploads\/2013\/02\/pronar-046-416x343.jpg 416w, https:\/\/recarprofi.cz\/wp-content\/uploads\/2013\/02\/pronar-046-300x247.jpg 300w\" sizes=\"(max-width: 550px) 100vw, 550px\" \/><\/a><\/figure><div class=\"elementor-image-box-content\"><h3 class=\"elementor-image-box-title\"><a href=\"https:\/\/recarprofi.cz\/uvod\/zemedelska-technika\/doprava\/prepravniky-zvirat-pronar\/t-046\/\">P\u0159epravn\u00edk zv\u00ed\u0159at Pronar T-046<\/a><\/h3><p class=\"elementor-image-box-description\">Nosnost 3,7t.<\/p><\/div><\/div>\t\t\t\t<\/div>\n\t\t\t\t<\/div>\n\t\t\t\t\t<\/div>\n\t\t<\/div>\n\t\t\t\t\t<\/div>\n\t\t<\/section>\n\t\t\t\t<section class=\"elementor-section elementor-top-section elementor-element elementor-element-39c893d elementor-section-boxed elementor-section-height-default elementor-section-height-default\" data-id=\"39c893d\" data-element_type=\"section\" data-e-type=\"section\">\n\t\t\t\t\t\t<div class=\"elementor-container elementor-column-gap-default\">\n\t\t\t\t\t<div class=\"elementor-column elementor-col-100 elementor-top-column elementor-element elementor-element-2b61de6\" data-id=\"2b61de6\" data-element_type=\"column\" data-e-type=\"column\">\n\t\t\t<div class=\"elementor-widget-wrap elementor-element-populated\">\n\t\t\t\t\t\t<div class=\"elementor-element elementor-element-571f608 elementor-position-left elementor-vertical-align-top elementor-widget elementor-widget-image-box\" data-id=\"571f608\" data-element_type=\"widget\" data-e-type=\"widget\" data-widget_type=\"image-box.default\">\n\t\t\t\t<div class=\"elementor-widget-container\">\n\t\t\t\t\t<div class=\"elementor-image-box-wrapper\"><figure class=\"elementor-image-box-img\"><a href=\"https:\/\/recarprofi.cz\/uvod\/zemedelska-technika\/doprava\/prepravniky-zvirat-pronar\/t-461\/\" tabindex=\"-1\"><img decoding=\"async\" width=\"480\" height=\"360\" src=\"https:\/\/recarprofi.cz\/wp-content\/uploads\/2013\/02\/t-046-1.jpg\" class=\"attachment-full size-full wp-image-1585\" alt=\"\" srcset=\"https:\/\/recarprofi.cz\/wp-content\/uploads\/2013\/02\/t-046-1.jpg 480w, https:\/\/recarprofi.cz\/wp-content\/uploads\/2013\/02\/t-046-1-416x312.jpg 416w\" sizes=\"(max-width: 480px) 100vw, 480px\" \/><\/a><\/figure><div class=\"elementor-image-box-content\"><h3 class=\"elementor-image-box-title\"><a href=\"https:\/\/recarprofi.cz\/uvod\/zemedelska-technika\/doprava\/prepravniky-zvirat-pronar\/t-461\/\">P\u0159epravn\u00edk zv\u00ed\u0159at Pronar T-046\/1<\/a><\/h3><p class=\"elementor-image-box-description\">Nosnost 5,3t.<\/p><\/div><\/div>\t\t\t\t<\/div>\n\t\t\t\t<\/div>\n\t\t\t\t\t<\/div>\n\t\t<\/div>\n\t\t\t\t\t<\/div>\n\t\t<\/section>\n\t\t\t\t<section class=\"elementor-section elementor-top-section elementor-element elementor-element-9d61be0 elementor-section-boxed elementor-section-height-default elementor-section-height-default\" data-id=\"9d61be0\" data-element_type=\"section\" data-e-type=\"section\">\n\t\t\t\t\t\t<div class=\"elementor-container elementor-column-gap-default\">\n\t\t\t\t\t<div class=\"elementor-column elementor-col-100 elementor-top-column elementor-element elementor-element-461869e\" data-id=\"461869e\" data-element_type=\"column\" data-e-type=\"column\">\n\t\t\t<div class=\"elementor-widget-wrap elementor-element-populated\">\n\t\t\t\t\t\t<div class=\"elementor-element elementor-element-e77fe87 elementor-position-left elementor-vertical-align-top elementor-widget elementor-widget-image-box\" data-id=\"e77fe87\" data-element_type=\"widget\" data-e-type=\"widget\" data-widget_type=\"image-box.default\">\n\t\t\t\t<div class=\"elementor-widget-container\">\n\t\t\t\t\t<div class=\"elementor-image-box-wrapper\"><figure class=\"elementor-image-box-img\"><a href=\"https:\/\/recarprofi.cz\/uvod\/zemedelska-technika\/doprava\/prepravniky-zvirat-pronar\/t-0462\/\" tabindex=\"-1\"><img decoding=\"async\" width=\"415\" height=\"327\" src=\"https:\/\/recarprofi.cz\/wp-content\/uploads\/2018\/02\/pronar-t046.jpg\" class=\"attachment-full size-full wp-image-9982\" alt=\"\" \/><\/a><\/figure><div class=\"elementor-image-box-content\"><h3 class=\"elementor-image-box-title\"><a href=\"https:\/\/recarprofi.cz\/uvod\/zemedelska-technika\/doprava\/prepravniky-zvirat-pronar\/t-0462\/\">P\u0159epravn\u00edk zv\u00ed\u0159at Pronar T-046\/2<\/a><\/h3><p class=\"elementor-image-box-description\">Nosnost 8,5t.<\/p><\/div><\/div>\t\t\t\t<\/div>\n\t\t\t\t<\/div>\n\t\t\t\t\t<\/div>\n\t\t<\/div>\n\t\t\t\t\t<\/div>\n\t\t<\/section>\n\t\t\t\t<\/div>\n\t\t","protected":false},"excerpt":{"rendered":"<p>P\u0159epravn\u00edk zv\u00ed\u0159at Pronar T-046 Nosnost 3,7t. P\u0159epravn\u00edk zv\u00ed\u0159at Pronar T-046\/1 Nosnost 5,3t. P\u0159epravn\u00edk zv\u00ed\u0159at Pronar T-046\/2 Nosnost 8,5t.<\/p>\n","protected":false},"author":1,"featured_media":0,"parent":125,"menu_order":10,"comment_status":"closed","ping_status":"closed","template":"","meta":{"footnotes":""},"class_list":["post-1564","page","type-page","status-publish","hentry"],"_links":{"self":[{"href":"https:\/\/recarprofi.cz\/uvod\/wp-json\/wp\/v2\/pages\/1564","targetHints":{"allow":["GET"]}}],"collection":[{"href":"https:\/\/recarprofi.cz\/uvod\/wp-json\/wp\/v2\/pages"}],"about":[{"href":"https:\/\/recarprofi.cz\/uvod\/wp-json\/wp\/v2\/types\/page"}],"author":[{"embeddable":true,"href":"https:\/\/recarprofi.cz\/uvod\/wp-json\/wp\/v2\/users\/1"}],"replies":[{"embeddable":true,"href":"https:\/\/recarprofi.cz\/uvod\/wp-json\/wp\/v2\/comments?post=1564"}],"version-history":[{"count":30,"href":"https:\/\/recarprofi.cz\/uvod\/wp-json\/wp\/v2\/pages\/1564\/revisions"}],"predecessor-version":[{"id":30913,"href":"https:\/\/recarprofi.cz\/uvod\/wp-json\/wp\/v2\/pages\/1564\/revisions\/30913"}],"up":[{"embeddable":true,"href":"https:\/\/recarprofi.cz\/uvod\/wp-json\/wp\/v2\/pages\/125"}],"wp:attachment":[{"href":"https:\/\/recarprofi.cz\/uvod\/wp-json\/wp\/v2\/media?parent=1564"}],"curies":[{"name":"wp","href":"https:\/\/api.w.org\/{rel}","templated":true}]}}