{"id":1570,"date":"2013-02-11T20:56:28","date_gmt":"2013-02-11T19:56:28","guid":{"rendered":"http:\/\/recarprofi.cz\/?page_id=1570"},"modified":"2024-04-25T10:03:14","modified_gmt":"2024-04-25T08:03:14","slug":"t-046","status":"publish","type":"page","link":"https:\/\/recarprofi.cz\/uvod\/zemedelska-technika\/doprava\/prepravniky-zvirat-pronar\/t-046\/","title":{"rendered":"P\u0159epravn\u00edk zv\u00ed\u0159at Pronar T-046"},"content":{"rendered":"\t\t<div data-elementor-type=\"wp-page\" data-elementor-id=\"1570\" class=\"elementor elementor-1570\">\n\t\t\t\t\t\t<section class=\"elementor-section elementor-top-section elementor-element elementor-element-42fe0c19 elementor-section-boxed elementor-section-height-default elementor-section-height-default\" data-id=\"42fe0c19\" data-element_type=\"section\" data-e-type=\"section\">\n\t\t\t\t\t\t<div class=\"elementor-container elementor-column-gap-default\">\n\t\t\t\t\t<div class=\"elementor-column elementor-col-100 elementor-top-column elementor-element elementor-element-3defc28\" data-id=\"3defc28\" data-element_type=\"column\" data-e-type=\"column\">\n\t\t\t<div class=\"elementor-widget-wrap elementor-element-populated\">\n\t\t\t\t\t\t<div class=\"elementor-element elementor-element-60a9dbae elementor-widget elementor-widget-text-editor\" data-id=\"60a9dbae\" data-element_type=\"widget\" data-e-type=\"widget\" data-widget_type=\"text-editor.default\">\n\t\t\t\t<div class=\"elementor-widget-container\">\n\t\t\t\t\t\t\t\t\t<p><img decoding=\"async\" class=\"alignright\" style=\"border: 0px;\" src=\"http:\/\/www.polagro.cz\/images\/obrazky_kategorie\/transportni_technika\/prepravniky\/prepravniky_zvirat\/T046\/SAM_0912.JPG\" alt=\"\" border=\"0\" \/><span style=\"color: #ff6600;\"><em><strong>P\u0159epravn\u00edk zv\u00ed\u0159at PRONAR T 046<\/strong><\/em><\/span><\/p><p>podlaha z impregnovan\u00e9ho d\u0159eva s\u00edly 30 mm, podp\u016frn\u00e9 kolo z\u00e1v\u011bsu, vodoodpudiv\u00e9 bo\u010dnice z lamin\u00e1tovan\u00e9 p\u0159ekli\u017eky s\u00edly 18 mm, pru\u017einov\u00e9 odleh\u010den\u00ed sklopn\u00e9ho \u010dela, standardn\u011b spodn\u00ed z\u00e1v\u011bs oto\u010dn\u00fd 50 mm, kryc\u00ed plachta<\/p><p>T 046 \u2013 nosnost 3.700 kg, jednon\u00e1pravov\u00fd: kola 11.5\/80 \u2013 15.3 ,celkov\u00e9 rozm\u011bry 6.100 x 2.515 x 2.780 mm, rozm\u011bry korby 4.160 x 2.360 x 1.350 mm \u2013 lo\u017en\u00e1 plocha 9 m2 \u2013 20 ks vep\u0159\u016f, do 8 ks skotu, dvouokruhov\u00e9 pneu brzdy, v\u00fd\u0161ka podlahy 700 mm, rozchod kol 2.100 mm, pevn\u00e1 n\u00e1prava, vlastn\u00ed hmotnost 1.800 kg, celkov\u00e1 hmotnost 5.500 kg, p\u0159epravn\u00ed rychlost 25 km\/hod<\/p><p><a href=\"http:\/\/recarprofi.cz\/wp-content\/uploads\/2013\/02\/pronar-046.jpg\"><img fetchpriority=\"high\" decoding=\"async\" class=\"aligncenter wp-image-1576 size-full\" title=\"pronar 046\" src=\"https:\/\/recarprofi.cz\/wp-content\/uploads\/2013\/02\/pronar-046.jpg\" alt=\"\" width=\"550\" height=\"454\" srcset=\"https:\/\/recarprofi.cz\/wp-content\/uploads\/2013\/02\/pronar-046.jpg 550w, https:\/\/recarprofi.cz\/wp-content\/uploads\/2013\/02\/pronar-046-416x343.jpg 416w, https:\/\/recarprofi.cz\/wp-content\/uploads\/2013\/02\/pronar-046-300x247.jpg 300w\" sizes=\"(max-width: 550px) 100vw, 550px\" \/><\/a><\/p><p><span style=\"color: #ff0000;\"><strong>\u00a0<\/strong><\/span><\/p><table border=\"0\"><tbody><tr><td colspan=\"3\"><strong>Z\u00e1kladn\u00ed technick\u00e9 informace T 046<\/strong><\/td><\/tr><tr><td>Celkov\u00e1 hmotnost<\/td><td>5 500<\/td><td>kg<\/td><\/tr><tr><td>Nosnost<\/td><td>3 700<\/td><td>kg<\/td><\/tr><tr><td>Vlastn\u00ed hmotnost<\/td><td>1 800<\/td><td>kg<\/td><\/tr><tr><td>Plocha<\/td><td>9,0<\/td><td>m<sup>2<\/sup><\/td><\/tr><tr><td>Vnit\u0159n\u00ed d\u00e9lka<\/td><td>4 160<\/td><td>mm<\/td><\/tr><tr><td>Vnit\u0159n\u00ed \u0161\u00ed\u0159ka<\/td><td>2 360<\/td><td>mm<\/td><\/tr><tr><td>Rozm\u011bry<\/td><td>6 100\/2 515\/2 780<\/td><td>mm<\/td><\/tr><tr><td>V\u00fd\u0161ka sk\u0159\u00edn\u011b<\/td><td>1 350<\/td><td>mm<\/td><\/tr><tr><td>Tlou\u0161\u0165ka podlahy\/st\u011bny<\/td><td>30\/18<\/td><td>mm<\/td><\/tr><tr><td>V\u00fd\u0161ka podlahy od zem\u011b<\/td><td>700<\/td><td>mm<\/td><\/tr><tr><td>Zav\u011b\u0161en\u00ed<\/td><td colspan=\"2\">pevn\u00e1 n\u00e1prava<\/td><\/tr><tr><td>Zat\u00ed\u017een\u00ed oka<\/td><td>600<\/td><td>kg<\/td><\/tr><tr><td>Kola standard<\/td><td colspan=\"2\">11,5\/80-15,3<\/td><\/tr><tr><td>Rychlost<\/td><td>30<\/td><td>km\/h<\/td><\/tr><tr><td>Traktor<\/td><td>28\/21<\/td><td>hp\/kW<\/td><\/tr><\/tbody><\/table><p>\u00a0<\/p><p><a href=\"https:\/\/recarprofi.cz\/wp-content\/uploads\/2013\/02\/t-046.jpg\"><img decoding=\"async\" class=\"aligncenter wp-image-1577 size-full\" src=\"https:\/\/recarprofi.cz\/wp-content\/uploads\/2013\/02\/t-046.jpg\" alt=\"\" width=\"500\" height=\"375\" srcset=\"https:\/\/recarprofi.cz\/wp-content\/uploads\/2013\/02\/t-046.jpg 500w, https:\/\/recarprofi.cz\/wp-content\/uploads\/2013\/02\/t-046-416x312.jpg 416w, https:\/\/recarprofi.cz\/wp-content\/uploads\/2013\/02\/t-046-300x225.jpg 300w\" sizes=\"(max-width: 500px) 100vw, 500px\" \/><\/a><\/p>\t\t\t\t\t\t\t\t<\/div>\n\t\t\t\t<\/div>\n\t\t\t\t\t<\/div>\n\t\t<\/div>\n\t\t\t\t\t<\/div>\n\t\t<\/section>\n\t\t\t\t<\/div>\n\t\t","protected":false},"excerpt":{"rendered":"<p>P\u0159epravn\u00edk zv\u00ed\u0159at PRONAR T 046 podlaha z impregnovan\u00e9ho d\u0159eva s\u00edly 30 mm, podp\u016frn\u00e9 kolo z\u00e1v\u011bsu, vodoodpudiv\u00e9 bo\u010dnice z lamin\u00e1tovan\u00e9 p\u0159ekli\u017eky s\u00edly 18 mm, pru\u017einov\u00e9 odleh\u010den\u00ed sklopn\u00e9ho \u010dela, standardn\u011b spodn\u00ed z\u00e1v\u011bs oto\u010dn\u00fd 50 mm, kryc\u00ed plachta&hellip;<\/p>\n","protected":false},"author":1,"featured_media":0,"parent":1564,"menu_order":1,"comment_status":"closed","ping_status":"closed","template":"","meta":{"footnotes":""},"class_list":["post-1570","page","type-page","status-publish","hentry"],"_links":{"self":[{"href":"https:\/\/recarprofi.cz\/uvod\/wp-json\/wp\/v2\/pages\/1570","targetHints":{"allow":["GET"]}}],"collection":[{"href":"https:\/\/recarprofi.cz\/uvod\/wp-json\/wp\/v2\/pages"}],"about":[{"href":"https:\/\/recarprofi.cz\/uvod\/wp-json\/wp\/v2\/types\/page"}],"author":[{"embeddable":true,"href":"https:\/\/recarprofi.cz\/uvod\/wp-json\/wp\/v2\/users\/1"}],"replies":[{"embeddable":true,"href":"https:\/\/recarprofi.cz\/uvod\/wp-json\/wp\/v2\/comments?post=1570"}],"version-history":[{"count":14,"href":"https:\/\/recarprofi.cz\/uvod\/wp-json\/wp\/v2\/pages\/1570\/revisions"}],"predecessor-version":[{"id":20974,"href":"https:\/\/recarprofi.cz\/uvod\/wp-json\/wp\/v2\/pages\/1570\/revisions\/20974"}],"up":[{"embeddable":true,"href":"https:\/\/recarprofi.cz\/uvod\/wp-json\/wp\/v2\/pages\/1564"}],"wp:attachment":[{"href":"https:\/\/recarprofi.cz\/uvod\/wp-json\/wp\/v2\/media?parent=1570"}],"curies":[{"name":"wp","href":"https:\/\/api.w.org\/{rel}","templated":true}]}}