{"id":1579,"date":"2013-02-11T21:06:30","date_gmt":"2013-02-11T20:06:30","guid":{"rendered":"http:\/\/recarprofi.cz\/?page_id=1579"},"modified":"2024-04-25T10:04:17","modified_gmt":"2024-04-25T08:04:17","slug":"t-461","status":"publish","type":"page","link":"https:\/\/recarprofi.cz\/uvod\/zemedelska-technika\/doprava\/prepravniky-zvirat-pronar\/t-461\/","title":{"rendered":"P\u0159epravn\u00edk zv\u00ed\u0159at Pronar T-046\/1"},"content":{"rendered":"\t\t<div data-elementor-type=\"wp-page\" data-elementor-id=\"1579\" class=\"elementor elementor-1579\">\n\t\t\t\t\t\t<section class=\"elementor-section elementor-top-section elementor-element elementor-element-3b862a7 elementor-section-boxed elementor-section-height-default elementor-section-height-default\" data-id=\"3b862a7\" data-element_type=\"section\" data-e-type=\"section\">\n\t\t\t\t\t\t<div class=\"elementor-container elementor-column-gap-default\">\n\t\t\t\t\t<div class=\"elementor-column elementor-col-100 elementor-top-column elementor-element elementor-element-301758b8\" data-id=\"301758b8\" data-element_type=\"column\" data-e-type=\"column\">\n\t\t\t<div class=\"elementor-widget-wrap elementor-element-populated\">\n\t\t\t\t\t\t<div class=\"elementor-element elementor-element-59b36ff9 elementor-widget elementor-widget-text-editor\" data-id=\"59b36ff9\" data-element_type=\"widget\" data-e-type=\"widget\" data-widget_type=\"text-editor.default\">\n\t\t\t\t<div class=\"elementor-widget-container\">\n\t\t\t\t\t\t\t\t\t<p><img decoding=\"async\" class=\"alignright\" style=\"border: 0px;\" src=\"http:\/\/www.polagro.cz\/images\/obrazky_kategorie\/transportni_technika\/prepravniky\/prepravniky_zvirat\/T046.1\/Kurier10201.jpg\" alt=\"\" border=\"0\" \/><span style=\"color: #ff6600;\"><em><strong>P\u0159epravn\u00edk zv\u00ed\u0159at PRONAR T 046\/1<\/strong><\/em><\/span><\/p><p>nosnost 5.360 kg, tandemov\u00e1 n\u00e1prava kola 11.5\/80\u201315.3, celkov\u00e9 rozm\u011bry 7.980 x 2.515 x 3.010 mm, rozm\u011bry korby 5.960 x 2.360 x 1.350 mm\u2013 lo\u017en\u00e1 plocha 14.1m2 \u2013 do 30 ks vep\u0159\u016f, do 12 ks skotu, v\u00fd\u0161ka podlahy 945 mm, dvouokruhov\u00e9 pneu brzdy, rozchod kol 2.100 mm,listov\u00e9 odpru\u017een\u00ed n\u00e1prav,lamin\u00e1tov\u00e9 bo\u010dnice, vlastn\u00ed hmotnost 2.460 kg, celkov\u00e1 hmotnost 8.000 kg, p\u0159epravn\u00ed rychlost 30 km\/hod<\/p><p><a href=\"http:\/\/recarprofi.cz\/wp-content\/uploads\/2013\/02\/t-046-1.jpg\"><img fetchpriority=\"high\" decoding=\"async\" class=\"aligncenter wp-image-1585 size-full\" title=\"t-046-1\" src=\"https:\/\/recarprofi.cz\/wp-content\/uploads\/2013\/02\/t-046-1.jpg\" alt=\"\" width=\"480\" height=\"360\" srcset=\"https:\/\/recarprofi.cz\/wp-content\/uploads\/2013\/02\/t-046-1.jpg 480w, https:\/\/recarprofi.cz\/wp-content\/uploads\/2013\/02\/t-046-1-416x312.jpg 416w\" sizes=\"(max-width: 480px) 100vw, 480px\" \/><\/a><\/p><p><span style=\"color: #ff0000;\"><strong>\u00a0<\/strong><\/span><\/p><table border=\"0\"><tbody><tr><td colspan=\"3\"><strong>Z\u00e1kladn\u00ed technick\u00e9 informace T 046\/1<\/strong><\/td><\/tr><tr><td>Celkov\u00e1 hmotnost<\/td><td>8 000<\/td><td>kg<\/td><\/tr><tr><td>Nosnost<\/td><td>5 360<\/td><td>kg<\/td><\/tr><tr><td>Vlastn\u00ed hmotnost<\/td><td>2 640<\/td><td>kg<\/td><\/tr><tr><td>Plocha<\/td><td>14,1<\/td><td>m<sup>2<\/sup><\/td><\/tr><tr><td>Vnit\u0159n\u00ed d\u00e9lka<\/td><td>5 960<\/td><td>mm<\/td><\/tr><tr><td>Vnit\u0159n\u00ed \u0161\u00ed\u0159ka<\/td><td>2 360<\/td><td>mm<\/td><\/tr><tr><td>Rozm\u011bry<\/td><td>7 980\/2 515\/3 012<\/td><td>mm<\/td><\/tr><tr><td>V\u00fd\u0161ka sk\u0159\u00edn\u011b<\/td><td>1 350<\/td><td>mm<\/td><\/tr><tr><td>Tlou\u0161\u0165ka podlahy\/st\u011bny<\/td><td>30\/18<\/td><td>mm<\/td><\/tr><tr><td>V\u00fd\u0161ka podlahy od zem\u011b<\/td><td>945<\/td><td>mm<\/td><\/tr><tr><td>Zav\u011b\u0161en\u00ed<\/td><td colspan=\"2\">listov\u00e9 odpru\u017een\u00ed n\u00e1prava<\/td><\/tr><tr><td>Zat\u00ed\u017een\u00ed oka<\/td><td>1 000<\/td><td>kg<\/td><\/tr><tr><td>Kola standard<\/td><td colspan=\"2\">11,5\/80-15,3<\/td><\/tr><tr><td>Rychlost<\/td><td>30<\/td><td>km\/h<\/td><\/tr><tr><td>Traktor<\/td><td>42\/30<\/td><td>hp\/kW<\/td><\/tr><\/tbody><\/table><p>\u00a0<\/p><p><a href=\"https:\/\/recarprofi.cz\/wp-content\/uploads\/2013\/02\/t-046-11.jpg\"><img decoding=\"async\" class=\"aligncenter wp-image-1586 size-full\" src=\"https:\/\/recarprofi.cz\/wp-content\/uploads\/2013\/02\/t-046-11.jpg\" alt=\"\" width=\"480\" height=\"320\" srcset=\"https:\/\/recarprofi.cz\/wp-content\/uploads\/2013\/02\/t-046-11.jpg 480w, https:\/\/recarprofi.cz\/wp-content\/uploads\/2013\/02\/t-046-11-416x277.jpg 416w, https:\/\/recarprofi.cz\/wp-content\/uploads\/2013\/02\/t-046-11-300x200.jpg 300w\" sizes=\"(max-width: 480px) 100vw, 480px\" \/><\/a><\/p>\t\t\t\t\t\t\t\t<\/div>\n\t\t\t\t<\/div>\n\t\t\t\t\t<\/div>\n\t\t<\/div>\n\t\t\t\t\t<\/div>\n\t\t<\/section>\n\t\t\t\t<\/div>\n\t\t","protected":false},"excerpt":{"rendered":"<p>P\u0159epravn\u00edk zv\u00ed\u0159at PRONAR T 046\/1 nosnost 5.360 kg, tandemov\u00e1 n\u00e1prava kola 11.5\/80\u201315.3, celkov\u00e9 rozm\u011bry 7.980 x 2.515 x 3.010 mm, rozm\u011bry korby 5.960 x 2.360 x 1.350 mm\u2013 lo\u017en\u00e1 plocha 14.1m2 \u2013 do 30 ks&hellip;<\/p>\n","protected":false},"author":1,"featured_media":0,"parent":1564,"menu_order":2,"comment_status":"closed","ping_status":"closed","template":"","meta":{"footnotes":""},"class_list":["post-1579","page","type-page","status-publish","hentry"],"_links":{"self":[{"href":"https:\/\/recarprofi.cz\/uvod\/wp-json\/wp\/v2\/pages\/1579","targetHints":{"allow":["GET"]}}],"collection":[{"href":"https:\/\/recarprofi.cz\/uvod\/wp-json\/wp\/v2\/pages"}],"about":[{"href":"https:\/\/recarprofi.cz\/uvod\/wp-json\/wp\/v2\/types\/page"}],"author":[{"embeddable":true,"href":"https:\/\/recarprofi.cz\/uvod\/wp-json\/wp\/v2\/users\/1"}],"replies":[{"embeddable":true,"href":"https:\/\/recarprofi.cz\/uvod\/wp-json\/wp\/v2\/comments?post=1579"}],"version-history":[{"count":15,"href":"https:\/\/recarprofi.cz\/uvod\/wp-json\/wp\/v2\/pages\/1579\/revisions"}],"predecessor-version":[{"id":20978,"href":"https:\/\/recarprofi.cz\/uvod\/wp-json\/wp\/v2\/pages\/1579\/revisions\/20978"}],"up":[{"embeddable":true,"href":"https:\/\/recarprofi.cz\/uvod\/wp-json\/wp\/v2\/pages\/1564"}],"wp:attachment":[{"href":"https:\/\/recarprofi.cz\/uvod\/wp-json\/wp\/v2\/media?parent=1579"}],"curies":[{"name":"wp","href":"https:\/\/api.w.org\/{rel}","templated":true}]}}