{"id":1667,"date":"2013-02-12T09:07:11","date_gmt":"2013-02-12T08:07:11","guid":{"rendered":"http:\/\/recarprofi.cz\/?page_id=1667"},"modified":"2024-04-25T10:24:14","modified_gmt":"2024-04-25T08:24:14","slug":"t-5441","status":"publish","type":"page","link":"https:\/\/recarprofi.cz\/uvod\/zemedelska-technika\/doprava\/fekalni-cisterny-pomot\/t-5441\/","title":{"rendered":"Fek\u00e1ln\u00ed n\u00e1v\u011bs Pomot T-544\/1"},"content":{"rendered":"\t\t<div data-elementor-type=\"wp-page\" data-elementor-id=\"1667\" class=\"elementor elementor-1667\">\n\t\t\t\t\t\t<section class=\"elementor-section elementor-top-section elementor-element elementor-element-39a80244 elementor-section-boxed elementor-section-height-default elementor-section-height-default\" data-id=\"39a80244\" data-element_type=\"section\" data-e-type=\"section\">\n\t\t\t\t\t\t<div class=\"elementor-container elementor-column-gap-default\">\n\t\t\t\t\t<div class=\"elementor-column elementor-col-100 elementor-top-column elementor-element elementor-element-254879c\" data-id=\"254879c\" data-element_type=\"column\" data-e-type=\"column\">\n\t\t\t<div class=\"elementor-widget-wrap elementor-element-populated\">\n\t\t\t\t\t\t<div class=\"elementor-element elementor-element-502b1853 elementor-widget elementor-widget-text-editor\" data-id=\"502b1853\" data-element_type=\"widget\" data-e-type=\"widget\" data-widget_type=\"text-editor.default\">\n\t\t\t\t<div class=\"elementor-widget-container\">\n\t\t\t\t\t\t\t\t\t<p><span style=\"color: #ff0000;\"><em><strong>\u00a0 \u00a0 \u00a0 \u00a0 \u00a0 \u00a0 <a href=\"http:\/\/recarprofi.cz\/wp-content\/uploads\/2013\/02\/pomot-t544-12.jpg\"><img fetchpriority=\"high\" decoding=\"async\" class=\"aligncenter wp-image-9034 size-full\" src=\"https:\/\/recarprofi.cz\/wp-content\/uploads\/2013\/02\/pomot-t544-12.jpg\" alt=\"\" width=\"1024\" height=\"768\" srcset=\"https:\/\/recarprofi.cz\/wp-content\/uploads\/2013\/02\/pomot-t544-12.jpg 1024w, https:\/\/recarprofi.cz\/wp-content\/uploads\/2013\/02\/pomot-t544-12-600x450.jpg 600w, https:\/\/recarprofi.cz\/wp-content\/uploads\/2013\/02\/pomot-t544-12-420x315.jpg 420w, https:\/\/recarprofi.cz\/wp-content\/uploads\/2013\/02\/pomot-t544-12-744x558.jpg 744w, https:\/\/recarprofi.cz\/wp-content\/uploads\/2013\/02\/pomot-t544-12-768x576.jpg 768w\" sizes=\"(max-width: 1024px) 100vw, 1024px\" \/><\/a> \u00a0 \u00a0 \u00a0<\/strong><\/em><\/span><\/p><p align=\"left\">n\u00e1dr\u017e s\u00edly 5 mm, ohniv\u011b pozinkovan\u00e1 vn\u011b i uvnit\u0159<\/p><p align=\"left\">objem 6 700 litr\u016f<\/p><p align=\"left\">n\u00e1dr\u017e osazen\u00e1 vnit\u0159n\u00edm vlnolamem<\/p><p align=\"left\">samonosn\u00e1 konstrukce vozu<\/p><p align=\"left\">pozinkovan\u00e1 oj<\/p><p align=\"left\">jedna pevn\u00e1 n\u00e1prava<\/p><p align=\"left\">kola 19.5Rx22.55<\/p><p align=\"left\">rozchod kol 1 900 mm<\/p><p align=\"left\">dvoukulov\u00fd ventil br\u00e1n\u00edc\u00ed zp\u011btn\u00e9mu vtoku do v\u00fdv\u011bvy RIV 410<\/p><p align=\"left\">pr\u016ftokov\u00fd sif\u00f3n \u00d8 60 s odkalova\u010dem a v\u00fdpust\u00ed<\/p><p align=\"left\">armatura 6\u201c<\/p><p align=\"left\">odkalova\u010d a tlumi\u010d r\u00e1z\u016f<\/p><p align=\"left\">Manometr<\/p><p>\u00fachyt na v\u00fdstra\u017en\u00fd troj\u00faheln\u00edk<a href=\"http:\/\/recarprofi.cz\/wp-content\/uploads\/2013\/02\/pomot-t544-13.jpg\"><img decoding=\"async\" class=\"aligncenter wp-image-9035 size-large\" src=\"https:\/\/recarprofi.cz\/wp-content\/uploads\/2013\/02\/pomot-t544-13-1200x900.jpg\" alt=\"\" width=\"1140\" height=\"855\" srcset=\"https:\/\/recarprofi.cz\/wp-content\/uploads\/2013\/02\/pomot-t544-13-1200x900.jpg 1200w, https:\/\/recarprofi.cz\/wp-content\/uploads\/2013\/02\/pomot-t544-13-600x450.jpg 600w, https:\/\/recarprofi.cz\/wp-content\/uploads\/2013\/02\/pomot-t544-13-420x315.jpg 420w, https:\/\/recarprofi.cz\/wp-content\/uploads\/2013\/02\/pomot-t544-13-744x558.jpg 744w, https:\/\/recarprofi.cz\/wp-content\/uploads\/2013\/02\/pomot-t544-13-768x576.jpg 768w, https:\/\/recarprofi.cz\/wp-content\/uploads\/2013\/02\/pomot-t544-13.jpg 1920w\" sizes=\"(max-width: 1140px) 100vw, 1140px\" \/><\/a><\/p><p align=\"left\">vakuokompresor MEC nebo KD 5000<\/p><p align=\"left\">spodn\u00ed z\u00e1v\u011bs Hitch ve v\u00fd\u0161i 400 mm s v\u00fdm\u011bnn\u00fdm okem<\/p><p align=\"left\">mechanick\u00e1 podp\u016frn\u00e1 noha<\/p><p align=\"left\">pozink blatn\u00edky s lapa\u010di ne\u010distot<\/p><p align=\"left\">plov\u00e1kov\u00fd ukazatel napln\u011bn\u00ed z \u010dela be\u010dky<\/p><p align=\"left\">elektrick\u00e1 instalace 12V<\/p><p align=\"left\">sv\u011bteln\u00e1 instalace pro provoz po pozemn\u00edch komunikac\u00edch<\/p><p align=\"left\">dvouokruhov\u00e1 pneumatick\u00e1 brzda<\/p><p align=\"left\">ru\u010dn\u00ed parkovac\u00ed brzda<\/p><p align=\"left\">sac\u00ed hadice 6\u201c (\u00d8150 mm) d\u00e9ky 6 metr\u016f s 5 \u00fahyty na be\u010dce<\/p><p align=\"left\">zadn\u00ed hlavn\u00ed hydraulick\u00fd ventil 6\u201c s rozl\u00e9ac\u00ed l\u017e\u00edc\u00ed od 12 do 14 m<\/p><p align=\"left\">zadn\u00ed otvor \u00d8900 mm<\/p><p align=\"left\">pojistn\u00fd ventil podtlakov\u00fd i p\u0159etlakov\u00fd<\/p><p align=\"left\">zaslepen\u00e1 sac\u00ed v\u00fdus\u0165 4\u201c<\/p><p>2 bo\u010d\u00edventily z ka\u017ed\u00e9 strany, jeden osazen ventilem \u00be\u201c<\/p><p align=\"left\">vakuokompresor MEC nebo KD 5000<\/p><p align=\"left\">spodn\u00ed z\u00e1v\u011bs Hitch ve v\u00fd\u0161i 400 mm s v\u00fdm\u011bnn\u00fdm okem<\/p><p align=\"left\">mechanick\u00e1 podp\u016frn\u00e1 noha<\/p><p align=\"left\">pozink blatn\u00edky s lapa\u010di ne\u010distot<\/p><p align=\"left\">plov\u00e1kov\u00fd ukazatel napln\u011bn\u00ed z \u010dela be\u010dky<\/p><p align=\"left\">elektrick\u00e1 instalace 12V<\/p><p align=\"left\">sv\u011bteln\u00e1 instalace pro provoz po pozemn\u00edch komunikac\u00edch<\/p><p align=\"left\">dvouokruhov\u00e1 pneumatick\u00e1 brzda<\/p><p align=\"left\">ru\u010dn\u00ed parkovac\u00ed brzda<\/p><p align=\"left\">sac\u00ed hadice 6\u201c (\u00d8150 mm) d\u00e9ky 6 metr\u016fs 5 \u00fahyty na be\u010de<\/p><p align=\"left\">zadn\u00edhlavn\u00edhydraulick\u00fdventil 6\u201c s rozl\u00e9ac\u00edl\u017e\u00ed\u00edod 12 do 14 m<\/p><p align=\"left\">zadn\u00edotvor \u00d8900 mm<\/p><p align=\"left\">pojistn\u00fdventil podtlakov\u00fdi p\u0159tlakov\u00fdzaslepen\u00e1sac\u00edv\u00fds\u01654\u201c<\/p><p>2 bo\u010d\u00edventily z ka\u017e\u00e9strany, jeden osazen ventilem \u00be\u201c<\/p><p align=\"left\">celkov\u00e9 rozm\u011bry 5.16&#215;2.43&#215;2.48 m<\/p><p align=\"left\">hmotnost stroje 2.150 kg<\/p><p align=\"left\">kloubov\u00fd n\u00e1hon<\/p><p>p\u0159epravn\u00ed rychlost 25 km\/hod<\/p><p><a href=\"http:\/\/recarprofi.cz\/wp-content\/uploads\/2013\/02\/pomot-t544-14.jpg\"><img decoding=\"async\" class=\"aligncenter wp-image-9036 size-full\" src=\"https:\/\/recarprofi.cz\/wp-content\/uploads\/2013\/02\/pomot-t544-14.jpg\" alt=\"\" width=\"1024\" height=\"768\" srcset=\"https:\/\/recarprofi.cz\/wp-content\/uploads\/2013\/02\/pomot-t544-14.jpg 1024w, https:\/\/recarprofi.cz\/wp-content\/uploads\/2013\/02\/pomot-t544-14-600x450.jpg 600w, https:\/\/recarprofi.cz\/wp-content\/uploads\/2013\/02\/pomot-t544-14-420x315.jpg 420w, https:\/\/recarprofi.cz\/wp-content\/uploads\/2013\/02\/pomot-t544-14-744x558.jpg 744w, https:\/\/recarprofi.cz\/wp-content\/uploads\/2013\/02\/pomot-t544-14-768x576.jpg 768w\" sizes=\"(max-width: 1024px) 100vw, 1024px\" \/><\/a><\/p>\t\t\t\t\t\t\t\t<\/div>\n\t\t\t\t<\/div>\n\t\t\t\t\t<\/div>\n\t\t<\/div>\n\t\t\t\t\t<\/div>\n\t\t<\/section>\n\t\t\t\t<\/div>\n\t\t","protected":false},"excerpt":{"rendered":"<p>\u00a0 \u00a0 \u00a0 \u00a0 \u00a0 \u00a0 \u00a0 \u00a0 \u00a0 n\u00e1dr\u017e s\u00edly 5 mm, ohniv\u011b pozinkovan\u00e1 vn\u011b i uvnit\u0159 objem 6 700 litr\u016f n\u00e1dr\u017e osazen\u00e1 vnit\u0159n\u00edm vlnolamem samonosn\u00e1 konstrukce vozu pozinkovan\u00e1 oj jedna pevn\u00e1 n\u00e1prava kola&hellip;<\/p>\n","protected":false},"author":1,"featured_media":0,"parent":1602,"menu_order":5,"comment_status":"closed","ping_status":"closed","template":"","meta":{"footnotes":""},"class_list":["post-1667","page","type-page","status-publish","hentry"],"_links":{"self":[{"href":"https:\/\/recarprofi.cz\/uvod\/wp-json\/wp\/v2\/pages\/1667","targetHints":{"allow":["GET"]}}],"collection":[{"href":"https:\/\/recarprofi.cz\/uvod\/wp-json\/wp\/v2\/pages"}],"about":[{"href":"https:\/\/recarprofi.cz\/uvod\/wp-json\/wp\/v2\/types\/page"}],"author":[{"embeddable":true,"href":"https:\/\/recarprofi.cz\/uvod\/wp-json\/wp\/v2\/users\/1"}],"replies":[{"embeddable":true,"href":"https:\/\/recarprofi.cz\/uvod\/wp-json\/wp\/v2\/comments?post=1667"}],"version-history":[{"count":24,"href":"https:\/\/recarprofi.cz\/uvod\/wp-json\/wp\/v2\/pages\/1667\/revisions"}],"predecessor-version":[{"id":21051,"href":"https:\/\/recarprofi.cz\/uvod\/wp-json\/wp\/v2\/pages\/1667\/revisions\/21051"}],"up":[{"embeddable":true,"href":"https:\/\/recarprofi.cz\/uvod\/wp-json\/wp\/v2\/pages\/1602"}],"wp:attachment":[{"href":"https:\/\/recarprofi.cz\/uvod\/wp-json\/wp\/v2\/media?parent=1667"}],"curies":[{"name":"wp","href":"https:\/\/api.w.org\/{rel}","templated":true}]}}