{"id":1771,"date":"2013-02-12T14:20:41","date_gmt":"2013-02-12T13:20:41","guid":{"rendered":"http:\/\/recarprofi.cz\/?page_id=1771"},"modified":"2024-04-25T10:31:52","modified_gmt":"2024-04-25T08:31:52","slug":"t-522","status":"publish","type":"page","link":"https:\/\/recarprofi.cz\/uvod\/zemedelska-technika\/doprava\/fekalni-cisterny-pomot\/t-522\/","title":{"rendered":"Fek\u00e1ln\u00ed n\u00e1v\u011bs Pomot T-522"},"content":{"rendered":"\t\t<div data-elementor-type=\"wp-page\" data-elementor-id=\"1771\" class=\"elementor elementor-1771\">\n\t\t\t\t\t\t<section class=\"elementor-section elementor-top-section elementor-element elementor-element-b35f5ac elementor-section-boxed elementor-section-height-default elementor-section-height-default\" data-id=\"b35f5ac\" data-element_type=\"section\" data-e-type=\"section\">\n\t\t\t\t\t\t<div class=\"elementor-container elementor-column-gap-default\">\n\t\t\t\t\t<div class=\"elementor-column elementor-col-100 elementor-top-column elementor-element elementor-element-6541dfe8\" data-id=\"6541dfe8\" data-element_type=\"column\" data-e-type=\"column\">\n\t\t\t<div class=\"elementor-widget-wrap elementor-element-populated\">\n\t\t\t\t\t\t<div class=\"elementor-element elementor-element-665f88a9 elementor-widget elementor-widget-text-editor\" data-id=\"665f88a9\" data-element_type=\"widget\" data-e-type=\"widget\" data-widget_type=\"text-editor.default\">\n\t\t\t\t<div class=\"elementor-widget-container\">\n\t\t\t\t\t\t\t\t\t<p><span style=\"color: #ff0000;\"><em><strong>\u00a0 \u00a0 \u00a0 \u00a0 \u00a0 \u00a0 \u00a0 \u00a0 \u00a0 <a href=\"http:\/\/recarprofi.cz\/wp-content\/uploads\/2013\/02\/pomot-t522.jpg\"><span style=\"color: #ff0000;\"><img fetchpriority=\"high\" decoding=\"async\" class=\"aligncenter wp-image-1781 size-full\" title=\"pomot t522\" src=\"https:\/\/recarprofi.cz\/wp-content\/uploads\/2013\/02\/pomot-t522.jpg\" alt=\"\" width=\"900\" height=\"614\" srcset=\"https:\/\/recarprofi.cz\/wp-content\/uploads\/2013\/02\/pomot-t522.jpg 900w, https:\/\/recarprofi.cz\/wp-content\/uploads\/2013\/02\/pomot-t522-600x409.jpg 600w, https:\/\/recarprofi.cz\/wp-content\/uploads\/2013\/02\/pomot-t522-300x204.jpg 300w\" sizes=\"(max-width: 900px) 100vw, 900px\" \/><\/span><\/a><\/strong><\/em><\/span><\/p><p align=\"left\">n\u00e1dr\u017e s\u00edly 5 mm<\/p><p align=\"left\">ohniv\u011b pozinkovan\u00e1 vn\u011b i uvnit\u0159<\/p><p align=\"left\">objem 22 000 litr\u016f<\/p><p align=\"left\">n\u00e1dr\u017e osazen\u00e1 dv\u011bma vnit\u0159n\u00edmi vlnolamy<\/p><p align=\"left\">r\u00e1mov\u00e1 konstrukce vozu<\/p><p align=\"left\">pozinkovan\u00e1 oj<\/p><p align=\"left\">tridem odpru\u017een\u00e1 listov\u00fdmi p\u00e9ry nebo pneumaticky n\u00e1prava<\/p><p align=\"left\">kola 560\/60&#215;22.5, rozchod kol 2.150 mm<\/p><p align=\"left\">dvoukulov\u00fd ventil br\u00e1n\u00edc\u00ed zp\u011btn\u00e9mu vtoku do v\u00fdv\u011bvy RIV 410<\/p><p align=\"left\">pr\u016ftokov\u00fd sif\u00f3n \u00d8 60 s odkalova\u010dem a v\u00fdpust\u00ed<\/p><p align=\"left\">armatura 6\u201c<\/p><p align=\"left\">odkalova\u010d a tlumi\u010d r\u00e1z\u016f<\/p><p align=\"left\">Manometr\u00a0<a href=\"http:\/\/recarprofi.cz\/wp-content\/uploads\/2013\/02\/pomot-t522.1.jpg\"><img decoding=\"async\" class=\"aligncenter wp-image-1783 size-full\" title=\"pomot t522.1\" src=\"https:\/\/recarprofi.cz\/wp-content\/uploads\/2013\/02\/pomot-t522.1.jpg\" alt=\"\" width=\"900\" height=\"597\" srcset=\"https:\/\/recarprofi.cz\/wp-content\/uploads\/2013\/02\/pomot-t522.1.jpg 900w, https:\/\/recarprofi.cz\/wp-content\/uploads\/2013\/02\/pomot-t522.1-600x398.jpg 600w, https:\/\/recarprofi.cz\/wp-content\/uploads\/2013\/02\/pomot-t522.1-300x199.jpg 300w\" sizes=\"(max-width: 900px) 100vw, 900px\" \/><\/a><\/p><p align=\"left\">\u00fachyt na v\u00fdstra\u017en\u00fd troj\u00faheln\u00edk<\/p><p>vakuokompresor MEC 9000 nebo KD 10000<\/p><p align=\"left\">spodn\u00ed z\u00e1v\u011bs Hitch ve v\u00fd\u0161i 400 mm s v\u00fdm\u011bnn\u00fdm okem<\/p><p align=\"left\">mechanick\u00e1 podp\u016frn\u00e1 noha<\/p><p align=\"left\">pozink blatn\u00edky s lapa\u010di ne\u010distot<\/p><p align=\"left\">plov\u00e1kov\u00fd ukazatel napln\u011bn\u00ed z \u010dela be\u010dky<\/p><p align=\"left\">elektrick\u00e1 instalace 12V<\/p><p align=\"left\">sv\u011bteln\u00e1 instalace pro provoz po pozemn\u00edch komunikac\u00edch<\/p><p align=\"left\">dvouokruhov\u00e1 pneumatick\u00e1 brzda<\/p><p align=\"left\">ru\u010dn\u00ed parkovac\u00ed brzda<\/p><p align=\"left\">sac\u00ed hadice 6\u201c (\u00d8150 mm) d\u00e9ky 6 metr\u016f s 5 \u00fahyty na be\u010dce<\/p><p align=\"left\">zadn\u00ed hlavn\u00ed hydraulick\u00fd ventil 6\u201c s rozl\u00e9vac\u00ed l\u017e\u00edc\u00ed od 12 do 14 m<\/p><p align=\"left\">zadn\u00ed otvor \u00d8900 mm<\/p><p align=\"left\">pojistn\u00fd ventil podtlakov\u00fd i p\u0159etlakov\u00fd zaslepen\u00e1 sac\u00ed v\u00fdus\u0165 6\u201c<\/p><p>2 bo\u010dn\u00ed ventily z ka\u017ed\u00e9 strany, jeden osazen ventilem \u00be\u201c<\/p><p align=\"left\">celkov\u00e9 rozm\u011bry 9.1&#215;2.8&#215;3.7 m<a href=\"http:\/\/recarprofi.cz\/wp-content\/uploads\/2013\/02\/pomot-t522.2.jpg\"><img decoding=\"async\" class=\"aligncenter wp-image-1785 size-full\" title=\"pomot t522.2\" src=\"https:\/\/recarprofi.cz\/wp-content\/uploads\/2013\/02\/pomot-t522.2.jpg\" alt=\"\" width=\"900\" height=\"672\" srcset=\"https:\/\/recarprofi.cz\/wp-content\/uploads\/2013\/02\/pomot-t522.2.jpg 900w, https:\/\/recarprofi.cz\/wp-content\/uploads\/2013\/02\/pomot-t522.2-600x448.jpg 600w, https:\/\/recarprofi.cz\/wp-content\/uploads\/2013\/02\/pomot-t522.2-300x224.jpg 300w\" sizes=\"(max-width: 900px) 100vw, 900px\" \/><\/a><\/p><p align=\"left\">hmotnost stroje 7.000 kg<\/p><p align=\"left\">kloubov\u00fd n\u00e1hon<\/p><p>p\u0159epravn\u00ed rychlost\u00a040 km\/hod<\/p>\t\t\t\t\t\t\t\t<\/div>\n\t\t\t\t<\/div>\n\t\t\t\t\t<\/div>\n\t\t<\/div>\n\t\t\t\t\t<\/div>\n\t\t<\/section>\n\t\t\t\t<\/div>\n\t\t","protected":false},"excerpt":{"rendered":"<p>\u00a0 \u00a0 \u00a0 \u00a0 \u00a0 \u00a0 \u00a0 \u00a0 \u00a0 n\u00e1dr\u017e s\u00edly 5 mm ohniv\u011b pozinkovan\u00e1 vn\u011b i uvnit\u0159 objem 22 000 litr\u016f n\u00e1dr\u017e osazen\u00e1 dv\u011bma vnit\u0159n\u00edmi vlnolamy r\u00e1mov\u00e1 konstrukce vozu pozinkovan\u00e1 oj tridem odpru\u017een\u00e1 listov\u00fdmi&hellip;<\/p>\n","protected":false},"author":1,"featured_media":0,"parent":1602,"menu_order":12,"comment_status":"closed","ping_status":"closed","template":"","meta":{"footnotes":""},"class_list":["post-1771","page","type-page","status-publish","hentry"],"_links":{"self":[{"href":"https:\/\/recarprofi.cz\/uvod\/wp-json\/wp\/v2\/pages\/1771","targetHints":{"allow":["GET"]}}],"collection":[{"href":"https:\/\/recarprofi.cz\/uvod\/wp-json\/wp\/v2\/pages"}],"about":[{"href":"https:\/\/recarprofi.cz\/uvod\/wp-json\/wp\/v2\/types\/page"}],"author":[{"embeddable":true,"href":"https:\/\/recarprofi.cz\/uvod\/wp-json\/wp\/v2\/users\/1"}],"replies":[{"embeddable":true,"href":"https:\/\/recarprofi.cz\/uvod\/wp-json\/wp\/v2\/comments?post=1771"}],"version-history":[{"count":21,"href":"https:\/\/recarprofi.cz\/uvod\/wp-json\/wp\/v2\/pages\/1771\/revisions"}],"predecessor-version":[{"id":21026,"href":"https:\/\/recarprofi.cz\/uvod\/wp-json\/wp\/v2\/pages\/1771\/revisions\/21026"}],"up":[{"embeddable":true,"href":"https:\/\/recarprofi.cz\/uvod\/wp-json\/wp\/v2\/pages\/1602"}],"wp:attachment":[{"href":"https:\/\/recarprofi.cz\/uvod\/wp-json\/wp\/v2\/media?parent=1771"}],"curies":[{"name":"wp","href":"https:\/\/api.w.org\/{rel}","templated":true}]}}