{"id":1813,"date":"2013-02-12T18:17:10","date_gmt":"2013-02-12T17:17:10","guid":{"rendered":"http:\/\/recarprofi.cz\/?page_id=1813"},"modified":"2026-01-08T14:46:30","modified_gmt":"2026-01-08T13:46:30","slug":"teleskopicke-manipulatory-dieci","status":"publish","type":"page","link":"https:\/\/recarprofi.cz\/uvod\/zemedelska-technika\/manipulace\/teleskopicke-manipulatory-dieci\/","title":{"rendered":"Teleskopick\u00e9 manipul\u00e1tory DIECI"},"content":{"rendered":"\t\t<div data-elementor-type=\"wp-page\" data-elementor-id=\"1813\" class=\"elementor elementor-1813\">\n\t\t\t\t\t\t<section class=\"elementor-section elementor-top-section elementor-element elementor-element-8695c4b elementor-section-boxed elementor-section-height-default elementor-section-height-default\" data-id=\"8695c4b\" data-element_type=\"section\" data-e-type=\"section\">\n\t\t\t\t\t\t<div class=\"elementor-container elementor-column-gap-default\">\n\t\t\t\t\t<div class=\"elementor-column elementor-col-100 elementor-top-column elementor-element elementor-element-32fe94d\" data-id=\"32fe94d\" data-element_type=\"column\" data-e-type=\"column\">\n\t\t\t<div class=\"elementor-widget-wrap elementor-element-populated\">\n\t\t\t\t\t\t<div class=\"elementor-element elementor-element-0f6d0bf elementor-position-left elementor-vertical-align-top elementor-widget elementor-widget-image-box\" data-id=\"0f6d0bf\" data-element_type=\"widget\" data-e-type=\"widget\" data-widget_type=\"image-box.default\">\n\t\t\t\t<div class=\"elementor-widget-container\">\n\t\t\t\t\t<div class=\"elementor-image-box-wrapper\"><figure class=\"elementor-image-box-img\"><a href=\"https:\/\/recarprofi.cz\/uvod\/zemedelska-technika\/manipulace\/teleskopicke-manipulatory-dieci\/mini-agri-smart\/\" tabindex=\"-1\"><img decoding=\"async\" src=\"https:\/\/recarprofi.cz\/wp-content\/uploads\/2022\/03\/dieci-mini-smart-370x240.jpg\" title=\"dieci mini smart\" alt=\"dieci mini smart\" loading=\"lazy\" \/><\/a><\/figure><div class=\"elementor-image-box-content\"><h3 class=\"elementor-image-box-title\"><a href=\"https:\/\/recarprofi.cz\/uvod\/zemedelska-technika\/manipulace\/teleskopicke-manipulatory-dieci\/mini-agri-smart\/\">Teleskopick\u00e9 manipul\u00e1tory Dieci Mini Agri Smart<\/a><\/h3><p class=\"elementor-image-box-description\">Nosnost 2t., zdvih 4,35m<\/p><\/div><\/div>\t\t\t\t<\/div>\n\t\t\t\t<\/div>\n\t\t\t\t\t<\/div>\n\t\t<\/div>\n\t\t\t\t\t<\/div>\n\t\t<\/section>\n\t\t\t\t<section class=\"elementor-section elementor-top-section elementor-element elementor-element-faf2580 elementor-section-boxed elementor-section-height-default elementor-section-height-default\" data-id=\"faf2580\" data-element_type=\"section\" data-e-type=\"section\">\n\t\t\t\t\t\t<div class=\"elementor-container elementor-column-gap-default\">\n\t\t\t\t\t<div class=\"elementor-column elementor-col-100 elementor-top-column elementor-element elementor-element-aa119f8\" data-id=\"aa119f8\" data-element_type=\"column\" data-e-type=\"column\">\n\t\t\t<div class=\"elementor-widget-wrap elementor-element-populated\">\n\t\t\t\t\t\t<div class=\"elementor-element elementor-element-2d9500f elementor-position-left elementor-vertical-align-top elementor-widget elementor-widget-image-box\" data-id=\"2d9500f\" data-element_type=\"widget\" data-e-type=\"widget\" data-widget_type=\"image-box.default\">\n\t\t\t\t<div class=\"elementor-widget-container\">\n\t\t\t\t\t<div class=\"elementor-image-box-wrapper\"><figure class=\"elementor-image-box-img\"><a href=\"https:\/\/recarprofi.cz\/uvod\/zemedelska-technika\/manipulace\/teleskopicke-manipulatory-dieci\/mini-agri-2\/\" tabindex=\"-1\"><img fetchpriority=\"high\" decoding=\"async\" width=\"1030\" height=\"687\" src=\"https:\/\/recarprofi.cz\/wp-content\/uploads\/2019\/11\/dieci-mini-agri8.jpg\" class=\"attachment-full size-full wp-image-17287\" alt=\"\" srcset=\"https:\/\/recarprofi.cz\/wp-content\/uploads\/2019\/11\/dieci-mini-agri8.jpg 1030w, https:\/\/recarprofi.cz\/wp-content\/uploads\/2019\/11\/dieci-mini-agri8-600x400.jpg 600w, https:\/\/recarprofi.cz\/wp-content\/uploads\/2019\/11\/dieci-mini-agri8-744x496.jpg 744w, https:\/\/recarprofi.cz\/wp-content\/uploads\/2019\/11\/dieci-mini-agri8-420x280.jpg 420w, https:\/\/recarprofi.cz\/wp-content\/uploads\/2019\/11\/dieci-mini-agri8-768x512.jpg 768w\" sizes=\"(max-width: 1030px) 100vw, 1030px\" \/><\/a><\/figure><div class=\"elementor-image-box-content\"><h3 class=\"elementor-image-box-title\"><a href=\"https:\/\/recarprofi.cz\/uvod\/zemedelska-technika\/manipulace\/teleskopicke-manipulatory-dieci\/mini-agri-2\/\">Teleskopick\u00e9 manipul\u00e1tory Dieci Mini Agri<\/a><\/h3><p class=\"elementor-image-box-description\">Nosnost 2,5t., zdvih 5,78m.<\/p><\/div><\/div>\t\t\t\t<\/div>\n\t\t\t\t<\/div>\n\t\t\t\t\t<\/div>\n\t\t<\/div>\n\t\t\t\t\t<\/div>\n\t\t<\/section>\n\t\t\t\t<section class=\"elementor-section elementor-top-section elementor-element elementor-element-c674002 elementor-section-boxed elementor-section-height-default elementor-section-height-default\" data-id=\"c674002\" data-element_type=\"section\" data-e-type=\"section\">\n\t\t\t\t\t\t<div class=\"elementor-container elementor-column-gap-default\">\n\t\t\t\t\t<div class=\"elementor-column elementor-col-100 elementor-top-column elementor-element elementor-element-c7bc3c3\" data-id=\"c7bc3c3\" data-element_type=\"column\" data-e-type=\"column\">\n\t\t\t<div class=\"elementor-widget-wrap elementor-element-populated\">\n\t\t\t\t\t\t<div class=\"elementor-element elementor-element-65378ac elementor-position-left elementor-vertical-align-top elementor-widget elementor-widget-image-box\" data-id=\"65378ac\" data-element_type=\"widget\" data-e-type=\"widget\" data-widget_type=\"image-box.default\">\n\t\t\t\t<div class=\"elementor-widget-container\">\n\t\t\t\t\t<div class=\"elementor-image-box-wrapper\"><figure class=\"elementor-image-box-img\"><a href=\"https:\/\/recarprofi.cz\/uvod\/zemedelska-technika\/manipulace\/teleskopicke-manipulatory-dieci\/agri-farmer\/\" tabindex=\"-1\"><img decoding=\"async\" width=\"2000\" height=\"1333\" src=\"https:\/\/recarprofi.cz\/wp-content\/uploads\/2013\/03\/dieci-agrifarmer2.jpg\" class=\"attachment-full size-full wp-image-7386\" alt=\"\" srcset=\"https:\/\/recarprofi.cz\/wp-content\/uploads\/2013\/03\/dieci-agrifarmer2.jpg 2000w, https:\/\/recarprofi.cz\/wp-content\/uploads\/2013\/03\/dieci-agrifarmer2-600x400.jpg 600w, https:\/\/recarprofi.cz\/wp-content\/uploads\/2013\/03\/dieci-agrifarmer2-300x200.jpg 300w, https:\/\/recarprofi.cz\/wp-content\/uploads\/2013\/03\/dieci-agrifarmer2-768x512.jpg 768w, https:\/\/recarprofi.cz\/wp-content\/uploads\/2013\/03\/dieci-agrifarmer2-1024x682.jpg 1024w, https:\/\/recarprofi.cz\/wp-content\/uploads\/2013\/03\/dieci-agrifarmer2-938x625.jpg 938w, https:\/\/recarprofi.cz\/wp-content\/uploads\/2013\/03\/dieci-agrifarmer2-1309x872.jpg 1309w\" sizes=\"(max-width: 2000px) 100vw, 2000px\" \/><\/a><\/figure><div class=\"elementor-image-box-content\"><h3 class=\"elementor-image-box-title\"><a href=\"https:\/\/recarprofi.cz\/uvod\/zemedelska-technika\/manipulace\/teleskopicke-manipulatory-dieci\/agri-farmer\/\">Teleskopick\u00e9 manipul\u00e1tory Dieci Agri Farmer<\/a><\/h3><p class=\"elementor-image-box-description\">Nosnost od 2,8 do 3t., zdvih od 6,35 do 8,65m.<\/p><\/div><\/div>\t\t\t\t<\/div>\n\t\t\t\t<\/div>\n\t\t\t\t\t<\/div>\n\t\t<\/div>\n\t\t\t\t\t<\/div>\n\t\t<\/section>\n\t\t\t\t<section class=\"elementor-section elementor-top-section elementor-element elementor-element-e4f8314 elementor-section-boxed elementor-section-height-default elementor-section-height-default\" data-id=\"e4f8314\" data-element_type=\"section\" data-e-type=\"section\">\n\t\t\t\t\t\t<div class=\"elementor-container elementor-column-gap-default\">\n\t\t\t\t\t<div class=\"elementor-column elementor-col-100 elementor-top-column elementor-element elementor-element-aa1b20b\" data-id=\"aa1b20b\" data-element_type=\"column\" data-e-type=\"column\">\n\t\t\t<div class=\"elementor-widget-wrap elementor-element-populated\">\n\t\t\t\t\t\t<div class=\"elementor-element elementor-element-1ee4d8a elementor-position-left elementor-vertical-align-top elementor-widget elementor-widget-image-box\" data-id=\"1ee4d8a\" data-element_type=\"widget\" data-e-type=\"widget\" data-widget_type=\"image-box.default\">\n\t\t\t\t<div class=\"elementor-widget-container\">\n\t\t\t\t\t<div class=\"elementor-image-box-wrapper\"><figure class=\"elementor-image-box-img\"><a href=\"https:\/\/recarprofi.cz\/uvod\/zemedelska-technika\/manipulace\/teleskopicke-manipulatory-dieci\/agri-star\/\" tabindex=\"-1\"><img decoding=\"async\" width=\"2000\" height=\"1333\" src=\"https:\/\/recarprofi.cz\/wp-content\/uploads\/2013\/03\/dieci-agristar4.jpg\" class=\"attachment-full size-full wp-image-7396\" alt=\"\" srcset=\"https:\/\/recarprofi.cz\/wp-content\/uploads\/2013\/03\/dieci-agristar4.jpg 2000w, https:\/\/recarprofi.cz\/wp-content\/uploads\/2013\/03\/dieci-agristar4-600x400.jpg 600w, https:\/\/recarprofi.cz\/wp-content\/uploads\/2013\/03\/dieci-agristar4-300x200.jpg 300w, https:\/\/recarprofi.cz\/wp-content\/uploads\/2013\/03\/dieci-agristar4-768x512.jpg 768w, https:\/\/recarprofi.cz\/wp-content\/uploads\/2013\/03\/dieci-agristar4-1024x682.jpg 1024w, https:\/\/recarprofi.cz\/wp-content\/uploads\/2013\/03\/dieci-agristar4-938x625.jpg 938w, https:\/\/recarprofi.cz\/wp-content\/uploads\/2013\/03\/dieci-agristar4-1309x872.jpg 1309w\" sizes=\"(max-width: 2000px) 100vw, 2000px\" \/><\/a><\/figure><div class=\"elementor-image-box-content\"><h3 class=\"elementor-image-box-title\"><a href=\"https:\/\/recarprofi.cz\/uvod\/zemedelska-technika\/manipulace\/teleskopicke-manipulatory-dieci\/agri-star\/\">Teleskopick\u00e9 manipul\u00e1tory Dieci Agri Star<\/a><\/h3><p class=\"elementor-image-box-description\">Nosnost od 3,5 do 4t., zdvih od 6,4 do 9,6m.<\/p><\/div><\/div>\t\t\t\t<\/div>\n\t\t\t\t<\/div>\n\t\t\t\t\t<\/div>\n\t\t<\/div>\n\t\t\t\t\t<\/div>\n\t\t<\/section>\n\t\t\t\t<section class=\"elementor-section elementor-top-section elementor-element elementor-element-194d8b1 elementor-section-boxed elementor-section-height-default elementor-section-height-default\" data-id=\"194d8b1\" data-element_type=\"section\" data-e-type=\"section\">\n\t\t\t\t\t\t<div class=\"elementor-container elementor-column-gap-default\">\n\t\t\t\t\t<div class=\"elementor-column elementor-col-100 elementor-top-column elementor-element elementor-element-1f4cf9c\" data-id=\"1f4cf9c\" data-element_type=\"column\" data-e-type=\"column\">\n\t\t\t<div class=\"elementor-widget-wrap elementor-element-populated\">\n\t\t\t\t\t\t<div class=\"elementor-element elementor-element-7cd19cf elementor-position-left elementor-vertical-align-top elementor-widget elementor-widget-image-box\" data-id=\"7cd19cf\" data-element_type=\"widget\" data-e-type=\"widget\" data-widget_type=\"image-box.default\">\n\t\t\t\t<div class=\"elementor-widget-container\">\n\t\t\t\t\t<div class=\"elementor-image-box-wrapper\"><figure class=\"elementor-image-box-img\"><a href=\"https:\/\/recarprofi.cz\/uvod\/zemedelska-technika\/manipulace\/teleskopicke-manipulatory-dieci\/agri-pivot\/\" tabindex=\"-1\"><img loading=\"lazy\" decoding=\"async\" width=\"2000\" height=\"1333\" src=\"https:\/\/recarprofi.cz\/wp-content\/uploads\/2013\/03\/dieci-agripivot.jpg\" class=\"attachment-full size-full wp-image-7402\" alt=\"\" srcset=\"https:\/\/recarprofi.cz\/wp-content\/uploads\/2013\/03\/dieci-agripivot.jpg 2000w, https:\/\/recarprofi.cz\/wp-content\/uploads\/2013\/03\/dieci-agripivot-600x400.jpg 600w, https:\/\/recarprofi.cz\/wp-content\/uploads\/2013\/03\/dieci-agripivot-300x200.jpg 300w, https:\/\/recarprofi.cz\/wp-content\/uploads\/2013\/03\/dieci-agripivot-768x512.jpg 768w, https:\/\/recarprofi.cz\/wp-content\/uploads\/2013\/03\/dieci-agripivot-1024x682.jpg 1024w, https:\/\/recarprofi.cz\/wp-content\/uploads\/2013\/03\/dieci-agripivot-938x625.jpg 938w, https:\/\/recarprofi.cz\/wp-content\/uploads\/2013\/03\/dieci-agripivot-1309x872.jpg 1309w\" sizes=\"(max-width: 2000px) 100vw, 2000px\" \/><\/a><\/figure><div class=\"elementor-image-box-content\"><h3 class=\"elementor-image-box-title\"><a href=\"https:\/\/recarprofi.cz\/uvod\/zemedelska-technika\/manipulace\/teleskopicke-manipulatory-dieci\/agri-pivot\/\">Teleskopick\u00e9 kloubov\u00e9 manipul\u00e1tory Dieci Agri Pivot<\/a><\/h3><p class=\"elementor-image-box-description\">Nosnost od 2,25 do 4,1t., zdvih od 4,7 do 5,7m.<\/p><\/div><\/div>\t\t\t\t<\/div>\n\t\t\t\t<\/div>\n\t\t\t\t\t<\/div>\n\t\t<\/div>\n\t\t\t\t\t<\/div>\n\t\t<\/section>\n\t\t\t\t<section class=\"elementor-section elementor-top-section elementor-element elementor-element-e8989ae elementor-section-boxed elementor-section-height-default elementor-section-height-default\" data-id=\"e8989ae\" data-element_type=\"section\" data-e-type=\"section\">\n\t\t\t\t\t\t<div class=\"elementor-container elementor-column-gap-default\">\n\t\t\t\t\t<div class=\"elementor-column elementor-col-100 elementor-top-column elementor-element elementor-element-dd400af\" data-id=\"dd400af\" data-element_type=\"column\" data-e-type=\"column\">\n\t\t\t<div class=\"elementor-widget-wrap elementor-element-populated\">\n\t\t\t\t\t\t<div class=\"elementor-element elementor-element-3a414e1 elementor-position-left elementor-vertical-align-top elementor-widget elementor-widget-image-box\" data-id=\"3a414e1\" data-element_type=\"widget\" data-e-type=\"widget\" data-widget_type=\"image-box.default\">\n\t\t\t\t<div class=\"elementor-widget-container\">\n\t\t\t\t\t<div class=\"elementor-image-box-wrapper\"><figure class=\"elementor-image-box-img\"><a href=\"https:\/\/recarprofi.cz\/uvod\/zemedelska-technika\/manipulace\/teleskopicke-manipulatory-dieci\/agri-max\/\" tabindex=\"-1\"><img loading=\"lazy\" decoding=\"async\" width=\"768\" height=\"512\" src=\"https:\/\/recarprofi.cz\/wp-content\/uploads\/2020\/01\/dieci-agrimax4-768x512.jpeg\" class=\"attachment-medium_large size-medium_large wp-image-18835\" alt=\"\" srcset=\"https:\/\/recarprofi.cz\/wp-content\/uploads\/2020\/01\/dieci-agrimax4-768x512.jpeg 768w, https:\/\/recarprofi.cz\/wp-content\/uploads\/2020\/01\/dieci-agrimax4-600x400.jpeg 600w, https:\/\/recarprofi.cz\/wp-content\/uploads\/2020\/01\/dieci-agrimax4-744x496.jpeg 744w, https:\/\/recarprofi.cz\/wp-content\/uploads\/2020\/01\/dieci-agrimax4-1200x800.jpeg 1200w, https:\/\/recarprofi.cz\/wp-content\/uploads\/2020\/01\/dieci-agrimax4-420x280.jpeg 420w, https:\/\/recarprofi.cz\/wp-content\/uploads\/2020\/01\/dieci-agrimax4-1536x1025.jpeg 1536w\" sizes=\"(max-width: 768px) 100vw, 768px\" \/><\/a><\/figure><div class=\"elementor-image-box-content\"><h3 class=\"elementor-image-box-title\"><a href=\"https:\/\/recarprofi.cz\/uvod\/zemedelska-technika\/manipulace\/teleskopicke-manipulatory-dieci\/agri-max\/\">Teleskopick\u00e9 manipul\u00e1tory Dieci Agri Max<\/a><\/h3><p class=\"elementor-image-box-description\">Nosnost od 5 do 6,5t., zdvih od 7,7 do 8,6m.<\/p><\/div><\/div>\t\t\t\t<\/div>\n\t\t\t\t<\/div>\n\t\t\t\t\t<\/div>\n\t\t<\/div>\n\t\t\t\t\t<\/div>\n\t\t<\/section>\n\t\t\t\t<section class=\"elementor-section elementor-top-section elementor-element elementor-element-6e46217 elementor-section-boxed elementor-section-height-default elementor-section-height-default\" data-id=\"6e46217\" data-element_type=\"section\" data-e-type=\"section\">\n\t\t\t\t\t\t<div class=\"elementor-container elementor-column-gap-default\">\n\t\t\t\t\t<div class=\"elementor-column elementor-col-100 elementor-top-column elementor-element elementor-element-c086be0\" data-id=\"c086be0\" data-element_type=\"column\" data-e-type=\"column\">\n\t\t\t<div class=\"elementor-widget-wrap elementor-element-populated\">\n\t\t\t\t\t\t<div class=\"elementor-element elementor-element-1fc8e76 elementor-position-left elementor-vertical-align-top elementor-widget elementor-widget-image-box\" data-id=\"1fc8e76\" data-element_type=\"widget\" data-e-type=\"widget\" data-widget_type=\"image-box.default\">\n\t\t\t\t<div class=\"elementor-widget-container\">\n\t\t\t\t\t<div class=\"elementor-image-box-wrapper\"><figure class=\"elementor-image-box-img\"><a href=\"https:\/\/recarprofi.cz\/uvod\/zemedelska-technika\/manipulace\/teleskopicke-manipulatory-dieci\/agri-plus\/\" tabindex=\"-1\"><img loading=\"lazy\" decoding=\"async\" width=\"768\" height=\"512\" src=\"https:\/\/recarprofi.cz\/wp-content\/uploads\/2020\/01\/dieci-agriplus9-768x512.jpeg\" class=\"attachment-medium_large size-medium_large wp-image-18871\" alt=\"\" srcset=\"https:\/\/recarprofi.cz\/wp-content\/uploads\/2020\/01\/dieci-agriplus9-768x512.jpeg 768w, https:\/\/recarprofi.cz\/wp-content\/uploads\/2020\/01\/dieci-agriplus9-600x400.jpeg 600w, https:\/\/recarprofi.cz\/wp-content\/uploads\/2020\/01\/dieci-agriplus9-744x496.jpeg 744w, https:\/\/recarprofi.cz\/wp-content\/uploads\/2020\/01\/dieci-agriplus9-1200x800.jpeg 1200w, https:\/\/recarprofi.cz\/wp-content\/uploads\/2020\/01\/dieci-agriplus9-420x280.jpeg 420w, https:\/\/recarprofi.cz\/wp-content\/uploads\/2020\/01\/dieci-agriplus9-1536x1025.jpeg 1536w\" sizes=\"(max-width: 768px) 100vw, 768px\" \/><\/a><\/figure><div class=\"elementor-image-box-content\"><h3 class=\"elementor-image-box-title\"><a href=\"https:\/\/recarprofi.cz\/uvod\/zemedelska-technika\/manipulace\/teleskopicke-manipulatory-dieci\/agri-plus\/\">Teleskopick\u00e9 manipul\u00e1tory Dieci Agri Plus<\/a><\/h3><p class=\"elementor-image-box-description\">Nosnost od 4 do 4,2t., zdvih od 6,9 do 8,9m.<\/p><\/div><\/div>\t\t\t\t<\/div>\n\t\t\t\t<\/div>\n\t\t\t\t\t<\/div>\n\t\t<\/div>\n\t\t\t\t\t<\/div>\n\t\t<\/section>\n\t\t\t\t<\/div>\n\t\t","protected":false},"excerpt":{"rendered":"<p>Teleskopick\u00e9 manipul\u00e1tory Dieci Mini Agri Smart Nosnost 2t., zdvih 4,35m Teleskopick\u00e9 manipul\u00e1tory Dieci Mini Agri Nosnost 2,5t., zdvih 5,78m. Teleskopick\u00e9 manipul\u00e1tory Dieci Agri Farmer Nosnost od 2,8 do 3t., zdvih od 6,35 do 8,65m. Teleskopick\u00e9&hellip;<\/p>\n","protected":false},"author":1,"featured_media":0,"parent":117,"menu_order":1,"comment_status":"closed","ping_status":"closed","template":"","meta":{"footnotes":""},"class_list":["post-1813","page","type-page","status-publish","hentry"],"_links":{"self":[{"href":"https:\/\/recarprofi.cz\/uvod\/wp-json\/wp\/v2\/pages\/1813","targetHints":{"allow":["GET"]}}],"collection":[{"href":"https:\/\/recarprofi.cz\/uvod\/wp-json\/wp\/v2\/pages"}],"about":[{"href":"https:\/\/recarprofi.cz\/uvod\/wp-json\/wp\/v2\/types\/page"}],"author":[{"embeddable":true,"href":"https:\/\/recarprofi.cz\/uvod\/wp-json\/wp\/v2\/users\/1"}],"replies":[{"embeddable":true,"href":"https:\/\/recarprofi.cz\/uvod\/wp-json\/wp\/v2\/comments?post=1813"}],"version-history":[{"count":64,"href":"https:\/\/recarprofi.cz\/uvod\/wp-json\/wp\/v2\/pages\/1813\/revisions"}],"predecessor-version":[{"id":32696,"href":"https:\/\/recarprofi.cz\/uvod\/wp-json\/wp\/v2\/pages\/1813\/revisions\/32696"}],"up":[{"embeddable":true,"href":"https:\/\/recarprofi.cz\/uvod\/wp-json\/wp\/v2\/pages\/117"}],"wp:attachment":[{"href":"https:\/\/recarprofi.cz\/uvod\/wp-json\/wp\/v2\/media?parent=1813"}],"curies":[{"name":"wp","href":"https:\/\/api.w.org\/{rel}","templated":true}]}}