{"id":187,"date":"2013-01-28T16:44:12","date_gmt":"2013-01-28T15:44:12","guid":{"rendered":"http:\/\/recarprofi.cz\/?page_id=187"},"modified":"2026-03-24T14:26:34","modified_gmt":"2026-03-24T13:26:34","slug":"bazar","status":"publish","type":"page","link":"https:\/\/recarprofi.cz\/uvod\/bazar\/","title":{"rendered":"Bazar"},"content":{"rendered":"\t\t<div data-elementor-type=\"wp-page\" data-elementor-id=\"187\" class=\"elementor elementor-187\">\n\t\t\t\t\t\t<section class=\"elementor-section elementor-top-section elementor-element elementor-element-60e649a elementor-section-boxed elementor-section-height-default elementor-section-height-default\" data-id=\"60e649a\" data-element_type=\"section\" data-e-type=\"section\">\n\t\t\t\t\t\t<div class=\"elementor-container elementor-column-gap-default\">\n\t\t\t\t\t<div class=\"elementor-column elementor-col-100 elementor-top-column elementor-element elementor-element-380e55b\" data-id=\"380e55b\" data-element_type=\"column\" data-e-type=\"column\">\n\t\t\t<div class=\"elementor-widget-wrap elementor-element-populated\">\n\t\t\t\t\t\t<div class=\"elementor-element elementor-element-0882f73 elementor-position-left elementor-vertical-align-middle elementor-widget elementor-widget-image-box\" data-id=\"0882f73\" data-element_type=\"widget\" data-e-type=\"widget\" data-widget_type=\"image-box.default\">\n\t\t\t\t<div class=\"elementor-widget-container\">\n\t\t\t\t\t<div class=\"elementor-image-box-wrapper\"><figure class=\"elementor-image-box-img\"><a href=\"https:\/\/recarprofi.cz\/uvod\/bazar\/vysokozdvizne-voziky-naftove\/\" tabindex=\"-1\"><img decoding=\"async\" width=\"100\" height=\"100\" src=\"https:\/\/recarprofi.cz\/wp-content\/uploads\/2024\/07\/cropped-cropped-baoli-kbd-305-scaled-1-100x100.jpg\" class=\"attachment-woocommerce_gallery_thumbnail size-woocommerce_gallery_thumbnail wp-image-32839\" alt=\"\" srcset=\"https:\/\/recarprofi.cz\/wp-content\/uploads\/2024\/07\/cropped-cropped-baoli-kbd-305-scaled-1-100x100.jpg 100w, https:\/\/recarprofi.cz\/wp-content\/uploads\/2024\/07\/cropped-cropped-baoli-kbd-305-scaled-1-420x420.jpg 420w, https:\/\/recarprofi.cz\/wp-content\/uploads\/2024\/07\/cropped-cropped-baoli-kbd-305-scaled-1-300x300.jpg 300w, https:\/\/recarprofi.cz\/wp-content\/uploads\/2024\/07\/cropped-cropped-baoli-kbd-305-scaled-1-270x270.jpg 270w, https:\/\/recarprofi.cz\/wp-content\/uploads\/2024\/07\/cropped-cropped-baoli-kbd-305-scaled-1-192x192.jpg 192w, https:\/\/recarprofi.cz\/wp-content\/uploads\/2024\/07\/cropped-cropped-baoli-kbd-305-scaled-1-180x180.jpg 180w, https:\/\/recarprofi.cz\/wp-content\/uploads\/2024\/07\/cropped-cropped-baoli-kbd-305-scaled-1-32x32.jpg 32w, https:\/\/recarprofi.cz\/wp-content\/uploads\/2024\/07\/cropped-cropped-baoli-kbd-305-scaled-1.jpg 512w\" sizes=\"(max-width: 100px) 100vw, 100px\" \/><\/a><\/figure><div class=\"elementor-image-box-content\"><h3 class=\"elementor-image-box-title\"><a href=\"https:\/\/recarprofi.cz\/uvod\/bazar\/vysokozdvizne-voziky-naftove\/\">Vysokozdvi\u017en\u00e9 voz\u00edky naftov\u00e9.<\/a><\/h3><\/div><\/div>\t\t\t\t<\/div>\n\t\t\t\t<\/div>\n\t\t\t\t\t<\/div>\n\t\t<\/div>\n\t\t\t\t\t<\/div>\n\t\t<\/section>\n\t\t\t\t<section class=\"elementor-section elementor-top-section elementor-element elementor-element-b55ce96 elementor-section-boxed elementor-section-height-default elementor-section-height-default\" data-id=\"b55ce96\" data-element_type=\"section\" data-e-type=\"section\">\n\t\t\t\t\t\t<div class=\"elementor-container elementor-column-gap-default\">\n\t\t\t\t\t<div class=\"elementor-column elementor-col-100 elementor-top-column elementor-element elementor-element-493ee49\" data-id=\"493ee49\" data-element_type=\"column\" data-e-type=\"column\">\n\t\t\t<div class=\"elementor-widget-wrap elementor-element-populated\">\n\t\t\t\t\t\t<div class=\"elementor-element elementor-element-1fccea2 elementor-position-left elementor-vertical-align-middle elementor-widget elementor-widget-image-box\" data-id=\"1fccea2\" data-element_type=\"widget\" data-e-type=\"widget\" data-widget_type=\"image-box.default\">\n\t\t\t\t<div class=\"elementor-widget-container\">\n\t\t\t\t\t<div class=\"elementor-image-box-wrapper\"><figure class=\"elementor-image-box-img\"><a href=\"https:\/\/recarprofi.cz\/uvod\/bazar\/vysokozdvizne-voziky-plynove\/\" tabindex=\"-1\"><img decoding=\"async\" width=\"100\" height=\"100\" src=\"https:\/\/recarprofi.cz\/wp-content\/uploads\/2018\/01\/hyundai-25L-9-100x100.jpg\" class=\"attachment-woocommerce_gallery_thumbnail size-woocommerce_gallery_thumbnail wp-image-9955\" alt=\"\" srcset=\"https:\/\/recarprofi.cz\/wp-content\/uploads\/2018\/01\/hyundai-25L-9-100x100.jpg 100w, https:\/\/recarprofi.cz\/wp-content\/uploads\/2018\/01\/elementor\/thumbs\/hyundai-25L-9-nl6o11dv7jgcr76v5x554d0mcgq0z79f2bv4zprfzs.jpg 300w, https:\/\/recarprofi.cz\/wp-content\/uploads\/2018\/01\/elementor\/thumbs\/hyundai-25L-9-nl6o11dtzonx5714r09z0a69b4iebg1p6j9yuba7yo.jpg 200w\" sizes=\"(max-width: 100px) 100vw, 100px\" \/><\/a><\/figure><div class=\"elementor-image-box-content\"><h3 class=\"elementor-image-box-title\"><a href=\"https:\/\/recarprofi.cz\/uvod\/bazar\/vysokozdvizne-voziky-plynove\/\">Vysokozdvi\u017en\u00e9 voz\u00edky plynov\u00e9.<\/a><\/h3><\/div><\/div>\t\t\t\t<\/div>\n\t\t\t\t<\/div>\n\t\t\t\t\t<\/div>\n\t\t<\/div>\n\t\t\t\t\t<\/div>\n\t\t<\/section>\n\t\t\t\t<section class=\"elementor-section elementor-top-section elementor-element elementor-element-db94160 elementor-section-boxed elementor-section-height-default elementor-section-height-default\" data-id=\"db94160\" data-element_type=\"section\" data-e-type=\"section\">\n\t\t\t\t\t\t<div class=\"elementor-container elementor-column-gap-default\">\n\t\t\t\t\t<div class=\"elementor-column elementor-col-100 elementor-top-column elementor-element elementor-element-c578368\" data-id=\"c578368\" data-element_type=\"column\" data-e-type=\"column\">\n\t\t\t<div class=\"elementor-widget-wrap elementor-element-populated\">\n\t\t\t\t\t\t<div class=\"elementor-element elementor-element-c40afdd elementor-position-left elementor-vertical-align-middle elementor-widget elementor-widget-image-box\" data-id=\"c40afdd\" data-element_type=\"widget\" data-e-type=\"widget\" data-widget_type=\"image-box.default\">\n\t\t\t\t<div class=\"elementor-widget-container\">\n\t\t\t\t\t<div class=\"elementor-image-box-wrapper\"><figure class=\"elementor-image-box-img\"><a href=\"https:\/\/recarprofi.cz\/uvod\/bazar\/vysokozdvizne-voziky-elektricke\/\" tabindex=\"-1\"><img decoding=\"async\" width=\"100\" height=\"100\" src=\"https:\/\/recarprofi.cz\/wp-content\/uploads\/2026\/03\/aisle-master-100x100.webp\" class=\"attachment-woocommerce_gallery_thumbnail size-woocommerce_gallery_thumbnail wp-image-33132\" alt=\"\" srcset=\"https:\/\/recarprofi.cz\/wp-content\/uploads\/2026\/03\/aisle-master-100x100.webp 100w, https:\/\/recarprofi.cz\/wp-content\/uploads\/2026\/03\/aisle-master-300x300.webp 300w\" sizes=\"(max-width: 100px) 100vw, 100px\" \/><\/a><\/figure><div class=\"elementor-image-box-content\"><h3 class=\"elementor-image-box-title\"><a href=\"https:\/\/recarprofi.cz\/uvod\/bazar\/vysokozdvizne-voziky-elektricke\/\">Vysokozdvi\u017en\u00e9 voz\u00edky elektrick\u00e9.<\/a><\/h3><\/div><\/div>\t\t\t\t<\/div>\n\t\t\t\t<\/div>\n\t\t\t\t\t<\/div>\n\t\t<\/div>\n\t\t\t\t\t<\/div>\n\t\t<\/section>\n\t\t\t\t<section class=\"elementor-section elementor-top-section elementor-element elementor-element-04e8efe elementor-section-boxed elementor-section-height-default elementor-section-height-default\" data-id=\"04e8efe\" data-element_type=\"section\" data-e-type=\"section\">\n\t\t\t\t\t\t<div class=\"elementor-container elementor-column-gap-default\">\n\t\t\t\t\t<div class=\"elementor-column elementor-col-100 elementor-top-column elementor-element elementor-element-8bca57b\" data-id=\"8bca57b\" data-element_type=\"column\" data-e-type=\"column\">\n\t\t\t<div class=\"elementor-widget-wrap elementor-element-populated\">\n\t\t\t\t\t\t<div class=\"elementor-element elementor-element-8d00be4 elementor-position-left elementor-vertical-align-middle elementor-widget elementor-widget-image-box\" data-id=\"8d00be4\" data-element_type=\"widget\" data-e-type=\"widget\" data-widget_type=\"image-box.default\">\n\t\t\t\t<div class=\"elementor-widget-container\">\n\t\t\t\t\t<div class=\"elementor-image-box-wrapper\"><figure class=\"elementor-image-box-img\"><a href=\"https:\/\/recarprofi.cz\/uvod\/bazar\/traktory-skladove\/\" tabindex=\"-1\"><img loading=\"lazy\" decoding=\"async\" width=\"100\" height=\"100\" src=\"https:\/\/recarprofi.cz\/wp-content\/uploads\/2026\/03\/kioti-rx-8040-100x100.png\" class=\"attachment-woocommerce_gallery_thumbnail size-woocommerce_gallery_thumbnail wp-image-33133\" alt=\"\" srcset=\"https:\/\/recarprofi.cz\/wp-content\/uploads\/2026\/03\/kioti-rx-8040-100x100.png 100w, https:\/\/recarprofi.cz\/wp-content\/uploads\/2026\/03\/kioti-rx-8040-300x300.png 300w\" sizes=\"(max-width: 100px) 100vw, 100px\" \/><\/a><\/figure><div class=\"elementor-image-box-content\"><h3 class=\"elementor-image-box-title\"><a href=\"https:\/\/recarprofi.cz\/uvod\/bazar\/traktory-skladove\/\">Traktory<\/a><\/h3><\/div><\/div>\t\t\t\t<\/div>\n\t\t\t\t<\/div>\n\t\t\t\t\t<\/div>\n\t\t<\/div>\n\t\t\t\t\t<\/div>\n\t\t<\/section>\n\t\t\t\t<section class=\"elementor-section elementor-top-section elementor-element elementor-element-99000c2 elementor-section-boxed elementor-section-height-default elementor-section-height-default\" data-id=\"99000c2\" data-element_type=\"section\" data-e-type=\"section\">\n\t\t\t\t\t\t<div class=\"elementor-container elementor-column-gap-default\">\n\t\t\t\t\t<div class=\"elementor-column elementor-col-100 elementor-top-column elementor-element elementor-element-03f7f3c\" data-id=\"03f7f3c\" data-element_type=\"column\" data-e-type=\"column\">\n\t\t\t<div class=\"elementor-widget-wrap elementor-element-populated\">\n\t\t\t\t\t\t<div class=\"elementor-element elementor-element-05666a1 elementor-position-left elementor-vertical-align-middle elementor-widget elementor-widget-image-box\" data-id=\"05666a1\" data-element_type=\"widget\" data-e-type=\"widget\" data-widget_type=\"image-box.default\">\n\t\t\t\t<div class=\"elementor-widget-container\">\n\t\t\t\t\t<div class=\"elementor-image-box-wrapper\"><figure class=\"elementor-image-box-img\"><a href=\"https:\/\/recarprofi.cz\/uvod\/bazar\/elektromobily-skladove\/\" tabindex=\"-1\"><img loading=\"lazy\" decoding=\"async\" width=\"100\" height=\"100\" src=\"https:\/\/recarprofi.cz\/wp-content\/uploads\/2026\/03\/evum-25-100x100.jpg\" class=\"attachment-woocommerce_gallery_thumbnail size-woocommerce_gallery_thumbnail wp-image-33223\" alt=\"\" srcset=\"https:\/\/recarprofi.cz\/wp-content\/uploads\/2026\/03\/evum-25-100x100.jpg 100w, https:\/\/recarprofi.cz\/wp-content\/uploads\/2026\/03\/evum-25-744x744.jpg 744w, https:\/\/recarprofi.cz\/wp-content\/uploads\/2026\/03\/evum-25-420x420.jpg 420w, https:\/\/recarprofi.cz\/wp-content\/uploads\/2026\/03\/evum-25-768x768.jpg 768w, https:\/\/recarprofi.cz\/wp-content\/uploads\/2026\/03\/evum-25-300x300.jpg 300w, https:\/\/recarprofi.cz\/wp-content\/uploads\/2026\/03\/evum-25-600x600.jpg 600w, https:\/\/recarprofi.cz\/wp-content\/uploads\/2026\/03\/evum-25.jpg 800w\" sizes=\"(max-width: 100px) 100vw, 100px\" \/><\/a><\/figure><div class=\"elementor-image-box-content\"><h3 class=\"elementor-image-box-title\"><a href=\"https:\/\/recarprofi.cz\/uvod\/bazar\/elektromobily-skladove\/\">U\u017eitkov\u00e9 elektromobily<\/a><\/h3><\/div><\/div>\t\t\t\t<\/div>\n\t\t\t\t<\/div>\n\t\t\t\t\t<\/div>\n\t\t<\/div>\n\t\t\t\t\t<\/div>\n\t\t<\/section>\n\t\t\t\t<section class=\"elementor-section elementor-top-section elementor-element elementor-element-692d5cf elementor-section-boxed elementor-section-height-default elementor-section-height-default\" data-id=\"692d5cf\" data-element_type=\"section\" data-e-type=\"section\">\n\t\t\t\t\t\t<div class=\"elementor-container elementor-column-gap-default\">\n\t\t\t\t\t<div class=\"elementor-column elementor-col-100 elementor-top-column elementor-element elementor-element-96b2314\" data-id=\"96b2314\" data-element_type=\"column\" data-e-type=\"column\">\n\t\t\t<div class=\"elementor-widget-wrap elementor-element-populated\">\n\t\t\t\t\t\t<div class=\"elementor-element elementor-element-81eb042 elementor-position-left elementor-vertical-align-middle elementor-widget elementor-widget-image-box\" data-id=\"81eb042\" data-element_type=\"widget\" data-e-type=\"widget\" data-widget_type=\"image-box.default\">\n\t\t\t\t<div class=\"elementor-widget-container\">\n\t\t\t\t\t<div class=\"elementor-image-box-wrapper\"><figure class=\"elementor-image-box-img\"><a href=\"https:\/\/recarprofi.cz\/uvod\/bazar\/dopravni-technika-skladova\/\" tabindex=\"-1\"><img loading=\"lazy\" decoding=\"async\" width=\"300\" height=\"173\" src=\"https:\/\/recarprofi.cz\/wp-content\/uploads\/2019\/03\/cynkomet-t617.png\" class=\"attachment-post-thumbnail size-post-thumbnail wp-image-11559\" alt=\"\" srcset=\"https:\/\/recarprofi.cz\/wp-content\/uploads\/2019\/03\/cynkomet-t617.png 1000w, https:\/\/recarprofi.cz\/wp-content\/uploads\/2019\/03\/cynkomet-t617-600x345.png 600w, https:\/\/recarprofi.cz\/wp-content\/uploads\/2019\/03\/cynkomet-t617-420x242.png 420w, https:\/\/recarprofi.cz\/wp-content\/uploads\/2019\/03\/cynkomet-t617-744x428.png 744w, https:\/\/recarprofi.cz\/wp-content\/uploads\/2019\/03\/cynkomet-t617-768x442.png 768w\" sizes=\"(max-width: 300px) 100vw, 300px\" \/><\/a><\/figure><div class=\"elementor-image-box-content\"><h3 class=\"elementor-image-box-title\"><a href=\"https:\/\/recarprofi.cz\/uvod\/bazar\/dopravni-technika-skladova\/\">Dopravn\u00ed technika<\/a><\/h3><\/div><\/div>\t\t\t\t<\/div>\n\t\t\t\t<\/div>\n\t\t\t\t\t<\/div>\n\t\t<\/div>\n\t\t\t\t\t<\/div>\n\t\t<\/section>\n\t\t\t\t<section class=\"elementor-section elementor-top-section elementor-element elementor-element-893de9e elementor-section-boxed elementor-section-height-default elementor-section-height-default\" data-id=\"893de9e\" data-element_type=\"section\" data-e-type=\"section\">\n\t\t\t\t\t\t<div class=\"elementor-container elementor-column-gap-default\">\n\t\t\t\t\t<div class=\"elementor-column elementor-col-100 elementor-top-column elementor-element elementor-element-7e67cf1\" data-id=\"7e67cf1\" data-element_type=\"column\" data-e-type=\"column\">\n\t\t\t<div class=\"elementor-widget-wrap elementor-element-populated\">\n\t\t\t\t\t\t<div class=\"elementor-element elementor-element-0220458 elementor-position-left elementor-vertical-align-middle elementor-widget elementor-widget-image-box\" data-id=\"0220458\" data-element_type=\"widget\" data-e-type=\"widget\" data-widget_type=\"image-box.default\">\n\t\t\t\t<div class=\"elementor-widget-container\">\n\t\t\t\t\t<div class=\"elementor-image-box-wrapper\"><figure class=\"elementor-image-box-img\"><a href=\"https:\/\/recarprofi.cz\/uvod\/bazar\/stroje-pro-pripravu-pudy\/\" tabindex=\"-1\"><img loading=\"lazy\" decoding=\"async\" width=\"2000\" height=\"1199\" src=\"https:\/\/recarprofi.cz\/wp-content\/uploads\/2023\/09\/cropped-sukov-downhil43.jpg\" class=\"attachment-full size-full wp-image-33130\" alt=\"\" srcset=\"https:\/\/recarprofi.cz\/wp-content\/uploads\/2023\/09\/cropped-sukov-downhil43.jpg 2000w, https:\/\/recarprofi.cz\/wp-content\/uploads\/2023\/09\/cropped-sukov-downhil43-744x446.jpg 744w, https:\/\/recarprofi.cz\/wp-content\/uploads\/2023\/09\/cropped-sukov-downhil43-1200x719.jpg 1200w, https:\/\/recarprofi.cz\/wp-content\/uploads\/2023\/09\/cropped-sukov-downhil43-420x252.jpg 420w, https:\/\/recarprofi.cz\/wp-content\/uploads\/2023\/09\/cropped-sukov-downhil43-768x460.jpg 768w, https:\/\/recarprofi.cz\/wp-content\/uploads\/2023\/09\/cropped-sukov-downhil43-1536x921.jpg 1536w, https:\/\/recarprofi.cz\/wp-content\/uploads\/2023\/09\/cropped-sukov-downhil43-600x360.jpg 600w\" sizes=\"(max-width: 2000px) 100vw, 2000px\" \/><\/a><\/figure><div class=\"elementor-image-box-content\"><h3 class=\"elementor-image-box-title\"><a href=\"https:\/\/recarprofi.cz\/uvod\/bazar\/stroje-pro-pripravu-pudy\/\">P\u0159\u00edprava p\u016fdy<\/a><\/h3><\/div><\/div>\t\t\t\t<\/div>\n\t\t\t\t<\/div>\n\t\t\t\t\t<\/div>\n\t\t<\/div>\n\t\t\t\t\t<\/div>\n\t\t<\/section>\n\t\t\t\t<section class=\"elementor-section elementor-top-section elementor-element elementor-element-e3dc6d4 elementor-section-boxed elementor-section-height-default elementor-section-height-default\" data-id=\"e3dc6d4\" data-element_type=\"section\" data-e-type=\"section\">\n\t\t\t\t\t\t<div class=\"elementor-container elementor-column-gap-default\">\n\t\t\t\t\t<div class=\"elementor-column elementor-col-100 elementor-top-column elementor-element elementor-element-3c7fc49\" data-id=\"3c7fc49\" data-element_type=\"column\" data-e-type=\"column\">\n\t\t\t<div class=\"elementor-widget-wrap elementor-element-populated\">\n\t\t\t\t\t\t<div class=\"elementor-element elementor-element-99afe9e elementor-position-left elementor-vertical-align-middle elementor-widget elementor-widget-image-box\" data-id=\"99afe9e\" data-element_type=\"widget\" data-e-type=\"widget\" data-widget_type=\"image-box.default\">\n\t\t\t\t<div class=\"elementor-widget-container\">\n\t\t\t\t\t<div class=\"elementor-image-box-wrapper\"><figure class=\"elementor-image-box-img\"><img decoding=\"async\" src=\"https:\/\/recarprofi.cz\/wp-content\/uploads\/elementor\/thumbs\/quicke-lopata-s-maxi-o65yrkicn94zkcwn93astjd2kv7o7bqpr8svngwd68.jpg\" title=\"quicke lopata s maxi\" alt=\"quicke lopata s maxi\" loading=\"lazy\" \/><\/figure><div class=\"elementor-image-box-content\"><h3 class=\"elementor-image-box-title\">P\u0159\u00edslu\u0161enstv\u00ed \u010deln\u00edch naklada\u010d\u016f<\/h3><\/div><\/div>\t\t\t\t<\/div>\n\t\t\t\t<\/div>\n\t\t\t\t\t<\/div>\n\t\t<\/div>\n\t\t\t\t\t<\/div>\n\t\t<\/section>\n\t\t\t\t<section class=\"elementor-section elementor-top-section elementor-element elementor-element-cbba596 elementor-section-boxed elementor-section-height-default elementor-section-height-default\" data-id=\"cbba596\" data-element_type=\"section\" data-e-type=\"section\">\n\t\t\t\t\t\t<div class=\"elementor-container elementor-column-gap-default\">\n\t\t\t\t\t<div class=\"elementor-column elementor-col-100 elementor-top-column elementor-element elementor-element-677a9ce\" data-id=\"677a9ce\" data-element_type=\"column\" data-e-type=\"column\">\n\t\t\t<div class=\"elementor-widget-wrap elementor-element-populated\">\n\t\t\t\t\t\t<div class=\"elementor-element elementor-element-1fa11d2 elementor-position-left elementor-vertical-align-middle elementor-widget elementor-widget-image-box\" data-id=\"1fa11d2\" data-element_type=\"widget\" data-e-type=\"widget\" data-widget_type=\"image-box.default\">\n\t\t\t\t<div class=\"elementor-widget-container\">\n\t\t\t\t\t<div class=\"elementor-image-box-wrapper\"><figure class=\"elementor-image-box-img\"><img loading=\"lazy\" decoding=\"async\" width=\"100\" height=\"100\" src=\"https:\/\/recarprofi.cz\/wp-content\/uploads\/2026\/02\/radlice-snehova-zadni-100x100.webp\" class=\"attachment-woocommerce_gallery_thumbnail size-woocommerce_gallery_thumbnail wp-image-32844\" alt=\"\" srcset=\"https:\/\/recarprofi.cz\/wp-content\/uploads\/2026\/02\/radlice-snehova-zadni-100x100.webp 100w, https:\/\/recarprofi.cz\/wp-content\/uploads\/2026\/02\/radlice-snehova-zadni-300x300.webp 300w\" sizes=\"(max-width: 100px) 100vw, 100px\" \/><\/figure><div class=\"elementor-image-box-content\"><h3 class=\"elementor-image-box-title\">Zimn\u00ed \u00fadr\u017eba <\/h3><\/div><\/div>\t\t\t\t<\/div>\n\t\t\t\t<\/div>\n\t\t\t\t\t<\/div>\n\t\t<\/div>\n\t\t\t\t\t<\/div>\n\t\t<\/section>\n\t\t\t\t<\/div>\n\t\t","protected":false},"excerpt":{"rendered":"<p>Vysokozdvi\u017en\u00e9 voz\u00edky naftov\u00e9. Vysokozdvi\u017en\u00e9 voz\u00edky plynov\u00e9. Vysokozdvi\u017en\u00e9 voz\u00edky elektrick\u00e9. Traktory U\u017eitkov\u00e9 elektromobily Dopravn\u00ed technika P\u0159\u00edprava p\u016fdy P\u0159\u00edslu\u0161enstv\u00ed \u010deln\u00edch naklada\u010d\u016f Zimn\u00ed \u00fadr\u017eba<\/p>\n","protected":false},"author":1,"featured_media":32418,"parent":0,"menu_order":7,"comment_status":"closed","ping_status":"closed","template":"","meta":{"footnotes":""},"class_list":["post-187","page","type-page","status-publish","has-post-thumbnail","hentry"],"_links":{"self":[{"href":"https:\/\/recarprofi.cz\/uvod\/wp-json\/wp\/v2\/pages\/187","targetHints":{"allow":["GET"]}}],"collection":[{"href":"https:\/\/recarprofi.cz\/uvod\/wp-json\/wp\/v2\/pages"}],"about":[{"href":"https:\/\/recarprofi.cz\/uvod\/wp-json\/wp\/v2\/types\/page"}],"author":[{"embeddable":true,"href":"https:\/\/recarprofi.cz\/uvod\/wp-json\/wp\/v2\/users\/1"}],"replies":[{"embeddable":true,"href":"https:\/\/recarprofi.cz\/uvod\/wp-json\/wp\/v2\/comments?post=187"}],"version-history":[{"count":495,"href":"https:\/\/recarprofi.cz\/uvod\/wp-json\/wp\/v2\/pages\/187\/revisions"}],"predecessor-version":[{"id":33398,"href":"https:\/\/recarprofi.cz\/uvod\/wp-json\/wp\/v2\/pages\/187\/revisions\/33398"}],"wp:featuredmedia":[{"embeddable":true,"href":"https:\/\/recarprofi.cz\/uvod\/wp-json\/wp\/v2\/media\/32418"}],"wp:attachment":[{"href":"https:\/\/recarprofi.cz\/uvod\/wp-json\/wp\/v2\/media?parent=187"}],"curies":[{"name":"wp","href":"https:\/\/api.w.org\/{rel}","templated":true}]}}