{"id":232,"date":"2013-01-29T09:23:54","date_gmt":"2013-01-29T08:23:54","guid":{"rendered":"http:\/\/recarprofi.cz\/?page_id=232"},"modified":"2024-04-09T12:54:25","modified_gmt":"2024-04-09T10:54:25","slug":"15d-20d-9s","status":"publish","type":"page","link":"https:\/\/recarprofi.cz\/uvod\/manipulacni-technika\/vysokozdvizne-voziky-hyundai\/naftove\/15d-20d-9s\/","title":{"rendered":"Vysokozdvi\u017en\u00e9 voz\u00edky Hyundai 15D\/20D-9S"},"content":{"rendered":"\t\t<div data-elementor-type=\"wp-page\" data-elementor-id=\"232\" class=\"elementor elementor-232\">\n\t\t\t\t\t\t<section class=\"elementor-section elementor-top-section elementor-element elementor-element-1609f6ae elementor-section-boxed elementor-section-height-default elementor-section-height-default\" data-id=\"1609f6ae\" data-element_type=\"section\" data-e-type=\"section\">\n\t\t\t\t\t\t<div class=\"elementor-container elementor-column-gap-default\">\n\t\t\t\t\t<div class=\"elementor-column elementor-col-100 elementor-top-column elementor-element elementor-element-11995b09\" data-id=\"11995b09\" data-element_type=\"column\" data-e-type=\"column\">\n\t\t\t<div class=\"elementor-widget-wrap elementor-element-populated\">\n\t\t\t\t\t\t<div class=\"elementor-element elementor-element-32bef97 elementor-widget elementor-widget-text-editor\" data-id=\"32bef97\" data-element_type=\"widget\" data-e-type=\"widget\" data-widget_type=\"text-editor.default\">\n\t\t\t\t<div class=\"elementor-widget-container\">\n\t\t\t\t\t\t\t\t\t<p><a href=\"http:\/\/recarprofi.cz\/wp-content\/uploads\/2019\/03\/hyundai-20d-9s.jpg\"><img fetchpriority=\"high\" decoding=\"async\" class=\"aligncenter wp-image-11704 size-full\" src=\"https:\/\/recarprofi.cz\/wp-content\/uploads\/2019\/03\/hyundai-20d-9s.jpg\" alt=\"\" width=\"800\" height=\"600\" srcset=\"https:\/\/recarprofi.cz\/wp-content\/uploads\/2019\/03\/hyundai-20d-9s.jpg 800w, https:\/\/recarprofi.cz\/wp-content\/uploads\/2019\/03\/hyundai-20d-9s-600x450.jpg 600w, https:\/\/recarprofi.cz\/wp-content\/uploads\/2019\/03\/hyundai-20d-9s-420x315.jpg 420w, https:\/\/recarprofi.cz\/wp-content\/uploads\/2019\/03\/hyundai-20d-9s-744x558.jpg 744w, https:\/\/recarprofi.cz\/wp-content\/uploads\/2019\/03\/hyundai-20d-9s-768x576.jpg 768w\" sizes=\"(max-width: 800px) 100vw, 800px\" \/><\/a><\/p><p style=\"text-align: left;\"><span style=\"color: #993366;\"><em><strong>Naftov\u00e9 vysokozdvi\u017en\u00e9 voz\u00edky Hyundai s nosnosti od 1,5 do 2t.<\/strong><\/em><\/span><\/p><p style=\"text-align: left;\"><em><strong>Nov\u00e9 krit\u00e9rium pro vysokozdvi\u017en\u00e9 voz\u00edky.<\/strong><\/em><\/p><p style=\"text-align: left;\"><em><strong>Spole\u010dnost HYUNDAI p\u0159edstavuje svou novou \u0159adu vysokozdvi\u017en\u00fdch voz\u00edk\u016f\u00a0se vzn\u011btov\u00fdm motorem. Vynikaj\u00edc\u00ed v\u00fdkon a dokonal\u00e9 proveden\u00ed zv\u00fd\u0161\u00ed va\u0161\u00ed obchodn\u00ed rentabilitu.\u00a0Plynul\u00fd chod, \u00fa\u010dinnost a ergonomick\u00e1 konstrukce, to jsou vlastnosti voz\u00edk\u016f \u0159ady 15D\/18D\/20DA-9S, kter\u00e9 jsou vyrobeny tak, aby spl\u0148ovaly ve\u0161ker\u00e9 n\u00e1roky u\u017eivatele.<\/strong><\/em><\/p><p style=\"text-align: left;\"><span style=\"color: #993366;\"><em><strong>\u00a0<\/strong><\/em><\/span><\/p><table border=\"1\" cellspacing=\"0\" cellpadding=\"0\"><tbody><tr><td valign=\"top\" width=\"154\"><span style=\"color: #993366;\"><em><strong>Typ voz\u00edku<\/strong><\/em><\/span><\/td><td valign=\"top\" width=\"154\"><span style=\"color: #993366;\"><strong><em>15D-9S<\/em><\/strong><\/span><\/td><td valign=\"top\" width=\"154\"><span style=\"color: #993366;\"><strong><em>18D-9S<\/em><\/strong><\/span><\/td><td valign=\"top\" width=\"154\"><span style=\"color: #993366;\"><strong><em>20D-9S<\/em><\/strong><\/span><\/td><\/tr><tr><td valign=\"top\" width=\"154\"><span style=\"color: #000000;\"><em><strong>Pohon<\/strong><\/em><\/span><\/td><td valign=\"top\" width=\"154\"><span style=\"color: #000000;\">Diesel<\/span><\/td><td valign=\"top\" width=\"154\"><span style=\"color: #000000;\">Diesel<\/span><\/td><td valign=\"top\" width=\"154\"><span style=\"color: #000000;\">Diesel<\/span><\/td><\/tr><tr><td valign=\"top\" width=\"154\"><span style=\"color: #000000;\"><em><strong>Nosnost<\/strong><\/em><\/span><\/td><td valign=\"top\" width=\"154\"><span style=\"color: #000000;\">1500 kg<\/span><\/td><td valign=\"top\" width=\"154\"><span style=\"color: #000000;\">1800 kg<\/span><\/td><td valign=\"top\" width=\"154\"><span style=\"color: #000000;\">2000 kg<\/span><\/td><\/tr><tr><td valign=\"top\" width=\"154\"><span style=\"color: #000000;\"><em><strong>Vylo\u017een\u00ed t\u011b\u017ei\u0161t\u011b<\/strong><\/em><\/span><\/td><td valign=\"top\" width=\"154\"><span style=\"color: #000000;\">500 mm<\/span><\/td><td valign=\"top\" width=\"154\"><span style=\"color: #000000;\">500 mm<\/span><\/td><td valign=\"top\" width=\"154\"><span style=\"color: #000000;\">500 mm<\/span><\/td><\/tr><tr><td valign=\"top\" width=\"154\"><span style=\"color: #000000;\"><em><strong>Vlastn\u00ed hmotnost<\/strong><\/em><\/span><\/td><td valign=\"top\" width=\"154\"><span style=\"color: #000000;\">2886 kg<\/span><\/td><td valign=\"top\" width=\"154\"><span style=\"color: #000000;\">3050 kg<\/span><\/td><td valign=\"top\" width=\"154\"><span style=\"color: #000000;\">3217 kg<\/span><\/td><\/tr><tr><td valign=\"top\" width=\"154\"><span style=\"color: #000000;\"><em><strong>Pneumatiky p\u0159edn\u00ed<\/strong><\/em><\/span><\/td><td valign=\"top\" width=\"154\"><span style=\"color: #000000;\">6.50-10<\/span><\/td><td valign=\"top\" width=\"154\"><span style=\"color: #000000;\">6.50-10<\/span><\/td><td valign=\"top\" width=\"154\"><span style=\"color: #000000;\">6.50-10<\/span><\/td><\/tr><tr><td valign=\"top\" width=\"154\"><span style=\"color: #000000;\"><em><strong>Pneumatiky zadn\u00ed<\/strong><\/em><\/span><\/td><td valign=\"top\" width=\"154\"><span style=\"color: #000000;\">5.00-8<\/span><\/td><td valign=\"top\" width=\"154\"><span style=\"color: #000000;\">5.00-8<\/span><\/td><td valign=\"top\" width=\"154\"><span style=\"color: #000000;\">5.00-8<\/span><\/td><\/tr><tr><td valign=\"top\" width=\"154\"><span style=\"color: #000000;\"><em><strong>Rychlost pojezdu<\/strong><\/em><\/span><\/td><td valign=\"top\" width=\"154\"><span style=\"color: #000000;\">19,4 km\/h<\/span><\/td><td valign=\"top\" width=\"154\"><span style=\"color: #000000;\">19,4 km\/h<\/span><\/td><td valign=\"top\" width=\"154\"><span style=\"color: #000000;\">19,4 km\/h<\/span><\/td><\/tr><tr><td valign=\"top\" width=\"154\"><span style=\"color: #000000;\"><em><strong>Motor<\/strong><\/em><\/span><\/td><td valign=\"top\" width=\"154\"><span style=\"color: #000000;\">Kubota V2203<\/span><\/td><td valign=\"top\" width=\"154\"><span style=\"color: #000000;\">Kubota V2203<\/span><\/td><td valign=\"top\" width=\"154\"><span style=\"color: #000000;\">Kubota V2203<\/span><\/td><\/tr><tr><td valign=\"top\" width=\"154\"><span style=\"color: #000000;\"><em><strong>V\u00fdkon motoru<\/strong><\/em><\/span><\/td><td valign=\"top\" width=\"154\"><span style=\"color: #000000;\">30,8 kW<\/span><\/td><td valign=\"top\" width=\"154\"><span style=\"color: #000000;\">30,8 kW<\/span><\/td><td valign=\"top\" width=\"154\"><span style=\"color: #000000;\">30,8 kW<\/span><\/td><\/tr><\/tbody><\/table><p>\u00a0<\/p><p><span style=\"color: #ff0000;\"><span style=\"color: #000000;\"><strong>Prospekt:<\/strong><\/span>\u00a0<\/span>\u00a0<span style=\"color: #ff0000;\"><strong><a style=\"color: #ff0000;\" href=\"http:\/\/recarprofi.cz\/wp-content\/uploads\/2018\/03\/hyundai-15-20d-9.pdf\">Hyundai 15-20d-9S<\/a><\/strong><\/span><\/p><p><a href=\"http:\/\/recarprofi.cz\/wp-content\/uploads\/2018\/03\/hyundai-20d-9.jpg\"><img decoding=\"async\" class=\"aligncenter wp-image-10196 size-full\" src=\"https:\/\/recarprofi.cz\/wp-content\/uploads\/2018\/03\/hyundai-20d-9.jpg\" alt=\"\" width=\"960\" height=\"720\" srcset=\"https:\/\/recarprofi.cz\/wp-content\/uploads\/2018\/03\/hyundai-20d-9.jpg 960w, https:\/\/recarprofi.cz\/wp-content\/uploads\/2018\/03\/hyundai-20d-9-600x450.jpg 600w, https:\/\/recarprofi.cz\/wp-content\/uploads\/2018\/03\/hyundai-20d-9-420x315.jpg 420w, https:\/\/recarprofi.cz\/wp-content\/uploads\/2018\/03\/hyundai-20d-9-744x558.jpg 744w, https:\/\/recarprofi.cz\/wp-content\/uploads\/2018\/03\/hyundai-20d-9-768x576.jpg 768w\" sizes=\"(max-width: 960px) 100vw, 960px\" \/><\/a><\/p><p><a href=\"http:\/\/recarprofi.cz\/wp-content\/uploads\/2019\/03\/hyundai-25d-9.jpg\"><img decoding=\"async\" class=\"aligncenter wp-image-11719 size-large\" src=\"https:\/\/recarprofi.cz\/wp-content\/uploads\/2019\/03\/hyundai-25d-9-1200x800.jpg\" alt=\"\" width=\"1140\" height=\"760\" srcset=\"https:\/\/recarprofi.cz\/wp-content\/uploads\/2019\/03\/hyundai-25d-9-1200x800.jpg 1200w, https:\/\/recarprofi.cz\/wp-content\/uploads\/2019\/03\/hyundai-25d-9-scaled-600x400.jpg 600w, https:\/\/recarprofi.cz\/wp-content\/uploads\/2019\/03\/hyundai-25d-9-420x280.jpg 420w, https:\/\/recarprofi.cz\/wp-content\/uploads\/2019\/03\/hyundai-25d-9-744x496.jpg 744w, https:\/\/recarprofi.cz\/wp-content\/uploads\/2019\/03\/hyundai-25d-9-768x512.jpg 768w\" sizes=\"(max-width: 1140px) 100vw, 1140px\" \/><\/a><\/p>\t\t\t\t\t\t\t\t<\/div>\n\t\t\t\t<\/div>\n\t\t\t\t\t<\/div>\n\t\t<\/div>\n\t\t\t\t\t<\/div>\n\t\t<\/section>\n\t\t\t\t<\/div>\n\t\t","protected":false},"excerpt":{"rendered":"<p>Naftov\u00e9 vysokozdvi\u017en\u00e9 voz\u00edky Hyundai s nosnosti od 1,5 do 2t. Nov\u00e9 krit\u00e9rium pro vysokozdvi\u017en\u00e9 voz\u00edky. Spole\u010dnost HYUNDAI p\u0159edstavuje svou novou \u0159adu vysokozdvi\u017en\u00fdch voz\u00edk\u016f\u00a0se vzn\u011btov\u00fdm motorem. Vynikaj\u00edc\u00ed v\u00fdkon a dokonal\u00e9 proveden\u00ed zv\u00fd\u0161\u00ed va\u0161\u00ed obchodn\u00ed rentabilitu.\u00a0Plynul\u00fd chod,&hellip;<\/p>\n","protected":false},"author":1,"featured_media":11482,"parent":227,"menu_order":1,"comment_status":"closed","ping_status":"closed","template":"","meta":{"footnotes":""},"class_list":["post-232","page","type-page","status-publish","has-post-thumbnail","hentry"],"_links":{"self":[{"href":"https:\/\/recarprofi.cz\/uvod\/wp-json\/wp\/v2\/pages\/232","targetHints":{"allow":["GET"]}}],"collection":[{"href":"https:\/\/recarprofi.cz\/uvod\/wp-json\/wp\/v2\/pages"}],"about":[{"href":"https:\/\/recarprofi.cz\/uvod\/wp-json\/wp\/v2\/types\/page"}],"author":[{"embeddable":true,"href":"https:\/\/recarprofi.cz\/uvod\/wp-json\/wp\/v2\/users\/1"}],"replies":[{"embeddable":true,"href":"https:\/\/recarprofi.cz\/uvod\/wp-json\/wp\/v2\/comments?post=232"}],"version-history":[{"count":70,"href":"https:\/\/recarprofi.cz\/uvod\/wp-json\/wp\/v2\/pages\/232\/revisions"}],"predecessor-version":[{"id":20425,"href":"https:\/\/recarprofi.cz\/uvod\/wp-json\/wp\/v2\/pages\/232\/revisions\/20425"}],"up":[{"embeddable":true,"href":"https:\/\/recarprofi.cz\/uvod\/wp-json\/wp\/v2\/pages\/227"}],"wp:featuredmedia":[{"embeddable":true,"href":"https:\/\/recarprofi.cz\/uvod\/wp-json\/wp\/v2\/media\/11482"}],"wp:attachment":[{"href":"https:\/\/recarprofi.cz\/uvod\/wp-json\/wp\/v2\/media?parent=232"}],"curies":[{"name":"wp","href":"https:\/\/api.w.org\/{rel}","templated":true}]}}