{"id":24177,"date":"2022-03-24T09:17:42","date_gmt":"2022-03-24T08:17:42","guid":{"rendered":"https:\/\/recarprofi.cz\/uvod\/?page_id=24177"},"modified":"2024-04-25T14:45:23","modified_gmt":"2024-04-25T12:45:23","slug":"mini-agri-smart","status":"publish","type":"page","link":"https:\/\/recarprofi.cz\/uvod\/zemedelska-technika\/manipulace\/teleskopicke-manipulatory-dieci\/mini-agri-smart\/","title":{"rendered":"Teleskopick\u00e9 manipul\u00e1tory Dieci Mini Agri Smart"},"content":{"rendered":"\t\t<div data-elementor-type=\"wp-page\" data-elementor-id=\"24177\" class=\"elementor elementor-24177\">\n\t\t\t\t\t\t<section class=\"elementor-section elementor-top-section elementor-element elementor-element-a051993 elementor-section-boxed elementor-section-height-default elementor-section-height-default\" data-id=\"a051993\" data-element_type=\"section\" data-e-type=\"section\">\n\t\t\t\t\t\t<div class=\"elementor-container elementor-column-gap-default\">\n\t\t\t\t\t<div class=\"elementor-column elementor-col-100 elementor-top-column elementor-element elementor-element-3befa32\" data-id=\"3befa32\" data-element_type=\"column\" data-e-type=\"column\">\n\t\t\t<div class=\"elementor-widget-wrap elementor-element-populated\">\n\t\t\t\t\t\t<div class=\"elementor-element elementor-element-0723ef3 elementor-widget elementor-widget-image\" data-id=\"0723ef3\" data-element_type=\"widget\" data-e-type=\"widget\" data-widget_type=\"image.default\">\n\t\t\t\t<div class=\"elementor-widget-container\">\n\t\t\t\t\t\t\t\t\t\t\t\t\t\t\t<img fetchpriority=\"high\" decoding=\"async\" width=\"960\" height=\"1200\" src=\"https:\/\/recarprofi.cz\/wp-content\/uploads\/2022\/03\/dieci-mini-smart2.jpg\" class=\"attachment-full size-full wp-image-24172\" alt=\"\" srcset=\"https:\/\/recarprofi.cz\/wp-content\/uploads\/2022\/03\/dieci-mini-smart2.jpg 960w, https:\/\/recarprofi.cz\/wp-content\/uploads\/2022\/03\/dieci-mini-smart2-300x375.jpg 300w, https:\/\/recarprofi.cz\/wp-content\/uploads\/2022\/03\/dieci-mini-smart2-600x750.jpg 600w, https:\/\/recarprofi.cz\/wp-content\/uploads\/2022\/03\/dieci-mini-smart2-744x930.jpg 744w, https:\/\/recarprofi.cz\/wp-content\/uploads\/2022\/03\/dieci-mini-smart2-420x525.jpg 420w, https:\/\/recarprofi.cz\/wp-content\/uploads\/2022\/03\/dieci-mini-smart2-768x960.jpg 768w, https:\/\/recarprofi.cz\/wp-content\/uploads\/2022\/03\/dieci-mini-smart2-48x60.jpg 48w\" sizes=\"(max-width: 960px) 100vw, 960px\" \/>\t\t\t\t\t\t\t\t\t\t\t\t\t\t\t<\/div>\n\t\t\t\t<\/div>\n\t\t\t\t\t<\/div>\n\t\t<\/div>\n\t\t\t\t\t<\/div>\n\t\t<\/section>\n\t\t\t\t<section class=\"elementor-section elementor-top-section elementor-element elementor-element-2c7a9a8 elementor-section-boxed elementor-section-height-default elementor-section-height-default\" data-id=\"2c7a9a8\" data-element_type=\"section\" data-e-type=\"section\">\n\t\t\t\t\t\t<div class=\"elementor-container elementor-column-gap-default\">\n\t\t\t\t\t<div class=\"elementor-column elementor-col-100 elementor-top-column elementor-element elementor-element-55e0b82\" data-id=\"55e0b82\" data-element_type=\"column\" data-e-type=\"column\">\n\t\t\t<div class=\"elementor-widget-wrap elementor-element-populated\">\n\t\t\t\t\t\t<div class=\"elementor-element elementor-element-be31bd8 elementor-widget elementor-widget-text-editor\" data-id=\"be31bd8\" data-element_type=\"widget\" data-e-type=\"widget\" data-widget_type=\"text-editor.default\">\n\t\t\t\t<div class=\"elementor-widget-container\">\n\t\t\t\t\t\t\t\t\t<p>Mini Agri je ide\u00e1ln\u00edm strojem pro man\u00e9vrov\u00e1n\u00ed ve st\u00edsn\u011bn\u00fdch prostorech. Z\u00e1rove\u0148 je vybaven velkou silou, vynikaj\u00edc\u00ed ovladatelnost\u00ed a p\u0159esn\u00fdm ovl\u00e1d\u00e1n\u00edm.\u00a0Mini Agri 20.4 Smart, kompletn\u011b nov\u00fd, nejmen\u0161\u00ed a nejagiln\u011bj\u0161\u00ed z\u00a0rodiny zem\u011bd\u011blsk\u00fdch manipul\u00e1tor\u016f Dieci. Cel\u00fd stroj si kompletn\u011b zachov\u00e1v\u00e1 vysok\u00e9 standardy komfortu a univerz\u00e1lnosti, kter\u00fdmi se vyzna\u010duje ka\u017ed\u00fd teleskopick\u00fd manipul\u00e1tor Dieci.<\/p>\t\t\t\t\t\t\t\t<\/div>\n\t\t\t\t<\/div>\n\t\t\t\t\t<\/div>\n\t\t<\/div>\n\t\t\t\t\t<\/div>\n\t\t<\/section>\n\t\t\t\t<section class=\"elementor-section elementor-top-section elementor-element elementor-element-2964dc0 elementor-section-boxed elementor-section-height-default elementor-section-height-default\" data-id=\"2964dc0\" data-element_type=\"section\" data-e-type=\"section\">\n\t\t\t\t\t\t<div class=\"elementor-container elementor-column-gap-default\">\n\t\t\t\t\t<div class=\"elementor-column elementor-col-100 elementor-top-column elementor-element elementor-element-b44cce1\" data-id=\"b44cce1\" data-element_type=\"column\" data-e-type=\"column\">\n\t\t\t<div class=\"elementor-widget-wrap elementor-element-populated\">\n\t\t\t\t\t\t<div class=\"elementor-element elementor-element-9db3d60 elementor-widget elementor-widget-image\" data-id=\"9db3d60\" data-element_type=\"widget\" data-e-type=\"widget\" data-widget_type=\"image.default\">\n\t\t\t\t<div class=\"elementor-widget-container\">\n\t\t\t\t\t\t\t\t\t\t\t\t\t\t\t<img decoding=\"async\" width=\"847\" height=\"476\" src=\"https:\/\/recarprofi.cz\/wp-content\/uploads\/2022\/03\/dieci-mini-smart-1200x675.jpg\" class=\"attachment-large size-large wp-image-24173\" alt=\"\" srcset=\"https:\/\/recarprofi.cz\/wp-content\/uploads\/2022\/03\/dieci-mini-smart-1200x675.jpg 1200w, https:\/\/recarprofi.cz\/wp-content\/uploads\/2022\/03\/dieci-mini-smart-600x338.jpg 600w, https:\/\/recarprofi.cz\/wp-content\/uploads\/2022\/03\/dieci-mini-smart-744x419.jpg 744w, https:\/\/recarprofi.cz\/wp-content\/uploads\/2022\/03\/dieci-mini-smart-420x236.jpg 420w, https:\/\/recarprofi.cz\/wp-content\/uploads\/2022\/03\/dieci-mini-smart-768x432.jpg 768w, https:\/\/recarprofi.cz\/wp-content\/uploads\/2022\/03\/dieci-mini-smart-1536x864.jpg 1536w, https:\/\/recarprofi.cz\/wp-content\/uploads\/2022\/03\/dieci-mini-smart-107x60.jpg 107w, https:\/\/recarprofi.cz\/wp-content\/uploads\/2022\/03\/dieci-mini-smart.jpg 1920w\" sizes=\"(max-width: 847px) 100vw, 847px\" \/>\t\t\t\t\t\t\t\t\t\t\t\t\t\t\t<\/div>\n\t\t\t\t<\/div>\n\t\t\t\t\t<\/div>\n\t\t<\/div>\n\t\t\t\t\t<\/div>\n\t\t<\/section>\n\t\t\t\t<section class=\"elementor-section elementor-top-section elementor-element elementor-element-c350cff elementor-section-boxed elementor-section-height-default elementor-section-height-default\" data-id=\"c350cff\" data-element_type=\"section\" data-e-type=\"section\">\n\t\t\t\t\t\t<div class=\"elementor-container elementor-column-gap-default\">\n\t\t\t\t\t<div class=\"elementor-column elementor-col-100 elementor-top-column elementor-element elementor-element-d721aa7\" data-id=\"d721aa7\" data-element_type=\"column\" data-e-type=\"column\">\n\t\t\t<div class=\"elementor-widget-wrap elementor-element-populated\">\n\t\t\t\t\t\t<div class=\"elementor-element elementor-element-d78dc58 elementor-widget elementor-widget-text-editor\" data-id=\"d78dc58\" data-element_type=\"widget\" data-e-type=\"widget\" data-widget_type=\"text-editor.default\">\n\t\t\t\t<div class=\"elementor-widget-container\">\n\t\t\t\t\t\t\t\t\t<p>Navzdory mal\u00fdm celkov\u00fdm rozm\u011br\u016fm je pohodl\u00ed, kter\u00e9 najdete v Mini Agri 20.4 Smart, p\u0159esn\u011b stejn\u00e9 jako u v\u011bt\u0161\u00edch teleskopick\u00fdch manipul\u00e1tor\u016f a nab\u00edz\u00ed obsluze pohodl\u00ed p\u0159i pr\u00e1ci. Zvukov\u00e1 izolace, v\u00fd\u0161kov\u011b nastaviteln\u00fd volant, ergonomick\u00fd joystick s kapacitn\u00edm senzorem a integrovan\u00fdm FNR , klimatizace, odkl\u00e1dac\u00ed p\u0159ihr\u00e1dky, stereo syst\u00e9m, slune\u010dn\u00ed clona a ergonomick\u00e9 sedadlo s mo\u017enost\u00ed mechanick\u00e9ho nebo pneumatick\u00e9ho odpru\u017een\u00ed.<\/p>\t\t\t\t\t\t\t\t<\/div>\n\t\t\t\t<\/div>\n\t\t\t\t\t<\/div>\n\t\t<\/div>\n\t\t\t\t\t<\/div>\n\t\t<\/section>\n\t\t\t\t<section class=\"elementor-section elementor-top-section elementor-element elementor-element-35fb8b5 elementor-section-boxed elementor-section-height-default elementor-section-height-default\" data-id=\"35fb8b5\" data-element_type=\"section\" data-e-type=\"section\">\n\t\t\t\t\t\t<div class=\"elementor-container elementor-column-gap-default\">\n\t\t\t\t\t<div class=\"elementor-column elementor-col-100 elementor-top-column elementor-element elementor-element-985f7fc\" data-id=\"985f7fc\" data-element_type=\"column\" data-e-type=\"column\">\n\t\t\t<div class=\"elementor-widget-wrap elementor-element-populated\">\n\t\t\t\t\t\t<div class=\"elementor-element elementor-element-a9249c0 elementor-widget elementor-widget-image\" data-id=\"a9249c0\" data-element_type=\"widget\" data-e-type=\"widget\" data-widget_type=\"image.default\">\n\t\t\t\t<div class=\"elementor-widget-container\">\n\t\t\t\t\t\t\t\t\t\t\t\t\t\t\t<img decoding=\"async\" width=\"847\" height=\"565\" src=\"https:\/\/recarprofi.cz\/wp-content\/uploads\/2022\/03\/dieci-mini-smart1-1200x800.jpg\" class=\"attachment-large size-large wp-image-24178\" alt=\"\" srcset=\"https:\/\/recarprofi.cz\/wp-content\/uploads\/2022\/03\/dieci-mini-smart1-1200x800.jpg 1200w, https:\/\/recarprofi.cz\/wp-content\/uploads\/2022\/03\/dieci-mini-smart1-600x400.jpg 600w, https:\/\/recarprofi.cz\/wp-content\/uploads\/2022\/03\/dieci-mini-smart1-744x496.jpg 744w, https:\/\/recarprofi.cz\/wp-content\/uploads\/2022\/03\/dieci-mini-smart1-420x280.jpg 420w, https:\/\/recarprofi.cz\/wp-content\/uploads\/2022\/03\/dieci-mini-smart1-768x512.jpg 768w, https:\/\/recarprofi.cz\/wp-content\/uploads\/2022\/03\/dieci-mini-smart1-1536x1024.jpg 1536w, https:\/\/recarprofi.cz\/wp-content\/uploads\/2022\/03\/dieci-mini-smart1-90x60.jpg 90w, https:\/\/recarprofi.cz\/wp-content\/uploads\/2022\/03\/dieci-mini-smart1.jpg 1920w\" sizes=\"(max-width: 847px) 100vw, 847px\" \/>\t\t\t\t\t\t\t\t\t\t\t\t\t\t\t<\/div>\n\t\t\t\t<\/div>\n\t\t\t\t\t<\/div>\n\t\t<\/div>\n\t\t\t\t\t<\/div>\n\t\t<\/section>\n\t\t\t\t<section class=\"elementor-section elementor-top-section elementor-element elementor-element-2114c1f elementor-section-boxed elementor-section-height-default elementor-section-height-default\" data-id=\"2114c1f\" data-element_type=\"section\" data-e-type=\"section\">\n\t\t\t\t\t\t<div class=\"elementor-container elementor-column-gap-default\">\n\t\t\t\t\t<div class=\"elementor-column elementor-col-100 elementor-top-column elementor-element elementor-element-41774dd\" data-id=\"41774dd\" data-element_type=\"column\" data-e-type=\"column\">\n\t\t\t<div class=\"elementor-widget-wrap elementor-element-populated\">\n\t\t\t\t\t\t<div class=\"elementor-element elementor-element-b25a49a elementor-widget elementor-widget-video\" data-id=\"b25a49a\" data-element_type=\"widget\" data-e-type=\"widget\" data-settings=\"{&quot;youtube_url&quot;:&quot;https:\\\/\\\/youtu.be\\\/4pdCydQOcqE&quot;,&quot;video_type&quot;:&quot;youtube&quot;,&quot;controls&quot;:&quot;yes&quot;}\" data-widget_type=\"video.default\">\n\t\t\t\t<div class=\"elementor-widget-container\">\n\t\t\t\t\t\t\t<div class=\"elementor-wrapper elementor-open-inline\">\n\t\t\t<div class=\"elementor-video\"><\/div>\t\t<\/div>\n\t\t\t\t\t\t<\/div>\n\t\t\t\t<\/div>\n\t\t\t\t\t<\/div>\n\t\t<\/div>\n\t\t\t\t\t<\/div>\n\t\t<\/section>\n\t\t\t\t<section class=\"elementor-section elementor-top-section elementor-element elementor-element-e1230da elementor-section-boxed elementor-section-height-default elementor-section-height-default\" data-id=\"e1230da\" data-element_type=\"section\" data-e-type=\"section\">\n\t\t\t\t\t\t<div class=\"elementor-container elementor-column-gap-default\">\n\t\t\t\t\t<div class=\"elementor-column elementor-col-100 elementor-top-column elementor-element elementor-element-b00b12c\" data-id=\"b00b12c\" data-element_type=\"column\" data-e-type=\"column\">\n\t\t\t<div class=\"elementor-widget-wrap elementor-element-populated\">\n\t\t\t\t\t\t<div class=\"elementor-element elementor-element-f72b974 elementor-widget elementor-widget-text-editor\" data-id=\"f72b974\" data-element_type=\"widget\" data-e-type=\"widget\" data-widget_type=\"text-editor.default\">\n\t\t\t\t<div class=\"elementor-widget-container\">\n\t\t\t\t\t\t\t\t\t<p><strong>TECHNICK\u00c9 PARAMETRY:<\/strong><\/p><p>Maxim\u00e1ln\u00ed nosnost 2000 kg\u00a0<br \/>Maxim\u00e1ln\u00ed vertik\u00e1ln\u00ed dosah 4,35 m\u00a0<br \/>Maxim\u00e1ln\u00ed horizont\u00e1ln\u00ed dosah 1,53 m<br \/>\u00dahel rotace nosi\u010de n\u00e1\u0159ad\u00ed 133\u00b0<br \/>Trhac\u00ed s\u00edla 3365 daN\u00a0<br \/>Ta\u017en\u00e1 s\u00edla 3177 daN\u00a0<br \/>Svahov\u00e1 dostupnost 56%<br \/>Hmotnost nezat\u00ed\u017een\u00e9ho stroje 4300 kg\u00a0<br \/>Maxim\u00e1ln\u00ed rychlost 25 km\/h<\/p><p>Motor Kubota<br \/>Nomin\u00e1ln\u00ed v\u00fdkon 37 kW (50 HP)<br \/>Po\u010det a um\u00edst\u011bn\u00ed v\u00e1lc\u016f 3, vertik\u00e1ln\u011b v \u0159ad\u011b<br \/>Objem 1826 cm\u00b3\u00a0<br \/>Emisn\u00ed norma Stage V<br \/>\u00daprava v\u00fdfukov\u00fdch plyn\u016f Katalyz\u00e1tor + filtr pevn\u00fdch \u010d\u00e1stic (DOC+DPF)<br \/>Chlazen\u00ed Kapalinov\u00e9<br \/>S\u00e1n\u00ed P\u0159epl\u0148ovan\u00fd<\/p><p>Typ n\u00e1prav 2 \u0159\u00edzen\u00e9, se 4 koncov\u00fdmi epicykloidn\u00edmi p\u0159evody<br \/>Re\u017eimy \u0159\u00edzen\u00ed 4 kola\/krab\u00ed chod\/2 kola<br \/>P\u0159edn\u00ed n\u00e1prava pevn\u00e1<br \/>Zadn\u00ed n\u00e1prava v\u00fdkyvn\u00e1<br \/>Provozn\u00ed brzdy such\u00e9 diskov\u00e9<br \/>Parkovac\u00ed brzda mechanick\u00e1<\/p><p>Hydraulick\u00e9 \u010derpadlo zubov\u00e9 \u010derpadlo pro ovl\u00e1d\u00e1n\u00ed stroje a pohyb<br \/>V\u00fdkon hydrauliky 93,6 L\/min\u00a0<br \/>Maxim\u00e1ln\u00ed pracovn\u00ed tlak 25,0 MPa\u00a0<br \/>Hydraulick\u00fd rozvad\u011b\u010d Joystick 4 v 1 s proporcion\u00e1ln\u00edmi funkcemi<\/p><p>Hydraulick\u00e1 n\u00e1dr\u017e objem 70,0 L\u00a0<br \/>Palivov\u00e1 n\u00e1dr\u017e objem 60,0 L\u00a0<\/p><p>Zp\u016fsob pohonu jednorychlostn\u00ed hydrostatick\u00e1 p\u0159evodovka\u00a0<br \/>Hydraulick\u00fd motor hydrostatick\u00fd, plynul\u00e9 automatick\u00e9 nastaven\u00ed<br \/>Zp\u011btn\u00fd chod Elektro-hydraulick\u00fd<br \/><br \/><\/p>\t\t\t\t\t\t\t\t<\/div>\n\t\t\t\t<\/div>\n\t\t\t\t\t<\/div>\n\t\t<\/div>\n\t\t\t\t\t<\/div>\n\t\t<\/section>\n\t\t\t\t<\/div>\n\t\t","protected":false},"excerpt":{"rendered":"<p>Mini Agri je ide\u00e1ln\u00edm strojem pro man\u00e9vrov\u00e1n\u00ed ve st\u00edsn\u011bn\u00fdch prostorech. Z\u00e1rove\u0148 je vybaven velkou silou, vynikaj\u00edc\u00ed ovladatelnost\u00ed a p\u0159esn\u00fdm ovl\u00e1d\u00e1n\u00edm.\u00a0Mini Agri 20.4 Smart, kompletn\u011b nov\u00fd, nejmen\u0161\u00ed a nejagiln\u011bj\u0161\u00ed z\u00a0rodiny zem\u011bd\u011blsk\u00fdch manipul\u00e1tor\u016f Dieci. Cel\u00fd stroj si&hellip;<\/p>\n","protected":false},"author":1,"featured_media":0,"parent":1813,"menu_order":1,"comment_status":"closed","ping_status":"closed","template":"","meta":{"footnotes":""},"class_list":["post-24177","page","type-page","status-publish","hentry"],"_links":{"self":[{"href":"https:\/\/recarprofi.cz\/uvod\/wp-json\/wp\/v2\/pages\/24177","targetHints":{"allow":["GET"]}}],"collection":[{"href":"https:\/\/recarprofi.cz\/uvod\/wp-json\/wp\/v2\/pages"}],"about":[{"href":"https:\/\/recarprofi.cz\/uvod\/wp-json\/wp\/v2\/types\/page"}],"author":[{"embeddable":true,"href":"https:\/\/recarprofi.cz\/uvod\/wp-json\/wp\/v2\/users\/1"}],"replies":[{"embeddable":true,"href":"https:\/\/recarprofi.cz\/uvod\/wp-json\/wp\/v2\/comments?post=24177"}],"version-history":[{"count":11,"href":"https:\/\/recarprofi.cz\/uvod\/wp-json\/wp\/v2\/pages\/24177\/revisions"}],"predecessor-version":[{"id":31035,"href":"https:\/\/recarprofi.cz\/uvod\/wp-json\/wp\/v2\/pages\/24177\/revisions\/31035"}],"up":[{"embeddable":true,"href":"https:\/\/recarprofi.cz\/uvod\/wp-json\/wp\/v2\/pages\/1813"}],"wp:attachment":[{"href":"https:\/\/recarprofi.cz\/uvod\/wp-json\/wp\/v2\/media?parent=24177"}],"curies":[{"name":"wp","href":"https:\/\/api.w.org\/{rel}","templated":true}]}}