{"id":25134,"date":"2022-12-12T09:33:24","date_gmt":"2022-12-12T08:33:24","guid":{"rendered":"https:\/\/recarprofi.cz\/uvod\/?page_id=25134"},"modified":"2026-01-08T12:04:18","modified_gmt":"2026-01-08T11:04:18","slug":"ep-20-111","status":"publish","type":"page","link":"https:\/\/recarprofi.cz\/uvod\/manipulacni-technika\/rucne-vedene-voziky-baoli\/ep-20-111\/","title":{"rendered":"N\u00edzkozdvi\u017en\u00e9 voz\u00edky Baoli EP 20-111"},"content":{"rendered":"\t\t<div data-elementor-type=\"wp-page\" data-elementor-id=\"25134\" class=\"elementor elementor-25134\">\n\t\t\t\t\t\t<section class=\"elementor-section elementor-top-section elementor-element elementor-element-eec58ce elementor-section-boxed elementor-section-height-default elementor-section-height-default\" data-id=\"eec58ce\" data-element_type=\"section\" data-e-type=\"section\">\n\t\t\t\t\t\t<div class=\"elementor-container elementor-column-gap-default\">\n\t\t\t\t\t<div class=\"elementor-column elementor-col-100 elementor-top-column elementor-element elementor-element-055cf48\" data-id=\"055cf48\" data-element_type=\"column\" data-e-type=\"column\">\n\t\t\t<div class=\"elementor-widget-wrap elementor-element-populated\">\n\t\t\t\t\t\t<div class=\"elementor-element elementor-element-df580cb elementor-widget elementor-widget-image\" data-id=\"df580cb\" data-element_type=\"widget\" data-e-type=\"widget\" data-widget_type=\"image.default\">\n\t\t\t\t<div class=\"elementor-widget-container\">\n\t\t\t\t\t\t\t\t\t\t\t\t\t\t\t<img fetchpriority=\"high\" decoding=\"async\" width=\"847\" height=\"726\" src=\"https:\/\/recarprofi.cz\/wp-content\/uploads\/2022\/12\/baoli-ep203-1-1200x1029.jpg\" class=\"attachment-large size-large wp-image-25136\" alt=\"\" srcset=\"https:\/\/recarprofi.cz\/wp-content\/uploads\/2022\/12\/baoli-ep203-1-1200x1029.jpg 1200w, https:\/\/recarprofi.cz\/wp-content\/uploads\/2022\/12\/baoli-ep203-1-scaled-600x515.jpg 600w, https:\/\/recarprofi.cz\/wp-content\/uploads\/2022\/12\/baoli-ep203-1-744x638.jpg 744w, https:\/\/recarprofi.cz\/wp-content\/uploads\/2022\/12\/baoli-ep203-1-420x360.jpg 420w, https:\/\/recarprofi.cz\/wp-content\/uploads\/2022\/12\/baoli-ep203-1-768x659.jpg 768w, https:\/\/recarprofi.cz\/wp-content\/uploads\/2022\/12\/baoli-ep203-1-1536x1317.jpg 1536w, https:\/\/recarprofi.cz\/wp-content\/uploads\/2022\/12\/baoli-ep203-1-2048x1757.jpg 2048w, https:\/\/recarprofi.cz\/wp-content\/uploads\/2022\/12\/baoli-ep203-1-70x60.jpg 70w\" sizes=\"(max-width: 847px) 100vw, 847px\" \/>\t\t\t\t\t\t\t\t\t\t\t\t\t\t\t<\/div>\n\t\t\t\t<\/div>\n\t\t\t\t\t<\/div>\n\t\t<\/div>\n\t\t\t\t\t<\/div>\n\t\t<\/section>\n\t\t\t\t<section class=\"elementor-section elementor-top-section elementor-element elementor-element-5019749 elementor-section-boxed elementor-section-height-default elementor-section-height-default\" data-id=\"5019749\" data-element_type=\"section\" data-e-type=\"section\">\n\t\t\t\t\t\t<div class=\"elementor-container elementor-column-gap-default\">\n\t\t\t\t\t<div class=\"elementor-column elementor-col-100 elementor-top-column elementor-element elementor-element-345026d\" data-id=\"345026d\" data-element_type=\"column\" data-e-type=\"column\">\n\t\t\t<div class=\"elementor-widget-wrap elementor-element-populated\">\n\t\t\t\t\t\t<div class=\"elementor-element elementor-element-77ee067 elementor-widget elementor-widget-button\" data-id=\"77ee067\" data-element_type=\"widget\" data-e-type=\"widget\" data-widget_type=\"button.default\">\n\t\t\t\t<div class=\"elementor-widget-container\">\n\t\t\t\t\t\t\t\t\t<div class=\"elementor-button-wrapper\">\n\t\t\t\t\t<a class=\"elementor-button elementor-button-link elementor-size-sm\" href=\"https:\/\/recarprofi.cz\/uvod\/kategorie-produktu\/rucne-vedene-elektricke-voziky\/\">\n\t\t\t\t\t\t<span class=\"elementor-button-content-wrapper\">\n\t\t\t\t\t\t\t\t\t<span class=\"elementor-button-text\">Vstup do eshopu<\/span>\n\t\t\t\t\t<\/span>\n\t\t\t\t\t<\/a>\n\t\t\t\t<\/div>\n\t\t\t\t\t\t\t\t<\/div>\n\t\t\t\t<\/div>\n\t\t\t\t<div class=\"elementor-element elementor-element-4d247c0 elementor-widget elementor-widget-text-editor\" data-id=\"4d247c0\" data-element_type=\"widget\" data-e-type=\"widget\" data-widget_type=\"text-editor.default\">\n\t\t\t\t<div class=\"elementor-widget-container\">\n\t\t\t\t\t\t\t\t\t<p><span>Paletov\u00fd voz\u00edk Baoli EP 20-111 je k dispozici s nosnost\u00ed 2000 kg, skl\u00e1dac\u00ed plo\u0161inou a chr\u00e1ni\u010dem pa\u017ee.\u00a0Tento voz\u00edk je speci\u00e1ln\u011b navr\u017een pro p\u0159epravu n\u00e1klad\u016f na st\u0159edn\u00ed a dlouh\u00e9 vzd\u00e1lenosti.\u00a0EP 20-111 je velmi obratn\u00fd a m\u00e1 ergonomickou oj spojenou s elektrick\u00fdm syst\u00e9mem \u0159\u00edzen\u00ed.\u00a0Toto centr\u00e1ln\u00ed za\u0159\u00edzen\u00ed zvy\u0161uje bezpe\u010dnost a sni\u017euje \u00fanavu obsluhy p\u0159i v\u0161ech operac\u00edch.<\/span><\/p><p><span>S maxim\u00e1ln\u00ed rychlost\u00ed 12 km\/h v nenalo\u017een\u00e9m stavu a 9 km\/h v nalo\u017een\u00e9m stavu nab\u00edz\u00ed EP 20-111 velk\u00e9 v\u00fdhody ve srovn\u00e1n\u00ed s ru\u010dn\u00edmi paletov\u00fdmi voz\u00edky.\u00a0Umo\u017e\u0148uje v\u00fdrazn\u011b zrychlit p\u0159esuny n\u00e1kladu a zkr\u00e1tit \u010dasy p\u0159esun\u016f ve st\u0159edn\u00edch a velk\u00fdch skladech.<\/span><\/p><p><span>EP 20-111 m\u016f\u017ee b\u00fdt vybaven t\u0159emi r\u016fzn\u00fdmi bateriemi: bu\u010f 210 Ah nebo 270 Ah baterie pro standardn\u00ed pracovn\u00ed sm\u011bny a 345 Ah na cel\u00fd pracovn\u00ed den.<\/span><\/p><p><span>Paletov\u00fd voz\u00edk lze p\u0159izp\u016fsobit mnoha zp\u016fsoby, v\u010detn\u011b vidlic s d\u00e9lkou a\u017e 2400 mm pro p\u0159esun 2 palet najednou<\/span><\/p>\t\t\t\t\t\t\t\t<\/div>\n\t\t\t\t<\/div>\n\t\t\t\t\t<\/div>\n\t\t<\/div>\n\t\t\t\t\t<\/div>\n\t\t<\/section>\n\t\t\t\t<section class=\"elementor-section elementor-top-section elementor-element elementor-element-264afdb elementor-section-boxed elementor-section-height-default elementor-section-height-default\" data-id=\"264afdb\" data-element_type=\"section\" data-e-type=\"section\">\n\t\t\t\t\t\t<div class=\"elementor-container elementor-column-gap-default\">\n\t\t\t\t\t<div class=\"elementor-column elementor-col-100 elementor-top-column elementor-element elementor-element-112fca1\" data-id=\"112fca1\" data-element_type=\"column\" data-e-type=\"column\">\n\t\t\t<div class=\"elementor-widget-wrap elementor-element-populated\">\n\t\t\t\t\t\t<div class=\"elementor-element elementor-element-9e14ceb elementor-widget elementor-widget-text-editor\" data-id=\"9e14ceb\" data-element_type=\"widget\" data-e-type=\"widget\" data-widget_type=\"text-editor.default\">\n\t\t\t\t<div class=\"elementor-widget-container\">\n\t\t\t\t\t\t\t\t\t<h2 class=\"content-text-image__body-headline\"><span>Technologie a funkce<\/span><\/h2><div class=\"content-text-image__body-text content-text-image__body-text__industrial-trucks\"><ul><li><span>Maxim\u00e1ln\u00ed rychlost a\u017e 12 km\/h<\/span><\/li><li>Elektronick\u00fd syst\u00e9m \u0159\u00edzen\u00ed<\/li><li>Odoln\u00e9 chr\u00e1ni\u010de pa\u017e\u00ed<\/li><li>Pevn\u00fd podvozek a platforma<\/li><li>Celokovov\u00e9 kryty motoru a baterie<\/li><li>K dispozici jsou vidlice s celkovou \u0161\u00ed\u0159kou 560 nebo 685 mm<\/li><li>D\u00e9lka vidlice a\u017e 2400 mm (2 palety)<\/li><li>Baterie a\u017e 345 Ah<\/li><li>Elektromagnetick\u00e1 parkovac\u00ed brzda<\/li><\/ul><\/div>\t\t\t\t\t\t\t\t<\/div>\n\t\t\t\t<\/div>\n\t\t\t\t\t<\/div>\n\t\t<\/div>\n\t\t\t\t\t<\/div>\n\t\t<\/section>\n\t\t\t\t<section class=\"elementor-section elementor-top-section elementor-element elementor-element-3ad2c71 elementor-section-boxed elementor-section-height-default elementor-section-height-default\" data-id=\"3ad2c71\" data-element_type=\"section\" data-e-type=\"section\">\n\t\t\t\t\t\t<div class=\"elementor-container elementor-column-gap-default\">\n\t\t\t\t\t<div class=\"elementor-column elementor-col-100 elementor-top-column elementor-element elementor-element-4a4d2ab\" data-id=\"4a4d2ab\" data-element_type=\"column\" data-e-type=\"column\">\n\t\t\t<div class=\"elementor-widget-wrap elementor-element-populated\">\n\t\t\t\t\t\t<div class=\"elementor-element elementor-element-3362cba elementor-widget elementor-widget-image\" data-id=\"3362cba\" data-element_type=\"widget\" data-e-type=\"widget\" data-widget_type=\"image.default\">\n\t\t\t\t<div class=\"elementor-widget-container\">\n\t\t\t\t\t\t\t\t\t\t\t\t\t\t\t<img decoding=\"async\" width=\"847\" height=\"613\" src=\"https:\/\/recarprofi.cz\/wp-content\/uploads\/2022\/12\/baoli-ep204.jpg\" class=\"attachment-large size-large wp-image-25137\" alt=\"\" srcset=\"https:\/\/recarprofi.cz\/wp-content\/uploads\/2022\/12\/baoli-ep204.jpg 1200w, https:\/\/recarprofi.cz\/wp-content\/uploads\/2022\/12\/baoli-ep204-600x435.jpg 600w, https:\/\/recarprofi.cz\/wp-content\/uploads\/2022\/12\/baoli-ep204-744x539.jpg 744w, https:\/\/recarprofi.cz\/wp-content\/uploads\/2022\/12\/baoli-ep204-420x304.jpg 420w, https:\/\/recarprofi.cz\/wp-content\/uploads\/2022\/12\/baoli-ep204-768x556.jpg 768w, https:\/\/recarprofi.cz\/wp-content\/uploads\/2022\/12\/baoli-ep204-83x60.jpg 83w\" sizes=\"(max-width: 847px) 100vw, 847px\" \/>\t\t\t\t\t\t\t\t\t\t\t\t\t\t\t<\/div>\n\t\t\t\t<\/div>\n\t\t\t\t\t<\/div>\n\t\t<\/div>\n\t\t\t\t\t<\/div>\n\t\t<\/section>\n\t\t\t\t<\/div>\n\t\t","protected":false},"excerpt":{"rendered":"<p>Vstup do eshopu Paletov\u00fd voz\u00edk Baoli EP 20-111 je k dispozici s nosnost\u00ed 2000 kg, skl\u00e1dac\u00ed plo\u0161inou a chr\u00e1ni\u010dem pa\u017ee.\u00a0Tento voz\u00edk je speci\u00e1ln\u011b navr\u017een pro p\u0159epravu n\u00e1klad\u016f na st\u0159edn\u00ed a dlouh\u00e9 vzd\u00e1lenosti.\u00a0EP 20-111 je velmi&hellip;<\/p>\n","protected":false},"author":1,"featured_media":25042,"parent":25037,"menu_order":6,"comment_status":"closed","ping_status":"closed","template":"","meta":{"footnotes":""},"class_list":["post-25134","page","type-page","status-publish","has-post-thumbnail","hentry"],"_links":{"self":[{"href":"https:\/\/recarprofi.cz\/uvod\/wp-json\/wp\/v2\/pages\/25134","targetHints":{"allow":["GET"]}}],"collection":[{"href":"https:\/\/recarprofi.cz\/uvod\/wp-json\/wp\/v2\/pages"}],"about":[{"href":"https:\/\/recarprofi.cz\/uvod\/wp-json\/wp\/v2\/types\/page"}],"author":[{"embeddable":true,"href":"https:\/\/recarprofi.cz\/uvod\/wp-json\/wp\/v2\/users\/1"}],"replies":[{"embeddable":true,"href":"https:\/\/recarprofi.cz\/uvod\/wp-json\/wp\/v2\/comments?post=25134"}],"version-history":[{"count":11,"href":"https:\/\/recarprofi.cz\/uvod\/wp-json\/wp\/v2\/pages\/25134\/revisions"}],"predecessor-version":[{"id":32666,"href":"https:\/\/recarprofi.cz\/uvod\/wp-json\/wp\/v2\/pages\/25134\/revisions\/32666"}],"up":[{"embeddable":true,"href":"https:\/\/recarprofi.cz\/uvod\/wp-json\/wp\/v2\/pages\/25037"}],"wp:featuredmedia":[{"embeddable":true,"href":"https:\/\/recarprofi.cz\/uvod\/wp-json\/wp\/v2\/media\/25042"}],"wp:attachment":[{"href":"https:\/\/recarprofi.cz\/uvod\/wp-json\/wp\/v2\/media?parent=25134"}],"curies":[{"name":"wp","href":"https:\/\/api.w.org\/{rel}","templated":true}]}}