{"id":258,"date":"2013-01-29T13:58:03","date_gmt":"2013-01-29T12:58:03","guid":{"rendered":"http:\/\/recarprofi.cz\/?page_id=258"},"modified":"2026-01-08T11:42:08","modified_gmt":"2026-01-08T10:42:08","slug":"22d-35da-9","status":"publish","type":"page","link":"https:\/\/recarprofi.cz\/uvod\/manipulacni-technika\/vysokozdvizne-voziky-hyundai\/naftove\/22d-35da-9\/","title":{"rendered":"Vysokozdvi\u017en\u00e9 voz\u00edky Hyundai 22D\/35DA-9"},"content":{"rendered":"\t\t<div data-elementor-type=\"wp-page\" data-elementor-id=\"258\" class=\"elementor elementor-258\">\n\t\t\t\t\t\t<section class=\"elementor-section elementor-top-section elementor-element elementor-element-6140da12 elementor-section-boxed elementor-section-height-default elementor-section-height-default\" data-id=\"6140da12\" data-element_type=\"section\" data-e-type=\"section\">\n\t\t\t\t\t\t<div class=\"elementor-container elementor-column-gap-default\">\n\t\t\t\t\t<div class=\"elementor-column elementor-col-100 elementor-top-column elementor-element elementor-element-134f083b\" data-id=\"134f083b\" data-element_type=\"column\" data-e-type=\"column\">\n\t\t\t<div class=\"elementor-widget-wrap elementor-element-populated\">\n\t\t\t\t\t\t<div class=\"elementor-element elementor-element-1af6da57 elementor-widget elementor-widget-text-editor\" data-id=\"1af6da57\" data-element_type=\"widget\" data-e-type=\"widget\" data-widget_type=\"text-editor.default\">\n\t\t\t\t<div class=\"elementor-widget-container\">\n\t\t\t\t\t\t\t\t\t<p><a href=\"http:\/\/recarprofi.cz\/wp-content\/uploads\/2016\/10\/hyundai-22d-9.jpg\"><img fetchpriority=\"high\" decoding=\"async\" class=\"aligncenter wp-image-7861 size-large\" src=\"https:\/\/recarprofi.cz\/wp-content\/uploads\/2016\/10\/hyundai-22d-9-1024x731.jpg\" alt=\"\" width=\"1024\" height=\"731\" srcset=\"https:\/\/recarprofi.cz\/wp-content\/uploads\/2016\/10\/hyundai-22d-9-1024x731.jpg 1024w, https:\/\/recarprofi.cz\/wp-content\/uploads\/2016\/10\/hyundai-22d-9-scaled-600x428.jpg 600w, https:\/\/recarprofi.cz\/wp-content\/uploads\/2016\/10\/hyundai-22d-9-300x214.jpg 300w, https:\/\/recarprofi.cz\/wp-content\/uploads\/2016\/10\/hyundai-22d-9-768x548.jpg 768w\" sizes=\"(max-width: 1024px) 100vw, 1024px\" \/><\/a><\/p><p><span style=\"color: #993366;\"><strong><em>Naftov\u00e9 vysokozdvi\u017en\u00e9 voz\u00edky\u00a0Hyundai s nosnosti\u00a0od 2,2 do 3,5t.<\/em><\/strong><\/span><\/p><p><strong><em>\u0158ada voz\u00edk\u016f 22D\/25D\/30D\/33D\/35DA-9 V\u00e1m nab\u00edz\u00ed pohodln\u00e9 pracovn\u00ed prost\u0159ed\u00ed a snadnou obsluhu stroje.<\/em><\/strong><br \/><strong><em>Spolu s jeho p\u0159esnost\u00ed a dobrou viditelnost\u00ed \u0159idi\u010de to ur\u010dit\u011b spln\u00ed v\u0161echny va\u0161e po\u017eadavky. Jeho pevn\u00e1 konstrukce v\u00e1m pom\u016f\u017ee udr\u017eet t\u011b\u017ekou pr\u00e1ci, a z\u00e1rove\u0148 zachovat va\u0161e n\u00e1klady na \u00fadr\u017ebu dole. To je v nemal\u00e9 \u010d\u00e1sti z\u00e1sluhou modern\u00edho velkokapacitn\u00edho hydraulick\u00e9ho syst\u00e9mu. Rychl\u00e9 a bezpe\u010dn\u00e9 zved\u00e1n\u00ed, kontrolovan\u00e9 spou\u0161t\u011bn\u00ed<\/em><\/strong><br \/><strong><em>sto\u017e\u00e1ru, jako\u017e i nakl\u00e1p\u011bn\u00ed dop\u0159edu a dozadu, zaji\u0161\u0165uje optim\u00e1ln\u00ed provozn\u00ed podm\u00ednky v pr\u016fb\u011bhu nakl\u00e1d\u00e1n\u00ed \/ vykl\u00e1d\u00e1n\u00ed.<\/em><\/strong><\/p><p><span style=\"color: #800000;\"><em><strong>Parametry:<\/strong><\/em><\/span><\/p><table style=\"height: 632px;\" width=\"658\"><tbody><tr><td width=\"129\"><strong><em>Typ voz\u00edku<\/em><\/strong><\/td><td width=\"129\"><strong><em>22D-9E<\/em><\/strong><\/td><td width=\"129\"><strong><em>25D-9 \/ E<\/em><\/strong><\/td><td width=\"129\"><strong><em>30D-9 \/ E<\/em><\/strong><\/td><td width=\"129\"><strong><em>33D-9 \/ E<\/em><\/strong><\/td><td width=\"129\"><strong><em>35DA-9<\/em><\/strong><\/td><\/tr><tr><td width=\"129\"><strong><em>Pohon<\/em><\/strong><\/td><td width=\"129\">Diesel<\/td><td width=\"129\">Diesel<\/td><td width=\"129\">Diesel<\/td><td width=\"129\">Diesel<\/td><td width=\"129\">Diesel<\/td><\/tr><tr><td width=\"129\"><strong><em>Nosnost<\/em><\/strong><\/td><td width=\"129\">2200 kg<\/td><td width=\"129\">2500 kg<\/td><td width=\"129\">3000 kg<\/td><td width=\"129\">3300 kg<\/td><td width=\"129\">3500 kg<\/td><\/tr><tr><td width=\"129\"><strong><em>Vylo\u017een\u00ed t\u011b\u017ei\u0161t\u011b<\/em><\/strong><\/td><td width=\"129\">500 mm<\/td><td width=\"129\">500 mm<\/td><td width=\"129\">500 mm<\/td><td width=\"129\">500 mm<\/td><td width=\"129\">500 mm<\/td><\/tr><tr><td width=\"129\"><strong><em>Vlastn\u00ed hmotnost<\/em><\/strong><\/td><td width=\"129\">3510 kg<\/td><td width=\"129\">3888 kg<\/td><td width=\"129\">4282 kg<\/td><td width=\"129\">4561 kg<\/td><td width=\"129\">4698 kg<\/td><\/tr><tr><td width=\"129\"><strong><em>Pneumatiky p\u0159edn\u00ed<\/em><\/strong><\/td><td width=\"129\">7.00-12<\/td><td width=\"129\">7.00-12<\/td><td width=\"129\">28&#215;9-15<\/td><td width=\"129\">28&#215;9-15<\/td><td width=\"129\">28&#215;9-15<\/td><\/tr><tr><td width=\"129\"><p><strong><em>Pneumatiky<\/em><\/strong><\/p><p><strong><em>zadn\u00ed<\/em><\/strong><\/p><\/td><td width=\"129\">6.50-10<\/td><td width=\"129\">6.50-10<\/td><td width=\"129\">6.50-10<\/td><td width=\"129\">6.50-10<\/td><td width=\"129\">6.50-10<\/td><\/tr><tr><td width=\"129\"><strong><em>Rychlost pojezdu<\/em><\/strong><\/td><td width=\"129\">17,1 km\/h<\/td><td width=\"129\">18,5 km\/h<\/td><td width=\"129\">20 km\/h<\/td><td width=\"129\">19,9 km\/h<\/td><td width=\"129\">19,9 km\/h<\/td><\/tr><tr><td width=\"129\"><strong><em>Motor<\/em><\/strong><\/td><td width=\"129\">Yanmar<\/td><td width=\"129\">Kubota V3307\/Yanmar<\/td><td width=\"129\">Kubota V3307\/Yanmar<\/td><td width=\"129\">Kubota V3307\/Yanmar<\/td><td width=\"129\"><p>Kubota<\/p><p>V3307<\/p><\/td><\/tr><tr><td width=\"129\"><strong><em>V\u00fdkon motoru<\/em><\/strong><\/td><td width=\"129\">33,4kW<\/td><td width=\"129\">50 kW\/33,4kW<\/td><td width=\"129\">50 kW\/33,4kW<\/td><td width=\"129\">50 kW\/33,4kW<\/td><td width=\"129\">50kW<\/td><\/tr><\/tbody><\/table><p><em><strong><br \/><span style=\"color: #800000;\">Prospekt:<\/span>\u00a0<a href=\"http:\/\/recarprofi.cz\/wp-content\/uploads\/2013\/01\/hyundai-22-35da-9.pdf\">hyundai-22-35da-9<\/a><\/strong><\/em><\/p><p>\u00a0<\/p><p>\u00a0<\/p><p><a href=\"https:\/\/recarprofi.cz\/wp-content\/uploads\/2019\/08\/hyundai-30d-9-scaled.jpg\"><img decoding=\"async\" class=\"size-medium wp-image-13551 aligncenter\" src=\"https:\/\/recarprofi.cz\/wp-content\/uploads\/2019\/08\/hyundai-30d-9-744x724.jpg\" alt=\"\" width=\"744\" height=\"724\" srcset=\"https:\/\/recarprofi.cz\/wp-content\/uploads\/2019\/08\/hyundai-30d-9-744x724.jpg 744w, https:\/\/recarprofi.cz\/wp-content\/uploads\/2019\/08\/hyundai-30d-9-scaled-600x584.jpg 600w, https:\/\/recarprofi.cz\/wp-content\/uploads\/2019\/08\/hyundai-30d-9-420x408.jpg 420w, https:\/\/recarprofi.cz\/wp-content\/uploads\/2019\/08\/hyundai-30d-9-768x747.jpg 768w, https:\/\/recarprofi.cz\/wp-content\/uploads\/2019\/08\/hyundai-30d-9-1200x1167.jpg 1200w, https:\/\/recarprofi.cz\/wp-content\/uploads\/2019\/08\/hyundai-30d-9-50x50.jpg 50w\" sizes=\"(max-width: 744px) 100vw, 744px\" \/><\/a><\/p><p><a href=\"https:\/\/recarprofi.cz\/wp-content\/uploads\/2019\/08\/hyundai-25d-9.2.jpg\"><img decoding=\"async\" class=\"size-full wp-image-13553 aligncenter\" src=\"https:\/\/recarprofi.cz\/wp-content\/uploads\/2019\/08\/hyundai-25d-9.2.jpg\" alt=\"\" width=\"722\" height=\"600\" srcset=\"https:\/\/recarprofi.cz\/wp-content\/uploads\/2019\/08\/hyundai-25d-9.2.jpg 722w, https:\/\/recarprofi.cz\/wp-content\/uploads\/2019\/08\/hyundai-25d-9.2-600x499.jpg 600w, https:\/\/recarprofi.cz\/wp-content\/uploads\/2019\/08\/hyundai-25d-9.2-420x349.jpg 420w\" sizes=\"(max-width: 722px) 100vw, 722px\" \/><\/a><\/p>\t\t\t\t\t\t\t\t<\/div>\n\t\t\t\t<\/div>\n\t\t\t\t\t<\/div>\n\t\t<\/div>\n\t\t\t\t\t<\/div>\n\t\t<\/section>\n\t\t\t\t<\/div>\n\t\t","protected":false},"excerpt":{"rendered":"<p>Naftov\u00e9 vysokozdvi\u017en\u00e9 voz\u00edky\u00a0Hyundai s nosnosti\u00a0od 2,2 do 3,5t. \u0158ada voz\u00edk\u016f 22D\/25D\/30D\/33D\/35DA-9 V\u00e1m nab\u00edz\u00ed pohodln\u00e9 pracovn\u00ed prost\u0159ed\u00ed a snadnou obsluhu stroje.Spolu s jeho p\u0159esnost\u00ed a dobrou viditelnost\u00ed \u0159idi\u010de to ur\u010dit\u011b spln\u00ed v\u0161echny va\u0161e po\u017eadavky. Jeho pevn\u00e1&hellip;<\/p>\n","protected":false},"author":1,"featured_media":13553,"parent":227,"menu_order":2,"comment_status":"closed","ping_status":"closed","template":"","meta":{"footnotes":""},"class_list":["post-258","page","type-page","status-publish","has-post-thumbnail","hentry"],"_links":{"self":[{"href":"https:\/\/recarprofi.cz\/uvod\/wp-json\/wp\/v2\/pages\/258","targetHints":{"allow":["GET"]}}],"collection":[{"href":"https:\/\/recarprofi.cz\/uvod\/wp-json\/wp\/v2\/pages"}],"about":[{"href":"https:\/\/recarprofi.cz\/uvod\/wp-json\/wp\/v2\/types\/page"}],"author":[{"embeddable":true,"href":"https:\/\/recarprofi.cz\/uvod\/wp-json\/wp\/v2\/users\/1"}],"replies":[{"embeddable":true,"href":"https:\/\/recarprofi.cz\/uvod\/wp-json\/wp\/v2\/comments?post=258"}],"version-history":[{"count":55,"href":"https:\/\/recarprofi.cz\/uvod\/wp-json\/wp\/v2\/pages\/258\/revisions"}],"predecessor-version":[{"id":32660,"href":"https:\/\/recarprofi.cz\/uvod\/wp-json\/wp\/v2\/pages\/258\/revisions\/32660"}],"up":[{"embeddable":true,"href":"https:\/\/recarprofi.cz\/uvod\/wp-json\/wp\/v2\/pages\/227"}],"wp:featuredmedia":[{"embeddable":true,"href":"https:\/\/recarprofi.cz\/uvod\/wp-json\/wp\/v2\/media\/13553"}],"wp:attachment":[{"href":"https:\/\/recarprofi.cz\/uvod\/wp-json\/wp\/v2\/media?parent=258"}],"curies":[{"name":"wp","href":"https:\/\/api.w.org\/{rel}","templated":true}]}}