{"id":2596,"date":"2013-02-20T18:25:05","date_gmt":"2013-02-20T17:25:05","guid":{"rendered":"http:\/\/recarprofi.cz\/?page_id=2596"},"modified":"2024-04-26T15:18:41","modified_gmt":"2024-04-26T13:18:41","slug":"diskove-unia-l","status":"publish","type":"page","link":"https:\/\/recarprofi.cz\/uvod\/zemedelska-technika\/picniny\/zaci-stroje\/diskove-unia-l\/","title":{"rendered":"Diskov\u00e9 \u017eac\u00ed stroje Unia \u0159ady L"},"content":{"rendered":"\t\t<div data-elementor-type=\"wp-page\" data-elementor-id=\"2596\" class=\"elementor elementor-2596\">\n\t\t\t\t\t\t<section class=\"elementor-section elementor-top-section elementor-element elementor-element-4de5a201 elementor-section-boxed elementor-section-height-default elementor-section-height-default\" data-id=\"4de5a201\" data-element_type=\"section\" data-e-type=\"section\">\n\t\t\t\t\t\t<div class=\"elementor-container elementor-column-gap-default\">\n\t\t\t\t\t<div class=\"elementor-column elementor-col-100 elementor-top-column elementor-element elementor-element-50cbe8f3\" data-id=\"50cbe8f3\" data-element_type=\"column\" data-e-type=\"column\">\n\t\t\t<div class=\"elementor-widget-wrap elementor-element-populated\">\n\t\t\t\t\t\t<div class=\"elementor-element elementor-element-70c7c7fd elementor-widget elementor-widget-text-editor\" data-id=\"70c7c7fd\" data-element_type=\"widget\" data-e-type=\"widget\" data-widget_type=\"text-editor.default\">\n\t\t\t\t<div class=\"elementor-widget-container\">\n\t\t\t\t\t\t\t\t\t<p><a href=\"https:\/\/recarprofi.cz\/wp-content\/uploads\/2018\/07\/unia-alka-l3.png\"><img fetchpriority=\"high\" decoding=\"async\" class=\"aligncenter wp-image-10609 size-large\" src=\"https:\/\/recarprofi.cz\/wp-content\/uploads\/2018\/07\/unia-alka-l3-1200x520.png\" alt=\"\" width=\"1140\" height=\"494\" \/><\/a><\/p><p>ALKA L je bo\u010dn\u00ed diskov\u00e1 seka\u010dka tvo\u0159ena disky se dv\u011bmi no\u017ei, umo\u017e\u0148uj\u00edc\u00ed rychlou v\u00fdm\u011bnu pomoc\u00ed rychloup\u00edn\u00e1k\u016f. Stroj je nesen v t\u0159\u00ed bodov\u00e9m z\u00e1v\u011bsu traktoru, poh\u00e1n\u011bn kardanovou h\u0159\u00eddeli, nadleh\u010dov\u00e1n vinut\u00fdmi pru\u017einami,\u00a0 \u00a0 \u00a0 \u00a0hydraulicky skl\u00e1d\u00e1n do p\u0159epravn\u00ed polohy.<\/p><p>ALKA L je ve standardu vybavena:<\/p><ul><li>rychl\u00e1 v\u00fdm\u011bna no\u017e\u00edk\u016f<\/li><li>individu\u00e1ln\u00ed ji\u0161t\u011bn\u00ed disk\u016f<\/li><li>hydraulick\u00e9 skl\u00e1d\u00e1n\u00ed pro transport<\/li><li>\u0159\u00e1dkovac\u00ed kotou\u010de<\/li><li>odleh\u010den\u00ed li\u0161ty<\/li><li>n\u00e1razov\u00e9 ji\u0161t\u011bn\u00ed<\/li><li>komplet \u017eac\u00edch no\u017e\u00edk\u016f + sada n\u00e1hradn\u00edch<\/li><li>kloubov\u00fd n\u00e1hon (6&#215;6, 460 Nm) s volnob\u011b\u017ekou<\/li><\/ul><p><strong>Technick\u00e9 parametry:<\/strong><\/p><table><tbody><tr><td width=\"85\"><strong>Model<\/strong><\/td><td width=\"85\"><strong>Alka 2,1<\/strong><\/td><td width=\"85\"><strong>Alka 2,45<\/strong><\/td><td width=\"85\"><strong>Alka 2,8<\/strong><\/td><\/tr><tr><td width=\"85\">Pracovn\u00ed z\u00e1b\u011br (m)<\/td><td width=\"85\">2,1<\/td><td width=\"85\">2,45<\/td><td width=\"85\">2,8<\/td><\/tr><tr><td width=\"85\">Po\u010det disk\u016f (ks)<\/td><td width=\"85\">5<\/td><td width=\"85\">6<\/td><td width=\"85\">7<\/td><\/tr><tr><td width=\"85\">Po\u010det no\u017e\u016f (ks)<\/td><td width=\"85\">10<\/td><td width=\"85\">12<\/td><td width=\"85\">14<\/td><\/tr><tr><td width=\"85\">V\u00fd\u0161ka se\u010den\u00ed (mm)<\/td><td width=\"85\">40-60<\/td><td width=\"85\">40-60<\/td><td width=\"85\">40-60<\/td><\/tr><tr><td width=\"85\">Hodinov\u00e1 v\u00fdkonnost (ha\/hod)<\/td><td width=\"85\">2,1<\/td><td width=\"85\">2,5<\/td><td width=\"85\">2,9<\/td><\/tr><tr><td width=\"85\">Hmotnost (kg)<\/td><td width=\"85\">437<\/td><td width=\"85\">471<\/td><td width=\"85\">495<\/td><\/tr><tr><td width=\"85\">V\u00fdkon traktoru (k)<\/td><td width=\"85\">50<\/td><td width=\"85\">60<\/td><td width=\"85\">70<\/td><\/tr><tr><td width=\"85\">Ot\u00e1\u010dky kardanu (ot\/min)<\/td><td width=\"85\">540<\/td><td width=\"85\">540<\/td><td width=\"85\">540<\/td><\/tr><tr><td width=\"85\">P\u0159epravn\u00ed v\u00fd\u0161ka (m)<\/td><td width=\"85\">2,58<\/td><td width=\"85\">2,93<\/td><td width=\"85\">3,35<\/td><\/tr><tr><td width=\"85\">Kategorie z\u00e1v\u011bsu<\/td><td width=\"85\">II \/ III<\/td><td width=\"85\">II \/ III<\/td><td width=\"85\">II \/ III<\/td><\/tr><tr><td width=\"85\">\u0160\u00ed\u0159ka pokosu (m)<\/td><td width=\"85\">1,45<\/td><td width=\"85\">1,8<\/td><td width=\"85\">2,15<\/td><\/tr><\/tbody><\/table><p><a href=\"http:\/\/recarprofi.cz\/wp-content\/uploads\/2018\/07\/unia-alka-l2.jpg\"><br \/><\/a><a href=\"http:\/\/recarprofi.cz\/wp-content\/uploads\/2018\/07\/unia-alka-l2.jpg\"><img decoding=\"async\" class=\"aligncenter wp-image-10611 size-full\" src=\"http:\/\/recarprofi.cz\/wp-content\/uploads\/2018\/07\/unia-alka-l2.jpg\" alt=\"\" width=\"500\" height=\"331\" srcset=\"https:\/\/recarprofi.cz\/wp-content\/uploads\/2018\/07\/unia-alka-l2.jpg 500w, https:\/\/recarprofi.cz\/wp-content\/uploads\/2018\/07\/unia-alka-l2-416x275.jpg 416w, https:\/\/recarprofi.cz\/wp-content\/uploads\/2018\/07\/unia-alka-l2-420x278.jpg 420w\" sizes=\"(max-width: 500px) 100vw, 500px\" \/><\/a><a href=\"http:\/\/recarprofi.cz\/wp-content\/uploads\/2018\/07\/unia-alka-l5.jpg\"><img decoding=\"async\" class=\"aligncenter wp-image-10612 size-full\" src=\"http:\/\/recarprofi.cz\/wp-content\/uploads\/2018\/07\/unia-alka-l5.jpg\" alt=\"\" width=\"500\" height=\"331\" srcset=\"https:\/\/recarprofi.cz\/wp-content\/uploads\/2018\/07\/unia-alka-l5.jpg 500w, https:\/\/recarprofi.cz\/wp-content\/uploads\/2018\/07\/unia-alka-l5-416x275.jpg 416w, https:\/\/recarprofi.cz\/wp-content\/uploads\/2018\/07\/unia-alka-l5-420x278.jpg 420w\" sizes=\"(max-width: 500px) 100vw, 500px\" \/><\/a><\/p><p>\u00a0<\/p><p><a href=\"http:\/\/recarprofi.cz\/wp-content\/uploads\/2018\/07\/unia-alka-l1.jpg\"><img loading=\"lazy\" decoding=\"async\" class=\"aligncenter wp-image-10618 size-full\" src=\"https:\/\/recarprofi.cz\/wp-content\/uploads\/2018\/07\/unia-alka-l1.jpg\" alt=\"\" width=\"1000\" height=\"310\" srcset=\"https:\/\/recarprofi.cz\/wp-content\/uploads\/2018\/07\/unia-alka-l1.jpg 1000w, https:\/\/recarprofi.cz\/wp-content\/uploads\/2018\/07\/unia-alka-l1-600x186.jpg 600w, https:\/\/recarprofi.cz\/wp-content\/uploads\/2018\/07\/unia-alka-l1-420x130.jpg 420w, https:\/\/recarprofi.cz\/wp-content\/uploads\/2018\/07\/unia-alka-l1-744x231.jpg 744w, https:\/\/recarprofi.cz\/wp-content\/uploads\/2018\/07\/unia-alka-l1-768x238.jpg 768w\" sizes=\"(max-width: 1000px) 100vw, 1000px\" \/><\/a><\/p><p><a href=\"http:\/\/recarprofi.cz\/wp-content\/uploads\/2018\/07\/unia-alka-l4.jpg\"><img loading=\"lazy\" decoding=\"async\" class=\"aligncenter wp-image-10610 size-full\" src=\"http:\/\/recarprofi.cz\/wp-content\/uploads\/2018\/07\/unia-alka-l4.jpg\" alt=\"\" width=\"500\" height=\"526\" srcset=\"https:\/\/recarprofi.cz\/wp-content\/uploads\/2018\/07\/unia-alka-l4.jpg 500w, https:\/\/recarprofi.cz\/wp-content\/uploads\/2018\/07\/unia-alka-l4-416x438.jpg 416w, https:\/\/recarprofi.cz\/wp-content\/uploads\/2018\/07\/unia-alka-l4-420x442.jpg 420w\" sizes=\"(max-width: 500px) 100vw, 500px\" \/><\/a><\/p><p><a href=\"https:\/\/recarprofi.cz\/wp-content\/uploads\/2018\/07\/unia-alka-l6.jpg\"><img loading=\"lazy\" decoding=\"async\" class=\"aligncenter wp-image-10624 size-full\" src=\"https:\/\/recarprofi.cz\/wp-content\/uploads\/2018\/07\/unia-alka-l6.jpg\" alt=\"\" width=\"979\" height=\"409\" srcset=\"https:\/\/recarprofi.cz\/wp-content\/uploads\/2018\/07\/unia-alka-l6.jpg 979w, https:\/\/recarprofi.cz\/wp-content\/uploads\/2018\/07\/unia-alka-l6-600x251.jpg 600w\" sizes=\"(max-width: 979px) 100vw, 979px\" \/><\/a><\/p>\t\t\t\t\t\t\t\t<\/div>\n\t\t\t\t<\/div>\n\t\t\t\t\t<\/div>\n\t\t<\/div>\n\t\t\t\t\t<\/div>\n\t\t<\/section>\n\t\t\t\t<\/div>\n\t\t","protected":false},"excerpt":{"rendered":"<p>ALKA L je bo\u010dn\u00ed diskov\u00e1 seka\u010dka tvo\u0159ena disky se dv\u011bmi no\u017ei, umo\u017e\u0148uj\u00edc\u00ed rychlou v\u00fdm\u011bnu pomoc\u00ed rychloup\u00edn\u00e1k\u016f. Stroj je nesen v t\u0159\u00ed bodov\u00e9m z\u00e1v\u011bsu traktoru, poh\u00e1n\u011bn kardanovou h\u0159\u00eddeli, nadleh\u010dov\u00e1n vinut\u00fdmi pru\u017einami,\u00a0 \u00a0 \u00a0 \u00a0hydraulicky skl\u00e1d\u00e1n do&hellip;<\/p>\n","protected":false},"author":1,"featured_media":0,"parent":2559,"menu_order":3,"comment_status":"closed","ping_status":"closed","template":"","meta":{"footnotes":""},"class_list":["post-2596","page","type-page","status-publish","hentry"],"_links":{"self":[{"href":"https:\/\/recarprofi.cz\/uvod\/wp-json\/wp\/v2\/pages\/2596","targetHints":{"allow":["GET"]}}],"collection":[{"href":"https:\/\/recarprofi.cz\/uvod\/wp-json\/wp\/v2\/pages"}],"about":[{"href":"https:\/\/recarprofi.cz\/uvod\/wp-json\/wp\/v2\/types\/page"}],"author":[{"embeddable":true,"href":"https:\/\/recarprofi.cz\/uvod\/wp-json\/wp\/v2\/users\/1"}],"replies":[{"embeddable":true,"href":"https:\/\/recarprofi.cz\/uvod\/wp-json\/wp\/v2\/comments?post=2596"}],"version-history":[{"count":38,"href":"https:\/\/recarprofi.cz\/uvod\/wp-json\/wp\/v2\/pages\/2596\/revisions"}],"predecessor-version":[{"id":21324,"href":"https:\/\/recarprofi.cz\/uvod\/wp-json\/wp\/v2\/pages\/2596\/revisions\/21324"}],"up":[{"embeddable":true,"href":"https:\/\/recarprofi.cz\/uvod\/wp-json\/wp\/v2\/pages\/2559"}],"wp:attachment":[{"href":"https:\/\/recarprofi.cz\/uvod\/wp-json\/wp\/v2\/media?parent=2596"}],"curies":[{"name":"wp","href":"https:\/\/api.w.org\/{rel}","templated":true}]}}