{"id":26440,"date":"2023-07-19T14:58:03","date_gmt":"2023-07-19T12:58:03","guid":{"rendered":"https:\/\/recarprofi.cz\/uvod\/?page_id=26440"},"modified":"2024-04-22T15:24:27","modified_gmt":"2024-04-22T13:24:27","slug":"sklizeci-rezacky","status":"publish","type":"page","link":"https:\/\/recarprofi.cz\/uvod\/zemedelska-technika\/sklizeci-rezacky\/","title":{"rendered":"Skl\u00edzec\u00ed \u0159eza\u010dky"},"content":{"rendered":"\t\t<div data-elementor-type=\"wp-page\" data-elementor-id=\"26440\" class=\"elementor elementor-26440\">\n\t\t\t\t\t\t<section class=\"elementor-section elementor-top-section elementor-element elementor-element-1f9aea0 elementor-section-boxed elementor-section-height-default elementor-section-height-default\" data-id=\"1f9aea0\" data-element_type=\"section\" data-e-type=\"section\">\n\t\t\t\t\t\t<div class=\"elementor-container elementor-column-gap-default\">\n\t\t\t\t\t<div class=\"elementor-column elementor-col-100 elementor-top-column elementor-element elementor-element-375de6e\" data-id=\"375de6e\" data-element_type=\"column\" data-e-type=\"column\">\n\t\t\t<div class=\"elementor-widget-wrap elementor-element-populated\">\n\t\t\t\t\t\t<div class=\"elementor-element elementor-element-eb66d17 elementor-position-left elementor-vertical-align-top elementor-widget elementor-widget-image-box\" data-id=\"eb66d17\" data-element_type=\"widget\" data-e-type=\"widget\" data-widget_type=\"image-box.default\">\n\t\t\t\t<div class=\"elementor-widget-container\">\n\t\t\t\t\t<div class=\"elementor-image-box-wrapper\"><figure class=\"elementor-image-box-img\"><a href=\"https:\/\/recarprofi.cz\/uvod\/zemedelska-technika\/sklizeci-rezacky\/krone\/\" tabindex=\"-1\"><img decoding=\"async\" src=\"https:\/\/recarprofi.cz\/wp-content\/uploads\/2023\/07\/krone-big-370x280.png\" title=\"krone big\" alt=\"krone big\" loading=\"lazy\" \/><\/a><\/figure><div class=\"elementor-image-box-content\"><h3 class=\"elementor-image-box-title\"><a href=\"https:\/\/recarprofi.cz\/uvod\/zemedelska-technika\/sklizeci-rezacky\/krone\/\">Krone<\/a><\/h3><p class=\"elementor-image-box-description\">V\u00fdkon od 490 do 1156 HP.<\/p><\/div><\/div>\t\t\t\t<\/div>\n\t\t\t\t<\/div>\n\t\t\t\t\t<\/div>\n\t\t<\/div>\n\t\t\t\t\t<\/div>\n\t\t<\/section>\n\t\t\t\t<section class=\"elementor-section elementor-top-section elementor-element elementor-element-b239d70 elementor-section-boxed elementor-section-height-default elementor-section-height-default\" data-id=\"b239d70\" data-element_type=\"section\" data-e-type=\"section\">\n\t\t\t\t\t\t<div class=\"elementor-container elementor-column-gap-default\">\n\t\t\t\t\t<div class=\"elementor-column elementor-col-100 elementor-top-column elementor-element elementor-element-5269ff6\" data-id=\"5269ff6\" data-element_type=\"column\" data-e-type=\"column\">\n\t\t\t<div class=\"elementor-widget-wrap elementor-element-populated\">\n\t\t\t\t\t\t<div class=\"elementor-element elementor-element-4301abe elementor-position-left elementor-vertical-align-top elementor-widget elementor-widget-image-box\" data-id=\"4301abe\" data-element_type=\"widget\" data-e-type=\"widget\" data-widget_type=\"image-box.default\">\n\t\t\t\t<div class=\"elementor-widget-container\">\n\t\t\t\t\t<div class=\"elementor-image-box-wrapper\"><figure class=\"elementor-image-box-img\"><a href=\"https:\/\/recarprofi.cz\/uvod\/zemedelska-technika\/sklizeci-rezacky\/new-holland\/\" tabindex=\"-1\"><img decoding=\"async\" src=\"https:\/\/recarprofi.cz\/wp-content\/uploads\/2023\/07\/new-holland-fr-370x280.jpg\" title=\"new holland fr\" alt=\"new holland fr\" loading=\"lazy\" \/><\/a><\/figure><div class=\"elementor-image-box-content\"><h3 class=\"elementor-image-box-title\"><a href=\"https:\/\/recarprofi.cz\/uvod\/zemedelska-technika\/sklizeci-rezacky\/new-holland\/\">New Holland<\/a><\/h3><p class=\"elementor-image-box-description\">V\u00fdkon od 470 do 910 PS<\/p><\/div><\/div>\t\t\t\t<\/div>\n\t\t\t\t<\/div>\n\t\t\t\t\t<\/div>\n\t\t<\/div>\n\t\t\t\t\t<\/div>\n\t\t<\/section>\n\t\t\t\t<section class=\"elementor-section elementor-top-section elementor-element elementor-element-27ad8c5 elementor-section-boxed elementor-section-height-default elementor-section-height-default\" data-id=\"27ad8c5\" data-element_type=\"section\" data-e-type=\"section\">\n\t\t\t\t\t\t<div class=\"elementor-container elementor-column-gap-default\">\n\t\t\t\t\t<div class=\"elementor-column elementor-col-100 elementor-top-column elementor-element elementor-element-0720a93\" data-id=\"0720a93\" data-element_type=\"column\" data-e-type=\"column\">\n\t\t\t<div class=\"elementor-widget-wrap elementor-element-populated\">\n\t\t\t\t\t\t<div class=\"elementor-element elementor-element-72b6e7c elementor-position-left elementor-vertical-align-top elementor-widget elementor-widget-image-box\" data-id=\"72b6e7c\" data-element_type=\"widget\" data-e-type=\"widget\" data-widget_type=\"image-box.default\">\n\t\t\t\t<div class=\"elementor-widget-container\">\n\t\t\t\t\t<div class=\"elementor-image-box-wrapper\"><figure class=\"elementor-image-box-img\"><img fetchpriority=\"high\" decoding=\"async\" width=\"280\" height=\"188\" src=\"https:\/\/recarprofi.cz\/wp-content\/uploads\/2024\/03\/celikel.jpg\" class=\"attachment-full size-full wp-image-28392\" alt=\"\" \/><\/figure><div class=\"elementor-image-box-content\"><h3 class=\"elementor-image-box-title\">Celikel<\/h3><p class=\"elementor-image-box-description\">Nesen\u00e9 a ta\u017een\u00e9 \u0159eza\u010dky<\/p><\/div><\/div>\t\t\t\t<\/div>\n\t\t\t\t<\/div>\n\t\t\t\t\t<\/div>\n\t\t<\/div>\n\t\t\t\t\t<\/div>\n\t\t<\/section>\n\t\t\t\t<\/div>\n\t\t","protected":false},"excerpt":{"rendered":"<p>Krone V\u00fdkon od 490 do 1156 HP. New Holland V\u00fdkon od 470 do 910 PS Celikel Nesen\u00e9 a ta\u017een\u00e9 \u0159eza\u010dky<\/p>\n","protected":false},"author":1,"featured_media":26422,"parent":77,"menu_order":3,"comment_status":"closed","ping_status":"closed","template":"","meta":{"footnotes":""},"class_list":["post-26440","page","type-page","status-publish","has-post-thumbnail","hentry"],"_links":{"self":[{"href":"https:\/\/recarprofi.cz\/uvod\/wp-json\/wp\/v2\/pages\/26440","targetHints":{"allow":["GET"]}}],"collection":[{"href":"https:\/\/recarprofi.cz\/uvod\/wp-json\/wp\/v2\/pages"}],"about":[{"href":"https:\/\/recarprofi.cz\/uvod\/wp-json\/wp\/v2\/types\/page"}],"author":[{"embeddable":true,"href":"https:\/\/recarprofi.cz\/uvod\/wp-json\/wp\/v2\/users\/1"}],"replies":[{"embeddable":true,"href":"https:\/\/recarprofi.cz\/uvod\/wp-json\/wp\/v2\/comments?post=26440"}],"version-history":[{"count":45,"href":"https:\/\/recarprofi.cz\/uvod\/wp-json\/wp\/v2\/pages\/26440\/revisions"}],"predecessor-version":[{"id":30496,"href":"https:\/\/recarprofi.cz\/uvod\/wp-json\/wp\/v2\/pages\/26440\/revisions\/30496"}],"up":[{"embeddable":true,"href":"https:\/\/recarprofi.cz\/uvod\/wp-json\/wp\/v2\/pages\/77"}],"wp:featuredmedia":[{"embeddable":true,"href":"https:\/\/recarprofi.cz\/uvod\/wp-json\/wp\/v2\/media\/26422"}],"wp:attachment":[{"href":"https:\/\/recarprofi.cz\/uvod\/wp-json\/wp\/v2\/media?parent=26440"}],"curies":[{"name":"wp","href":"https:\/\/api.w.org\/{rel}","templated":true}]}}