{"id":26461,"date":"2023-07-20T12:42:30","date_gmt":"2023-07-20T10:42:30","guid":{"rendered":"https:\/\/recarprofi.cz\/uvod\/?page_id=26461"},"modified":"2026-01-08T12:35:37","modified_gmt":"2026-01-08T11:35:37","slug":"es-10-n01","status":"publish","type":"page","link":"https:\/\/recarprofi.cz\/uvod\/manipulacni-technika\/rucne-vedene-voziky-baoli\/es-10-n01\/","title":{"rendered":"Ru\u010dn\u011b veden\u00fd vysokozdvi\u017en\u00fd voz\u00edk Baoli ES 10-N01"},"content":{"rendered":"\t\t<div data-elementor-type=\"wp-page\" data-elementor-id=\"26461\" class=\"elementor elementor-26461\">\n\t\t\t\t\t\t<section class=\"elementor-section elementor-top-section elementor-element elementor-element-6ffda53 elementor-section-boxed elementor-section-height-default elementor-section-height-default\" data-id=\"6ffda53\" data-element_type=\"section\" data-e-type=\"section\">\n\t\t\t\t\t\t<div class=\"elementor-container elementor-column-gap-default\">\n\t\t\t\t\t<div class=\"elementor-column elementor-col-100 elementor-top-column elementor-element elementor-element-7cd8b01\" data-id=\"7cd8b01\" data-element_type=\"column\" data-e-type=\"column\">\n\t\t\t<div class=\"elementor-widget-wrap elementor-element-populated\">\n\t\t\t\t\t\t<div class=\"elementor-element elementor-element-1a84de0 elementor-widget elementor-widget-image\" data-id=\"1a84de0\" data-element_type=\"widget\" data-e-type=\"widget\" data-widget_type=\"image.default\">\n\t\t\t\t<div class=\"elementor-widget-container\">\n\t\t\t\t\t\t\t\t\t\t\t\t\t\t\t<img fetchpriority=\"high\" decoding=\"async\" width=\"800\" height=\"600\" src=\"https:\/\/recarprofi.cz\/wp-content\/uploads\/2023\/07\/baoli-es10.jpg\" class=\"attachment-large size-large wp-image-26463\" alt=\"\" srcset=\"https:\/\/recarprofi.cz\/wp-content\/uploads\/2023\/07\/baoli-es10.jpg 800w, https:\/\/recarprofi.cz\/wp-content\/uploads\/2023\/07\/baoli-es10-744x558.jpg 744w, https:\/\/recarprofi.cz\/wp-content\/uploads\/2023\/07\/baoli-es10-420x315.jpg 420w, https:\/\/recarprofi.cz\/wp-content\/uploads\/2023\/07\/baoli-es10-768x576.jpg 768w, https:\/\/recarprofi.cz\/wp-content\/uploads\/2023\/07\/baoli-es10-80x60.jpg 80w, https:\/\/recarprofi.cz\/wp-content\/uploads\/2023\/07\/baoli-es10-600x450.jpg 600w\" sizes=\"(max-width: 800px) 100vw, 800px\" \/>\t\t\t\t\t\t\t\t\t\t\t\t\t\t\t<\/div>\n\t\t\t\t<\/div>\n\t\t\t\t\t<\/div>\n\t\t<\/div>\n\t\t\t\t\t<\/div>\n\t\t<\/section>\n\t\t\t\t<section class=\"elementor-section elementor-top-section elementor-element elementor-element-433ec14 elementor-section-boxed elementor-section-height-default elementor-section-height-default\" data-id=\"433ec14\" data-element_type=\"section\" data-e-type=\"section\">\n\t\t\t\t\t\t<div class=\"elementor-container elementor-column-gap-default\">\n\t\t\t\t\t<div class=\"elementor-column elementor-col-100 elementor-top-column elementor-element elementor-element-a3c2f6f\" data-id=\"a3c2f6f\" data-element_type=\"column\" data-e-type=\"column\">\n\t\t\t<div class=\"elementor-widget-wrap elementor-element-populated\">\n\t\t\t\t\t\t<div class=\"elementor-element elementor-element-360ce98 elementor-widget elementor-widget-button\" data-id=\"360ce98\" data-element_type=\"widget\" data-e-type=\"widget\" data-widget_type=\"button.default\">\n\t\t\t\t<div class=\"elementor-widget-container\">\n\t\t\t\t\t\t\t\t\t<div class=\"elementor-button-wrapper\">\n\t\t\t\t\t<a class=\"elementor-button elementor-button-link elementor-size-sm\" href=\"https:\/\/recarprofi.cz\/uvod\/kategorie-produktu\/rucne-vedene-elektricke-voziky\/\">\n\t\t\t\t\t\t<span class=\"elementor-button-content-wrapper\">\n\t\t\t\t\t\t\t\t\t<span class=\"elementor-button-text\">Vstup do eshopu<\/span>\n\t\t\t\t\t<\/span>\n\t\t\t\t\t<\/a>\n\t\t\t\t<\/div>\n\t\t\t\t\t\t\t\t<\/div>\n\t\t\t\t<\/div>\n\t\t\t\t<div class=\"elementor-element elementor-element-0ef123a elementor-widget elementor-widget-text-editor\" data-id=\"0ef123a\" data-element_type=\"widget\" data-e-type=\"widget\" data-widget_type=\"text-editor.default\">\n\t\t\t\t<div class=\"elementor-widget-container\">\n\t\t\t\t\t\t\t\t\t<p>ES 10-N01 je kompaktn\u00ed voz\u00edk a zvl\u00e1dne zat\u00ed\u017een\u00ed a\u017e 1000 kg. Paletov\u00fd voz\u00edk m\u00e1 pohodln\u00e9 uspo\u0159\u00e1d\u00e1n\u00ed se 4 op\u011brn\u00fdmi body a ergonomickou bo\u010dn\u00ed oj pro dobrou stabilitu a j\u00edzdn\u00ed v\u00fdkon.<\/p><p>ES 10-N01 je vybaven 2\u00d712 V \/ 85 Ah automobilov\u00fdmi bateriemi s vestav\u011bn\u00fdmi nab\u00edje\u010dkami bateri\u00ed a je vybaven indik\u00e1torem nabit\u00ed baterie s funkc\u00ed odpojen\u00ed zdvihu.\u00a0<\/p><p>Voz\u00edk je k dispozici se zvedac\u00edmi sto\u017e\u00e1ry a\u017e do 3,5 metru, aby byla zaji\u0161t\u011bna maxim\u00e1ln\u00ed viditelnost a vysok\u00e1 spolehlivost.<\/p><p>Vidlice jsou k dispozici v r\u016fzn\u00fdch velikostech.\u00a0Univerz\u00e1ln\u00ed a snadno pou\u017eiteln\u00fd ES 10-N01 je chytr\u00e9 za\u0159\u00edzen\u00ed Baoli pro nen\u00e1ro\u010dnou manipulaci se zbo\u017e\u00edm.<\/p>\t\t\t\t\t\t\t\t<\/div>\n\t\t\t\t<\/div>\n\t\t\t\t\t<\/div>\n\t\t<\/div>\n\t\t\t\t\t<\/div>\n\t\t<\/section>\n\t\t\t\t<section class=\"elementor-section elementor-top-section elementor-element elementor-element-ccc8af2 elementor-section-boxed elementor-section-height-default elementor-section-height-default\" data-id=\"ccc8af2\" data-element_type=\"section\" data-e-type=\"section\">\n\t\t\t\t\t\t<div class=\"elementor-container elementor-column-gap-default\">\n\t\t\t\t\t<div class=\"elementor-column elementor-col-100 elementor-top-column elementor-element elementor-element-3803fe0\" data-id=\"3803fe0\" data-element_type=\"column\" data-e-type=\"column\">\n\t\t\t<div class=\"elementor-widget-wrap elementor-element-populated\">\n\t\t\t\t\t\t<div class=\"elementor-element elementor-element-6910b96 elementor-widget elementor-widget-text-editor\" data-id=\"6910b96\" data-element_type=\"widget\" data-e-type=\"widget\" data-widget_type=\"text-editor.default\">\n\t\t\t\t<div class=\"elementor-widget-container\">\n\t\t\t\t\t\t\t\t\t<h2 class=\"content-text-image__body-headline\"><span>Technologie a funkce<\/span><\/h2><div class=\"content-text-image__body-text content-text-image__body-text__industrial-trucks\"><ul><li><span>Automobilov\u00e1 baterie<\/span><\/li><li>Vestav\u011bn\u00e1 nab\u00edje\u010dka bateri\u00ed<\/li><li>K dispozici jsou jednostup\u0148ov\u00e9 a dvoustup\u0148ov\u00e9 sto\u017e\u00e1ry<\/li><li>V\u00fd\u0161ka zdvihu a\u017e 3500 mm<\/li><li>K dispozici jsou vidlice s celkovou \u0161\u00ed\u0159kou 570 nebo 685 mm<\/li><li>Elektromagnetick\u00e1 parkovac\u00ed brzda<\/li><li>Automatick\u00e9 zpomalen\u00ed zdvihu v maxim\u00e1ln\u00ed v\u00fd\u0161ce<\/li><\/ul><\/div>\t\t\t\t\t\t\t\t<\/div>\n\t\t\t\t<\/div>\n\t\t\t\t\t<\/div>\n\t\t<\/div>\n\t\t\t\t\t<\/div>\n\t\t<\/section>\n\t\t\t\t<\/div>\n\t\t","protected":false},"excerpt":{"rendered":"<p>Vstup do eshopu ES 10-N01 je kompaktn\u00ed voz\u00edk a zvl\u00e1dne zat\u00ed\u017een\u00ed a\u017e 1000 kg. Paletov\u00fd voz\u00edk m\u00e1 pohodln\u00e9 uspo\u0159\u00e1d\u00e1n\u00ed se 4 op\u011brn\u00fdmi body a ergonomickou bo\u010dn\u00ed oj pro dobrou stabilitu a j\u00edzdn\u00ed v\u00fdkon. ES 10-N01&hellip;<\/p>\n","protected":false},"author":1,"featured_media":23666,"parent":25037,"menu_order":7,"comment_status":"closed","ping_status":"closed","template":"","meta":{"footnotes":""},"class_list":["post-26461","page","type-page","status-publish","has-post-thumbnail","hentry"],"_links":{"self":[{"href":"https:\/\/recarprofi.cz\/uvod\/wp-json\/wp\/v2\/pages\/26461","targetHints":{"allow":["GET"]}}],"collection":[{"href":"https:\/\/recarprofi.cz\/uvod\/wp-json\/wp\/v2\/pages"}],"about":[{"href":"https:\/\/recarprofi.cz\/uvod\/wp-json\/wp\/v2\/types\/page"}],"author":[{"embeddable":true,"href":"https:\/\/recarprofi.cz\/uvod\/wp-json\/wp\/v2\/users\/1"}],"replies":[{"embeddable":true,"href":"https:\/\/recarprofi.cz\/uvod\/wp-json\/wp\/v2\/comments?post=26461"}],"version-history":[{"count":12,"href":"https:\/\/recarprofi.cz\/uvod\/wp-json\/wp\/v2\/pages\/26461\/revisions"}],"predecessor-version":[{"id":32669,"href":"https:\/\/recarprofi.cz\/uvod\/wp-json\/wp\/v2\/pages\/26461\/revisions\/32669"}],"up":[{"embeddable":true,"href":"https:\/\/recarprofi.cz\/uvod\/wp-json\/wp\/v2\/pages\/25037"}],"wp:featuredmedia":[{"embeddable":true,"href":"https:\/\/recarprofi.cz\/uvod\/wp-json\/wp\/v2\/media\/23666"}],"wp:attachment":[{"href":"https:\/\/recarprofi.cz\/uvod\/wp-json\/wp\/v2\/media?parent=26461"}],"curies":[{"name":"wp","href":"https:\/\/api.w.org\/{rel}","templated":true}]}}