{"id":277,"date":"2013-01-30T11:10:13","date_gmt":"2013-01-30T10:10:13","guid":{"rendered":"http:\/\/recarprofi.cz\/?page_id=277"},"modified":"2024-04-09T14:21:21","modified_gmt":"2024-04-09T12:21:21","slug":"35d-50da-9","status":"publish","type":"page","link":"https:\/\/recarprofi.cz\/uvod\/manipulacni-technika\/vysokozdvizne-voziky-hyundai\/naftove\/35d-50da-9\/","title":{"rendered":"Vysokozdvi\u017en\u00e9 voz\u00edky Hyundai 35D\/50DA-9"},"content":{"rendered":"\t\t<div data-elementor-type=\"wp-page\" data-elementor-id=\"277\" class=\"elementor elementor-277\">\n\t\t\t\t\t\t<section class=\"elementor-section elementor-top-section elementor-element elementor-element-64fe4848 elementor-section-boxed elementor-section-height-default elementor-section-height-default\" data-id=\"64fe4848\" data-element_type=\"section\" data-e-type=\"section\">\n\t\t\t\t\t\t<div class=\"elementor-container elementor-column-gap-default\">\n\t\t\t\t\t<div class=\"elementor-column elementor-col-100 elementor-top-column elementor-element elementor-element-62d93a6d\" data-id=\"62d93a6d\" data-element_type=\"column\" data-e-type=\"column\">\n\t\t\t<div class=\"elementor-widget-wrap elementor-element-populated\">\n\t\t\t\t\t\t<div class=\"elementor-element elementor-element-76fdc338 elementor-widget elementor-widget-text-editor\" data-id=\"76fdc338\" data-element_type=\"widget\" data-e-type=\"widget\" data-widget_type=\"text-editor.default\">\n\t\t\t\t<div class=\"elementor-widget-container\">\n\t\t\t\t\t\t\t\t\t<p><a href=\"http:\/\/recarprofi.cz\/wp-content\/uploads\/2019\/03\/hyundai-10.jpg\"><img fetchpriority=\"high\" decoding=\"async\" class=\"aligncenter wp-image-11708 size-large\" src=\"https:\/\/recarprofi.cz\/wp-content\/uploads\/2019\/03\/hyundai-10-1200x857.jpg\" alt=\"\" width=\"1140\" height=\"814\" srcset=\"https:\/\/recarprofi.cz\/wp-content\/uploads\/2019\/03\/hyundai-10-1200x857.jpg 1200w, https:\/\/recarprofi.cz\/wp-content\/uploads\/2019\/03\/hyundai-10-scaled-600x428.jpg 600w, https:\/\/recarprofi.cz\/wp-content\/uploads\/2019\/03\/hyundai-10-420x300.jpg 420w, https:\/\/recarprofi.cz\/wp-content\/uploads\/2019\/03\/hyundai-10-744x531.jpg 744w, https:\/\/recarprofi.cz\/wp-content\/uploads\/2019\/03\/hyundai-10-768x548.jpg 768w\" sizes=\"(max-width: 1140px) 100vw, 1140px\" \/><\/a><\/p><p><span style=\"color: #993366;\"><em><strong>Naftov\u00e9 vysokozdvi\u017en\u00e9 voz\u00edky Hyundai nosnosti od 3,5 do 5t.<\/strong><\/em><\/span><\/p><p><em><strong>V\u00e1\u0161 flexibiln\u00ed nov\u00fd pracovn\u00ed partner je tady! Nov\u00e1 \u0159ada nab\u00edz\u00ed velk\u00e9, komfortn\u00ed pracovn\u00ed prost\u0159ed\u00ed a snadnou obsluhu stroje. Spolu s\u00a0jeho p\u0159esnost\u00ed a dobrou viditelnost\u00ed \u0159idi\u010de ur\u010dit\u011b spln\u00ed v\u0161echny va\u0161e po\u017eadavky. Jeho propracovan\u00e1 a pevn\u00e1 konstrukce v\u00e1m pom\u016f\u017ee udr\u017eet t\u011b\u017ekou pr\u00e1ci, a p\u0159itom n\u00e1klady na \u00fadr\u017ebu dol\u016f. Modern\u00ed, velkoprostorov\u00fd hydraulick\u00fd syst\u00e9m obsahuje bezhlu\u010dn\u00fd ovl\u00e1dac\u00ed ventil, kter\u00fd zkracuje reak\u010dn\u00ed dobu p\u0159i provozu a zlep\u0161uje \u00fa\u010dinnost i \u017eivotnost. Rychl\u00e9 a bezpe\u010dn\u00e9 zvedan\u00ed, kontrolovan\u00e9 sn\u00ed\u017een\u00ed sto\u017e\u00e1ru, jako\u017e i nakl\u00e1p\u011bn\u00ed dop\u0159edu a dozadu, zaji\u0161\u0165uje optim\u00e1ln\u00ed provozn\u00ed podm\u00ednky p\u0159i nakl\u00e1dce \/ vykl\u00e1dce. V\u00fdkonn\u00e9 a kvalitn\u00ed stroje V\u00e1m nab\u00edz\u00ed komfortn\u00ed pr\u00e1ci a dlouhou \u017eivotnost.<\/strong><\/em><\/p><p><span style=\"color: #993366;\"><em><strong>Parametry:<\/strong><\/em><\/span><\/p><table border=\"1\" cellspacing=\"0\" cellpadding=\"0\"><tbody><tr><td valign=\"top\"><strong><span style=\"color: #993366;\">Typ voz\u00edku<\/span><\/strong><\/td><td valign=\"top\"><strong><span style=\"color: #993366;\">35D-9<\/span><\/strong><\/td><td valign=\"top\"><strong><span style=\"color: #993366;\">40D-9<\/span><\/strong><\/td><td valign=\"top\"><strong><span style=\"color: #993366;\">45D-9<\/span><\/strong><\/td><td valign=\"top\"><strong><span style=\"color: #993366;\">50DA-9<\/span><\/strong><\/td><\/tr><tr><td valign=\"top\"><strong><em>Pohon<\/em><\/strong><\/td><td valign=\"top\">Diesel<\/td><td valign=\"top\">Diesel<\/td><td valign=\"top\">Diesel<\/td><td valign=\"top\">Diesel<\/td><\/tr><tr><td valign=\"top\"><em><strong>Nosnost<\/strong><\/em><\/td><td valign=\"top\">3500 kg<\/td><td valign=\"top\">4000 kg<\/td><td valign=\"top\">4500 kg<\/td><td valign=\"top\">5000 kg<\/td><\/tr><tr><td valign=\"top\"><strong><em>Vylo\u017een\u00ed t\u011b\u017ei\u0161t\u011b<\/em><\/strong><\/td><td valign=\"top\">600 mm<\/td><td valign=\"top\">600 mm<\/td><td valign=\"top\">600 mm<\/td><td valign=\"top\">600 mm<\/td><\/tr><tr><td valign=\"top\"><strong><em>Vlastn\u00ed hmotnost<\/em><\/strong><\/td><td valign=\"top\">5934kg<\/td><td valign=\"top\">6484 kg<\/td><td valign=\"top\">6900 kg<\/td><td valign=\"top\">7317kg<\/td><\/tr><tr><td valign=\"top\"><strong><em>Pneumatiky p\u0159edn\u00ed<\/em><\/strong><\/td><td valign=\"top\">8.25-15<\/td><td valign=\"top\">7.50-15<\/td><td valign=\"top\">7.50-15<\/td><td valign=\"top\">7.50-15<\/td><\/tr><tr><td valign=\"top\"><em><strong>Pneumatiky zadn\u00ed<\/strong><\/em><\/td><td valign=\"top\">7.00-12<\/td><td valign=\"top\">7.00-12<\/td><td valign=\"top\">7.00-12<\/td><td valign=\"top\">7.00-12<\/td><\/tr><tr><td valign=\"top\"><strong><em>Rychlost pojezdu<\/em><\/strong><\/td><td valign=\"top\">27,7 km\/h<\/td><td valign=\"top\">26,7 km\/h<\/td><td valign=\"top\">26,7 km\/h<\/td><td valign=\"top\">26,6 km\/h<\/td><\/tr><tr><td valign=\"top\"><em><strong>Motor<\/strong><\/em><\/td><td valign=\"top\">Cummins<\/td><td valign=\"top\">Cummins<\/td><td valign=\"top\">Cummins<\/td><td valign=\"top\">Cummins<\/td><\/tr><tr><td valign=\"top\"><em><strong>V\u00fdkon motoru<\/strong><\/em><\/td><td valign=\"top\">70 kW<\/td><td valign=\"top\">70 kW<\/td><td valign=\"top\">70 kW<\/td><td valign=\"top\">70 kW<\/td><\/tr><\/tbody><\/table><p>\u00a0<\/p><p><span style=\"color: #000000;\"><strong>Prospekt:<\/strong><\/span>\u00a0\u00a0<span style=\"color: #ff0000;\"><strong><a style=\"color: #ff0000;\" href=\"http:\/\/recarprofi.cz\/wp-content\/uploads\/2018\/03\/hyundai-35-50da-9.pdf\">Hyundai 35-50da-9<\/a><\/strong><\/span><\/p><p>\u00a0<\/p><p><a href=\"http:\/\/recarprofi.cz\/wp-content\/uploads\/2018\/03\/hyundai-40d-9.jpg\"><img decoding=\"async\" class=\"aligncenter wp-image-10208 size-full\" src=\"https:\/\/recarprofi.cz\/wp-content\/uploads\/2018\/03\/hyundai-40d-9.jpg\" alt=\"\" width=\"1170\" height=\"700\" srcset=\"https:\/\/recarprofi.cz\/wp-content\/uploads\/2018\/03\/hyundai-40d-9.jpg 1170w, https:\/\/recarprofi.cz\/wp-content\/uploads\/2018\/03\/hyundai-40d-9-600x359.jpg 600w, https:\/\/recarprofi.cz\/wp-content\/uploads\/2018\/03\/hyundai-40d-9-420x251.jpg 420w, https:\/\/recarprofi.cz\/wp-content\/uploads\/2018\/03\/hyundai-40d-9-744x445.jpg 744w, https:\/\/recarprofi.cz\/wp-content\/uploads\/2018\/03\/hyundai-40d-9-768x459.jpg 768w\" sizes=\"(max-width: 1170px) 100vw, 1170px\" \/><\/a><\/p>\t\t\t\t\t\t\t\t<\/div>\n\t\t\t\t<\/div>\n\t\t\t\t\t<\/div>\n\t\t<\/div>\n\t\t\t\t\t<\/div>\n\t\t<\/section>\n\t\t\t\t<\/div>\n\t\t","protected":false},"excerpt":{"rendered":"<p>Naftov\u00e9 vysokozdvi\u017en\u00e9 voz\u00edky Hyundai nosnosti od 3,5 do 5t. V\u00e1\u0161 flexibiln\u00ed nov\u00fd pracovn\u00ed partner je tady! Nov\u00e1 \u0159ada nab\u00edz\u00ed velk\u00e9, komfortn\u00ed pracovn\u00ed prost\u0159ed\u00ed a snadnou obsluhu stroje. Spolu s\u00a0jeho p\u0159esnost\u00ed a dobrou viditelnost\u00ed \u0159idi\u010de ur\u010dit\u011b&hellip;<\/p>\n","protected":false},"author":1,"featured_media":12523,"parent":227,"menu_order":3,"comment_status":"closed","ping_status":"closed","template":"","meta":{"footnotes":""},"class_list":["post-277","page","type-page","status-publish","has-post-thumbnail","hentry"],"_links":{"self":[{"href":"https:\/\/recarprofi.cz\/uvod\/wp-json\/wp\/v2\/pages\/277","targetHints":{"allow":["GET"]}}],"collection":[{"href":"https:\/\/recarprofi.cz\/uvod\/wp-json\/wp\/v2\/pages"}],"about":[{"href":"https:\/\/recarprofi.cz\/uvod\/wp-json\/wp\/v2\/types\/page"}],"author":[{"embeddable":true,"href":"https:\/\/recarprofi.cz\/uvod\/wp-json\/wp\/v2\/users\/1"}],"replies":[{"embeddable":true,"href":"https:\/\/recarprofi.cz\/uvod\/wp-json\/wp\/v2\/comments?post=277"}],"version-history":[{"count":25,"href":"https:\/\/recarprofi.cz\/uvod\/wp-json\/wp\/v2\/pages\/277\/revisions"}],"predecessor-version":[{"id":20431,"href":"https:\/\/recarprofi.cz\/uvod\/wp-json\/wp\/v2\/pages\/277\/revisions\/20431"}],"up":[{"embeddable":true,"href":"https:\/\/recarprofi.cz\/uvod\/wp-json\/wp\/v2\/pages\/227"}],"wp:featuredmedia":[{"embeddable":true,"href":"https:\/\/recarprofi.cz\/uvod\/wp-json\/wp\/v2\/media\/12523"}],"wp:attachment":[{"href":"https:\/\/recarprofi.cz\/uvod\/wp-json\/wp\/v2\/media?parent=277"}],"curies":[{"name":"wp","href":"https:\/\/api.w.org\/{rel}","templated":true}]}}