{"id":28184,"date":"2024-01-30T13:26:36","date_gmt":"2024-01-30T12:26:36","guid":{"rendered":"https:\/\/recarprofi.cz\/uvod\/?page_id=28184"},"modified":"2024-04-22T15:22:47","modified_gmt":"2024-04-22T13:22:47","slug":"new-holland","status":"publish","type":"page","link":"https:\/\/recarprofi.cz\/uvod\/zemedelska-technika\/sklizeci-rezacky\/new-holland\/","title":{"rendered":"Skl\u00edzec\u00ed \u0159eza\u010dky New Holland FR"},"content":{"rendered":"\t\t<div data-elementor-type=\"wp-page\" data-elementor-id=\"28184\" class=\"elementor elementor-28184\">\n\t\t\t\t\t\t<section class=\"elementor-section elementor-top-section elementor-element elementor-element-eeb4beb elementor-section-boxed elementor-section-height-default elementor-section-height-default\" data-id=\"eeb4beb\" data-element_type=\"section\" data-e-type=\"section\">\n\t\t\t\t\t\t<div class=\"elementor-container elementor-column-gap-default\">\n\t\t\t\t\t<div class=\"elementor-column elementor-col-100 elementor-top-column elementor-element elementor-element-8e83604\" data-id=\"8e83604\" data-element_type=\"column\" data-e-type=\"column\">\n\t\t\t<div class=\"elementor-widget-wrap elementor-element-populated\">\n\t\t\t\t\t\t<div class=\"elementor-element elementor-element-156c0b8 elementor-widget elementor-widget-image\" data-id=\"156c0b8\" data-element_type=\"widget\" data-e-type=\"widget\" data-widget_type=\"image.default\">\n\t\t\t\t<div class=\"elementor-widget-container\">\n\t\t\t\t\t\t\t\t\t\t\t\t\t\t\t<img fetchpriority=\"high\" decoding=\"async\" width=\"847\" height=\"574\" src=\"https:\/\/recarprofi.cz\/wp-content\/uploads\/2024\/01\/new-holland-fr2.jpg\" class=\"attachment-large size-large wp-image-28185\" alt=\"\" srcset=\"https:\/\/recarprofi.cz\/wp-content\/uploads\/2024\/01\/new-holland-fr2.jpg 900w, https:\/\/recarprofi.cz\/wp-content\/uploads\/2024\/01\/new-holland-fr2-744x504.jpg 744w, https:\/\/recarprofi.cz\/wp-content\/uploads\/2024\/01\/new-holland-fr2-420x285.jpg 420w, https:\/\/recarprofi.cz\/wp-content\/uploads\/2024\/01\/new-holland-fr2-768x521.jpg 768w, https:\/\/recarprofi.cz\/wp-content\/uploads\/2024\/01\/new-holland-fr2-600x407.jpg 600w\" sizes=\"(max-width: 847px) 100vw, 847px\" \/>\t\t\t\t\t\t\t\t\t\t\t\t\t\t\t<\/div>\n\t\t\t\t<\/div>\n\t\t\t\t\t<\/div>\n\t\t<\/div>\n\t\t\t\t\t<\/div>\n\t\t<\/section>\n\t\t\t\t<section class=\"elementor-section elementor-top-section elementor-element elementor-element-c0eaa2f elementor-section-boxed elementor-section-height-default elementor-section-height-default\" data-id=\"c0eaa2f\" data-element_type=\"section\" data-e-type=\"section\">\n\t\t\t\t\t\t<div class=\"elementor-container elementor-column-gap-default\">\n\t\t\t\t\t<div class=\"elementor-column elementor-col-20 elementor-top-column elementor-element elementor-element-b19875f\" data-id=\"b19875f\" data-element_type=\"column\" data-e-type=\"column\">\n\t\t\t<div class=\"elementor-widget-wrap elementor-element-populated\">\n\t\t\t\t\t\t<div class=\"elementor-element elementor-element-b600fd1 elementor-widget elementor-widget-text-editor\" data-id=\"b600fd1\" data-element_type=\"widget\" data-e-type=\"widget\" data-widget_type=\"text-editor.default\">\n\t\t\t\t<div class=\"elementor-widget-container\">\n\t\t\t\t\t\t\t\t\t<p>FR480<\/p><div class=\"model-listing-card__spec1\"><ul><li class=\"model-listing-card__spec-text rich-text\"><p>MAXIM\u00c1LN\u00cd V\u00ddKON MOTORU [KW\/HP] 350\/476<\/p><\/li><li><p>MAXIM\u00c1LN\u00cd TO\u010cIV\u00dd MOMENT (1500 OT.\/MIN) ISO 14396 &#8211; ECE R120 (NM) 2003<\/p><\/li><\/ul><\/div>\t\t\t\t\t\t\t\t<\/div>\n\t\t\t\t<\/div>\n\t\t\t\t\t<\/div>\n\t\t<\/div>\n\t\t\t\t<div class=\"elementor-column elementor-col-20 elementor-top-column elementor-element elementor-element-37eb65e\" data-id=\"37eb65e\" data-element_type=\"column\" data-e-type=\"column\">\n\t\t\t<div class=\"elementor-widget-wrap elementor-element-populated\">\n\t\t\t\t\t\t<div class=\"elementor-element elementor-element-12cc8d6 elementor-widget elementor-widget-text-editor\" data-id=\"12cc8d6\" data-element_type=\"widget\" data-e-type=\"widget\" data-widget_type=\"text-editor.default\">\n\t\t\t\t<div class=\"elementor-widget-container\">\n\t\t\t\t\t\t\t\t\t<p class=\"model-listing-card__title\">FR550<\/p><div class=\"model-listing-card__spec1\"><ul><li class=\"model-listing-card__spec-text rich-text\"><p>MAXIM\u00c1LN\u00cd V\u00ddKON MOTORU [KW\/HP] 400\/544<\/p><\/li><li><p>MAXIM\u00c1LN\u00cd TO\u010cIV\u00dd MOMENT (1500 OT.\/MIN) ISO 14396 &#8211; ECE R120 (NM) 2316<\/p><\/li><\/ul><\/div>\t\t\t\t\t\t\t\t<\/div>\n\t\t\t\t<\/div>\n\t\t\t\t\t<\/div>\n\t\t<\/div>\n\t\t\t\t<div class=\"elementor-column elementor-col-20 elementor-top-column elementor-element elementor-element-f14d02b\" data-id=\"f14d02b\" data-element_type=\"column\" data-e-type=\"column\">\n\t\t\t<div class=\"elementor-widget-wrap elementor-element-populated\">\n\t\t\t\t\t\t<div class=\"elementor-element elementor-element-8b60129 elementor-widget elementor-widget-text-editor\" data-id=\"8b60129\" data-element_type=\"widget\" data-e-type=\"widget\" data-widget_type=\"text-editor.default\">\n\t\t\t\t<div class=\"elementor-widget-container\">\n\t\t\t\t\t\t\t\t\t<p class=\"model-listing-card__title\">FR650<\/p><div class=\"model-listing-card__spec1\"><ul><li class=\"model-listing-card__spec-text rich-text\"><p>MAXIM\u00c1LN\u00cd V\u00ddKON MOTORU\u00a0 [KW\/HP] 480\/653<\/p><\/li><li><p>\u00a0MAXIM\u00c1LN\u00cd TO\u010cIV\u00dd MOMENT (1500 OT.\/MIN) ISO 14396 &#8211; ECE R120 (NM) 2751<\/p><\/li><\/ul><\/div>\t\t\t\t\t\t\t\t<\/div>\n\t\t\t\t<\/div>\n\t\t\t\t\t<\/div>\n\t\t<\/div>\n\t\t\t\t<div class=\"elementor-column elementor-col-20 elementor-top-column elementor-element elementor-element-b7efa83\" data-id=\"b7efa83\" data-element_type=\"column\" data-e-type=\"column\">\n\t\t\t<div class=\"elementor-widget-wrap elementor-element-populated\">\n\t\t\t\t\t\t<div class=\"elementor-element elementor-element-51cd445 elementor-widget elementor-widget-text-editor\" data-id=\"51cd445\" data-element_type=\"widget\" data-e-type=\"widget\" data-widget_type=\"text-editor.default\">\n\t\t\t\t<div class=\"elementor-widget-container\">\n\t\t\t\t\t\t\t\t\t<p class=\"model-listing-card__title\">FR780<\/p><div class=\"model-listing-card__spec1\"><ul><li class=\"model-listing-card__spec-text rich-text\"><p>MAXIM\u00c1LN\u00cd V\u00ddKON MOTORU [KW\/HP] 570\/775<\/p><\/li><li><p>MAXIM\u00c1LN\u00cd TO\u010cIV\u00dd MOMENT (1500 OT.\/MIN) ISO 14396 &#8211; ECE R120 (NM) 3323<\/p><\/li><\/ul><\/div>\t\t\t\t\t\t\t\t<\/div>\n\t\t\t\t<\/div>\n\t\t\t\t\t<\/div>\n\t\t<\/div>\n\t\t\t\t<div class=\"elementor-column elementor-col-20 elementor-top-column elementor-element elementor-element-424a350\" data-id=\"424a350\" data-element_type=\"column\" data-e-type=\"column\">\n\t\t\t<div class=\"elementor-widget-wrap elementor-element-populated\">\n\t\t\t\t\t\t<div class=\"elementor-element elementor-element-bea69b6 elementor-widget elementor-widget-text-editor\" data-id=\"bea69b6\" data-element_type=\"widget\" data-e-type=\"widget\" data-widget_type=\"text-editor.default\">\n\t\t\t\t<div class=\"elementor-widget-container\">\n\t\t\t\t\t\t\t\t\t<p class=\"model-listing-card__title\">FR920<\/p><div class=\"model-listing-card__spec1\"><ul><li class=\"model-listing-card__spec-text rich-text\"><p>MAXIM\u00c1LN\u00cd V\u00ddKON MOTORU [KW\/HP] 670\/911<\/p><\/li><li><p>MAXIM\u00c1LN\u00cd TO\u010cIV\u00dd MOMENT (1500 OT.\/MIN) ISO 14396 &#8211; ECE R120 (NM) 4095<\/p><\/li><\/ul><\/div>\t\t\t\t\t\t\t\t<\/div>\n\t\t\t\t<\/div>\n\t\t\t\t\t<\/div>\n\t\t<\/div>\n\t\t\t\t\t<\/div>\n\t\t<\/section>\n\t\t\t\t<section class=\"elementor-section elementor-top-section elementor-element elementor-element-3780483 elementor-section-boxed elementor-section-height-default elementor-section-height-default\" data-id=\"3780483\" data-element_type=\"section\" data-e-type=\"section\">\n\t\t\t\t\t\t<div class=\"elementor-container elementor-column-gap-default\">\n\t\t\t\t\t<div class=\"elementor-column elementor-col-100 elementor-top-column elementor-element elementor-element-2e09671\" data-id=\"2e09671\" data-element_type=\"column\" data-e-type=\"column\">\n\t\t\t<div class=\"elementor-widget-wrap elementor-element-populated\">\n\t\t\t\t\t\t<div class=\"elementor-element elementor-element-b4e73d5 elementor-widget elementor-widget-image-gallery\" data-id=\"b4e73d5\" data-element_type=\"widget\" data-e-type=\"widget\" data-widget_type=\"image-gallery.default\">\n\t\t\t\t<div class=\"elementor-widget-container\">\n\t\t\t\t\t\t\t<div class=\"elementor-image-gallery\">\n\t\t\t\n\t\t<style type=\"text\/css\">\n\t\t\t#gallery-1 {\n\t\t\t\tmargin: auto;\n\t\t\t}\n\t\t\t#gallery-1 .gallery-item {\n\t\t\t\tfloat: left;\n\t\t\t\tmargin-top: 10px;\n\t\t\t\ttext-align: center;\n\t\t\t\twidth: 25%;\n\t\t\t}\n\t\t\t#gallery-1 img {\n\t\t\t\tborder: 2px solid #cfcfcf;\n\t\t\t}\n\t\t\t#gallery-1 .gallery-caption {\n\t\t\t\tmargin-left: 0;\n\t\t\t}\n\t\t\t\/* see gallery_shortcode() in wp-includes\/media.php *\/\n\t\t<\/style>\n\t\t<div id='gallery-1' class='gallery galleryid-28184 gallery-columns-4 gallery-size-thumbnail'><dl class='gallery-item'>\n\t\t\t<dt class='gallery-icon landscape'>\n\t\t\t\t<a data-elementor-open-lightbox=\"yes\" data-elementor-lightbox-slideshow=\"b4e73d5\" data-elementor-lightbox-title=\"new holland fr3\" data-e-action-hash=\"#elementor-action%3Aaction%3Dlightbox%26settings%3DeyJpZCI6MjgxODYsInVybCI6Imh0dHBzOlwvXC9yZWNhcnByb2ZpLmN6XC93cC1jb250ZW50XC91cGxvYWRzXC8yMDI0XC8wMVwvbmV3LWhvbGxhbmQtZnIzLmpwZyIsInNsaWRlc2hvdyI6ImI0ZTczZDUifQ%3D%3D\" href='https:\/\/recarprofi.cz\/wp-content\/uploads\/2024\/01\/new-holland-fr3.jpg'><img decoding=\"async\" width=\"420\" height=\"285\" src=\"https:\/\/recarprofi.cz\/wp-content\/uploads\/2024\/01\/new-holland-fr3-420x285.jpg\" class=\"attachment-thumbnail size-thumbnail\" alt=\"\" srcset=\"https:\/\/recarprofi.cz\/wp-content\/uploads\/2024\/01\/new-holland-fr3-420x285.jpg 420w, https:\/\/recarprofi.cz\/wp-content\/uploads\/2024\/01\/new-holland-fr3-744x504.jpg 744w, https:\/\/recarprofi.cz\/wp-content\/uploads\/2024\/01\/new-holland-fr3-768x521.jpg 768w, https:\/\/recarprofi.cz\/wp-content\/uploads\/2024\/01\/new-holland-fr3-600x407.jpg 600w, https:\/\/recarprofi.cz\/wp-content\/uploads\/2024\/01\/new-holland-fr3.jpg 900w\" sizes=\"(max-width: 420px) 100vw, 420px\" \/><\/a>\n\t\t\t<\/dt><\/dl><dl class='gallery-item'>\n\t\t\t<dt class='gallery-icon landscape'>\n\t\t\t\t<a data-elementor-open-lightbox=\"yes\" data-elementor-lightbox-slideshow=\"b4e73d5\" data-elementor-lightbox-title=\"new holland fr7\" data-e-action-hash=\"#elementor-action%3Aaction%3Dlightbox%26settings%3DeyJpZCI6MjgxODcsInVybCI6Imh0dHBzOlwvXC9yZWNhcnByb2ZpLmN6XC93cC1jb250ZW50XC91cGxvYWRzXC8yMDI0XC8wMVwvbmV3LWhvbGxhbmQtZnI3LmpwZyIsInNsaWRlc2hvdyI6ImI0ZTczZDUifQ%3D%3D\" href='https:\/\/recarprofi.cz\/wp-content\/uploads\/2024\/01\/new-holland-fr7.jpg'><img decoding=\"async\" width=\"420\" height=\"271\" src=\"https:\/\/recarprofi.cz\/wp-content\/uploads\/2024\/01\/new-holland-fr7-420x271.jpg\" class=\"attachment-thumbnail size-thumbnail\" alt=\"\" srcset=\"https:\/\/recarprofi.cz\/wp-content\/uploads\/2024\/01\/new-holland-fr7-420x271.jpg 420w, https:\/\/recarprofi.cz\/wp-content\/uploads\/2024\/01\/new-holland-fr7-744x481.jpg 744w, https:\/\/recarprofi.cz\/wp-content\/uploads\/2024\/01\/new-holland-fr7-1200x775.jpg 1200w, https:\/\/recarprofi.cz\/wp-content\/uploads\/2024\/01\/new-holland-fr7-768x496.jpg 768w, https:\/\/recarprofi.cz\/wp-content\/uploads\/2024\/01\/new-holland-fr7-1024x662.jpg 1024w, https:\/\/recarprofi.cz\/wp-content\/uploads\/2024\/01\/new-holland-fr7-600x388.jpg 600w, https:\/\/recarprofi.cz\/wp-content\/uploads\/2024\/01\/new-holland-fr7.jpg 1280w\" sizes=\"(max-width: 420px) 100vw, 420px\" \/><\/a>\n\t\t\t<\/dt><\/dl><dl class='gallery-item'>\n\t\t\t<dt class='gallery-icon landscape'>\n\t\t\t\t<a data-elementor-open-lightbox=\"yes\" data-elementor-lightbox-slideshow=\"b4e73d5\" data-elementor-lightbox-title=\"new holland fr1\" data-e-action-hash=\"#elementor-action%3Aaction%3Dlightbox%26settings%3DeyJpZCI6MjgxODgsInVybCI6Imh0dHBzOlwvXC9yZWNhcnByb2ZpLmN6XC93cC1jb250ZW50XC91cGxvYWRzXC8yMDI0XC8wMVwvbmV3LWhvbGxhbmQtZnIxLnBuZyIsInNsaWRlc2hvdyI6ImI0ZTczZDUifQ%3D%3D\" href='https:\/\/recarprofi.cz\/wp-content\/uploads\/2024\/01\/new-holland-fr1.png'><img loading=\"lazy\" decoding=\"async\" width=\"420\" height=\"285\" src=\"https:\/\/recarprofi.cz\/wp-content\/uploads\/2024\/01\/new-holland-fr1-420x285.png\" class=\"attachment-thumbnail size-thumbnail\" alt=\"\" srcset=\"https:\/\/recarprofi.cz\/wp-content\/uploads\/2024\/01\/new-holland-fr1-420x285.png 420w, https:\/\/recarprofi.cz\/wp-content\/uploads\/2024\/01\/new-holland-fr1-744x504.png 744w, https:\/\/recarprofi.cz\/wp-content\/uploads\/2024\/01\/new-holland-fr1-768x521.png 768w, https:\/\/recarprofi.cz\/wp-content\/uploads\/2024\/01\/new-holland-fr1-600x407.png 600w, https:\/\/recarprofi.cz\/wp-content\/uploads\/2024\/01\/new-holland-fr1.png 900w\" sizes=\"(max-width: 420px) 100vw, 420px\" \/><\/a>\n\t\t\t<\/dt><\/dl><dl class='gallery-item'>\n\t\t\t<dt class='gallery-icon landscape'>\n\t\t\t\t<a data-elementor-open-lightbox=\"yes\" data-elementor-lightbox-slideshow=\"b4e73d5\" data-elementor-lightbox-title=\"new holland fr6\" data-e-action-hash=\"#elementor-action%3Aaction%3Dlightbox%26settings%3DeyJpZCI6MjgxODksInVybCI6Imh0dHBzOlwvXC9yZWNhcnByb2ZpLmN6XC93cC1jb250ZW50XC91cGxvYWRzXC8yMDI0XC8wMVwvbmV3LWhvbGxhbmQtZnI2LmpwZyIsInNsaWRlc2hvdyI6ImI0ZTczZDUifQ%3D%3D\" href='https:\/\/recarprofi.cz\/wp-content\/uploads\/2024\/01\/new-holland-fr6.jpg'><img loading=\"lazy\" decoding=\"async\" width=\"420\" height=\"279\" src=\"https:\/\/recarprofi.cz\/wp-content\/uploads\/2024\/01\/new-holland-fr6-420x279.jpg\" class=\"attachment-thumbnail size-thumbnail\" alt=\"\" srcset=\"https:\/\/recarprofi.cz\/wp-content\/uploads\/2024\/01\/new-holland-fr6-420x279.jpg 420w, https:\/\/recarprofi.cz\/wp-content\/uploads\/2024\/01\/new-holland-fr6-744x495.jpg 744w, https:\/\/recarprofi.cz\/wp-content\/uploads\/2024\/01\/new-holland-fr6-768x511.jpg 768w, https:\/\/recarprofi.cz\/wp-content\/uploads\/2024\/01\/new-holland-fr6-600x399.jpg 600w, https:\/\/recarprofi.cz\/wp-content\/uploads\/2024\/01\/new-holland-fr6.jpg 800w\" sizes=\"(max-width: 420px) 100vw, 420px\" \/><\/a>\n\t\t\t<\/dt><\/dl><br style=\"clear: both\" \/><dl class='gallery-item'>\n\t\t\t<dt class='gallery-icon landscape'>\n\t\t\t\t<a data-elementor-open-lightbox=\"yes\" data-elementor-lightbox-slideshow=\"b4e73d5\" data-elementor-lightbox-title=\"new holland fr4\" data-e-action-hash=\"#elementor-action%3Aaction%3Dlightbox%26settings%3DeyJpZCI6MjgxOTAsInVybCI6Imh0dHBzOlwvXC9yZWNhcnByb2ZpLmN6XC93cC1jb250ZW50XC91cGxvYWRzXC8yMDI0XC8wMVwvbmV3LWhvbGxhbmQtZnI0LmpwZyIsInNsaWRlc2hvdyI6ImI0ZTczZDUifQ%3D%3D\" href='https:\/\/recarprofi.cz\/wp-content\/uploads\/2024\/01\/new-holland-fr4.jpg'><img loading=\"lazy\" decoding=\"async\" width=\"420\" height=\"280\" src=\"https:\/\/recarprofi.cz\/wp-content\/uploads\/2024\/01\/new-holland-fr4-420x280.jpg\" class=\"attachment-thumbnail size-thumbnail\" alt=\"\" srcset=\"https:\/\/recarprofi.cz\/wp-content\/uploads\/2024\/01\/new-holland-fr4-420x280.jpg 420w, https:\/\/recarprofi.cz\/wp-content\/uploads\/2024\/01\/new-holland-fr4-744x495.jpg 744w, https:\/\/recarprofi.cz\/wp-content\/uploads\/2024\/01\/new-holland-fr4-1200x799.jpg 1200w, https:\/\/recarprofi.cz\/wp-content\/uploads\/2024\/01\/new-holland-fr4-768x511.jpg 768w, https:\/\/recarprofi.cz\/wp-content\/uploads\/2024\/01\/new-holland-fr4-1024x682.jpg 1024w, https:\/\/recarprofi.cz\/wp-content\/uploads\/2024\/01\/new-holland-fr4-600x399.jpg 600w, https:\/\/recarprofi.cz\/wp-content\/uploads\/2024\/01\/new-holland-fr4.jpg 1280w\" sizes=\"(max-width: 420px) 100vw, 420px\" \/><\/a>\n\t\t\t<\/dt><\/dl><dl class='gallery-item'>\n\t\t\t<dt class='gallery-icon landscape'>\n\t\t\t\t<a data-elementor-open-lightbox=\"yes\" data-elementor-lightbox-slideshow=\"b4e73d5\" data-elementor-lightbox-title=\"new holland fr\" data-e-action-hash=\"#elementor-action%3Aaction%3Dlightbox%26settings%3DeyJpZCI6MjgxOTEsInVybCI6Imh0dHBzOlwvXC9yZWNhcnByb2ZpLmN6XC93cC1jb250ZW50XC91cGxvYWRzXC8yMDI0XC8wMVwvbmV3LWhvbGxhbmQtZnIuanBnIiwic2xpZGVzaG93IjoiYjRlNzNkNSJ9\" href='https:\/\/recarprofi.cz\/wp-content\/uploads\/2024\/01\/new-holland-fr.jpg'><img loading=\"lazy\" decoding=\"async\" width=\"420\" height=\"240\" src=\"https:\/\/recarprofi.cz\/wp-content\/uploads\/2024\/01\/new-holland-fr-420x240.jpg\" class=\"attachment-thumbnail size-thumbnail\" alt=\"\" srcset=\"https:\/\/recarprofi.cz\/wp-content\/uploads\/2024\/01\/new-holland-fr-420x240.jpg 420w, https:\/\/recarprofi.cz\/wp-content\/uploads\/2024\/01\/new-holland-fr-600x343.jpg 600w, https:\/\/recarprofi.cz\/wp-content\/uploads\/2024\/01\/new-holland-fr.jpg 700w\" sizes=\"(max-width: 420px) 100vw, 420px\" \/><\/a>\n\t\t\t<\/dt><\/dl>\n\t\t\t<br style='clear: both' \/>\n\t\t<\/div>\n\t\t<\/div>\n\t\t\t\t\t\t<\/div>\n\t\t\t\t<\/div>\n\t\t\t\t\t<\/div>\n\t\t<\/div>\n\t\t\t\t\t<\/div>\n\t\t<\/section>\n\t\t\t\t<section class=\"elementor-section elementor-top-section elementor-element elementor-element-9b157b9 elementor-section-boxed elementor-section-height-default elementor-section-height-default\" data-id=\"9b157b9\" data-element_type=\"section\" data-e-type=\"section\">\n\t\t\t\t\t\t<div class=\"elementor-container elementor-column-gap-default\">\n\t\t\t\t\t<div class=\"elementor-column elementor-col-100 elementor-top-column elementor-element elementor-element-7c7f27a\" data-id=\"7c7f27a\" data-element_type=\"column\" data-e-type=\"column\">\n\t\t\t<div class=\"elementor-widget-wrap elementor-element-populated\">\n\t\t\t\t\t\t<div class=\"elementor-element elementor-element-e55bde2 elementor-widget elementor-widget-video\" data-id=\"e55bde2\" data-element_type=\"widget\" data-e-type=\"widget\" data-settings=\"{&quot;youtube_url&quot;:&quot;https:\\\/\\\/youtu.be\\\/rJ3dt2i5pF0&quot;,&quot;video_type&quot;:&quot;youtube&quot;,&quot;controls&quot;:&quot;yes&quot;}\" data-widget_type=\"video.default\">\n\t\t\t\t<div class=\"elementor-widget-container\">\n\t\t\t\t\t\t\t<div class=\"elementor-wrapper elementor-open-inline\">\n\t\t\t<div class=\"elementor-video\"><\/div>\t\t<\/div>\n\t\t\t\t\t\t<\/div>\n\t\t\t\t<\/div>\n\t\t\t\t\t<\/div>\n\t\t<\/div>\n\t\t\t\t\t<\/div>\n\t\t<\/section>\n\t\t\t\t<\/div>\n\t\t","protected":false},"excerpt":{"rendered":"<p>FR480 MAXIM\u00c1LN\u00cd V\u00ddKON MOTORU [KW\/HP] 350\/476 MAXIM\u00c1LN\u00cd TO\u010cIV\u00dd MOMENT (1500 OT.\/MIN) ISO 14396 &#8211; ECE R120 (NM) 2003 FR550 MAXIM\u00c1LN\u00cd V\u00ddKON MOTORU [KW\/HP] 400\/544 MAXIM\u00c1LN\u00cd TO\u010cIV\u00dd MOMENT (1500 OT.\/MIN) ISO 14396 &#8211; ECE R120 (NM)&hellip;<\/p>\n","protected":false},"author":1,"featured_media":28190,"parent":26440,"menu_order":2,"comment_status":"closed","ping_status":"closed","template":"","meta":{"footnotes":""},"class_list":["post-28184","page","type-page","status-publish","has-post-thumbnail","hentry"],"_links":{"self":[{"href":"https:\/\/recarprofi.cz\/uvod\/wp-json\/wp\/v2\/pages\/28184","targetHints":{"allow":["GET"]}}],"collection":[{"href":"https:\/\/recarprofi.cz\/uvod\/wp-json\/wp\/v2\/pages"}],"about":[{"href":"https:\/\/recarprofi.cz\/uvod\/wp-json\/wp\/v2\/types\/page"}],"author":[{"embeddable":true,"href":"https:\/\/recarprofi.cz\/uvod\/wp-json\/wp\/v2\/users\/1"}],"replies":[{"embeddable":true,"href":"https:\/\/recarprofi.cz\/uvod\/wp-json\/wp\/v2\/comments?post=28184"}],"version-history":[{"count":12,"href":"https:\/\/recarprofi.cz\/uvod\/wp-json\/wp\/v2\/pages\/28184\/revisions"}],"predecessor-version":[{"id":30492,"href":"https:\/\/recarprofi.cz\/uvod\/wp-json\/wp\/v2\/pages\/28184\/revisions\/30492"}],"up":[{"embeddable":true,"href":"https:\/\/recarprofi.cz\/uvod\/wp-json\/wp\/v2\/pages\/26440"}],"wp:featuredmedia":[{"embeddable":true,"href":"https:\/\/recarprofi.cz\/uvod\/wp-json\/wp\/v2\/media\/28190"}],"wp:attachment":[{"href":"https:\/\/recarprofi.cz\/uvod\/wp-json\/wp\/v2\/media?parent=28184"}],"curies":[{"name":"wp","href":"https:\/\/api.w.org\/{rel}","templated":true}]}}