{"id":28297,"date":"2024-02-23T15:13:39","date_gmt":"2024-02-23T14:13:39","guid":{"rendered":"https:\/\/recarprofi.cz\/uvod\/?page_id=28297"},"modified":"2024-04-25T14:56:17","modified_gmt":"2024-04-25T12:56:17","slug":"kloubove-nakladace-thaler","status":"publish","type":"page","link":"https:\/\/recarprofi.cz\/uvod\/zemedelska-technika\/manipulace\/kloubove-nakladace-thaler\/","title":{"rendered":"Naklada\u010de Thaler"},"content":{"rendered":"\t\t<div data-elementor-type=\"wp-page\" data-elementor-id=\"28297\" class=\"elementor elementor-28297\">\n\t\t\t\t\t\t<section class=\"elementor-section elementor-top-section elementor-element elementor-element-cbed4c8 elementor-section-boxed elementor-section-height-default elementor-section-height-default\" data-id=\"cbed4c8\" data-element_type=\"section\" data-e-type=\"section\">\n\t\t\t\t\t\t<div class=\"elementor-container elementor-column-gap-default\">\n\t\t\t\t\t<div class=\"elementor-column elementor-col-50 elementor-top-column elementor-element elementor-element-e897003\" data-id=\"e897003\" data-element_type=\"column\" data-e-type=\"column\">\n\t\t\t<div class=\"elementor-widget-wrap elementor-element-populated\">\n\t\t\t\t\t\t<div class=\"elementor-element elementor-element-78a9de5 elementor-position-left elementor-vertical-align-middle elementor-widget elementor-widget-image-box\" data-id=\"78a9de5\" data-element_type=\"widget\" data-e-type=\"widget\" data-widget_type=\"image-box.default\">\n\t\t\t\t<div class=\"elementor-widget-container\">\n\t\t\t\t\t<div class=\"elementor-image-box-wrapper\"><figure class=\"elementor-image-box-img\"><a href=\"https:\/\/recarprofi.cz\/uvod\/produkt\/kloubovy-nakladac-thaler-1220\/\" tabindex=\"-1\"><img fetchpriority=\"high\" decoding=\"async\" width=\"828\" height=\"617\" src=\"https:\/\/recarprofi.cz\/wp-content\/uploads\/2023\/12\/thaler-1220.png\" class=\"attachment-full size-full wp-image-27290\" alt=\"\" srcset=\"https:\/\/recarprofi.cz\/wp-content\/uploads\/2023\/12\/thaler-1220.png 828w, https:\/\/recarprofi.cz\/wp-content\/uploads\/2023\/12\/thaler-1220-744x554.png 744w, https:\/\/recarprofi.cz\/wp-content\/uploads\/2023\/12\/thaler-1220-420x313.png 420w, https:\/\/recarprofi.cz\/wp-content\/uploads\/2023\/12\/thaler-1220-768x572.png 768w, https:\/\/recarprofi.cz\/wp-content\/uploads\/2023\/12\/thaler-1220-600x447.png 600w\" sizes=\"(max-width: 828px) 100vw, 828px\" \/><\/a><\/figure><div class=\"elementor-image-box-content\"><h3 class=\"elementor-image-box-title\"><a href=\"https:\/\/recarprofi.cz\/uvod\/produkt\/kloubovy-nakladac-thaler-1220\/\">Thaler 1220<\/a><\/h3><p class=\"elementor-image-box-description\">V\u00fdkon 19 HP<\/p><\/div><\/div>\t\t\t\t<\/div>\n\t\t\t\t<\/div>\n\t\t\t\t\t<\/div>\n\t\t<\/div>\n\t\t\t\t<div class=\"elementor-column elementor-col-50 elementor-top-column elementor-element elementor-element-32e6353\" data-id=\"32e6353\" data-element_type=\"column\" data-e-type=\"column\">\n\t\t\t<div class=\"elementor-widget-wrap elementor-element-populated\">\n\t\t\t\t\t\t<div class=\"elementor-element elementor-element-0eaa303 elementor-position-left elementor-vertical-align-middle elementor-widget elementor-widget-image-box\" data-id=\"0eaa303\" data-element_type=\"widget\" data-e-type=\"widget\" data-widget_type=\"image-box.default\">\n\t\t\t\t<div class=\"elementor-widget-container\">\n\t\t\t\t\t<div class=\"elementor-image-box-wrapper\"><figure class=\"elementor-image-box-img\"><a href=\"https:\/\/recarprofi.cz\/uvod\/produkt\/kloubovy-nakladac-thaler-2220l\/\" tabindex=\"-1\"><img decoding=\"async\" width=\"927\" height=\"619\" src=\"https:\/\/recarprofi.cz\/wp-content\/uploads\/2023\/12\/thaler-2220.png\" class=\"attachment-full size-full wp-image-27295\" alt=\"\" srcset=\"https:\/\/recarprofi.cz\/wp-content\/uploads\/2023\/12\/thaler-2220.png 927w, https:\/\/recarprofi.cz\/wp-content\/uploads\/2023\/12\/thaler-2220-744x497.png 744w, https:\/\/recarprofi.cz\/wp-content\/uploads\/2023\/12\/thaler-2220-420x280.png 420w, https:\/\/recarprofi.cz\/wp-content\/uploads\/2023\/12\/thaler-2220-768x513.png 768w, https:\/\/recarprofi.cz\/wp-content\/uploads\/2023\/12\/thaler-2220-600x401.png 600w\" sizes=\"(max-width: 927px) 100vw, 927px\" \/><\/a><\/figure><div class=\"elementor-image-box-content\"><h3 class=\"elementor-image-box-title\"><a href=\"https:\/\/recarprofi.cz\/uvod\/produkt\/kloubovy-nakladac-thaler-2220l\/\">Thaler 2220<\/a><\/h3><p class=\"elementor-image-box-description\">V\u00fdkon 19 HP<\/p><\/div><\/div>\t\t\t\t<\/div>\n\t\t\t\t<\/div>\n\t\t\t\t\t<\/div>\n\t\t<\/div>\n\t\t\t\t\t<\/div>\n\t\t<\/section>\n\t\t\t\t<section class=\"elementor-section elementor-top-section elementor-element elementor-element-37ba3db elementor-section-boxed elementor-section-height-default elementor-section-height-default\" data-id=\"37ba3db\" data-element_type=\"section\" data-e-type=\"section\">\n\t\t\t\t\t\t<div class=\"elementor-container elementor-column-gap-default\">\n\t\t\t\t\t<div class=\"elementor-column elementor-col-50 elementor-top-column elementor-element elementor-element-f0e6014\" data-id=\"f0e6014\" data-element_type=\"column\" data-e-type=\"column\">\n\t\t\t<div class=\"elementor-widget-wrap elementor-element-populated\">\n\t\t\t\t\t\t<div class=\"elementor-element elementor-element-a0dfa8c elementor-position-left elementor-vertical-align-middle elementor-widget elementor-widget-image-box\" data-id=\"a0dfa8c\" data-element_type=\"widget\" data-e-type=\"widget\" data-widget_type=\"image-box.default\">\n\t\t\t\t<div class=\"elementor-widget-container\">\n\t\t\t\t\t<div class=\"elementor-image-box-wrapper\"><figure class=\"elementor-image-box-img\"><a href=\"https:\/\/recarprofi.cz\/uvod\/produkt\/kloubovy-nakladac-thaler-2320l\/\" tabindex=\"-1\"><img decoding=\"async\" width=\"824\" height=\"618\" src=\"https:\/\/recarprofi.cz\/wp-content\/uploads\/2023\/12\/thaler-23201.png\" class=\"attachment-full size-full wp-image-27316\" alt=\"\" srcset=\"https:\/\/recarprofi.cz\/wp-content\/uploads\/2023\/12\/thaler-23201.png 824w, https:\/\/recarprofi.cz\/wp-content\/uploads\/2023\/12\/thaler-23201-744x558.png 744w, https:\/\/recarprofi.cz\/wp-content\/uploads\/2023\/12\/thaler-23201-420x315.png 420w, https:\/\/recarprofi.cz\/wp-content\/uploads\/2023\/12\/thaler-23201-768x576.png 768w, https:\/\/recarprofi.cz\/wp-content\/uploads\/2023\/12\/thaler-23201-600x450.png 600w\" sizes=\"(max-width: 824px) 100vw, 824px\" \/><\/a><\/figure><div class=\"elementor-image-box-content\"><h3 class=\"elementor-image-box-title\"><a href=\"https:\/\/recarprofi.cz\/uvod\/produkt\/kloubovy-nakladac-thaler-2320l\/\">Thaler 2320<\/a><\/h3><p class=\"elementor-image-box-description\">V\u00fdkon 19 HP<\/p><\/div><\/div>\t\t\t\t<\/div>\n\t\t\t\t<\/div>\n\t\t\t\t\t<\/div>\n\t\t<\/div>\n\t\t\t\t<div class=\"elementor-column elementor-col-50 elementor-top-column elementor-element elementor-element-51f1b49\" data-id=\"51f1b49\" data-element_type=\"column\" data-e-type=\"column\">\n\t\t\t<div class=\"elementor-widget-wrap elementor-element-populated\">\n\t\t\t\t\t\t<div class=\"elementor-element elementor-element-d18996e elementor-position-left elementor-vertical-align-middle elementor-widget elementor-widget-image-box\" data-id=\"d18996e\" data-element_type=\"widget\" data-e-type=\"widget\" data-widget_type=\"image-box.default\">\n\t\t\t\t<div class=\"elementor-widget-container\">\n\t\t\t\t\t<div class=\"elementor-image-box-wrapper\"><figure class=\"elementor-image-box-img\"><a href=\"https:\/\/recarprofi.cz\/uvod\/produkt\/kloubovy-nakladac-thaler-2226l\/\" tabindex=\"-1\"><img loading=\"lazy\" decoding=\"async\" width=\"928\" height=\"618\" src=\"https:\/\/recarprofi.cz\/wp-content\/uploads\/2023\/12\/thaler-22261.png\" class=\"attachment-full size-full wp-image-27302\" alt=\"\" srcset=\"https:\/\/recarprofi.cz\/wp-content\/uploads\/2023\/12\/thaler-22261.png 928w, https:\/\/recarprofi.cz\/wp-content\/uploads\/2023\/12\/thaler-22261-744x495.png 744w, https:\/\/recarprofi.cz\/wp-content\/uploads\/2023\/12\/thaler-22261-420x280.png 420w, https:\/\/recarprofi.cz\/wp-content\/uploads\/2023\/12\/thaler-22261-768x511.png 768w, https:\/\/recarprofi.cz\/wp-content\/uploads\/2023\/12\/thaler-22261-600x400.png 600w\" sizes=\"(max-width: 928px) 100vw, 928px\" \/><\/a><\/figure><div class=\"elementor-image-box-content\"><h3 class=\"elementor-image-box-title\"><a href=\"https:\/\/recarprofi.cz\/uvod\/produkt\/kloubovy-nakladac-thaler-2226l\/\">Thaler 2226<\/a><\/h3><p class=\"elementor-image-box-description\">V\u00fdkon 25 HP<\/p><\/div><\/div>\t\t\t\t<\/div>\n\t\t\t\t<\/div>\n\t\t\t\t\t<\/div>\n\t\t<\/div>\n\t\t\t\t\t<\/div>\n\t\t<\/section>\n\t\t\t\t<section class=\"elementor-section elementor-top-section elementor-element elementor-element-7374f41 elementor-section-boxed elementor-section-height-default elementor-section-height-default\" data-id=\"7374f41\" data-element_type=\"section\" data-e-type=\"section\">\n\t\t\t\t\t\t<div class=\"elementor-container elementor-column-gap-default\">\n\t\t\t\t\t<div class=\"elementor-column elementor-col-50 elementor-top-column elementor-element elementor-element-78a4f33\" data-id=\"78a4f33\" data-element_type=\"column\" data-e-type=\"column\">\n\t\t\t<div class=\"elementor-widget-wrap elementor-element-populated\">\n\t\t\t\t\t\t<div class=\"elementor-element elementor-element-95324f0 elementor-position-left elementor-vertical-align-middle elementor-widget elementor-widget-image-box\" data-id=\"95324f0\" data-element_type=\"widget\" data-e-type=\"widget\" data-widget_type=\"image-box.default\">\n\t\t\t\t<div class=\"elementor-widget-container\">\n\t\t\t\t\t<div class=\"elementor-image-box-wrapper\"><figure class=\"elementor-image-box-img\"><a href=\"https:\/\/recarprofi.cz\/uvod\/produkt\/kloubovy-nakladac-thaler-2230l\/\" tabindex=\"-1\"><img loading=\"lazy\" decoding=\"async\" width=\"593\" height=\"395\" src=\"https:\/\/recarprofi.cz\/wp-content\/uploads\/2023\/12\/thaler-2230.png\" class=\"attachment-full size-full wp-image-27310\" alt=\"\" srcset=\"https:\/\/recarprofi.cz\/wp-content\/uploads\/2023\/12\/thaler-2230.png 593w, https:\/\/recarprofi.cz\/wp-content\/uploads\/2023\/12\/thaler-2230-420x280.png 420w\" sizes=\"(max-width: 593px) 100vw, 593px\" \/><\/a><\/figure><div class=\"elementor-image-box-content\"><h3 class=\"elementor-image-box-title\"><a href=\"https:\/\/recarprofi.cz\/uvod\/produkt\/kloubovy-nakladac-thaler-2230l\/\">Thaler 2230<\/a><\/h3><p class=\"elementor-image-box-description\">V\u00fdkon 25 HP<\/p><\/div><\/div>\t\t\t\t<\/div>\n\t\t\t\t<\/div>\n\t\t\t\t\t<\/div>\n\t\t<\/div>\n\t\t\t\t<div class=\"elementor-column elementor-col-50 elementor-top-column elementor-element elementor-element-9e8dacd\" data-id=\"9e8dacd\" data-element_type=\"column\" data-e-type=\"column\">\n\t\t\t<div class=\"elementor-widget-wrap elementor-element-populated\">\n\t\t\t\t\t\t<div class=\"elementor-element elementor-element-bac3356 elementor-position-left elementor-vertical-align-middle elementor-widget elementor-widget-image-box\" data-id=\"bac3356\" data-element_type=\"widget\" data-e-type=\"widget\" data-widget_type=\"image-box.default\">\n\t\t\t\t<div class=\"elementor-widget-container\">\n\t\t\t\t\t<div class=\"elementor-image-box-wrapper\"><figure class=\"elementor-image-box-img\"><a href=\"https:\/\/recarprofi.cz\/uvod\/produkt\/kloubovy-nakladac-thaler-2326l\/\" tabindex=\"-1\"><img loading=\"lazy\" decoding=\"async\" width=\"825\" height=\"619\" src=\"https:\/\/recarprofi.cz\/wp-content\/uploads\/2023\/12\/thaler-2326.png\" class=\"attachment-full size-full wp-image-27323\" alt=\"\" srcset=\"https:\/\/recarprofi.cz\/wp-content\/uploads\/2023\/12\/thaler-2326.png 825w, https:\/\/recarprofi.cz\/wp-content\/uploads\/2023\/12\/thaler-2326-744x558.png 744w, https:\/\/recarprofi.cz\/wp-content\/uploads\/2023\/12\/thaler-2326-420x315.png 420w, https:\/\/recarprofi.cz\/wp-content\/uploads\/2023\/12\/thaler-2326-768x576.png 768w, https:\/\/recarprofi.cz\/wp-content\/uploads\/2023\/12\/thaler-2326-600x450.png 600w\" sizes=\"(max-width: 825px) 100vw, 825px\" \/><\/a><\/figure><div class=\"elementor-image-box-content\"><h3 class=\"elementor-image-box-title\"><a href=\"https:\/\/recarprofi.cz\/uvod\/produkt\/kloubovy-nakladac-thaler-2326l\/\">Thaler 2326<\/a><\/h3><p class=\"elementor-image-box-description\">V\u00fdkon 25 HP<\/p><\/div><\/div>\t\t\t\t<\/div>\n\t\t\t\t<\/div>\n\t\t\t\t\t<\/div>\n\t\t<\/div>\n\t\t\t\t\t<\/div>\n\t\t<\/section>\n\t\t\t\t<section class=\"elementor-section elementor-top-section elementor-element elementor-element-31c00fb elementor-section-boxed elementor-section-height-default elementor-section-height-default\" data-id=\"31c00fb\" data-element_type=\"section\" data-e-type=\"section\">\n\t\t\t\t\t\t<div class=\"elementor-container elementor-column-gap-default\">\n\t\t\t\t\t<div class=\"elementor-column elementor-col-50 elementor-top-column elementor-element elementor-element-45c7ca2\" data-id=\"45c7ca2\" data-element_type=\"column\" data-e-type=\"column\">\n\t\t\t<div class=\"elementor-widget-wrap elementor-element-populated\">\n\t\t\t\t\t\t<div class=\"elementor-element elementor-element-dc5c8bf elementor-position-left elementor-vertical-align-middle elementor-widget elementor-widget-image-box\" data-id=\"dc5c8bf\" data-element_type=\"widget\" data-e-type=\"widget\" data-widget_type=\"image-box.default\">\n\t\t\t\t<div class=\"elementor-widget-container\">\n\t\t\t\t\t<div class=\"elementor-image-box-wrapper\"><figure class=\"elementor-image-box-img\"><a href=\"https:\/\/recarprofi.cz\/uvod\/produkt\/kloubovy-nakladac-thalet-2438l\/\" tabindex=\"-1\"><img loading=\"lazy\" decoding=\"async\" width=\"2560\" height=\"1920\" src=\"https:\/\/recarprofi.cz\/wp-content\/uploads\/2023\/12\/thaler-2438-scaled.jpg\" class=\"attachment-full size-full wp-image-27329\" alt=\"\" srcset=\"https:\/\/recarprofi.cz\/wp-content\/uploads\/2023\/12\/thaler-2438-scaled.jpg 2560w, https:\/\/recarprofi.cz\/wp-content\/uploads\/2023\/12\/thaler-2438-744x558.jpg 744w, https:\/\/recarprofi.cz\/wp-content\/uploads\/2023\/12\/thaler-2438-1200x900.jpg 1200w, https:\/\/recarprofi.cz\/wp-content\/uploads\/2023\/12\/thaler-2438-420x315.jpg 420w, https:\/\/recarprofi.cz\/wp-content\/uploads\/2023\/12\/thaler-2438-768x576.jpg 768w, https:\/\/recarprofi.cz\/wp-content\/uploads\/2023\/12\/thaler-2438-1536x1152.jpg 1536w, https:\/\/recarprofi.cz\/wp-content\/uploads\/2023\/12\/thaler-2438-2048x1536.jpg 2048w, https:\/\/recarprofi.cz\/wp-content\/uploads\/2023\/12\/thaler-2438-1024x768.jpg 1024w, https:\/\/recarprofi.cz\/wp-content\/uploads\/2023\/12\/thaler-2438-1440x1080.jpg 1440w, https:\/\/recarprofi.cz\/wp-content\/uploads\/2023\/12\/thaler-2438-600x450.jpg 600w\" sizes=\"(max-width: 2560px) 100vw, 2560px\" \/><\/a><\/figure><div class=\"elementor-image-box-content\"><h3 class=\"elementor-image-box-title\"><a href=\"https:\/\/recarprofi.cz\/uvod\/produkt\/kloubovy-nakladac-thalet-2438l\/\">Thaler 2438<\/a><\/h3><p class=\"elementor-image-box-description\">V\u00fdkon 38 HP<\/p><\/div><\/div>\t\t\t\t<\/div>\n\t\t\t\t<\/div>\n\t\t\t\t\t<\/div>\n\t\t<\/div>\n\t\t\t\t<div class=\"elementor-column elementor-col-50 elementor-top-column elementor-element elementor-element-dd219e3\" data-id=\"dd219e3\" data-element_type=\"column\" data-e-type=\"column\">\n\t\t\t<div class=\"elementor-widget-wrap elementor-element-populated\">\n\t\t\t\t\t\t<div class=\"elementor-element elementor-element-4d6cb3c elementor-position-left elementor-vertical-align-middle elementor-widget elementor-widget-image-box\" data-id=\"4d6cb3c\" data-element_type=\"widget\" data-e-type=\"widget\" data-widget_type=\"image-box.default\">\n\t\t\t\t<div class=\"elementor-widget-container\">\n\t\t\t\t\t<div class=\"elementor-image-box-wrapper\"><figure class=\"elementor-image-box-img\"><a href=\"https:\/\/recarprofi.cz\/uvod\/produkt\/kloubovy-nakladac-thaler-2838l\/\" tabindex=\"-1\"><img loading=\"lazy\" decoding=\"async\" width=\"829\" height=\"620\" src=\"https:\/\/recarprofi.cz\/wp-content\/uploads\/2023\/12\/thaler-28382.png\" class=\"attachment-full size-full wp-image-27337\" alt=\"\" srcset=\"https:\/\/recarprofi.cz\/wp-content\/uploads\/2023\/12\/thaler-28382.png 829w, https:\/\/recarprofi.cz\/wp-content\/uploads\/2023\/12\/thaler-28382-744x556.png 744w, https:\/\/recarprofi.cz\/wp-content\/uploads\/2023\/12\/thaler-28382-420x314.png 420w, https:\/\/recarprofi.cz\/wp-content\/uploads\/2023\/12\/thaler-28382-768x574.png 768w, https:\/\/recarprofi.cz\/wp-content\/uploads\/2023\/12\/thaler-28382-600x449.png 600w\" sizes=\"(max-width: 829px) 100vw, 829px\" \/><\/a><\/figure><div class=\"elementor-image-box-content\"><h3 class=\"elementor-image-box-title\"><a href=\"https:\/\/recarprofi.cz\/uvod\/produkt\/kloubovy-nakladac-thaler-2838l\/\">Thaler 2838<\/a><\/h3><p class=\"elementor-image-box-description\">V\u00fdkon 38 HP<\/p><\/div><\/div>\t\t\t\t<\/div>\n\t\t\t\t<\/div>\n\t\t\t\t\t<\/div>\n\t\t<\/div>\n\t\t\t\t\t<\/div>\n\t\t<\/section>\n\t\t\t\t<section class=\"elementor-section elementor-top-section elementor-element elementor-element-b9eb78b elementor-section-boxed elementor-section-height-default elementor-section-height-default\" data-id=\"b9eb78b\" data-element_type=\"section\" data-e-type=\"section\">\n\t\t\t\t\t\t<div class=\"elementor-container elementor-column-gap-default\">\n\t\t\t\t\t<div class=\"elementor-column elementor-col-50 elementor-top-column elementor-element elementor-element-b49a865\" data-id=\"b49a865\" data-element_type=\"column\" data-e-type=\"column\">\n\t\t\t<div class=\"elementor-widget-wrap elementor-element-populated\">\n\t\t\t\t\t\t<div class=\"elementor-element elementor-element-588a5b8 elementor-position-left elementor-vertical-align-middle elementor-widget elementor-widget-image-box\" data-id=\"588a5b8\" data-element_type=\"widget\" data-e-type=\"widget\" data-widget_type=\"image-box.default\">\n\t\t\t\t<div class=\"elementor-widget-container\">\n\t\t\t\t\t<div class=\"elementor-image-box-wrapper\"><figure class=\"elementor-image-box-img\"><a href=\"https:\/\/recarprofi.cz\/uvod\/produkt\/kloubovy-nakladac-thaler-3448l\/\" tabindex=\"-1\"><img loading=\"lazy\" decoding=\"async\" width=\"1000\" height=\"1000\" src=\"https:\/\/recarprofi.cz\/wp-content\/uploads\/2024\/02\/thaler-34482.jpg\" class=\"attachment-full size-full wp-image-28299\" alt=\"\" srcset=\"https:\/\/recarprofi.cz\/wp-content\/uploads\/2024\/02\/thaler-34482.jpg 1000w, https:\/\/recarprofi.cz\/wp-content\/uploads\/2024\/02\/thaler-34482-744x744.jpg 744w, https:\/\/recarprofi.cz\/wp-content\/uploads\/2024\/02\/thaler-34482-420x420.jpg 420w, https:\/\/recarprofi.cz\/wp-content\/uploads\/2024\/02\/thaler-34482-768x768.jpg 768w, https:\/\/recarprofi.cz\/wp-content\/uploads\/2024\/02\/thaler-34482-600x600.jpg 600w, https:\/\/recarprofi.cz\/wp-content\/uploads\/2024\/02\/thaler-34482-100x100.jpg 100w\" sizes=\"(max-width: 1000px) 100vw, 1000px\" \/><\/a><\/figure><div class=\"elementor-image-box-content\"><h3 class=\"elementor-image-box-title\"><a href=\"https:\/\/recarprofi.cz\/uvod\/produkt\/kloubovy-nakladac-thaler-3448l\/\">Thaler 3448<\/a><\/h3><p class=\"elementor-image-box-description\">V\u00fdkon 48 HP<\/p><\/div><\/div>\t\t\t\t<\/div>\n\t\t\t\t<\/div>\n\t\t\t\t\t<\/div>\n\t\t<\/div>\n\t\t\t\t<div class=\"elementor-column elementor-col-50 elementor-top-column elementor-element elementor-element-87293aa\" data-id=\"87293aa\" data-element_type=\"column\" data-e-type=\"column\">\n\t\t\t<div class=\"elementor-widget-wrap elementor-element-populated\">\n\t\t\t\t\t\t<div class=\"elementor-element elementor-element-6bc3683 elementor-position-left elementor-vertical-align-middle elementor-widget elementor-widget-image-box\" data-id=\"6bc3683\" data-element_type=\"widget\" data-e-type=\"widget\" data-widget_type=\"image-box.default\">\n\t\t\t\t<div class=\"elementor-widget-container\">\n\t\t\t\t\t<div class=\"elementor-image-box-wrapper\"><figure class=\"elementor-image-box-img\"><a href=\"https:\/\/recarprofi.cz\/uvod\/produkt\/teleskopicky-manipulator-thaler-48t18\/\" tabindex=\"-1\"><img loading=\"lazy\" decoding=\"async\" width=\"4032\" height=\"3024\" src=\"https:\/\/recarprofi.cz\/wp-content\/uploads\/2024\/02\/thaler-48t181.png\" class=\"attachment-full size-full wp-image-28300\" alt=\"\" srcset=\"https:\/\/recarprofi.cz\/wp-content\/uploads\/2024\/02\/thaler-48t181.png 4032w, https:\/\/recarprofi.cz\/wp-content\/uploads\/2024\/02\/thaler-48t181-744x558.png 744w, https:\/\/recarprofi.cz\/wp-content\/uploads\/2024\/02\/thaler-48t181-1200x900.png 1200w, https:\/\/recarprofi.cz\/wp-content\/uploads\/2024\/02\/thaler-48t181-420x315.png 420w, https:\/\/recarprofi.cz\/wp-content\/uploads\/2024\/02\/thaler-48t181-768x576.png 768w, https:\/\/recarprofi.cz\/wp-content\/uploads\/2024\/02\/thaler-48t181-1536x1152.png 1536w, https:\/\/recarprofi.cz\/wp-content\/uploads\/2024\/02\/thaler-48t181-2048x1536.png 2048w, https:\/\/recarprofi.cz\/wp-content\/uploads\/2024\/02\/thaler-48t181-1024x768.png 1024w, https:\/\/recarprofi.cz\/wp-content\/uploads\/2024\/02\/thaler-48t181-1440x1080.png 1440w, https:\/\/recarprofi.cz\/wp-content\/uploads\/2024\/02\/thaler-48t181-600x450.png 600w\" sizes=\"(max-width: 4032px) 100vw, 4032px\" \/><\/a><\/figure><div class=\"elementor-image-box-content\"><h3 class=\"elementor-image-box-title\"><a href=\"https:\/\/recarprofi.cz\/uvod\/produkt\/teleskopicky-manipulator-thaler-48t18\/\">Thaler 48T18<\/a><\/h3><p class=\"elementor-image-box-description\">Teleskopick\u00fd manipul\u00e1tor<\/p><\/div><\/div>\t\t\t\t<\/div>\n\t\t\t\t<\/div>\n\t\t\t\t\t<\/div>\n\t\t<\/div>\n\t\t\t\t\t<\/div>\n\t\t<\/section>\n\t\t\t\t<section class=\"elementor-section elementor-top-section elementor-element elementor-element-1495019 elementor-section-boxed elementor-section-height-default elementor-section-height-default\" data-id=\"1495019\" data-element_type=\"section\" data-e-type=\"section\">\n\t\t\t\t\t\t<div class=\"elementor-container elementor-column-gap-default\">\n\t\t\t\t\t<div class=\"elementor-column elementor-col-50 elementor-top-column elementor-element elementor-element-23808bc\" data-id=\"23808bc\" data-element_type=\"column\" data-e-type=\"column\">\n\t\t\t<div class=\"elementor-widget-wrap elementor-element-populated\">\n\t\t\t\t\t\t<div class=\"elementor-element elementor-element-2c93fd5 elementor-position-left elementor-vertical-align-middle elementor-widget elementor-widget-image-box\" data-id=\"2c93fd5\" data-element_type=\"widget\" data-e-type=\"widget\" data-widget_type=\"image-box.default\">\n\t\t\t\t<div class=\"elementor-widget-container\">\n\t\t\t\t\t<div class=\"elementor-image-box-wrapper\"><figure class=\"elementor-image-box-img\"><a href=\"https:\/\/recarprofi.cz\/uvod\/produkt\/teleskopicky-kloubovy-nakladac-thaler-2838t\/\" tabindex=\"-1\"><img loading=\"lazy\" decoding=\"async\" width=\"4032\" height=\"3024\" src=\"https:\/\/recarprofi.cz\/wp-content\/uploads\/2024\/02\/thaler-kab.png\" class=\"attachment-full size-full wp-image-28301\" alt=\"\" srcset=\"https:\/\/recarprofi.cz\/wp-content\/uploads\/2024\/02\/thaler-kab.png 4032w, https:\/\/recarprofi.cz\/wp-content\/uploads\/2024\/02\/thaler-kab-744x558.png 744w, https:\/\/recarprofi.cz\/wp-content\/uploads\/2024\/02\/thaler-kab-1200x900.png 1200w, https:\/\/recarprofi.cz\/wp-content\/uploads\/2024\/02\/thaler-kab-420x315.png 420w, https:\/\/recarprofi.cz\/wp-content\/uploads\/2024\/02\/thaler-kab-768x576.png 768w, https:\/\/recarprofi.cz\/wp-content\/uploads\/2024\/02\/thaler-kab-1536x1152.png 1536w, https:\/\/recarprofi.cz\/wp-content\/uploads\/2024\/02\/thaler-kab-2048x1536.png 2048w, https:\/\/recarprofi.cz\/wp-content\/uploads\/2024\/02\/thaler-kab-1024x768.png 1024w, https:\/\/recarprofi.cz\/wp-content\/uploads\/2024\/02\/thaler-kab-1440x1080.png 1440w, https:\/\/recarprofi.cz\/wp-content\/uploads\/2024\/02\/thaler-kab-600x450.png 600w\" sizes=\"(max-width: 4032px) 100vw, 4032px\" \/><\/a><\/figure><div class=\"elementor-image-box-content\"><h3 class=\"elementor-image-box-title\"><a href=\"https:\/\/recarprofi.cz\/uvod\/produkt\/teleskopicky-kloubovy-nakladac-thaler-2838t\/\">Thaler 2838T<\/a><\/h3><p class=\"elementor-image-box-description\">Naklada\u010d s teleskopick\u00fdm ramenem<\/p><\/div><\/div>\t\t\t\t<\/div>\n\t\t\t\t<\/div>\n\t\t\t\t\t<\/div>\n\t\t<\/div>\n\t\t\t\t<div class=\"elementor-column elementor-col-50 elementor-top-column elementor-element elementor-element-08bf9a9\" data-id=\"08bf9a9\" data-element_type=\"column\" data-e-type=\"column\">\n\t\t\t<div class=\"elementor-widget-wrap elementor-element-populated\">\n\t\t\t\t\t\t<div class=\"elementor-element elementor-element-3dfd5ea elementor-position-left elementor-vertical-align-middle elementor-widget elementor-widget-image-box\" data-id=\"3dfd5ea\" data-element_type=\"widget\" data-e-type=\"widget\" data-widget_type=\"image-box.default\">\n\t\t\t\t<div class=\"elementor-widget-container\">\n\t\t\t\t\t<div class=\"elementor-image-box-wrapper\"><figure class=\"elementor-image-box-img\"><a href=\"https:\/\/recarprofi.cz\/uvod\/produkt\/teleskopicky-kloubovy-nakladac-thaler-3448t\/\" tabindex=\"-1\"><img loading=\"lazy\" decoding=\"async\" width=\"4032\" height=\"3024\" src=\"https:\/\/recarprofi.cz\/wp-content\/uploads\/2024\/02\/thaler-34483.png\" class=\"attachment-full size-full wp-image-28302\" alt=\"\" srcset=\"https:\/\/recarprofi.cz\/wp-content\/uploads\/2024\/02\/thaler-34483.png 4032w, https:\/\/recarprofi.cz\/wp-content\/uploads\/2024\/02\/thaler-34483-744x558.png 744w, https:\/\/recarprofi.cz\/wp-content\/uploads\/2024\/02\/thaler-34483-1200x900.png 1200w, https:\/\/recarprofi.cz\/wp-content\/uploads\/2024\/02\/thaler-34483-420x315.png 420w, https:\/\/recarprofi.cz\/wp-content\/uploads\/2024\/02\/thaler-34483-768x576.png 768w, https:\/\/recarprofi.cz\/wp-content\/uploads\/2024\/02\/thaler-34483-1536x1152.png 1536w, https:\/\/recarprofi.cz\/wp-content\/uploads\/2024\/02\/thaler-34483-2048x1536.png 2048w, https:\/\/recarprofi.cz\/wp-content\/uploads\/2024\/02\/thaler-34483-1024x768.png 1024w, https:\/\/recarprofi.cz\/wp-content\/uploads\/2024\/02\/thaler-34483-1440x1080.png 1440w, https:\/\/recarprofi.cz\/wp-content\/uploads\/2024\/02\/thaler-34483-600x450.png 600w\" sizes=\"(max-width: 4032px) 100vw, 4032px\" \/><\/a><\/figure><div class=\"elementor-image-box-content\"><h3 class=\"elementor-image-box-title\"><a href=\"https:\/\/recarprofi.cz\/uvod\/produkt\/teleskopicky-kloubovy-nakladac-thaler-3448t\/\">Thaler 3448T<\/a><\/h3><p class=\"elementor-image-box-description\">Naklada\u010d s teleskopick\u00fdm ramenem<\/p><\/div><\/div>\t\t\t\t<\/div>\n\t\t\t\t<\/div>\n\t\t\t\t\t<\/div>\n\t\t<\/div>\n\t\t\t\t\t<\/div>\n\t\t<\/section>\n\t\t\t\t<section class=\"elementor-section elementor-top-section elementor-element elementor-element-9a295e0 elementor-section-boxed elementor-section-height-default elementor-section-height-default\" data-id=\"9a295e0\" data-element_type=\"section\" data-e-type=\"section\">\n\t\t\t\t\t\t<div class=\"elementor-container elementor-column-gap-default\">\n\t\t\t\t\t<div class=\"elementor-column elementor-col-50 elementor-top-column elementor-element elementor-element-6bb89a4\" data-id=\"6bb89a4\" data-element_type=\"column\" data-e-type=\"column\">\n\t\t\t<div class=\"elementor-widget-wrap elementor-element-populated\">\n\t\t\t\t\t\t<div class=\"elementor-element elementor-element-08c0601 elementor-position-left elementor-vertical-align-middle elementor-widget elementor-widget-image-box\" data-id=\"08c0601\" data-element_type=\"widget\" data-e-type=\"widget\" data-widget_type=\"image-box.default\">\n\t\t\t\t<div class=\"elementor-widget-container\">\n\t\t\t\t\t<div class=\"elementor-image-box-wrapper\"><figure class=\"elementor-image-box-img\"><img loading=\"lazy\" decoding=\"async\" width=\"1000\" height=\"1000\" src=\"https:\/\/recarprofi.cz\/wp-content\/uploads\/2024\/02\/thaler-34482-1.jpg\" class=\"attachment-full size-full wp-image-28303\" alt=\"\" srcset=\"https:\/\/recarprofi.cz\/wp-content\/uploads\/2024\/02\/thaler-34482-1.jpg 1000w, https:\/\/recarprofi.cz\/wp-content\/uploads\/2024\/02\/thaler-34482-1-744x744.jpg 744w, https:\/\/recarprofi.cz\/wp-content\/uploads\/2024\/02\/thaler-34482-1-420x420.jpg 420w, https:\/\/recarprofi.cz\/wp-content\/uploads\/2024\/02\/thaler-34482-1-768x768.jpg 768w, https:\/\/recarprofi.cz\/wp-content\/uploads\/2024\/02\/thaler-34482-1-600x600.jpg 600w, https:\/\/recarprofi.cz\/wp-content\/uploads\/2024\/02\/thaler-34482-1-100x100.jpg 100w\" sizes=\"(max-width: 1000px) 100vw, 1000px\" \/><\/figure><div class=\"elementor-image-box-content\"><h3 class=\"elementor-image-box-title\">Thaler 3448T-5A<\/h3><p class=\"elementor-image-box-description\">Nejv\u011bt\u0161\u00ed stabilita, \u0159\u00edzen\u00fd v 5ti os\u00e1ch<\/p><\/div><\/div>\t\t\t\t<\/div>\n\t\t\t\t<\/div>\n\t\t\t\t\t<\/div>\n\t\t<\/div>\n\t\t\t\t<div class=\"elementor-column elementor-col-50 elementor-top-column elementor-element elementor-element-9e19c44\" data-id=\"9e19c44\" data-element_type=\"column\" data-e-type=\"column\">\n\t\t\t<div class=\"elementor-widget-wrap elementor-element-populated\">\n\t\t\t\t\t\t<div class=\"elementor-element elementor-element-ba8bd05 elementor-position-left elementor-vertical-align-middle elementor-widget elementor-widget-image-box\" data-id=\"ba8bd05\" data-element_type=\"widget\" data-e-type=\"widget\" data-widget_type=\"image-box.default\">\n\t\t\t\t<div class=\"elementor-widget-container\">\n\t\t\t\t\t<div class=\"elementor-image-box-wrapper\"><figure class=\"elementor-image-box-img\"><a href=\"https:\/\/recarprofi.cz\/uvod\/produkt\/teleskopicky-kloubovy-nakladac-thaler-4275t-cab\/\" tabindex=\"-1\"><img loading=\"lazy\" decoding=\"async\" width=\"2560\" height=\"1707\" src=\"https:\/\/recarprofi.cz\/wp-content\/uploads\/2024\/02\/thaler-4275-scaled.jpg\" class=\"attachment-full size-full wp-image-28304\" alt=\"\" srcset=\"https:\/\/recarprofi.cz\/wp-content\/uploads\/2024\/02\/thaler-4275-scaled.jpg 2560w, https:\/\/recarprofi.cz\/wp-content\/uploads\/2024\/02\/thaler-4275-744x496.jpg 744w, https:\/\/recarprofi.cz\/wp-content\/uploads\/2024\/02\/thaler-4275-1200x800.jpg 1200w, https:\/\/recarprofi.cz\/wp-content\/uploads\/2024\/02\/thaler-4275-420x280.jpg 420w, https:\/\/recarprofi.cz\/wp-content\/uploads\/2024\/02\/thaler-4275-768x512.jpg 768w, https:\/\/recarprofi.cz\/wp-content\/uploads\/2024\/02\/thaler-4275-1536x1024.jpg 1536w, https:\/\/recarprofi.cz\/wp-content\/uploads\/2024\/02\/thaler-4275-2048x1365.jpg 2048w, https:\/\/recarprofi.cz\/wp-content\/uploads\/2024\/02\/thaler-4275-1024x683.jpg 1024w, https:\/\/recarprofi.cz\/wp-content\/uploads\/2024\/02\/thaler-4275-1620x1080.jpg 1620w, https:\/\/recarprofi.cz\/wp-content\/uploads\/2024\/02\/thaler-4275-600x400.jpg 600w\" sizes=\"(max-width: 2560px) 100vw, 2560px\" \/><\/a><\/figure><div class=\"elementor-image-box-content\"><h3 class=\"elementor-image-box-title\"><a href=\"https:\/\/recarprofi.cz\/uvod\/produkt\/teleskopicky-kloubovy-nakladac-thaler-4275t-cab\/\">Thaler 4275T<\/a><\/h3><p class=\"elementor-image-box-description\">Naklada\u010d s teleskopick\u00fdm ramenem<\/p><\/div><\/div>\t\t\t\t<\/div>\n\t\t\t\t<\/div>\n\t\t\t\t\t<\/div>\n\t\t<\/div>\n\t\t\t\t\t<\/div>\n\t\t<\/section>\n\t\t\t\t<\/div>\n\t\t","protected":false},"excerpt":{"rendered":"<p>Thaler 1220 V\u00fdkon 19 HP Thaler 2220 V\u00fdkon 19 HP Thaler 2320 V\u00fdkon 19 HP Thaler 2226 V\u00fdkon 25 HP Thaler 2230 V\u00fdkon 25 HP Thaler 2326 V\u00fdkon 25 HP Thaler 2438 V\u00fdkon 38 HP&hellip;<\/p>\n","protected":false},"author":1,"featured_media":28304,"parent":117,"menu_order":2,"comment_status":"closed","ping_status":"closed","template":"","meta":{"footnotes":""},"class_list":["post-28297","page","type-page","status-publish","has-post-thumbnail","hentry"],"_links":{"self":[{"href":"https:\/\/recarprofi.cz\/uvod\/wp-json\/wp\/v2\/pages\/28297","targetHints":{"allow":["GET"]}}],"collection":[{"href":"https:\/\/recarprofi.cz\/uvod\/wp-json\/wp\/v2\/pages"}],"about":[{"href":"https:\/\/recarprofi.cz\/uvod\/wp-json\/wp\/v2\/types\/page"}],"author":[{"embeddable":true,"href":"https:\/\/recarprofi.cz\/uvod\/wp-json\/wp\/v2\/users\/1"}],"replies":[{"embeddable":true,"href":"https:\/\/recarprofi.cz\/uvod\/wp-json\/wp\/v2\/comments?post=28297"}],"version-history":[{"count":49,"href":"https:\/\/recarprofi.cz\/uvod\/wp-json\/wp\/v2\/pages\/28297\/revisions"}],"predecessor-version":[{"id":31040,"href":"https:\/\/recarprofi.cz\/uvod\/wp-json\/wp\/v2\/pages\/28297\/revisions\/31040"}],"up":[{"embeddable":true,"href":"https:\/\/recarprofi.cz\/uvod\/wp-json\/wp\/v2\/pages\/117"}],"wp:featuredmedia":[{"embeddable":true,"href":"https:\/\/recarprofi.cz\/uvod\/wp-json\/wp\/v2\/media\/28304"}],"wp:attachment":[{"href":"https:\/\/recarprofi.cz\/uvod\/wp-json\/wp\/v2\/media?parent=28297"}],"curies":[{"name":"wp","href":"https:\/\/api.w.org\/{rel}","templated":true}]}}