{"id":290,"date":"2013-01-30T14:56:07","date_gmt":"2013-01-30T13:56:07","guid":{"rendered":"http:\/\/recarprofi.cz\/?page_id=290"},"modified":"2024-04-09T14:22:58","modified_gmt":"2024-04-09T12:22:58","slug":"50d-80d-9","status":"publish","type":"page","link":"https:\/\/recarprofi.cz\/uvod\/manipulacni-technika\/vysokozdvizne-voziky-hyundai\/naftove\/50d-80d-9\/","title":{"rendered":"Vysokozdvi\u017en\u00e9 voz\u00edky Hyundai 50D\/80D-9"},"content":{"rendered":"\t\t<div data-elementor-type=\"wp-page\" data-elementor-id=\"290\" class=\"elementor elementor-290\">\n\t\t\t\t\t\t<section class=\"elementor-section elementor-top-section elementor-element elementor-element-437647e6 elementor-section-boxed elementor-section-height-default elementor-section-height-default\" data-id=\"437647e6\" data-element_type=\"section\" data-e-type=\"section\">\n\t\t\t\t\t\t<div class=\"elementor-container elementor-column-gap-default\">\n\t\t\t\t\t<div class=\"elementor-column elementor-col-100 elementor-top-column elementor-element elementor-element-581a5269\" data-id=\"581a5269\" data-element_type=\"column\" data-e-type=\"column\">\n\t\t\t<div class=\"elementor-widget-wrap elementor-element-populated\">\n\t\t\t\t\t\t<div class=\"elementor-element elementor-element-5a44600a elementor-widget elementor-widget-text-editor\" data-id=\"5a44600a\" data-element_type=\"widget\" data-e-type=\"widget\" data-widget_type=\"text-editor.default\">\n\t\t\t\t<div class=\"elementor-widget-container\">\n\t\t\t\t\t\t\t\t\t<p><a href=\"http:\/\/recarprofi.cz\/wp-content\/uploads\/2018\/03\/hyundai-50d.jpg\"><img fetchpriority=\"high\" decoding=\"async\" class=\"aligncenter wp-image-10220 size-full\" src=\"https:\/\/recarprofi.cz\/wp-content\/uploads\/2018\/03\/hyundai-50d.jpg\" alt=\"\" width=\"907\" height=\"680\" srcset=\"https:\/\/recarprofi.cz\/wp-content\/uploads\/2018\/03\/hyundai-50d.jpg 907w, https:\/\/recarprofi.cz\/wp-content\/uploads\/2018\/03\/hyundai-50d-600x450.jpg 600w, https:\/\/recarprofi.cz\/wp-content\/uploads\/2018\/03\/hyundai-50d-420x315.jpg 420w, https:\/\/recarprofi.cz\/wp-content\/uploads\/2018\/03\/hyundai-50d-744x558.jpg 744w, https:\/\/recarprofi.cz\/wp-content\/uploads\/2018\/03\/hyundai-50d-768x576.jpg 768w\" sizes=\"(max-width: 907px) 100vw, 907px\" \/><\/a><\/p><p><span style=\"color: #993366;\"><em><strong>Naftov\u00e9 vysokozdvi\u017en\u00e9 voz\u00edky Hyundai nosnosti od 5 do 8 t.<\/strong><\/em><\/span><\/p><p><em><strong>Nov\u00fd pan na pracovi\u0161ti.<\/strong><\/em><\/p><p><em><strong>\u00a0Hladk\u00fd chod, \u00fa\u010dinnost a ergonomick\u00e9 vlastnost\u00ed voz\u00edk\u016f jsou vyrobeny tak, aby vyhovoval va\u0161im pot\u0159eb\u00e1m. Pohodln\u00e1 obsluha stroje, zmen\u0161uje \u00fanavu a zvy\u0161uje efektivitu \u0159idi\u010de. Snadn\u00fd p\u0159\u00edstup k\u00a0\u010d\u00e1stem voz\u00edku v\u00fdhodou pro rychlost servisn\u00edho z\u00e1sahu. <\/strong><\/em><\/p><p><em><strong><span style=\"color: #ff0000;\">V z\u00e1kladn\u00ed v\u00fdbav\u011b je kabina v\u010detn\u011b topen\u00ed a klimatizace<\/span>.\u00a0<\/strong><\/em><\/p><p><span style=\"color: #993366;\"><em><strong>Parametry:<\/strong><\/em><\/span><\/p><table border=\"1\" cellspacing=\"0\" cellpadding=\"0\"><tbody><tr><td valign=\"top\"><span style=\"color: #993366;\"><strong>Typ voz\u00edku<\/strong><\/span><\/td><td valign=\"top\"><span style=\"color: #993366;\"><strong>50D-9<\/strong><\/span><\/td><td valign=\"top\"><span style=\"color: #993366;\"><strong>70D-9<\/strong><\/span><\/td><td valign=\"top\"><span style=\"color: #993366;\"><strong>80D-9<\/strong><\/span><\/td><\/tr><tr><td valign=\"top\"><em><strong>Pohon<\/strong><\/em><\/td><td valign=\"top\">Diesel<\/td><td valign=\"top\">Diesel<\/td><td valign=\"top\">Diesel<\/td><\/tr><tr><td valign=\"top\"><em><strong>Nosnost<\/strong><\/em><\/td><td valign=\"top\">5000 kg<\/td><td valign=\"top\">7000 kg<\/td><td valign=\"top\">8000 kg<\/td><\/tr><tr><td valign=\"top\"><em><strong>Vylo\u017een\u00ed t\u011b\u017ei\u0161t\u011b<\/strong><\/em><\/td><td valign=\"top\">600 mm<\/td><td valign=\"top\">600 mm<\/td><td valign=\"top\">600 mm<\/td><\/tr><tr><td valign=\"top\"><em><strong>Vlastn\u00ed hmotnost<\/strong><\/em><\/td><td valign=\"top\">8890 kg<\/td><td valign=\"top\">10474 kg<\/td><td valign=\"top\">11608 kg<\/td><\/tr><tr><td valign=\"top\"><strong><em>Pneumatiky p\u0159edn\u00ed<\/em><\/strong><\/td><td valign=\"top\">8.25-15<\/td><td valign=\"top\">8.25-15<\/td><td valign=\"top\">9.00-20<\/td><\/tr><tr><td valign=\"top\"><strong><em>Pneumatiky zadn\u00ed<\/em><\/strong><\/td><td valign=\"top\">8.25-15<\/td><td valign=\"top\">8.25-15<\/td><td valign=\"top\">9.00-20<\/td><\/tr><tr><td valign=\"top\"><strong><em>Rychlost pojezdu<\/em><\/strong><\/td><td valign=\"top\">33,9 km\/h<\/td><td valign=\"top\">33,6 km\/h<\/td><td valign=\"top\">35 km\/h<\/td><\/tr><tr><td valign=\"top\"><em><strong>Motor<\/strong><\/em><\/td><td valign=\"top\">Cummins<\/td><td valign=\"top\">Cummins<\/td><td valign=\"top\">Cummins<\/td><\/tr><tr><td valign=\"top\"><em><strong>V\u00fdkon motoru<\/strong><\/em><\/td><td valign=\"top\">75 kW<\/td><td valign=\"top\">75 kW<\/td><td valign=\"top\">75 kW<\/td><\/tr><\/tbody><\/table><p><span style=\"color: #ff0000;\"><strong>\u00a0 \u00a0 \u00a0 \u00a0 \u00a0 \u00a0 \u00a0 \u00a0 \u00a0 \u00a0 \u00a0 \u00a0 \u00a0 \u00a0 \u00a0\u00a0<\/strong><\/span><\/p><p><span style=\"color: #333399;\"><strong><span style=\"color: #000000;\">Prospekt:<\/span><\/strong><em><strong>\u00a0<\/strong><\/em><\/span>\u00a0<span style=\"color: #800000;\"><strong>\u00a0<a style=\"color: #800000;\" href=\"http:\/\/recarprofi.cz\/wp-content\/uploads\/2018\/03\/hyundai-50-80d-9.pdf\">Hyundai 50-80d-9<\/a><\/strong><\/span><\/p><p><a href=\"http:\/\/recarprofi.cz\/wp-content\/uploads\/2018\/03\/hyundai-70d-9.jpg\"><br \/><\/a><a href=\"http:\/\/recarprofi.cz\/wp-content\/uploads\/2018\/03\/hyundai-70d-9.jpg\"><img decoding=\"async\" class=\"aligncenter wp-image-10226 size-full\" src=\"https:\/\/recarprofi.cz\/wp-content\/uploads\/2018\/03\/hyundai-70d-9.jpg\" alt=\"\" width=\"722\" height=\"588\" srcset=\"https:\/\/recarprofi.cz\/wp-content\/uploads\/2018\/03\/hyundai-70d-9.jpg 722w, https:\/\/recarprofi.cz\/wp-content\/uploads\/2018\/03\/hyundai-70d-9-600x489.jpg 600w, https:\/\/recarprofi.cz\/wp-content\/uploads\/2018\/03\/hyundai-70d-9-420x342.jpg 420w\" sizes=\"(max-width: 722px) 100vw, 722px\" \/><\/a>\u00a0 <a href=\"http:\/\/recarprofi.cz\/wp-content\/uploads\/2018\/03\/hyundai-80d-9.3.jpg\"><img decoding=\"async\" class=\"aligncenter wp-image-10227 size-full\" src=\"https:\/\/recarprofi.cz\/wp-content\/uploads\/2018\/03\/hyundai-80d-9.3.jpg\" alt=\"\" width=\"722\" height=\"640\" srcset=\"https:\/\/recarprofi.cz\/wp-content\/uploads\/2018\/03\/hyundai-80d-9.3.jpg 722w, https:\/\/recarprofi.cz\/wp-content\/uploads\/2018\/03\/hyundai-80d-9.3-600x532.jpg 600w, https:\/\/recarprofi.cz\/wp-content\/uploads\/2018\/03\/hyundai-80d-9.3-420x372.jpg 420w\" sizes=\"(max-width: 722px) 100vw, 722px\" \/><\/a><\/p>\t\t\t\t\t\t\t\t<\/div>\n\t\t\t\t<\/div>\n\t\t\t\t\t<\/div>\n\t\t<\/div>\n\t\t\t\t\t<\/div>\n\t\t<\/section>\n\t\t\t\t<\/div>\n\t\t","protected":false},"excerpt":{"rendered":"<p>Naftov\u00e9 vysokozdvi\u017en\u00e9 voz\u00edky Hyundai nosnosti od 5 do 8 t. Nov\u00fd pan na pracovi\u0161ti. \u00a0Hladk\u00fd chod, \u00fa\u010dinnost a ergonomick\u00e9 vlastnost\u00ed voz\u00edk\u016f jsou vyrobeny tak, aby vyhovoval va\u0161im pot\u0159eb\u00e1m. Pohodln\u00e1 obsluha stroje, zmen\u0161uje \u00fanavu a zvy\u0161uje&hellip;<\/p>\n","protected":false},"author":1,"featured_media":23101,"parent":227,"menu_order":4,"comment_status":"closed","ping_status":"closed","template":"","meta":{"footnotes":""},"class_list":["post-290","page","type-page","status-publish","has-post-thumbnail","hentry"],"_links":{"self":[{"href":"https:\/\/recarprofi.cz\/uvod\/wp-json\/wp\/v2\/pages\/290","targetHints":{"allow":["GET"]}}],"collection":[{"href":"https:\/\/recarprofi.cz\/uvod\/wp-json\/wp\/v2\/pages"}],"about":[{"href":"https:\/\/recarprofi.cz\/uvod\/wp-json\/wp\/v2\/types\/page"}],"author":[{"embeddable":true,"href":"https:\/\/recarprofi.cz\/uvod\/wp-json\/wp\/v2\/users\/1"}],"replies":[{"embeddable":true,"href":"https:\/\/recarprofi.cz\/uvod\/wp-json\/wp\/v2\/comments?post=290"}],"version-history":[{"count":35,"href":"https:\/\/recarprofi.cz\/uvod\/wp-json\/wp\/v2\/pages\/290\/revisions"}],"predecessor-version":[{"id":20434,"href":"https:\/\/recarprofi.cz\/uvod\/wp-json\/wp\/v2\/pages\/290\/revisions\/20434"}],"up":[{"embeddable":true,"href":"https:\/\/recarprofi.cz\/uvod\/wp-json\/wp\/v2\/pages\/227"}],"wp:featuredmedia":[{"embeddable":true,"href":"https:\/\/recarprofi.cz\/uvod\/wp-json\/wp\/v2\/media\/23101"}],"wp:attachment":[{"href":"https:\/\/recarprofi.cz\/uvod\/wp-json\/wp\/v2\/media?parent=290"}],"curies":[{"name":"wp","href":"https:\/\/api.w.org\/{rel}","templated":true}]}}