{"id":2964,"date":"2013-02-27T14:22:46","date_gmt":"2013-02-27T13:22:46","guid":{"rendered":"http:\/\/recarprofi.cz\/?page_id=2964"},"modified":"2024-04-26T15:02:48","modified_gmt":"2024-04-26T13:02:48","slug":"valcovou-unia","status":"publish","type":"page","link":"https:\/\/recarprofi.cz\/uvod\/zemedelska-technika\/picniny\/lisy\/valcovou-unia\/","title":{"rendered":"Lisy na kulat\u00e9 bal\u00edky s pevnou v\u00e1lcovou komorou Unia"},"content":{"rendered":"\t\t<div data-elementor-type=\"wp-page\" data-elementor-id=\"2964\" class=\"elementor elementor-2964\">\n\t\t\t\t\t\t<section class=\"elementor-section elementor-top-section elementor-element elementor-element-5f80b0e elementor-section-boxed elementor-section-height-default elementor-section-height-default\" data-id=\"5f80b0e\" data-element_type=\"section\" data-e-type=\"section\">\n\t\t\t\t\t\t<div class=\"elementor-container elementor-column-gap-default\">\n\t\t\t\t\t<div class=\"elementor-column elementor-col-100 elementor-top-column elementor-element elementor-element-ea9688\" data-id=\"ea9688\" data-element_type=\"column\" data-e-type=\"column\">\n\t\t\t<div class=\"elementor-widget-wrap elementor-element-populated\">\n\t\t\t\t\t\t<div class=\"elementor-element elementor-element-378d6828 elementor-widget elementor-widget-text-editor\" data-id=\"378d6828\" data-element_type=\"widget\" data-e-type=\"widget\" data-widget_type=\"text-editor.default\">\n\t\t\t\t<div class=\"elementor-widget-container\">\n\t\t\t\t\t\t\t\t\t<p>\u00a0<\/p><p>\u00a0<\/p><p><a href=\"https:\/\/recarprofi.cz\/wp-content\/uploads\/2019\/10\/unia-df18dd.jpg\"><img fetchpriority=\"high\" decoding=\"async\" class=\"aligncenter wp-image-15293 size-large\" src=\"https:\/\/recarprofi.cz\/wp-content\/uploads\/2019\/10\/unia-df18dd-1200x959.jpg\" alt=\"\" width=\"1140\" height=\"911\" srcset=\"https:\/\/recarprofi.cz\/wp-content\/uploads\/2019\/10\/unia-df18dd-1200x959.jpg 1200w, https:\/\/recarprofi.cz\/wp-content\/uploads\/2019\/10\/unia-df18dd-600x479.jpg 600w, https:\/\/recarprofi.cz\/wp-content\/uploads\/2019\/10\/unia-df18dd-420x336.jpg 420w, https:\/\/recarprofi.cz\/wp-content\/uploads\/2019\/10\/unia-df18dd-744x594.jpg 744w, https:\/\/recarprofi.cz\/wp-content\/uploads\/2019\/10\/unia-df18dd-768x614.jpg 768w, https:\/\/recarprofi.cz\/wp-content\/uploads\/2019\/10\/unia-df18dd.jpg 1920w\" sizes=\"(max-width: 1140px) 100vw, 1140px\" \/><\/a><\/p><p>Lis m\u00e1 v\u00e1lcovou komoru se 17 profilovan\u00fdmi v\u00e1lci. Sb\u00edranou hmotu odeb\u00edr\u00e1 z p\u011bti \u0159ad\u00e9ho sb\u011bra\u010de o \u0161\u00ed\u0159ce 2,1m vkl\u00e1dac\u00ed rotor \u0161roubovit\u00e9 konstrukce, co\u017e zaru\u010duje jeho rovnom\u011brn\u00e9 zat\u011b\u017eov\u00e1n\u00ed. Svinovac\u00ed komora m\u00e1 pr\u016fm\u011br 1,2m. \u0160\u00ed\u0159ka bal\u00edk\u016f je 1,2m. Otev\u00edr\u00e1n\u00ed a zav\u00edr\u00e1n\u00ed komory se prov\u00e1d\u00ed hydraulicky. Pod vkl\u00e1dac\u00edm rotorem je spustiteln\u00e1 podlaha co\u017e usnad\u0148uje \u010di\u0161t\u011bn\u00ed p\u0159i ucp\u00e1n\u00ed. Lis je standardn\u011b vybaven v\u00e1z\u00e1n\u00edm dvojit\u00fdm prov\u00e1zkem za p\u0159\u00edplatek v\u00e1z\u00e1n\u00edm do s\u00edt\u011b, p\u0159i\u010dem\u017e je v\u00fdznamn\u011b zlep\u0161eno nav\u00e1d\u011bn\u00ed s\u00edt\u011b na bal\u00edk. Pohon lisu je zaji\u0161t\u011bn p\u0159es teleskopick\u00fd kardan homokinetick\u00fd s automatickou spojkou. Cel\u00fd proces lisov\u00e1n\u00ed je ovl\u00e1d\u00e1n elektronicky kde se d\u00e1 nastavit 5 stup\u0148\u016f s\u00edly slisov\u00e1n\u00ed materi\u00e1lu a po\u010det ovinut\u00ed do prov\u00e1zku nebo s\u00edt\u011b. Lis je vybaven gumov\u00fdmi koly sb\u011bra\u010de, odhazovac\u00ed rampou, mechanick\u00fdm ji\u0161t\u011bn\u00edm komory, reverzem chodu a automatick\u00fdm maz\u00e1n\u00edm \u0159et\u011bz\u016f.<\/p><p><strong>Technick\u00e9 parametry:<\/strong><\/p><table><tbody><tr><td width=\"85\"><strong>Model<\/strong><\/td><td width=\"85\"><strong>DF 1,8 D ECO\u00a0<\/strong><\/td><td width=\"85\"><strong>DF 1,8 D<\/strong><\/td><td width=\"85\"><strong>DF 1,8 DD<\/strong><\/td><\/tr><tr><td width=\"85\">Ovlada\u010d<\/td><td width=\"85\">Starter<\/td><td width=\"85\">Pilot<\/td><td width=\"85\">Pilot<\/td><\/tr><tr><td width=\"85\">Hmotnost (kg)<\/td><td width=\"85\">2.400<\/td><td width=\"85\">2.400<\/td><td width=\"85\">2.500<\/td><\/tr><tr><td width=\"85\">V\u00fdkon traktoru (k)<\/td><td width=\"85\">70<\/td><td width=\"85\">70<\/td><td width=\"85\">80<\/td><\/tr><tr><td width=\"85\">\u0158ezan\u00ed<\/td><td width=\"85\">nen\u00ed<\/td><td width=\"85\">nen\u00ed<\/td><td width=\"85\">14 no\u017e\u016f<\/td><\/tr><tr><td width=\"85\">V\u00fd\u0161ka (m)<\/td><td width=\"85\">1,95<\/td><td width=\"85\">1,95<\/td><td width=\"85\">1,95<\/td><\/tr><tr><td width=\"85\">\u0160\u00ed\u0159ka (m)<\/td><td width=\"85\">2,4<\/td><td width=\"85\">2,4<\/td><td width=\"85\">2,4<\/td><\/tr><tr><td width=\"85\">D\u00e9lka (m)<\/td><td width=\"85\">3,6<\/td><td width=\"85\">3,6<\/td><td width=\"85\">3,6<\/td><\/tr><tr><td width=\"85\">\u0160\u00ed\u0159ka sb\u011bra\u010de (m)<\/td><td width=\"85\">2,1<\/td><td width=\"85\">2,1<\/td><td width=\"85\">2,1<\/td><\/tr><tr><td width=\"85\">Po\u010det \u0159ad palc\u016f na sb\u011bra\u010di (ks)<\/td><td width=\"85\">5<\/td><td width=\"85\">5<\/td><td width=\"85\">5<\/td><\/tr><tr><td width=\"85\">Pr\u016fm\u011br bal\u00edku (m)<\/td><td width=\"85\">1,2<\/td><td width=\"85\">1,2<\/td><td width=\"85\">1,2<\/td><\/tr><tr><td width=\"85\">Kola<\/td><td width=\"85\">11,5\/80-15,3<\/td><td width=\"85\">11,5\/80-15,3<\/td><td width=\"85\">400\/60-15,5<\/td><\/tr><tr><td width=\"85\">Spou\u0161t\u011bn\u00ed podlahy rotoru<\/td><td width=\"85\">mechanicky<\/td><td width=\"85\">mechanicky<\/td><td width=\"85\">hydraulicky<\/td><\/tr><tr><td width=\"85\">Ot\u00e1\u010dky h\u0159\u00eddele (ot\/min)<\/td><td width=\"85\">540<\/td><td width=\"85\">540<\/td><td width=\"85\">540<\/td><\/tr><\/tbody><\/table><p><a href=\"http:\/\/recarprofi.cz\/wp-content\/uploads\/2018\/07\/unia-df18vd2.jpg\"><img decoding=\"async\" class=\"aligncenter wp-image-10699 size-large\" src=\"http:\/\/recarprofi.cz\/wp-content\/uploads\/2018\/07\/unia-df18vd2-1200x1603.jpg\" alt=\"\" width=\"640\" height=\"855\" srcset=\"https:\/\/recarprofi.cz\/wp-content\/uploads\/2018\/07\/unia-df18vd2-1200x1603.jpg 1200w, https:\/\/recarprofi.cz\/wp-content\/uploads\/2018\/07\/unia-df18vd2-scaled-600x802.jpg 600w, https:\/\/recarprofi.cz\/wp-content\/uploads\/2018\/07\/unia-df18vd2-420x561.jpg 420w, https:\/\/recarprofi.cz\/wp-content\/uploads\/2018\/07\/unia-df18vd2-744x994.jpg 744w, https:\/\/recarprofi.cz\/wp-content\/uploads\/2018\/07\/unia-df18vd2-768x1026.jpg 768w, https:\/\/recarprofi.cz\/wp-content\/uploads\/2018\/07\/unia-df18vd2-scaled.jpg 1916w\" sizes=\"(max-width: 640px) 100vw, 640px\" \/><\/a><\/p><p>\u00a0<\/p><p><a href=\"http:\/\/recarprofi.cz\/wp-content\/uploads\/2018\/07\/unia-df18d.png\"><img decoding=\"async\" class=\"aligncenter wp-image-10717 size-full\" src=\"http:\/\/recarprofi.cz\/wp-content\/uploads\/2018\/07\/unia-df18d.png\" alt=\"\" width=\"1080\" height=\"346\" srcset=\"https:\/\/recarprofi.cz\/wp-content\/uploads\/2018\/07\/unia-df18d.png 1080w, https:\/\/recarprofi.cz\/wp-content\/uploads\/2018\/07\/unia-df18d-600x192.png 600w, https:\/\/recarprofi.cz\/wp-content\/uploads\/2018\/07\/unia-df18d-420x135.png 420w, https:\/\/recarprofi.cz\/wp-content\/uploads\/2018\/07\/unia-df18d-744x238.png 744w, https:\/\/recarprofi.cz\/wp-content\/uploads\/2018\/07\/unia-df18d-768x246.png 768w\" sizes=\"(max-width: 1080px) 100vw, 1080px\" \/><\/a><\/p><p><a href=\"https:\/\/recarprofi.cz\/wp-content\/uploads\/2018\/07\/unia-df18d1.png\"><img loading=\"lazy\" decoding=\"async\" class=\"aligncenter wp-image-10713 size-full\" src=\"https:\/\/recarprofi.cz\/wp-content\/uploads\/2018\/07\/unia-df18d1.png\" alt=\"\" width=\"832\" height=\"700\" srcset=\"https:\/\/recarprofi.cz\/wp-content\/uploads\/2018\/07\/unia-df18d1.png 832w, https:\/\/recarprofi.cz\/wp-content\/uploads\/2018\/07\/unia-df18d1-600x505.png 600w, https:\/\/recarprofi.cz\/wp-content\/uploads\/2018\/07\/unia-df18d1-420x353.png 420w, https:\/\/recarprofi.cz\/wp-content\/uploads\/2018\/07\/unia-df18d1-744x626.png 744w, https:\/\/recarprofi.cz\/wp-content\/uploads\/2018\/07\/unia-df18d1-768x646.png 768w\" sizes=\"(max-width: 832px) 100vw, 832px\" \/><\/a><\/p>\t\t\t\t\t\t\t\t<\/div>\n\t\t\t\t<\/div>\n\t\t\t\t\t<\/div>\n\t\t<\/div>\n\t\t\t\t\t<\/div>\n\t\t<\/section>\n\t\t\t\t<\/div>\n\t\t","protected":false},"excerpt":{"rendered":"<p>Lis m\u00e1 v\u00e1lcovou komoru se 17 profilovan\u00fdmi v\u00e1lci. Sb\u00edranou hmotu odeb\u00edr\u00e1 z p\u011bti \u0159ad\u00e9ho sb\u011bra\u010de o \u0161\u00ed\u0159ce 2,1m vkl\u00e1dac\u00ed rotor \u0161roubovit\u00e9 konstrukce, co\u017e zaru\u010duje jeho rovnom\u011brn\u00e9 zat\u011b\u017eov\u00e1n\u00ed. Svinovac\u00ed komora m\u00e1 pr\u016fm\u011br 1,2m. \u0160\u00ed\u0159ka bal\u00edk\u016f je&hellip;<\/p>\n","protected":false},"author":1,"featured_media":0,"parent":2956,"menu_order":4,"comment_status":"closed","ping_status":"closed","template":"","meta":{"footnotes":""},"class_list":["post-2964","page","type-page","status-publish","hentry"],"_links":{"self":[{"href":"https:\/\/recarprofi.cz\/uvod\/wp-json\/wp\/v2\/pages\/2964","targetHints":{"allow":["GET"]}}],"collection":[{"href":"https:\/\/recarprofi.cz\/uvod\/wp-json\/wp\/v2\/pages"}],"about":[{"href":"https:\/\/recarprofi.cz\/uvod\/wp-json\/wp\/v2\/types\/page"}],"author":[{"embeddable":true,"href":"https:\/\/recarprofi.cz\/uvod\/wp-json\/wp\/v2\/users\/1"}],"replies":[{"embeddable":true,"href":"https:\/\/recarprofi.cz\/uvod\/wp-json\/wp\/v2\/comments?post=2964"}],"version-history":[{"count":31,"href":"https:\/\/recarprofi.cz\/uvod\/wp-json\/wp\/v2\/pages\/2964\/revisions"}],"predecessor-version":[{"id":21377,"href":"https:\/\/recarprofi.cz\/uvod\/wp-json\/wp\/v2\/pages\/2964\/revisions\/21377"}],"up":[{"embeddable":true,"href":"https:\/\/recarprofi.cz\/uvod\/wp-json\/wp\/v2\/pages\/2956"}],"wp:attachment":[{"href":"https:\/\/recarprofi.cz\/uvod\/wp-json\/wp\/v2\/media?parent=2964"}],"curies":[{"name":"wp","href":"https:\/\/api.w.org\/{rel}","templated":true}]}}