{"id":2981,"date":"2013-02-27T14:47:52","date_gmt":"2013-02-27T13:47:52","guid":{"rendered":"http:\/\/recarprofi.cz\/?page_id=2981"},"modified":"2024-04-26T15:03:30","modified_gmt":"2024-04-26T13:03:30","slug":"variabilni-unia","status":"publish","type":"page","link":"https:\/\/recarprofi.cz\/uvod\/zemedelska-technika\/picniny\/lisy\/variabilni-unia\/","title":{"rendered":"Lisy na kulat\u00e9 bal\u00edky s variabiln\u00ed komorou Unia"},"content":{"rendered":"\t\t<div data-elementor-type=\"wp-page\" data-elementor-id=\"2981\" class=\"elementor elementor-2981\">\n\t\t\t\t\t\t<section class=\"elementor-section elementor-top-section elementor-element elementor-element-4aa051 elementor-section-boxed elementor-section-height-default elementor-section-height-default\" data-id=\"4aa051\" data-element_type=\"section\" data-e-type=\"section\">\n\t\t\t\t\t\t<div class=\"elementor-container elementor-column-gap-default\">\n\t\t\t\t\t<div class=\"elementor-column elementor-col-100 elementor-top-column elementor-element elementor-element-1ca851fd\" data-id=\"1ca851fd\" data-element_type=\"column\" data-e-type=\"column\">\n\t\t\t<div class=\"elementor-widget-wrap elementor-element-populated\">\n\t\t\t\t\t\t<div class=\"elementor-element elementor-element-10dab413 elementor-widget elementor-widget-text-editor\" data-id=\"10dab413\" data-element_type=\"widget\" data-e-type=\"widget\" data-widget_type=\"text-editor.default\">\n\t\t\t\t<div class=\"elementor-widget-container\">\n\t\t\t\t\t\t\t\t\t<p>\u00a0<\/p><p><a href=\"https:\/\/recarprofi.cz\/wp-content\/uploads\/2019\/10\/unia-df17zd2.jpg\"><img fetchpriority=\"high\" decoding=\"async\" class=\"aligncenter wp-image-15302 size-large\" src=\"https:\/\/recarprofi.cz\/wp-content\/uploads\/2019\/10\/unia-df17zd2-1200x800.jpg\" alt=\"\" width=\"1140\" height=\"760\" srcset=\"https:\/\/recarprofi.cz\/wp-content\/uploads\/2019\/10\/unia-df17zd2-1200x800.jpg 1200w, https:\/\/recarprofi.cz\/wp-content\/uploads\/2019\/10\/unia-df17zd2-600x400.jpg 600w, https:\/\/recarprofi.cz\/wp-content\/uploads\/2019\/10\/unia-df17zd2-420x280.jpg 420w, https:\/\/recarprofi.cz\/wp-content\/uploads\/2019\/10\/unia-df17zd2-744x496.jpg 744w, https:\/\/recarprofi.cz\/wp-content\/uploads\/2019\/10\/unia-df17zd2-768x512.jpg 768w, https:\/\/recarprofi.cz\/wp-content\/uploads\/2019\/10\/unia-df17zd2.jpg 1920w\" sizes=\"(max-width: 1140px) 100vw, 1140px\" \/><\/a><\/p><p>Lisy maj\u00ed variabiln\u00ed komoru s 6 nekone\u010dn\u00fdmi p\u00e1sy a 3 v\u00e1lci. Sb\u00edranou hmotu odeb\u00edr\u00e1 z p\u011bti\u0159ad\u00e9ho sb\u011bra\u010de o \u0161\u00ed\u0159ce 2,1m vkl\u00e1dac\u00ed rotor \u0161roubovit\u00e9 konstrukce, co\u017e zaru\u010duje jeho rovnom\u011brn\u00e9 zat\u011b\u017eov\u00e1n\u00ed. Lisy ZD jsou vybaven\u00e9 \u0159ez\u00e1n\u00edm s individu\u00e1ln\u00edm ji\u0161t\u011bn\u00edm no\u017e\u016f a hydraulick\u00fdm spou\u0161t\u011bn\u00edm. Plynul\u00e1 regulace pr\u016fm\u011bru bal\u00edku od 0,8m . \u0160\u00ed\u0159ka bal\u00edk\u016f je 1,2m. Otev\u00edr\u00e1n\u00ed a zav\u00edr\u00e1n\u00ed komory se prov\u00e1d\u00ed hydraulicky. Pod vkl\u00e1dac\u00edm rotorem je hydraulicky spustiteln\u00e1 podlaha co\u017e usnad\u0148uje \u010di\u0161t\u011bn\u00ed p\u0159i ucp\u00e1n\u00ed. Lis je standardn\u011b vybaven v\u00e1z\u00e1n\u00edm do s\u00edt\u011b, za p\u0159\u00edplatek v\u00e1z\u00e1n\u00edm dvojit\u00fdm prov\u00e1zkem, p\u0159i\u010dem\u017e je v\u00fdznamn\u011b zlep\u0161eno nav\u00e1d\u011bn\u00ed s\u00edt\u011b na bal\u00edk. Pohon lisu je zaji\u0161t\u011bn p\u0159es teleskopick\u00fd kardan homokinetick\u00fd s automatickou spojkou. Cel\u00fd proces lisov\u00e1n\u00ed je ovl\u00e1d\u00e1n elektronicky kde se d\u00e1 nastavit s\u00edla slisov\u00e1n\u00ed materi\u00e1lu a po\u010det ovinut\u00ed do prov\u00e1zku nebo s\u00edt\u011b. Maxim\u00e1ln\u00ed p\u0159\u00edtla\u010dn\u00fd tlak p\u00edstnic 200 bar. Lis je vybaven gumov\u00fdmi koly sb\u011bra\u010de, odhazovac\u00ed rampou, mechanick\u00fdm ji\u0161t\u011bn\u00edm komory, programov\u00e1n\u00ed m\u011bkk\u00e9ho j\u00e1dra bal\u00edku \u00a0a automatick\u00fdm maz\u00e1n\u00edm \u0159et\u011bz\u016f.<\/p><p><strong>Technick\u00e9 parametry:<\/strong><\/p><table><tbody><tr><td width=\"85\"><strong>Model<\/strong><\/td><td width=\"85\"><strong>DF 1,7 Z<\/strong><\/td><td width=\"85\"><strong>DF 1,7 ZD<\/strong><\/td><td width=\"85\"><strong>DF 1,9 Z<\/strong><\/td><td width=\"85\"><strong>DF 1,9 ZD<\/strong><\/td><\/tr><tr><td width=\"85\">Komora<\/td><td width=\"85\">p\u00e1sov\u00e1<\/td><td width=\"85\">p\u00e1sov\u00e1 s \u0159ezan\u00edm<\/td><td width=\"85\">p\u00e1sov\u00e1<\/td><td width=\"85\">p\u00e1sov\u00e1 s \u0159ezan\u00edm<\/td><\/tr><tr><td width=\"85\">Pr\u016fm\u011br bal\u00edku minim\u00e1ln\u00ed (m)<\/td><td width=\"85\">0,8<\/td><td width=\"85\">0,8<\/td><td width=\"85\">0,8<\/td><td width=\"85\">0,8<\/td><\/tr><tr><td width=\"85\">Pr\u016fm\u011br bal\u00edku maxim\u00e1ln\u00ed (m)<\/td><td width=\"85\">1,65<\/td><td width=\"85\">1,65<\/td><td width=\"85\">1,85<\/td><td width=\"85\">1,85<\/td><\/tr><tr><td width=\"85\">\u0160\u00ed\u0159ka bal\u00edku (m)<\/td><td width=\"85\">1,2<\/td><td width=\"85\">1,2<\/td><td width=\"85\">1,2<\/td><td width=\"85\">1,2<\/td><\/tr><tr><td width=\"85\">\u0160\u00ed\u0159ka sb\u011bra\u010de (m)<\/td><td width=\"85\">2,1<\/td><td width=\"85\">2,1<\/td><td width=\"85\">2,1<\/td><td width=\"85\">2,1<\/td><\/tr><tr><td width=\"85\">Po\u010det \u0159ad palc\u016f sb\u011bra\u010de (ks)<\/td><td width=\"85\">5<\/td><td width=\"85\">5<\/td><td width=\"85\">5<\/td><td width=\"85\">5<\/td><\/tr><tr><td width=\"85\">Po\u010det no\u017e\u016f \u0159ezan\u00ed (ks)<\/td><td width=\"85\">nen\u00ed<\/td><td width=\"85\">14<\/td><td width=\"85\">nen\u00ed<\/td><td width=\"85\">14<\/td><\/tr><tr><td width=\"85\">D\u00e9lka (m)<\/td><td width=\"85\">4,3<\/td><td width=\"85\">4,3<\/td><td width=\"85\">4,3<\/td><td width=\"85\">4,3<\/td><\/tr><tr><td width=\"85\">\u0160\u00ed\u0159ka (m)<\/td><td width=\"85\">2,65<\/td><td width=\"85\">2,65<\/td><td width=\"85\">2,65<\/td><td width=\"85\">2,65<\/td><\/tr><tr><td width=\"85\">V\u00fd\u0161ka (m)<\/td><td width=\"85\">2,75<\/td><td width=\"85\">2,75<\/td><td width=\"85\">2,95<\/td><td width=\"85\">2,95<\/td><\/tr><tr><td width=\"85\">Hmotnost (kg)<\/td><td width=\"85\">3.120<\/td><td width=\"85\">3.250<\/td><td width=\"85\">3.320<\/td><td width=\"85\">3.450<\/td><\/tr><tr><td width=\"85\">V\u00fdkon traktoru (k)<\/td><td width=\"85\">80-110<\/td><td width=\"85\">80-110<\/td><td width=\"85\">80-110<\/td><td width=\"85\">80-110<\/td><\/tr><tr><td width=\"85\">Ovlada\u010d<\/td><td width=\"85\">Pilot<\/td><td width=\"85\">Pilot<\/td><td width=\"85\">Pilot<\/td><td width=\"85\">Pilot<\/td><\/tr><\/tbody><\/table><p>\u00a0<\/p><p><a href=\"http:\/\/recarprofi.cz\/wp-content\/uploads\/2018\/07\/unia-df19z.jpg\"><img decoding=\"async\" class=\"aligncenter wp-image-10729 size-large\" src=\"https:\/\/recarprofi.cz\/wp-content\/uploads\/2018\/07\/unia-df19z-1200x800.jpg\" alt=\"\" width=\"1140\" height=\"760\" srcset=\"https:\/\/recarprofi.cz\/wp-content\/uploads\/2018\/07\/unia-df19z-1200x800.jpg 1200w, https:\/\/recarprofi.cz\/wp-content\/uploads\/2018\/07\/unia-df19z-600x400.jpg 600w, https:\/\/recarprofi.cz\/wp-content\/uploads\/2018\/07\/unia-df19z-420x280.jpg 420w, https:\/\/recarprofi.cz\/wp-content\/uploads\/2018\/07\/unia-df19z-744x496.jpg 744w, https:\/\/recarprofi.cz\/wp-content\/uploads\/2018\/07\/unia-df19z-768x512.jpg 768w, https:\/\/recarprofi.cz\/wp-content\/uploads\/2018\/07\/unia-df19z.jpg 1600w\" sizes=\"(max-width: 1140px) 100vw, 1140px\" \/><\/a><\/p><p><a href=\"http:\/\/recarprofi.cz\/wp-content\/uploads\/2018\/07\/unia-df17z1.png\">\u00a0<\/a><a href=\"http:\/\/recarprofi.cz\/wp-content\/uploads\/2018\/07\/unia-df18vd2.jpg\"><img decoding=\"async\" class=\"aligncenter wp-image-10699 size-large\" src=\"https:\/\/recarprofi.cz\/wp-content\/uploads\/2018\/07\/unia-df18vd2-1200x1603.jpg\" alt=\"\" width=\"1140\" height=\"1523\" srcset=\"https:\/\/recarprofi.cz\/wp-content\/uploads\/2018\/07\/unia-df18vd2-1200x1603.jpg 1200w, https:\/\/recarprofi.cz\/wp-content\/uploads\/2018\/07\/unia-df18vd2-scaled-600x802.jpg 600w, https:\/\/recarprofi.cz\/wp-content\/uploads\/2018\/07\/unia-df18vd2-420x561.jpg 420w, https:\/\/recarprofi.cz\/wp-content\/uploads\/2018\/07\/unia-df18vd2-744x994.jpg 744w, https:\/\/recarprofi.cz\/wp-content\/uploads\/2018\/07\/unia-df18vd2-768x1026.jpg 768w, https:\/\/recarprofi.cz\/wp-content\/uploads\/2018\/07\/unia-df18vd2-scaled.jpg 1916w\" sizes=\"(max-width: 1140px) 100vw, 1140px\" \/><\/a><a href=\"http:\/\/recarprofi.cz\/wp-content\/uploads\/2018\/07\/unia-df17z1.png\"><img loading=\"lazy\" decoding=\"async\" class=\"aligncenter wp-image-10732 size-full\" src=\"https:\/\/recarprofi.cz\/wp-content\/uploads\/2018\/07\/unia-df17z1.png\" alt=\"\" width=\"1080\" height=\"604\" srcset=\"https:\/\/recarprofi.cz\/wp-content\/uploads\/2018\/07\/unia-df17z1.png 1080w, https:\/\/recarprofi.cz\/wp-content\/uploads\/2018\/07\/unia-df17z1-600x336.png 600w, https:\/\/recarprofi.cz\/wp-content\/uploads\/2018\/07\/unia-df17z1-420x235.png 420w, https:\/\/recarprofi.cz\/wp-content\/uploads\/2018\/07\/unia-df17z1-744x416.png 744w, https:\/\/recarprofi.cz\/wp-content\/uploads\/2018\/07\/unia-df17z1-768x430.png 768w\" sizes=\"(max-width: 1080px) 100vw, 1080px\" \/><\/a><\/p>\t\t\t\t\t\t\t\t<\/div>\n\t\t\t\t<\/div>\n\t\t\t\t\t<\/div>\n\t\t<\/div>\n\t\t\t\t\t<\/div>\n\t\t<\/section>\n\t\t\t\t<\/div>\n\t\t","protected":false},"excerpt":{"rendered":"<p>Lisy maj\u00ed variabiln\u00ed komoru s 6 nekone\u010dn\u00fdmi p\u00e1sy a 3 v\u00e1lci. Sb\u00edranou hmotu odeb\u00edr\u00e1 z p\u011bti\u0159ad\u00e9ho sb\u011bra\u010de o \u0161\u00ed\u0159ce 2,1m vkl\u00e1dac\u00ed rotor \u0161roubovit\u00e9 konstrukce, co\u017e zaru\u010duje jeho rovnom\u011brn\u00e9 zat\u011b\u017eov\u00e1n\u00ed. Lisy ZD jsou vybaven\u00e9 \u0159ez\u00e1n\u00edm s&hellip;<\/p>\n","protected":false},"author":1,"featured_media":0,"parent":2956,"menu_order":5,"comment_status":"closed","ping_status":"closed","template":"","meta":{"footnotes":""},"class_list":["post-2981","page","type-page","status-publish","hentry"],"_links":{"self":[{"href":"https:\/\/recarprofi.cz\/uvod\/wp-json\/wp\/v2\/pages\/2981","targetHints":{"allow":["GET"]}}],"collection":[{"href":"https:\/\/recarprofi.cz\/uvod\/wp-json\/wp\/v2\/pages"}],"about":[{"href":"https:\/\/recarprofi.cz\/uvod\/wp-json\/wp\/v2\/types\/page"}],"author":[{"embeddable":true,"href":"https:\/\/recarprofi.cz\/uvod\/wp-json\/wp\/v2\/users\/1"}],"replies":[{"embeddable":true,"href":"https:\/\/recarprofi.cz\/uvod\/wp-json\/wp\/v2\/comments?post=2981"}],"version-history":[{"count":30,"href":"https:\/\/recarprofi.cz\/uvod\/wp-json\/wp\/v2\/pages\/2981\/revisions"}],"predecessor-version":[{"id":21379,"href":"https:\/\/recarprofi.cz\/uvod\/wp-json\/wp\/v2\/pages\/2981\/revisions\/21379"}],"up":[{"embeddable":true,"href":"https:\/\/recarprofi.cz\/uvod\/wp-json\/wp\/v2\/pages\/2956"}],"wp:attachment":[{"href":"https:\/\/recarprofi.cz\/uvod\/wp-json\/wp\/v2\/media?parent=2981"}],"curies":[{"name":"wp","href":"https:\/\/api.w.org\/{rel}","templated":true}]}}