{"id":3040,"date":"2013-03-11T14:11:02","date_gmt":"2013-03-11T13:11:02","guid":{"rendered":"http:\/\/recarprofi.cz\/?page_id=3040"},"modified":"2024-04-26T15:14:06","modified_gmt":"2024-04-26T13:14:06","slug":"unia","status":"publish","type":"page","link":"https:\/\/recarprofi.cz\/uvod\/zemedelska-technika\/picniny\/obracece\/unia\/","title":{"rendered":"Obrace\u010de Unia"},"content":{"rendered":"\t\t<div data-elementor-type=\"wp-page\" data-elementor-id=\"3040\" class=\"elementor elementor-3040\">\n\t\t\t\t\t\t<section class=\"elementor-section elementor-top-section elementor-element elementor-element-5da21fcd elementor-section-boxed elementor-section-height-default elementor-section-height-default\" data-id=\"5da21fcd\" data-element_type=\"section\" data-e-type=\"section\">\n\t\t\t\t\t\t<div class=\"elementor-container elementor-column-gap-default\">\n\t\t\t\t\t<div class=\"elementor-column elementor-col-100 elementor-top-column elementor-element elementor-element-24ed5e8e\" data-id=\"24ed5e8e\" data-element_type=\"column\" data-e-type=\"column\">\n\t\t\t<div class=\"elementor-widget-wrap elementor-element-populated\">\n\t\t\t\t\t\t<div class=\"elementor-element elementor-element-1c1c7e5d elementor-widget elementor-widget-text-editor\" data-id=\"1c1c7e5d\" data-element_type=\"widget\" data-e-type=\"widget\" data-widget_type=\"text-editor.default\">\n\t\t\t\t<div class=\"elementor-widget-container\">\n\t\t\t\t\t\t\t\t\t<p><a href=\"https:\/\/recarprofi.cz\/wp-content\/uploads\/2018\/07\/unia-spajder.png\"><img fetchpriority=\"high\" decoding=\"async\" class=\"aligncenter wp-image-10796 size-large\" src=\"https:\/\/recarprofi.cz\/wp-content\/uploads\/2018\/07\/unia-spajder-1200x535.png\" alt=\"\" width=\"1140\" height=\"508\" srcset=\"https:\/\/recarprofi.cz\/wp-content\/uploads\/2018\/07\/unia-spajder-1200x535.png 1200w, https:\/\/recarprofi.cz\/wp-content\/uploads\/2018\/07\/unia-spajder-600x267.png 600w, https:\/\/recarprofi.cz\/wp-content\/uploads\/2018\/07\/unia-spajder-420x187.png 420w, https:\/\/recarprofi.cz\/wp-content\/uploads\/2018\/07\/unia-spajder-744x332.png 744w, https:\/\/recarprofi.cz\/wp-content\/uploads\/2018\/07\/unia-spajder-768x342.png 768w, https:\/\/recarprofi.cz\/wp-content\/uploads\/2018\/07\/unia-spajder.png 1250w\" sizes=\"(max-width: 1140px) 100vw, 1140px\" \/><\/a><\/p><p>Obrace\u010d SPAJDER je \u010dty\u0159rotorov\u00fd obrace\u010d p\u00edce na \u010dty\u0159ech kop\u00edrovac\u00edch kolech.<\/p><p>Do standardn\u00ed v\u00fdbavy pat\u0159\u00ed:<\/p><ul><li>regulace v\u00fd\u0161ky obracen\u00ed<\/li><li>\u010dty\u0159i pracovn\u00ed rotory<\/li><li>hydraulick\u00e9 skl\u00e1p\u011bn\u00ed do pracovn\u00ed polohy<\/li><li>regulace \u00fahlu rozhozu<\/li><li>kop\u00edrovac\u00ed kola 170-60\/8<\/li><li>staviteln\u00fd \u00fahel rozhozu pokosu &#8211; 4 polohy<\/li><\/ul><ul><li>pracovn\u00ed z\u00e1b\u011br \u00a05,5 m<\/li><li>po\u010det rotor\u016f \u00a04<\/li><li>pr\u016fm\u011br rotoru \u00a01,75 m<\/li><li>po\u010det ramen rotoru \u00a07<\/li><li>regulace vych\u00fdlen\u00ed rotoru \u00a04 pozice<\/li><li>v\u00fdkonnost \u00a010 ha\/hod<\/li><li>ta\u017en\u00fd prost\u0159edek \u00a040 Hp<\/li><li>hmotnost \u00a0630 kg<\/li><li>transportn\u00ed \u0161\u00ed\u0159ka \u00a02,95 m<\/li><li>transportn\u00ed v\u00fd\u0161ka \u00a03,2 m<\/li><\/ul>\t\t\t\t\t\t\t\t<\/div>\n\t\t\t\t<\/div>\n\t\t\t\t\t<\/div>\n\t\t<\/div>\n\t\t\t\t\t<\/div>\n\t\t<\/section>\n\t\t\t\t<\/div>\n\t\t","protected":false},"excerpt":{"rendered":"<p>Obrace\u010d SPAJDER je \u010dty\u0159rotorov\u00fd obrace\u010d p\u00edce na \u010dty\u0159ech kop\u00edrovac\u00edch kolech. Do standardn\u00ed v\u00fdbavy pat\u0159\u00ed: regulace v\u00fd\u0161ky obracen\u00ed \u010dty\u0159i pracovn\u00ed rotory hydraulick\u00e9 skl\u00e1p\u011bn\u00ed do pracovn\u00ed polohy regulace \u00fahlu rozhozu kop\u00edrovac\u00ed kola 170-60\/8 staviteln\u00fd \u00fahel rozhozu pokosu&hellip;<\/p>\n","protected":false},"author":1,"featured_media":0,"parent":3005,"menu_order":2,"comment_status":"closed","ping_status":"closed","template":"","meta":{"footnotes":""},"class_list":["post-3040","page","type-page","status-publish","hentry"],"_links":{"self":[{"href":"https:\/\/recarprofi.cz\/uvod\/wp-json\/wp\/v2\/pages\/3040","targetHints":{"allow":["GET"]}}],"collection":[{"href":"https:\/\/recarprofi.cz\/uvod\/wp-json\/wp\/v2\/pages"}],"about":[{"href":"https:\/\/recarprofi.cz\/uvod\/wp-json\/wp\/v2\/types\/page"}],"author":[{"embeddable":true,"href":"https:\/\/recarprofi.cz\/uvod\/wp-json\/wp\/v2\/users\/1"}],"replies":[{"embeddable":true,"href":"https:\/\/recarprofi.cz\/uvod\/wp-json\/wp\/v2\/comments?post=3040"}],"version-history":[{"count":23,"href":"https:\/\/recarprofi.cz\/uvod\/wp-json\/wp\/v2\/pages\/3040\/revisions"}],"predecessor-version":[{"id":21350,"href":"https:\/\/recarprofi.cz\/uvod\/wp-json\/wp\/v2\/pages\/3040\/revisions\/21350"}],"up":[{"embeddable":true,"href":"https:\/\/recarprofi.cz\/uvod\/wp-json\/wp\/v2\/pages\/3005"}],"wp:attachment":[{"href":"https:\/\/recarprofi.cz\/uvod\/wp-json\/wp\/v2\/media?parent=3040"}],"curies":[{"name":"wp","href":"https:\/\/api.w.org\/{rel}","templated":true}]}}