{"id":31522,"date":"2024-05-03T10:24:49","date_gmt":"2024-05-03T08:24:49","guid":{"rendered":"https:\/\/recarprofi.cz\/uvod\/?page_id=31522"},"modified":"2024-08-19T14:03:08","modified_gmt":"2024-08-19T12:03:08","slug":"navesy-sp","status":"publish","type":"page","link":"https:\/\/recarprofi.cz\/uvod\/komunalni-technika\/navesy-sp\/","title":{"rendered":"N\u00e1v\u011bsy SP"},"content":{"rendered":"\t\t<div data-elementor-type=\"wp-page\" data-elementor-id=\"31522\" class=\"elementor elementor-31522\">\n\t\t\t\t\t\t<section class=\"elementor-section elementor-top-section elementor-element elementor-element-9d77bfe elementor-section-boxed elementor-section-height-default elementor-section-height-default\" data-id=\"9d77bfe\" data-element_type=\"section\" data-e-type=\"section\">\n\t\t\t\t\t\t<div class=\"elementor-container elementor-column-gap-default\">\n\t\t\t\t\t<div class=\"elementor-column elementor-col-50 elementor-top-column elementor-element elementor-element-1ca2854\" data-id=\"1ca2854\" data-element_type=\"column\" data-e-type=\"column\">\n\t\t\t<div class=\"elementor-widget-wrap elementor-element-populated\">\n\t\t\t\t\t\t<div class=\"elementor-element elementor-element-4829190 elementor-position-top elementor-widget elementor-widget-image-box\" data-id=\"4829190\" data-element_type=\"widget\" data-e-type=\"widget\" data-widget_type=\"image-box.default\">\n\t\t\t\t<div class=\"elementor-widget-container\">\n\t\t\t\t\t<div class=\"elementor-image-box-wrapper\"><figure class=\"elementor-image-box-img\"><a href=\"https:\/\/recarprofi.cz\/uvod\/produkt\/naves-sp3-1-0a\/\" tabindex=\"-1\"><img fetchpriority=\"high\" decoding=\"async\" width=\"2272\" height=\"1704\" src=\"https:\/\/recarprofi.cz\/wp-content\/uploads\/2020\/06\/sp305.jpg\" class=\"attachment-full size-full wp-image-21981\" alt=\"\" srcset=\"https:\/\/recarprofi.cz\/wp-content\/uploads\/2020\/06\/sp305.jpg 2272w, https:\/\/recarprofi.cz\/wp-content\/uploads\/2020\/06\/sp305-600x450.jpg 600w, https:\/\/recarprofi.cz\/wp-content\/uploads\/2020\/06\/sp305-744x558.jpg 744w, https:\/\/recarprofi.cz\/wp-content\/uploads\/2020\/06\/sp305-1200x900.jpg 1200w, https:\/\/recarprofi.cz\/wp-content\/uploads\/2020\/06\/sp305-420x315.jpg 420w, https:\/\/recarprofi.cz\/wp-content\/uploads\/2020\/06\/sp305-768x576.jpg 768w, https:\/\/recarprofi.cz\/wp-content\/uploads\/2020\/06\/sp305-1536x1152.jpg 1536w, https:\/\/recarprofi.cz\/wp-content\/uploads\/2020\/06\/sp305-2048x1536.jpg 2048w\" sizes=\"(max-width: 2272px) 100vw, 2272px\" \/><\/a><\/figure><div class=\"elementor-image-box-content\"><h3 class=\"elementor-image-box-title\"><a href=\"https:\/\/recarprofi.cz\/uvod\/produkt\/naves-sp3-1-0a\/\">N\u00e1v\u011bs SP3-1A<\/a><\/h3><p class=\"elementor-image-box-description\">Nosnost 1.000 kg<\/p><\/div><\/div>\t\t\t\t<\/div>\n\t\t\t\t<\/div>\n\t\t\t\t\t<\/div>\n\t\t<\/div>\n\t\t\t\t<div class=\"elementor-column elementor-col-50 elementor-top-column elementor-element elementor-element-1a5277c\" data-id=\"1a5277c\" data-element_type=\"column\" data-e-type=\"column\">\n\t\t\t<div class=\"elementor-widget-wrap elementor-element-populated\">\n\t\t\t\t\t\t<div class=\"elementor-element elementor-element-1517b92 elementor-position-top elementor-widget elementor-widget-image-box\" data-id=\"1517b92\" data-element_type=\"widget\" data-e-type=\"widget\" data-widget_type=\"image-box.default\">\n\t\t\t\t<div class=\"elementor-widget-container\">\n\t\t\t\t\t<div class=\"elementor-image-box-wrapper\"><figure class=\"elementor-image-box-img\"><a href=\"https:\/\/recarprofi.cz\/uvod\/produkt\/naves-sp3-14a\/\" tabindex=\"-1\"><img decoding=\"async\" width=\"2560\" height=\"1920\" src=\"https:\/\/recarprofi.cz\/wp-content\/uploads\/2020\/06\/sp37-scaled.jpg\" class=\"attachment-full size-full wp-image-21978\" alt=\"\" srcset=\"https:\/\/recarprofi.cz\/wp-content\/uploads\/2020\/06\/sp37-scaled.jpg 2560w, https:\/\/recarprofi.cz\/wp-content\/uploads\/2020\/06\/sp37-scaled-600x450.jpg 600w, https:\/\/recarprofi.cz\/wp-content\/uploads\/2020\/06\/sp37-744x558.jpg 744w, https:\/\/recarprofi.cz\/wp-content\/uploads\/2020\/06\/sp37-1200x900.jpg 1200w, https:\/\/recarprofi.cz\/wp-content\/uploads\/2020\/06\/sp37-420x315.jpg 420w, https:\/\/recarprofi.cz\/wp-content\/uploads\/2020\/06\/sp37-768x576.jpg 768w, https:\/\/recarprofi.cz\/wp-content\/uploads\/2020\/06\/sp37-1536x1152.jpg 1536w, https:\/\/recarprofi.cz\/wp-content\/uploads\/2020\/06\/sp37-2048x1536.jpg 2048w\" sizes=\"(max-width: 2560px) 100vw, 2560px\" \/><\/a><\/figure><div class=\"elementor-image-box-content\"><h3 class=\"elementor-image-box-title\"><a href=\"https:\/\/recarprofi.cz\/uvod\/produkt\/naves-sp3-14a\/\">N\u00e1v\u011bs SP3-1,4A<\/a><\/h3><p class=\"elementor-image-box-description\">Nosnost 1.400 kg<\/p><\/div><\/div>\t\t\t\t<\/div>\n\t\t\t\t<\/div>\n\t\t\t\t\t<\/div>\n\t\t<\/div>\n\t\t\t\t\t<\/div>\n\t\t<\/section>\n\t\t\t\t<section class=\"elementor-section elementor-top-section elementor-element elementor-element-fc41305 elementor-section-boxed elementor-section-height-default elementor-section-height-default\" data-id=\"fc41305\" data-element_type=\"section\" data-e-type=\"section\">\n\t\t\t\t\t\t<div class=\"elementor-container elementor-column-gap-default\">\n\t\t\t\t\t<div class=\"elementor-column elementor-col-50 elementor-top-column elementor-element elementor-element-108b825\" data-id=\"108b825\" data-element_type=\"column\" data-e-type=\"column\">\n\t\t\t<div class=\"elementor-widget-wrap elementor-element-populated\">\n\t\t\t\t\t\t<div class=\"elementor-element elementor-element-54d7133 elementor-position-top elementor-widget elementor-widget-image-box\" data-id=\"54d7133\" data-element_type=\"widget\" data-e-type=\"widget\" data-widget_type=\"image-box.default\">\n\t\t\t\t<div class=\"elementor-widget-container\">\n\t\t\t\t\t<div class=\"elementor-image-box-wrapper\"><figure class=\"elementor-image-box-img\"><a href=\"https:\/\/recarprofi.cz\/uvod\/produkt\/naves-sp3-1-8a\/\" tabindex=\"-1\"><img decoding=\"async\" width=\"2272\" height=\"1704\" src=\"https:\/\/recarprofi.cz\/wp-content\/uploads\/2020\/06\/sp303.jpg\" class=\"attachment-full size-full wp-image-21984\" alt=\"\" srcset=\"https:\/\/recarprofi.cz\/wp-content\/uploads\/2020\/06\/sp303.jpg 2272w, https:\/\/recarprofi.cz\/wp-content\/uploads\/2020\/06\/sp303-600x450.jpg 600w, https:\/\/recarprofi.cz\/wp-content\/uploads\/2020\/06\/sp303-744x558.jpg 744w, https:\/\/recarprofi.cz\/wp-content\/uploads\/2020\/06\/sp303-1200x900.jpg 1200w, https:\/\/recarprofi.cz\/wp-content\/uploads\/2020\/06\/sp303-420x315.jpg 420w, https:\/\/recarprofi.cz\/wp-content\/uploads\/2020\/06\/sp303-768x576.jpg 768w, https:\/\/recarprofi.cz\/wp-content\/uploads\/2020\/06\/sp303-1536x1152.jpg 1536w, https:\/\/recarprofi.cz\/wp-content\/uploads\/2020\/06\/sp303-2048x1536.jpg 2048w\" sizes=\"(max-width: 2272px) 100vw, 2272px\" \/><\/a><\/figure><div class=\"elementor-image-box-content\"><h3 class=\"elementor-image-box-title\"><a href=\"https:\/\/recarprofi.cz\/uvod\/produkt\/naves-sp3-1-8a\/\">N\u00e1v\u011bs SP3-1,8A<\/a><\/h3><p class=\"elementor-image-box-description\">Nosnost 1.800 kg<\/p><\/div><\/div>\t\t\t\t<\/div>\n\t\t\t\t<\/div>\n\t\t\t\t\t<\/div>\n\t\t<\/div>\n\t\t\t\t<div class=\"elementor-column elementor-col-50 elementor-top-column elementor-element elementor-element-d5aaf77\" data-id=\"d5aaf77\" data-element_type=\"column\" data-e-type=\"column\">\n\t\t\t<div class=\"elementor-widget-wrap elementor-element-populated\">\n\t\t\t\t\t\t<div class=\"elementor-element elementor-element-f2f019d elementor-position-top elementor-widget elementor-widget-image-box\" data-id=\"f2f019d\" data-element_type=\"widget\" data-e-type=\"widget\" data-widget_type=\"image-box.default\">\n\t\t\t\t<div class=\"elementor-widget-container\">\n\t\t\t\t\t<div class=\"elementor-image-box-wrapper\"><figure class=\"elementor-image-box-img\"><a href=\"https:\/\/recarprofi.cz\/uvod\/produkt\/naves-sp3-2-5a\/\" tabindex=\"-1\"><img loading=\"lazy\" decoding=\"async\" width=\"2272\" height=\"1704\" src=\"https:\/\/recarprofi.cz\/wp-content\/uploads\/2020\/06\/sp304.jpg\" class=\"attachment-full size-full wp-image-21982\" alt=\"\" srcset=\"https:\/\/recarprofi.cz\/wp-content\/uploads\/2020\/06\/sp304.jpg 2272w, https:\/\/recarprofi.cz\/wp-content\/uploads\/2020\/06\/sp304-600x450.jpg 600w, https:\/\/recarprofi.cz\/wp-content\/uploads\/2020\/06\/sp304-744x558.jpg 744w, https:\/\/recarprofi.cz\/wp-content\/uploads\/2020\/06\/sp304-1200x900.jpg 1200w, https:\/\/recarprofi.cz\/wp-content\/uploads\/2020\/06\/sp304-420x315.jpg 420w, https:\/\/recarprofi.cz\/wp-content\/uploads\/2020\/06\/sp304-768x576.jpg 768w, https:\/\/recarprofi.cz\/wp-content\/uploads\/2020\/06\/sp304-1536x1152.jpg 1536w, https:\/\/recarprofi.cz\/wp-content\/uploads\/2020\/06\/sp304-2048x1536.jpg 2048w\" sizes=\"(max-width: 2272px) 100vw, 2272px\" \/><\/a><\/figure><div class=\"elementor-image-box-content\"><h3 class=\"elementor-image-box-title\"><a href=\"https:\/\/recarprofi.cz\/uvod\/produkt\/naves-sp3-2-5a\/\">N\u00e1v\u011bs SP3-2,5A<\/a><\/h3><p class=\"elementor-image-box-description\">Nosnost 2.500 kg<\/p><\/div><\/div>\t\t\t\t<\/div>\n\t\t\t\t<\/div>\n\t\t\t\t\t<\/div>\n\t\t<\/div>\n\t\t\t\t\t<\/div>\n\t\t<\/section>\n\t\t\t\t<\/div>\n\t\t","protected":false},"excerpt":{"rendered":"<p>N\u00e1v\u011bs SP3-1A Nosnost 1.000 kg N\u00e1v\u011bs SP3-1,4A Nosnost 1.400 kg N\u00e1v\u011bs SP3-1,8A Nosnost 1.800 kg N\u00e1v\u011bs SP3-2,5A Nosnost 2.500 kg<\/p>\n","protected":false},"author":1,"featured_media":0,"parent":6072,"menu_order":6,"comment_status":"closed","ping_status":"closed","template":"","meta":{"footnotes":""},"class_list":["post-31522","page","type-page","status-publish","hentry"],"_links":{"self":[{"href":"https:\/\/recarprofi.cz\/uvod\/wp-json\/wp\/v2\/pages\/31522","targetHints":{"allow":["GET"]}}],"collection":[{"href":"https:\/\/recarprofi.cz\/uvod\/wp-json\/wp\/v2\/pages"}],"about":[{"href":"https:\/\/recarprofi.cz\/uvod\/wp-json\/wp\/v2\/types\/page"}],"author":[{"embeddable":true,"href":"https:\/\/recarprofi.cz\/uvod\/wp-json\/wp\/v2\/users\/1"}],"replies":[{"embeddable":true,"href":"https:\/\/recarprofi.cz\/uvod\/wp-json\/wp\/v2\/comments?post=31522"}],"version-history":[{"count":4,"href":"https:\/\/recarprofi.cz\/uvod\/wp-json\/wp\/v2\/pages\/31522\/revisions"}],"predecessor-version":[{"id":31526,"href":"https:\/\/recarprofi.cz\/uvod\/wp-json\/wp\/v2\/pages\/31522\/revisions\/31526"}],"up":[{"embeddable":true,"href":"https:\/\/recarprofi.cz\/uvod\/wp-json\/wp\/v2\/pages\/6072"}],"wp:attachment":[{"href":"https:\/\/recarprofi.cz\/uvod\/wp-json\/wp\/v2\/media?parent=31522"}],"curies":[{"name":"wp","href":"https:\/\/api.w.org\/{rel}","templated":true}]}}