{"id":3166,"date":"2013-03-12T11:34:30","date_gmt":"2013-03-12T10:34:30","guid":{"rendered":"http:\/\/recarprofi.cz\/?page_id=3166"},"modified":"2024-04-26T14:56:04","modified_gmt":"2024-04-26T12:56:04","slug":"nesene-unia","status":"publish","type":"page","link":"https:\/\/recarprofi.cz\/uvod\/zemedelska-technika\/picniny\/balicky\/nesene-unia\/","title":{"rendered":"Nesen\u00e9 bali\u010dky na kulat\u00e9 bal\u00edky Unia"},"content":{"rendered":"\t\t<div data-elementor-type=\"wp-page\" data-elementor-id=\"3166\" class=\"elementor elementor-3166\">\n\t\t\t\t\t\t<section class=\"elementor-section elementor-top-section elementor-element elementor-element-5c9429bc elementor-section-boxed elementor-section-height-default elementor-section-height-default\" data-id=\"5c9429bc\" data-element_type=\"section\" data-e-type=\"section\">\n\t\t\t\t\t\t<div class=\"elementor-container elementor-column-gap-default\">\n\t\t\t\t\t<div class=\"elementor-column elementor-col-100 elementor-top-column elementor-element elementor-element-3ee7919\" data-id=\"3ee7919\" data-element_type=\"column\" data-e-type=\"column\">\n\t\t\t<div class=\"elementor-widget-wrap elementor-element-populated\">\n\t\t\t\t\t\t<div class=\"elementor-element elementor-element-72571242 elementor-widget elementor-widget-text-editor\" data-id=\"72571242\" data-element_type=\"widget\" data-e-type=\"widget\" data-widget_type=\"text-editor.default\">\n\t\t\t\t<div class=\"elementor-widget-container\">\n\t\t\t\t\t\t\t\t\t<p><a href=\"https:\/\/recarprofi.cz\/wp-content\/uploads\/2018\/07\/unia-fala-e.jpg\"><img fetchpriority=\"high\" decoding=\"async\" class=\"aligncenter wp-image-10752 size-full\" src=\"https:\/\/recarprofi.cz\/wp-content\/uploads\/2018\/07\/unia-fala-e.jpg\" alt=\"\" width=\"950\" height=\"712\" srcset=\"https:\/\/recarprofi.cz\/wp-content\/uploads\/2018\/07\/unia-fala-e.jpg 950w, https:\/\/recarprofi.cz\/wp-content\/uploads\/2018\/07\/unia-fala-e-600x450.jpg 600w, https:\/\/recarprofi.cz\/wp-content\/uploads\/2018\/07\/unia-fala-e-420x315.jpg 420w, https:\/\/recarprofi.cz\/wp-content\/uploads\/2018\/07\/unia-fala-e-744x558.jpg 744w, https:\/\/recarprofi.cz\/wp-content\/uploads\/2018\/07\/unia-fala-e-768x576.jpg 768w\" sizes=\"(max-width: 950px) 100vw, 950px\" \/><\/a><\/p><p><strong>FALA<\/strong><\/p><p>Nesen\u00e1 ov\u00edje\u010dka<strong>\u00a0<\/strong>Fala\u00a0je nejjednodu\u0161\u0161\u00ed verzi ov\u00edje\u010dek UNIA. P\u0159ipojuje se k\u00a0t\u0159\u00edbodov\u00e9mu z\u00e1v\u011bsu traktoru a vn\u011bj\u0161\u00edmu okruhu traktoru. Po nalo\u017een\u00ed bal\u00edk\u016f a naveden\u00ed f\u00f3lie je mo\u017eno za\u010d\u00edt s\u00a0ov\u00edjen\u00edm. Ov\u00edjec\u00ed st\u016fl je poh\u00e1n\u011bn hydromotorem. P\u0159i \u0161\u00ed\u0159ce f\u00f3lie 50 cm je t\u0159eba pro dosa\u017een\u00ed dvoj\u00edho ovinut\u00ed prov\u00e9st 24 ot\u00e1\u010dek stolu. P\u0159i \u0161\u00ed\u0159ce f\u00f3lie 75 cm je t\u0159eba pro dosa\u017een\u00ed dvoj\u00edho ovinut\u00ed prov\u00e9st 16 ot\u00e1\u010dek stolu. Po skon\u010den\u00ed ov\u00edjen\u00ed se bal\u00edk vyklop\u00ed.<\/p><p><strong>Technick\u00e9 parametry:<\/strong><\/p><ul><li>hydraulick\u00fd pohon<\/li><li>univerz\u00e1ln\u00ed podava\u010d f\u00f3lie 50 a 75 cm<\/li><li>po\u010d\u00edtadlo ovinut\u00ed LB 2<\/li><li>podp\u016frn\u00e9 ku\u017eele bal\u00edk\u016f<\/li><li>akustick\u00e1 signalizace ukon\u010den\u00ed ovinut\u00ed bal\u00edku<\/li><li>agregace \u00a0nesen\u00e1\/stacion\u00e1rn\u00ed<\/li><li>maxim\u00e1ln\u00ed pr\u016fm\u011br bal\u00edku \u00a01,25 m<\/li><li>maxim\u00e1ln\u00ed hmotnost bal\u00edku \u00a01000 kg<\/li><li>\u0161\u00ed\u0159ka f\u00f3lie 500\/750 mm<\/li><li>nalo\u017een\u00ed bal\u00edku \u00a0extern\u011b<\/li><li>od\u0159ez\u00e1va\u010d f\u00f3lie \u00a0ne<\/li><li>pohon ov\u00edje\u010de \u00a0hydraulicky<\/li><li>rozm\u011bry 2,18 x 1,16 x 1,6 m<\/li><li>ta\u017en\u00fd prost\u0159edek \u00a045 Hp<\/li><li>hmotnost \u00a0580 kg<\/li><\/ul><p>\u00a0<\/p><p>\u00a0<\/p><p><strong>FALA E<\/strong><\/p><p>Nesen\u00e1 ov\u00edje\u010dka FALA E je ov\u00edje\u010dka UNIA s automatickou regulac\u00ed napnut\u00ed f\u00f3lie. P\u0159ipojuje se k\u00a0t\u0159\u00edbodov\u00e9mu z\u00e1v\u011bsu traktoru a vn\u011bj\u0161\u00edmu okruhu traktoru. Po nalo\u017een\u00ed bal\u00edk\u016f a naveden\u00ed f\u00f3lie je mo\u017eno za\u010d\u00edt s\u00a0ov\u00edjen\u00edm. Ov\u00edjec\u00ed st\u016fl je poh\u00e1n\u011bn hydromotorem. P\u0159i \u0161\u00ed\u0159ce f\u00f3lie 75 cm je t\u0159eba pro dosa\u017een\u00ed dvoj\u00edho ovinut\u00ed prov\u00e9st 16 ot\u00e1\u010dek stolu. Po skon\u010den\u00ed ov\u00edjen\u00ed se bal\u00edk pomoc\u00ed hydrauliky vyklop\u00ed.<\/p><p><strong>Ovlada\u010d Radio<\/strong> \u2013 mimo jin\u00e9 dok\u00e1\u017ee automaticky \u0159\u00eddit proces ovinut\u00ed, naprogramov\u00e1n\u00ed po\u010dtu ovinut\u00ed a \u0159\u00edd\u00ed proces ovinut\u00ed radiov\u00fdm sign\u00e1lem bez kabelov\u00e9ho p\u0159ipojen\u00ed se strojem.<\/p><p><strong>Technick\u00e9 parametry:<\/strong><\/p><ul><li>hydraulick\u00fd pohon<\/li><li>\u00a0podava\u010d f\u00f3lie 75 cm<\/li><li>ovlada\u010d Radio Wrap<\/li><li>podp\u016frn\u00e9 ku\u017eele bal\u00edk\u016f<\/li><li>akustick\u00e1 signalizace ukon\u010den\u00ed ovinut\u00ed bal\u00edku<\/li><li>agregace \u00a0nesen\u00e1\/stacion\u00e1rn\u00ed<\/li><li>maxim\u00e1ln\u00ed pr\u016fm\u011br bal\u00edku \u00a01,2 &#8211; 1,5 m<\/li><li>maxim\u00e1ln\u00ed hmotnost bal\u00edku \u00a01200 kg<\/li><li>\u0161\u00ed\u0159ka f\u00f3lie 750 mm<\/li><li>nalo\u017een\u00ed bal\u00edku \u00a0extern\u011b<\/li><li>od\u0159ez\u00e1va\u010d f\u00f3lie \u00a0ANO<\/li><li>ovl\u00e1d\u00e1n\u00ed \u00a0elektronicky<\/li><li>pohon ov\u00edje\u010de \u00a0hydraulicky<\/li><li>rozm\u011bry 2,70 x 1,96 x 1,9 m<\/li><li>hmotnost 800 kg<\/li><\/ul><p>\u00a0<\/p><p>\u00a0<\/p><p><strong>FALA H<\/strong><\/p><p>Nesen\u00e1 ov\u00edje\u010dka FALA H je \u00a0ov\u00edje\u010dka UNIA s automatickou regulac\u00ed napnut\u00ed f\u00f3lie. P\u0159ipojuje se k\u00a0t\u0159\u00edbodov\u00e9mu z\u00e1v\u011bsu traktoru a vn\u011bj\u0161\u00edmu okruhu traktoru. Po nalo\u017een\u00ed bal\u00edk\u016f a naveden\u00ed f\u00f3lie je mo\u017eno za\u010d\u00edt s\u00a0ov\u00edjen\u00edm. Ov\u00edjec\u00ed st\u016fl je poh\u00e1n\u011bn hydromotorem. P\u0159i \u0161\u00ed\u0159ce f\u00f3lie 75 cm je t\u0159eba pro dosa\u017een\u00ed dvoj\u00edho ovinut\u00ed prov\u00e9st 16 ot\u00e1\u010dek stolu. Po skon\u010den\u00ed ov\u00edjen\u00ed se bal\u00edk pomoc\u00ed hydrauliky vyklop\u00ed.<\/p><p><strong>Technick\u00e9 parametry:<\/strong><\/p><ul><li>hydraulick\u00fd pohon<\/li><li>\u00a0podava\u010d f\u00f3lie \u00a075 cm<\/li><li>po\u010d\u00edtadlo ovinut\u00ed COUNTER<\/li><li>podp\u016frn\u00e9 ku\u017eele bal\u00edk\u016f<\/li><li>akustick\u00e1 signalizace ukon\u010den\u00ed ovinut\u00ed bal\u00edku<\/li><li>agregace \u00a0nesen\u00e1\/stacion\u00e1rn\u00ed<\/li><li>maxim\u00e1ln\u00ed pr\u016fm\u011br bal\u00edku \u00a01,2 &#8211; 1,5 m<\/li><li>maxim\u00e1ln\u00ed hmotnost bal\u00edku \u00a01200 kg<\/li><li>\u0161\u00ed\u0159ka f\u00f3lie 750 mm<\/li><li>nalo\u017een\u00ed bal\u00edku \u00a0extern\u011b<\/li><li>od\u0159ez\u00e1va\u010d f\u00f3lie \u00a0ANO<\/li><li>ovl\u00e1d\u00e1n\u00ed \u00a0mechanick\u00fd rozvad\u011b\u010d<\/li><li>pohon ov\u00edje\u010de \u00a0hydraulicky<\/li><li>rozm\u011bry 2,70 x 1,96 x 1,9 m<\/li><li>ta\u017en\u00fd prost\u0159edek \u00a040 Hp<\/li><li>hmotnost \u00a0800 kg<\/li><\/ul><p><a href=\"http:\/\/recarprofi.cz\/wp-content\/uploads\/2018\/07\/unia-fala-h.jpg\"><img decoding=\"async\" class=\"aligncenter wp-image-10764 size-full\" src=\"http:\/\/recarprofi.cz\/wp-content\/uploads\/2018\/07\/unia-fala-h.jpg\" alt=\"\" width=\"500\" height=\"451\" srcset=\"https:\/\/recarprofi.cz\/wp-content\/uploads\/2018\/07\/unia-fala-h.jpg 500w, https:\/\/recarprofi.cz\/wp-content\/uploads\/2018\/07\/unia-fala-h-416x375.jpg 416w, https:\/\/recarprofi.cz\/wp-content\/uploads\/2018\/07\/unia-fala-h-420x379.jpg 420w\" sizes=\"(max-width: 500px) 100vw, 500px\" \/><\/a><\/p><p><a href=\"http:\/\/recarprofi.cz\/wp-content\/uploads\/2018\/07\/unia-fala2.jpg\"><img decoding=\"async\" class=\"aligncenter wp-image-10757 size-full\" src=\"http:\/\/recarprofi.cz\/wp-content\/uploads\/2018\/07\/unia-fala2.jpg\" alt=\"\" width=\"500\" height=\"773\" srcset=\"https:\/\/recarprofi.cz\/wp-content\/uploads\/2018\/07\/unia-fala2.jpg 500w, https:\/\/recarprofi.cz\/wp-content\/uploads\/2018\/07\/unia-fala2-416x643.jpg 416w, https:\/\/recarprofi.cz\/wp-content\/uploads\/2018\/07\/unia-fala2-420x649.jpg 420w\" sizes=\"(max-width: 500px) 100vw, 500px\" \/><\/a><\/p><p><a href=\"https:\/\/recarprofi.cz\/wp-content\/uploads\/2018\/07\/unia-fala.png\"><img loading=\"lazy\" decoding=\"async\" class=\"aligncenter wp-image-10746 size-full\" src=\"https:\/\/recarprofi.cz\/wp-content\/uploads\/2018\/07\/unia-fala.png\" alt=\"\" width=\"1100\" height=\"460\" srcset=\"https:\/\/recarprofi.cz\/wp-content\/uploads\/2018\/07\/unia-fala.png 1100w, https:\/\/recarprofi.cz\/wp-content\/uploads\/2018\/07\/unia-fala-600x251.png 600w, https:\/\/recarprofi.cz\/wp-content\/uploads\/2018\/07\/unia-fala-420x176.png 420w, https:\/\/recarprofi.cz\/wp-content\/uploads\/2018\/07\/unia-fala-744x311.png 744w, https:\/\/recarprofi.cz\/wp-content\/uploads\/2018\/07\/unia-fala-768x321.png 768w\" sizes=\"(max-width: 1100px) 100vw, 1100px\" \/><\/a><\/p><p><a href=\"https:\/\/recarprofi.cz\/wp-content\/uploads\/2018\/07\/unia-fala1.jpg\"><img loading=\"lazy\" decoding=\"async\" class=\"wp-image-10755 size-full\" src=\"https:\/\/recarprofi.cz\/wp-content\/uploads\/2018\/07\/unia-fala1.jpg\" alt=\"\" width=\"500\" height=\"747\" srcset=\"https:\/\/recarprofi.cz\/wp-content\/uploads\/2018\/07\/unia-fala1.jpg 500w, https:\/\/recarprofi.cz\/wp-content\/uploads\/2018\/07\/unia-fala1-416x622.jpg 416w, https:\/\/recarprofi.cz\/wp-content\/uploads\/2018\/07\/unia-fala1-420x627.jpg 420w\" sizes=\"(max-width: 500px) 100vw, 500px\" \/><\/a><\/p>\t\t\t\t\t\t\t\t<\/div>\n\t\t\t\t<\/div>\n\t\t\t\t\t<\/div>\n\t\t<\/div>\n\t\t\t\t\t<\/div>\n\t\t<\/section>\n\t\t\t\t<\/div>\n\t\t","protected":false},"excerpt":{"rendered":"<p>FALA Nesen\u00e1 ov\u00edje\u010dka\u00a0Fala\u00a0je nejjednodu\u0161\u0161\u00ed verzi ov\u00edje\u010dek UNIA. P\u0159ipojuje se k\u00a0t\u0159\u00edbodov\u00e9mu z\u00e1v\u011bsu traktoru a vn\u011bj\u0161\u00edmu okruhu traktoru. Po nalo\u017een\u00ed bal\u00edk\u016f a naveden\u00ed f\u00f3lie je mo\u017eno za\u010d\u00edt s\u00a0ov\u00edjen\u00edm. Ov\u00edjec\u00ed st\u016fl je poh\u00e1n\u011bn hydromotorem. P\u0159i \u0161\u00ed\u0159ce f\u00f3lie 50&hellip;<\/p>\n","protected":false},"author":1,"featured_media":0,"parent":3064,"menu_order":1,"comment_status":"closed","ping_status":"closed","template":"","meta":{"footnotes":""},"class_list":["post-3166","page","type-page","status-publish","hentry"],"_links":{"self":[{"href":"https:\/\/recarprofi.cz\/uvod\/wp-json\/wp\/v2\/pages\/3166","targetHints":{"allow":["GET"]}}],"collection":[{"href":"https:\/\/recarprofi.cz\/uvod\/wp-json\/wp\/v2\/pages"}],"about":[{"href":"https:\/\/recarprofi.cz\/uvod\/wp-json\/wp\/v2\/types\/page"}],"author":[{"embeddable":true,"href":"https:\/\/recarprofi.cz\/uvod\/wp-json\/wp\/v2\/users\/1"}],"replies":[{"embeddable":true,"href":"https:\/\/recarprofi.cz\/uvod\/wp-json\/wp\/v2\/comments?post=3166"}],"version-history":[{"count":30,"href":"https:\/\/recarprofi.cz\/uvod\/wp-json\/wp\/v2\/pages\/3166\/revisions"}],"predecessor-version":[{"id":21389,"href":"https:\/\/recarprofi.cz\/uvod\/wp-json\/wp\/v2\/pages\/3166\/revisions\/21389"}],"up":[{"embeddable":true,"href":"https:\/\/recarprofi.cz\/uvod\/wp-json\/wp\/v2\/pages\/3064"}],"wp:attachment":[{"href":"https:\/\/recarprofi.cz\/uvod\/wp-json\/wp\/v2\/media?parent=3166"}],"curies":[{"name":"wp","href":"https:\/\/api.w.org\/{rel}","templated":true}]}}