{"id":31855,"date":"2024-08-19T13:09:45","date_gmt":"2024-08-19T11:09:45","guid":{"rendered":"https:\/\/recarprofi.cz\/uvod\/?page_id=31855"},"modified":"2024-10-23T12:45:17","modified_gmt":"2024-10-23T10:45:17","slug":"evum-acar-4x4","status":"publish","type":"page","link":"https:\/\/recarprofi.cz\/uvod\/komunalni-technika\/evum-acar-4x4\/","title":{"rendered":"Evum aCar 4&#215;4"},"content":{"rendered":"\t\t<div data-elementor-type=\"wp-page\" data-elementor-id=\"31855\" class=\"elementor elementor-31855\">\n\t\t\t\t\t\t<section class=\"elementor-section elementor-top-section elementor-element elementor-element-cd3e8f2 elementor-section-boxed elementor-section-height-default elementor-section-height-default\" data-id=\"cd3e8f2\" data-element_type=\"section\" data-e-type=\"section\">\n\t\t\t\t\t\t<div class=\"elementor-container elementor-column-gap-default\">\n\t\t\t\t\t<div class=\"elementor-column elementor-col-100 elementor-top-column elementor-element elementor-element-944fe80\" data-id=\"944fe80\" data-element_type=\"column\" data-e-type=\"column\">\n\t\t\t<div class=\"elementor-widget-wrap elementor-element-populated\">\n\t\t\t\t\t\t<div class=\"elementor-element elementor-element-ff61f21 elementor-widget elementor-widget-image\" data-id=\"ff61f21\" data-element_type=\"widget\" data-e-type=\"widget\" data-widget_type=\"image.default\">\n\t\t\t\t<div class=\"elementor-widget-container\">\n\t\t\t\t\t\t\t\t\t\t\t\t\t\t\t<img fetchpriority=\"high\" decoding=\"async\" width=\"680\" height=\"510\" src=\"https:\/\/recarprofi.cz\/wp-content\/uploads\/2024\/08\/evum-10.jpg\" class=\"attachment-full size-full wp-image-31897\" alt=\"\" srcset=\"https:\/\/recarprofi.cz\/wp-content\/uploads\/2024\/08\/evum-10.jpg 680w, https:\/\/recarprofi.cz\/wp-content\/uploads\/2024\/08\/evum-10-420x315.jpg 420w, https:\/\/recarprofi.cz\/wp-content\/uploads\/2024\/08\/evum-10-600x450.jpg 600w\" sizes=\"(max-width: 680px) 100vw, 680px\" \/>\t\t\t\t\t\t\t\t\t\t\t\t\t\t\t<\/div>\n\t\t\t\t<\/div>\n\t\t\t\t\t<\/div>\n\t\t<\/div>\n\t\t\t\t\t<\/div>\n\t\t<\/section>\n\t\t\t\t<section class=\"elementor-section elementor-top-section elementor-element elementor-element-bb590de elementor-section-boxed elementor-section-height-default elementor-section-height-default\" data-id=\"bb590de\" data-element_type=\"section\" data-e-type=\"section\">\n\t\t\t\t\t\t<div class=\"elementor-container elementor-column-gap-default\">\n\t\t\t\t\t<div class=\"elementor-column elementor-col-100 elementor-top-column elementor-element elementor-element-623d16c\" data-id=\"623d16c\" data-element_type=\"column\" data-e-type=\"column\">\n\t\t\t<div class=\"elementor-widget-wrap elementor-element-populated\">\n\t\t\t\t\t\t<div class=\"elementor-element elementor-element-e25f9e5 elementor-align-left elementor-widget elementor-widget-button\" data-id=\"e25f9e5\" data-element_type=\"widget\" data-e-type=\"widget\" data-widget_type=\"button.default\">\n\t\t\t\t<div class=\"elementor-widget-container\">\n\t\t\t\t\t\t\t\t\t<div class=\"elementor-button-wrapper\">\n\t\t\t\t\t<a class=\"elementor-button elementor-button-link elementor-size-sm\" href=\"https:\/\/recarprofi.cz\/uvod\/kategorie-produktu\/elektromobily\/\">\n\t\t\t\t\t\t<span class=\"elementor-button-content-wrapper\">\n\t\t\t\t\t\t\t\t\t<span class=\"elementor-button-text\">Vstup do eshopu<\/span>\n\t\t\t\t\t<\/span>\n\t\t\t\t\t<\/a>\n\t\t\t\t<\/div>\n\t\t\t\t\t\t\t\t<\/div>\n\t\t\t\t<\/div>\n\t\t\t\t\t<\/div>\n\t\t<\/div>\n\t\t\t\t\t<\/div>\n\t\t<\/section>\n\t\t\t\t<section class=\"elementor-section elementor-top-section elementor-element elementor-element-54a6ce9 elementor-section-boxed elementor-section-height-default elementor-section-height-default\" data-id=\"54a6ce9\" data-element_type=\"section\" data-e-type=\"section\">\n\t\t\t\t\t\t<div class=\"elementor-container elementor-column-gap-default\">\n\t\t\t\t\t<div class=\"elementor-column elementor-col-100 elementor-top-column elementor-element elementor-element-aeb0307\" data-id=\"aeb0307\" data-element_type=\"column\" data-e-type=\"column\">\n\t\t\t<div class=\"elementor-widget-wrap elementor-element-populated\">\n\t\t\t\t\t\t<div class=\"elementor-element elementor-element-9beb0d6 elementor-widget elementor-widget-text-editor\" data-id=\"9beb0d6\" data-element_type=\"widget\" data-e-type=\"widget\" data-widget_type=\"text-editor.default\">\n\t\t\t\t<div class=\"elementor-widget-container\">\n\t\t\t\t\t\t\t\t\t<p style=\"text-align: center;\"><strong>pln\u011b elektrick\u00fd komun\u00e1ln\u00ed v\u016fz<\/strong><\/p><p style=\"text-align: center;\"><strong>jedin\u00fd u\u017eitkov\u00fd elektromobil na trhu s pohonem 4&#215;4<\/strong><\/p><p style=\"text-align: center;\"><strong>dojezd a\u017e 150 km dle cyklu LOW<\/strong><\/p><p style=\"text-align: center;\"><strong>maxim\u00e1ln\u00ed rychlost 70 km\/h<\/strong><\/p><p style=\"text-align: center;\"><strong>r\u016fzn\u00e9 druhy kapacity bateri\u00ed<\/strong><\/p><p style=\"text-align: center;\"><strong>v nab\u00eddce prodlou\u017een\u00fd rozvor a XL korba<\/strong><\/p>\t\t\t\t\t\t\t\t<\/div>\n\t\t\t\t<\/div>\n\t\t\t\t\t<\/div>\n\t\t<\/div>\n\t\t\t\t\t<\/div>\n\t\t<\/section>\n\t\t\t\t<section class=\"elementor-section elementor-top-section elementor-element elementor-element-d32a39f elementor-section-boxed elementor-section-height-default elementor-section-height-default\" data-id=\"d32a39f\" data-element_type=\"section\" data-e-type=\"section\">\n\t\t\t\t\t\t<div class=\"elementor-container elementor-column-gap-default\">\n\t\t\t\t\t<div class=\"elementor-column elementor-col-100 elementor-top-column elementor-element elementor-element-0096deb\" data-id=\"0096deb\" data-element_type=\"column\" data-e-type=\"column\">\n\t\t\t<div class=\"elementor-widget-wrap elementor-element-populated\">\n\t\t\t\t\t\t<div class=\"elementor-element elementor-element-0431609 elementor-widget elementor-widget-video\" data-id=\"0431609\" data-element_type=\"widget\" data-e-type=\"widget\" data-settings=\"{&quot;youtube_url&quot;:&quot;https:\\\/\\\/youtu.be\\\/rZUsYoacXV8&quot;,&quot;video_type&quot;:&quot;youtube&quot;,&quot;controls&quot;:&quot;yes&quot;}\" data-widget_type=\"video.default\">\n\t\t\t\t<div class=\"elementor-widget-container\">\n\t\t\t\t\t\t\t<div class=\"elementor-wrapper elementor-open-inline\">\n\t\t\t<div class=\"elementor-video\"><\/div>\t\t<\/div>\n\t\t\t\t\t\t<\/div>\n\t\t\t\t<\/div>\n\t\t\t\t\t<\/div>\n\t\t<\/div>\n\t\t\t\t\t<\/div>\n\t\t<\/section>\n\t\t\t\t<section class=\"elementor-section elementor-top-section elementor-element elementor-element-823d27a elementor-section-boxed elementor-section-height-default elementor-section-height-default\" data-id=\"823d27a\" data-element_type=\"section\" data-e-type=\"section\">\n\t\t\t\t\t\t<div class=\"elementor-container elementor-column-gap-default\">\n\t\t\t\t\t<div class=\"elementor-column elementor-col-50 elementor-top-column elementor-element elementor-element-11c8da4\" data-id=\"11c8da4\" data-element_type=\"column\" data-e-type=\"column\">\n\t\t\t<div class=\"elementor-widget-wrap elementor-element-populated\">\n\t\t\t\t\t\t<div class=\"elementor-element elementor-element-647e074 elementor-widget elementor-widget-text-editor\" data-id=\"647e074\" data-element_type=\"widget\" data-e-type=\"widget\" data-widget_type=\"text-editor.default\">\n\t\t\t\t<div class=\"elementor-widget-container\">\n\t\t\t\t\t\t\t\t\t<p>Nov\u011b v nab\u00eddce najdete v\u016fz s prodlou\u017een\u00fdm rozvorem a pevnou i 3strann\u011b sklopnou korbou XL, kter\u00e1 V\u00e1m poskytne n\u00e1kladn\u00ed prostor o d\u00e9lce 2,7 m.<\/p>\t\t\t\t\t\t\t\t<\/div>\n\t\t\t\t<\/div>\n\t\t\t\t\t<\/div>\n\t\t<\/div>\n\t\t\t\t<div class=\"elementor-column elementor-col-50 elementor-top-column elementor-element elementor-element-101bf02\" data-id=\"101bf02\" data-element_type=\"column\" data-e-type=\"column\">\n\t\t\t<div class=\"elementor-widget-wrap elementor-element-populated\">\n\t\t\t\t\t\t<div class=\"elementor-element elementor-element-fbc6037 elementor-widget elementor-widget-text-editor\" data-id=\"fbc6037\" data-element_type=\"widget\" data-e-type=\"widget\" data-widget_type=\"text-editor.default\">\n\t\t\t\t<div class=\"elementor-widget-container\">\n\t\t\t\t\t\t\t\t\t<p>Pohon v\u0161ech kol zaji\u0161\u0165uje bezpe\u010dn\u00fd pohyb vozu EVUM aCar v ter\u00e9nu a jeho spolehlivost za ka\u017ed\u00e9ho po\u010das\u00ed. Odoln\u00fd a odpru\u017een\u00fd podvozek je konstruov\u00e1n pro rychlost a\u017e 70 km\/h i na vozovk\u00e1ch hor\u0161\u00ed kvality.<\/p>\t\t\t\t\t\t\t\t<\/div>\n\t\t\t\t<\/div>\n\t\t\t\t\t<\/div>\n\t\t<\/div>\n\t\t\t\t\t<\/div>\n\t\t<\/section>\n\t\t\t\t<section class=\"elementor-section elementor-top-section elementor-element elementor-element-57a4bc7 elementor-section-boxed elementor-section-height-default elementor-section-height-default\" data-id=\"57a4bc7\" data-element_type=\"section\" data-e-type=\"section\">\n\t\t\t\t\t\t<div class=\"elementor-container elementor-column-gap-default\">\n\t\t\t\t\t<div class=\"elementor-column elementor-col-50 elementor-top-column elementor-element elementor-element-2ffa827\" data-id=\"2ffa827\" data-element_type=\"column\" data-e-type=\"column\">\n\t\t\t<div class=\"elementor-widget-wrap elementor-element-populated\">\n\t\t\t\t\t\t<div class=\"elementor-element elementor-element-af9a0f3 elementor-widget elementor-widget-text-editor\" data-id=\"af9a0f3\" data-element_type=\"widget\" data-e-type=\"widget\" data-widget_type=\"text-editor.default\">\n\t\t\t\t<div class=\"elementor-widget-container\">\n\t\t\t\t\t\t\t\t\t<p>U\u017eitkov\u00fd v\u016fz je uzp\u016fsoben pro pou\u017eit\u00ed se \u0161irokou \u0161k\u00e1lou n\u00e1staveb a pracovn\u00edch adapt\u00e9r\u016f, pro nejr\u016fzn\u011bj\u0161\u00ed komun\u00e1ln\u00ed pr\u00e1ce b\u011bhem letn\u00ed i zimn\u00ed \u00fadr\u017eby. Vyu\u017e\u00edt ho lze v agregaci s 3strann\u00fdm skl\u00e1p\u011b\u010dem, sypa\u010dem, sn\u011bhovou radlic\u00ed, cisternou i nosi\u010dem kontejner\u016f.<\/p>\t\t\t\t\t\t\t\t<\/div>\n\t\t\t\t<\/div>\n\t\t\t\t\t<\/div>\n\t\t<\/div>\n\t\t\t\t<div class=\"elementor-column elementor-col-50 elementor-top-column elementor-element elementor-element-0007ea1\" data-id=\"0007ea1\" data-element_type=\"column\" data-e-type=\"column\">\n\t\t\t<div class=\"elementor-widget-wrap elementor-element-populated\">\n\t\t\t\t\t\t<div class=\"elementor-element elementor-element-75c0d77 elementor-widget elementor-widget-text-editor\" data-id=\"75c0d77\" data-element_type=\"widget\" data-e-type=\"widget\" data-widget_type=\"text-editor.default\">\n\t\t\t\t<div class=\"elementor-widget-container\">\n\t\t\t\t\t\t\t\t\t<p>Oproti komun\u00e1ln\u00edm voz\u016fm se spalovac\u00edm motorem je provoz elektromobilu EVUM i jeho \u00fadr\u017eba velmi jednoduch\u00e1. Nen\u00ed pot\u0159eba v pravideln\u00fdch intervalech m\u011bnit provozn\u00ed kapaliny a filtry, n\u00e1klady jsou tak v porovn\u00e1n\u00ed s tradi\u010dn\u011b vyu\u017e\u00edvan\u00fdmi multicarami minim\u00e1ln\u00ed.<\/p>\t\t\t\t\t\t\t\t<\/div>\n\t\t\t\t<\/div>\n\t\t\t\t\t<\/div>\n\t\t<\/div>\n\t\t\t\t\t<\/div>\n\t\t<\/section>\n\t\t\t\t<section class=\"elementor-section elementor-top-section elementor-element elementor-element-87e5b11 elementor-section-boxed elementor-section-height-default elementor-section-height-default\" data-id=\"87e5b11\" data-element_type=\"section\" data-e-type=\"section\">\n\t\t\t\t\t\t<div class=\"elementor-container elementor-column-gap-default\">\n\t\t\t\t\t<div class=\"elementor-column elementor-col-100 elementor-top-column elementor-element elementor-element-fd992f0\" data-id=\"fd992f0\" data-element_type=\"column\" data-e-type=\"column\">\n\t\t\t<div class=\"elementor-widget-wrap elementor-element-populated\">\n\t\t\t\t\t\t<div class=\"elementor-element elementor-element-8f568ca elementor-arrows-position-inside elementor-pagination-position-outside elementor-widget elementor-widget-image-carousel\" data-id=\"8f568ca\" data-element_type=\"widget\" data-e-type=\"widget\" data-settings=\"{&quot;navigation&quot;:&quot;both&quot;,&quot;autoplay&quot;:&quot;yes&quot;,&quot;pause_on_hover&quot;:&quot;yes&quot;,&quot;pause_on_interaction&quot;:&quot;yes&quot;,&quot;autoplay_speed&quot;:5000,&quot;infinite&quot;:&quot;yes&quot;,&quot;speed&quot;:500}\" data-widget_type=\"image-carousel.default\">\n\t\t\t\t<div class=\"elementor-widget-container\">\n\t\t\t\t\t\t\t<div class=\"elementor-image-carousel-wrapper swiper\" role=\"region\" aria-roledescription=\"carousel\" aria-label=\"Obr\u00e1zkov\u00fd koloto\u010d\" dir=\"ltr\">\n\t\t\t<div class=\"elementor-image-carousel swiper-wrapper swiper-image-stretch\" aria-live=\"off\">\n\t\t\t\t\t\t\t\t<div class=\"swiper-slide\" role=\"group\" aria-roledescription=\"slide\" aria-label=\"1 z 9\"><figure class=\"swiper-slide-inner\"><img decoding=\"async\" class=\"swiper-slide-image\" src=\"https:\/\/recarprofi.cz\/wp-content\/uploads\/2024\/08\/evum-1.jpg\" alt=\"evum 1\" \/><\/figure><\/div><div class=\"swiper-slide\" role=\"group\" aria-roledescription=\"slide\" aria-label=\"2 z 9\"><figure class=\"swiper-slide-inner\"><img decoding=\"async\" class=\"swiper-slide-image\" src=\"https:\/\/recarprofi.cz\/wp-content\/uploads\/2024\/08\/evum-2.jpg\" alt=\"evum 2\" \/><\/figure><\/div><div class=\"swiper-slide\" role=\"group\" aria-roledescription=\"slide\" aria-label=\"3 z 9\"><figure class=\"swiper-slide-inner\"><img decoding=\"async\" class=\"swiper-slide-image\" src=\"https:\/\/recarprofi.cz\/wp-content\/uploads\/2024\/08\/evum-3.jpg\" alt=\"evum 3\" \/><\/figure><\/div><div class=\"swiper-slide\" role=\"group\" aria-roledescription=\"slide\" aria-label=\"4 z 9\"><figure class=\"swiper-slide-inner\"><img decoding=\"async\" class=\"swiper-slide-image\" src=\"https:\/\/recarprofi.cz\/wp-content\/uploads\/2024\/08\/evum-4.jpg\" alt=\"evum 4\" \/><\/figure><\/div><div class=\"swiper-slide\" role=\"group\" aria-roledescription=\"slide\" aria-label=\"5 z 9\"><figure class=\"swiper-slide-inner\"><img decoding=\"async\" class=\"swiper-slide-image\" src=\"https:\/\/recarprofi.cz\/wp-content\/uploads\/2024\/08\/evum-5.jpg\" alt=\"evum 5\" \/><\/figure><\/div><div class=\"swiper-slide\" role=\"group\" aria-roledescription=\"slide\" aria-label=\"6 z 9\"><figure class=\"swiper-slide-inner\"><img decoding=\"async\" class=\"swiper-slide-image\" src=\"https:\/\/recarprofi.cz\/wp-content\/uploads\/2024\/08\/evum-6.jpg\" alt=\"evum 6\" \/><\/figure><\/div><div class=\"swiper-slide\" role=\"group\" aria-roledescription=\"slide\" aria-label=\"7 z 9\"><figure class=\"swiper-slide-inner\"><img decoding=\"async\" class=\"swiper-slide-image\" src=\"https:\/\/recarprofi.cz\/wp-content\/uploads\/2024\/08\/evum-7.jpg\" alt=\"evum 7\" \/><\/figure><\/div><div class=\"swiper-slide\" role=\"group\" aria-roledescription=\"slide\" aria-label=\"8 z 9\"><figure class=\"swiper-slide-inner\"><img decoding=\"async\" class=\"swiper-slide-image\" src=\"https:\/\/recarprofi.cz\/wp-content\/uploads\/2024\/08\/evum-8.jpg\" alt=\"evum 8\" \/><\/figure><\/div><div class=\"swiper-slide\" role=\"group\" aria-roledescription=\"slide\" aria-label=\"9 z 9\"><figure class=\"swiper-slide-inner\"><img decoding=\"async\" class=\"swiper-slide-image\" src=\"https:\/\/recarprofi.cz\/wp-content\/uploads\/2024\/08\/evum-9.jpg\" alt=\"evum\" \/><\/figure><\/div>\t\t\t<\/div>\n\t\t\t\t\t\t\t\t\t\t\t\t<div class=\"elementor-swiper-button elementor-swiper-button-prev\" role=\"button\" tabindex=\"0\">\n\t\t\t\t\t\t<i aria-hidden=\"true\" class=\"eicon-chevron-left\"><\/i>\t\t\t\t\t<\/div>\n\t\t\t\t\t<div class=\"elementor-swiper-button elementor-swiper-button-next\" role=\"button\" tabindex=\"0\">\n\t\t\t\t\t\t<i aria-hidden=\"true\" class=\"eicon-chevron-right\"><\/i>\t\t\t\t\t<\/div>\n\t\t\t\t\n\t\t\t\t\t\t\t\t\t<div class=\"swiper-pagination\"><\/div>\n\t\t\t\t\t\t\t\t\t<\/div>\n\t\t\t\t\t\t<\/div>\n\t\t\t\t<\/div>\n\t\t\t\t\t<\/div>\n\t\t<\/div>\n\t\t\t\t\t<\/div>\n\t\t<\/section>\n\t\t\t\t<section class=\"elementor-section elementor-top-section elementor-element elementor-element-c6e2de4 elementor-section-boxed elementor-section-height-default elementor-section-height-default\" data-id=\"c6e2de4\" data-element_type=\"section\" data-e-type=\"section\">\n\t\t\t\t\t\t<div class=\"elementor-container elementor-column-gap-default\">\n\t\t\t\t\t<div class=\"elementor-column elementor-col-50 elementor-top-column elementor-element elementor-element-97e0cd5\" data-id=\"97e0cd5\" data-element_type=\"column\" data-e-type=\"column\">\n\t\t\t<div class=\"elementor-widget-wrap elementor-element-populated\">\n\t\t\t\t\t\t<div class=\"elementor-element elementor-element-1262f11 elementor-widget elementor-widget-text-editor\" data-id=\"1262f11\" data-element_type=\"widget\" data-e-type=\"widget\" data-widget_type=\"text-editor.default\">\n\t\t\t\t<div class=\"elementor-widget-container\">\n\t\t\t\t\t\t\t\t\t<p>Pln\u011b elektrick\u00fd pohon vozu nab\u00edz\u00ed tich\u00fd provoz bez emis\u00ed. To d\u011bl\u00e1 z t\u00e9to multik\u00e1ry ide\u00e1ln\u00edho pomocn\u00edka k \u00fadr\u017eb\u011b m\u011bst a obc\u00ed, are\u00e1l\u016f nemocnic, zoologick\u00fdch zahrad a dal\u0161\u00edch instituc\u00ed, ale i pro pr\u00e1ci v zem\u011bd\u011blstv\u00ed.<\/p>\t\t\t\t\t\t\t\t<\/div>\n\t\t\t\t<\/div>\n\t\t\t\t\t<\/div>\n\t\t<\/div>\n\t\t\t\t<div class=\"elementor-column elementor-col-50 elementor-top-column elementor-element elementor-element-b961b72\" data-id=\"b961b72\" data-element_type=\"column\" data-e-type=\"column\">\n\t\t\t<div class=\"elementor-widget-wrap elementor-element-populated\">\n\t\t\t\t\t\t<div class=\"elementor-element elementor-element-b4af57c elementor-widget elementor-widget-text-editor\" data-id=\"b4af57c\" data-element_type=\"widget\" data-e-type=\"widget\" data-widget_type=\"text-editor.default\">\n\t\t\t\t<div class=\"elementor-widget-container\">\n\t\t\t\t\t\t\t\t\t<p>N\u00e1kladn\u00ed v\u016fz nab\u00edz\u00ed obdobn\u00e9 rozm\u011bry jako Multicar, perfektn\u011b se tak hod\u00ed k \u00fadr\u017eb\u011b \u00fazk\u00fdch uli\u010dek m\u011bst a obc\u00ed, k pohybu po chodn\u00edc\u00edch a pohodln\u00e9mu man\u00e9vrov\u00e1n\u00ed v provozu. Korba o rozm\u011bru 1,6 x 1,8 m zaji\u0161\u0165uje dostatek n\u00e1kladn\u00edho prostoru a nosnost 1,2 t.<\/p>\t\t\t\t\t\t\t\t<\/div>\n\t\t\t\t<\/div>\n\t\t\t\t\t<\/div>\n\t\t<\/div>\n\t\t\t\t\t<\/div>\n\t\t<\/section>\n\t\t\t\t<\/div>\n\t\t","protected":false},"excerpt":{"rendered":"<p>Vstup do eshopu pln\u011b elektrick\u00fd komun\u00e1ln\u00ed v\u016fz jedin\u00fd u\u017eitkov\u00fd elektromobil na trhu s pohonem 4&#215;4 dojezd a\u017e 150 km dle cyklu LOW maxim\u00e1ln\u00ed rychlost 70 km\/h r\u016fzn\u00e9 druhy kapacity bateri\u00ed v nab\u00eddce prodlou\u017een\u00fd rozvor a&hellip;<\/p>\n","protected":false},"author":1,"featured_media":31861,"parent":6072,"menu_order":2,"comment_status":"closed","ping_status":"closed","template":"","meta":{"footnotes":""},"class_list":["post-31855","page","type-page","status-publish","has-post-thumbnail","hentry"],"_links":{"self":[{"href":"https:\/\/recarprofi.cz\/uvod\/wp-json\/wp\/v2\/pages\/31855","targetHints":{"allow":["GET"]}}],"collection":[{"href":"https:\/\/recarprofi.cz\/uvod\/wp-json\/wp\/v2\/pages"}],"about":[{"href":"https:\/\/recarprofi.cz\/uvod\/wp-json\/wp\/v2\/types\/page"}],"author":[{"embeddable":true,"href":"https:\/\/recarprofi.cz\/uvod\/wp-json\/wp\/v2\/users\/1"}],"replies":[{"embeddable":true,"href":"https:\/\/recarprofi.cz\/uvod\/wp-json\/wp\/v2\/comments?post=31855"}],"version-history":[{"count":16,"href":"https:\/\/recarprofi.cz\/uvod\/wp-json\/wp\/v2\/pages\/31855\/revisions"}],"predecessor-version":[{"id":32126,"href":"https:\/\/recarprofi.cz\/uvod\/wp-json\/wp\/v2\/pages\/31855\/revisions\/32126"}],"up":[{"embeddable":true,"href":"https:\/\/recarprofi.cz\/uvod\/wp-json\/wp\/v2\/pages\/6072"}],"wp:featuredmedia":[{"embeddable":true,"href":"https:\/\/recarprofi.cz\/uvod\/wp-json\/wp\/v2\/media\/31861"}],"wp:attachment":[{"href":"https:\/\/recarprofi.cz\/uvod\/wp-json\/wp\/v2\/media?parent=31855"}],"curies":[{"name":"wp","href":"https:\/\/api.w.org\/{rel}","templated":true}]}}