{"id":31902,"date":"2024-08-20T09:36:42","date_gmt":"2024-08-20T07:36:42","guid":{"rendered":"https:\/\/recarprofi.cz\/uvod\/?page_id=31902"},"modified":"2024-08-20T10:24:32","modified_gmt":"2024-08-20T08:24:32","slug":"boki-1152-b","status":"publish","type":"page","link":"https:\/\/recarprofi.cz\/uvod\/komunalni-technika\/vozidla-boki\/boki-1152-b\/","title":{"rendered":"Boki 1152 (B)"},"content":{"rendered":"\t\t<div data-elementor-type=\"wp-page\" data-elementor-id=\"31902\" class=\"elementor elementor-31902\">\n\t\t\t\t\t\t<section class=\"elementor-section elementor-top-section elementor-element elementor-element-65028ae elementor-section-boxed elementor-section-height-default elementor-section-height-default\" data-id=\"65028ae\" data-element_type=\"section\" data-e-type=\"section\">\n\t\t\t\t\t\t<div class=\"elementor-container elementor-column-gap-default\">\n\t\t\t\t\t<div class=\"elementor-column elementor-col-100 elementor-top-column elementor-element elementor-element-4d1dc11\" data-id=\"4d1dc11\" data-element_type=\"column\" data-e-type=\"column\">\n\t\t\t<div class=\"elementor-widget-wrap elementor-element-populated\">\n\t\t\t\t\t\t<div class=\"elementor-element elementor-element-807feba elementor-widget elementor-widget-image\" data-id=\"807feba\" data-element_type=\"widget\" data-e-type=\"widget\" data-widget_type=\"image.default\">\n\t\t\t\t<div class=\"elementor-widget-container\">\n\t\t\t\t\t\t\t\t\t\t\t\t\t\t\t<img fetchpriority=\"high\" decoding=\"async\" width=\"652\" height=\"489\" src=\"https:\/\/recarprofi.cz\/wp-content\/uploads\/2024\/08\/boki-1152b1.jpg\" class=\"attachment-large size-large wp-image-31904\" alt=\"\" srcset=\"https:\/\/recarprofi.cz\/wp-content\/uploads\/2024\/08\/boki-1152b1.jpg 652w, https:\/\/recarprofi.cz\/wp-content\/uploads\/2024\/08\/boki-1152b1-420x315.jpg 420w, https:\/\/recarprofi.cz\/wp-content\/uploads\/2024\/08\/boki-1152b1-600x450.jpg 600w\" sizes=\"(max-width: 652px) 100vw, 652px\" \/>\t\t\t\t\t\t\t\t\t\t\t\t\t\t\t<\/div>\n\t\t\t\t<\/div>\n\t\t\t\t\t<\/div>\n\t\t<\/div>\n\t\t\t\t\t<\/div>\n\t\t<\/section>\n\t\t\t\t<section class=\"elementor-section elementor-top-section elementor-element elementor-element-d4cdfcd elementor-section-boxed elementor-section-height-default elementor-section-height-default\" data-id=\"d4cdfcd\" data-element_type=\"section\" data-e-type=\"section\">\n\t\t\t\t\t\t<div class=\"elementor-container elementor-column-gap-default\">\n\t\t\t\t\t<div class=\"elementor-column elementor-col-100 elementor-top-column elementor-element elementor-element-725d8a2\" data-id=\"725d8a2\" data-element_type=\"column\" data-e-type=\"column\">\n\t\t\t<div class=\"elementor-widget-wrap elementor-element-populated\">\n\t\t\t\t\t\t<div class=\"elementor-element elementor-element-b3b48f1 elementor-widget elementor-widget-text-editor\" data-id=\"b3b48f1\" data-element_type=\"widget\" data-e-type=\"widget\" data-widget_type=\"text-editor.default\">\n\t\t\t\t<div class=\"elementor-widget-container\">\n\t\t\t\t\t\t\t\t\t<p style=\"text-align: center;\"><strong>univerz\u00e1ln\u00ed komun\u00e1ln\u00ed v\u016fz<\/strong><\/p><p style=\"text-align: center;\"><strong>celoro\u010dn\u00ed \u00fadr\u017eba m\u011bst a obc\u00ed<\/strong><\/p><p style=\"text-align: center;\"><strong>mechanick\u00e1 p\u0159evodovka s mo\u017enost\u00ed 4&#215;4<\/strong><\/p><p style=\"text-align: center;\"><strong>celkov\u00e1 hmotnost od 3,5 t do 6,5 t<\/strong><\/p><p style=\"text-align: center;\"><strong>mo\u017enost \u0158P sk. B<\/strong><\/p><p style=\"text-align: center;\"><strong>v\u00fdkon motoru 84 kW nebo 110 kW<\/strong><\/p><p style=\"text-align: center;\"><strong>\u0161\u00ed\u0159ka od 1 400 mm<\/strong><\/p>\t\t\t\t\t\t\t\t<\/div>\n\t\t\t\t<\/div>\n\t\t\t\t\t<\/div>\n\t\t<\/div>\n\t\t\t\t\t<\/div>\n\t\t<\/section>\n\t\t\t\t<section class=\"elementor-section elementor-top-section elementor-element elementor-element-7928ae5 elementor-section-boxed elementor-section-height-default elementor-section-height-default\" data-id=\"7928ae5\" data-element_type=\"section\" data-e-type=\"section\">\n\t\t\t\t\t\t<div class=\"elementor-container elementor-column-gap-default\">\n\t\t\t\t\t<div class=\"elementor-column elementor-col-50 elementor-top-column elementor-element elementor-element-b81adde\" data-id=\"b81adde\" data-element_type=\"column\" data-e-type=\"column\">\n\t\t\t<div class=\"elementor-widget-wrap elementor-element-populated\">\n\t\t\t\t\t\t<div class=\"elementor-element elementor-element-99d7b00 elementor-widget elementor-widget-image\" data-id=\"99d7b00\" data-element_type=\"widget\" data-e-type=\"widget\" data-widget_type=\"image.default\">\n\t\t\t\t<div class=\"elementor-widget-container\">\n\t\t\t\t\t\t\t\t\t\t\t\t\t\t\t<img decoding=\"async\" width=\"800\" height=\"534\" src=\"https:\/\/recarprofi.cz\/wp-content\/uploads\/2024\/08\/boki-6.jpg\" class=\"attachment-large size-large wp-image-31891\" alt=\"\" srcset=\"https:\/\/recarprofi.cz\/wp-content\/uploads\/2024\/08\/boki-6.jpg 800w, https:\/\/recarprofi.cz\/wp-content\/uploads\/2024\/08\/boki-6-744x497.jpg 744w, https:\/\/recarprofi.cz\/wp-content\/uploads\/2024\/08\/boki-6-420x280.jpg 420w, https:\/\/recarprofi.cz\/wp-content\/uploads\/2024\/08\/boki-6-768x513.jpg 768w, https:\/\/recarprofi.cz\/wp-content\/uploads\/2024\/08\/boki-6-600x401.jpg 600w\" sizes=\"(max-width: 800px) 100vw, 800px\" \/>\t\t\t\t\t\t\t\t\t\t\t\t\t\t\t<\/div>\n\t\t\t\t<\/div>\n\t\t\t\t\t<\/div>\n\t\t<\/div>\n\t\t\t\t<div class=\"elementor-column elementor-col-50 elementor-top-column elementor-element elementor-element-728d160\" data-id=\"728d160\" data-element_type=\"column\" data-e-type=\"column\">\n\t\t\t<div class=\"elementor-widget-wrap elementor-element-populated\">\n\t\t\t\t\t\t<div class=\"elementor-element elementor-element-f5288b4 elementor-widget elementor-widget-text-editor\" data-id=\"f5288b4\" data-element_type=\"widget\" data-e-type=\"widget\" data-widget_type=\"text-editor.default\">\n\t\t\t\t<div class=\"elementor-widget-container\">\n\t\t\t\t\t\t\t\t\t<p class=\"name\"><strong>M\u011bstsk\u00e9 komun\u00e1ln\u00ed vozidlo.<\/strong><\/p><ul><li class=\"text\">Bylo navr\u017eeno, zkonstruov\u00e1no a vyrobeno jako komun\u00e1ln\u00ed vozidlo.<\/li><\/ul><p class=\"name\"><strong>Skv\u011bl\u00fd v\u00fdhled z kabiny.<\/strong><\/p><ul><li class=\"text\">Prosklen\u00e9 dve\u0159e s dokonal\u00fdm v\u00fdhledem dop\u0159edu na cestu i na nesen\u00e9 n\u00e1\u0159ad\u00ed, prosklen\u00fdmi dve\u0159mi vid\u00ed obsluha na obrubn\u00edky a m\u00e1 p\u0159ehled p\u0159i man\u00e9vrov\u00e1n\u00ed.<\/li><\/ul><p class=\"name\"><strong>Neju\u017e\u0161\u00ed ve sv\u00e9 t\u0159\u00edd\u011b.<\/strong><\/p><ul><li class=\"text\">M\u00e1 u\u017e\u0161\u00ed rozm\u011bry ne\u017e osobn\u00ed automobil, co\u017e mu dovol\u00ed se zcela bez probl\u00e9m\u016f pohybovat v \u00fazk\u00fdch uli\u010dk\u00e1ch, kter\u00e9 jsou tak typick\u00e9 pro centra m\u011bst a parky.<\/li><\/ul><p>\u00a0<\/p>\t\t\t\t\t\t\t\t<\/div>\n\t\t\t\t<\/div>\n\t\t\t\t\t<\/div>\n\t\t<\/div>\n\t\t\t\t\t<\/div>\n\t\t<\/section>\n\t\t\t\t<section class=\"elementor-section elementor-top-section elementor-element elementor-element-a5a1950 elementor-section-boxed elementor-section-height-default elementor-section-height-default\" data-id=\"a5a1950\" data-element_type=\"section\" data-e-type=\"section\">\n\t\t\t\t\t\t<div class=\"elementor-container elementor-column-gap-default\">\n\t\t\t\t\t<div class=\"elementor-column elementor-col-50 elementor-top-column elementor-element elementor-element-1612c5b\" data-id=\"1612c5b\" data-element_type=\"column\" data-e-type=\"column\">\n\t\t\t<div class=\"elementor-widget-wrap elementor-element-populated\">\n\t\t\t\t\t\t<div class=\"elementor-element elementor-element-9c376fe elementor-widget elementor-widget-text-editor\" data-id=\"9c376fe\" data-element_type=\"widget\" data-e-type=\"widget\" data-widget_type=\"text-editor.default\">\n\t\t\t\t<div class=\"elementor-widget-container\">\n\t\t\t\t\t\t\t\t\t<p class=\"name\"><strong>Kompatibilita nesen\u00e9ho n\u00e1\u0159ad\u00ed.<\/strong><\/p><ul><li class=\"text\">\u010celn\u00ed up\u00ednac\u00ed deska na nesen\u00e9 n\u00e1\u0159ad\u00ed je pln\u011b kompatibiln\u00ed s n\u00e1\u0159ad\u00edm dostupn\u00fdm na na\u0161em trhu a nezp\u016fsobuje technick\u00e9 komplikace.<\/li><\/ul><p class=\"name\"><strong>Odol\u00e1v\u00e1 hrub\u00e9mu zach\u00e1zen\u00ed a ne\u010distot\u00e1m.<\/strong><\/p><ul><li class=\"text\">Minim\u00e1ln\u00ed pou\u017eit\u00ed plastov\u00fdch materi\u00e1l\u016f a snadn\u00e9 o\u0161et\u0159ov\u00e1n\u00ed ne\u010distot zrychluje pr\u00e1ci v provozu.<\/li><\/ul><p class=\"name\"><strong>Odoln\u00e1 konstrukce z beze\u0161v\u00e9 oceli.<\/strong><\/p><ul><li class=\"text\">Kvalitn\u00ed n\u011bmeck\u00e1 v\u00fdroba s vysokou odolnost\u00ed, kter\u00e1 dlouho vydr\u017e\u00ed i hrub\u00e9 zach\u00e1zen\u00ed.<\/li><\/ul><p class=\"name\"><strong>\u0158\u00edzen\u00ed obou n\u00e1prav.<\/strong><\/p><ul><li class=\"text\">Uleh\u010duje manipulaci s vozidlem na chodn\u00edc\u00edch a sni\u017euje se tak\u00e9 polom\u011br ot\u00e1\u010den\u00ed d\u00edky tzv. krab\u00edmu chodu.<\/li><\/ul>\t\t\t\t\t\t\t\t<\/div>\n\t\t\t\t<\/div>\n\t\t\t\t\t<\/div>\n\t\t<\/div>\n\t\t\t\t<div class=\"elementor-column elementor-col-50 elementor-top-column elementor-element elementor-element-ad4884a\" data-id=\"ad4884a\" data-element_type=\"column\" data-e-type=\"column\">\n\t\t\t<div class=\"elementor-widget-wrap elementor-element-populated\">\n\t\t\t\t\t\t<div class=\"elementor-element elementor-element-8e0e49b elementor-widget elementor-widget-image\" data-id=\"8e0e49b\" data-element_type=\"widget\" data-e-type=\"widget\" data-widget_type=\"image.default\">\n\t\t\t\t<div class=\"elementor-widget-container\">\n\t\t\t\t\t\t\t\t\t\t\t\t\t\t\t<img decoding=\"async\" width=\"847\" height=\"565\" src=\"https:\/\/recarprofi.cz\/wp-content\/uploads\/2024\/08\/boki-1-1200x800.jpg\" class=\"attachment-large size-large wp-image-31883\" alt=\"\" srcset=\"https:\/\/recarprofi.cz\/wp-content\/uploads\/2024\/08\/boki-1-1200x800.jpg 1200w, https:\/\/recarprofi.cz\/wp-content\/uploads\/2024\/08\/boki-1-744x496.jpg 744w, https:\/\/recarprofi.cz\/wp-content\/uploads\/2024\/08\/boki-1-420x280.jpg 420w, https:\/\/recarprofi.cz\/wp-content\/uploads\/2024\/08\/boki-1-768x512.jpg 768w, https:\/\/recarprofi.cz\/wp-content\/uploads\/2024\/08\/boki-1-1536x1024.jpg 1536w, https:\/\/recarprofi.cz\/wp-content\/uploads\/2024\/08\/boki-1-2048x1366.jpg 2048w, https:\/\/recarprofi.cz\/wp-content\/uploads\/2024\/08\/boki-1-1024x683.jpg 1024w, https:\/\/recarprofi.cz\/wp-content\/uploads\/2024\/08\/boki-1-1619x1080.jpg 1619w, https:\/\/recarprofi.cz\/wp-content\/uploads\/2024\/08\/boki-1-600x400.jpg 600w\" sizes=\"(max-width: 847px) 100vw, 847px\" \/>\t\t\t\t\t\t\t\t\t\t\t\t\t\t\t<\/div>\n\t\t\t\t<\/div>\n\t\t\t\t\t<\/div>\n\t\t<\/div>\n\t\t\t\t\t<\/div>\n\t\t<\/section>\n\t\t\t\t<section class=\"elementor-section elementor-top-section elementor-element elementor-element-519b8c9 elementor-section-boxed elementor-section-height-default elementor-section-height-default\" data-id=\"519b8c9\" data-element_type=\"section\" data-e-type=\"section\">\n\t\t\t\t\t\t<div class=\"elementor-container elementor-column-gap-default\">\n\t\t\t\t\t<div class=\"elementor-column elementor-col-50 elementor-top-column elementor-element elementor-element-ffc4bf8\" data-id=\"ffc4bf8\" data-element_type=\"column\" data-e-type=\"column\">\n\t\t\t<div class=\"elementor-widget-wrap elementor-element-populated\">\n\t\t\t\t\t\t<div class=\"elementor-element elementor-element-7d200da elementor-widget elementor-widget-image\" data-id=\"7d200da\" data-element_type=\"widget\" data-e-type=\"widget\" data-widget_type=\"image.default\">\n\t\t\t\t<div class=\"elementor-widget-container\">\n\t\t\t\t\t\t\t\t\t\t\t\t\t\t\t<img loading=\"lazy\" decoding=\"async\" width=\"800\" height=\"600\" src=\"https:\/\/recarprofi.cz\/wp-content\/uploads\/2024\/08\/boki-5.jpg\" class=\"attachment-large size-large wp-image-31905\" alt=\"\" srcset=\"https:\/\/recarprofi.cz\/wp-content\/uploads\/2024\/08\/boki-5.jpg 800w, https:\/\/recarprofi.cz\/wp-content\/uploads\/2024\/08\/boki-5-744x558.jpg 744w, https:\/\/recarprofi.cz\/wp-content\/uploads\/2024\/08\/boki-5-420x315.jpg 420w, https:\/\/recarprofi.cz\/wp-content\/uploads\/2024\/08\/boki-5-768x576.jpg 768w, https:\/\/recarprofi.cz\/wp-content\/uploads\/2024\/08\/boki-5-600x450.jpg 600w\" sizes=\"(max-width: 800px) 100vw, 800px\" \/>\t\t\t\t\t\t\t\t\t\t\t\t\t\t\t<\/div>\n\t\t\t\t<\/div>\n\t\t\t\t\t<\/div>\n\t\t<\/div>\n\t\t\t\t<div class=\"elementor-column elementor-col-50 elementor-top-column elementor-element elementor-element-9aee7b9\" data-id=\"9aee7b9\" data-element_type=\"column\" data-e-type=\"column\">\n\t\t\t<div class=\"elementor-widget-wrap elementor-element-populated\">\n\t\t\t\t\t\t<div class=\"elementor-element elementor-element-59e5a58 elementor-widget elementor-widget-text-editor\" data-id=\"59e5a58\" data-element_type=\"widget\" data-e-type=\"widget\" data-widget_type=\"text-editor.default\">\n\t\t\t\t<div class=\"elementor-widget-container\">\n\t\t\t\t\t\t\t\t\t<p class=\"name\"><strong>Nej\u0161ir\u0161\u00ed spektrum mo\u017en\u00fdch aplikac\u00ed.<\/strong><\/p><ul><li class=\"text\">Variabilita n\u00e1staveb od z\u00e1kladn\u00edho \u010di\u0161t\u011bn\u00ed silnic, odhrnov\u00e1n\u00ed sn\u011bhu s posypem a\u017e po vys\u00e1van\u00ed list\u00ed, \u010di\u0161t\u011bn\u00ed kolej\u00ed, pou\u017eit\u00ed s mont\u00e1\u017en\u00ed plo\u0161inou a dal\u0161\u00ed.<\/li><\/ul><p class=\"name\"><strong>Ergonomick\u00e9 ovl\u00e1dac\u00ed prvky.<\/strong><\/p><ul><li class=\"text\">Kabina je uzp\u016fsobena tak, aby byla pro \u0159idi\u010de i spolujezdce pohodln\u00e1 a z\u00e1rove\u0148 jednodu\u0161e ovladateln\u00e1.<\/li><\/ul><p><strong>V\u00fdkonn\u00fd motor a siln\u00e1 hydraulika.<\/strong><\/p><ul><li>Hrav\u011b zvl\u00e1dne provoz i s t\u011b\u017ek\u00fdmi n\u00e1stavbami s vysokou hydraulickou n\u00e1ro\u010dnost\u00ed, nap\u0159. vysokozdvi\u017en\u00e1 plo\u0161ina.<\/li><\/ul><p>\u00a0<\/p>\t\t\t\t\t\t\t\t<\/div>\n\t\t\t\t<\/div>\n\t\t\t\t\t<\/div>\n\t\t<\/div>\n\t\t\t\t\t<\/div>\n\t\t<\/section>\n\t\t\t\t<section class=\"elementor-section elementor-top-section elementor-element elementor-element-fe438ed elementor-section-boxed elementor-section-height-default elementor-section-height-default\" data-id=\"fe438ed\" data-element_type=\"section\" data-e-type=\"section\">\n\t\t\t\t\t\t<div class=\"elementor-container elementor-column-gap-default\">\n\t\t\t\t\t<div class=\"elementor-column elementor-col-100 elementor-top-column elementor-element elementor-element-40e92fa\" data-id=\"40e92fa\" data-element_type=\"column\" data-e-type=\"column\">\n\t\t\t<div class=\"elementor-widget-wrap elementor-element-populated\">\n\t\t\t\t\t\t<div class=\"elementor-element elementor-element-fcb2404 elementor-widget elementor-widget-video\" data-id=\"fcb2404\" data-element_type=\"widget\" data-e-type=\"widget\" data-settings=\"{&quot;youtube_url&quot;:&quot;https:\\\/\\\/youtu.be\\\/2zWEw7it2Ac&quot;,&quot;video_type&quot;:&quot;youtube&quot;,&quot;controls&quot;:&quot;yes&quot;}\" data-widget_type=\"video.default\">\n\t\t\t\t<div class=\"elementor-widget-container\">\n\t\t\t\t\t\t\t<div class=\"elementor-wrapper elementor-open-inline\">\n\t\t\t<div class=\"elementor-video\"><\/div>\t\t<\/div>\n\t\t\t\t\t\t<\/div>\n\t\t\t\t<\/div>\n\t\t\t\t\t<\/div>\n\t\t<\/div>\n\t\t\t\t\t<\/div>\n\t\t<\/section>\n\t\t\t\t<\/div>\n\t\t","protected":false},"excerpt":{"rendered":"<p>univerz\u00e1ln\u00ed komun\u00e1ln\u00ed v\u016fz celoro\u010dn\u00ed \u00fadr\u017eba m\u011bst a obc\u00ed mechanick\u00e1 p\u0159evodovka s mo\u017enost\u00ed 4&#215;4 celkov\u00e1 hmotnost od 3,5 t do 6,5 t mo\u017enost \u0158P sk. B v\u00fdkon motoru 84 kW nebo 110 kW \u0161\u00ed\u0159ka od 1&hellip;<\/p>\n","protected":false},"author":1,"featured_media":31909,"parent":31881,"menu_order":1,"comment_status":"closed","ping_status":"closed","template":"","meta":{"footnotes":""},"class_list":["post-31902","page","type-page","status-publish","has-post-thumbnail","hentry"],"_links":{"self":[{"href":"https:\/\/recarprofi.cz\/uvod\/wp-json\/wp\/v2\/pages\/31902","targetHints":{"allow":["GET"]}}],"collection":[{"href":"https:\/\/recarprofi.cz\/uvod\/wp-json\/wp\/v2\/pages"}],"about":[{"href":"https:\/\/recarprofi.cz\/uvod\/wp-json\/wp\/v2\/types\/page"}],"author":[{"embeddable":true,"href":"https:\/\/recarprofi.cz\/uvod\/wp-json\/wp\/v2\/users\/1"}],"replies":[{"embeddable":true,"href":"https:\/\/recarprofi.cz\/uvod\/wp-json\/wp\/v2\/comments?post=31902"}],"version-history":[{"count":12,"href":"https:\/\/recarprofi.cz\/uvod\/wp-json\/wp\/v2\/pages\/31902\/revisions"}],"predecessor-version":[{"id":31921,"href":"https:\/\/recarprofi.cz\/uvod\/wp-json\/wp\/v2\/pages\/31902\/revisions\/31921"}],"up":[{"embeddable":true,"href":"https:\/\/recarprofi.cz\/uvod\/wp-json\/wp\/v2\/pages\/31881"}],"wp:featuredmedia":[{"embeddable":true,"href":"https:\/\/recarprofi.cz\/uvod\/wp-json\/wp\/v2\/media\/31909"}],"wp:attachment":[{"href":"https:\/\/recarprofi.cz\/uvod\/wp-json\/wp\/v2\/media?parent=31902"}],"curies":[{"name":"wp","href":"https:\/\/api.w.org\/{rel}","templated":true}]}}