{"id":31929,"date":"2024-08-20T12:39:44","date_gmt":"2024-08-20T10:39:44","guid":{"rendered":"https:\/\/recarprofi.cz\/uvod\/?page_id=31929"},"modified":"2024-08-20T12:42:45","modified_gmt":"2024-08-20T10:42:45","slug":"boki-1252-b","status":"publish","type":"page","link":"https:\/\/recarprofi.cz\/uvod\/komunalni-technika\/vozidla-boki\/boki-1252-b\/","title":{"rendered":"Boki 1252 (B)"},"content":{"rendered":"\t\t<div data-elementor-type=\"wp-page\" data-elementor-id=\"31929\" class=\"elementor elementor-31929\">\n\t\t\t\t\t\t<section class=\"elementor-section elementor-top-section elementor-element elementor-element-7344a41 elementor-section-boxed elementor-section-height-default elementor-section-height-default\" data-id=\"7344a41\" data-element_type=\"section\" data-e-type=\"section\">\n\t\t\t\t\t\t<div class=\"elementor-container elementor-column-gap-default\">\n\t\t\t\t\t<div class=\"elementor-column elementor-col-100 elementor-top-column elementor-element elementor-element-0e40bc4\" data-id=\"0e40bc4\" data-element_type=\"column\" data-e-type=\"column\">\n\t\t\t<div class=\"elementor-widget-wrap elementor-element-populated\">\n\t\t\t\t\t\t<div class=\"elementor-element elementor-element-7186e16 elementor-widget elementor-widget-image\" data-id=\"7186e16\" data-element_type=\"widget\" data-e-type=\"widget\" data-widget_type=\"image.default\">\n\t\t\t\t<div class=\"elementor-widget-container\">\n\t\t\t\t\t\t\t\t\t\t\t\t\t\t\t<img fetchpriority=\"high\" decoding=\"async\" width=\"847\" height=\"635\" src=\"https:\/\/recarprofi.cz\/wp-content\/uploads\/2024\/08\/boki-1252b4-1200x900.jpg\" class=\"attachment-large size-large wp-image-31930\" alt=\"\" srcset=\"https:\/\/recarprofi.cz\/wp-content\/uploads\/2024\/08\/boki-1252b4-1200x900.jpg 1200w, https:\/\/recarprofi.cz\/wp-content\/uploads\/2024\/08\/boki-1252b4-744x558.jpg 744w, https:\/\/recarprofi.cz\/wp-content\/uploads\/2024\/08\/boki-1252b4-420x315.jpg 420w, https:\/\/recarprofi.cz\/wp-content\/uploads\/2024\/08\/boki-1252b4-768x576.jpg 768w, https:\/\/recarprofi.cz\/wp-content\/uploads\/2024\/08\/boki-1252b4-1536x1152.jpg 1536w, https:\/\/recarprofi.cz\/wp-content\/uploads\/2024\/08\/boki-1252b4-2048x1536.jpg 2048w, https:\/\/recarprofi.cz\/wp-content\/uploads\/2024\/08\/boki-1252b4-1024x768.jpg 1024w, https:\/\/recarprofi.cz\/wp-content\/uploads\/2024\/08\/boki-1252b4-1440x1080.jpg 1440w, https:\/\/recarprofi.cz\/wp-content\/uploads\/2024\/08\/boki-1252b4-600x450.jpg 600w\" sizes=\"(max-width: 847px) 100vw, 847px\" \/>\t\t\t\t\t\t\t\t\t\t\t\t\t\t\t<\/div>\n\t\t\t\t<\/div>\n\t\t\t\t\t<\/div>\n\t\t<\/div>\n\t\t\t\t\t<\/div>\n\t\t<\/section>\n\t\t\t\t<section class=\"elementor-section elementor-top-section elementor-element elementor-element-cc9e9be elementor-section-boxed elementor-section-height-default elementor-section-height-default\" data-id=\"cc9e9be\" data-element_type=\"section\" data-e-type=\"section\">\n\t\t\t\t\t\t<div class=\"elementor-container elementor-column-gap-default\">\n\t\t\t\t\t<div class=\"elementor-column elementor-col-100 elementor-top-column elementor-element elementor-element-bc66abc\" data-id=\"bc66abc\" data-element_type=\"column\" data-e-type=\"column\">\n\t\t\t<div class=\"elementor-widget-wrap elementor-element-populated\">\n\t\t\t\t\t\t<div class=\"elementor-element elementor-element-4cc3fdd elementor-widget elementor-widget-text-editor\" data-id=\"4cc3fdd\" data-element_type=\"widget\" data-e-type=\"widget\" data-widget_type=\"text-editor.default\">\n\t\t\t\t<div class=\"elementor-widget-container\">\n\t\t\t\t\t\t\t\t\t<p style=\"text-align: center;\"><strong>multifunk\u010dn\u00ed komun\u00e1ln\u00ed vozidlo<\/strong><\/p><p style=\"text-align: center;\"><strong>hydrostatick\u00e1 p\u0159evodovka &#8211; 4&#215;4 ve standardu<\/strong><\/p><p style=\"text-align: center;\"><strong>celkov\u00e1 hmotnost do 6,5 t<\/strong><\/p><p style=\"text-align: center;\"><strong>mo\u017enost \u0158P sk. B<\/strong><\/p><p style=\"text-align: center;\"><strong>v\u00fdkon 84 kW<\/strong><\/p><p style=\"text-align: center;\"><strong>\u0161\u00ed\u0159ka od 1 300 mm<\/strong><\/p>\t\t\t\t\t\t\t\t<\/div>\n\t\t\t\t<\/div>\n\t\t\t\t\t<\/div>\n\t\t<\/div>\n\t\t\t\t\t<\/div>\n\t\t<\/section>\n\t\t\t\t<section class=\"elementor-section elementor-top-section elementor-element elementor-element-9ac29a0 elementor-section-boxed elementor-section-height-default elementor-section-height-default\" data-id=\"9ac29a0\" data-element_type=\"section\" data-e-type=\"section\">\n\t\t\t\t\t\t<div class=\"elementor-container elementor-column-gap-default\">\n\t\t\t\t\t<div class=\"elementor-column elementor-col-50 elementor-top-column elementor-element elementor-element-004ceb0\" data-id=\"004ceb0\" data-element_type=\"column\" data-e-type=\"column\">\n\t\t\t<div class=\"elementor-widget-wrap elementor-element-populated\">\n\t\t\t\t\t\t<div class=\"elementor-element elementor-element-550a47f elementor-widget elementor-widget-image\" data-id=\"550a47f\" data-element_type=\"widget\" data-e-type=\"widget\" data-widget_type=\"image.default\">\n\t\t\t\t<div class=\"elementor-widget-container\">\n\t\t\t\t\t\t\t\t\t\t\t\t\t\t\t<img decoding=\"async\" width=\"847\" height=\"565\" src=\"https:\/\/recarprofi.cz\/wp-content\/uploads\/2024\/08\/boki-3-1200x800.jpg\" class=\"attachment-large size-large wp-image-31932\" alt=\"\" srcset=\"https:\/\/recarprofi.cz\/wp-content\/uploads\/2024\/08\/boki-3-1200x800.jpg 1200w, https:\/\/recarprofi.cz\/wp-content\/uploads\/2024\/08\/boki-3-744x496.jpg 744w, https:\/\/recarprofi.cz\/wp-content\/uploads\/2024\/08\/boki-3-420x280.jpg 420w, https:\/\/recarprofi.cz\/wp-content\/uploads\/2024\/08\/boki-3-768x512.jpg 768w, https:\/\/recarprofi.cz\/wp-content\/uploads\/2024\/08\/boki-3-1536x1025.jpg 1536w, https:\/\/recarprofi.cz\/wp-content\/uploads\/2024\/08\/boki-3-1024x683.jpg 1024w, https:\/\/recarprofi.cz\/wp-content\/uploads\/2024\/08\/boki-3-1619x1080.jpg 1619w, https:\/\/recarprofi.cz\/wp-content\/uploads\/2024\/08\/boki-3-600x400.jpg 600w, https:\/\/recarprofi.cz\/wp-content\/uploads\/2024\/08\/boki-3.jpg 2048w\" sizes=\"(max-width: 847px) 100vw, 847px\" \/>\t\t\t\t\t\t\t\t\t\t\t\t\t\t\t<\/div>\n\t\t\t\t<\/div>\n\t\t\t\t\t<\/div>\n\t\t<\/div>\n\t\t\t\t<div class=\"elementor-column elementor-col-50 elementor-top-column elementor-element elementor-element-652f54b\" data-id=\"652f54b\" data-element_type=\"column\" data-e-type=\"column\">\n\t\t\t<div class=\"elementor-widget-wrap elementor-element-populated\">\n\t\t\t\t\t\t<div class=\"elementor-element elementor-element-4e7a5bf elementor-widget elementor-widget-text-editor\" data-id=\"4e7a5bf\" data-element_type=\"widget\" data-e-type=\"widget\" data-widget_type=\"text-editor.default\">\n\t\t\t\t<div class=\"elementor-widget-container\">\n\t\t\t\t\t\t\t\t\t<p class=\"name\"><strong>M\u011bstsk\u00e9 komun\u00e1ln\u00ed vozidlo.<\/strong><\/p><ul><li class=\"text\">bylo navr\u017eeno, zkonstruov\u00e1no a vyrobeno jako komun\u00e1ln\u00ed vozidlo.<\/li><\/ul><p class=\"name\"><strong>Skv\u011bl\u00fd v\u00fdhled z kabiny.<\/strong><\/p><ul><li class=\"text\">prosklen\u00e9 dve\u0159e s dokonal\u00fdm v\u00fdhledem dop\u0159edu na cestu i na nesen\u00e9 n\u00e1\u0159ad\u00ed, prosklen\u00fdmi dve\u0159mi vid\u00ed obsluha na obrubn\u00edky a m\u00e1 p\u0159ehled p\u0159i man\u00e9vrov\u00e1n\u00ed.<\/li><\/ul><p class=\"name\"><strong>Neju\u017e\u0161\u00ed ve sv\u00e9 t\u0159\u00edd\u011b.<\/strong><\/p><ul><li class=\"text\">m\u00e1 u\u017e\u0161\u00ed rozm\u011bry ne\u017e osobn\u00ed automobil, co\u017e mu dovol\u00ed se zcela bez probl\u00e9m\u016f pohybovat v \u00fazk\u00fdch uli\u010dk\u00e1ch, kter\u00e9 jsou tak typick\u00e9 pro centra m\u011bst a parky.<\/li><\/ul>\t\t\t\t\t\t\t\t<\/div>\n\t\t\t\t<\/div>\n\t\t\t\t\t<\/div>\n\t\t<\/div>\n\t\t\t\t\t<\/div>\n\t\t<\/section>\n\t\t\t\t<section class=\"elementor-section elementor-top-section elementor-element elementor-element-8366457 elementor-section-boxed elementor-section-height-default elementor-section-height-default\" data-id=\"8366457\" data-element_type=\"section\" data-e-type=\"section\">\n\t\t\t\t\t\t<div class=\"elementor-container elementor-column-gap-default\">\n\t\t\t\t\t<div class=\"elementor-column elementor-col-50 elementor-top-column elementor-element elementor-element-c548848\" data-id=\"c548848\" data-element_type=\"column\" data-e-type=\"column\">\n\t\t\t<div class=\"elementor-widget-wrap elementor-element-populated\">\n\t\t\t\t\t\t<div class=\"elementor-element elementor-element-493877a elementor-widget elementor-widget-text-editor\" data-id=\"493877a\" data-element_type=\"widget\" data-e-type=\"widget\" data-widget_type=\"text-editor.default\">\n\t\t\t\t<div class=\"elementor-widget-container\">\n\t\t\t\t\t\t\t\t\t<p class=\"name\"><strong>Kompatibilita nesen\u00e9ho n\u00e1\u0159ad\u00ed.<\/strong><\/p><ul><li class=\"text\">\u010deln\u00ed up\u00ednac\u00ed deska na nesen\u00e9 n\u00e1\u0159ad\u00ed je pln\u011b kompatibiln\u00ed s n\u00e1\u0159ad\u00edm dostupn\u00fdm na na\u0161em trhu a nezp\u016fsobuje technick\u00e9 komplikace.<\/li><\/ul><p class=\"name\"><strong>Odoln\u00e1 konstrukce z beze\u0161v\u00e9 oceli.<\/strong><\/p><ul><li class=\"text\">kvalitn\u00ed n\u011bmeck\u00e1 v\u00fdroba s vysokou odolnost\u00ed, kter\u00e1 dlouho vydr\u017e\u00ed i hrub\u00e9 zach\u00e1zen\u00ed.<\/li><\/ul><p class=\"name\"><strong>Nej\u0161ir\u0161\u00ed spektrum mo\u017en\u00fdch aplikac\u00ed.<\/strong><\/p><ul><li class=\"text\">variabilita n\u00e1staveb od z\u00e1kladn\u00edho \u010di\u0161t\u011bn\u00ed silnic, odhrnov\u00e1n\u00ed sn\u011bhu s posypem a\u017e po vys\u00e1van\u00ed list\u00ed, \u010di\u0161t\u011bn\u00ed kolej\u00ed, pou\u017eit\u00ed s mont\u00e1\u017en\u00ed plo\u0161inou a dal\u0161\u00ed.<\/li><\/ul><p class=\"name\"><strong>\u0158\u00edzen\u00ed obou n\u00e1prav.<\/strong><\/p><ul><li class=\"text\">uleh\u010duje manipulaci s vozidlem na chodn\u00edc\u00edch a sni\u017euje se tak\u00e9 polom\u011br ot\u00e1\u010den\u00ed d\u00edky tzv. krab\u00edmu chodu.<\/li><\/ul>\t\t\t\t\t\t\t\t<\/div>\n\t\t\t\t<\/div>\n\t\t\t\t\t<\/div>\n\t\t<\/div>\n\t\t\t\t<div class=\"elementor-column elementor-col-50 elementor-top-column elementor-element elementor-element-3c0fec2\" data-id=\"3c0fec2\" data-element_type=\"column\" data-e-type=\"column\">\n\t\t\t<div class=\"elementor-widget-wrap elementor-element-populated\">\n\t\t\t\t\t\t<div class=\"elementor-element elementor-element-d48a3c7 elementor-widget elementor-widget-image\" data-id=\"d48a3c7\" data-element_type=\"widget\" data-e-type=\"widget\" data-widget_type=\"image.default\">\n\t\t\t\t<div class=\"elementor-widget-container\">\n\t\t\t\t\t\t\t\t\t\t\t\t\t\t\t<img decoding=\"async\" width=\"847\" height=\"635\" src=\"https:\/\/recarprofi.cz\/wp-content\/uploads\/2024\/08\/boki-2-1200x900.jpg\" class=\"attachment-large size-large wp-image-31884\" alt=\"\" srcset=\"https:\/\/recarprofi.cz\/wp-content\/uploads\/2024\/08\/boki-2-1200x900.jpg 1200w, https:\/\/recarprofi.cz\/wp-content\/uploads\/2024\/08\/boki-2-744x558.jpg 744w, https:\/\/recarprofi.cz\/wp-content\/uploads\/2024\/08\/boki-2-420x315.jpg 420w, https:\/\/recarprofi.cz\/wp-content\/uploads\/2024\/08\/boki-2-768x576.jpg 768w, https:\/\/recarprofi.cz\/wp-content\/uploads\/2024\/08\/boki-2-1536x1152.jpg 1536w, https:\/\/recarprofi.cz\/wp-content\/uploads\/2024\/08\/boki-2-2048x1536.jpg 2048w, https:\/\/recarprofi.cz\/wp-content\/uploads\/2024\/08\/boki-2-1024x768.jpg 1024w, https:\/\/recarprofi.cz\/wp-content\/uploads\/2024\/08\/boki-2-1440x1080.jpg 1440w, https:\/\/recarprofi.cz\/wp-content\/uploads\/2024\/08\/boki-2-600x450.jpg 600w\" sizes=\"(max-width: 847px) 100vw, 847px\" \/>\t\t\t\t\t\t\t\t\t\t\t\t\t\t\t<\/div>\n\t\t\t\t<\/div>\n\t\t\t\t\t<\/div>\n\t\t<\/div>\n\t\t\t\t\t<\/div>\n\t\t<\/section>\n\t\t\t\t<section class=\"elementor-section elementor-top-section elementor-element elementor-element-a5f734b elementor-section-boxed elementor-section-height-default elementor-section-height-default\" data-id=\"a5f734b\" data-element_type=\"section\" data-e-type=\"section\">\n\t\t\t\t\t\t<div class=\"elementor-container elementor-column-gap-default\">\n\t\t\t\t\t<div class=\"elementor-column elementor-col-100 elementor-top-column elementor-element elementor-element-933f7a1\" data-id=\"933f7a1\" data-element_type=\"column\" data-e-type=\"column\">\n\t\t\t<div class=\"elementor-widget-wrap elementor-element-populated\">\n\t\t\t\t\t\t<div class=\"elementor-element elementor-element-cc8166a elementor-widget elementor-widget-image-gallery\" data-id=\"cc8166a\" data-element_type=\"widget\" data-e-type=\"widget\" data-widget_type=\"image-gallery.default\">\n\t\t\t\t<div class=\"elementor-widget-container\">\n\t\t\t\t\t\t\t<div class=\"elementor-image-gallery\">\n\t\t\t\n\t\t<style type=\"text\/css\">\n\t\t\t#gallery-1 {\n\t\t\t\tmargin: auto;\n\t\t\t}\n\t\t\t#gallery-1 .gallery-item {\n\t\t\t\tfloat: left;\n\t\t\t\tmargin-top: 10px;\n\t\t\t\ttext-align: center;\n\t\t\t\twidth: 33%;\n\t\t\t}\n\t\t\t#gallery-1 img {\n\t\t\t\tborder: 2px solid #cfcfcf;\n\t\t\t}\n\t\t\t#gallery-1 .gallery-caption {\n\t\t\t\tmargin-left: 0;\n\t\t\t}\n\t\t\t\/* see gallery_shortcode() in wp-includes\/media.php *\/\n\t\t<\/style>\n\t\t<div id='gallery-1' class='gallery galleryid-31929 gallery-columns-3 gallery-size-full'><dl class='gallery-item'>\n\t\t\t<dt class='gallery-icon landscape'>\n\t\t\t\t<a data-elementor-open-lightbox=\"yes\" data-elementor-lightbox-slideshow=\"cc8166a\" data-elementor-lightbox-title=\"boki 5\" data-e-action-hash=\"#elementor-action%3Aaction%3Dlightbox%26settings%3DeyJpZCI6MzE5MDUsInVybCI6Imh0dHBzOlwvXC9yZWNhcnByb2ZpLmN6XC93cC1jb250ZW50XC91cGxvYWRzXC8yMDI0XC8wOFwvYm9raS01LmpwZyIsInNsaWRlc2hvdyI6ImNjODE2NmEifQ%3D%3D\" href='https:\/\/recarprofi.cz\/wp-content\/uploads\/2024\/08\/boki-5.jpg'><img loading=\"lazy\" decoding=\"async\" width=\"800\" height=\"600\" src=\"https:\/\/recarprofi.cz\/wp-content\/uploads\/2024\/08\/boki-5.jpg\" class=\"attachment-full size-full\" alt=\"\" srcset=\"https:\/\/recarprofi.cz\/wp-content\/uploads\/2024\/08\/boki-5.jpg 800w, https:\/\/recarprofi.cz\/wp-content\/uploads\/2024\/08\/boki-5-744x558.jpg 744w, https:\/\/recarprofi.cz\/wp-content\/uploads\/2024\/08\/boki-5-420x315.jpg 420w, https:\/\/recarprofi.cz\/wp-content\/uploads\/2024\/08\/boki-5-768x576.jpg 768w, https:\/\/recarprofi.cz\/wp-content\/uploads\/2024\/08\/boki-5-600x450.jpg 600w\" sizes=\"(max-width: 800px) 100vw, 800px\" \/><\/a>\n\t\t\t<\/dt><\/dl><dl class='gallery-item'>\n\t\t\t<dt class='gallery-icon landscape'>\n\t\t\t\t<a data-elementor-open-lightbox=\"yes\" data-elementor-lightbox-slideshow=\"cc8166a\" data-elementor-lightbox-title=\"boki 4\" data-e-action-hash=\"#elementor-action%3Aaction%3Dlightbox%26settings%3DeyJpZCI6MzE5MDksInVybCI6Imh0dHBzOlwvXC9yZWNhcnByb2ZpLmN6XC93cC1jb250ZW50XC91cGxvYWRzXC8yMDI0XC8wOFwvYm9raS00LXNjYWxlZC5qcGciLCJzbGlkZXNob3ciOiJjYzgxNjZhIn0%3D\" href='https:\/\/recarprofi.cz\/wp-content\/uploads\/2024\/08\/boki-4-scaled.jpg'><img loading=\"lazy\" decoding=\"async\" width=\"2560\" height=\"1707\" src=\"https:\/\/recarprofi.cz\/wp-content\/uploads\/2024\/08\/boki-4-scaled.jpg\" class=\"attachment-full size-full\" alt=\"\" srcset=\"https:\/\/recarprofi.cz\/wp-content\/uploads\/2024\/08\/boki-4-scaled.jpg 2560w, https:\/\/recarprofi.cz\/wp-content\/uploads\/2024\/08\/boki-4-744x496.jpg 744w, https:\/\/recarprofi.cz\/wp-content\/uploads\/2024\/08\/boki-4-1200x800.jpg 1200w, https:\/\/recarprofi.cz\/wp-content\/uploads\/2024\/08\/boki-4-420x280.jpg 420w, https:\/\/recarprofi.cz\/wp-content\/uploads\/2024\/08\/boki-4-768x512.jpg 768w, https:\/\/recarprofi.cz\/wp-content\/uploads\/2024\/08\/boki-4-1536x1024.jpg 1536w, https:\/\/recarprofi.cz\/wp-content\/uploads\/2024\/08\/boki-4-2048x1366.jpg 2048w, https:\/\/recarprofi.cz\/wp-content\/uploads\/2024\/08\/boki-4-1024x683.jpg 1024w, https:\/\/recarprofi.cz\/wp-content\/uploads\/2024\/08\/boki-4-1619x1080.jpg 1619w, https:\/\/recarprofi.cz\/wp-content\/uploads\/2024\/08\/boki-4-600x400.jpg 600w\" sizes=\"(max-width: 2560px) 100vw, 2560px\" \/><\/a>\n\t\t\t<\/dt><\/dl><dl class='gallery-item'>\n\t\t\t<dt class='gallery-icon landscape'>\n\t\t\t\t<a data-elementor-open-lightbox=\"yes\" data-elementor-lightbox-slideshow=\"cc8166a\" data-elementor-lightbox-title=\"boki 2\" data-e-action-hash=\"#elementor-action%3Aaction%3Dlightbox%26settings%3DeyJpZCI6MzE4ODQsInVybCI6Imh0dHBzOlwvXC9yZWNhcnByb2ZpLmN6XC93cC1jb250ZW50XC91cGxvYWRzXC8yMDI0XC8wOFwvYm9raS0yLXNjYWxlZC5qcGciLCJzbGlkZXNob3ciOiJjYzgxNjZhIn0%3D\" href='https:\/\/recarprofi.cz\/wp-content\/uploads\/2024\/08\/boki-2-scaled.jpg'><img loading=\"lazy\" decoding=\"async\" width=\"2560\" height=\"1920\" src=\"https:\/\/recarprofi.cz\/wp-content\/uploads\/2024\/08\/boki-2-scaled.jpg\" class=\"attachment-full size-full\" alt=\"\" srcset=\"https:\/\/recarprofi.cz\/wp-content\/uploads\/2024\/08\/boki-2-scaled.jpg 2560w, https:\/\/recarprofi.cz\/wp-content\/uploads\/2024\/08\/boki-2-744x558.jpg 744w, https:\/\/recarprofi.cz\/wp-content\/uploads\/2024\/08\/boki-2-1200x900.jpg 1200w, https:\/\/recarprofi.cz\/wp-content\/uploads\/2024\/08\/boki-2-420x315.jpg 420w, https:\/\/recarprofi.cz\/wp-content\/uploads\/2024\/08\/boki-2-768x576.jpg 768w, https:\/\/recarprofi.cz\/wp-content\/uploads\/2024\/08\/boki-2-1536x1152.jpg 1536w, https:\/\/recarprofi.cz\/wp-content\/uploads\/2024\/08\/boki-2-2048x1536.jpg 2048w, https:\/\/recarprofi.cz\/wp-content\/uploads\/2024\/08\/boki-2-1024x768.jpg 1024w, https:\/\/recarprofi.cz\/wp-content\/uploads\/2024\/08\/boki-2-1440x1080.jpg 1440w, https:\/\/recarprofi.cz\/wp-content\/uploads\/2024\/08\/boki-2-600x450.jpg 600w\" sizes=\"(max-width: 2560px) 100vw, 2560px\" \/><\/a>\n\t\t\t<\/dt><\/dl><br style=\"clear: both\" \/><dl class='gallery-item'>\n\t\t\t<dt class='gallery-icon landscape'>\n\t\t\t\t<a data-elementor-open-lightbox=\"yes\" data-elementor-lightbox-slideshow=\"cc8166a\" data-elementor-lightbox-title=\"boki 6\" data-e-action-hash=\"#elementor-action%3Aaction%3Dlightbox%26settings%3DeyJpZCI6MzE4OTEsInVybCI6Imh0dHBzOlwvXC9yZWNhcnByb2ZpLmN6XC93cC1jb250ZW50XC91cGxvYWRzXC8yMDI0XC8wOFwvYm9raS02LmpwZyIsInNsaWRlc2hvdyI6ImNjODE2NmEifQ%3D%3D\" href='https:\/\/recarprofi.cz\/wp-content\/uploads\/2024\/08\/boki-6.jpg'><img loading=\"lazy\" decoding=\"async\" width=\"800\" height=\"534\" src=\"https:\/\/recarprofi.cz\/wp-content\/uploads\/2024\/08\/boki-6.jpg\" class=\"attachment-full size-full\" alt=\"\" srcset=\"https:\/\/recarprofi.cz\/wp-content\/uploads\/2024\/08\/boki-6.jpg 800w, https:\/\/recarprofi.cz\/wp-content\/uploads\/2024\/08\/boki-6-744x497.jpg 744w, https:\/\/recarprofi.cz\/wp-content\/uploads\/2024\/08\/boki-6-420x280.jpg 420w, https:\/\/recarprofi.cz\/wp-content\/uploads\/2024\/08\/boki-6-768x513.jpg 768w, https:\/\/recarprofi.cz\/wp-content\/uploads\/2024\/08\/boki-6-600x401.jpg 600w\" sizes=\"(max-width: 800px) 100vw, 800px\" \/><\/a>\n\t\t\t<\/dt><\/dl><dl class='gallery-item'>\n\t\t\t<dt class='gallery-icon landscape'>\n\t\t\t\t<a data-elementor-open-lightbox=\"yes\" data-elementor-lightbox-slideshow=\"cc8166a\" data-elementor-lightbox-title=\"boki 1\" data-e-action-hash=\"#elementor-action%3Aaction%3Dlightbox%26settings%3DeyJpZCI6MzE5MzMsInVybCI6Imh0dHBzOlwvXC9yZWNhcnByb2ZpLmN6XC93cC1jb250ZW50XC91cGxvYWRzXC8yMDI0XC8wOFwvYm9raS0xLTEtc2NhbGVkLmpwZyIsInNsaWRlc2hvdyI6ImNjODE2NmEifQ%3D%3D\" href='https:\/\/recarprofi.cz\/wp-content\/uploads\/2024\/08\/boki-1-1-scaled.jpg'><img loading=\"lazy\" decoding=\"async\" width=\"2560\" height=\"1707\" src=\"https:\/\/recarprofi.cz\/wp-content\/uploads\/2024\/08\/boki-1-1-scaled.jpg\" class=\"attachment-full size-full\" alt=\"\" srcset=\"https:\/\/recarprofi.cz\/wp-content\/uploads\/2024\/08\/boki-1-1-scaled.jpg 2560w, https:\/\/recarprofi.cz\/wp-content\/uploads\/2024\/08\/boki-1-1-744x496.jpg 744w, https:\/\/recarprofi.cz\/wp-content\/uploads\/2024\/08\/boki-1-1-1200x800.jpg 1200w, https:\/\/recarprofi.cz\/wp-content\/uploads\/2024\/08\/boki-1-1-420x280.jpg 420w, https:\/\/recarprofi.cz\/wp-content\/uploads\/2024\/08\/boki-1-1-768x512.jpg 768w, https:\/\/recarprofi.cz\/wp-content\/uploads\/2024\/08\/boki-1-1-1536x1024.jpg 1536w, https:\/\/recarprofi.cz\/wp-content\/uploads\/2024\/08\/boki-1-1-2048x1366.jpg 2048w, https:\/\/recarprofi.cz\/wp-content\/uploads\/2024\/08\/boki-1-1-1024x683.jpg 1024w, https:\/\/recarprofi.cz\/wp-content\/uploads\/2024\/08\/boki-1-1-1619x1080.jpg 1619w, https:\/\/recarprofi.cz\/wp-content\/uploads\/2024\/08\/boki-1-1-600x400.jpg 600w\" sizes=\"(max-width: 2560px) 100vw, 2560px\" \/><\/a>\n\t\t\t<\/dt><\/dl>\n\t\t\t<br style='clear: both' \/>\n\t\t<\/div>\n\t\t<\/div>\n\t\t\t\t\t\t<\/div>\n\t\t\t\t<\/div>\n\t\t\t\t\t<\/div>\n\t\t<\/div>\n\t\t\t\t\t<\/div>\n\t\t<\/section>\n\t\t\t\t<\/div>\n\t\t","protected":false},"excerpt":{"rendered":"<p>multifunk\u010dn\u00ed komun\u00e1ln\u00ed vozidlo hydrostatick\u00e1 p\u0159evodovka &#8211; 4&#215;4 ve standardu celkov\u00e1 hmotnost do 6,5 t mo\u017enost \u0158P sk. B v\u00fdkon 84 kW \u0161\u00ed\u0159ka od 1 300 mm M\u011bstsk\u00e9 komun\u00e1ln\u00ed vozidlo. bylo navr\u017eeno, zkonstruov\u00e1no a vyrobeno jako&hellip;<\/p>\n","protected":false},"author":1,"featured_media":31904,"parent":31881,"menu_order":2,"comment_status":"closed","ping_status":"closed","template":"","meta":{"footnotes":""},"class_list":["post-31929","page","type-page","status-publish","has-post-thumbnail","hentry"],"_links":{"self":[{"href":"https:\/\/recarprofi.cz\/uvod\/wp-json\/wp\/v2\/pages\/31929","targetHints":{"allow":["GET"]}}],"collection":[{"href":"https:\/\/recarprofi.cz\/uvod\/wp-json\/wp\/v2\/pages"}],"about":[{"href":"https:\/\/recarprofi.cz\/uvod\/wp-json\/wp\/v2\/types\/page"}],"author":[{"embeddable":true,"href":"https:\/\/recarprofi.cz\/uvod\/wp-json\/wp\/v2\/users\/1"}],"replies":[{"embeddable":true,"href":"https:\/\/recarprofi.cz\/uvod\/wp-json\/wp\/v2\/comments?post=31929"}],"version-history":[{"count":11,"href":"https:\/\/recarprofi.cz\/uvod\/wp-json\/wp\/v2\/pages\/31929\/revisions"}],"predecessor-version":[{"id":31943,"href":"https:\/\/recarprofi.cz\/uvod\/wp-json\/wp\/v2\/pages\/31929\/revisions\/31943"}],"up":[{"embeddable":true,"href":"https:\/\/recarprofi.cz\/uvod\/wp-json\/wp\/v2\/pages\/31881"}],"wp:featuredmedia":[{"embeddable":true,"href":"https:\/\/recarprofi.cz\/uvod\/wp-json\/wp\/v2\/media\/31904"}],"wp:attachment":[{"href":"https:\/\/recarprofi.cz\/uvod\/wp-json\/wp\/v2\/media?parent=31929"}],"curies":[{"name":"wp","href":"https:\/\/api.w.org\/{rel}","templated":true}]}}