{"id":31947,"date":"2024-08-20T13:15:41","date_gmt":"2024-08-20T11:15:41","guid":{"rendered":"https:\/\/recarprofi.cz\/uvod\/?page_id=31947"},"modified":"2024-08-20T13:17:21","modified_gmt":"2024-08-20T11:17:21","slug":"boki-hy-1352-b","status":"publish","type":"page","link":"https:\/\/recarprofi.cz\/uvod\/komunalni-technika\/vozidla-boki\/boki-hy-1352-b\/","title":{"rendered":"Boki HY 1352 (B)"},"content":{"rendered":"\t\t<div data-elementor-type=\"wp-page\" data-elementor-id=\"31947\" class=\"elementor elementor-31947\">\n\t\t\t\t\t\t<section class=\"elementor-section elementor-top-section elementor-element elementor-element-e8ba498 elementor-section-boxed elementor-section-height-default elementor-section-height-default\" data-id=\"e8ba498\" data-element_type=\"section\" data-e-type=\"section\">\n\t\t\t\t\t\t<div class=\"elementor-container elementor-column-gap-default\">\n\t\t\t\t\t<div class=\"elementor-column elementor-col-100 elementor-top-column elementor-element elementor-element-89580af\" data-id=\"89580af\" data-element_type=\"column\" data-e-type=\"column\">\n\t\t\t<div class=\"elementor-widget-wrap elementor-element-populated\">\n\t\t\t\t\t\t<div class=\"elementor-element elementor-element-9fa20fc elementor-widget elementor-widget-image\" data-id=\"9fa20fc\" data-element_type=\"widget\" data-e-type=\"widget\" data-widget_type=\"image.default\">\n\t\t\t\t<div class=\"elementor-widget-container\">\n\t\t\t\t\t\t\t\t\t\t\t\t\t\t\t<img fetchpriority=\"high\" decoding=\"async\" width=\"847\" height=\"415\" src=\"https:\/\/recarprofi.cz\/wp-content\/uploads\/2024\/08\/boki-1352b.jpg\" class=\"attachment-large size-large wp-image-31948\" alt=\"\" srcset=\"https:\/\/recarprofi.cz\/wp-content\/uploads\/2024\/08\/boki-1352b.jpg 1000w, https:\/\/recarprofi.cz\/wp-content\/uploads\/2024\/08\/boki-1352b-744x365.jpg 744w, https:\/\/recarprofi.cz\/wp-content\/uploads\/2024\/08\/boki-1352b-420x206.jpg 420w, https:\/\/recarprofi.cz\/wp-content\/uploads\/2024\/08\/boki-1352b-768x376.jpg 768w, https:\/\/recarprofi.cz\/wp-content\/uploads\/2024\/08\/boki-1352b-600x294.jpg 600w\" sizes=\"(max-width: 847px) 100vw, 847px\" \/>\t\t\t\t\t\t\t\t\t\t\t\t\t\t\t<\/div>\n\t\t\t\t<\/div>\n\t\t\t\t\t<\/div>\n\t\t<\/div>\n\t\t\t\t\t<\/div>\n\t\t<\/section>\n\t\t\t\t<section class=\"elementor-section elementor-top-section elementor-element elementor-element-a4bf2c0 elementor-section-boxed elementor-section-height-default elementor-section-height-default\" data-id=\"a4bf2c0\" data-element_type=\"section\" data-e-type=\"section\">\n\t\t\t\t\t\t<div class=\"elementor-container elementor-column-gap-default\">\n\t\t\t\t\t<div class=\"elementor-column elementor-col-100 elementor-top-column elementor-element elementor-element-12504b8\" data-id=\"12504b8\" data-element_type=\"column\" data-e-type=\"column\">\n\t\t\t<div class=\"elementor-widget-wrap elementor-element-populated\">\n\t\t\t\t\t\t<div class=\"elementor-element elementor-element-a4eab16 elementor-widget elementor-widget-text-editor\" data-id=\"a4eab16\" data-element_type=\"widget\" data-e-type=\"widget\" data-widget_type=\"text-editor.default\">\n\t\t\t\t<div class=\"elementor-widget-container\">\n\t\t\t\t\t\t\t\t\t<p style=\"text-align: center;\"><strong>komun\u00e1ln\u00ed v\u016fz pro celoro\u010dn\u00ed vyu\u017eit\u00ed<\/strong><\/p><p style=\"text-align: center;\"><strong>hydrostatick\u00e1 p\u0159evodovka &#8211; 4&#215;4 ve standardu<\/strong><\/p><p style=\"text-align: center;\"><strong>celkov\u00e1 hmotnost do 6,5 t<\/strong><\/p><p style=\"text-align: center;\"><strong>mo\u017enost \u0158P sk. B<\/strong><\/p><p style=\"text-align: center;\"><strong>v\u00fdkon 110 kW<\/strong><\/p><p style=\"text-align: center;\"><strong>\u0161\u00ed\u0159ka od 1 400 mm<\/strong><\/p>\t\t\t\t\t\t\t\t<\/div>\n\t\t\t\t<\/div>\n\t\t\t\t\t<\/div>\n\t\t<\/div>\n\t\t\t\t\t<\/div>\n\t\t<\/section>\n\t\t\t\t<section class=\"elementor-section elementor-top-section elementor-element elementor-element-f398113 elementor-section-boxed elementor-section-height-default elementor-section-height-default\" data-id=\"f398113\" data-element_type=\"section\" data-e-type=\"section\">\n\t\t\t\t\t\t<div class=\"elementor-container elementor-column-gap-default\">\n\t\t\t\t\t<div class=\"elementor-column elementor-col-50 elementor-top-column elementor-element elementor-element-08b61cc\" data-id=\"08b61cc\" data-element_type=\"column\" data-e-type=\"column\">\n\t\t\t<div class=\"elementor-widget-wrap elementor-element-populated\">\n\t\t\t\t\t\t<div class=\"elementor-element elementor-element-ca012f7 elementor-widget elementor-widget-text-editor\" data-id=\"ca012f7\" data-element_type=\"widget\" data-e-type=\"widget\" data-widget_type=\"text-editor.default\">\n\t\t\t\t<div class=\"elementor-widget-container\">\n\t\t\t\t\t\t\t\t\t<p class=\"name\"><strong>M\u011bstsk\u00e9 komun\u00e1ln\u00ed vozidlo.<\/strong><\/p><ul><li class=\"text\">bylo navr\u017eeno, zkonstruov\u00e1no a vyrobeno jako komun\u00e1ln\u00ed vozidlo.<\/li><\/ul><p class=\"name\"><strong>Neju\u017e\u0161\u00ed ve sv\u00e9 t\u0159\u00edd\u011b.<\/strong><\/p><ul><li class=\"text\">m\u00e1 u\u017e\u0161\u00ed rozm\u011bry ne\u017e osobn\u00ed automobil, co\u017e mu dovol\u00ed se zcela bez probl\u00e9m\u016f pohybovat v \u00fazk\u00fdch uli\u010dk\u00e1ch, kter\u00e9 jsou tak typick\u00e9 pro centra m\u011bst a parky.<\/li><\/ul><p class=\"name\"><strong>Skv\u011bl\u00fd v\u00fdhled z kabiny.<\/strong><\/p><ul><li class=\"text\">prosklen\u00e9 dve\u0159e s dokonal\u00fdm v\u00fdhledem dop\u0159edu na cestu i na nesen\u00e9 n\u00e1\u0159ad\u00ed, prosklen\u00fdmi dve\u0159mi vid\u00ed obsluha na obrubn\u00edky a m\u00e1 p\u0159ehled p\u0159i man\u00e9vrov\u00e1n\u00ed.<\/li><\/ul><p class=\"name\"><strong>Odol\u00e1v\u00e1 hrub\u00e9mu zach\u00e1zen\u00ed a ne\u010distot\u00e1m.<\/strong><\/p><ul><li class=\"text\">minim\u00e1ln\u00ed pou\u017eit\u00ed plastov\u00fdch materi\u00e1l\u016f a snadn\u00e9 o\u0161et\u0159ov\u00e1n\u00ed ne\u010distot zrychluje pr\u00e1ci v provozu.<\/li><\/ul><div>\u00a0<\/div>\t\t\t\t\t\t\t\t<\/div>\n\t\t\t\t<\/div>\n\t\t\t\t\t<\/div>\n\t\t<\/div>\n\t\t\t\t<div class=\"elementor-column elementor-col-50 elementor-top-column elementor-element elementor-element-931574d\" data-id=\"931574d\" data-element_type=\"column\" data-e-type=\"column\">\n\t\t\t<div class=\"elementor-widget-wrap elementor-element-populated\">\n\t\t\t\t\t\t<div class=\"elementor-element elementor-element-56a2c59 elementor-widget elementor-widget-image\" data-id=\"56a2c59\" data-element_type=\"widget\" data-e-type=\"widget\" data-widget_type=\"image.default\">\n\t\t\t\t<div class=\"elementor-widget-container\">\n\t\t\t\t\t\t\t\t\t\t\t\t\t\t\t<img decoding=\"async\" width=\"847\" height=\"635\" src=\"https:\/\/recarprofi.cz\/wp-content\/uploads\/2024\/08\/boki-1352b1-1200x900.jpg\" class=\"attachment-large size-large wp-image-31949\" alt=\"\" srcset=\"https:\/\/recarprofi.cz\/wp-content\/uploads\/2024\/08\/boki-1352b1-1200x900.jpg 1200w, https:\/\/recarprofi.cz\/wp-content\/uploads\/2024\/08\/boki-1352b1-744x558.jpg 744w, https:\/\/recarprofi.cz\/wp-content\/uploads\/2024\/08\/boki-1352b1-420x315.jpg 420w, https:\/\/recarprofi.cz\/wp-content\/uploads\/2024\/08\/boki-1352b1-768x576.jpg 768w, https:\/\/recarprofi.cz\/wp-content\/uploads\/2024\/08\/boki-1352b1-1536x1152.jpg 1536w, https:\/\/recarprofi.cz\/wp-content\/uploads\/2024\/08\/boki-1352b1-2048x1536.jpg 2048w, https:\/\/recarprofi.cz\/wp-content\/uploads\/2024\/08\/boki-1352b1-1024x768.jpg 1024w, https:\/\/recarprofi.cz\/wp-content\/uploads\/2024\/08\/boki-1352b1-1440x1080.jpg 1440w, https:\/\/recarprofi.cz\/wp-content\/uploads\/2024\/08\/boki-1352b1-600x450.jpg 600w\" sizes=\"(max-width: 847px) 100vw, 847px\" \/>\t\t\t\t\t\t\t\t\t\t\t\t\t\t\t<\/div>\n\t\t\t\t<\/div>\n\t\t\t\t\t<\/div>\n\t\t<\/div>\n\t\t\t\t\t<\/div>\n\t\t<\/section>\n\t\t\t\t<section class=\"elementor-section elementor-top-section elementor-element elementor-element-8e35aa0 elementor-section-boxed elementor-section-height-default elementor-section-height-default\" data-id=\"8e35aa0\" data-element_type=\"section\" data-e-type=\"section\">\n\t\t\t\t\t\t<div class=\"elementor-container elementor-column-gap-default\">\n\t\t\t\t\t<div class=\"elementor-column elementor-col-50 elementor-top-column elementor-element elementor-element-516efcf\" data-id=\"516efcf\" data-element_type=\"column\" data-e-type=\"column\">\n\t\t\t<div class=\"elementor-widget-wrap elementor-element-populated\">\n\t\t\t\t\t\t<div class=\"elementor-element elementor-element-ca38a65 elementor-widget elementor-widget-image\" data-id=\"ca38a65\" data-element_type=\"widget\" data-e-type=\"widget\" data-widget_type=\"image.default\">\n\t\t\t\t<div class=\"elementor-widget-container\">\n\t\t\t\t\t\t\t\t\t\t\t\t\t\t\t<img decoding=\"async\" width=\"847\" height=\"476\" src=\"https:\/\/recarprofi.cz\/wp-content\/uploads\/2024\/08\/boki-1352b2.jpg\" class=\"attachment-large size-large wp-image-31950\" alt=\"\" srcset=\"https:\/\/recarprofi.cz\/wp-content\/uploads\/2024\/08\/boki-1352b2.jpg 1140w, https:\/\/recarprofi.cz\/wp-content\/uploads\/2024\/08\/boki-1352b2-744x418.jpg 744w, https:\/\/recarprofi.cz\/wp-content\/uploads\/2024\/08\/boki-1352b2-420x236.jpg 420w, https:\/\/recarprofi.cz\/wp-content\/uploads\/2024\/08\/boki-1352b2-768x432.jpg 768w, https:\/\/recarprofi.cz\/wp-content\/uploads\/2024\/08\/boki-1352b2-1024x576.jpg 1024w, https:\/\/recarprofi.cz\/wp-content\/uploads\/2024\/08\/boki-1352b2-600x337.jpg 600w\" sizes=\"(max-width: 847px) 100vw, 847px\" \/>\t\t\t\t\t\t\t\t\t\t\t\t\t\t\t<\/div>\n\t\t\t\t<\/div>\n\t\t\t\t\t<\/div>\n\t\t<\/div>\n\t\t\t\t<div class=\"elementor-column elementor-col-50 elementor-top-column elementor-element elementor-element-bc8ec07\" data-id=\"bc8ec07\" data-element_type=\"column\" data-e-type=\"column\">\n\t\t\t<div class=\"elementor-widget-wrap elementor-element-populated\">\n\t\t\t\t\t\t<div class=\"elementor-element elementor-element-c51df60 elementor-widget elementor-widget-text-editor\" data-id=\"c51df60\" data-element_type=\"widget\" data-e-type=\"widget\" data-widget_type=\"text-editor.default\">\n\t\t\t\t<div class=\"elementor-widget-container\">\n\t\t\t\t\t\t\t\t\t<p class=\"name\"><strong>Kompatibilita nesen\u00e9ho n\u00e1\u0159ad\u00ed.<\/strong><\/p><ul><li class=\"text\">\u010deln\u00ed up\u00ednac\u00ed deska na nesen\u00e9 n\u00e1\u0159ad\u00ed je pln\u011b kompatibiln\u00ed s n\u00e1\u0159ad\u00edm dostupn\u00fdm na na\u0161em trhu a nezp\u016fsobuje technick\u00e9 komplikace.<\/li><\/ul><p class=\"name\"><strong>Odoln\u00e1 konstrukce z beze\u0161v\u00e9 oceli.<\/strong><\/p><ul><li class=\"text\">kvalitn\u00ed n\u011bmeck\u00e1 v\u00fdroba s vysokou odolnost\u00ed, kter\u00e1 dlouho vydr\u017e\u00ed i hrub\u00e9 zach\u00e1zen\u00ed.<\/li><\/ul><p class=\"name\"><strong>Nej\u0161ir\u0161\u00ed spektrum mo\u017en\u00fdch aplikac\u00ed.<\/strong><\/p><ul><li class=\"text\">variabilita n\u00e1staveb od z\u00e1kladn\u00edho \u010di\u0161t\u011bn\u00ed silnic, odhrnov\u00e1n\u00ed sn\u011bhu s posypem a\u017e po vys\u00e1van\u00ed list\u00ed, \u010di\u0161t\u011bn\u00ed kolej\u00ed, pou\u017eit\u00ed s mont\u00e1\u017en\u00ed plo\u0161inou a dal\u0161\u00ed.<\/li><\/ul>\t\t\t\t\t\t\t\t<\/div>\n\t\t\t\t<\/div>\n\t\t\t\t\t<\/div>\n\t\t<\/div>\n\t\t\t\t\t<\/div>\n\t\t<\/section>\n\t\t\t\t<section class=\"elementor-section elementor-top-section elementor-element elementor-element-04b119f elementor-section-boxed elementor-section-height-default elementor-section-height-default\" data-id=\"04b119f\" data-element_type=\"section\" data-e-type=\"section\">\n\t\t\t\t\t\t<div class=\"elementor-container elementor-column-gap-default\">\n\t\t\t\t\t<div class=\"elementor-column elementor-col-50 elementor-top-column elementor-element elementor-element-dbd5a83\" data-id=\"dbd5a83\" data-element_type=\"column\" data-e-type=\"column\">\n\t\t\t<div class=\"elementor-widget-wrap elementor-element-populated\">\n\t\t\t\t\t\t<div class=\"elementor-element elementor-element-7873544 elementor-widget elementor-widget-text-editor\" data-id=\"7873544\" data-element_type=\"widget\" data-e-type=\"widget\" data-widget_type=\"text-editor.default\">\n\t\t\t\t<div class=\"elementor-widget-container\">\n\t\t\t\t\t\t\t\t\t<p class=\"name\"><strong>V\u00fdkonn\u00fd motor a siln\u00e1 hydraulika.<\/strong><\/p><ul><li class=\"text\">hrav\u011b zvl\u00e1dne provoz i s t\u011b\u017ek\u00fdmi n\u00e1stavbami s vysokou hydraulickou n\u00e1ro\u010dnost\u00ed, nap\u0159. vysokozdvi\u017en\u00e1 plo\u0161ina.<\/li><\/ul><p class=\"name\"><strong>Ergonomick\u00e9 ovl\u00e1dac\u00ed prvky.<\/strong><\/p><ul><li class=\"text\">kabina je uzp\u016fsobena tak, aby byla pro \u0159idi\u010de i spolujezdce pohodln\u00e1 a z\u00e1rove\u0148 jednodu\u0161e ovladateln\u00e1.<\/li><\/ul><p><strong>Nejvy\u0161\u0161\u00ed mo\u017en\u00e9 zat\u00ed\u017een\u00ed.<\/strong><\/p><ul><li>celkov\u00e1 hmotnost a\u017e do 6,5 t bez oprav umo\u017e\u0148uje BOKIMOBILu t\u011b\u017ekou pr\u00e1ci na stavb\u00e1ch a v lomech.<\/li><\/ul><p><strong>N\u00edzk\u00e9 provozn\u00ed n\u00e1klady.<\/strong><\/p><ul><li>d\u00edky odolnosti stroje nejsou pot\u0159ebn\u00e9 \u010dast\u00e9 investice do oprav, ani zdlouhav\u00e9 zau\u010dov\u00e1n\u00ed person\u00e1lu, co\u017e \u0161et\u0159\u00ed nejen \u010das<\/li><\/ul>\t\t\t\t\t\t\t\t<\/div>\n\t\t\t\t<\/div>\n\t\t\t\t\t<\/div>\n\t\t<\/div>\n\t\t\t\t<div class=\"elementor-column elementor-col-50 elementor-top-column elementor-element elementor-element-730c186\" data-id=\"730c186\" data-element_type=\"column\" data-e-type=\"column\">\n\t\t\t<div class=\"elementor-widget-wrap elementor-element-populated\">\n\t\t\t\t\t\t<div class=\"elementor-element elementor-element-2008490 elementor-widget elementor-widget-image\" data-id=\"2008490\" data-element_type=\"widget\" data-e-type=\"widget\" data-widget_type=\"image.default\">\n\t\t\t\t<div class=\"elementor-widget-container\">\n\t\t\t\t\t\t\t\t\t\t\t\t\t\t\t<img loading=\"lazy\" decoding=\"async\" width=\"847\" height=\"565\" src=\"https:\/\/recarprofi.cz\/wp-content\/uploads\/2024\/08\/boki-10-1200x800.jpg\" class=\"attachment-large size-large wp-image-31952\" alt=\"\" srcset=\"https:\/\/recarprofi.cz\/wp-content\/uploads\/2024\/08\/boki-10-1200x800.jpg 1200w, https:\/\/recarprofi.cz\/wp-content\/uploads\/2024\/08\/boki-10-744x496.jpg 744w, https:\/\/recarprofi.cz\/wp-content\/uploads\/2024\/08\/boki-10-420x280.jpg 420w, https:\/\/recarprofi.cz\/wp-content\/uploads\/2024\/08\/boki-10-768x512.jpg 768w, https:\/\/recarprofi.cz\/wp-content\/uploads\/2024\/08\/boki-10-1536x1025.jpg 1536w, https:\/\/recarprofi.cz\/wp-content\/uploads\/2024\/08\/boki-10-1024x683.jpg 1024w, https:\/\/recarprofi.cz\/wp-content\/uploads\/2024\/08\/boki-10-1619x1080.jpg 1619w, https:\/\/recarprofi.cz\/wp-content\/uploads\/2024\/08\/boki-10-600x400.jpg 600w, https:\/\/recarprofi.cz\/wp-content\/uploads\/2024\/08\/boki-10.jpg 2048w\" sizes=\"(max-width: 847px) 100vw, 847px\" \/>\t\t\t\t\t\t\t\t\t\t\t\t\t\t\t<\/div>\n\t\t\t\t<\/div>\n\t\t\t\t\t<\/div>\n\t\t<\/div>\n\t\t\t\t\t<\/div>\n\t\t<\/section>\n\t\t\t\t<section class=\"elementor-section elementor-top-section elementor-element elementor-element-af67f24 elementor-section-boxed elementor-section-height-default elementor-section-height-default\" data-id=\"af67f24\" data-element_type=\"section\" data-e-type=\"section\">\n\t\t\t\t\t\t<div class=\"elementor-container elementor-column-gap-default\">\n\t\t\t\t\t<div class=\"elementor-column elementor-col-100 elementor-top-column elementor-element elementor-element-75e321d\" data-id=\"75e321d\" data-element_type=\"column\" data-e-type=\"column\">\n\t\t\t<div class=\"elementor-widget-wrap elementor-element-populated\">\n\t\t\t\t\t\t<div class=\"elementor-element elementor-element-c935220 elementor-widget elementor-widget-image-gallery\" data-id=\"c935220\" data-element_type=\"widget\" data-e-type=\"widget\" data-widget_type=\"image-gallery.default\">\n\t\t\t\t<div class=\"elementor-widget-container\">\n\t\t\t\t\t\t\t<div class=\"elementor-image-gallery\">\n\t\t\t\n\t\t<style type=\"text\/css\">\n\t\t\t#gallery-1 {\n\t\t\t\tmargin: auto;\n\t\t\t}\n\t\t\t#gallery-1 .gallery-item {\n\t\t\t\tfloat: left;\n\t\t\t\tmargin-top: 10px;\n\t\t\t\ttext-align: center;\n\t\t\t\twidth: 33%;\n\t\t\t}\n\t\t\t#gallery-1 img {\n\t\t\t\tborder: 2px solid #cfcfcf;\n\t\t\t}\n\t\t\t#gallery-1 .gallery-caption {\n\t\t\t\tmargin-left: 0;\n\t\t\t}\n\t\t\t\/* see gallery_shortcode() in wp-includes\/media.php *\/\n\t\t<\/style>\n\t\t<div id='gallery-1' class='gallery galleryid-31947 gallery-columns-3 gallery-size-thumbnail'><dl class='gallery-item'>\n\t\t\t<dt class='gallery-icon landscape'>\n\t\t\t\t<a data-elementor-open-lightbox=\"yes\" data-elementor-lightbox-slideshow=\"c935220\" data-elementor-lightbox-title=\"boki 1352b2\" data-e-action-hash=\"#elementor-action%3Aaction%3Dlightbox%26settings%3DeyJpZCI6MzE5NTAsInVybCI6Imh0dHBzOlwvXC9yZWNhcnByb2ZpLmN6XC93cC1jb250ZW50XC91cGxvYWRzXC8yMDI0XC8wOFwvYm9raS0xMzUyYjIuanBnIiwic2xpZGVzaG93IjoiYzkzNTIyMCJ9\" href='https:\/\/recarprofi.cz\/wp-content\/uploads\/2024\/08\/boki-1352b2.jpg'><img loading=\"lazy\" decoding=\"async\" width=\"420\" height=\"236\" src=\"https:\/\/recarprofi.cz\/wp-content\/uploads\/2024\/08\/boki-1352b2-420x236.jpg\" class=\"attachment-thumbnail size-thumbnail\" alt=\"\" srcset=\"https:\/\/recarprofi.cz\/wp-content\/uploads\/2024\/08\/boki-1352b2-420x236.jpg 420w, https:\/\/recarprofi.cz\/wp-content\/uploads\/2024\/08\/boki-1352b2-744x418.jpg 744w, https:\/\/recarprofi.cz\/wp-content\/uploads\/2024\/08\/boki-1352b2-768x432.jpg 768w, https:\/\/recarprofi.cz\/wp-content\/uploads\/2024\/08\/boki-1352b2-1024x576.jpg 1024w, https:\/\/recarprofi.cz\/wp-content\/uploads\/2024\/08\/boki-1352b2-600x337.jpg 600w, https:\/\/recarprofi.cz\/wp-content\/uploads\/2024\/08\/boki-1352b2.jpg 1140w\" sizes=\"(max-width: 420px) 100vw, 420px\" \/><\/a>\n\t\t\t<\/dt><\/dl><dl class='gallery-item'>\n\t\t\t<dt class='gallery-icon landscape'>\n\t\t\t\t<a data-elementor-open-lightbox=\"yes\" data-elementor-lightbox-slideshow=\"c935220\" data-elementor-lightbox-title=\"boki 1352b\" data-e-action-hash=\"#elementor-action%3Aaction%3Dlightbox%26settings%3DeyJpZCI6MzE5NDgsInVybCI6Imh0dHBzOlwvXC9yZWNhcnByb2ZpLmN6XC93cC1jb250ZW50XC91cGxvYWRzXC8yMDI0XC8wOFwvYm9raS0xMzUyYi5qcGciLCJzbGlkZXNob3ciOiJjOTM1MjIwIn0%3D\" href='https:\/\/recarprofi.cz\/wp-content\/uploads\/2024\/08\/boki-1352b.jpg'><img loading=\"lazy\" decoding=\"async\" width=\"420\" height=\"206\" src=\"https:\/\/recarprofi.cz\/wp-content\/uploads\/2024\/08\/boki-1352b-420x206.jpg\" class=\"attachment-thumbnail size-thumbnail\" alt=\"\" srcset=\"https:\/\/recarprofi.cz\/wp-content\/uploads\/2024\/08\/boki-1352b-420x206.jpg 420w, https:\/\/recarprofi.cz\/wp-content\/uploads\/2024\/08\/boki-1352b-744x365.jpg 744w, https:\/\/recarprofi.cz\/wp-content\/uploads\/2024\/08\/boki-1352b-768x376.jpg 768w, https:\/\/recarprofi.cz\/wp-content\/uploads\/2024\/08\/boki-1352b-600x294.jpg 600w, https:\/\/recarprofi.cz\/wp-content\/uploads\/2024\/08\/boki-1352b.jpg 1000w\" sizes=\"(max-width: 420px) 100vw, 420px\" \/><\/a>\n\t\t\t<\/dt><\/dl><dl class='gallery-item'>\n\t\t\t<dt class='gallery-icon landscape'>\n\t\t\t\t<a data-elementor-open-lightbox=\"yes\" data-elementor-lightbox-slideshow=\"c935220\" data-elementor-lightbox-title=\"boki 1352b1\" data-e-action-hash=\"#elementor-action%3Aaction%3Dlightbox%26settings%3DeyJpZCI6MzE5NDksInVybCI6Imh0dHBzOlwvXC9yZWNhcnByb2ZpLmN6XC93cC1jb250ZW50XC91cGxvYWRzXC8yMDI0XC8wOFwvYm9raS0xMzUyYjEtc2NhbGVkLmpwZyIsInNsaWRlc2hvdyI6ImM5MzUyMjAifQ%3D%3D\" href='https:\/\/recarprofi.cz\/wp-content\/uploads\/2024\/08\/boki-1352b1-scaled.jpg'><img loading=\"lazy\" decoding=\"async\" width=\"420\" height=\"315\" src=\"https:\/\/recarprofi.cz\/wp-content\/uploads\/2024\/08\/boki-1352b1-420x315.jpg\" class=\"attachment-thumbnail size-thumbnail\" alt=\"\" srcset=\"https:\/\/recarprofi.cz\/wp-content\/uploads\/2024\/08\/boki-1352b1-420x315.jpg 420w, https:\/\/recarprofi.cz\/wp-content\/uploads\/2024\/08\/boki-1352b1-744x558.jpg 744w, https:\/\/recarprofi.cz\/wp-content\/uploads\/2024\/08\/boki-1352b1-1200x900.jpg 1200w, https:\/\/recarprofi.cz\/wp-content\/uploads\/2024\/08\/boki-1352b1-768x576.jpg 768w, https:\/\/recarprofi.cz\/wp-content\/uploads\/2024\/08\/boki-1352b1-1536x1152.jpg 1536w, https:\/\/recarprofi.cz\/wp-content\/uploads\/2024\/08\/boki-1352b1-2048x1536.jpg 2048w, https:\/\/recarprofi.cz\/wp-content\/uploads\/2024\/08\/boki-1352b1-1024x768.jpg 1024w, https:\/\/recarprofi.cz\/wp-content\/uploads\/2024\/08\/boki-1352b1-1440x1080.jpg 1440w, https:\/\/recarprofi.cz\/wp-content\/uploads\/2024\/08\/boki-1352b1-600x450.jpg 600w\" sizes=\"(max-width: 420px) 100vw, 420px\" \/><\/a>\n\t\t\t<\/dt><\/dl><br style=\"clear: both\" \/><dl class='gallery-item'>\n\t\t\t<dt class='gallery-icon landscape'>\n\t\t\t\t<a data-elementor-open-lightbox=\"yes\" data-elementor-lightbox-slideshow=\"c935220\" data-elementor-lightbox-title=\"boki 2\" data-e-action-hash=\"#elementor-action%3Aaction%3Dlightbox%26settings%3DeyJpZCI6MzE4ODQsInVybCI6Imh0dHBzOlwvXC9yZWNhcnByb2ZpLmN6XC93cC1jb250ZW50XC91cGxvYWRzXC8yMDI0XC8wOFwvYm9raS0yLXNjYWxlZC5qcGciLCJzbGlkZXNob3ciOiJjOTM1MjIwIn0%3D\" href='https:\/\/recarprofi.cz\/wp-content\/uploads\/2024\/08\/boki-2-scaled.jpg'><img loading=\"lazy\" decoding=\"async\" width=\"420\" height=\"315\" src=\"https:\/\/recarprofi.cz\/wp-content\/uploads\/2024\/08\/boki-2-420x315.jpg\" class=\"attachment-thumbnail size-thumbnail\" alt=\"\" srcset=\"https:\/\/recarprofi.cz\/wp-content\/uploads\/2024\/08\/boki-2-420x315.jpg 420w, https:\/\/recarprofi.cz\/wp-content\/uploads\/2024\/08\/boki-2-744x558.jpg 744w, https:\/\/recarprofi.cz\/wp-content\/uploads\/2024\/08\/boki-2-1200x900.jpg 1200w, https:\/\/recarprofi.cz\/wp-content\/uploads\/2024\/08\/boki-2-768x576.jpg 768w, https:\/\/recarprofi.cz\/wp-content\/uploads\/2024\/08\/boki-2-1536x1152.jpg 1536w, https:\/\/recarprofi.cz\/wp-content\/uploads\/2024\/08\/boki-2-2048x1536.jpg 2048w, https:\/\/recarprofi.cz\/wp-content\/uploads\/2024\/08\/boki-2-1024x768.jpg 1024w, https:\/\/recarprofi.cz\/wp-content\/uploads\/2024\/08\/boki-2-1440x1080.jpg 1440w, https:\/\/recarprofi.cz\/wp-content\/uploads\/2024\/08\/boki-2-600x450.jpg 600w\" sizes=\"(max-width: 420px) 100vw, 420px\" \/><\/a>\n\t\t\t<\/dt><\/dl><dl class='gallery-item'>\n\t\t\t<dt class='gallery-icon landscape'>\n\t\t\t\t<a data-elementor-open-lightbox=\"yes\" data-elementor-lightbox-slideshow=\"c935220\" data-elementor-lightbox-title=\"boki 6\" data-e-action-hash=\"#elementor-action%3Aaction%3Dlightbox%26settings%3DeyJpZCI6MzE4OTEsInVybCI6Imh0dHBzOlwvXC9yZWNhcnByb2ZpLmN6XC93cC1jb250ZW50XC91cGxvYWRzXC8yMDI0XC8wOFwvYm9raS02LmpwZyIsInNsaWRlc2hvdyI6ImM5MzUyMjAifQ%3D%3D\" href='https:\/\/recarprofi.cz\/wp-content\/uploads\/2024\/08\/boki-6.jpg'><img loading=\"lazy\" decoding=\"async\" width=\"420\" height=\"280\" src=\"https:\/\/recarprofi.cz\/wp-content\/uploads\/2024\/08\/boki-6-420x280.jpg\" class=\"attachment-thumbnail size-thumbnail\" alt=\"\" srcset=\"https:\/\/recarprofi.cz\/wp-content\/uploads\/2024\/08\/boki-6-420x280.jpg 420w, https:\/\/recarprofi.cz\/wp-content\/uploads\/2024\/08\/boki-6-744x497.jpg 744w, https:\/\/recarprofi.cz\/wp-content\/uploads\/2024\/08\/boki-6-768x513.jpg 768w, https:\/\/recarprofi.cz\/wp-content\/uploads\/2024\/08\/boki-6-600x401.jpg 600w, https:\/\/recarprofi.cz\/wp-content\/uploads\/2024\/08\/boki-6.jpg 800w\" sizes=\"(max-width: 420px) 100vw, 420px\" \/><\/a>\n\t\t\t<\/dt><\/dl><dl class='gallery-item'>\n\t\t\t<dt class='gallery-icon landscape'>\n\t\t\t\t<a data-elementor-open-lightbox=\"yes\" data-elementor-lightbox-slideshow=\"c935220\" data-elementor-lightbox-title=\"boki 1\" data-e-action-hash=\"#elementor-action%3Aaction%3Dlightbox%26settings%3DeyJpZCI6MzE4ODMsInVybCI6Imh0dHBzOlwvXC9yZWNhcnByb2ZpLmN6XC93cC1jb250ZW50XC91cGxvYWRzXC8yMDI0XC8wOFwvYm9raS0xLXNjYWxlZC5qcGciLCJzbGlkZXNob3ciOiJjOTM1MjIwIn0%3D\" href='https:\/\/recarprofi.cz\/wp-content\/uploads\/2024\/08\/boki-1-scaled.jpg'><img loading=\"lazy\" decoding=\"async\" width=\"420\" height=\"280\" src=\"https:\/\/recarprofi.cz\/wp-content\/uploads\/2024\/08\/boki-1-420x280.jpg\" class=\"attachment-thumbnail size-thumbnail\" alt=\"\" srcset=\"https:\/\/recarprofi.cz\/wp-content\/uploads\/2024\/08\/boki-1-420x280.jpg 420w, https:\/\/recarprofi.cz\/wp-content\/uploads\/2024\/08\/boki-1-744x496.jpg 744w, https:\/\/recarprofi.cz\/wp-content\/uploads\/2024\/08\/boki-1-1200x800.jpg 1200w, https:\/\/recarprofi.cz\/wp-content\/uploads\/2024\/08\/boki-1-768x512.jpg 768w, https:\/\/recarprofi.cz\/wp-content\/uploads\/2024\/08\/boki-1-1536x1024.jpg 1536w, https:\/\/recarprofi.cz\/wp-content\/uploads\/2024\/08\/boki-1-2048x1366.jpg 2048w, https:\/\/recarprofi.cz\/wp-content\/uploads\/2024\/08\/boki-1-1024x683.jpg 1024w, https:\/\/recarprofi.cz\/wp-content\/uploads\/2024\/08\/boki-1-1619x1080.jpg 1619w, https:\/\/recarprofi.cz\/wp-content\/uploads\/2024\/08\/boki-1-600x400.jpg 600w\" sizes=\"(max-width: 420px) 100vw, 420px\" \/><\/a>\n\t\t\t<\/dt><\/dl><br style=\"clear: both\" \/><dl class='gallery-item'>\n\t\t\t<dt class='gallery-icon landscape'>\n\t\t\t\t<a data-elementor-open-lightbox=\"yes\" data-elementor-lightbox-slideshow=\"c935220\" data-elementor-lightbox-title=\"boki 4\" data-e-action-hash=\"#elementor-action%3Aaction%3Dlightbox%26settings%3DeyJpZCI6MzE5MDksInVybCI6Imh0dHBzOlwvXC9yZWNhcnByb2ZpLmN6XC93cC1jb250ZW50XC91cGxvYWRzXC8yMDI0XC8wOFwvYm9raS00LXNjYWxlZC5qcGciLCJzbGlkZXNob3ciOiJjOTM1MjIwIn0%3D\" href='https:\/\/recarprofi.cz\/wp-content\/uploads\/2024\/08\/boki-4-scaled.jpg'><img loading=\"lazy\" decoding=\"async\" width=\"420\" height=\"280\" src=\"https:\/\/recarprofi.cz\/wp-content\/uploads\/2024\/08\/boki-4-420x280.jpg\" class=\"attachment-thumbnail size-thumbnail\" alt=\"\" srcset=\"https:\/\/recarprofi.cz\/wp-content\/uploads\/2024\/08\/boki-4-420x280.jpg 420w, https:\/\/recarprofi.cz\/wp-content\/uploads\/2024\/08\/boki-4-744x496.jpg 744w, https:\/\/recarprofi.cz\/wp-content\/uploads\/2024\/08\/boki-4-1200x800.jpg 1200w, https:\/\/recarprofi.cz\/wp-content\/uploads\/2024\/08\/boki-4-768x512.jpg 768w, https:\/\/recarprofi.cz\/wp-content\/uploads\/2024\/08\/boki-4-1536x1024.jpg 1536w, https:\/\/recarprofi.cz\/wp-content\/uploads\/2024\/08\/boki-4-2048x1366.jpg 2048w, https:\/\/recarprofi.cz\/wp-content\/uploads\/2024\/08\/boki-4-1024x683.jpg 1024w, https:\/\/recarprofi.cz\/wp-content\/uploads\/2024\/08\/boki-4-1619x1080.jpg 1619w, https:\/\/recarprofi.cz\/wp-content\/uploads\/2024\/08\/boki-4-600x400.jpg 600w\" sizes=\"(max-width: 420px) 100vw, 420px\" \/><\/a>\n\t\t\t<\/dt><\/dl><dl class='gallery-item'>\n\t\t\t<dt class='gallery-icon landscape'>\n\t\t\t\t<a data-elementor-open-lightbox=\"yes\" data-elementor-lightbox-slideshow=\"c935220\" data-elementor-lightbox-title=\"boki 5\" data-e-action-hash=\"#elementor-action%3Aaction%3Dlightbox%26settings%3DeyJpZCI6MzE5MDUsInVybCI6Imh0dHBzOlwvXC9yZWNhcnByb2ZpLmN6XC93cC1jb250ZW50XC91cGxvYWRzXC8yMDI0XC8wOFwvYm9raS01LmpwZyIsInNsaWRlc2hvdyI6ImM5MzUyMjAifQ%3D%3D\" href='https:\/\/recarprofi.cz\/wp-content\/uploads\/2024\/08\/boki-5.jpg'><img loading=\"lazy\" decoding=\"async\" width=\"420\" height=\"315\" src=\"https:\/\/recarprofi.cz\/wp-content\/uploads\/2024\/08\/boki-5-420x315.jpg\" class=\"attachment-thumbnail size-thumbnail\" alt=\"\" srcset=\"https:\/\/recarprofi.cz\/wp-content\/uploads\/2024\/08\/boki-5-420x315.jpg 420w, https:\/\/recarprofi.cz\/wp-content\/uploads\/2024\/08\/boki-5-744x558.jpg 744w, https:\/\/recarprofi.cz\/wp-content\/uploads\/2024\/08\/boki-5-768x576.jpg 768w, https:\/\/recarprofi.cz\/wp-content\/uploads\/2024\/08\/boki-5-600x450.jpg 600w, https:\/\/recarprofi.cz\/wp-content\/uploads\/2024\/08\/boki-5.jpg 800w\" sizes=\"(max-width: 420px) 100vw, 420px\" \/><\/a>\n\t\t\t<\/dt><\/dl>\n\t\t\t<br style='clear: both' \/>\n\t\t<\/div>\n\t\t<\/div>\n\t\t\t\t\t\t<\/div>\n\t\t\t\t<\/div>\n\t\t\t\t\t<\/div>\n\t\t<\/div>\n\t\t\t\t\t<\/div>\n\t\t<\/section>\n\t\t\t\t<\/div>\n\t\t","protected":false},"excerpt":{"rendered":"<p>komun\u00e1ln\u00ed v\u016fz pro celoro\u010dn\u00ed vyu\u017eit\u00ed hydrostatick\u00e1 p\u0159evodovka &#8211; 4&#215;4 ve standardu celkov\u00e1 hmotnost do 6,5 t mo\u017enost \u0158P sk. B v\u00fdkon 110 kW \u0161\u00ed\u0159ka od 1 400 mm M\u011bstsk\u00e9 komun\u00e1ln\u00ed vozidlo. bylo navr\u017eeno, zkonstruov\u00e1no a&hellip;<\/p>\n","protected":false},"author":1,"featured_media":31949,"parent":31881,"menu_order":3,"comment_status":"closed","ping_status":"closed","template":"","meta":{"footnotes":""},"class_list":["post-31947","page","type-page","status-publish","has-post-thumbnail","hentry"],"_links":{"self":[{"href":"https:\/\/recarprofi.cz\/uvod\/wp-json\/wp\/v2\/pages\/31947","targetHints":{"allow":["GET"]}}],"collection":[{"href":"https:\/\/recarprofi.cz\/uvod\/wp-json\/wp\/v2\/pages"}],"about":[{"href":"https:\/\/recarprofi.cz\/uvod\/wp-json\/wp\/v2\/types\/page"}],"author":[{"embeddable":true,"href":"https:\/\/recarprofi.cz\/uvod\/wp-json\/wp\/v2\/users\/1"}],"replies":[{"embeddable":true,"href":"https:\/\/recarprofi.cz\/uvod\/wp-json\/wp\/v2\/comments?post=31947"}],"version-history":[{"count":5,"href":"https:\/\/recarprofi.cz\/uvod\/wp-json\/wp\/v2\/pages\/31947\/revisions"}],"predecessor-version":[{"id":31956,"href":"https:\/\/recarprofi.cz\/uvod\/wp-json\/wp\/v2\/pages\/31947\/revisions\/31956"}],"up":[{"embeddable":true,"href":"https:\/\/recarprofi.cz\/uvod\/wp-json\/wp\/v2\/pages\/31881"}],"wp:featuredmedia":[{"embeddable":true,"href":"https:\/\/recarprofi.cz\/uvod\/wp-json\/wp\/v2\/media\/31949"}],"wp:attachment":[{"href":"https:\/\/recarprofi.cz\/uvod\/wp-json\/wp\/v2\/media?parent=31947"}],"curies":[{"name":"wp","href":"https:\/\/api.w.org\/{rel}","templated":true}]}}