{"id":31975,"date":"2024-08-20T14:24:33","date_gmt":"2024-08-20T12:24:33","guid":{"rendered":"https:\/\/recarprofi.cz\/uvod\/?page_id=31975"},"modified":"2024-08-20T14:31:03","modified_gmt":"2024-08-20T12:31:03","slug":"boki-hy-1352-t","status":"publish","type":"page","link":"https:\/\/recarprofi.cz\/uvod\/komunalni-technika\/vozidla-boki\/boki-hy-1352-t\/","title":{"rendered":"Boki HY 1352 T"},"content":{"rendered":"\t\t<div data-elementor-type=\"wp-page\" data-elementor-id=\"31975\" class=\"elementor elementor-31975\">\n\t\t\t\t\t\t<section class=\"elementor-section elementor-top-section elementor-element elementor-element-00a77cf elementor-section-boxed elementor-section-height-default elementor-section-height-default\" data-id=\"00a77cf\" data-element_type=\"section\" data-e-type=\"section\">\n\t\t\t\t\t\t<div class=\"elementor-container elementor-column-gap-default\">\n\t\t\t\t\t<div class=\"elementor-column elementor-col-100 elementor-top-column elementor-element elementor-element-1283f72\" data-id=\"1283f72\" data-element_type=\"column\" data-e-type=\"column\">\n\t\t\t<div class=\"elementor-widget-wrap elementor-element-populated\">\n\t\t\t\t\t\t<div class=\"elementor-element elementor-element-1112192 elementor-widget elementor-widget-image\" data-id=\"1112192\" data-element_type=\"widget\" data-e-type=\"widget\" data-widget_type=\"image.default\">\n\t\t\t\t<div class=\"elementor-widget-container\">\n\t\t\t\t\t\t\t\t\t\t\t\t\t\t\t<img fetchpriority=\"high\" decoding=\"async\" width=\"847\" height=\"541\" src=\"https:\/\/recarprofi.cz\/wp-content\/uploads\/2024\/08\/boki-1352T.jpg\" class=\"attachment-large size-large wp-image-31976\" alt=\"\" srcset=\"https:\/\/recarprofi.cz\/wp-content\/uploads\/2024\/08\/boki-1352T.jpg 1140w, https:\/\/recarprofi.cz\/wp-content\/uploads\/2024\/08\/boki-1352T-744x475.jpg 744w, https:\/\/recarprofi.cz\/wp-content\/uploads\/2024\/08\/boki-1352T-420x268.jpg 420w, https:\/\/recarprofi.cz\/wp-content\/uploads\/2024\/08\/boki-1352T-768x490.jpg 768w, https:\/\/recarprofi.cz\/wp-content\/uploads\/2024\/08\/boki-1352T-1024x654.jpg 1024w, https:\/\/recarprofi.cz\/wp-content\/uploads\/2024\/08\/boki-1352T-600x383.jpg 600w\" sizes=\"(max-width: 847px) 100vw, 847px\" \/>\t\t\t\t\t\t\t\t\t\t\t\t\t\t\t<\/div>\n\t\t\t\t<\/div>\n\t\t\t\t\t<\/div>\n\t\t<\/div>\n\t\t\t\t\t<\/div>\n\t\t<\/section>\n\t\t\t\t<section class=\"elementor-section elementor-top-section elementor-element elementor-element-f9a1af7 elementor-section-boxed elementor-section-height-default elementor-section-height-default\" data-id=\"f9a1af7\" data-element_type=\"section\" data-e-type=\"section\">\n\t\t\t\t\t\t<div class=\"elementor-container elementor-column-gap-default\">\n\t\t\t\t\t<div class=\"elementor-column elementor-col-100 elementor-top-column elementor-element elementor-element-f0f597c\" data-id=\"f0f597c\" data-element_type=\"column\" data-e-type=\"column\">\n\t\t\t<div class=\"elementor-widget-wrap elementor-element-populated\">\n\t\t\t\t\t\t<div class=\"elementor-element elementor-element-0f65c1e elementor-widget elementor-widget-text-editor\" data-id=\"0f65c1e\" data-element_type=\"widget\" data-e-type=\"widget\" data-widget_type=\"text-editor.default\">\n\t\t\t\t<div class=\"elementor-widget-container\">\n\t\t\t\t\t\t\t\t\t<p style=\"text-align: center;\"><strong>komun\u00e1ln\u00ed v\u016fz pro celoro\u010dn\u00ed \u00fadr\u017ebu<\/strong><\/p><p style=\"text-align: center;\"><strong>hydrostatick\u00e1 p\u0159evodovka 6&#215;4<\/strong><\/p><p style=\"text-align: center;\"><strong>celkov\u00e1 hmotnost od 3,5 t do 7,5 t<\/strong><\/p><p style=\"text-align: center;\"><strong>druh\u00e1 zadn\u00ed osa ovladateln\u00e1 a zdvihateln\u00e1<\/strong><\/p><p style=\"text-align: center;\"><strong>v\u00fdkon 110 kW<\/strong><\/p><p style=\"text-align: center;\"><strong>\u0161\u00ed\u0159ka 1 700 mm<\/strong><\/p>\t\t\t\t\t\t\t\t<\/div>\n\t\t\t\t<\/div>\n\t\t\t\t\t<\/div>\n\t\t<\/div>\n\t\t\t\t\t<\/div>\n\t\t<\/section>\n\t\t\t\t<section class=\"elementor-section elementor-top-section elementor-element elementor-element-4978d60 elementor-section-boxed elementor-section-height-default elementor-section-height-default\" data-id=\"4978d60\" data-element_type=\"section\" data-e-type=\"section\">\n\t\t\t\t\t\t<div class=\"elementor-container elementor-column-gap-default\">\n\t\t\t\t\t<div class=\"elementor-column elementor-col-50 elementor-top-column elementor-element elementor-element-d3b4a3a\" data-id=\"d3b4a3a\" data-element_type=\"column\" data-e-type=\"column\">\n\t\t\t<div class=\"elementor-widget-wrap elementor-element-populated\">\n\t\t\t\t\t\t<div class=\"elementor-element elementor-element-54737a9 elementor-widget elementor-widget-text-editor\" data-id=\"54737a9\" data-element_type=\"widget\" data-e-type=\"widget\" data-widget_type=\"text-editor.default\">\n\t\t\t\t<div class=\"elementor-widget-container\">\n\t\t\t\t\t\t\t\t\t<p class=\"name\"><strong>Nejvy\u0161\u0161\u00ed povolen\u00e9 zat\u00ed\u017een\u00ed.<\/strong><\/p><ul><li class=\"text\">umo\u017e\u0148uje zv\u011bt\u0161en\u00ed lo\u017en\u00ed plochy a vyu\u017eit\u00ed je\u0161t\u011b v\u011bt\u0161\u00edho po\u010dtu n\u00e1staveb s vy\u0161\u0161\u00edm v\u00fdkonem.<\/li><\/ul><p class=\"name\"><strong>Skv\u011bl\u00fd v\u00fdhled z kabiny.<\/strong><\/p><ul><li class=\"text\">prosklen\u00e9 dve\u0159e s dokonal\u00fdm v\u00fdhledem dop\u0159edu na cestu i na nesen\u00e9 n\u00e1\u0159ad\u00ed, prosklen\u00fdmi dve\u0159mi vid\u00ed obsluha na obrubn\u00edky a m\u00e1 p\u0159ehled p\u0159i man\u00e9vrov\u00e1n\u00ed.<\/li><\/ul><p class=\"name\"><strong>Kompatibilita nesen\u00e9ho n\u00e1\u0159ad\u00ed.<\/strong><\/p><ul><li class=\"text\">\u010deln\u00ed up\u00ednac\u00ed deska na nesen\u00e9 n\u00e1\u0159ad\u00ed je pln\u011b kompatibiln\u00ed s n\u00e1\u0159ad\u00edm dostupn\u00fdm na na\u0161em trhu a nezp\u016fsobuje technick\u00e9 komplikace.<\/li><\/ul>\t\t\t\t\t\t\t\t<\/div>\n\t\t\t\t<\/div>\n\t\t\t\t\t<\/div>\n\t\t<\/div>\n\t\t\t\t<div class=\"elementor-column elementor-col-50 elementor-top-column elementor-element elementor-element-347eedf\" data-id=\"347eedf\" data-element_type=\"column\" data-e-type=\"column\">\n\t\t\t<div class=\"elementor-widget-wrap elementor-element-populated\">\n\t\t\t\t\t\t<div class=\"elementor-element elementor-element-7b9bba1 elementor-widget elementor-widget-image\" data-id=\"7b9bba1\" data-element_type=\"widget\" data-e-type=\"widget\" data-widget_type=\"image.default\">\n\t\t\t\t<div class=\"elementor-widget-container\">\n\t\t\t\t\t\t\t\t\t\t\t\t\t\t\t<img decoding=\"async\" width=\"847\" height=\"476\" src=\"https:\/\/recarprofi.cz\/wp-content\/uploads\/2024\/08\/boki-1152T-1200x675.jpg\" class=\"attachment-large size-large wp-image-31963\" alt=\"\" srcset=\"https:\/\/recarprofi.cz\/wp-content\/uploads\/2024\/08\/boki-1152T-1200x675.jpg 1200w, https:\/\/recarprofi.cz\/wp-content\/uploads\/2024\/08\/boki-1152T-744x419.jpg 744w, https:\/\/recarprofi.cz\/wp-content\/uploads\/2024\/08\/boki-1152T-420x236.jpg 420w, https:\/\/recarprofi.cz\/wp-content\/uploads\/2024\/08\/boki-1152T-768x432.jpg 768w, https:\/\/recarprofi.cz\/wp-content\/uploads\/2024\/08\/boki-1152T-1536x864.jpg 1536w, https:\/\/recarprofi.cz\/wp-content\/uploads\/2024\/08\/boki-1152T-2048x1152.jpg 2048w, https:\/\/recarprofi.cz\/wp-content\/uploads\/2024\/08\/boki-1152T-1024x576.jpg 1024w, https:\/\/recarprofi.cz\/wp-content\/uploads\/2024\/08\/boki-1152T-1920x1080.jpg 1920w, https:\/\/recarprofi.cz\/wp-content\/uploads\/2024\/08\/boki-1152T-600x338.jpg 600w\" sizes=\"(max-width: 847px) 100vw, 847px\" \/>\t\t\t\t\t\t\t\t\t\t\t\t\t\t\t<\/div>\n\t\t\t\t<\/div>\n\t\t\t\t\t<\/div>\n\t\t<\/div>\n\t\t\t\t\t<\/div>\n\t\t<\/section>\n\t\t\t\t<section class=\"elementor-section elementor-top-section elementor-element elementor-element-e15f14d elementor-section-boxed elementor-section-height-default elementor-section-height-default\" data-id=\"e15f14d\" data-element_type=\"section\" data-e-type=\"section\">\n\t\t\t\t\t\t<div class=\"elementor-container elementor-column-gap-default\">\n\t\t\t\t\t<div class=\"elementor-column elementor-col-50 elementor-top-column elementor-element elementor-element-bbf5edc\" data-id=\"bbf5edc\" data-element_type=\"column\" data-e-type=\"column\">\n\t\t\t<div class=\"elementor-widget-wrap elementor-element-populated\">\n\t\t\t\t\t\t<div class=\"elementor-element elementor-element-2e7ab6c elementor-widget elementor-widget-image\" data-id=\"2e7ab6c\" data-element_type=\"widget\" data-e-type=\"widget\" data-widget_type=\"image.default\">\n\t\t\t\t<div class=\"elementor-widget-container\">\n\t\t\t\t\t\t\t\t\t\t\t\t\t\t\t<img decoding=\"async\" width=\"847\" height=\"476\" src=\"https:\/\/recarprofi.cz\/wp-content\/uploads\/2024\/08\/boki-1152T2.jpg\" class=\"attachment-large size-large wp-image-31965\" alt=\"\" srcset=\"https:\/\/recarprofi.cz\/wp-content\/uploads\/2024\/08\/boki-1152T2.jpg 1140w, https:\/\/recarprofi.cz\/wp-content\/uploads\/2024\/08\/boki-1152T2-744x418.jpg 744w, https:\/\/recarprofi.cz\/wp-content\/uploads\/2024\/08\/boki-1152T2-420x236.jpg 420w, https:\/\/recarprofi.cz\/wp-content\/uploads\/2024\/08\/boki-1152T2-768x432.jpg 768w, https:\/\/recarprofi.cz\/wp-content\/uploads\/2024\/08\/boki-1152T2-1024x576.jpg 1024w, https:\/\/recarprofi.cz\/wp-content\/uploads\/2024\/08\/boki-1152T2-600x337.jpg 600w\" sizes=\"(max-width: 847px) 100vw, 847px\" \/>\t\t\t\t\t\t\t\t\t\t\t\t\t\t\t<\/div>\n\t\t\t\t<\/div>\n\t\t\t\t\t<\/div>\n\t\t<\/div>\n\t\t\t\t<div class=\"elementor-column elementor-col-50 elementor-top-column elementor-element elementor-element-b2826dd\" data-id=\"b2826dd\" data-element_type=\"column\" data-e-type=\"column\">\n\t\t\t<div class=\"elementor-widget-wrap elementor-element-populated\">\n\t\t\t\t\t\t<div class=\"elementor-element elementor-element-f6881b0 elementor-widget elementor-widget-text-editor\" data-id=\"f6881b0\" data-element_type=\"widget\" data-e-type=\"widget\" data-widget_type=\"text-editor.default\">\n\t\t\t\t<div class=\"elementor-widget-container\">\n\t\t\t\t\t\t\t\t\t<p class=\"name\"><strong>Odol\u00e1v\u00e1 hrub\u00e9mu zach\u00e1zen\u00ed a ne\u010distot\u00e1m.<\/strong><\/p><ul><li class=\"text\">minim\u00e1ln\u00ed pou\u017eit\u00ed plastov\u00fdch materi\u00e1l\u016f a snadn\u00e9 o\u0161et\u0159ov\u00e1n\u00ed ne\u010distot zrychluje pr\u00e1ci v provozu.<\/li><\/ul><p class=\"name\"><strong>Odoln\u00e1 konstrukce z beze\u0161v\u00e9 oceli.<\/strong><\/p><ul><li class=\"text\">kvalitn\u00ed n\u011bmeck\u00e1 v\u00fdroba s vysokou odolnost\u00ed, kter\u00e1 dlouho vydr\u017e\u00ed i hrub\u0161\u00ed zach\u00e1zen\u00ed.<\/li><\/ul><p class=\"name\"><strong>Ergonomick\u00e9 ovl\u00e1dac\u00ed prvky.<\/strong><\/p><ul><li class=\"text\">kabina je uzp\u016fsobena tak, aby byla pro \u0159idi\u010de i spolujezdce pohodln\u00e1 a z\u00e1rove\u0148 jednodu\u0161e ovladateln\u00e1.<\/li><\/ul>\t\t\t\t\t\t\t\t<\/div>\n\t\t\t\t<\/div>\n\t\t\t\t\t<\/div>\n\t\t<\/div>\n\t\t\t\t\t<\/div>\n\t\t<\/section>\n\t\t\t\t<section class=\"elementor-section elementor-top-section elementor-element elementor-element-9f3d2a6 elementor-section-boxed elementor-section-height-default elementor-section-height-default\" data-id=\"9f3d2a6\" data-element_type=\"section\" data-e-type=\"section\">\n\t\t\t\t\t\t<div class=\"elementor-container elementor-column-gap-default\">\n\t\t\t\t\t<div class=\"elementor-column elementor-col-50 elementor-top-column elementor-element elementor-element-9ad7f61\" data-id=\"9ad7f61\" data-element_type=\"column\" data-e-type=\"column\">\n\t\t\t<div class=\"elementor-widget-wrap elementor-element-populated\">\n\t\t\t\t\t\t<div class=\"elementor-element elementor-element-96bb693 elementor-widget elementor-widget-text-editor\" data-id=\"96bb693\" data-element_type=\"widget\" data-e-type=\"widget\" data-widget_type=\"text-editor.default\">\n\t\t\t\t<div class=\"elementor-widget-container\">\n\t\t\t\t\t\t\t\t\t<p class=\"name\"><strong>V\u00fdkonn\u00fd motor a siln\u00e1 hydraulika.<\/strong><\/p><ul><li class=\"text\">hrav\u011b zvl\u00e1dne provoz i s t\u011b\u017ek\u00fdmi n\u00e1stavbami s vysokou hydraulickou n\u00e1ro\u010dnost\u00ed, nap\u0159. velkoobjemov\u00e1 cisterna.<\/li><\/ul><p><strong>Nej\u0161ir\u0161\u00ed spektrum mo\u017en\u00fdch aplikac\u00ed.<\/strong><\/p><ul><li>variabilita n\u00e1staveb od z\u00e1kladn\u00edch komun\u00e1ln\u00edch prac\u00ed a\u017e po \u010di\u0161t\u011bn\u00ed kolej\u00ed, mont\u00e1\u017en\u00ed plo\u0161inu nebo velkoobjemov\u00fd sypa\u010d se sn\u011bhovou radlic\u00ed.<\/li><\/ul><p><strong>Plaziv\u00e1 rychlost.<\/strong><\/p><ul><li>a jin\u00e9 ovl\u00e1dac\u00ed prvky jsou uzp\u016fsoben\u00e9 komun\u00e1ln\u00edmu provozu a vozidlo je na pr\u00e1ci v komun\u00e1lu p\u0159ipraven\u00e9 ji\u017e ve v\u00fdrob\u011b.<\/li><\/ul><p><strong>Bohat\u00e9 pracovn\u00ed osv\u011btlen\u00ed.<\/strong><\/p><ul><li>BOKIMOBIL m\u00e1 sv\u011btlomety integrovan\u00e9 v kabin\u011b, kterou nezvy\u0161uj\u00ed a osv\u011btluj\u00ed tak cestu i p\u0159i pou\u017e\u00edv\u00e1n\u00ed p\u0159edn\u00edho n\u00e1\u0159ad\u00ed.<\/li><\/ul>\t\t\t\t\t\t\t\t<\/div>\n\t\t\t\t<\/div>\n\t\t\t\t\t<\/div>\n\t\t<\/div>\n\t\t\t\t<div class=\"elementor-column elementor-col-50 elementor-top-column elementor-element elementor-element-cc8ca6d\" data-id=\"cc8ca6d\" data-element_type=\"column\" data-e-type=\"column\">\n\t\t\t<div class=\"elementor-widget-wrap elementor-element-populated\">\n\t\t\t\t\t\t<div class=\"elementor-element elementor-element-0e7d145 elementor-widget elementor-widget-image\" data-id=\"0e7d145\" data-element_type=\"widget\" data-e-type=\"widget\" data-widget_type=\"image.default\">\n\t\t\t\t<div class=\"elementor-widget-container\">\n\t\t\t\t\t\t\t\t\t\t\t\t\t\t\t<img loading=\"lazy\" decoding=\"async\" width=\"847\" height=\"635\" src=\"https:\/\/recarprofi.cz\/wp-content\/uploads\/2024\/08\/boki-1152T3.jpg\" class=\"attachment-large size-large wp-image-31970\" alt=\"\" srcset=\"https:\/\/recarprofi.cz\/wp-content\/uploads\/2024\/08\/boki-1152T3.jpg 1140w, https:\/\/recarprofi.cz\/wp-content\/uploads\/2024\/08\/boki-1152T3-744x558.jpg 744w, https:\/\/recarprofi.cz\/wp-content\/uploads\/2024\/08\/boki-1152T3-420x315.jpg 420w, https:\/\/recarprofi.cz\/wp-content\/uploads\/2024\/08\/boki-1152T3-768x576.jpg 768w, https:\/\/recarprofi.cz\/wp-content\/uploads\/2024\/08\/boki-1152T3-1024x768.jpg 1024w, https:\/\/recarprofi.cz\/wp-content\/uploads\/2024\/08\/boki-1152T3-600x450.jpg 600w\" sizes=\"(max-width: 847px) 100vw, 847px\" \/>\t\t\t\t\t\t\t\t\t\t\t\t\t\t\t<\/div>\n\t\t\t\t<\/div>\n\t\t\t\t\t<\/div>\n\t\t<\/div>\n\t\t\t\t\t<\/div>\n\t\t<\/section>\n\t\t\t\t<section class=\"elementor-section elementor-top-section elementor-element elementor-element-75b662d elementor-section-boxed elementor-section-height-default elementor-section-height-default\" data-id=\"75b662d\" data-element_type=\"section\" data-e-type=\"section\">\n\t\t\t\t\t\t<div class=\"elementor-container elementor-column-gap-default\">\n\t\t\t\t\t<div class=\"elementor-column elementor-col-100 elementor-top-column elementor-element elementor-element-eb5daf6\" data-id=\"eb5daf6\" data-element_type=\"column\" data-e-type=\"column\">\n\t\t\t<div class=\"elementor-widget-wrap elementor-element-populated\">\n\t\t\t\t\t\t<div class=\"elementor-element elementor-element-5f473b5 elementor-widget elementor-widget-image-gallery\" data-id=\"5f473b5\" data-element_type=\"widget\" data-e-type=\"widget\" data-widget_type=\"image-gallery.default\">\n\t\t\t\t<div class=\"elementor-widget-container\">\n\t\t\t\t\t\t\t<div class=\"elementor-image-gallery\">\n\t\t\t\n\t\t<style type=\"text\/css\">\n\t\t\t#gallery-1 {\n\t\t\t\tmargin: auto;\n\t\t\t}\n\t\t\t#gallery-1 .gallery-item {\n\t\t\t\tfloat: left;\n\t\t\t\tmargin-top: 10px;\n\t\t\t\ttext-align: center;\n\t\t\t\twidth: 25%;\n\t\t\t}\n\t\t\t#gallery-1 img {\n\t\t\t\tborder: 2px solid #cfcfcf;\n\t\t\t}\n\t\t\t#gallery-1 .gallery-caption {\n\t\t\t\tmargin-left: 0;\n\t\t\t}\n\t\t\t\/* see gallery_shortcode() in wp-includes\/media.php *\/\n\t\t<\/style>\n\t\t<div id='gallery-1' class='gallery galleryid-31975 gallery-columns-4 gallery-size-thumbnail'><dl class='gallery-item'>\n\t\t\t<dt class='gallery-icon landscape'>\n\t\t\t\t<a data-elementor-open-lightbox=\"yes\" data-elementor-lightbox-slideshow=\"5f473b5\" data-elementor-lightbox-title=\"boki 1152T\" data-e-action-hash=\"#elementor-action%3Aaction%3Dlightbox%26settings%3DeyJpZCI6MzE5NjMsInVybCI6Imh0dHBzOlwvXC9yZWNhcnByb2ZpLmN6XC93cC1jb250ZW50XC91cGxvYWRzXC8yMDI0XC8wOFwvYm9raS0xMTUyVC1zY2FsZWQuanBnIiwic2xpZGVzaG93IjoiNWY0NzNiNSJ9\" href='https:\/\/recarprofi.cz\/wp-content\/uploads\/2024\/08\/boki-1152T-scaled.jpg'><img loading=\"lazy\" decoding=\"async\" width=\"420\" height=\"236\" src=\"https:\/\/recarprofi.cz\/wp-content\/uploads\/2024\/08\/boki-1152T-420x236.jpg\" class=\"attachment-thumbnail size-thumbnail\" alt=\"\" srcset=\"https:\/\/recarprofi.cz\/wp-content\/uploads\/2024\/08\/boki-1152T-420x236.jpg 420w, https:\/\/recarprofi.cz\/wp-content\/uploads\/2024\/08\/boki-1152T-744x419.jpg 744w, https:\/\/recarprofi.cz\/wp-content\/uploads\/2024\/08\/boki-1152T-1200x675.jpg 1200w, https:\/\/recarprofi.cz\/wp-content\/uploads\/2024\/08\/boki-1152T-768x432.jpg 768w, https:\/\/recarprofi.cz\/wp-content\/uploads\/2024\/08\/boki-1152T-1536x864.jpg 1536w, https:\/\/recarprofi.cz\/wp-content\/uploads\/2024\/08\/boki-1152T-2048x1152.jpg 2048w, https:\/\/recarprofi.cz\/wp-content\/uploads\/2024\/08\/boki-1152T-1024x576.jpg 1024w, https:\/\/recarprofi.cz\/wp-content\/uploads\/2024\/08\/boki-1152T-1920x1080.jpg 1920w, https:\/\/recarprofi.cz\/wp-content\/uploads\/2024\/08\/boki-1152T-600x338.jpg 600w\" sizes=\"(max-width: 420px) 100vw, 420px\" \/><\/a>\n\t\t\t<\/dt><\/dl><dl class='gallery-item'>\n\t\t\t<dt class='gallery-icon landscape'>\n\t\t\t\t<a data-elementor-open-lightbox=\"yes\" data-elementor-lightbox-slideshow=\"5f473b5\" data-elementor-lightbox-title=\"boki 1152T1\" data-e-action-hash=\"#elementor-action%3Aaction%3Dlightbox%26settings%3DeyJpZCI6MzE5NjQsInVybCI6Imh0dHBzOlwvXC9yZWNhcnByb2ZpLmN6XC93cC1jb250ZW50XC91cGxvYWRzXC8yMDI0XC8wOFwvYm9raS0xMTUyVDEuanBnIiwic2xpZGVzaG93IjoiNWY0NzNiNSJ9\" href='https:\/\/recarprofi.cz\/wp-content\/uploads\/2024\/08\/boki-1152T1.jpg'><img loading=\"lazy\" decoding=\"async\" width=\"420\" height=\"236\" src=\"https:\/\/recarprofi.cz\/wp-content\/uploads\/2024\/08\/boki-1152T1-420x236.jpg\" class=\"attachment-thumbnail size-thumbnail\" alt=\"\" srcset=\"https:\/\/recarprofi.cz\/wp-content\/uploads\/2024\/08\/boki-1152T1-420x236.jpg 420w, https:\/\/recarprofi.cz\/wp-content\/uploads\/2024\/08\/boki-1152T1-744x419.jpg 744w, https:\/\/recarprofi.cz\/wp-content\/uploads\/2024\/08\/boki-1152T1-1200x675.jpg 1200w, https:\/\/recarprofi.cz\/wp-content\/uploads\/2024\/08\/boki-1152T1-768x432.jpg 768w, https:\/\/recarprofi.cz\/wp-content\/uploads\/2024\/08\/boki-1152T1-1536x864.jpg 1536w, https:\/\/recarprofi.cz\/wp-content\/uploads\/2024\/08\/boki-1152T1-1024x576.jpg 1024w, https:\/\/recarprofi.cz\/wp-content\/uploads\/2024\/08\/boki-1152T1-600x338.jpg 600w, https:\/\/recarprofi.cz\/wp-content\/uploads\/2024\/08\/boki-1152T1.jpg 1600w\" sizes=\"(max-width: 420px) 100vw, 420px\" \/><\/a>\n\t\t\t<\/dt><\/dl><dl class='gallery-item'>\n\t\t\t<dt class='gallery-icon landscape'>\n\t\t\t\t<a data-elementor-open-lightbox=\"yes\" data-elementor-lightbox-slideshow=\"5f473b5\" data-elementor-lightbox-title=\"boki 1152T6\" data-e-action-hash=\"#elementor-action%3Aaction%3Dlightbox%26settings%3DeyJpZCI6MzE5NjYsInVybCI6Imh0dHBzOlwvXC9yZWNhcnByb2ZpLmN6XC93cC1jb250ZW50XC91cGxvYWRzXC8yMDI0XC8wOFwvYm9raS0xMTUyVDYuanBnIiwic2xpZGVzaG93IjoiNWY0NzNiNSJ9\" href='https:\/\/recarprofi.cz\/wp-content\/uploads\/2024\/08\/boki-1152T6.jpg'><img loading=\"lazy\" decoding=\"async\" width=\"420\" height=\"236\" src=\"https:\/\/recarprofi.cz\/wp-content\/uploads\/2024\/08\/boki-1152T6-420x236.jpg\" class=\"attachment-thumbnail size-thumbnail\" alt=\"\" srcset=\"https:\/\/recarprofi.cz\/wp-content\/uploads\/2024\/08\/boki-1152T6-420x236.jpg 420w, https:\/\/recarprofi.cz\/wp-content\/uploads\/2024\/08\/boki-1152T6-744x419.jpg 744w, https:\/\/recarprofi.cz\/wp-content\/uploads\/2024\/08\/boki-1152T6-1200x675.jpg 1200w, https:\/\/recarprofi.cz\/wp-content\/uploads\/2024\/08\/boki-1152T6-768x432.jpg 768w, https:\/\/recarprofi.cz\/wp-content\/uploads\/2024\/08\/boki-1152T6-1536x864.jpg 1536w, https:\/\/recarprofi.cz\/wp-content\/uploads\/2024\/08\/boki-1152T6-1024x576.jpg 1024w, https:\/\/recarprofi.cz\/wp-content\/uploads\/2024\/08\/boki-1152T6-600x338.jpg 600w, https:\/\/recarprofi.cz\/wp-content\/uploads\/2024\/08\/boki-1152T6.jpg 1600w\" sizes=\"(max-width: 420px) 100vw, 420px\" \/><\/a>\n\t\t\t<\/dt><\/dl><dl class='gallery-item'>\n\t\t\t<dt class='gallery-icon landscape'>\n\t\t\t\t<a data-elementor-open-lightbox=\"yes\" data-elementor-lightbox-slideshow=\"5f473b5\" data-elementor-lightbox-title=\"boki 1152T2\" data-e-action-hash=\"#elementor-action%3Aaction%3Dlightbox%26settings%3DeyJpZCI6MzE5NjUsInVybCI6Imh0dHBzOlwvXC9yZWNhcnByb2ZpLmN6XC93cC1jb250ZW50XC91cGxvYWRzXC8yMDI0XC8wOFwvYm9raS0xMTUyVDIuanBnIiwic2xpZGVzaG93IjoiNWY0NzNiNSJ9\" href='https:\/\/recarprofi.cz\/wp-content\/uploads\/2024\/08\/boki-1152T2.jpg'><img loading=\"lazy\" decoding=\"async\" width=\"420\" height=\"236\" src=\"https:\/\/recarprofi.cz\/wp-content\/uploads\/2024\/08\/boki-1152T2-420x236.jpg\" class=\"attachment-thumbnail size-thumbnail\" alt=\"\" srcset=\"https:\/\/recarprofi.cz\/wp-content\/uploads\/2024\/08\/boki-1152T2-420x236.jpg 420w, https:\/\/recarprofi.cz\/wp-content\/uploads\/2024\/08\/boki-1152T2-744x418.jpg 744w, https:\/\/recarprofi.cz\/wp-content\/uploads\/2024\/08\/boki-1152T2-768x432.jpg 768w, https:\/\/recarprofi.cz\/wp-content\/uploads\/2024\/08\/boki-1152T2-1024x576.jpg 1024w, https:\/\/recarprofi.cz\/wp-content\/uploads\/2024\/08\/boki-1152T2-600x337.jpg 600w, https:\/\/recarprofi.cz\/wp-content\/uploads\/2024\/08\/boki-1152T2.jpg 1140w\" sizes=\"(max-width: 420px) 100vw, 420px\" \/><\/a>\n\t\t\t<\/dt><\/dl><br style=\"clear: both\" \/><dl class='gallery-item'>\n\t\t\t<dt class='gallery-icon landscape'>\n\t\t\t\t<a data-elementor-open-lightbox=\"yes\" data-elementor-lightbox-slideshow=\"5f473b5\" data-elementor-lightbox-title=\"boki 1152T5\" data-e-action-hash=\"#elementor-action%3Aaction%3Dlightbox%26settings%3DeyJpZCI6MzE5NjgsInVybCI6Imh0dHBzOlwvXC9yZWNhcnByb2ZpLmN6XC93cC1jb250ZW50XC91cGxvYWRzXC8yMDI0XC8wOFwvYm9raS0xMTUyVDUuanBnIiwic2xpZGVzaG93IjoiNWY0NzNiNSJ9\" href='https:\/\/recarprofi.cz\/wp-content\/uploads\/2024\/08\/boki-1152T5.jpg'><img loading=\"lazy\" decoding=\"async\" width=\"420\" height=\"236\" src=\"https:\/\/recarprofi.cz\/wp-content\/uploads\/2024\/08\/boki-1152T5-420x236.jpg\" class=\"attachment-thumbnail size-thumbnail\" alt=\"\" srcset=\"https:\/\/recarprofi.cz\/wp-content\/uploads\/2024\/08\/boki-1152T5-420x236.jpg 420w, https:\/\/recarprofi.cz\/wp-content\/uploads\/2024\/08\/boki-1152T5-744x418.jpg 744w, https:\/\/recarprofi.cz\/wp-content\/uploads\/2024\/08\/boki-1152T5-768x432.jpg 768w, https:\/\/recarprofi.cz\/wp-content\/uploads\/2024\/08\/boki-1152T5-1024x576.jpg 1024w, https:\/\/recarprofi.cz\/wp-content\/uploads\/2024\/08\/boki-1152T5-600x337.jpg 600w, https:\/\/recarprofi.cz\/wp-content\/uploads\/2024\/08\/boki-1152T5.jpg 1140w\" sizes=\"(max-width: 420px) 100vw, 420px\" \/><\/a>\n\t\t\t<\/dt><\/dl><dl class='gallery-item'>\n\t\t\t<dt class='gallery-icon landscape'>\n\t\t\t\t<a data-elementor-open-lightbox=\"yes\" data-elementor-lightbox-slideshow=\"5f473b5\" data-elementor-lightbox-title=\"boki 1152T7\" data-e-action-hash=\"#elementor-action%3Aaction%3Dlightbox%26settings%3DeyJpZCI6MzE5NjcsInVybCI6Imh0dHBzOlwvXC9yZWNhcnByb2ZpLmN6XC93cC1jb250ZW50XC91cGxvYWRzXC8yMDI0XC8wOFwvYm9raS0xMTUyVDctc2NhbGVkLmpwZyIsInNsaWRlc2hvdyI6IjVmNDczYjUifQ%3D%3D\" href='https:\/\/recarprofi.cz\/wp-content\/uploads\/2024\/08\/boki-1152T7-scaled.jpg'><img loading=\"lazy\" decoding=\"async\" width=\"420\" height=\"236\" src=\"https:\/\/recarprofi.cz\/wp-content\/uploads\/2024\/08\/boki-1152T7-420x236.jpg\" class=\"attachment-thumbnail size-thumbnail\" alt=\"\" srcset=\"https:\/\/recarprofi.cz\/wp-content\/uploads\/2024\/08\/boki-1152T7-420x236.jpg 420w, https:\/\/recarprofi.cz\/wp-content\/uploads\/2024\/08\/boki-1152T7-744x419.jpg 744w, https:\/\/recarprofi.cz\/wp-content\/uploads\/2024\/08\/boki-1152T7-1200x675.jpg 1200w, https:\/\/recarprofi.cz\/wp-content\/uploads\/2024\/08\/boki-1152T7-768x432.jpg 768w, https:\/\/recarprofi.cz\/wp-content\/uploads\/2024\/08\/boki-1152T7-1536x864.jpg 1536w, https:\/\/recarprofi.cz\/wp-content\/uploads\/2024\/08\/boki-1152T7-2048x1152.jpg 2048w, https:\/\/recarprofi.cz\/wp-content\/uploads\/2024\/08\/boki-1152T7-1024x576.jpg 1024w, https:\/\/recarprofi.cz\/wp-content\/uploads\/2024\/08\/boki-1152T7-1920x1080.jpg 1920w, https:\/\/recarprofi.cz\/wp-content\/uploads\/2024\/08\/boki-1152T7-600x338.jpg 600w\" sizes=\"(max-width: 420px) 100vw, 420px\" \/><\/a>\n\t\t\t<\/dt><\/dl><dl class='gallery-item'>\n\t\t\t<dt class='gallery-icon landscape'>\n\t\t\t\t<a data-elementor-open-lightbox=\"yes\" data-elementor-lightbox-slideshow=\"5f473b5\" data-elementor-lightbox-title=\"boki 1352T\" data-e-action-hash=\"#elementor-action%3Aaction%3Dlightbox%26settings%3DeyJpZCI6MzE5NzYsInVybCI6Imh0dHBzOlwvXC9yZWNhcnByb2ZpLmN6XC93cC1jb250ZW50XC91cGxvYWRzXC8yMDI0XC8wOFwvYm9raS0xMzUyVC5qcGciLCJzbGlkZXNob3ciOiI1ZjQ3M2I1In0%3D\" href='https:\/\/recarprofi.cz\/wp-content\/uploads\/2024\/08\/boki-1352T.jpg'><img loading=\"lazy\" decoding=\"async\" width=\"420\" height=\"268\" src=\"https:\/\/recarprofi.cz\/wp-content\/uploads\/2024\/08\/boki-1352T-420x268.jpg\" class=\"attachment-thumbnail size-thumbnail\" alt=\"\" srcset=\"https:\/\/recarprofi.cz\/wp-content\/uploads\/2024\/08\/boki-1352T-420x268.jpg 420w, https:\/\/recarprofi.cz\/wp-content\/uploads\/2024\/08\/boki-1352T-744x475.jpg 744w, https:\/\/recarprofi.cz\/wp-content\/uploads\/2024\/08\/boki-1352T-768x490.jpg 768w, https:\/\/recarprofi.cz\/wp-content\/uploads\/2024\/08\/boki-1352T-1024x654.jpg 1024w, https:\/\/recarprofi.cz\/wp-content\/uploads\/2024\/08\/boki-1352T-600x383.jpg 600w, https:\/\/recarprofi.cz\/wp-content\/uploads\/2024\/08\/boki-1352T.jpg 1140w\" sizes=\"(max-width: 420px) 100vw, 420px\" \/><\/a>\n\t\t\t<\/dt><\/dl><dl class='gallery-item'>\n\t\t\t<dt class='gallery-icon landscape'>\n\t\t\t\t<a data-elementor-open-lightbox=\"yes\" data-elementor-lightbox-slideshow=\"5f473b5\" data-elementor-lightbox-title=\"boki 1152T3\" data-e-action-hash=\"#elementor-action%3Aaction%3Dlightbox%26settings%3DeyJpZCI6MzE5NzAsInVybCI6Imh0dHBzOlwvXC9yZWNhcnByb2ZpLmN6XC93cC1jb250ZW50XC91cGxvYWRzXC8yMDI0XC8wOFwvYm9raS0xMTUyVDMuanBnIiwic2xpZGVzaG93IjoiNWY0NzNiNSJ9\" href='https:\/\/recarprofi.cz\/wp-content\/uploads\/2024\/08\/boki-1152T3.jpg'><img loading=\"lazy\" decoding=\"async\" width=\"420\" height=\"315\" src=\"https:\/\/recarprofi.cz\/wp-content\/uploads\/2024\/08\/boki-1152T3-420x315.jpg\" class=\"attachment-thumbnail size-thumbnail\" alt=\"\" srcset=\"https:\/\/recarprofi.cz\/wp-content\/uploads\/2024\/08\/boki-1152T3-420x315.jpg 420w, https:\/\/recarprofi.cz\/wp-content\/uploads\/2024\/08\/boki-1152T3-744x558.jpg 744w, https:\/\/recarprofi.cz\/wp-content\/uploads\/2024\/08\/boki-1152T3-768x576.jpg 768w, https:\/\/recarprofi.cz\/wp-content\/uploads\/2024\/08\/boki-1152T3-1024x768.jpg 1024w, https:\/\/recarprofi.cz\/wp-content\/uploads\/2024\/08\/boki-1152T3-600x450.jpg 600w, https:\/\/recarprofi.cz\/wp-content\/uploads\/2024\/08\/boki-1152T3.jpg 1140w\" sizes=\"(max-width: 420px) 100vw, 420px\" \/><\/a>\n\t\t\t<\/dt><\/dl><br style=\"clear: both\" \/>\n\t\t<\/div>\n\t\t<\/div>\n\t\t\t\t\t\t<\/div>\n\t\t\t\t<\/div>\n\t\t\t\t\t<\/div>\n\t\t<\/div>\n\t\t\t\t\t<\/div>\n\t\t<\/section>\n\t\t\t\t<\/div>\n\t\t","protected":false},"excerpt":{"rendered":"<p>komun\u00e1ln\u00ed v\u016fz pro celoro\u010dn\u00ed \u00fadr\u017ebu hydrostatick\u00e1 p\u0159evodovka 6&#215;4 celkov\u00e1 hmotnost od 3,5 t do 7,5 t druh\u00e1 zadn\u00ed osa ovladateln\u00e1 a zdvihateln\u00e1 v\u00fdkon 110 kW \u0161\u00ed\u0159ka 1 700 mm Nejvy\u0161\u0161\u00ed povolen\u00e9 zat\u00ed\u017een\u00ed. umo\u017e\u0148uje zv\u011bt\u0161en\u00ed lo\u017en\u00ed&hellip;<\/p>\n","protected":false},"author":1,"featured_media":31966,"parent":31881,"menu_order":5,"comment_status":"closed","ping_status":"closed","template":"","meta":{"footnotes":""},"class_list":["post-31975","page","type-page","status-publish","has-post-thumbnail","hentry"],"_links":{"self":[{"href":"https:\/\/recarprofi.cz\/uvod\/wp-json\/wp\/v2\/pages\/31975","targetHints":{"allow":["GET"]}}],"collection":[{"href":"https:\/\/recarprofi.cz\/uvod\/wp-json\/wp\/v2\/pages"}],"about":[{"href":"https:\/\/recarprofi.cz\/uvod\/wp-json\/wp\/v2\/types\/page"}],"author":[{"embeddable":true,"href":"https:\/\/recarprofi.cz\/uvod\/wp-json\/wp\/v2\/users\/1"}],"replies":[{"embeddable":true,"href":"https:\/\/recarprofi.cz\/uvod\/wp-json\/wp\/v2\/comments?post=31975"}],"version-history":[{"count":5,"href":"https:\/\/recarprofi.cz\/uvod\/wp-json\/wp\/v2\/pages\/31975\/revisions"}],"predecessor-version":[{"id":31981,"href":"https:\/\/recarprofi.cz\/uvod\/wp-json\/wp\/v2\/pages\/31975\/revisions\/31981"}],"up":[{"embeddable":true,"href":"https:\/\/recarprofi.cz\/uvod\/wp-json\/wp\/v2\/pages\/31881"}],"wp:featuredmedia":[{"embeddable":true,"href":"https:\/\/recarprofi.cz\/uvod\/wp-json\/wp\/v2\/media\/31966"}],"wp:attachment":[{"href":"https:\/\/recarprofi.cz\/uvod\/wp-json\/wp\/v2\/media?parent=31975"}],"curies":[{"name":"wp","href":"https:\/\/api.w.org\/{rel}","templated":true}]}}