{"id":32172,"date":"2024-11-28T08:53:38","date_gmt":"2024-11-28T07:53:38","guid":{"rendered":"https:\/\/recarprofi.cz\/uvod\/?page_id=32172"},"modified":"2024-11-28T09:20:10","modified_gmt":"2024-11-28T08:20:10","slug":"traktorove-sekacky","status":"publish","type":"page","link":"https:\/\/recarprofi.cz\/uvod\/komunalni-technika\/traktorove-sekacky\/","title":{"rendered":"Traktorov\u00e9 seka\u010dky"},"content":{"rendered":"\t\t<div data-elementor-type=\"wp-page\" data-elementor-id=\"32172\" class=\"elementor elementor-32172\">\n\t\t\t\t\t\t<section class=\"elementor-section elementor-top-section elementor-element elementor-element-3611dc3 elementor-section-boxed elementor-section-height-default elementor-section-height-default\" data-id=\"3611dc3\" data-element_type=\"section\" data-e-type=\"section\">\n\t\t\t\t\t\t<div class=\"elementor-container elementor-column-gap-default\">\n\t\t\t\t\t<div class=\"elementor-column elementor-col-50 elementor-top-column elementor-element elementor-element-fe49a6e\" data-id=\"fe49a6e\" data-element_type=\"column\" data-e-type=\"column\">\n\t\t\t<div class=\"elementor-widget-wrap elementor-element-populated\">\n\t\t\t\t\t\t<div class=\"elementor-element elementor-element-d917d47 elementor-position-top elementor-widget elementor-widget-image-box\" data-id=\"d917d47\" data-element_type=\"widget\" data-e-type=\"widget\" data-widget_type=\"image-box.default\">\n\t\t\t\t<div class=\"elementor-widget-container\">\n\t\t\t\t\t<div class=\"elementor-image-box-wrapper\"><figure class=\"elementor-image-box-img\"><a href=\"https:\/\/recarprofi.cz\/uvod\/komunalni-technika\/traktorove-sekacky\/sekacka-kioti-cs-2520h\/\" tabindex=\"-1\"><img decoding=\"async\" src=\"https:\/\/recarprofi.cz\/wp-content\/uploads\/elementor\/thumbs\/kioti-cs-252013-qmqq1hvm2ekr0f5lbilwzezn5mz7fa2ar5ezzdam3g.jpg\" title=\"kioti cs 252013\" alt=\"kioti cs 252013\" loading=\"lazy\" \/><\/a><\/figure><div class=\"elementor-image-box-content\"><h3 class=\"elementor-image-box-title\"><a href=\"https:\/\/recarprofi.cz\/uvod\/komunalni-technika\/traktorove-sekacky\/sekacka-kioti-cs-2520h\/\">Kioti CS2520H<\/a><\/h3><p class=\"elementor-image-box-description\">V\u00fdkon 24,5HP, pracovn\u00ed z\u00e1b\u011br 137 cm.<\/p><\/div><\/div>\t\t\t\t<\/div>\n\t\t\t\t<\/div>\n\t\t\t\t\t<\/div>\n\t\t<\/div>\n\t\t\t\t<div class=\"elementor-column elementor-col-50 elementor-top-column elementor-element elementor-element-7b51e88\" data-id=\"7b51e88\" data-element_type=\"column\" data-e-type=\"column\">\n\t\t\t<div class=\"elementor-widget-wrap elementor-element-populated\">\n\t\t\t\t\t\t<div class=\"elementor-element elementor-element-e87a0f7 elementor-position-top elementor-widget elementor-widget-image-box\" data-id=\"e87a0f7\" data-element_type=\"widget\" data-e-type=\"widget\" data-widget_type=\"image-box.default\">\n\t\t\t\t<div class=\"elementor-widget-container\">\n\t\t\t\t\t<div class=\"elementor-image-box-wrapper\"><figure class=\"elementor-image-box-img\"><a href=\"https:\/\/recarprofi.cz\/uvod\/komunalni-technika\/traktorove-sekacky\/sekacka-seko-mp-122d\/\" tabindex=\"-1\"><img decoding=\"async\" src=\"https:\/\/recarprofi.cz\/wp-content\/uploads\/elementor\/thumbs\/seko1-qm9fi1uvluzx1x12f1o9pv6yau4yk86i4soiiyyu70.jpg\" title=\"seko1\" alt=\"seko1\" loading=\"lazy\" \/><\/a><\/figure><div class=\"elementor-image-box-content\"><h3 class=\"elementor-image-box-title\"><a href=\"https:\/\/recarprofi.cz\/uvod\/komunalni-technika\/traktorove-sekacky\/sekacka-seko-mp-122d\/\">Seko MP 122D<\/a><\/h3><p class=\"elementor-image-box-description\">Pracovn\u00ed z\u00e1b\u011br 122 cm, hydraulick\u00fd zdvih ko\u0161e. <\/p><\/div><\/div>\t\t\t\t<\/div>\n\t\t\t\t<\/div>\n\t\t\t\t\t<\/div>\n\t\t<\/div>\n\t\t\t\t\t<\/div>\n\t\t<\/section>\n\t\t\t\t<\/div>\n\t\t","protected":false},"excerpt":{"rendered":"<p>Kioti CS2520H V\u00fdkon 24,5HP, pracovn\u00ed z\u00e1b\u011br 137 cm. Seko MP 122D Pracovn\u00ed z\u00e1b\u011br 122 cm, hydraulick\u00fd zdvih ko\u0161e.<\/p>\n","protected":false},"author":1,"featured_media":29920,"parent":6072,"menu_order":12,"comment_status":"closed","ping_status":"closed","template":"","meta":{"footnotes":""},"class_list":["post-32172","page","type-page","status-publish","has-post-thumbnail","hentry"],"_links":{"self":[{"href":"https:\/\/recarprofi.cz\/uvod\/wp-json\/wp\/v2\/pages\/32172","targetHints":{"allow":["GET"]}}],"collection":[{"href":"https:\/\/recarprofi.cz\/uvod\/wp-json\/wp\/v2\/pages"}],"about":[{"href":"https:\/\/recarprofi.cz\/uvod\/wp-json\/wp\/v2\/types\/page"}],"author":[{"embeddable":true,"href":"https:\/\/recarprofi.cz\/uvod\/wp-json\/wp\/v2\/users\/1"}],"replies":[{"embeddable":true,"href":"https:\/\/recarprofi.cz\/uvod\/wp-json\/wp\/v2\/comments?post=32172"}],"version-history":[{"count":11,"href":"https:\/\/recarprofi.cz\/uvod\/wp-json\/wp\/v2\/pages\/32172\/revisions"}],"predecessor-version":[{"id":32199,"href":"https:\/\/recarprofi.cz\/uvod\/wp-json\/wp\/v2\/pages\/32172\/revisions\/32199"}],"up":[{"embeddable":true,"href":"https:\/\/recarprofi.cz\/uvod\/wp-json\/wp\/v2\/pages\/6072"}],"wp:featuredmedia":[{"embeddable":true,"href":"https:\/\/recarprofi.cz\/uvod\/wp-json\/wp\/v2\/media\/29920"}],"wp:attachment":[{"href":"https:\/\/recarprofi.cz\/uvod\/wp-json\/wp\/v2\/media?parent=32172"}],"curies":[{"name":"wp","href":"https:\/\/api.w.org\/{rel}","templated":true}]}}