{"id":3256,"date":"2013-03-12T14:56:06","date_gmt":"2013-03-12T13:56:06","guid":{"rendered":"http:\/\/recarprofi.cz\/?page_id=3256"},"modified":"2024-04-25T14:50:16","modified_gmt":"2024-04-25T12:50:16","slug":"mini-agri-2","status":"publish","type":"page","link":"https:\/\/recarprofi.cz\/uvod\/zemedelska-technika\/manipulace\/teleskopicke-manipulatory-dieci\/mini-agri-2\/","title":{"rendered":"Teleskopick\u00e9 manipul\u00e1tory Dieci Mini Agri"},"content":{"rendered":"\t\t<div data-elementor-type=\"wp-page\" data-elementor-id=\"3256\" class=\"elementor elementor-3256\">\n\t\t\t\t\t\t<section class=\"elementor-section elementor-top-section elementor-element elementor-element-ffacd4c elementor-section-boxed elementor-section-height-default elementor-section-height-default\" data-id=\"ffacd4c\" data-element_type=\"section\" data-e-type=\"section\">\n\t\t\t\t\t\t<div class=\"elementor-container elementor-column-gap-default\">\n\t\t\t\t\t<div class=\"elementor-column elementor-col-100 elementor-top-column elementor-element elementor-element-2ee1d45\" data-id=\"2ee1d45\" data-element_type=\"column\" data-e-type=\"column\">\n\t\t\t<div class=\"elementor-widget-wrap elementor-element-populated\">\n\t\t\t\t\t\t<div class=\"elementor-element elementor-element-e67b0c6 elementor-widget elementor-widget-video\" data-id=\"e67b0c6\" data-element_type=\"widget\" data-e-type=\"widget\" data-settings=\"{&quot;youtube_url&quot;:&quot;https:\\\/\\\/youtu.be\\\/ItUiMQRT_aQ&quot;,&quot;video_type&quot;:&quot;youtube&quot;,&quot;controls&quot;:&quot;yes&quot;}\" data-widget_type=\"video.default\">\n\t\t\t\t<div class=\"elementor-widget-container\">\n\t\t\t\t\t\t\t<div class=\"elementor-wrapper elementor-open-inline\">\n\t\t\t<div class=\"elementor-video\"><\/div>\t\t<\/div>\n\t\t\t\t\t\t<\/div>\n\t\t\t\t<\/div>\n\t\t\t\t\t<\/div>\n\t\t<\/div>\n\t\t\t\t\t<\/div>\n\t\t<\/section>\n\t\t\t\t<section class=\"elementor-section elementor-top-section elementor-element elementor-element-a28ee78 elementor-section-boxed elementor-section-height-default elementor-section-height-default\" data-id=\"a28ee78\" data-element_type=\"section\" data-e-type=\"section\">\n\t\t\t\t\t\t<div class=\"elementor-container elementor-column-gap-default\">\n\t\t\t\t\t<div class=\"elementor-column elementor-col-100 elementor-top-column elementor-element elementor-element-fccfd17\" data-id=\"fccfd17\" data-element_type=\"column\" data-e-type=\"column\">\n\t\t\t<div class=\"elementor-widget-wrap elementor-element-populated\">\n\t\t\t\t\t\t<div class=\"elementor-element elementor-element-c0ebe73 elementor-widget elementor-widget-text-editor\" data-id=\"c0ebe73\" data-element_type=\"widget\" data-e-type=\"widget\" data-widget_type=\"text-editor.default\">\n\t\t\t\t<div class=\"elementor-widget-container\">\n\t\t\t\t\t\t\t\t\t<div class=\"col-xs-12 col-sm-6 small-space-bottom\"><p>\u00a0<\/p><p>Tento mal\u00fd a hbit\u00fd pomocn\u00edk najde sv\u00e9 uplatn\u011bn\u00ed na ka\u017ed\u00e9 farm\u011b, kde nen\u00ed prostoru nazbyt. S nosnost\u00ed 2,5 tuny zvl\u00e1dne ve\u0161kerou ka\u017edodenn\u00ed pr\u00e1ci. Z jeho man\u00e9vrovatelnosti budete uneseni!<\/p><blockquote class=\"no-space-bottom\"><p>Nov\u011b je teleskopick\u00fd manipul\u00e1tor Dieci Mini Agri osazen common rail motorem Kubota o v\u00fdkonu 55 KW. Motor spl\u0148uje emisn\u00ed normu Tier4i.<\/p><\/blockquote><p>Prvn\u00ed v\u011bc, kter\u00e9 si na Mini Agri v\u0161imnete, je inteligentn\u011b navr\u017een\u00e9 ovl\u00e1d\u00e1n\u00ed stroje. Intuitivn\u00ed a komfortn\u00ed. Jedine\u010dn\u00e1 je t\u00e9\u017e technologie nov\u00e9ho palubn\u00edho po\u010d\u00edta\u010de, kter\u00e1 ukazuje aktu\u00e1ln\u00ed informace, kter\u00e9 jsou nepostradateln\u00e9 k \u0159\u00edzen\u00ed stroje. Poloautomatick\u00e1 klimatizace s 6 v\u011btr\u00e1ky zaji\u0161\u0165uje neust\u00e1l\u00fd p\u0159\u00edsun \u010derstv\u00e9ho vzduchu do kabiny stroje.\u00a0<\/p><p>Vysok\u00fd v\u00fdkon p\u0159evodovky garantuje v\u017edy ten spr\u00e1vn\u00fd pom\u011br rychlosti a v\u00fdkonu a to za jak\u00fdchkoliv podm\u00ednek. Vybaven jednorychlostn\u00ed p\u0159evodovkou, Mini Agri akceleruje hladce do rychlosti t\u00e9m\u011b\u0159 30 km\/h. Postupn\u00e9 a plynul\u00e9 zrychlen\u00ed usnad\u0148uje perfektn\u00ed man\u00e9vrovatelnost s milimetrovou p\u0159esnost\u00ed.<\/p><\/div><div class=\"col-xs-12 col-sm-6 small-space-bottom\"><p>\u00a0<\/p><p>V\u00fdvojov\u00e9 centrum Dieci navrhlo nov\u00e9 vzduchov\u00e9 odpru\u017een\u00ed r\u00e1z\u016f, kter\u00e9 drasticky sn\u00ed\u017eilo r\u00e1zy p\u0159en\u00e1\u0161en\u00e9 na stroj a ud\u011blalo z j\u00edzdy v Mini Agri j\u00edzdu pro radost.<br \/>Tak jak je u Dieci zvykem, ka\u017ed\u00fd stroj je ji\u017e ve standardu vybaven pracovn\u00ed spojkou, tzv. inching ped\u00e1lem. Naje\u010fte do materi\u00e1lu, se\u0161l\u00e1pn\u011bte spojku, zvy\u0161te ot\u00e1\u010dky motoru a ve\u0161ker\u00fd v\u00fdkon pou\u017eijte pro utrhnut\u00ed materi\u00e1lu. \u017d\u00e1dn\u00e9 br\u017ed\u011bn\u00ed, \u017e\u00e1dn\u00e9 pran\u00ed se se strojem pomoc\u00ed intenzivn\u011b se\u0161l\u00e1pnut\u00e9ho brzdov\u00e9ho ped\u00e1lu, nebo pomoc\u00ed zbyte\u010dn\u00e9ho vy\u0159azov\u00e1n\u00ed.\u00a0<\/p><p>S v\u00edce jak pades\u00e1tiletou zku\u0161enost\u00ed s v\u00fdrobou teleskopick\u00fdm manipul\u00e1tor\u016f sm\u011ble tvrd\u00edme, \u017ee pro v\u00e1s dnes m\u00e1me stroj, kter\u00fd perfektn\u011b spln\u00ed va\u0161e ka\u017edodenn\u00ed po\u017eadavky.<\/p><p>Ve\u0161ker\u00e9 ovl\u00e1d\u00e1n\u00ed stroje m\u00e1te v jedn\u00e9 ruce. Nov\u00fd joystick 4 v 1 umo\u017e\u0148uje naprosto p\u0159esn\u00e9 a bezpe\u010dn\u00e9 pohyby v\u00fdlo\u017en\u00edku a n\u00e1\u0159ad\u00ed. Je vybaven sn\u00edm\u00e1n\u00edm nap\u011bt\u00ed lidsk\u00e9 ruky (syst\u00e9m dotykov\u00fdch telefon\u016f), kter\u00e9 neumo\u017en\u00ed pohyb stroje bez pevn\u00e9ho sev\u0159en\u00ed joysticku.<\/p><\/div>\t\t\t\t\t\t\t\t<\/div>\n\t\t\t\t<\/div>\n\t\t\t\t\t<\/div>\n\t\t<\/div>\n\t\t\t\t\t<\/div>\n\t\t<\/section>\n\t\t\t\t<section class=\"elementor-section elementor-top-section elementor-element elementor-element-7958e9e elementor-section-boxed elementor-section-height-default elementor-section-height-default\" data-id=\"7958e9e\" data-element_type=\"section\" data-e-type=\"section\">\n\t\t\t\t\t\t<div class=\"elementor-container elementor-column-gap-default\">\n\t\t\t\t\t<div class=\"elementor-column elementor-col-100 elementor-top-column elementor-element elementor-element-b0bbfa4\" data-id=\"b0bbfa4\" data-element_type=\"column\" data-e-type=\"column\">\n\t\t\t<div class=\"elementor-widget-wrap elementor-element-populated\">\n\t\t\t\t\t\t<div class=\"elementor-element elementor-element-944c66b elementor-widget elementor-widget-text-editor\" data-id=\"944c66b\" data-element_type=\"widget\" data-e-type=\"widget\" data-widget_type=\"text-editor.default\">\n\t\t\t\t<div class=\"elementor-widget-container\">\n\t\t\t\t\t\t\t\t\t<p><strong>\u00a0 \u00a0 \u00a0 \u00a0 \u00a0 \u00a0 \u00a0 \u00a0 \u00a0 \u00a0 \u00a0 \u00a0 \u00a0 \u00a0 \u00a0 \u00a0 \u00a0 \u00a0 \u00a0 \u00a0 \u00a0 \u00a0 \u00a0 \u00a0 \u00a0 \u00a0 \u00a0 \u00a0 \u00a0 \u00a0 \u00a0 \u00a0 \u00a0 \u00a0 \u00a0 \u00a0 \u00a0 \u00a0 \u00a0 \u00a0 \u00a0 \u00a0 \u00a0Technick\u00e9 parametry: Mini Agri 25.6<\/strong><\/p><table class=\"small-space-bottom table-same-height\"><tbody><tr><td>Maxim\u00e1ln\u00ed hmotnost (kg)<\/td><td>2500<\/td><\/tr><tr><td>Maxim\u00e1ln\u00ed dosah (m)<\/td><td>5,78<\/td><\/tr><tr><td>Maxim\u00e1ln\u00ed horizont\u00e1ln\u00ed dosah (m)<\/td><td>3,25<\/td><\/tr><tr><td>P\u0159esah p\u0159i maxim\u00e1ln\u00ed v\u00fd\u0161ce (m)<\/td><td>0,67<\/td><\/tr><tr><td>\u00dahel rotace nosi\u010de n\u00e1\u0159ad\u00ed<\/td><td>129\u00b0<\/td><\/tr><tr><td>Trhac\u00ed s\u00edla (daN)<\/td><td>7600<\/td><\/tr><tr><td>Ta\u017en\u00e1 s\u00edla (daN)<\/td><td>4400<\/td><\/tr><tr><td>Svahov\u00e1 dostupnost<\/td><td>40%<\/td><\/tr><tr><td>Celkov\u00e1 hmotnost nezat\u00ed\u017een\u00e9ho stroje (kg)<\/td><td>4800<\/td><\/tr><tr><td>Maxim\u00e1ln\u00ed rychlost (km\/h)*<\/td><td>26*<\/td><\/tr><\/tbody><\/table>\t\t\t\t\t\t\t\t<\/div>\n\t\t\t\t<\/div>\n\t\t\t\t\t<\/div>\n\t\t<\/div>\n\t\t\t\t\t<\/div>\n\t\t<\/section>\n\t\t\t\t<section class=\"elementor-section elementor-top-section elementor-element elementor-element-64e88e8 elementor-section-boxed elementor-section-height-default elementor-section-height-default\" data-id=\"64e88e8\" data-element_type=\"section\" data-e-type=\"section\">\n\t\t\t\t\t\t<div class=\"elementor-container elementor-column-gap-default\">\n\t\t\t\t\t<div class=\"elementor-column elementor-col-100 elementor-top-column elementor-element elementor-element-6724975\" data-id=\"6724975\" data-element_type=\"column\" data-e-type=\"column\">\n\t\t\t<div class=\"elementor-widget-wrap elementor-element-populated\">\n\t\t\t\t\t\t<div class=\"elementor-element elementor-element-1f7e943 elementor-widget elementor-widget-image-gallery\" data-id=\"1f7e943\" data-element_type=\"widget\" data-e-type=\"widget\" data-widget_type=\"image-gallery.default\">\n\t\t\t\t<div class=\"elementor-widget-container\">\n\t\t\t\t\t\t\t<div class=\"elementor-image-gallery\">\n\t\t\t\n\t\t<style type=\"text\/css\">\n\t\t\t#gallery-1 {\n\t\t\t\tmargin: auto;\n\t\t\t}\n\t\t\t#gallery-1 .gallery-item {\n\t\t\t\tfloat: left;\n\t\t\t\tmargin-top: 10px;\n\t\t\t\ttext-align: center;\n\t\t\t\twidth: 25%;\n\t\t\t}\n\t\t\t#gallery-1 img {\n\t\t\t\tborder: 2px solid #cfcfcf;\n\t\t\t}\n\t\t\t#gallery-1 .gallery-caption {\n\t\t\t\tmargin-left: 0;\n\t\t\t}\n\t\t\t\/* see gallery_shortcode() in wp-includes\/media.php *\/\n\t\t<\/style>\n\t\t<div id='gallery-1' class='gallery galleryid-3256 gallery-columns-4 gallery-size-thumbnail'><dl class='gallery-item'>\n\t\t\t<dt class='gallery-icon landscape'>\n\t\t\t\t<a data-elementor-open-lightbox=\"yes\" data-elementor-lightbox-slideshow=\"1f7e943\" data-elementor-lightbox-title=\"dieci mini agri10\" data-e-action-hash=\"#elementor-action%3Aaction%3Dlightbox%26settings%3DeyJpZCI6MTcyOTAsInVybCI6Imh0dHBzOlwvXC9yZWNhcnByb2ZpLmN6XC93cC1jb250ZW50XC91cGxvYWRzXC8yMDE5XC8xMVwvZGllY2ktbWluaS1hZ3JpMTAuanBnIiwic2xpZGVzaG93IjoiMWY3ZTk0MyJ9\" href='https:\/\/recarprofi.cz\/wp-content\/uploads\/2019\/11\/dieci-mini-agri10.jpg'><img fetchpriority=\"high\" decoding=\"async\" width=\"420\" height=\"280\" src=\"https:\/\/recarprofi.cz\/wp-content\/uploads\/2019\/11\/dieci-mini-agri10-420x280.jpg\" class=\"attachment-thumbnail size-thumbnail\" alt=\"\" srcset=\"https:\/\/recarprofi.cz\/wp-content\/uploads\/2019\/11\/dieci-mini-agri10-420x280.jpg 420w, https:\/\/recarprofi.cz\/wp-content\/uploads\/2019\/11\/dieci-mini-agri10-600x400.jpg 600w, https:\/\/recarprofi.cz\/wp-content\/uploads\/2019\/11\/dieci-mini-agri10-744x496.jpg 744w, https:\/\/recarprofi.cz\/wp-content\/uploads\/2019\/11\/dieci-mini-agri10-768x512.jpg 768w, https:\/\/recarprofi.cz\/wp-content\/uploads\/2019\/11\/dieci-mini-agri10.jpg 1030w\" sizes=\"(max-width: 420px) 100vw, 420px\" \/><\/a>\n\t\t\t<\/dt><\/dl><dl class='gallery-item'>\n\t\t\t<dt class='gallery-icon landscape'>\n\t\t\t\t<a data-elementor-open-lightbox=\"yes\" data-elementor-lightbox-slideshow=\"1f7e943\" data-elementor-lightbox-title=\"dieci mini agri7\" data-e-action-hash=\"#elementor-action%3Aaction%3Dlightbox%26settings%3DeyJpZCI6MTcyODgsInVybCI6Imh0dHBzOlwvXC9yZWNhcnByb2ZpLmN6XC93cC1jb250ZW50XC91cGxvYWRzXC8yMDE5XC8xMVwvZGllY2ktbWluaS1hZ3JpNy5qcGciLCJzbGlkZXNob3ciOiIxZjdlOTQzIn0%3D\" href='https:\/\/recarprofi.cz\/wp-content\/uploads\/2019\/11\/dieci-mini-agri7.jpg'><img decoding=\"async\" width=\"420\" height=\"280\" src=\"https:\/\/recarprofi.cz\/wp-content\/uploads\/2019\/11\/dieci-mini-agri7-420x280.jpg\" class=\"attachment-thumbnail size-thumbnail\" alt=\"\" srcset=\"https:\/\/recarprofi.cz\/wp-content\/uploads\/2019\/11\/dieci-mini-agri7-420x280.jpg 420w, https:\/\/recarprofi.cz\/wp-content\/uploads\/2019\/11\/dieci-mini-agri7-600x400.jpg 600w, https:\/\/recarprofi.cz\/wp-content\/uploads\/2019\/11\/dieci-mini-agri7-744x496.jpg 744w, https:\/\/recarprofi.cz\/wp-content\/uploads\/2019\/11\/dieci-mini-agri7-768x512.jpg 768w, https:\/\/recarprofi.cz\/wp-content\/uploads\/2019\/11\/dieci-mini-agri7.jpg 1030w\" sizes=\"(max-width: 420px) 100vw, 420px\" \/><\/a>\n\t\t\t<\/dt><\/dl><dl class='gallery-item'>\n\t\t\t<dt class='gallery-icon landscape'>\n\t\t\t\t<a data-elementor-open-lightbox=\"yes\" data-elementor-lightbox-slideshow=\"1f7e943\" data-elementor-lightbox-title=\"dieci mini agri 5\" data-e-action-hash=\"#elementor-action%3Aaction%3Dlightbox%26settings%3DeyJpZCI6NzI3NiwidXJsIjoiaHR0cHM6XC9cL3JlY2FycHJvZmkuY3pcL3dwLWNvbnRlbnRcL3VwbG9hZHNcLzIwMTZcLzAyXC9kaWVjaS1taW5pLWFncmktNS5qcGciLCJzbGlkZXNob3ciOiIxZjdlOTQzIn0%3D\" href='https:\/\/recarprofi.cz\/wp-content\/uploads\/2016\/02\/dieci-mini-agri-5.jpg'><img decoding=\"async\" width=\"150\" height=\"150\" src=\"https:\/\/recarprofi.cz\/wp-content\/uploads\/2016\/02\/dieci-mini-agri-5-150x150.jpg\" class=\"attachment-thumbnail size-thumbnail\" alt=\"\" srcset=\"https:\/\/recarprofi.cz\/wp-content\/uploads\/2016\/02\/dieci-mini-agri-5-150x150.jpg 150w, https:\/\/recarprofi.cz\/wp-content\/uploads\/2016\/02\/dieci-mini-agri-5-100x100.jpg 100w\" sizes=\"(max-width: 150px) 100vw, 150px\" \/><\/a>\n\t\t\t<\/dt><\/dl><dl class='gallery-item'>\n\t\t\t<dt class='gallery-icon landscape'>\n\t\t\t\t<a data-elementor-open-lightbox=\"yes\" data-elementor-lightbox-slideshow=\"1f7e943\" data-elementor-lightbox-title=\"SONY DSC\" data-e-action-hash=\"#elementor-action%3Aaction%3Dlightbox%26settings%3DeyJpZCI6MTgzNywidXJsIjoiaHR0cHM6XC9cL3JlY2FycHJvZmkuY3pcL3dwLWNvbnRlbnRcL3VwbG9hZHNcLzIwMTNcLzAyXC9kaWVjaS1taW5pLWFncmktMy5qcGciLCJzbGlkZXNob3ciOiIxZjdlOTQzIn0%3D\" href='https:\/\/recarprofi.cz\/wp-content\/uploads\/2013\/02\/dieci-mini-agri-3.jpg'><img loading=\"lazy\" decoding=\"async\" width=\"150\" height=\"150\" src=\"https:\/\/recarprofi.cz\/wp-content\/uploads\/2013\/02\/dieci-mini-agri-3-150x150.jpg\" class=\"attachment-thumbnail size-thumbnail\" alt=\"\" srcset=\"https:\/\/recarprofi.cz\/wp-content\/uploads\/2013\/02\/dieci-mini-agri-3-150x150.jpg 150w, https:\/\/recarprofi.cz\/wp-content\/uploads\/2013\/02\/dieci-mini-agri-3-100x100.jpg 100w\" sizes=\"(max-width: 150px) 100vw, 150px\" \/><\/a>\n\t\t\t<\/dt><\/dl><br style=\"clear: both\" \/><dl class='gallery-item'>\n\t\t\t<dt class='gallery-icon landscape'>\n\t\t\t\t<a data-elementor-open-lightbox=\"yes\" data-elementor-lightbox-slideshow=\"1f7e943\" data-elementor-lightbox-title=\"dieci mini agri9\" data-e-action-hash=\"#elementor-action%3Aaction%3Dlightbox%26settings%3DeyJpZCI6MTg3ODcsInVybCI6Imh0dHBzOlwvXC9yZWNhcnByb2ZpLmN6XC93cC1jb250ZW50XC91cGxvYWRzXC8yMDIwXC8wMVwvZGllY2ktbWluaS1hZ3JpOS5qcGciLCJzbGlkZXNob3ciOiIxZjdlOTQzIn0%3D\" href='https:\/\/recarprofi.cz\/wp-content\/uploads\/2020\/01\/dieci-mini-agri9.jpg'><img loading=\"lazy\" decoding=\"async\" width=\"420\" height=\"280\" src=\"https:\/\/recarprofi.cz\/wp-content\/uploads\/2020\/01\/dieci-mini-agri9-420x280.jpg\" class=\"attachment-thumbnail size-thumbnail\" alt=\"\" srcset=\"https:\/\/recarprofi.cz\/wp-content\/uploads\/2020\/01\/dieci-mini-agri9-420x280.jpg 420w, https:\/\/recarprofi.cz\/wp-content\/uploads\/2020\/01\/dieci-mini-agri9-600x400.jpg 600w, https:\/\/recarprofi.cz\/wp-content\/uploads\/2020\/01\/dieci-mini-agri9-744x496.jpg 744w, https:\/\/recarprofi.cz\/wp-content\/uploads\/2020\/01\/dieci-mini-agri9-768x512.jpg 768w, https:\/\/recarprofi.cz\/wp-content\/uploads\/2020\/01\/dieci-mini-agri9.jpg 1030w\" sizes=\"(max-width: 420px) 100vw, 420px\" \/><\/a>\n\t\t\t<\/dt><\/dl>\n\t\t\t<br style='clear: both' \/>\n\t\t<\/div>\n\t\t<\/div>\n\t\t\t\t\t\t<\/div>\n\t\t\t\t<\/div>\n\t\t\t\t\t<\/div>\n\t\t<\/div>\n\t\t\t\t\t<\/div>\n\t\t<\/section>\n\t\t\t\t<\/div>\n\t\t","protected":false},"excerpt":{"rendered":"<p>Tento mal\u00fd a hbit\u00fd pomocn\u00edk najde sv\u00e9 uplatn\u011bn\u00ed na ka\u017ed\u00e9 farm\u011b, kde nen\u00ed prostoru nazbyt. S nosnost\u00ed 2,5 tuny zvl\u00e1dne ve\u0161kerou ka\u017edodenn\u00ed pr\u00e1ci. Z jeho man\u00e9vrovatelnosti budete uneseni! Nov\u011b je teleskopick\u00fd manipul\u00e1tor Dieci Mini Agri&hellip;<\/p>\n","protected":false},"author":1,"featured_media":0,"parent":1813,"menu_order":1,"comment_status":"closed","ping_status":"closed","template":"","meta":{"footnotes":""},"class_list":["post-3256","page","type-page","status-publish","hentry"],"_links":{"self":[{"href":"https:\/\/recarprofi.cz\/uvod\/wp-json\/wp\/v2\/pages\/3256","targetHints":{"allow":["GET"]}}],"collection":[{"href":"https:\/\/recarprofi.cz\/uvod\/wp-json\/wp\/v2\/pages"}],"about":[{"href":"https:\/\/recarprofi.cz\/uvod\/wp-json\/wp\/v2\/types\/page"}],"author":[{"embeddable":true,"href":"https:\/\/recarprofi.cz\/uvod\/wp-json\/wp\/v2\/users\/1"}],"replies":[{"embeddable":true,"href":"https:\/\/recarprofi.cz\/uvod\/wp-json\/wp\/v2\/comments?post=3256"}],"version-history":[{"count":35,"href":"https:\/\/recarprofi.cz\/uvod\/wp-json\/wp\/v2\/pages\/3256\/revisions"}],"predecessor-version":[{"id":21070,"href":"https:\/\/recarprofi.cz\/uvod\/wp-json\/wp\/v2\/pages\/3256\/revisions\/21070"}],"up":[{"embeddable":true,"href":"https:\/\/recarprofi.cz\/uvod\/wp-json\/wp\/v2\/pages\/1813"}],"wp:attachment":[{"href":"https:\/\/recarprofi.cz\/uvod\/wp-json\/wp\/v2\/media?parent=3256"}],"curies":[{"name":"wp","href":"https:\/\/api.w.org\/{rel}","templated":true}]}}