{"id":32813,"date":"2026-02-23T12:42:34","date_gmt":"2026-02-23T11:42:34","guid":{"rendered":"https:\/\/recarprofi.cz\/uvod\/?page_id=32813"},"modified":"2026-03-04T14:21:04","modified_gmt":"2026-03-04T13:21:04","slug":"stella-urs-85","status":"publish","type":"page","link":"https:\/\/recarprofi.cz\/uvod\/komunalni-technika\/svahove-mulcovace\/stella-urs-85\/","title":{"rendered":"Stella URS-85"},"content":{"rendered":"\t\t<div data-elementor-type=\"wp-page\" data-elementor-id=\"32813\" class=\"elementor elementor-32813\">\n\t\t\t\t\t\t<section class=\"elementor-section elementor-top-section elementor-element elementor-element-6b608b4 elementor-section-boxed elementor-section-height-default elementor-section-height-default\" data-id=\"6b608b4\" data-element_type=\"section\" data-e-type=\"section\">\n\t\t\t\t\t\t<div class=\"elementor-container elementor-column-gap-default\">\n\t\t\t\t\t<div class=\"elementor-column elementor-col-100 elementor-top-column elementor-element elementor-element-0a56f73\" data-id=\"0a56f73\" data-element_type=\"column\" data-e-type=\"column\">\n\t\t\t<div class=\"elementor-widget-wrap elementor-element-populated\">\n\t\t\t\t\t\t<div class=\"elementor-element elementor-element-a071052 elementor-widget elementor-widget-image\" data-id=\"a071052\" data-element_type=\"widget\" data-e-type=\"widget\" data-widget_type=\"image.default\">\n\t\t\t\t<div class=\"elementor-widget-container\">\n\t\t\t\t\t\t\t\t\t\t\t\t\t\t\t<img fetchpriority=\"high\" decoding=\"async\" width=\"847\" height=\"735\" src=\"https:\/\/recarprofi.cz\/wp-content\/uploads\/2026\/02\/stella-85-1200x1041.webp\" class=\"attachment-large size-large wp-image-32814\" alt=\"\" srcset=\"https:\/\/recarprofi.cz\/wp-content\/uploads\/2026\/02\/stella-85-1200x1041.webp 1200w, https:\/\/recarprofi.cz\/wp-content\/uploads\/2026\/02\/stella-85-744x645.webp 744w, https:\/\/recarprofi.cz\/wp-content\/uploads\/2026\/02\/stella-85-420x364.webp 420w, https:\/\/recarprofi.cz\/wp-content\/uploads\/2026\/02\/stella-85-768x666.webp 768w, https:\/\/recarprofi.cz\/wp-content\/uploads\/2026\/02\/stella-85-1536x1333.webp 1536w, https:\/\/recarprofi.cz\/wp-content\/uploads\/2026\/02\/stella-85-600x521.webp 600w, https:\/\/recarprofi.cz\/wp-content\/uploads\/2026\/02\/stella-85.webp 1812w\" sizes=\"(max-width: 847px) 100vw, 847px\" \/>\t\t\t\t\t\t\t\t\t\t\t\t\t\t\t<\/div>\n\t\t\t\t<\/div>\n\t\t\t\t\t<\/div>\n\t\t<\/div>\n\t\t\t\t\t<\/div>\n\t\t<\/section>\n\t\t\t\t<section class=\"elementor-section elementor-top-section elementor-element elementor-element-a3f7f32 elementor-section-boxed elementor-section-height-default elementor-section-height-default\" data-id=\"a3f7f32\" data-element_type=\"section\" data-e-type=\"section\">\n\t\t\t\t\t\t<div class=\"elementor-container elementor-column-gap-default\">\n\t\t\t\t\t<div class=\"elementor-column elementor-col-100 elementor-top-column elementor-element elementor-element-6921b09\" data-id=\"6921b09\" data-element_type=\"column\" data-e-type=\"column\">\n\t\t\t<div class=\"elementor-widget-wrap elementor-element-populated\">\n\t\t\t\t\t\t<div class=\"elementor-element elementor-element-20168cf elementor-widget elementor-widget-text-editor\" data-id=\"20168cf\" data-element_type=\"widget\" data-e-type=\"widget\" data-widget_type=\"text-editor.default\">\n\t\t\t\t<div class=\"elementor-widget-container\">\n\t\t\t\t\t\t\t\t\t<ul class=\"properties\"><li>d\u00e1lkov\u011b ovl\u00e1dan\u00e1 p\u00e1sov\u00e1 seka\u010dka<\/li><li>extr\u00e9mn\u00ed ter\u00e9ny &#8211; svahy se sklonem a\u017e 60\u00b0<\/li><li>d\u00e1lkov\u011b nastaviteln\u00e1 v\u00fd\u0161ka se\u010den\u00ed<\/li><li>horizont\u00e1ln\u00ed i vertik\u00e1ln\u00ed pohyb ve svahu<\/li><li>se\u010den\u00ed v obou sm\u011brech<\/li><li>hmotnost 640 kg<\/li><li>nejv\u00fdkonn\u011bj\u0161\u00ed d\u00e1lkov\u011b ovl\u00e1dan\u00fd mul\u010dova\u010d v lehk\u00e9 kategorii<\/li><li>D\u00edky d\u00e1lkov\u00e9mu ovl\u00e1d\u00e1n\u00ed stoj\u00ed obsluha v\u017edy v bezpe\u010dn\u00e9 vzd\u00e1lenosti od stroje.<\/li><li>D\u00e1lkov\u011b ovl\u00e1dan\u00e9 jsou v\u0161echny pohyby stroje, sp\u00edn\u00e1n\u00ed \u017eac\u00edho \u00fastroj\u00ed, v\u00fd\u0161ka se\u010den\u00ed i svahov\u00e1 korekce.<\/li><li>P\u00e1sov\u00fd podvozek je uzp\u016fsoben\u00fd na rychlou j\u00edzdu i extr\u00e9mn\u00ed zat\u00e1\u010dec\u00ed man\u00e9vry na strm\u00fdch svaz\u00edch.<\/li><li>D\u00edky p\u00e1s\u016fm nav\u00edc stroj p\u0159i j\u00edzd\u011b neni\u010d\u00ed podlo\u017e\u00ed.<\/li><\/ul>\t\t\t\t\t\t\t\t<\/div>\n\t\t\t\t<\/div>\n\t\t\t\t<div class=\"elementor-element elementor-element-01f3ecb elementor-widget elementor-widget-video\" data-id=\"01f3ecb\" data-element_type=\"widget\" data-e-type=\"widget\" data-settings=\"{&quot;youtube_url&quot;:&quot;https:\\\/\\\/youtu.be\\\/xyZoOlmj2_0&quot;,&quot;video_type&quot;:&quot;youtube&quot;,&quot;controls&quot;:&quot;yes&quot;}\" data-widget_type=\"video.default\">\n\t\t\t\t<div class=\"elementor-widget-container\">\n\t\t\t\t\t\t\t<div class=\"elementor-wrapper elementor-open-inline\">\n\t\t\t<div class=\"elementor-video\"><\/div>\t\t<\/div>\n\t\t\t\t\t\t<\/div>\n\t\t\t\t<\/div>\n\t\t\t\t\t<\/div>\n\t\t<\/div>\n\t\t\t\t\t<\/div>\n\t\t<\/section>\n\t\t\t\t<section class=\"elementor-section elementor-top-section elementor-element elementor-element-e3fbb53 elementor-section-boxed elementor-section-height-default elementor-section-height-default\" data-id=\"e3fbb53\" data-element_type=\"section\" data-e-type=\"section\">\n\t\t\t\t\t\t<div class=\"elementor-container elementor-column-gap-default\">\n\t\t\t\t\t<div class=\"elementor-column elementor-col-100 elementor-top-column elementor-element elementor-element-0d91dc4\" data-id=\"0d91dc4\" data-element_type=\"column\" data-e-type=\"column\">\n\t\t\t<div class=\"elementor-widget-wrap elementor-element-populated\">\n\t\t\t\t\t\t<div class=\"elementor-element elementor-element-3a5fefe elementor-widget elementor-widget-text-editor\" data-id=\"3a5fefe\" data-element_type=\"widget\" data-e-type=\"widget\" data-widget_type=\"text-editor.default\">\n\t\t\t\t<div class=\"elementor-widget-container\">\n\t\t\t\t\t\t\t\t\t<ul><li>Stroj je poh\u00e1n\u011bn motorem HONDA o v\u00fdkonu 26 HP.<\/li><li>Elektronick\u00e9 \u0159\u00edzen\u00ed motoru s modern\u00edm syst\u00e9mem vst\u0159ikov\u00e1n\u00ed paliva zaji\u0161\u0165uje optim\u00e1ln\u00ed p\u0159enos v\u00fdkonu i v nejn\u00e1ro\u010dn\u011bj\u0161\u00edch podm\u00ednk\u00e1ch.<\/li><li>URS 85 d\u00edky jeho rozm\u011br\u016fm pohodln\u011b p\u0159eprav\u00edte na voz\u00edku nebo valn\u00edku.<\/li><li>Svahov\u00e1 seka\u010dka je navr\u017eena tak, aby zvl\u00e1dla pr\u00e1ci v extr\u00e9mn\u00edch podm\u00ednk\u00e1ch.<\/li><li>Zvl\u00e1dne p\u0159erostlou tr\u00e1vu i n\u00e1lety do pr\u016fm\u011bru a\u017e 5 cm.<\/li><\/ul>\t\t\t\t\t\t\t\t<\/div>\n\t\t\t\t<\/div>\n\t\t\t\t\t<\/div>\n\t\t<\/div>\n\t\t\t\t\t<\/div>\n\t\t<\/section>\n\t\t\t\t<section class=\"elementor-section elementor-top-section elementor-element elementor-element-9ec3d3f elementor-section-boxed elementor-section-height-default elementor-section-height-default\" data-id=\"9ec3d3f\" data-element_type=\"section\" data-e-type=\"section\">\n\t\t\t\t\t\t<div class=\"elementor-container elementor-column-gap-default\">\n\t\t\t\t\t<div class=\"elementor-column elementor-col-100 elementor-top-column elementor-element elementor-element-1b103b5\" data-id=\"1b103b5\" data-element_type=\"column\" data-e-type=\"column\">\n\t\t\t<div class=\"elementor-widget-wrap elementor-element-populated\">\n\t\t\t\t\t\t<div class=\"elementor-element elementor-element-cf3c723 elementor-widget elementor-widget-image\" data-id=\"cf3c723\" data-element_type=\"widget\" data-e-type=\"widget\" data-widget_type=\"image.default\">\n\t\t\t\t<div class=\"elementor-widget-container\">\n\t\t\t\t\t\t\t\t\t\t\t\t\t\t\t<img decoding=\"async\" width=\"847\" height=\"791\" src=\"https:\/\/recarprofi.cz\/wp-content\/uploads\/2026\/02\/stella-2-1200x1121.jpg\" class=\"attachment-large size-large wp-image-32815\" alt=\"\" srcset=\"https:\/\/recarprofi.cz\/wp-content\/uploads\/2026\/02\/stella-2-1200x1121.jpg 1200w, https:\/\/recarprofi.cz\/wp-content\/uploads\/2026\/02\/stella-2-744x695.jpg 744w, https:\/\/recarprofi.cz\/wp-content\/uploads\/2026\/02\/stella-2-420x392.jpg 420w, https:\/\/recarprofi.cz\/wp-content\/uploads\/2026\/02\/stella-2-768x717.jpg 768w, https:\/\/recarprofi.cz\/wp-content\/uploads\/2026\/02\/stella-2-1536x1435.jpg 1536w, https:\/\/recarprofi.cz\/wp-content\/uploads\/2026\/02\/stella-2-2048x1913.jpg 2048w, https:\/\/recarprofi.cz\/wp-content\/uploads\/2026\/02\/stella-2-600x560.jpg 600w\" sizes=\"(max-width: 847px) 100vw, 847px\" \/>\t\t\t\t\t\t\t\t\t\t\t\t\t\t\t<\/div>\n\t\t\t\t<\/div>\n\t\t\t\t\t<\/div>\n\t\t<\/div>\n\t\t\t\t\t<\/div>\n\t\t<\/section>\n\t\t\t\t<section class=\"elementor-section elementor-top-section elementor-element elementor-element-d73a871 elementor-section-boxed elementor-section-height-default elementor-section-height-default\" data-id=\"d73a871\" data-element_type=\"section\" data-e-type=\"section\">\n\t\t\t\t\t\t<div class=\"elementor-container elementor-column-gap-default\">\n\t\t\t\t\t<div class=\"elementor-column elementor-col-100 elementor-top-column elementor-element elementor-element-4c495c3\" data-id=\"4c495c3\" data-element_type=\"column\" data-e-type=\"column\">\n\t\t\t<div class=\"elementor-widget-wrap elementor-element-populated\">\n\t\t\t\t\t\t<div class=\"elementor-element elementor-element-2775db5 elementor-widget elementor-widget-text-editor\" data-id=\"2775db5\" data-element_type=\"widget\" data-e-type=\"widget\" data-widget_type=\"text-editor.default\">\n\t\t\t\t<div class=\"elementor-widget-container\">\n\t\t\t\t\t\t\t\t\t<p>Technick\u00e9 parametry:<\/p><ul><li>Motor HONDA 2v\u00e1lcov\u00fd OHV 4takt, model iGXV 800 EFI<\/li><li>Pracovn\u00ed z\u00e1b\u011br 85 cm<\/li><li>V\u00fd\u0161ka se\u010den\u00ed 20 &#8211; 120 mm<\/li><li>N\u00e1dr\u017e paliva 20 L<\/li><li>Hmotnost 600 kg<\/li><\/ul>\t\t\t\t\t\t\t\t<\/div>\n\t\t\t\t<\/div>\n\t\t\t\t\t<\/div>\n\t\t<\/div>\n\t\t\t\t\t<\/div>\n\t\t<\/section>\n\t\t\t\t<section class=\"elementor-section elementor-top-section elementor-element elementor-element-9f2bc28 elementor-section-boxed elementor-section-height-default elementor-section-height-default\" data-id=\"9f2bc28\" data-element_type=\"section\" data-e-type=\"section\">\n\t\t\t\t\t\t<div class=\"elementor-container elementor-column-gap-default\">\n\t\t\t\t\t<div class=\"elementor-column elementor-col-33 elementor-top-column elementor-element elementor-element-cbd0514\" data-id=\"cbd0514\" data-element_type=\"column\" data-e-type=\"column\">\n\t\t\t<div class=\"elementor-widget-wrap elementor-element-populated\">\n\t\t\t\t\t\t<div class=\"elementor-element elementor-element-9847c22 elementor-widget elementor-widget-image\" data-id=\"9847c22\" data-element_type=\"widget\" data-e-type=\"widget\" data-widget_type=\"image.default\">\n\t\t\t\t<div class=\"elementor-widget-container\">\n\t\t\t\t\t\t\t\t\t\t\t\t\t\t\t<img decoding=\"async\" width=\"290\" height=\"290\" src=\"https:\/\/recarprofi.cz\/wp-content\/uploads\/2026\/02\/stella5.jpg\" class=\"attachment-large size-large wp-image-32816\" alt=\"\" srcset=\"https:\/\/recarprofi.cz\/wp-content\/uploads\/2026\/02\/stella5.jpg 290w, https:\/\/recarprofi.cz\/wp-content\/uploads\/2026\/02\/stella5-100x100.jpg 100w\" sizes=\"(max-width: 290px) 100vw, 290px\" \/>\t\t\t\t\t\t\t\t\t\t\t\t\t\t\t<\/div>\n\t\t\t\t<\/div>\n\t\t\t\t\t<\/div>\n\t\t<\/div>\n\t\t\t\t<div class=\"elementor-column elementor-col-33 elementor-top-column elementor-element elementor-element-010b7ca\" data-id=\"010b7ca\" data-element_type=\"column\" data-e-type=\"column\">\n\t\t\t<div class=\"elementor-widget-wrap elementor-element-populated\">\n\t\t\t\t\t\t<div class=\"elementor-element elementor-element-539ed0f elementor-widget elementor-widget-image\" data-id=\"539ed0f\" data-element_type=\"widget\" data-e-type=\"widget\" data-widget_type=\"image.default\">\n\t\t\t\t<div class=\"elementor-widget-container\">\n\t\t\t\t\t\t\t\t\t\t\t\t\t\t\t<img loading=\"lazy\" decoding=\"async\" width=\"290\" height=\"290\" src=\"https:\/\/recarprofi.cz\/wp-content\/uploads\/2026\/02\/stella7.jpg\" class=\"attachment-large size-large wp-image-32817\" alt=\"\" srcset=\"https:\/\/recarprofi.cz\/wp-content\/uploads\/2026\/02\/stella7.jpg 290w, https:\/\/recarprofi.cz\/wp-content\/uploads\/2026\/02\/stella7-100x100.jpg 100w\" sizes=\"(max-width: 290px) 100vw, 290px\" \/>\t\t\t\t\t\t\t\t\t\t\t\t\t\t\t<\/div>\n\t\t\t\t<\/div>\n\t\t\t\t\t<\/div>\n\t\t<\/div>\n\t\t\t\t<div class=\"elementor-column elementor-col-33 elementor-top-column elementor-element elementor-element-e717e07\" data-id=\"e717e07\" data-element_type=\"column\" data-e-type=\"column\">\n\t\t\t<div class=\"elementor-widget-wrap elementor-element-populated\">\n\t\t\t\t\t\t<div class=\"elementor-element elementor-element-06d8137 elementor-widget elementor-widget-image\" data-id=\"06d8137\" data-element_type=\"widget\" data-e-type=\"widget\" data-widget_type=\"image.default\">\n\t\t\t\t<div class=\"elementor-widget-container\">\n\t\t\t\t\t\t\t\t\t\t\t\t\t\t\t<img loading=\"lazy\" decoding=\"async\" width=\"290\" height=\"290\" src=\"https:\/\/recarprofi.cz\/wp-content\/uploads\/2026\/02\/stella8.jpg\" class=\"attachment-large size-large wp-image-32818\" alt=\"\" srcset=\"https:\/\/recarprofi.cz\/wp-content\/uploads\/2026\/02\/stella8.jpg 290w, https:\/\/recarprofi.cz\/wp-content\/uploads\/2026\/02\/stella8-100x100.jpg 100w\" sizes=\"(max-width: 290px) 100vw, 290px\" \/>\t\t\t\t\t\t\t\t\t\t\t\t\t\t\t<\/div>\n\t\t\t\t<\/div>\n\t\t\t\t\t<\/div>\n\t\t<\/div>\n\t\t\t\t\t<\/div>\n\t\t<\/section>\n\t\t\t\t<section class=\"elementor-section elementor-top-section elementor-element elementor-element-837f724 elementor-section-boxed elementor-section-height-default elementor-section-height-default\" data-id=\"837f724\" data-element_type=\"section\" data-e-type=\"section\">\n\t\t\t\t\t\t<div class=\"elementor-container elementor-column-gap-default\">\n\t\t\t\t\t<div class=\"elementor-column elementor-col-100 elementor-top-column elementor-element elementor-element-556d715\" data-id=\"556d715\" data-element_type=\"column\" data-e-type=\"column\">\n\t\t\t<div class=\"elementor-widget-wrap elementor-element-populated\">\n\t\t\t\t\t\t<div class=\"elementor-element elementor-element-db2e274 elementor-widget elementor-widget-image\" data-id=\"db2e274\" data-element_type=\"widget\" data-e-type=\"widget\" data-widget_type=\"image.default\">\n\t\t\t\t<div class=\"elementor-widget-container\">\n\t\t\t\t\t\t\t\t\t\t\t\t\t\t\t<img loading=\"lazy\" decoding=\"async\" width=\"580\" height=\"370\" src=\"https:\/\/recarprofi.cz\/wp-content\/uploads\/2026\/02\/stella-3.jpg\" class=\"attachment-large size-large wp-image-32819\" alt=\"\" srcset=\"https:\/\/recarprofi.cz\/wp-content\/uploads\/2026\/02\/stella-3.jpg 580w, https:\/\/recarprofi.cz\/wp-content\/uploads\/2026\/02\/stella-3-420x268.jpg 420w\" sizes=\"(max-width: 580px) 100vw, 580px\" \/>\t\t\t\t\t\t\t\t\t\t\t\t\t\t\t<\/div>\n\t\t\t\t<\/div>\n\t\t\t\t\t<\/div>\n\t\t<\/div>\n\t\t\t\t\t<\/div>\n\t\t<\/section>\n\t\t\t\t<\/div>\n\t\t","protected":false},"excerpt":{"rendered":"<p>d\u00e1lkov\u011b ovl\u00e1dan\u00e1 p\u00e1sov\u00e1 seka\u010dka extr\u00e9mn\u00ed ter\u00e9ny &#8211; svahy se sklonem a\u017e 60\u00b0 d\u00e1lkov\u011b nastaviteln\u00e1 v\u00fd\u0161ka se\u010den\u00ed horizont\u00e1ln\u00ed i vertik\u00e1ln\u00ed pohyb ve svahu se\u010den\u00ed v obou sm\u011brech hmotnost 640 kg nejv\u00fdkonn\u011bj\u0161\u00ed d\u00e1lkov\u011b ovl\u00e1dan\u00fd mul\u010dova\u010d v lehk\u00e9&hellip;<\/p>\n","protected":false},"author":1,"featured_media":32823,"parent":32223,"menu_order":2,"comment_status":"closed","ping_status":"closed","template":"","meta":{"footnotes":""},"class_list":["post-32813","page","type-page","status-publish","has-post-thumbnail","hentry"],"_links":{"self":[{"href":"https:\/\/recarprofi.cz\/uvod\/wp-json\/wp\/v2\/pages\/32813","targetHints":{"allow":["GET"]}}],"collection":[{"href":"https:\/\/recarprofi.cz\/uvod\/wp-json\/wp\/v2\/pages"}],"about":[{"href":"https:\/\/recarprofi.cz\/uvod\/wp-json\/wp\/v2\/types\/page"}],"author":[{"embeddable":true,"href":"https:\/\/recarprofi.cz\/uvod\/wp-json\/wp\/v2\/users\/1"}],"replies":[{"embeddable":true,"href":"https:\/\/recarprofi.cz\/uvod\/wp-json\/wp\/v2\/comments?post=32813"}],"version-history":[{"count":10,"href":"https:\/\/recarprofi.cz\/uvod\/wp-json\/wp\/v2\/pages\/32813\/revisions"}],"predecessor-version":[{"id":32879,"href":"https:\/\/recarprofi.cz\/uvod\/wp-json\/wp\/v2\/pages\/32813\/revisions\/32879"}],"up":[{"embeddable":true,"href":"https:\/\/recarprofi.cz\/uvod\/wp-json\/wp\/v2\/pages\/32223"}],"wp:featuredmedia":[{"embeddable":true,"href":"https:\/\/recarprofi.cz\/uvod\/wp-json\/wp\/v2\/media\/32823"}],"wp:attachment":[{"href":"https:\/\/recarprofi.cz\/uvod\/wp-json\/wp\/v2\/media?parent=32813"}],"curies":[{"name":"wp","href":"https:\/\/api.w.org\/{rel}","templated":true}]}}