{"id":32828,"date":"2026-02-23T14:13:26","date_gmt":"2026-02-23T13:13:26","guid":{"rendered":"https:\/\/recarprofi.cz\/uvod\/?page_id=32828"},"modified":"2026-02-23T14:21:18","modified_gmt":"2026-02-23T13:21:18","slug":"stella-urs-100","status":"publish","type":"page","link":"https:\/\/recarprofi.cz\/uvod\/komunalni-technika\/svahove-mulcovace\/stella-urs-100\/","title":{"rendered":"Stella URS-100"},"content":{"rendered":"\t\t<div data-elementor-type=\"wp-page\" data-elementor-id=\"32828\" class=\"elementor elementor-32828\">\n\t\t\t\t\t\t<section class=\"elementor-section elementor-top-section elementor-element elementor-element-69a34c5 elementor-section-boxed elementor-section-height-default elementor-section-height-default\" data-id=\"69a34c5\" data-element_type=\"section\" data-e-type=\"section\">\n\t\t\t\t\t\t<div class=\"elementor-container elementor-column-gap-default\">\n\t\t\t\t\t<div class=\"elementor-column elementor-col-100 elementor-top-column elementor-element elementor-element-c6eaf09\" data-id=\"c6eaf09\" data-element_type=\"column\" data-e-type=\"column\">\n\t\t\t<div class=\"elementor-widget-wrap elementor-element-populated\">\n\t\t\t\t\t\t<div class=\"elementor-element elementor-element-de3f851 elementor-widget elementor-widget-image\" data-id=\"de3f851\" data-element_type=\"widget\" data-e-type=\"widget\" data-widget_type=\"image.default\">\n\t\t\t\t<div class=\"elementor-widget-container\">\n\t\t\t\t\t\t\t\t\t\t\t\t\t\t\t<img fetchpriority=\"high\" decoding=\"async\" width=\"847\" height=\"847\" src=\"https:\/\/recarprofi.cz\/wp-content\/uploads\/2026\/02\/stella-1001-1200x1200.webp\" class=\"attachment-large size-large wp-image-32830\" alt=\"\" srcset=\"https:\/\/recarprofi.cz\/wp-content\/uploads\/2026\/02\/stella-1001-1200x1200.webp 1200w, https:\/\/recarprofi.cz\/wp-content\/uploads\/2026\/02\/stella-1001-744x744.webp 744w, https:\/\/recarprofi.cz\/wp-content\/uploads\/2026\/02\/stella-1001-420x420.webp 420w, https:\/\/recarprofi.cz\/wp-content\/uploads\/2026\/02\/stella-1001-768x768.webp 768w, https:\/\/recarprofi.cz\/wp-content\/uploads\/2026\/02\/stella-1001-300x300.webp 300w, https:\/\/recarprofi.cz\/wp-content\/uploads\/2026\/02\/stella-1001-600x600.webp 600w, https:\/\/recarprofi.cz\/wp-content\/uploads\/2026\/02\/stella-1001-100x100.webp 100w, https:\/\/recarprofi.cz\/wp-content\/uploads\/2026\/02\/stella-1001.webp 1534w\" sizes=\"(max-width: 847px) 100vw, 847px\" \/>\t\t\t\t\t\t\t\t\t\t\t\t\t\t\t<\/div>\n\t\t\t\t<\/div>\n\t\t\t\t\t<\/div>\n\t\t<\/div>\n\t\t\t\t\t<\/div>\n\t\t<\/section>\n\t\t\t\t<section class=\"elementor-section elementor-top-section elementor-element elementor-element-1f7ac7f elementor-section-boxed elementor-section-height-default elementor-section-height-default\" data-id=\"1f7ac7f\" data-element_type=\"section\" data-e-type=\"section\">\n\t\t\t\t\t\t<div class=\"elementor-container elementor-column-gap-default\">\n\t\t\t\t\t<div class=\"elementor-column elementor-col-100 elementor-top-column elementor-element elementor-element-85b5590\" data-id=\"85b5590\" data-element_type=\"column\" data-e-type=\"column\">\n\t\t\t<div class=\"elementor-widget-wrap elementor-element-populated\">\n\t\t\t\t\t\t<div class=\"elementor-element elementor-element-fe9a3da elementor-widget elementor-widget-text-editor\" data-id=\"fe9a3da\" data-element_type=\"widget\" data-e-type=\"widget\" data-widget_type=\"text-editor.default\">\n\t\t\t\t<div class=\"elementor-widget-container\">\n\t\t\t\t\t\t\t\t\t<ul class=\"properties\"><li>d\u00e1lkov\u011b ovl\u00e1dan\u00e1 p\u00e1sov\u00e1 seka\u010dka<\/li><li>extr\u00e9mn\u00ed ter\u00e9ny &#8211; svahy se sklonem a\u017e 60\u00b0<\/li><li>d\u00e1lkov\u011b nastaviteln\u00e1 v\u00fd\u0161ka se\u010den\u00ed<\/li><li>horizont\u00e1ln\u00ed i vertik\u00e1ln\u00ed pohyb ve svahu<\/li><li>se\u010den\u00ed v obou sm\u011brech<\/li><li>hmotnost 640 kg<\/li><li>nejv\u00fdkonn\u011bj\u0161\u00ed d\u00e1lkov\u011b ovl\u00e1dan\u00fd mul\u010dova\u010d v lehk\u00e9 kategorii<\/li><li>p\u00e1sov\u00fd podvozek je uzp\u016fsoben\u00fd na rychlou j\u00edzdu i extr\u00e9mn\u00ed zat\u00e1\u010dec\u00ed man\u00e9vry na strm\u00fdch svaz\u00edch<\/li><li>d\u00edky p\u00e1s\u016fm nav\u00edc stroj p\u0159i j\u00edzd\u011b neni\u010d\u00ed podlo\u017e\u00ed<\/li><li>d\u00e1lkov\u011b ovl\u00e1dan\u00e9 jsou v\u0161echny pohyby stroje, sp\u00edn\u00e1n\u00ed \u017eac\u00edho \u00fastroj\u00ed, v\u00fd\u0161ka se\u010den\u00ed i svahov\u00e1 korekce rychlosti p\u00e1s\u016f<\/li><\/ul>\t\t\t\t\t\t\t\t<\/div>\n\t\t\t\t<\/div>\n\t\t\t\t\t<\/div>\n\t\t<\/div>\n\t\t\t\t\t<\/div>\n\t\t<\/section>\n\t\t\t\t<section class=\"elementor-section elementor-top-section elementor-element elementor-element-596f957 elementor-section-boxed elementor-section-height-default elementor-section-height-default\" data-id=\"596f957\" data-element_type=\"section\" data-e-type=\"section\">\n\t\t\t\t\t\t<div class=\"elementor-container elementor-column-gap-default\">\n\t\t\t\t\t<div class=\"elementor-column elementor-col-100 elementor-top-column elementor-element elementor-element-8df5d38\" data-id=\"8df5d38\" data-element_type=\"column\" data-e-type=\"column\">\n\t\t\t<div class=\"elementor-widget-wrap elementor-element-populated\">\n\t\t\t\t\t\t<div class=\"elementor-element elementor-element-babcaad elementor-widget elementor-widget-video\" data-id=\"babcaad\" data-element_type=\"widget\" data-e-type=\"widget\" data-settings=\"{&quot;youtube_url&quot;:&quot;https:\\\/\\\/youtu.be\\\/xyZoOlmj2_0&quot;,&quot;video_type&quot;:&quot;youtube&quot;,&quot;controls&quot;:&quot;yes&quot;}\" data-widget_type=\"video.default\">\n\t\t\t\t<div class=\"elementor-widget-container\">\n\t\t\t\t\t\t\t<div class=\"elementor-wrapper elementor-open-inline\">\n\t\t\t<div class=\"elementor-video\"><\/div>\t\t<\/div>\n\t\t\t\t\t\t<\/div>\n\t\t\t\t<\/div>\n\t\t\t\t\t<\/div>\n\t\t<\/div>\n\t\t\t\t\t<\/div>\n\t\t<\/section>\n\t\t\t\t<section class=\"elementor-section elementor-top-section elementor-element elementor-element-c32be49 elementor-section-boxed elementor-section-height-default elementor-section-height-default\" data-id=\"c32be49\" data-element_type=\"section\" data-e-type=\"section\">\n\t\t\t\t\t\t<div class=\"elementor-container elementor-column-gap-default\">\n\t\t\t\t\t<div class=\"elementor-column elementor-col-100 elementor-top-column elementor-element elementor-element-ddfb607\" data-id=\"ddfb607\" data-element_type=\"column\" data-e-type=\"column\">\n\t\t\t<div class=\"elementor-widget-wrap elementor-element-populated\">\n\t\t\t\t\t\t<div class=\"elementor-element elementor-element-5bf20b9 elementor-widget elementor-widget-text-editor\" data-id=\"5bf20b9\" data-element_type=\"widget\" data-e-type=\"widget\" data-widget_type=\"text-editor.default\">\n\t\t\t\t<div class=\"elementor-widget-container\">\n\t\t\t\t\t\t\t\t\t<ul><li>stroj je poh\u00e1n\u011bn motorem HONDA o v\u00fdkonu 26 HP<\/li><li>elektronick\u00e9 \u0159\u00edzen\u00ed motoru s modern\u00edm syst\u00e9mem vst\u0159ikov\u00e1n\u00ed paliva zaji\u0161\u0165uje optim\u00e1ln\u00ed p\u0159enos v\u00fdkonu i v nejn\u00e1ro\u010dn\u011bj\u0161\u00edch podm\u00ednk\u00e1ch<\/li><li>URS 100 d\u00edky jeho rozm\u011br\u016fm pohodln\u011b p\u0159eprav\u00edte na voz\u00edku nebo valn\u00edku<\/li><li>svahov\u00e1 seka\u010dka je navr\u017eena tak, aby zvl\u00e1dla pr\u00e1ci v extr\u00e9mn\u00edch podm\u00ednk\u00e1ch<\/li><li>zvl\u00e1dne p\u0159erostlou tr\u00e1vu i n\u00e1lety do pr\u016fm\u011bru a\u017e 6 cm.<\/li><\/ul>\t\t\t\t\t\t\t\t<\/div>\n\t\t\t\t<\/div>\n\t\t\t\t\t<\/div>\n\t\t<\/div>\n\t\t\t\t\t<\/div>\n\t\t<\/section>\n\t\t\t\t<section class=\"elementor-section elementor-top-section elementor-element elementor-element-d68c03a elementor-section-boxed elementor-section-height-default elementor-section-height-default\" data-id=\"d68c03a\" data-element_type=\"section\" data-e-type=\"section\">\n\t\t\t\t\t\t<div class=\"elementor-container elementor-column-gap-default\">\n\t\t\t\t\t<div class=\"elementor-column elementor-col-33 elementor-top-column elementor-element elementor-element-fd75d48\" data-id=\"fd75d48\" data-element_type=\"column\" data-e-type=\"column\">\n\t\t\t<div class=\"elementor-widget-wrap elementor-element-populated\">\n\t\t\t\t\t\t<div class=\"elementor-element elementor-element-5dfe1b9 elementor-widget elementor-widget-image\" data-id=\"5dfe1b9\" data-element_type=\"widget\" data-e-type=\"widget\" data-widget_type=\"image.default\">\n\t\t\t\t<div class=\"elementor-widget-container\">\n\t\t\t\t\t\t\t\t\t\t\t\t\t\t\t<img decoding=\"async\" width=\"290\" height=\"290\" src=\"https:\/\/recarprofi.cz\/wp-content\/uploads\/2026\/02\/stella7.jpg\" class=\"attachment-large size-large wp-image-32817\" alt=\"\" srcset=\"https:\/\/recarprofi.cz\/wp-content\/uploads\/2026\/02\/stella7.jpg 290w, https:\/\/recarprofi.cz\/wp-content\/uploads\/2026\/02\/stella7-100x100.jpg 100w\" sizes=\"(max-width: 290px) 100vw, 290px\" \/>\t\t\t\t\t\t\t\t\t\t\t\t\t\t\t<\/div>\n\t\t\t\t<\/div>\n\t\t\t\t\t<\/div>\n\t\t<\/div>\n\t\t\t\t<div class=\"elementor-column elementor-col-33 elementor-top-column elementor-element elementor-element-67c40b0\" data-id=\"67c40b0\" data-element_type=\"column\" data-e-type=\"column\">\n\t\t\t<div class=\"elementor-widget-wrap elementor-element-populated\">\n\t\t\t\t\t\t<div class=\"elementor-element elementor-element-55b3781 elementor-widget elementor-widget-image\" data-id=\"55b3781\" data-element_type=\"widget\" data-e-type=\"widget\" data-widget_type=\"image.default\">\n\t\t\t\t<div class=\"elementor-widget-container\">\n\t\t\t\t\t\t\t\t\t\t\t\t\t\t\t<img decoding=\"async\" width=\"290\" height=\"290\" src=\"https:\/\/recarprofi.cz\/wp-content\/uploads\/2026\/02\/stella8.jpg\" class=\"attachment-large size-large wp-image-32818\" alt=\"\" srcset=\"https:\/\/recarprofi.cz\/wp-content\/uploads\/2026\/02\/stella8.jpg 290w, https:\/\/recarprofi.cz\/wp-content\/uploads\/2026\/02\/stella8-100x100.jpg 100w\" sizes=\"(max-width: 290px) 100vw, 290px\" \/>\t\t\t\t\t\t\t\t\t\t\t\t\t\t\t<\/div>\n\t\t\t\t<\/div>\n\t\t\t\t\t<\/div>\n\t\t<\/div>\n\t\t\t\t<div class=\"elementor-column elementor-col-33 elementor-top-column elementor-element elementor-element-67d8e0c\" data-id=\"67d8e0c\" data-element_type=\"column\" data-e-type=\"column\">\n\t\t\t<div class=\"elementor-widget-wrap elementor-element-populated\">\n\t\t\t\t\t\t<div class=\"elementor-element elementor-element-d0e8db4 elementor-widget elementor-widget-image\" data-id=\"d0e8db4\" data-element_type=\"widget\" data-e-type=\"widget\" data-widget_type=\"image.default\">\n\t\t\t\t<div class=\"elementor-widget-container\">\n\t\t\t\t\t\t\t\t\t\t\t\t\t\t\t<img loading=\"lazy\" decoding=\"async\" width=\"290\" height=\"290\" src=\"https:\/\/recarprofi.cz\/wp-content\/uploads\/2026\/02\/stella5.jpg\" class=\"attachment-large size-large wp-image-32816\" alt=\"\" srcset=\"https:\/\/recarprofi.cz\/wp-content\/uploads\/2026\/02\/stella5.jpg 290w, https:\/\/recarprofi.cz\/wp-content\/uploads\/2026\/02\/stella5-100x100.jpg 100w\" sizes=\"(max-width: 290px) 100vw, 290px\" \/>\t\t\t\t\t\t\t\t\t\t\t\t\t\t\t<\/div>\n\t\t\t\t<\/div>\n\t\t\t\t\t<\/div>\n\t\t<\/div>\n\t\t\t\t\t<\/div>\n\t\t<\/section>\n\t\t\t\t<section class=\"elementor-section elementor-top-section elementor-element elementor-element-448d88e elementor-section-boxed elementor-section-height-default elementor-section-height-default\" data-id=\"448d88e\" data-element_type=\"section\" data-e-type=\"section\">\n\t\t\t\t\t\t<div class=\"elementor-container elementor-column-gap-default\">\n\t\t\t\t\t<div class=\"elementor-column elementor-col-100 elementor-top-column elementor-element elementor-element-ef378a9\" data-id=\"ef378a9\" data-element_type=\"column\" data-e-type=\"column\">\n\t\t\t<div class=\"elementor-widget-wrap elementor-element-populated\">\n\t\t\t\t\t\t<div class=\"elementor-element elementor-element-55cf420 elementor-widget elementor-widget-image\" data-id=\"55cf420\" data-element_type=\"widget\" data-e-type=\"widget\" data-widget_type=\"image.default\">\n\t\t\t\t<div class=\"elementor-widget-container\">\n\t\t\t\t\t\t\t\t\t\t\t\t\t\t\t<img loading=\"lazy\" decoding=\"async\" width=\"847\" height=\"565\" src=\"https:\/\/recarprofi.cz\/wp-content\/uploads\/2026\/02\/stella-1-1200x800.jpg\" class=\"attachment-large size-large wp-image-32823\" alt=\"\" srcset=\"https:\/\/recarprofi.cz\/wp-content\/uploads\/2026\/02\/stella-1-1200x800.jpg 1200w, https:\/\/recarprofi.cz\/wp-content\/uploads\/2026\/02\/stella-1-744x496.jpg 744w, https:\/\/recarprofi.cz\/wp-content\/uploads\/2026\/02\/stella-1-420x280.jpg 420w, https:\/\/recarprofi.cz\/wp-content\/uploads\/2026\/02\/stella-1-768x512.jpg 768w, https:\/\/recarprofi.cz\/wp-content\/uploads\/2026\/02\/stella-1-1536x1024.jpg 1536w, https:\/\/recarprofi.cz\/wp-content\/uploads\/2026\/02\/stella-1-2048x1366.jpg 2048w, https:\/\/recarprofi.cz\/wp-content\/uploads\/2026\/02\/stella-1-600x400.jpg 600w\" sizes=\"(max-width: 847px) 100vw, 847px\" \/>\t\t\t\t\t\t\t\t\t\t\t\t\t\t\t<\/div>\n\t\t\t\t<\/div>\n\t\t\t\t\t<\/div>\n\t\t<\/div>\n\t\t\t\t\t<\/div>\n\t\t<\/section>\n\t\t\t\t<\/div>\n\t\t","protected":false},"excerpt":{"rendered":"<p>d\u00e1lkov\u011b ovl\u00e1dan\u00e1 p\u00e1sov\u00e1 seka\u010dka extr\u00e9mn\u00ed ter\u00e9ny &#8211; svahy se sklonem a\u017e 60\u00b0 d\u00e1lkov\u011b nastaviteln\u00e1 v\u00fd\u0161ka se\u010den\u00ed horizont\u00e1ln\u00ed i vertik\u00e1ln\u00ed pohyb ve svahu se\u010den\u00ed v obou sm\u011brech hmotnost 640 kg nejv\u00fdkonn\u011bj\u0161\u00ed d\u00e1lkov\u011b ovl\u00e1dan\u00fd mul\u010dova\u010d v lehk\u00e9&hellip;<\/p>\n","protected":false},"author":1,"featured_media":32815,"parent":32223,"menu_order":3,"comment_status":"closed","ping_status":"closed","template":"","meta":{"footnotes":""},"class_list":["post-32828","page","type-page","status-publish","has-post-thumbnail","hentry"],"_links":{"self":[{"href":"https:\/\/recarprofi.cz\/uvod\/wp-json\/wp\/v2\/pages\/32828","targetHints":{"allow":["GET"]}}],"collection":[{"href":"https:\/\/recarprofi.cz\/uvod\/wp-json\/wp\/v2\/pages"}],"about":[{"href":"https:\/\/recarprofi.cz\/uvod\/wp-json\/wp\/v2\/types\/page"}],"author":[{"embeddable":true,"href":"https:\/\/recarprofi.cz\/uvod\/wp-json\/wp\/v2\/users\/1"}],"replies":[{"embeddable":true,"href":"https:\/\/recarprofi.cz\/uvod\/wp-json\/wp\/v2\/comments?post=32828"}],"version-history":[{"count":4,"href":"https:\/\/recarprofi.cz\/uvod\/wp-json\/wp\/v2\/pages\/32828\/revisions"}],"predecessor-version":[{"id":32834,"href":"https:\/\/recarprofi.cz\/uvod\/wp-json\/wp\/v2\/pages\/32828\/revisions\/32834"}],"up":[{"embeddable":true,"href":"https:\/\/recarprofi.cz\/uvod\/wp-json\/wp\/v2\/pages\/32223"}],"wp:featuredmedia":[{"embeddable":true,"href":"https:\/\/recarprofi.cz\/uvod\/wp-json\/wp\/v2\/media\/32815"}],"wp:attachment":[{"href":"https:\/\/recarprofi.cz\/uvod\/wp-json\/wp\/v2\/media?parent=32828"}],"curies":[{"name":"wp","href":"https:\/\/api.w.org\/{rel}","templated":true}]}}