{"id":3314,"date":"2013-03-13T09:51:16","date_gmt":"2013-03-13T08:51:16","guid":{"rendered":"http:\/\/recarprofi.cz\/?page_id=3314"},"modified":"2020-03-23T14:19:11","modified_gmt":"2020-03-23T13:19:11","slug":"agri-plus","status":"publish","type":"page","link":"https:\/\/recarprofi.cz\/uvod\/zemedelska-technika\/manipulace\/teleskopicke-manipulatory-dieci\/agri-plus\/","title":{"rendered":"Teleskopick\u00e9 manipul\u00e1tory Dieci Agri Plus"},"content":{"rendered":"\t\t<div data-elementor-type=\"wp-page\" data-elementor-id=\"3314\" class=\"elementor elementor-3314\">\n\t\t\t\t\t\t<section class=\"elementor-section elementor-top-section elementor-element elementor-element-c731766 elementor-section-boxed elementor-section-height-default elementor-section-height-default\" data-id=\"c731766\" data-element_type=\"section\" data-e-type=\"section\">\n\t\t\t\t\t\t<div class=\"elementor-container elementor-column-gap-default\">\n\t\t\t\t\t<div class=\"elementor-column elementor-col-100 elementor-top-column elementor-element elementor-element-c84cdf6\" data-id=\"c84cdf6\" data-element_type=\"column\" data-e-type=\"column\">\n\t\t\t<div class=\"elementor-widget-wrap elementor-element-populated\">\n\t\t\t\t\t\t<div class=\"elementor-element elementor-element-a1e8d55 elementor-widget elementor-widget-video\" data-id=\"a1e8d55\" data-element_type=\"widget\" data-e-type=\"widget\" data-settings=\"{&quot;youtube_url&quot;:&quot;https:\\\/\\\/youtu.be\\\/CekmUdXh6RM&quot;,&quot;video_type&quot;:&quot;youtube&quot;,&quot;controls&quot;:&quot;yes&quot;}\" data-widget_type=\"video.default\">\n\t\t\t\t<div class=\"elementor-widget-container\">\n\t\t\t\t\t\t\t<div class=\"elementor-wrapper elementor-open-inline\">\n\t\t\t<div class=\"elementor-video\"><\/div>\t\t<\/div>\n\t\t\t\t\t\t<\/div>\n\t\t\t\t<\/div>\n\t\t\t\t\t<\/div>\n\t\t<\/div>\n\t\t\t\t\t<\/div>\n\t\t<\/section>\n\t\t\t\t<section class=\"elementor-section elementor-top-section elementor-element elementor-element-39ca1ca elementor-section-boxed elementor-section-height-default elementor-section-height-default\" data-id=\"39ca1ca\" data-element_type=\"section\" data-e-type=\"section\">\n\t\t\t\t\t\t<div class=\"elementor-container elementor-column-gap-default\">\n\t\t\t\t\t<div class=\"elementor-column elementor-col-100 elementor-top-column elementor-element elementor-element-2002677\" data-id=\"2002677\" data-element_type=\"column\" data-e-type=\"column\">\n\t\t\t<div class=\"elementor-widget-wrap elementor-element-populated\">\n\t\t\t\t\t\t<div class=\"elementor-element elementor-element-1d1df40 elementor-widget elementor-widget-text-editor\" data-id=\"1d1df40\" data-element_type=\"widget\" data-e-type=\"widget\" data-widget_type=\"text-editor.default\">\n\t\t\t\t<div class=\"elementor-widget-container\">\n\t\t\t\t\t\t\t\t\t<p><strong>S\u00e1zka na pohodl\u00ed a vzhled<\/strong><br \/>Pro dosa\u017een\u00ed absolutn\u00ed kvality byla \u0159ada AGRI zcela p\u0159epracov\u00e1na. Byla obohacena futuristick\u00fdm designem a maxim\u00e1ln\u00edm komfortem nov\u00e9 kabiny, kterou navrhnul Giugiaro Design. AGRI PLUS, top model mezi zem\u011bd\u011blsk\u00fdmi teleskopick\u00fdmi manipul\u00e1tory Dieci, je velice konfortn\u00ed d\u00edky m\u011bkk\u00e9nu interi\u00e9ru pou\u017e\u00edvan\u00e9ho v\u00a0automobilov\u00e9m pr\u016fmyslu. D\u00e1le tu najdete v\u00edce m\u00edsta pro nohy a mo\u017enost nastaven\u00ed loketn\u00ed op\u011brky a sloupku \u0159\u00edzen\u00ed.<\/p><p>Vyh\u0159\u00edvan\u00e9 sedadlo je mo\u017en\u00e9 vybavit t\u0159emi r\u016fzn\u00fdmi zp\u016fsoby odpru\u017een\u00ed, zat\u00edmco protihlukov\u00e1 st\u0159echa, palubn\u00ed deska a roho\u017e izoluj\u00ed venkovn\u00ed hluk. Syst\u00e9m Zero Shock \u00fa\u010dinn\u011b sni\u017euje vibrace a nab\u00edz\u00ed vysok\u00fd komfort j\u00edzdy. Kabina je vybavena syst\u00e9mem pohlcuj\u00edc\u00edm r\u00e1zy s integrovan\u00fdm nastaven\u00edm, skl\u00e1daj\u00edc\u00ed se ze 4 podp\u011br, kter\u00e9 sni\u017euj\u00ed n\u00e1razy a ot\u0159esy . Klimatizace je d\u00edky kombinaci 6 pr\u016fduch\u016f, otv\u00edrateln\u00e9ho zadn\u00edho okna, st\u0159echy a s\u00a0elektricky ovl\u00e1dan\u00fdm bo\u010dn\u00ed oknem pln\u011b optimalizov\u00e1na. Krom\u011b toho dvojit\u00fd vzduchov\u00fd filtr chr\u00e1n\u00ed obsluhu p\u0159ed prachem a pachy.\u00a0<br \/><br \/>\u200bVelk\u00e1 okna zvy\u0161uj\u00ed viditelnost spolu a spolu s LED sv\u011btlomety um\u00edst\u011bn\u00fdmi na obvodu vozidla a na rameni m\u00e1te dokonal\u00fd p\u0159ehled. V\u0161e je umocn\u011bno, d\u00edky elektricky nastaviteln\u00fdm a vyh\u0159\u00edvan\u00fdm zrc\u00e1tk\u016fm s\u00a0funkc\u00ed proti zaml\u017een\u00ed a 7 &#8222;displeji, na kter\u00fd jsou napojeny 3 bezdr\u00e1tov\u00e9 kamery. Sm\u011br pohybu a rameno jsou ovl\u00e1d\u00e1ny nov\u00fdm joystickem CAN-bus. Vario pohon umo\u017e\u0148uje 4 re\u017eimy j\u00edzdy: Normal, ECO, Plaziv\u00e1 rychlost a naklada\u010d.<\/p><p><strong>Nov\u00e9 pohony pro lep\u0161\u00ed produktivitu<\/strong><br \/>Dieci jako dlouholet\u00fd l\u00eddr v oblasti teleskopick\u00fdch manipul\u00e1tor\u016f p\u0159ich\u00e1z\u00ed s \u0159adou AGRI PLUS Evo 2, kter\u00e1 je speci\u00e1ln\u011b ur\u010dena pro n\u00e1ro\u010dn\u00e9 po\u017eadavky intenzivn\u00edho zem\u011bd\u011blstv\u00ed. Nikdy nebylo snaz\u0161\u00ed z\u00edskat produktivitu, bezpe\u010dnost a spolehlivost na tak vysok\u00e9 \u00farovni. V pln\u00e9m souladu s p\u0159\u00edsn\u00fdmi bezpe\u010dnostn\u00edmi p\u0159edpisy \u00a0a s mimo\u0159\u00e1dnou flexibilitou z\u00edsk\u00e1te ve stroji Dieci nejlep\u0161\u00ed v\u00fdkony tam, kde jsou velmi t\u011b\u017ek\u00e9 a rychl\u00e9 pracovn\u00ed cykly.\u00a0<\/p><p>D\u016fmysln\u00fd syst\u00e9m tlumen\u00ed r\u00e1z\u016f \u201eEASY RIDE\u201c je zapojen do hydraulick\u00e9ho okruhuzvedac\u00edho v\u00e1lce v\u00fdlo\u017en\u00edku. Extr\u00e9mn\u011b sni\u017euje r\u00e1zy nejen ve v\u00fdlo\u017en\u00edku, ale i v cel\u00e9m stroji. Sni\u017euje ot\u0159esy, usnad\u0148uje a zrychluje p\u0159ejezdy p\u0159i j\u00edzd\u011b po nerovn\u00e9m povrchu, ale i po nekvalitn\u00edm povrchu ve\u0159ejn\u00fdch komunikac\u00ed. Pro ty nejt\u011b\u017e\u0161\u00ed pr\u00e1ce lze snadno vypnout a po jejich dokon\u010den\u00ed op\u011bt aktivovat.<\/p><p>Vysok\u00e9 tepeln\u00e9 nam\u00e1h\u00e1n\u00ed zp\u016fsoben\u00e9 dlouhodob\u00fdm zat\u00ed\u017een\u00edm nem\u00e1 na teleskopick\u00e9 manipul\u00e1tory Dieci vliv. Prevenc\u00ed p\u0159eh\u0159\u00e1t\u00ed je dvojit\u00fd chladic\u00ed okruh se dv\u011bma chladi\u010di a dv\u011bma ventil\u00e1tory, kter\u00e9 umo\u017e\u0148uj\u00ed sn\u00ed\u017eit teplotu oleje v okruhu pohonu i v hydraulick\u00e9m okruhu, pro funkce ramene manipul\u00e1toru.\u00a0<br \/>N\u00e1dr\u017e o velikosti 180 litr\u016f a spot\u0159eba sn\u00ed\u017een\u00e1 a\u017e o 27% garantuj\u00ed rekordn\u00ed pracovn\u00ed rozsah a podstatn\u011b sni\u017euj\u00ed \u010detnost tankov\u00e1n\u00ed.\u00a0<\/p><p><strong>Pohon Vario Evo 2<\/strong><\/p><p>Pr\u00e1ce ve st\u00e1ji, nakl\u00e1d\u00e1n\u00ed na n\u00e1kladn\u00ed auta, rozhrnov\u00e1n\u00ed sil\u00e1\u017ee, nakl\u00e1d\u00e1n\u00ed rozmetadla hnoje nebo tah\u00e1n\u00ed t\u011b\u017ek\u00e9ho n\u00e1v\u011bsu za manipul\u00e1torem. U toho m\u016f\u017eete t\u0159eba rychle p\u0159ejet na jinou farmu.\u00a0Unik\u00e1tnost \u0159e\u0161en\u00ed spo\u010d\u00edv\u00e1 v pou\u017eit\u00ed dvou hydromotor\u016f, kter\u00e9 jsou p\u0159ipojeny k mechanick\u00e9 p\u0159evodovce a pracuj\u00ed nez\u00e1visle na sob\u011b, p\u0159\u00edpadn\u011b oba najednou.<\/p>\t\t\t\t\t\t\t\t<\/div>\n\t\t\t\t<\/div>\n\t\t\t\t\t<\/div>\n\t\t<\/div>\n\t\t\t\t\t<\/div>\n\t\t<\/section>\n\t\t\t\t<section class=\"elementor-section elementor-top-section elementor-element elementor-element-7b9d2e8 elementor-section-boxed elementor-section-height-default elementor-section-height-default\" data-id=\"7b9d2e8\" data-element_type=\"section\" data-e-type=\"section\">\n\t\t\t\t\t\t<div class=\"elementor-container elementor-column-gap-default\">\n\t\t\t\t\t<div class=\"elementor-column elementor-col-100 elementor-top-column elementor-element elementor-element-00435ac\" data-id=\"00435ac\" data-element_type=\"column\" data-e-type=\"column\">\n\t\t\t<div class=\"elementor-widget-wrap elementor-element-populated\">\n\t\t\t\t\t\t<section class=\"elementor-section elementor-inner-section elementor-element elementor-element-c3f3597 elementor-section-boxed elementor-section-height-default elementor-section-height-default\" data-id=\"c3f3597\" data-element_type=\"section\" data-e-type=\"section\">\n\t\t\t\t\t\t<div class=\"elementor-container elementor-column-gap-default\">\n\t\t\t\t\t<div class=\"elementor-column elementor-col-50 elementor-inner-column elementor-element elementor-element-3801bff\" data-id=\"3801bff\" data-element_type=\"column\" data-e-type=\"column\">\n\t\t\t<div class=\"elementor-widget-wrap elementor-element-populated\">\n\t\t\t\t\t\t<div class=\"elementor-element elementor-element-9fce6d5 elementor-widget elementor-widget-text-editor\" data-id=\"9fce6d5\" data-element_type=\"widget\" data-e-type=\"widget\" data-widget_type=\"text-editor.default\">\n\t\t\t\t<div class=\"elementor-widget-container\">\n\t\t\t\t\t\t\t\t\t<p><strong>Agri Plus 42.7 VS EVO2<\/strong><\/p><table class=\"small-space-bottom table-same-height\"><tbody><tr><td>Maxim\u00e1ln\u00ed nosnost (kg)<\/td><td>4200<\/td><\/tr><tr><td>Maxim\u00e1ln\u00ed dosah (m)<\/td><td>6,9<\/td><\/tr><tr><td>Maxim\u00e1ln\u00ed horizont\u00e1ln\u00ed dosah (m)<\/td><td>3,75<\/td><\/tr><tr><td>\u00dahel rotace nosi\u010de n\u00e1\u0159ad\u00ed<\/td><td>146<\/td><\/tr><tr><td>Trhac\u00ed s\u00edla (daN)<\/td><td>6000<\/td><\/tr><tr><td>Ta\u017en\u00e1 s\u00edla (daN)<\/td><td>8200<\/td><\/tr><tr><td>Svahov\u00e1 dostupnost<\/td><td>60%<\/td><\/tr><tr><td>Celkov\u00e1 hmotnost nezat\u00ed\u017een\u00e9ho stroje (kg)<\/td><td>8500<\/td><\/tr><tr><td>Maxim\u00e1ln\u00ed rychlost (km\/h)<\/td><td>40<\/td><\/tr><\/tbody><\/table><p>\u00a0<\/p><p class=\"specification-title\"><strong>Pneumatiky<\/strong><\/p><div class=\"specification\"><table class=\"small-space-bottom table-same-height\"><tbody><tr><td>Standard<\/td><td>460-60 R24\u201c<\/td><\/tr><tr><td>Na p\u0159\u00e1n\u00ed<\/td><td>18-22.5&#8243;; 18 R22.5(445\/70 R24);19.5 LR 24 (500\/70 R24)<\/td><\/tr><\/tbody><\/table><\/div><p>\u00a0<\/p><p class=\"specification-title\"><strong>Motor<\/strong><\/p><div class=\"specification\"><table class=\"small-space-bottom table-same-height\"><tbody><tr><td>Typ<\/td><td>FPT<\/td><\/tr><tr><td>Nomin\u00e1ln\u00ed v\u00fdkon kW (kon\u00ed)<\/td><td>103 (138)<\/td><\/tr><tr><td>Maxim\u00e1ln\u00ed v\u00fdkon kW (kon\u00ed)<\/td><td>114 (153)<\/td><\/tr><tr><td>P\u0159i ot.\/min<\/td><td>2200<\/td><\/tr><tr><td>Druh<\/td><td>4-taktn\u00ed naftov\u00fd<\/td><\/tr><tr><td>Vst\u0159ikov\u00e1n\u00ed<\/td><td>Elektronicky \u0159\u00edzen\u00e9, commonrail<\/td><\/tr><tr><td>Po\u010det a um\u00edst\u011bn\u00ed v\u00e1lc\u016f<\/td><td>4 v\u00e1lcov\u00fd, \u0159adov\u00fd, vertik\u00e1ln\u00ed<\/td><\/tr><tr><td>Objem motoru (cm3)<\/td><td>4485<\/td><\/tr><tr><td>Spot\u0159eba (g\/kWh)<\/td><td>205,9<\/td><\/tr><tr><td>Emisn\u00ed norma<\/td><td>Stage IV\/Tier 4f<\/td><\/tr><tr><td>P\u0159epl\u0148ovan\u00fd s mezichladi\u010dem stla\u010den\u00e9ho vzduchu<\/td><\/tr><tr><td>Chlazen\u00ed<\/td><td>Chladic\u00ed kapalinou<\/td><\/tr><\/tbody><\/table><\/div><p>\u00a0<\/p><p class=\"specification-title\"><strong>N\u00e1pravy<\/strong><\/p><div class=\"specification\"><table class=\"small-space-bottom table-same-height\"><tbody><tr><td>\u0158\u00edzen\u00e9 n\u00e1pravy<\/td><td>2 s koncov\u00fdmi planetov\u00fdmi p\u0159evody<\/td><\/tr><tr><td>\u0158\u00edzen\u00ed<\/td><td>4 kola\/krab\u00ed chod\/2 kola<\/td><\/tr><tr><td>P\u0159edn\u00ed n\u00e1prava<\/td><td>pevn\u00e1<\/td><\/tr><tr><td>Zadn\u00ed n\u00e1prava<\/td><td>ulo\u017eena v\u00fdkyvn\u011b<\/td><\/tr><tr><td>Hydraulick\u00e9 brzdy s posilova\u010dem v olejov\u00e9 l\u00e1zni na 4 kolech<\/td><\/tr><tr><td>Negativn\u00ed parkovac\u00ed brzda<\/td><\/tr><\/tbody><\/table><\/div>\t\t\t\t\t\t\t\t<\/div>\n\t\t\t\t<\/div>\n\t\t\t\t\t<\/div>\n\t\t<\/div>\n\t\t\t\t<div class=\"elementor-column elementor-col-50 elementor-inner-column elementor-element elementor-element-0cf8bde\" data-id=\"0cf8bde\" data-element_type=\"column\" data-e-type=\"column\">\n\t\t\t<div class=\"elementor-widget-wrap elementor-element-populated\">\n\t\t\t\t\t\t<div class=\"elementor-element elementor-element-8be0c63 elementor-widget elementor-widget-text-editor\" data-id=\"8be0c63\" data-element_type=\"widget\" data-e-type=\"widget\" data-widget_type=\"text-editor.default\">\n\t\t\t\t<div class=\"elementor-widget-container\">\n\t\t\t\t\t\t\t\t\t<p><strong>Agri Plus 40.9 VS EVO2<\/strong><\/p><table class=\"small-space-bottom table-same-height\"><tbody><tr><td>Maxim\u00e1ln\u00ed nosnost (kg)<\/td><td>4000<\/td><\/tr><tr><td>Maxim\u00e1ln\u00ed dosah (m)<\/td><td>8,9<\/td><\/tr><tr><td>Maxim\u00e1ln\u00ed horizont\u00e1ln\u00ed dosah (m)<\/td><td>5,8<\/td><\/tr><tr><td>\u00dahel rotace nosi\u010de n\u00e1\u0159ad\u00ed<\/td><td>146<\/td><\/tr><tr><td>Trhac\u00ed s\u00edla (daN)<\/td><td>6000<\/td><\/tr><tr><td>Ta\u017en\u00e1 s\u00edla (daN)<\/td><td>8800<\/td><\/tr><tr><td>Svahov\u00e1 dostupnost<\/td><td>60%<\/td><\/tr><tr><td>Celkov\u00e1 hmotnost nezat\u00ed\u017een\u00e9ho stroje (kg)<\/td><td>8500<\/td><\/tr><tr><td>Maxim\u00e1ln\u00ed rychlost (km\/h)<\/td><td>40<\/td><\/tr><\/tbody><\/table><p>\u00a0<\/p><p class=\"specification-title\"><strong>Pneumatiky<\/strong><\/p><div class=\"specification\"><table class=\"small-space-bottom table-same-height\"><tbody><tr><td>Standard<\/td><td>460-60 R24\u201c<\/td><\/tr><tr><td>Na p\u0159\u00e1n\u00ed<\/td><td>18-22.5&#8243;; 18 R22.5(445\/70 R24);19.5 LR 24 (500\/70 R24)<\/td><\/tr><\/tbody><\/table><\/div><p>\u00a0<\/p><p class=\"specification-title\"><strong>Motor<\/strong><\/p><div class=\"specification\"><table class=\"small-space-bottom table-same-height\"><tbody><tr><td>Typ<\/td><td>FPT<\/td><\/tr><tr><td>Nomin\u00e1ln\u00ed v\u00fdkon kW (kon\u00ed)<\/td><td>103 (138)<\/td><\/tr><tr><td>Maxim\u00e1ln\u00ed v\u00fdkon kW (kon\u00ed)<\/td><td>114 (153)<\/td><\/tr><tr><td>P\u0159i ot.\/min<\/td><td>2200<\/td><\/tr><tr><td>Druh<\/td><td>4-taktn\u00ed naftov\u00fd<\/td><\/tr><tr><td>Vst\u0159ikov\u00e1n\u00ed<\/td><td>Elektronicky \u0159\u00edzen\u00e9, commonrail<\/td><\/tr><tr><td>Po\u010det a um\u00edst\u011bn\u00ed v\u00e1lc\u016f<\/td><td>4 v\u00e1lcov\u00fd, \u0159adov\u00fd, vertik\u00e1ln\u00ed<\/td><\/tr><tr><td>Objem motoru (cm3)<\/td><td>4485<\/td><\/tr><tr><td>Spot\u0159eba (g\/kWh)<\/td><td>205,9<\/td><\/tr><tr><td>Emisn\u00ed norma<\/td><td>Stage IV\/Tier 4f<\/td><\/tr><tr><td>P\u0159epl\u0148ovan\u00fd s mezichladi\u010dem stla\u010den\u00e9ho vzduchu<\/td><\/tr><tr><td>Chlazen\u00ed<\/td><td>Chladic\u00ed kapalinou<\/td><\/tr><\/tbody><\/table><\/div><p>\u00a0<\/p><p class=\"specification-title\"><strong>N\u00e1pravy<\/strong><\/p><div class=\"specification\"><table class=\"small-space-bottom table-same-height\"><tbody><tr><td>\u0158\u00edzen\u00e9 n\u00e1pravy<\/td><td>2 s koncov\u00fdmi planetov\u00fdmi p\u0159evody<\/td><\/tr><tr><td>\u0158\u00edzen\u00ed<\/td><td>4 kola\/krab\u00ed chod\/2 kola<\/td><\/tr><tr><td>P\u0159edn\u00ed n\u00e1prava<\/td><td>pevn\u00e1<\/td><\/tr><tr><td>Zadn\u00ed n\u00e1prava<\/td><td>ulo\u017eena v\u00fdkyvn\u011b<\/td><\/tr><tr><td>Hydraulick\u00e9 brzdy s posilova\u010dem v olejov\u00e9 l\u00e1zni na 4 kolech<\/td><\/tr><tr><td>Negativn\u00ed parkovac\u00ed brzda<\/td><\/tr><\/tbody><\/table><\/div>\t\t\t\t\t\t\t\t<\/div>\n\t\t\t\t<\/div>\n\t\t\t\t\t<\/div>\n\t\t<\/div>\n\t\t\t\t\t<\/div>\n\t\t<\/section>\n\t\t\t\t\t<\/div>\n\t\t<\/div>\n\t\t\t\t\t<\/div>\n\t\t<\/section>\n\t\t\t\t<section class=\"elementor-section elementor-top-section elementor-element elementor-element-91b9870 elementor-section-boxed elementor-section-height-default elementor-section-height-default\" data-id=\"91b9870\" data-element_type=\"section\" data-e-type=\"section\">\n\t\t\t\t\t\t<div class=\"elementor-container elementor-column-gap-default\">\n\t\t\t\t\t<div class=\"elementor-column elementor-col-100 elementor-top-column elementor-element elementor-element-8c89492\" data-id=\"8c89492\" data-element_type=\"column\" data-e-type=\"column\">\n\t\t\t<div class=\"elementor-widget-wrap elementor-element-populated\">\n\t\t\t\t\t\t<div class=\"elementor-element elementor-element-dbd0ad8 elementor-widget elementor-widget-image-gallery\" data-id=\"dbd0ad8\" data-element_type=\"widget\" data-e-type=\"widget\" data-widget_type=\"image-gallery.default\">\n\t\t\t\t<div class=\"elementor-widget-container\">\n\t\t\t\t\t\t\t<div class=\"elementor-image-gallery\">\n\t\t\t\n\t\t<style type=\"text\/css\">\n\t\t\t#gallery-1 {\n\t\t\t\tmargin: auto;\n\t\t\t}\n\t\t\t#gallery-1 .gallery-item {\n\t\t\t\tfloat: left;\n\t\t\t\tmargin-top: 10px;\n\t\t\t\ttext-align: center;\n\t\t\t\twidth: 25%;\n\t\t\t}\n\t\t\t#gallery-1 img {\n\t\t\t\tborder: 2px solid #cfcfcf;\n\t\t\t}\n\t\t\t#gallery-1 .gallery-caption {\n\t\t\t\tmargin-left: 0;\n\t\t\t}\n\t\t\t\/* see gallery_shortcode() in wp-includes\/media.php *\/\n\t\t<\/style>\n\t\t<div id='gallery-1' class='gallery galleryid-3314 gallery-columns-4 gallery-size-thumbnail'><dl class='gallery-item'>\n\t\t\t<dt class='gallery-icon landscape'>\n\t\t\t\t<a data-elementor-open-lightbox=\"yes\" data-elementor-lightbox-slideshow=\"dbd0ad8\" data-elementor-lightbox-title=\"dieci agriplus5\" data-e-action-hash=\"#elementor-action%3Aaction%3Dlightbox%26settings%3DeyJpZCI6MTg4NjYsInVybCI6Imh0dHBzOlwvXC9yZWNhcnByb2ZpLmN6XC93cC1jb250ZW50XC91cGxvYWRzXC8yMDIwXC8wMVwvZGllY2ktYWdyaXBsdXM1LmpwZWciLCJzbGlkZXNob3ciOiJkYmQwYWQ4In0%3D\" href='https:\/\/recarprofi.cz\/wp-content\/uploads\/2020\/01\/dieci-agriplus5.jpeg'><img fetchpriority=\"high\" decoding=\"async\" width=\"420\" height=\"171\" src=\"https:\/\/recarprofi.cz\/wp-content\/uploads\/2020\/01\/dieci-agriplus5-420x171.jpeg\" class=\"attachment-thumbnail size-thumbnail\" alt=\"\" srcset=\"https:\/\/recarprofi.cz\/wp-content\/uploads\/2020\/01\/dieci-agriplus5-420x171.jpeg 420w, https:\/\/recarprofi.cz\/wp-content\/uploads\/2020\/01\/dieci-agriplus5-600x244.jpeg 600w, https:\/\/recarprofi.cz\/wp-content\/uploads\/2020\/01\/dieci-agriplus5-744x302.jpeg 744w, https:\/\/recarprofi.cz\/wp-content\/uploads\/2020\/01\/dieci-agriplus5-1200x488.jpeg 1200w, https:\/\/recarprofi.cz\/wp-content\/uploads\/2020\/01\/dieci-agriplus5-768x312.jpeg 768w, https:\/\/recarprofi.cz\/wp-content\/uploads\/2020\/01\/dieci-agriplus5-1536x624.jpeg 1536w, https:\/\/recarprofi.cz\/wp-content\/uploads\/2020\/01\/dieci-agriplus5.jpeg 1920w\" sizes=\"(max-width: 420px) 100vw, 420px\" \/><\/a>\n\t\t\t<\/dt><\/dl><dl class='gallery-item'>\n\t\t\t<dt class='gallery-icon landscape'>\n\t\t\t\t<a data-elementor-open-lightbox=\"yes\" data-elementor-lightbox-slideshow=\"dbd0ad8\" data-elementor-lightbox-title=\"dieci agriplus6\" data-e-action-hash=\"#elementor-action%3Aaction%3Dlightbox%26settings%3DeyJpZCI6MTg4NjcsInVybCI6Imh0dHBzOlwvXC9yZWNhcnByb2ZpLmN6XC93cC1jb250ZW50XC91cGxvYWRzXC8yMDIwXC8wMVwvZGllY2ktYWdyaXBsdXM2LmpwZWciLCJzbGlkZXNob3ciOiJkYmQwYWQ4In0%3D\" href='https:\/\/recarprofi.cz\/wp-content\/uploads\/2020\/01\/dieci-agriplus6.jpeg'><img decoding=\"async\" width=\"420\" height=\"280\" src=\"https:\/\/recarprofi.cz\/wp-content\/uploads\/2020\/01\/dieci-agriplus6-420x280.jpeg\" class=\"attachment-thumbnail size-thumbnail\" alt=\"\" srcset=\"https:\/\/recarprofi.cz\/wp-content\/uploads\/2020\/01\/dieci-agriplus6-420x280.jpeg 420w, https:\/\/recarprofi.cz\/wp-content\/uploads\/2020\/01\/dieci-agriplus6-600x400.jpeg 600w, https:\/\/recarprofi.cz\/wp-content\/uploads\/2020\/01\/dieci-agriplus6-744x496.jpeg 744w, https:\/\/recarprofi.cz\/wp-content\/uploads\/2020\/01\/dieci-agriplus6-1200x800.jpeg 1200w, https:\/\/recarprofi.cz\/wp-content\/uploads\/2020\/01\/dieci-agriplus6-768x512.jpeg 768w, https:\/\/recarprofi.cz\/wp-content\/uploads\/2020\/01\/dieci-agriplus6-1536x1025.jpeg 1536w\" sizes=\"(max-width: 420px) 100vw, 420px\" \/><\/a>\n\t\t\t<\/dt><\/dl><dl class='gallery-item'>\n\t\t\t<dt class='gallery-icon landscape'>\n\t\t\t\t<a data-elementor-open-lightbox=\"yes\" data-elementor-lightbox-slideshow=\"dbd0ad8\" data-elementor-lightbox-title=\"dieci agrimax6\" data-e-action-hash=\"#elementor-action%3Aaction%3Dlightbox%26settings%3DeyJpZCI6MTg4MzcsInVybCI6Imh0dHBzOlwvXC9yZWNhcnByb2ZpLmN6XC93cC1jb250ZW50XC91cGxvYWRzXC8yMDIwXC8wMVwvZGllY2ktYWdyaW1heDYtc2NhbGVkLmpwZyIsInNsaWRlc2hvdyI6ImRiZDBhZDgifQ%3D%3D\" href='https:\/\/recarprofi.cz\/wp-content\/uploads\/2020\/01\/dieci-agrimax6-scaled.jpg'><img decoding=\"async\" width=\"420\" height=\"280\" src=\"https:\/\/recarprofi.cz\/wp-content\/uploads\/2020\/01\/dieci-agrimax6-420x280.jpg\" class=\"attachment-thumbnail size-thumbnail\" alt=\"\" srcset=\"https:\/\/recarprofi.cz\/wp-content\/uploads\/2020\/01\/dieci-agrimax6-420x280.jpg 420w, https:\/\/recarprofi.cz\/wp-content\/uploads\/2020\/01\/dieci-agrimax6-scaled-600x400.jpg 600w, https:\/\/recarprofi.cz\/wp-content\/uploads\/2020\/01\/dieci-agrimax6-744x496.jpg 744w, https:\/\/recarprofi.cz\/wp-content\/uploads\/2020\/01\/dieci-agrimax6-1200x800.jpg 1200w, https:\/\/recarprofi.cz\/wp-content\/uploads\/2020\/01\/dieci-agrimax6-768x512.jpg 768w, https:\/\/recarprofi.cz\/wp-content\/uploads\/2020\/01\/dieci-agrimax6-1536x1024.jpg 1536w, https:\/\/recarprofi.cz\/wp-content\/uploads\/2020\/01\/dieci-agrimax6-2048x1365.jpg 2048w\" sizes=\"(max-width: 420px) 100vw, 420px\" \/><\/a>\n\t\t\t<\/dt><\/dl><dl class='gallery-item'>\n\t\t\t<dt class='gallery-icon landscape'>\n\t\t\t\t<a data-elementor-open-lightbox=\"yes\" data-elementor-lightbox-slideshow=\"dbd0ad8\" data-elementor-lightbox-title=\"dieci agriplus7\" data-e-action-hash=\"#elementor-action%3Aaction%3Dlightbox%26settings%3DeyJpZCI6MTg4NjgsInVybCI6Imh0dHBzOlwvXC9yZWNhcnByb2ZpLmN6XC93cC1jb250ZW50XC91cGxvYWRzXC8yMDIwXC8wMVwvZGllY2ktYWdyaXBsdXM3LmpwZWciLCJzbGlkZXNob3ciOiJkYmQwYWQ4In0%3D\" href='https:\/\/recarprofi.cz\/wp-content\/uploads\/2020\/01\/dieci-agriplus7.jpeg'><img loading=\"lazy\" decoding=\"async\" width=\"420\" height=\"280\" src=\"https:\/\/recarprofi.cz\/wp-content\/uploads\/2020\/01\/dieci-agriplus7-420x280.jpeg\" class=\"attachment-thumbnail size-thumbnail\" alt=\"\" srcset=\"https:\/\/recarprofi.cz\/wp-content\/uploads\/2020\/01\/dieci-agriplus7-420x280.jpeg 420w, https:\/\/recarprofi.cz\/wp-content\/uploads\/2020\/01\/dieci-agriplus7-600x400.jpeg 600w, https:\/\/recarprofi.cz\/wp-content\/uploads\/2020\/01\/dieci-agriplus7-744x496.jpeg 744w, https:\/\/recarprofi.cz\/wp-content\/uploads\/2020\/01\/dieci-agriplus7-1200x800.jpeg 1200w, https:\/\/recarprofi.cz\/wp-content\/uploads\/2020\/01\/dieci-agriplus7-768x512.jpeg 768w, https:\/\/recarprofi.cz\/wp-content\/uploads\/2020\/01\/dieci-agriplus7-1536x1025.jpeg 1536w\" sizes=\"(max-width: 420px) 100vw, 420px\" \/><\/a>\n\t\t\t<\/dt><\/dl><br style=\"clear: both\" \/><dl class='gallery-item'>\n\t\t\t<dt class='gallery-icon landscape'>\n\t\t\t\t<a data-elementor-open-lightbox=\"yes\" data-elementor-lightbox-slideshow=\"dbd0ad8\" data-elementor-lightbox-title=\"dieci agriplus8\" data-e-action-hash=\"#elementor-action%3Aaction%3Dlightbox%26settings%3DeyJpZCI6MTg4NjksInVybCI6Imh0dHBzOlwvXC9yZWNhcnByb2ZpLmN6XC93cC1jb250ZW50XC91cGxvYWRzXC8yMDIwXC8wMVwvZGllY2ktYWdyaXBsdXM4LXNjYWxlZC5qcGVnIiwic2xpZGVzaG93IjoiZGJkMGFkOCJ9\" href='https:\/\/recarprofi.cz\/wp-content\/uploads\/2020\/01\/dieci-agriplus8-scaled.jpeg'><img loading=\"lazy\" decoding=\"async\" width=\"420\" height=\"280\" src=\"https:\/\/recarprofi.cz\/wp-content\/uploads\/2020\/01\/dieci-agriplus8-420x280.jpeg\" class=\"attachment-thumbnail size-thumbnail\" alt=\"\" srcset=\"https:\/\/recarprofi.cz\/wp-content\/uploads\/2020\/01\/dieci-agriplus8-420x280.jpeg 420w, https:\/\/recarprofi.cz\/wp-content\/uploads\/2020\/01\/dieci-agriplus8-scaled-600x400.jpeg 600w, https:\/\/recarprofi.cz\/wp-content\/uploads\/2020\/01\/dieci-agriplus8-744x496.jpeg 744w, https:\/\/recarprofi.cz\/wp-content\/uploads\/2020\/01\/dieci-agriplus8-1200x800.jpeg 1200w, https:\/\/recarprofi.cz\/wp-content\/uploads\/2020\/01\/dieci-agriplus8-768x512.jpeg 768w, https:\/\/recarprofi.cz\/wp-content\/uploads\/2020\/01\/dieci-agriplus8-1536x1024.jpeg 1536w, https:\/\/recarprofi.cz\/wp-content\/uploads\/2020\/01\/dieci-agriplus8-2048x1365.jpeg 2048w\" sizes=\"(max-width: 420px) 100vw, 420px\" \/><\/a>\n\t\t\t<\/dt><\/dl><dl class='gallery-item'>\n\t\t\t<dt class='gallery-icon landscape'>\n\t\t\t\t<a data-elementor-open-lightbox=\"yes\" data-elementor-lightbox-slideshow=\"dbd0ad8\" data-elementor-lightbox-title=\"dieci agriplus9\" data-e-action-hash=\"#elementor-action%3Aaction%3Dlightbox%26settings%3DeyJpZCI6MTg4NzEsInVybCI6Imh0dHBzOlwvXC9yZWNhcnByb2ZpLmN6XC93cC1jb250ZW50XC91cGxvYWRzXC8yMDIwXC8wMVwvZGllY2ktYWdyaXBsdXM5LmpwZWciLCJzbGlkZXNob3ciOiJkYmQwYWQ4In0%3D\" href='https:\/\/recarprofi.cz\/wp-content\/uploads\/2020\/01\/dieci-agriplus9.jpeg'><img loading=\"lazy\" decoding=\"async\" width=\"420\" height=\"280\" src=\"https:\/\/recarprofi.cz\/wp-content\/uploads\/2020\/01\/dieci-agriplus9-420x280.jpeg\" class=\"attachment-thumbnail size-thumbnail\" alt=\"\" srcset=\"https:\/\/recarprofi.cz\/wp-content\/uploads\/2020\/01\/dieci-agriplus9-420x280.jpeg 420w, https:\/\/recarprofi.cz\/wp-content\/uploads\/2020\/01\/dieci-agriplus9-600x400.jpeg 600w, https:\/\/recarprofi.cz\/wp-content\/uploads\/2020\/01\/dieci-agriplus9-744x496.jpeg 744w, https:\/\/recarprofi.cz\/wp-content\/uploads\/2020\/01\/dieci-agriplus9-1200x800.jpeg 1200w, https:\/\/recarprofi.cz\/wp-content\/uploads\/2020\/01\/dieci-agriplus9-768x512.jpeg 768w, https:\/\/recarprofi.cz\/wp-content\/uploads\/2020\/01\/dieci-agriplus9-1536x1025.jpeg 1536w\" sizes=\"(max-width: 420px) 100vw, 420px\" \/><\/a>\n\t\t\t<\/dt><\/dl><dl class='gallery-item'>\n\t\t\t<dt class='gallery-icon landscape'>\n\t\t\t\t<a data-elementor-open-lightbox=\"yes\" data-elementor-lightbox-slideshow=\"dbd0ad8\" data-elementor-lightbox-title=\"dieci agriplus10\" data-e-action-hash=\"#elementor-action%3Aaction%3Dlightbox%26settings%3DeyJpZCI6MTg4NzIsInVybCI6Imh0dHBzOlwvXC9yZWNhcnByb2ZpLmN6XC93cC1jb250ZW50XC91cGxvYWRzXC8yMDIwXC8wMVwvZGllY2ktYWdyaXBsdXMxMC5qcGVnIiwic2xpZGVzaG93IjoiZGJkMGFkOCJ9\" href='https:\/\/recarprofi.cz\/wp-content\/uploads\/2020\/01\/dieci-agriplus10.jpeg'><img loading=\"lazy\" decoding=\"async\" width=\"420\" height=\"280\" src=\"https:\/\/recarprofi.cz\/wp-content\/uploads\/2020\/01\/dieci-agriplus10-420x280.jpeg\" class=\"attachment-thumbnail size-thumbnail\" alt=\"\" srcset=\"https:\/\/recarprofi.cz\/wp-content\/uploads\/2020\/01\/dieci-agriplus10-420x280.jpeg 420w, https:\/\/recarprofi.cz\/wp-content\/uploads\/2020\/01\/dieci-agriplus10-600x400.jpeg 600w, https:\/\/recarprofi.cz\/wp-content\/uploads\/2020\/01\/dieci-agriplus10-744x496.jpeg 744w, https:\/\/recarprofi.cz\/wp-content\/uploads\/2020\/01\/dieci-agriplus10-1200x800.jpeg 1200w, https:\/\/recarprofi.cz\/wp-content\/uploads\/2020\/01\/dieci-agriplus10-768x512.jpeg 768w, https:\/\/recarprofi.cz\/wp-content\/uploads\/2020\/01\/dieci-agriplus10-1536x1025.jpeg 1536w\" sizes=\"(max-width: 420px) 100vw, 420px\" \/><\/a>\n\t\t\t<\/dt><\/dl>\n\t\t\t<br style='clear: both' \/>\n\t\t<\/div>\n\t\t<\/div>\n\t\t\t\t\t\t<\/div>\n\t\t\t\t<\/div>\n\t\t\t\t\t<\/div>\n\t\t<\/div>\n\t\t\t\t\t<\/div>\n\t\t<\/section>\n\t\t\t\t<\/div>\n\t\t","protected":false},"excerpt":{"rendered":"<p>https:\/\/youtu.be\/CekmUdXh6RMS\u00e1zka na pohodl\u00ed a vzhled Pro dosa\u017een\u00ed absolutn\u00ed kvality byla \u0159ada AGRI zcela p\u0159epracov\u00e1na. Byla obohacena futuristick\u00fdm designem a maxim\u00e1ln\u00edm komfortem nov\u00e9 kabiny, kterou navrhnul Giugiaro Design. AGRI PLUS, top model mezi zem\u011bd\u011blsk\u00fdmi teleskopick\u00fdmi manipul\u00e1tory&hellip;<\/p>\n","protected":false},"author":1,"featured_media":0,"parent":1813,"menu_order":6,"comment_status":"closed","ping_status":"closed","template":"","meta":{"footnotes":""},"class_list":["post-3314","page","type-page","status-publish","hentry"],"_links":{"self":[{"href":"https:\/\/recarprofi.cz\/uvod\/wp-json\/wp\/v2\/pages\/3314","targetHints":{"allow":["GET"]}}],"collection":[{"href":"https:\/\/recarprofi.cz\/uvod\/wp-json\/wp\/v2\/pages"}],"about":[{"href":"https:\/\/recarprofi.cz\/uvod\/wp-json\/wp\/v2\/types\/page"}],"author":[{"embeddable":true,"href":"https:\/\/recarprofi.cz\/uvod\/wp-json\/wp\/v2\/users\/1"}],"replies":[{"embeddable":true,"href":"https:\/\/recarprofi.cz\/uvod\/wp-json\/wp\/v2\/comments?post=3314"}],"version-history":[{"count":16,"href":"https:\/\/recarprofi.cz\/uvod\/wp-json\/wp\/v2\/pages\/3314\/revisions"}],"predecessor-version":[{"id":21077,"href":"https:\/\/recarprofi.cz\/uvod\/wp-json\/wp\/v2\/pages\/3314\/revisions\/21077"}],"up":[{"embeddable":true,"href":"https:\/\/recarprofi.cz\/uvod\/wp-json\/wp\/v2\/pages\/1813"}],"wp:attachment":[{"href":"https:\/\/recarprofi.cz\/uvod\/wp-json\/wp\/v2\/media?parent=3314"}],"curies":[{"name":"wp","href":"https:\/\/api.w.org\/{rel}","templated":true}]}}