{"id":33192,"date":"2026-03-12T13:45:24","date_gmt":"2026-03-12T12:45:24","guid":{"rendered":"https:\/\/recarprofi.cz\/uvod\/?page_id=33192"},"modified":"2026-03-12T14:01:44","modified_gmt":"2026-03-12T13:01:44","slug":"traktor-kioti-cs2530","status":"publish","type":"page","link":"https:\/\/recarprofi.cz\/uvod\/komunalni-technika\/traktory\/komunalni-traktory-kioti\/traktor-kioti-cs2530\/","title":{"rendered":"Traktor Kioti CS2530"},"content":{"rendered":"\t\t<div data-elementor-type=\"wp-page\" data-elementor-id=\"33192\" class=\"elementor elementor-33192\">\n\t\t\t\t\t\t<section class=\"elementor-section elementor-top-section elementor-element elementor-element-fbfa6e7 elementor-section-boxed elementor-section-height-default elementor-section-height-default\" data-id=\"fbfa6e7\" data-element_type=\"section\" data-e-type=\"section\">\n\t\t\t\t\t\t<div class=\"elementor-container elementor-column-gap-default\">\n\t\t\t\t\t<div class=\"elementor-column elementor-col-100 elementor-top-column elementor-element elementor-element-99ed7d7\" data-id=\"99ed7d7\" data-element_type=\"column\" data-e-type=\"column\">\n\t\t\t<div class=\"elementor-widget-wrap elementor-element-populated\">\n\t\t\t\t\t\t<div class=\"elementor-element elementor-element-aece139 elementor-widget elementor-widget-image\" data-id=\"aece139\" data-element_type=\"widget\" data-e-type=\"widget\" data-widget_type=\"image.default\">\n\t\t\t\t<div class=\"elementor-widget-container\">\n\t\t\t\t\t\t\t\t\t\t\t\t\t\t\t<img fetchpriority=\"high\" decoding=\"async\" width=\"847\" height=\"635\" src=\"https:\/\/recarprofi.cz\/wp-content\/uploads\/2026\/03\/kioti-cs2530.jpg\" class=\"attachment-large size-large wp-image-33195\" alt=\"\" srcset=\"https:\/\/recarprofi.cz\/wp-content\/uploads\/2026\/03\/kioti-cs2530.jpg 1200w, https:\/\/recarprofi.cz\/wp-content\/uploads\/2026\/03\/kioti-cs2530-744x558.jpg 744w, https:\/\/recarprofi.cz\/wp-content\/uploads\/2026\/03\/kioti-cs2530-420x315.jpg 420w, https:\/\/recarprofi.cz\/wp-content\/uploads\/2026\/03\/kioti-cs2530-768x576.jpg 768w, https:\/\/recarprofi.cz\/wp-content\/uploads\/2026\/03\/kioti-cs2530-600x450.jpg 600w\" sizes=\"(max-width: 847px) 100vw, 847px\" \/>\t\t\t\t\t\t\t\t\t\t\t\t\t\t\t<\/div>\n\t\t\t\t<\/div>\n\t\t\t\t\t<\/div>\n\t\t<\/div>\n\t\t\t\t\t<\/div>\n\t\t<\/section>\n\t\t\t\t<section class=\"elementor-section elementor-top-section elementor-element elementor-element-a9cd13f elementor-section-boxed elementor-section-height-default elementor-section-height-default\" data-id=\"a9cd13f\" data-element_type=\"section\" data-e-type=\"section\">\n\t\t\t\t\t\t<div class=\"elementor-container elementor-column-gap-default\">\n\t\t\t\t\t<div class=\"elementor-column elementor-col-100 elementor-top-column elementor-element elementor-element-4059ded\" data-id=\"4059ded\" data-element_type=\"column\" data-e-type=\"column\">\n\t\t\t<div class=\"elementor-widget-wrap elementor-element-populated\">\n\t\t\t\t\t\t<div class=\"elementor-element elementor-element-add6d2a elementor-widget elementor-widget-button\" data-id=\"add6d2a\" data-element_type=\"widget\" data-e-type=\"widget\" data-widget_type=\"button.default\">\n\t\t\t\t<div class=\"elementor-widget-container\">\n\t\t\t\t\t\t\t\t\t<div class=\"elementor-button-wrapper\">\n\t\t\t\t\t<a class=\"elementor-button elementor-button-link elementor-size-sm\" href=\"https:\/\/recarprofi.cz\/uvod\/kategorie-produktu\/traktory-kioti\/\">\n\t\t\t\t\t\t<span class=\"elementor-button-content-wrapper\">\n\t\t\t\t\t\t\t\t\t<span class=\"elementor-button-text\">Vstup do eshopu<\/span>\n\t\t\t\t\t<\/span>\n\t\t\t\t\t<\/a>\n\t\t\t\t<\/div>\n\t\t\t\t\t\t\t\t<\/div>\n\t\t\t\t<\/div>\n\t\t\t\t\t<\/div>\n\t\t<\/div>\n\t\t\t\t\t<\/div>\n\t\t<\/section>\n\t\t\t\t<section class=\"elementor-section elementor-top-section elementor-element elementor-element-4f4d9e6 elementor-section-boxed elementor-section-height-default elementor-section-height-default\" data-id=\"4f4d9e6\" data-element_type=\"section\" data-e-type=\"section\">\n\t\t\t\t\t\t<div class=\"elementor-container elementor-column-gap-default\">\n\t\t\t\t\t<div class=\"elementor-column elementor-col-100 elementor-top-column elementor-element elementor-element-dbd768d\" data-id=\"dbd768d\" data-element_type=\"column\" data-e-type=\"column\">\n\t\t\t<div class=\"elementor-widget-wrap elementor-element-populated\">\n\t\t\t\t\t\t<div class=\"elementor-element elementor-element-49263ab elementor-widget elementor-widget-text-editor\" data-id=\"49263ab\" data-element_type=\"widget\" data-e-type=\"widget\" data-widget_type=\"text-editor.default\">\n\t\t\t\t<div class=\"elementor-widget-container\">\n\t\t\t\t\t\t\t\t\t<p>Subkompaktn\u00ed traktor na obec, na zahradu k domu do are\u00e1lu a nebo pro radost! Sv\u00e9 m\u00edsto si v\u017edycky najde!<\/p><ul><li>HST p\u0159evodovka<\/li><li>HST dvojit\u00e9 ped\u00e1ly<\/li><li>Nastaviteln\u00fd volant<\/li><li>Pohon v\u0161ech kol<\/li><li>Sklopn\u00fd ochrann\u00fd r\u00e1m nebo tov\u00e1rn\u00ed kabina s klimatizac\u00ed i topen\u00edm<\/li><li>Posilova\u010d \u0159\u00edzen\u00ed<\/li><li>P\u0159ihl\u00e1\u0161en\u00ed na zna\u010dky<\/li><li>Mo\u017enost mezin\u00e1pravov\u00e9ho se\u010den\u00ed<\/li><li>Mo\u017enost \u010deln\u00edho naklada\u010de<\/li><\/ul><p><strong>Technick\u00e9 parametry:<\/strong><\/p><ul><li>Diesel, 3 v\u00e1lec, zdvihov\u00fd obsah 1233 cm3, 24,5 HP<\/li><li>Obsah n\u00e1dr\u017ee: 25,5 litru<\/li><li>Pneumatiky: Travn\u00ed P 18&#215;8.50-10, Z 26&#215;12.00-12 (8PR) nebo pr\u016fmyslov\u00e9 P 18&#215;8.50-10 Z 26&#215;12.00-12 (8PR)<\/li><li>P\u0159evodovka: 2 skupiny hydrostatick\u00e9 p\u0159evodovky<\/li><li>Max. rychlost: 14,5 km\/h<\/li><li>\u0158\u00edzen\u00ed: servo\u0159\u00edzen\u00ed, pohon v\u0161ech kol, uz\u00e1v\u011brka diferenci\u00e1lu<\/li><li>Hydraulika: \u010derpadlo s v\u00fdkonem 26,4 l\/min<\/li><li>Zdvihov\u00fd s\u00edla zadn\u00edch ramen 61 cm od ok \/ max : 318 \/ 715 kg<\/li><li>Standardn\u011b 1 hydraulick\u00fd okruh vzadu<\/li><li>V\u00fdvodov\u00e1 h\u0159\u00eddel &#8211; PTO &#8211; vzadu: 1 3\/8\u201c, 6 dr\u00e1\u017eek, 540 ot\/min, mezin\u00e1pravov\u00e1 ot\u00e1\u010dky 2200 ot\/min<\/li><li>D\u00e9lka:\u00a0 \u00a0 \u00a0 \u00a0 \u00a0 \u00a0 \u00a0 \u00a0 \u00a0 \u00a0 \u00a0 \u00a0 \u00a0 \u00a0 \u00a0 \u00a0 \u00a0 \u00a02613 mm<\/li><li>Minim\u00e1ln\u00ed sv\u011btl\u00e1 v\u00fd\u0161ka:\u00a0 \u00a0 \u00a0 \u00a0 162 mm<\/li><li>Hmotnost:\u00a0 \u00a0 \u00a0 \u00a0 \u00a0 \u00a0 \u00a0 \u00a0 \u00a0 \u00a0 \u00a0 \u00a0 \u00a0 \u00a0 \u00a0s ROPS 705 kg, s kabinou 1013 kg<\/li><li>\u0160\u00ed\u0159ka:\u00a0 \u00a0 \u00a0 \u00a0 \u00a0 \u00a0 \u00a0 \u00a0 \u00a0 \u00a0 \u00a0 \u00a0 \u00a0 \u00a0 \u00a0 \u00a0 \u00a0 \u00a0 1226 mm na pr\u016fmyslov\u00fdch kolech<\/li><li>V\u00fd\u0161ka s kabinou:\u00a0 \u00a0 \u00a0 \u00a0 \u00a0 \u00a0 \u00a0 \u00a0 \u00a0 \u00a02098 mm<\/li><li>V\u00fd\u0161ka s r\u00e1mem:\u00a0 \u00a0 \u00a0 \u00a0 \u00a0 \u00a0 \u00a0 \u00a0 \u00a0 \u00a0 2280 mm<\/li><\/ul>\t\t\t\t\t\t\t\t<\/div>\n\t\t\t\t<\/div>\n\t\t\t\t\t<\/div>\n\t\t<\/div>\n\t\t\t\t\t<\/div>\n\t\t<\/section>\n\t\t\t\t<section class=\"elementor-section elementor-top-section elementor-element elementor-element-9a9d48f elementor-section-boxed elementor-section-height-default elementor-section-height-default\" data-id=\"9a9d48f\" data-element_type=\"section\" data-e-type=\"section\">\n\t\t\t\t\t\t<div class=\"elementor-container elementor-column-gap-default\">\n\t\t\t\t\t<div class=\"elementor-column elementor-col-33 elementor-top-column elementor-element elementor-element-0b9a66f\" data-id=\"0b9a66f\" data-element_type=\"column\" data-e-type=\"column\">\n\t\t\t<div class=\"elementor-widget-wrap elementor-element-populated\">\n\t\t\t\t\t\t<div class=\"elementor-element elementor-element-32ff5d8 elementor-widget elementor-widget-image\" data-id=\"32ff5d8\" data-element_type=\"widget\" data-e-type=\"widget\" data-widget_type=\"image.default\">\n\t\t\t\t<div class=\"elementor-widget-container\">\n\t\t\t\t\t\t\t\t\t\t\t\t\t\t\t<img decoding=\"async\" width=\"847\" height=\"565\" src=\"https:\/\/recarprofi.cz\/wp-content\/uploads\/2026\/03\/kioti-cs25302.jpg\" class=\"attachment-large size-large wp-image-33197\" alt=\"\" srcset=\"https:\/\/recarprofi.cz\/wp-content\/uploads\/2026\/03\/kioti-cs25302.jpg 1200w, https:\/\/recarprofi.cz\/wp-content\/uploads\/2026\/03\/kioti-cs25302-744x496.jpg 744w, https:\/\/recarprofi.cz\/wp-content\/uploads\/2026\/03\/kioti-cs25302-420x280.jpg 420w, https:\/\/recarprofi.cz\/wp-content\/uploads\/2026\/03\/kioti-cs25302-768x512.jpg 768w, https:\/\/recarprofi.cz\/wp-content\/uploads\/2026\/03\/kioti-cs25302-600x400.jpg 600w\" sizes=\"(max-width: 847px) 100vw, 847px\" \/>\t\t\t\t\t\t\t\t\t\t\t\t\t\t\t<\/div>\n\t\t\t\t<\/div>\n\t\t\t\t\t<\/div>\n\t\t<\/div>\n\t\t\t\t<div class=\"elementor-column elementor-col-33 elementor-top-column elementor-element elementor-element-248ac5f\" data-id=\"248ac5f\" data-element_type=\"column\" data-e-type=\"column\">\n\t\t\t<div class=\"elementor-widget-wrap elementor-element-populated\">\n\t\t\t\t\t\t<div class=\"elementor-element elementor-element-03f4ce2 elementor-widget elementor-widget-image\" data-id=\"03f4ce2\" data-element_type=\"widget\" data-e-type=\"widget\" data-widget_type=\"image.default\">\n\t\t\t\t<div class=\"elementor-widget-container\">\n\t\t\t\t\t\t\t\t\t\t\t\t\t\t\t<img decoding=\"async\" width=\"847\" height=\"565\" src=\"https:\/\/recarprofi.cz\/wp-content\/uploads\/2026\/03\/kioti-cs25305.jpg\" class=\"attachment-large size-large wp-image-33198\" alt=\"\" srcset=\"https:\/\/recarprofi.cz\/wp-content\/uploads\/2026\/03\/kioti-cs25305.jpg 1200w, https:\/\/recarprofi.cz\/wp-content\/uploads\/2026\/03\/kioti-cs25305-744x496.jpg 744w, https:\/\/recarprofi.cz\/wp-content\/uploads\/2026\/03\/kioti-cs25305-420x280.jpg 420w, https:\/\/recarprofi.cz\/wp-content\/uploads\/2026\/03\/kioti-cs25305-768x512.jpg 768w, https:\/\/recarprofi.cz\/wp-content\/uploads\/2026\/03\/kioti-cs25305-600x400.jpg 600w\" sizes=\"(max-width: 847px) 100vw, 847px\" \/>\t\t\t\t\t\t\t\t\t\t\t\t\t\t\t<\/div>\n\t\t\t\t<\/div>\n\t\t\t\t\t<\/div>\n\t\t<\/div>\n\t\t\t\t<div class=\"elementor-column elementor-col-33 elementor-top-column elementor-element elementor-element-5b9b138\" data-id=\"5b9b138\" data-element_type=\"column\" data-e-type=\"column\">\n\t\t\t<div class=\"elementor-widget-wrap elementor-element-populated\">\n\t\t\t\t\t\t<div class=\"elementor-element elementor-element-4a4d3c7 elementor-widget elementor-widget-image\" data-id=\"4a4d3c7\" data-element_type=\"widget\" data-e-type=\"widget\" data-widget_type=\"image.default\">\n\t\t\t\t<div class=\"elementor-widget-container\">\n\t\t\t\t\t\t\t\t\t\t\t\t\t\t\t<img loading=\"lazy\" decoding=\"async\" width=\"847\" height=\"565\" src=\"https:\/\/recarprofi.cz\/wp-content\/uploads\/2026\/03\/kioti-cs25307.jpg\" class=\"attachment-large size-large wp-image-33199\" alt=\"\" srcset=\"https:\/\/recarprofi.cz\/wp-content\/uploads\/2026\/03\/kioti-cs25307.jpg 1200w, https:\/\/recarprofi.cz\/wp-content\/uploads\/2026\/03\/kioti-cs25307-744x496.jpg 744w, https:\/\/recarprofi.cz\/wp-content\/uploads\/2026\/03\/kioti-cs25307-420x280.jpg 420w, https:\/\/recarprofi.cz\/wp-content\/uploads\/2026\/03\/kioti-cs25307-768x512.jpg 768w, https:\/\/recarprofi.cz\/wp-content\/uploads\/2026\/03\/kioti-cs25307-600x400.jpg 600w\" sizes=\"(max-width: 847px) 100vw, 847px\" \/>\t\t\t\t\t\t\t\t\t\t\t\t\t\t\t<\/div>\n\t\t\t\t<\/div>\n\t\t\t\t\t<\/div>\n\t\t<\/div>\n\t\t\t\t\t<\/div>\n\t\t<\/section>\n\t\t\t\t<section class=\"elementor-section elementor-top-section elementor-element elementor-element-de4ade9 elementor-section-boxed elementor-section-height-default elementor-section-height-default\" data-id=\"de4ade9\" data-element_type=\"section\" data-e-type=\"section\">\n\t\t\t\t\t\t<div class=\"elementor-container elementor-column-gap-default\">\n\t\t\t\t\t<div class=\"elementor-column elementor-col-100 elementor-top-column elementor-element elementor-element-2b1849d\" data-id=\"2b1849d\" data-element_type=\"column\" data-e-type=\"column\">\n\t\t\t<div class=\"elementor-widget-wrap elementor-element-populated\">\n\t\t\t\t\t\t<div class=\"elementor-element elementor-element-afcac9f elementor-widget elementor-widget-image\" data-id=\"afcac9f\" data-element_type=\"widget\" data-e-type=\"widget\" data-widget_type=\"image.default\">\n\t\t\t\t<div class=\"elementor-widget-container\">\n\t\t\t\t\t\t\t\t\t\t\t\t\t\t\t<img loading=\"lazy\" decoding=\"async\" width=\"847\" height=\"880\" src=\"https:\/\/recarprofi.cz\/wp-content\/uploads\/2026\/03\/kioti-cs253010.webp\" class=\"attachment-large size-large wp-image-33193\" alt=\"\" srcset=\"https:\/\/recarprofi.cz\/wp-content\/uploads\/2026\/03\/kioti-cs253010.webp 900w, https:\/\/recarprofi.cz\/wp-content\/uploads\/2026\/03\/kioti-cs253010-744x773.webp 744w, https:\/\/recarprofi.cz\/wp-content\/uploads\/2026\/03\/kioti-cs253010-420x436.webp 420w, https:\/\/recarprofi.cz\/wp-content\/uploads\/2026\/03\/kioti-cs253010-768x798.webp 768w, https:\/\/recarprofi.cz\/wp-content\/uploads\/2026\/03\/kioti-cs253010-600x623.webp 600w\" sizes=\"(max-width: 847px) 100vw, 847px\" \/>\t\t\t\t\t\t\t\t\t\t\t\t\t\t\t<\/div>\n\t\t\t\t<\/div>\n\t\t\t\t\t<\/div>\n\t\t<\/div>\n\t\t\t\t\t<\/div>\n\t\t<\/section>\n\t\t\t\t<section class=\"elementor-section elementor-top-section elementor-element elementor-element-ed2913e elementor-section-boxed elementor-section-height-default elementor-section-height-default\" data-id=\"ed2913e\" data-element_type=\"section\" data-e-type=\"section\">\n\t\t\t\t\t\t<div class=\"elementor-container elementor-column-gap-default\">\n\t\t\t\t\t<div class=\"elementor-column elementor-col-100 elementor-top-column elementor-element elementor-element-7036791\" data-id=\"7036791\" data-element_type=\"column\" data-e-type=\"column\">\n\t\t\t<div class=\"elementor-widget-wrap elementor-element-populated\">\n\t\t\t\t\t\t<div class=\"elementor-element elementor-element-12668ae elementor-widget elementor-widget-image\" data-id=\"12668ae\" data-element_type=\"widget\" data-e-type=\"widget\" data-widget_type=\"image.default\">\n\t\t\t\t<div class=\"elementor-widget-container\">\n\t\t\t\t\t\t\t\t\t\t\t\t\t\t\t<img loading=\"lazy\" decoding=\"async\" width=\"800\" height=\"1200\" src=\"https:\/\/recarprofi.cz\/wp-content\/uploads\/2026\/03\/kioti-cs25306.jpg\" class=\"attachment-large size-large wp-image-33200\" alt=\"\" srcset=\"https:\/\/recarprofi.cz\/wp-content\/uploads\/2026\/03\/kioti-cs25306.jpg 800w, https:\/\/recarprofi.cz\/wp-content\/uploads\/2026\/03\/kioti-cs25306-744x1116.jpg 744w, https:\/\/recarprofi.cz\/wp-content\/uploads\/2026\/03\/kioti-cs25306-420x630.jpg 420w, https:\/\/recarprofi.cz\/wp-content\/uploads\/2026\/03\/kioti-cs25306-768x1152.jpg 768w, https:\/\/recarprofi.cz\/wp-content\/uploads\/2026\/03\/kioti-cs25306-600x900.jpg 600w\" sizes=\"(max-width: 800px) 100vw, 800px\" \/>\t\t\t\t\t\t\t\t\t\t\t\t\t\t\t<\/div>\n\t\t\t\t<\/div>\n\t\t\t\t\t<\/div>\n\t\t<\/div>\n\t\t\t\t\t<\/div>\n\t\t<\/section>\n\t\t\t\t<\/div>\n\t\t","protected":false},"excerpt":{"rendered":"<p>Vstup do eshopu Subkompaktn\u00ed traktor na obec, na zahradu k domu do are\u00e1lu a nebo pro radost! Sv\u00e9 m\u00edsto si v\u017edycky najde! HST p\u0159evodovka HST dvojit\u00e9 ped\u00e1ly Nastaviteln\u00fd volant Pohon v\u0161ech kol Sklopn\u00fd ochrann\u00fd r\u00e1m&hellip;<\/p>\n","protected":false},"author":1,"featured_media":33193,"parent":27582,"menu_order":2,"comment_status":"closed","ping_status":"closed","template":"","meta":{"footnotes":""},"class_list":["post-33192","page","type-page","status-publish","has-post-thumbnail","hentry"],"_links":{"self":[{"href":"https:\/\/recarprofi.cz\/uvod\/wp-json\/wp\/v2\/pages\/33192","targetHints":{"allow":["GET"]}}],"collection":[{"href":"https:\/\/recarprofi.cz\/uvod\/wp-json\/wp\/v2\/pages"}],"about":[{"href":"https:\/\/recarprofi.cz\/uvod\/wp-json\/wp\/v2\/types\/page"}],"author":[{"embeddable":true,"href":"https:\/\/recarprofi.cz\/uvod\/wp-json\/wp\/v2\/users\/1"}],"replies":[{"embeddable":true,"href":"https:\/\/recarprofi.cz\/uvod\/wp-json\/wp\/v2\/comments?post=33192"}],"version-history":[{"count":7,"href":"https:\/\/recarprofi.cz\/uvod\/wp-json\/wp\/v2\/pages\/33192\/revisions"}],"predecessor-version":[{"id":33209,"href":"https:\/\/recarprofi.cz\/uvod\/wp-json\/wp\/v2\/pages\/33192\/revisions\/33209"}],"up":[{"embeddable":true,"href":"https:\/\/recarprofi.cz\/uvod\/wp-json\/wp\/v2\/pages\/27582"}],"wp:featuredmedia":[{"embeddable":true,"href":"https:\/\/recarprofi.cz\/uvod\/wp-json\/wp\/v2\/media\/33193"}],"wp:attachment":[{"href":"https:\/\/recarprofi.cz\/uvod\/wp-json\/wp\/v2\/media?parent=33192"}],"curies":[{"name":"wp","href":"https:\/\/api.w.org\/{rel}","templated":true}]}}