{"id":33246,"date":"2026-03-20T14:17:26","date_gmt":"2026-03-20T13:17:26","guid":{"rendered":"https:\/\/recarprofi.cz\/uvod\/?page_id=33246"},"modified":"2026-03-23T12:49:46","modified_gmt":"2026-03-23T11:49:46","slug":"vysokozdvizne-voziky-naftove","status":"publish","type":"page","link":"https:\/\/recarprofi.cz\/uvod\/bazar\/vysokozdvizne-voziky-naftove\/","title":{"rendered":"Vysokozdvi\u017en\u00e9 voz\u00edky naftov\u00e9"},"content":{"rendered":"\t\t<div data-elementor-type=\"wp-page\" data-elementor-id=\"33246\" class=\"elementor elementor-33246\">\n\t\t\t\t\t\t<section class=\"elementor-section elementor-top-section elementor-element elementor-element-b524de4 elementor-section-boxed elementor-section-height-default elementor-section-height-default\" data-id=\"b524de4\" data-element_type=\"section\" data-e-type=\"section\">\n\t\t\t\t\t\t<div class=\"elementor-container elementor-column-gap-default\">\n\t\t\t\t\t<div class=\"elementor-column elementor-col-100 elementor-top-column elementor-element elementor-element-53f3192\" data-id=\"53f3192\" data-element_type=\"column\" data-e-type=\"column\">\n\t\t\t<div class=\"elementor-widget-wrap elementor-element-populated\">\n\t\t\t\t\t\t<div class=\"elementor-element elementor-element-0e82cd6 elementor-position-left elementor-vertical-align-middle elementor-widget elementor-widget-image-box\" data-id=\"0e82cd6\" data-element_type=\"widget\" data-e-type=\"widget\" data-widget_type=\"image-box.default\">\n\t\t\t\t<div class=\"elementor-widget-container\">\n\t\t\t\t\t<div class=\"elementor-image-box-wrapper\"><figure class=\"elementor-image-box-img\"><img fetchpriority=\"high\" decoding=\"async\" width=\"2016\" height=\"1512\" src=\"https:\/\/recarprofi.cz\/wp-content\/uploads\/2024\/01\/baoli-kbd-501.jpg\" class=\"attachment-full size-full wp-image-27458\" alt=\"\" srcset=\"https:\/\/recarprofi.cz\/wp-content\/uploads\/2024\/01\/baoli-kbd-501.jpg 2016w, https:\/\/recarprofi.cz\/wp-content\/uploads\/2024\/01\/baoli-kbd-501-744x558.jpg 744w, https:\/\/recarprofi.cz\/wp-content\/uploads\/2024\/01\/baoli-kbd-501-1200x900.jpg 1200w, https:\/\/recarprofi.cz\/wp-content\/uploads\/2024\/01\/baoli-kbd-501-420x315.jpg 420w, https:\/\/recarprofi.cz\/wp-content\/uploads\/2024\/01\/baoli-kbd-501-768x576.jpg 768w, https:\/\/recarprofi.cz\/wp-content\/uploads\/2024\/01\/baoli-kbd-501-1536x1152.jpg 1536w, https:\/\/recarprofi.cz\/wp-content\/uploads\/2024\/01\/baoli-kbd-501-1024x768.jpg 1024w, https:\/\/recarprofi.cz\/wp-content\/uploads\/2024\/01\/baoli-kbd-501-1440x1080.jpg 1440w, https:\/\/recarprofi.cz\/wp-content\/uploads\/2024\/01\/baoli-kbd-501-600x450.jpg 600w\" sizes=\"(max-width: 2016px) 100vw, 2016px\" \/><\/figure><div class=\"elementor-image-box-content\"><h3 class=\"elementor-image-box-title\">Vysokozdvi\u017en\u00fd voz\u00edk Baoli KBD-50<\/h3><p class=\"elementor-image-box-description\">P\u0159edv\u00e1d\u011bc\u00ed stroj, nosnost 5.000kg., zdvih 4.000mm., d\u00e9lka vidl\u00ed 1.200mm., pohon diesel, polokabina, bo\u010dn\u00ed posuv vidl\u00ed, kola superelastik, maj\u00e1k, z\u00e1ruka 24 m\u011bs\u00edc\u016f. Cena: 765.000,-K\u010d+DPH.  <\/p><\/div><\/div>\t\t\t\t<\/div>\n\t\t\t\t<\/div>\n\t\t\t\t\t<\/div>\n\t\t<\/div>\n\t\t\t\t\t<\/div>\n\t\t<\/section>\n\t\t\t\t<section class=\"elementor-section elementor-top-section elementor-element elementor-element-37b4c57 elementor-section-boxed elementor-section-height-default elementor-section-height-default\" data-id=\"37b4c57\" data-element_type=\"section\" data-e-type=\"section\">\n\t\t\t\t\t\t<div class=\"elementor-container elementor-column-gap-default\">\n\t\t\t\t\t<div class=\"elementor-column elementor-col-100 elementor-top-column elementor-element elementor-element-6ef9e5c\" data-id=\"6ef9e5c\" data-element_type=\"column\" data-e-type=\"column\">\n\t\t\t<div class=\"elementor-widget-wrap elementor-element-populated\">\n\t\t\t\t\t\t<div class=\"elementor-element elementor-element-6a972c7 elementor-position-left elementor-vertical-align-middle elementor-widget elementor-widget-image-box\" data-id=\"6a972c7\" data-element_type=\"widget\" data-e-type=\"widget\" data-widget_type=\"image-box.default\">\n\t\t\t\t<div class=\"elementor-widget-container\">\n\t\t\t\t\t<div class=\"elementor-image-box-wrapper\"><figure class=\"elementor-image-box-img\"><img decoding=\"async\" width=\"1500\" height=\"1125\" src=\"https:\/\/recarprofi.cz\/wp-content\/uploads\/2026\/03\/hyundai-15D-7E.jpg\" class=\"attachment-full size-full wp-image-33221\" alt=\"\" srcset=\"https:\/\/recarprofi.cz\/wp-content\/uploads\/2026\/03\/hyundai-15D-7E.jpg 1500w, https:\/\/recarprofi.cz\/wp-content\/uploads\/2026\/03\/hyundai-15D-7E-744x558.jpg 744w, https:\/\/recarprofi.cz\/wp-content\/uploads\/2026\/03\/hyundai-15D-7E-1200x900.jpg 1200w, https:\/\/recarprofi.cz\/wp-content\/uploads\/2026\/03\/hyundai-15D-7E-420x315.jpg 420w, https:\/\/recarprofi.cz\/wp-content\/uploads\/2026\/03\/hyundai-15D-7E-768x576.jpg 768w, https:\/\/recarprofi.cz\/wp-content\/uploads\/2026\/03\/hyundai-15D-7E-600x450.jpg 600w\" sizes=\"(max-width: 1500px) 100vw, 1500px\" \/><\/figure><div class=\"elementor-image-box-content\"><h3 class=\"elementor-image-box-title\">Vysokozdvi\u017en\u00fd voz\u00edk Hyundai 15D-7E<\/h3><p class=\"elementor-image-box-description\">Nosnost 1.500kg., zdvih 4.700mm., d\u00edlka vidl\u00ed 1.200mm., pohon diesel, kabina s topen\u00edm, bo\u010dn\u00ed posuv vidl\u00ed, kola superelastik, z\u00e1ruka 6 m\u011bs\u00edc\u016f. Cena: 328.000,-K\u010d+DPH.<\/p><\/div><\/div>\t\t\t\t<\/div>\n\t\t\t\t<\/div>\n\t\t\t\t\t<\/div>\n\t\t<\/div>\n\t\t\t\t\t<\/div>\n\t\t<\/section>\n\t\t\t\t<section class=\"elementor-section elementor-top-section elementor-element elementor-element-f442a22 elementor-section-boxed elementor-section-height-default elementor-section-height-default\" data-id=\"f442a22\" data-element_type=\"section\" data-e-type=\"section\">\n\t\t\t\t\t\t<div class=\"elementor-container elementor-column-gap-default\">\n\t\t\t\t\t<div class=\"elementor-column elementor-col-100 elementor-top-column elementor-element elementor-element-a22fedb\" data-id=\"a22fedb\" data-element_type=\"column\" data-e-type=\"column\">\n\t\t\t<div class=\"elementor-widget-wrap elementor-element-populated\">\n\t\t\t\t\t\t<div class=\"elementor-element elementor-element-48239d9 elementor-position-left elementor-vertical-align-middle elementor-widget elementor-widget-image-box\" data-id=\"48239d9\" data-element_type=\"widget\" data-e-type=\"widget\" data-widget_type=\"image-box.default\">\n\t\t\t\t<div class=\"elementor-widget-container\">\n\t\t\t\t\t<div class=\"elementor-image-box-wrapper\"><figure class=\"elementor-image-box-img\"><img decoding=\"async\" width=\"1500\" height=\"1125\" src=\"https:\/\/recarprofi.cz\/wp-content\/uploads\/2021\/03\/hyundai-15D-scaled-e1617093405893.jpg\" class=\"attachment-full size-full wp-image-22879\" alt=\"\" srcset=\"https:\/\/recarprofi.cz\/wp-content\/uploads\/2021\/03\/hyundai-15D-scaled-e1617093405893.jpg 1500w, https:\/\/recarprofi.cz\/wp-content\/uploads\/2021\/03\/hyundai-15D-scaled-e1617093405893-600x450.jpg 600w\" sizes=\"(max-width: 1500px) 100vw, 1500px\" \/><\/figure><div class=\"elementor-image-box-content\"><h3 class=\"elementor-image-box-title\">Vysokozdvi\u017en\u00fd voz\u00edk Hyundai 15D-7E<\/h3><p class=\"elementor-image-box-description\">Nosnost 1.500kg., zdvih 5.500mm., pohon diesel, polokabina, bo\u010dn\u00ed posuv vidl\u00ed, kola superelastik, pln\u011b funk\u010dn\u00ed. Cena 170.000,-K\u010d+DPH.<\/p><\/div><\/div>\t\t\t\t<\/div>\n\t\t\t\t<\/div>\n\t\t\t\t\t<\/div>\n\t\t<\/div>\n\t\t\t\t\t<\/div>\n\t\t<\/section>\n\t\t\t\t<section class=\"elementor-section elementor-top-section elementor-element elementor-element-84a35d9 elementor-section-boxed elementor-section-height-default elementor-section-height-default\" data-id=\"84a35d9\" data-element_type=\"section\" data-e-type=\"section\">\n\t\t\t\t\t\t<div class=\"elementor-container elementor-column-gap-default\">\n\t\t\t\t\t<div class=\"elementor-column elementor-col-100 elementor-top-column elementor-element elementor-element-828e848\" data-id=\"828e848\" data-element_type=\"column\" data-e-type=\"column\">\n\t\t\t<div class=\"elementor-widget-wrap elementor-element-populated\">\n\t\t\t\t\t\t<div class=\"elementor-element elementor-element-7e22588 elementor-position-left elementor-vertical-align-middle elementor-widget elementor-widget-image-box\" data-id=\"7e22588\" data-element_type=\"widget\" data-e-type=\"widget\" data-widget_type=\"image-box.default\">\n\t\t\t\t<div class=\"elementor-widget-container\">\n\t\t\t\t\t<div class=\"elementor-image-box-wrapper\"><figure class=\"elementor-image-box-img\"><img decoding=\"async\" src=\"https:\/\/recarprofi.cz\/wp-content\/plugins\/elementor\/assets\/images\/placeholder.png\" title=\"\" alt=\"\" loading=\"lazy\" \/><\/figure><div class=\"elementor-image-box-content\"><h3 class=\"elementor-image-box-title\">Vysokozdvi\u017en\u00fd voz\u00edk Heli CD25<\/h3><p class=\"elementor-image-box-description\">Nosnost 2.500kg., zdvih 3.200mm., pohon diesel., bo\u010dn\u00ed posuv vidl\u00ed, pln\u011b funk\u010dn\u00ed. Cena: 159.000,-K\u010d+DPH<\/p><\/div><\/div>\t\t\t\t<\/div>\n\t\t\t\t<\/div>\n\t\t\t\t\t<\/div>\n\t\t<\/div>\n\t\t\t\t\t<\/div>\n\t\t<\/section>\n\t\t\t\t<section class=\"elementor-section elementor-top-section elementor-element elementor-element-d3461d6 elementor-section-boxed elementor-section-height-default elementor-section-height-default\" data-id=\"d3461d6\" data-element_type=\"section\" data-e-type=\"section\">\n\t\t\t\t\t\t<div class=\"elementor-container elementor-column-gap-default\">\n\t\t\t\t\t<div class=\"elementor-column elementor-col-100 elementor-top-column elementor-element elementor-element-023a278\" data-id=\"023a278\" data-element_type=\"column\" data-e-type=\"column\">\n\t\t\t<div class=\"elementor-widget-wrap elementor-element-populated\">\n\t\t\t\t\t\t<div class=\"elementor-element elementor-element-dc2a238 elementor-position-left elementor-vertical-align-middle elementor-widget elementor-widget-image-box\" data-id=\"dc2a238\" data-element_type=\"widget\" data-e-type=\"widget\" data-widget_type=\"image-box.default\">\n\t\t\t\t<div class=\"elementor-widget-container\">\n\t\t\t\t\t<div class=\"elementor-image-box-wrapper\"><figure class=\"elementor-image-box-img\"><img decoding=\"async\" src=\"https:\/\/recarprofi.cz\/wp-content\/plugins\/elementor\/assets\/images\/placeholder.png\" title=\"\" alt=\"\" loading=\"lazy\" \/><\/figure><div class=\"elementor-image-box-content\"><h3 class=\"elementor-image-box-title\">Vysokozdvi\u017en\u00fd voz\u00edk Clark<\/h3><p class=\"elementor-image-box-description\">Nosnost 5.000kg., zdvih 2.500mm., pohon diesel, bo\u010dn\u00ed posuv vidl\u00ed, kola superelastik, pln\u011b funk\u010dn\u00ed. Cena: 150.000,-K\u010d+DPH<\/p><\/div><\/div>\t\t\t\t<\/div>\n\t\t\t\t<\/div>\n\t\t\t\t\t<\/div>\n\t\t<\/div>\n\t\t\t\t\t<\/div>\n\t\t<\/section>\n\t\t\t\t<\/div>\n\t\t","protected":false},"excerpt":{"rendered":"<p>Vysokozdvi\u017en\u00fd voz\u00edk Baoli KBD-50 P\u0159edv\u00e1d\u011bc\u00ed stroj, nosnost 5.000kg., zdvih 4.000mm., d\u00e9lka vidl\u00ed 1.200mm., pohon diesel, polokabina, bo\u010dn\u00ed posuv vidl\u00ed, kola superelastik, maj\u00e1k, z\u00e1ruka 24 m\u011bs\u00edc\u016f. Cena: 765.000,-K\u010d+DPH. Vysokozdvi\u017en\u00fd voz\u00edk Hyundai 15D-7E Nosnost 1.500kg., zdvih 4.700mm.,&hellip;<\/p>\n","protected":false},"author":1,"featured_media":32839,"parent":187,"menu_order":1,"comment_status":"closed","ping_status":"closed","template":"","meta":{"footnotes":""},"class_list":["post-33246","page","type-page","status-publish","has-post-thumbnail","hentry"],"_links":{"self":[{"href":"https:\/\/recarprofi.cz\/uvod\/wp-json\/wp\/v2\/pages\/33246","targetHints":{"allow":["GET"]}}],"collection":[{"href":"https:\/\/recarprofi.cz\/uvod\/wp-json\/wp\/v2\/pages"}],"about":[{"href":"https:\/\/recarprofi.cz\/uvod\/wp-json\/wp\/v2\/types\/page"}],"author":[{"embeddable":true,"href":"https:\/\/recarprofi.cz\/uvod\/wp-json\/wp\/v2\/users\/1"}],"replies":[{"embeddable":true,"href":"https:\/\/recarprofi.cz\/uvod\/wp-json\/wp\/v2\/comments?post=33246"}],"version-history":[{"count":16,"href":"https:\/\/recarprofi.cz\/uvod\/wp-json\/wp\/v2\/pages\/33246\/revisions"}],"predecessor-version":[{"id":33269,"href":"https:\/\/recarprofi.cz\/uvod\/wp-json\/wp\/v2\/pages\/33246\/revisions\/33269"}],"up":[{"embeddable":true,"href":"https:\/\/recarprofi.cz\/uvod\/wp-json\/wp\/v2\/pages\/187"}],"wp:featuredmedia":[{"embeddable":true,"href":"https:\/\/recarprofi.cz\/uvod\/wp-json\/wp\/v2\/media\/32839"}],"wp:attachment":[{"href":"https:\/\/recarprofi.cz\/uvod\/wp-json\/wp\/v2\/media?parent=33246"}],"curies":[{"name":"wp","href":"https:\/\/api.w.org\/{rel}","templated":true}]}}