{"id":33270,"date":"2026-03-23T12:51:39","date_gmt":"2026-03-23T11:51:39","guid":{"rendered":"https:\/\/recarprofi.cz\/uvod\/?page_id=33270"},"modified":"2026-03-23T14:09:11","modified_gmt":"2026-03-23T13:09:11","slug":"vysokozdvizne-voziky-plynove","status":"publish","type":"page","link":"https:\/\/recarprofi.cz\/uvod\/bazar\/vysokozdvizne-voziky-plynove\/","title":{"rendered":"Vysokozdvi\u017en\u00e9 voz\u00edky plynov\u00e9"},"content":{"rendered":"\t\t<div data-elementor-type=\"wp-page\" data-elementor-id=\"33270\" class=\"elementor elementor-33270\">\n\t\t\t\t\t\t<section class=\"elementor-section elementor-top-section elementor-element elementor-element-2abd79e elementor-section-boxed elementor-section-height-default elementor-section-height-default\" data-id=\"2abd79e\" data-element_type=\"section\" data-e-type=\"section\">\n\t\t\t\t\t\t<div class=\"elementor-container elementor-column-gap-default\">\n\t\t\t\t\t<div class=\"elementor-column elementor-col-100 elementor-top-column elementor-element elementor-element-2cfbf1a\" data-id=\"2cfbf1a\" data-element_type=\"column\" data-e-type=\"column\">\n\t\t\t<div class=\"elementor-widget-wrap elementor-element-populated\">\n\t\t\t\t\t\t<div class=\"elementor-element elementor-element-d7992b9 elementor-position-left elementor-vertical-align-middle elementor-widget elementor-widget-image-box\" data-id=\"d7992b9\" data-element_type=\"widget\" data-e-type=\"widget\" data-widget_type=\"image-box.default\">\n\t\t\t\t<div class=\"elementor-widget-container\">\n\t\t\t\t\t<div class=\"elementor-image-box-wrapper\"><figure class=\"elementor-image-box-img\"><img fetchpriority=\"high\" decoding=\"async\" width=\"1280\" height=\"1114\" src=\"https:\/\/recarprofi.cz\/wp-content\/uploads\/2022\/03\/baoli-kbg251.jpg\" class=\"attachment-full size-full wp-image-24224\" alt=\"\" srcset=\"https:\/\/recarprofi.cz\/wp-content\/uploads\/2022\/03\/baoli-kbg251.jpg 1280w, https:\/\/recarprofi.cz\/wp-content\/uploads\/2022\/03\/baoli-kbg251-600x522.jpg 600w, https:\/\/recarprofi.cz\/wp-content\/uploads\/2022\/03\/baoli-kbg251-744x648.jpg 744w, https:\/\/recarprofi.cz\/wp-content\/uploads\/2022\/03\/baoli-kbg251-1200x1044.jpg 1200w, https:\/\/recarprofi.cz\/wp-content\/uploads\/2022\/03\/baoli-kbg251-420x366.jpg 420w, https:\/\/recarprofi.cz\/wp-content\/uploads\/2022\/03\/baoli-kbg251-768x668.jpg 768w, https:\/\/recarprofi.cz\/wp-content\/uploads\/2022\/03\/baoli-kbg251-69x60.jpg 69w\" sizes=\"(max-width: 1280px) 100vw, 1280px\" \/><\/figure><div class=\"elementor-image-box-content\"><h3 class=\"elementor-image-box-title\">Vysokozdvi\u017en\u00fd voz\u00edk Baoli KBG 30 <\/h3><p class=\"elementor-image-box-description\">Nov\u00fd, nosnost 3.000kg., zdvih 4.000mm., pohon LPG, bo\u010dn\u00ed posuv vidl\u00ed, polokabina, kola superelastik, z\u00e1ruka 24 m\u011bs\u00edc\u016f. Cena: 568.000,-K\u010d+DPH<\/p><\/div><\/div>\t\t\t\t<\/div>\n\t\t\t\t<\/div>\n\t\t\t\t\t<\/div>\n\t\t<\/div>\n\t\t\t\t\t<\/div>\n\t\t<\/section>\n\t\t\t\t<section class=\"elementor-section elementor-top-section elementor-element elementor-element-d0b5613 elementor-section-boxed elementor-section-height-default elementor-section-height-default\" data-id=\"d0b5613\" data-element_type=\"section\" data-e-type=\"section\">\n\t\t\t\t\t\t<div class=\"elementor-container elementor-column-gap-default\">\n\t\t\t\t\t<div class=\"elementor-column elementor-col-100 elementor-top-column elementor-element elementor-element-e74b1d6\" data-id=\"e74b1d6\" data-element_type=\"column\" data-e-type=\"column\">\n\t\t\t<div class=\"elementor-widget-wrap elementor-element-populated\">\n\t\t\t\t\t\t<div class=\"elementor-element elementor-element-0685f8a elementor-position-left elementor-vertical-align-middle elementor-widget elementor-widget-image-box\" data-id=\"0685f8a\" data-element_type=\"widget\" data-e-type=\"widget\" data-widget_type=\"image-box.default\">\n\t\t\t\t<div class=\"elementor-widget-container\">\n\t\t\t\t\t<div class=\"elementor-image-box-wrapper\"><figure class=\"elementor-image-box-img\"><img decoding=\"async\" width=\"1500\" height=\"1125\" src=\"https:\/\/recarprofi.cz\/wp-content\/uploads\/2021\/03\/hyundai-25d-7e-scaled-e1617092806637.jpg\" class=\"attachment-full size-full wp-image-22859\" alt=\"\" srcset=\"https:\/\/recarprofi.cz\/wp-content\/uploads\/2021\/03\/hyundai-25d-7e-scaled-e1617092806637.jpg 1500w, https:\/\/recarprofi.cz\/wp-content\/uploads\/2021\/03\/hyundai-25d-7e-scaled-e1617092806637-600x450.jpg 600w\" sizes=\"(max-width: 1500px) 100vw, 1500px\" \/><\/figure><div class=\"elementor-image-box-content\"><h3 class=\"elementor-image-box-title\">Vysokozdvi\u017en\u00fd voz\u00edk Hyundai 25L-7A<\/h3><p class=\"elementor-image-box-description\">Nosnost 2.500kg., zdvih 3.300mm., pohon LPG, kabina s topen\u00edm, bo\u010dn\u00ed posuv vidl\u00ed, kola superelastik, z\u00e1ruka 6 m\u011bs\u00edc\u016f. Cena: 294.000,-k\u010d+DPH<\/p><\/div><\/div>\t\t\t\t<\/div>\n\t\t\t\t<\/div>\n\t\t\t\t\t<\/div>\n\t\t<\/div>\n\t\t\t\t\t<\/div>\n\t\t<\/section>\n\t\t\t\t<section class=\"elementor-section elementor-top-section elementor-element elementor-element-ddc4bde elementor-section-boxed elementor-section-height-default elementor-section-height-default\" data-id=\"ddc4bde\" data-element_type=\"section\" data-e-type=\"section\">\n\t\t\t\t\t\t<div class=\"elementor-container elementor-column-gap-default\">\n\t\t\t\t\t<div class=\"elementor-column elementor-col-100 elementor-top-column elementor-element elementor-element-c72446e\" data-id=\"c72446e\" data-element_type=\"column\" data-e-type=\"column\">\n\t\t\t<div class=\"elementor-widget-wrap elementor-element-populated\">\n\t\t\t\t\t\t<div class=\"elementor-element elementor-element-99b0228 elementor-position-left elementor-vertical-align-middle elementor-widget elementor-widget-image-box\" data-id=\"99b0228\" data-element_type=\"widget\" data-e-type=\"widget\" data-widget_type=\"image-box.default\">\n\t\t\t\t<div class=\"elementor-widget-container\">\n\t\t\t\t\t<div class=\"elementor-image-box-wrapper\"><figure class=\"elementor-image-box-img\"><img decoding=\"async\" width=\"1600\" height=\"1200\" src=\"https:\/\/recarprofi.cz\/wp-content\/uploads\/2026\/03\/desta-g16-1.jpg\" class=\"attachment-full size-full wp-image-33220\" alt=\"\" srcset=\"https:\/\/recarprofi.cz\/wp-content\/uploads\/2026\/03\/desta-g16-1.jpg 1600w, https:\/\/recarprofi.cz\/wp-content\/uploads\/2026\/03\/desta-g16-1-744x558.jpg 744w, https:\/\/recarprofi.cz\/wp-content\/uploads\/2026\/03\/desta-g16-1-1200x900.jpg 1200w, https:\/\/recarprofi.cz\/wp-content\/uploads\/2026\/03\/desta-g16-1-420x315.jpg 420w, https:\/\/recarprofi.cz\/wp-content\/uploads\/2026\/03\/desta-g16-1-768x576.jpg 768w, https:\/\/recarprofi.cz\/wp-content\/uploads\/2026\/03\/desta-g16-1-1536x1152.jpg 1536w, https:\/\/recarprofi.cz\/wp-content\/uploads\/2026\/03\/desta-g16-1-600x450.jpg 600w\" sizes=\"(max-width: 1600px) 100vw, 1600px\" \/><\/figure><div class=\"elementor-image-box-content\"><h3 class=\"elementor-image-box-title\">Vysokozdvi\u017en\u00fd voz\u00edk Desta G16<\/h3><p class=\"elementor-image-box-description\">Nosnost 1.600kg., zdvih 3.300mm., pohon LPG, kola superelastik, pln\u011b funk\u010dn\u00ed. Cena: 125.000,-K\u010d+DPH<\/p><\/div><\/div>\t\t\t\t<\/div>\n\t\t\t\t<\/div>\n\t\t\t\t\t<\/div>\n\t\t<\/div>\n\t\t\t\t\t<\/div>\n\t\t<\/section>\n\t\t\t\t<section class=\"elementor-section elementor-top-section elementor-element elementor-element-4c4864b elementor-section-boxed elementor-section-height-default elementor-section-height-default\" data-id=\"4c4864b\" data-element_type=\"section\" data-e-type=\"section\">\n\t\t\t\t\t\t<div class=\"elementor-container elementor-column-gap-default\">\n\t\t\t\t\t<div class=\"elementor-column elementor-col-100 elementor-top-column elementor-element elementor-element-7bf114c\" data-id=\"7bf114c\" data-element_type=\"column\" data-e-type=\"column\">\n\t\t\t<div class=\"elementor-widget-wrap elementor-element-populated\">\n\t\t\t\t\t\t<div class=\"elementor-element elementor-element-51eadf0 elementor-position-left elementor-vertical-align-middle elementor-widget elementor-widget-image-box\" data-id=\"51eadf0\" data-element_type=\"widget\" data-e-type=\"widget\" data-widget_type=\"image-box.default\">\n\t\t\t\t<div class=\"elementor-widget-container\">\n\t\t\t\t\t<div class=\"elementor-image-box-wrapper\"><figure class=\"elementor-image-box-img\"><img loading=\"lazy\" decoding=\"async\" width=\"1600\" height=\"800\" src=\"https:\/\/recarprofi.cz\/wp-content\/uploads\/2018\/08\/cropped-combilift-c60002.jpg\" class=\"attachment-full size-full wp-image-12533\" alt=\"\" srcset=\"https:\/\/recarprofi.cz\/wp-content\/uploads\/2018\/08\/cropped-combilift-c60002.jpg 1600w, https:\/\/recarprofi.cz\/wp-content\/uploads\/2018\/08\/cropped-combilift-c60002-600x300.jpg 600w, https:\/\/recarprofi.cz\/wp-content\/uploads\/2018\/08\/cropped-combilift-c60002-420x210.jpg 420w, https:\/\/recarprofi.cz\/wp-content\/uploads\/2018\/08\/cropped-combilift-c60002-744x372.jpg 744w, https:\/\/recarprofi.cz\/wp-content\/uploads\/2018\/08\/cropped-combilift-c60002-768x384.jpg 768w, https:\/\/recarprofi.cz\/wp-content\/uploads\/2018\/08\/cropped-combilift-c60002-1200x600.jpg 1200w\" sizes=\"(max-width: 1600px) 100vw, 1600px\" \/><\/figure><div class=\"elementor-image-box-content\"><h3 class=\"elementor-image-box-title\">\u010cty\u0159cestn\u00fd vysokozdvi\u017en\u00fd voz\u00edk Combilift C5000<\/h3><p class=\"elementor-image-box-description\">Nosnost 5.000kg., zdvih 5.000mm., pohon LPG, \u010dty\u0159cestn\u00fd, n\u00e1stavec na dlouh\u00fd materi\u00e1l, kola suprelastik, kabina s topen\u00edm, hydropohon na v\u0161echny kola, pozicioner vidl\u00ed,  z\u00e1ruka 6 m\u011bs\u00edc\u016f.\nCena: 516.000,-K\u010d+DPH <\/p><\/div><\/div>\t\t\t\t<\/div>\n\t\t\t\t<\/div>\n\t\t\t\t\t<\/div>\n\t\t<\/div>\n\t\t\t\t\t<\/div>\n\t\t<\/section>\n\t\t\t\t<section class=\"elementor-section elementor-top-section elementor-element elementor-element-167e48e elementor-section-boxed elementor-section-height-default elementor-section-height-default\" data-id=\"167e48e\" data-element_type=\"section\" data-e-type=\"section\">\n\t\t\t\t\t\t<div class=\"elementor-container elementor-column-gap-default\">\n\t\t\t\t\t<div class=\"elementor-column elementor-col-100 elementor-top-column elementor-element elementor-element-2616372\" data-id=\"2616372\" data-element_type=\"column\" data-e-type=\"column\">\n\t\t\t<div class=\"elementor-widget-wrap elementor-element-populated\">\n\t\t\t\t\t\t<div class=\"elementor-element elementor-element-0713d3c elementor-position-left elementor-vertical-align-middle elementor-widget elementor-widget-image-box\" data-id=\"0713d3c\" data-element_type=\"widget\" data-e-type=\"widget\" data-widget_type=\"image-box.default\">\n\t\t\t\t<div class=\"elementor-widget-container\">\n\t\t\t\t\t<div class=\"elementor-image-box-wrapper\"><figure class=\"elementor-image-box-img\"><img loading=\"lazy\" decoding=\"async\" width=\"450\" height=\"338\" src=\"https:\/\/recarprofi.cz\/wp-content\/uploads\/2026\/03\/cat.jpg\" class=\"attachment-full size-full wp-image-33291\" alt=\"\" srcset=\"https:\/\/recarprofi.cz\/wp-content\/uploads\/2026\/03\/cat.jpg 450w, https:\/\/recarprofi.cz\/wp-content\/uploads\/2026\/03\/cat-420x315.jpg 420w\" sizes=\"(max-width: 450px) 100vw, 450px\" \/><\/figure><div class=\"elementor-image-box-content\"><h3 class=\"elementor-image-box-title\">Vysokozdvi\u017en\u00fd voz\u00edk Caterpillar FG25.<\/h3><p class=\"elementor-image-box-description\">Nosnost 2.500kg, zdvih 3.200mm., pohon LPG, bo\u010dn\u00ed posuv vidl\u00ed, pln\u011b funk\u010dn\u00ed. Cena: 133.000,-K\u010d+DPH<\/p><\/div><\/div>\t\t\t\t<\/div>\n\t\t\t\t<\/div>\n\t\t\t\t\t<\/div>\n\t\t<\/div>\n\t\t\t\t\t<\/div>\n\t\t<\/section>\n\t\t\t\t<section class=\"elementor-section elementor-top-section elementor-element elementor-element-d697416 elementor-section-boxed elementor-section-height-default elementor-section-height-default\" data-id=\"d697416\" data-element_type=\"section\" data-e-type=\"section\">\n\t\t\t\t\t\t<div class=\"elementor-container elementor-column-gap-default\">\n\t\t\t\t\t<div class=\"elementor-column elementor-col-100 elementor-top-column elementor-element elementor-element-4f76499\" data-id=\"4f76499\" data-element_type=\"column\" data-e-type=\"column\">\n\t\t\t<div class=\"elementor-widget-wrap elementor-element-populated\">\n\t\t\t\t\t\t<div class=\"elementor-element elementor-element-d384534 elementor-position-left elementor-vertical-align-middle elementor-widget elementor-widget-image-box\" data-id=\"d384534\" data-element_type=\"widget\" data-e-type=\"widget\" data-widget_type=\"image-box.default\">\n\t\t\t\t<div class=\"elementor-widget-container\">\n\t\t\t\t\t<div class=\"elementor-image-box-wrapper\"><figure class=\"elementor-image-box-img\"><img loading=\"lazy\" decoding=\"async\" width=\"100\" height=\"100\" src=\"https:\/\/recarprofi.cz\/wp-content\/uploads\/2026\/03\/hyundai-18l-100x100.webp\" class=\"attachment-woocommerce_gallery_thumbnail size-woocommerce_gallery_thumbnail wp-image-33296\" alt=\"\" \/><\/figure><div class=\"elementor-image-box-content\"><h3 class=\"elementor-image-box-title\">Vysokozdvi\u017en\u00fd voz\u00edk Hyundai 18L-7m<\/h3><p class=\"elementor-image-box-description\">Nosnost 1.750kg, zdvih 3.300mm., pohon LPG, bo\u010dn\u00ed posuv vidl\u00ed, kola superelastik, pln\u011b funk\u010dn\u00ed. Cena: 148.000,-K\u010d+DPH <\/p><\/div><\/div>\t\t\t\t<\/div>\n\t\t\t\t<\/div>\n\t\t\t\t\t<\/div>\n\t\t<\/div>\n\t\t\t\t\t<\/div>\n\t\t<\/section>\n\t\t\t\t<section class=\"elementor-section elementor-top-section elementor-element elementor-element-835819c elementor-section-boxed elementor-section-height-default elementor-section-height-default\" data-id=\"835819c\" data-element_type=\"section\" data-e-type=\"section\">\n\t\t\t\t\t\t<div class=\"elementor-container elementor-column-gap-default\">\n\t\t\t\t\t<div class=\"elementor-column elementor-col-100 elementor-top-column elementor-element elementor-element-5e78aea\" data-id=\"5e78aea\" data-element_type=\"column\" data-e-type=\"column\">\n\t\t\t<div class=\"elementor-widget-wrap elementor-element-populated\">\n\t\t\t\t\t\t<div class=\"elementor-element elementor-element-24b85b6 elementor-position-left elementor-vertical-align-middle elementor-widget elementor-widget-image-box\" data-id=\"24b85b6\" data-element_type=\"widget\" data-e-type=\"widget\" data-widget_type=\"image-box.default\">\n\t\t\t\t<div class=\"elementor-widget-container\">\n\t\t\t\t\t<div class=\"elementor-image-box-wrapper\"><figure class=\"elementor-image-box-img\"><img loading=\"lazy\" decoding=\"async\" width=\"853\" height=\"640\" src=\"https:\/\/recarprofi.cz\/wp-content\/uploads\/2026\/03\/yale.jpg\" class=\"attachment-full size-full wp-image-33304\" alt=\"\" srcset=\"https:\/\/recarprofi.cz\/wp-content\/uploads\/2026\/03\/yale.jpg 853w, https:\/\/recarprofi.cz\/wp-content\/uploads\/2026\/03\/yale-744x558.jpg 744w, https:\/\/recarprofi.cz\/wp-content\/uploads\/2026\/03\/yale-420x315.jpg 420w, https:\/\/recarprofi.cz\/wp-content\/uploads\/2026\/03\/yale-768x576.jpg 768w, https:\/\/recarprofi.cz\/wp-content\/uploads\/2026\/03\/yale-600x450.jpg 600w\" sizes=\"(max-width: 853px) 100vw, 853px\" \/><\/figure><div class=\"elementor-image-box-content\"><h3 class=\"elementor-image-box-title\">Vysokozdvi\u017en\u00fd voz\u00edk Yale GLP-30<\/h3><p class=\"elementor-image-box-description\">Nosnost 3.000kg., zdvih 3.500mm., pohon LPG, bo\u010dn\u00ed posuv vidl\u00ed, polokabina, kola superelastik, pln\u011b funk\u010dn\u00ed.\nCena: 182.000,-K\u010d+DPH<\/p><\/div><\/div>\t\t\t\t<\/div>\n\t\t\t\t<\/div>\n\t\t\t\t\t<\/div>\n\t\t<\/div>\n\t\t\t\t\t<\/div>\n\t\t<\/section>\n\t\t\t\t<section class=\"elementor-section elementor-top-section elementor-element elementor-element-2a017b2 elementor-section-boxed elementor-section-height-default elementor-section-height-default\" data-id=\"2a017b2\" data-element_type=\"section\" data-e-type=\"section\">\n\t\t\t\t\t\t<div class=\"elementor-container elementor-column-gap-default\">\n\t\t\t\t\t<div class=\"elementor-column elementor-col-100 elementor-top-column elementor-element elementor-element-b8551f4\" data-id=\"b8551f4\" data-element_type=\"column\" data-e-type=\"column\">\n\t\t\t<div class=\"elementor-widget-wrap elementor-element-populated\">\n\t\t\t\t\t\t<div class=\"elementor-element elementor-element-7325f6f elementor-position-left elementor-vertical-align-middle elementor-widget elementor-widget-image-box\" data-id=\"7325f6f\" data-element_type=\"widget\" data-e-type=\"widget\" data-widget_type=\"image-box.default\">\n\t\t\t\t<div class=\"elementor-widget-container\">\n\t\t\t\t\t<div class=\"elementor-image-box-wrapper\"><figure class=\"elementor-image-box-img\"><img loading=\"lazy\" decoding=\"async\" width=\"308\" height=\"231\" src=\"https:\/\/recarprofi.cz\/wp-content\/uploads\/2026\/03\/nissan.jpg\" class=\"attachment-full size-full wp-image-33309\" alt=\"\" \/><\/figure><div class=\"elementor-image-box-content\"><h3 class=\"elementor-image-box-title\">Vysokozdvi\u017en\u00fd voz\u00edk Nissan FG-15<\/h3><p class=\"elementor-image-box-description\">Nosnost 1.500kg, zdvih 3.000mm., pohon LPG, kola superelastik, pracovn\u00ed osv\u011btlen\u00ed, pln\u011b funk\u010dn\u00ed. Cena:137.000,-K\u010d+DPH<\/p><\/div><\/div>\t\t\t\t<\/div>\n\t\t\t\t<\/div>\n\t\t\t\t\t<\/div>\n\t\t<\/div>\n\t\t\t\t\t<\/div>\n\t\t<\/section>\n\t\t\t\t<section class=\"elementor-section elementor-top-section elementor-element elementor-element-bb094f2 elementor-section-boxed elementor-section-height-default elementor-section-height-default\" data-id=\"bb094f2\" data-element_type=\"section\" data-e-type=\"section\">\n\t\t\t\t\t\t<div class=\"elementor-container elementor-column-gap-default\">\n\t\t\t\t\t<div class=\"elementor-column elementor-col-100 elementor-top-column elementor-element elementor-element-6587060\" data-id=\"6587060\" data-element_type=\"column\" data-e-type=\"column\">\n\t\t\t<div class=\"elementor-widget-wrap elementor-element-populated\">\n\t\t\t\t\t\t<div class=\"elementor-element elementor-element-1522d73 elementor-position-left elementor-vertical-align-middle elementor-widget elementor-widget-image-box\" data-id=\"1522d73\" data-element_type=\"widget\" data-e-type=\"widget\" data-widget_type=\"image-box.default\">\n\t\t\t\t<div class=\"elementor-widget-container\">\n\t\t\t\t\t<div class=\"elementor-image-box-wrapper\"><figure class=\"elementor-image-box-img\"><img decoding=\"async\" src=\"https:\/\/recarprofi.cz\/wp-content\/uploads\/elementor\/thumbs\/desta12b-rfk8m34cpr1dmd3eldr33vma6mea2fyhqstmycuhsk.webp\" title=\"desta12b\" alt=\"desta12b\" loading=\"lazy\" \/><\/figure><div class=\"elementor-image-box-content\"><h3 class=\"elementor-image-box-title\">Vysokozdvi\u017en\u00fd voz\u00edk Desta MV12B<\/h3><p class=\"elementor-image-box-description\">Nosnost 1.250kg., zdvih 2.500mm., pohon LPG, pln\u011b funk\u010dn\u00ed. Cena: 55.000,-K\u010d+DPH<\/p><\/div><\/div>\t\t\t\t<\/div>\n\t\t\t\t<\/div>\n\t\t\t\t\t<\/div>\n\t\t<\/div>\n\t\t\t\t\t<\/div>\n\t\t<\/section>\n\t\t\t\t<\/div>\n\t\t","protected":false},"excerpt":{"rendered":"<p>Vysokozdvi\u017en\u00fd voz\u00edk Baoli KBG 30 Nov\u00fd, nosnost 3.000kg., zdvih 4.000mm., pohon LPG, bo\u010dn\u00ed posuv vidl\u00ed, polokabina, kola superelastik, z\u00e1ruka 24 m\u011bs\u00edc\u016f. Cena: 568.000,-K\u010d+DPH Vysokozdvi\u017en\u00fd voz\u00edk Hyundai 25L-7A Nosnost 2.500kg., zdvih 3.300mm., pohon LPG, kabina s&hellip;<\/p>\n","protected":false},"author":1,"featured_media":32634,"parent":187,"menu_order":2,"comment_status":"closed","ping_status":"closed","template":"","meta":{"footnotes":""},"class_list":["post-33270","page","type-page","status-publish","has-post-thumbnail","hentry"],"_links":{"self":[{"href":"https:\/\/recarprofi.cz\/uvod\/wp-json\/wp\/v2\/pages\/33270","targetHints":{"allow":["GET"]}}],"collection":[{"href":"https:\/\/recarprofi.cz\/uvod\/wp-json\/wp\/v2\/pages"}],"about":[{"href":"https:\/\/recarprofi.cz\/uvod\/wp-json\/wp\/v2\/types\/page"}],"author":[{"embeddable":true,"href":"https:\/\/recarprofi.cz\/uvod\/wp-json\/wp\/v2\/users\/1"}],"replies":[{"embeddable":true,"href":"https:\/\/recarprofi.cz\/uvod\/wp-json\/wp\/v2\/comments?post=33270"}],"version-history":[{"count":34,"href":"https:\/\/recarprofi.cz\/uvod\/wp-json\/wp\/v2\/pages\/33270\/revisions"}],"predecessor-version":[{"id":33318,"href":"https:\/\/recarprofi.cz\/uvod\/wp-json\/wp\/v2\/pages\/33270\/revisions\/33318"}],"up":[{"embeddable":true,"href":"https:\/\/recarprofi.cz\/uvod\/wp-json\/wp\/v2\/pages\/187"}],"wp:featuredmedia":[{"embeddable":true,"href":"https:\/\/recarprofi.cz\/uvod\/wp-json\/wp\/v2\/media\/32634"}],"wp:attachment":[{"href":"https:\/\/recarprofi.cz\/uvod\/wp-json\/wp\/v2\/media?parent=33270"}],"curies":[{"name":"wp","href":"https:\/\/api.w.org\/{rel}","templated":true}]}}