{"id":33338,"date":"2026-03-24T09:54:50","date_gmt":"2026-03-24T08:54:50","guid":{"rendered":"https:\/\/recarprofi.cz\/uvod\/?page_id=33338"},"modified":"2026-03-24T10:08:46","modified_gmt":"2026-03-24T09:08:46","slug":"traktory-skladove","status":"publish","type":"page","link":"https:\/\/recarprofi.cz\/uvod\/bazar\/traktory-skladove\/","title":{"rendered":"Traktory skladov\u00e9"},"content":{"rendered":"\t\t<div data-elementor-type=\"wp-page\" data-elementor-id=\"33338\" class=\"elementor elementor-33338\">\n\t\t\t\t\t\t<section class=\"elementor-section elementor-top-section elementor-element elementor-element-562cbe4 elementor-section-boxed elementor-section-height-default elementor-section-height-default\" data-id=\"562cbe4\" data-element_type=\"section\" data-e-type=\"section\">\n\t\t\t\t\t\t<div class=\"elementor-container elementor-column-gap-default\">\n\t\t\t\t\t<div class=\"elementor-column elementor-col-100 elementor-top-column elementor-element elementor-element-6a144b5\" data-id=\"6a144b5\" data-element_type=\"column\" data-e-type=\"column\">\n\t\t\t<div class=\"elementor-widget-wrap elementor-element-populated\">\n\t\t\t\t\t\t<div class=\"elementor-element elementor-element-b8288b0 elementor-position-left elementor-vertical-align-middle elementor-widget elementor-widget-image-box\" data-id=\"b8288b0\" data-element_type=\"widget\" data-e-type=\"widget\" data-widget_type=\"image-box.default\">\n\t\t\t\t<div class=\"elementor-widget-container\">\n\t\t\t\t\t<div class=\"elementor-image-box-wrapper\"><figure class=\"elementor-image-box-img\"><img fetchpriority=\"high\" decoding=\"async\" width=\"1200\" height=\"675\" src=\"https:\/\/recarprofi.cz\/wp-content\/uploads\/2026\/03\/kioti-cs-2220.jpg\" class=\"attachment-full size-full wp-image-33222\" alt=\"\" srcset=\"https:\/\/recarprofi.cz\/wp-content\/uploads\/2026\/03\/kioti-cs-2220.jpg 1200w, https:\/\/recarprofi.cz\/wp-content\/uploads\/2026\/03\/kioti-cs-2220-744x419.jpg 744w, https:\/\/recarprofi.cz\/wp-content\/uploads\/2026\/03\/kioti-cs-2220-420x236.jpg 420w, https:\/\/recarprofi.cz\/wp-content\/uploads\/2026\/03\/kioti-cs-2220-768x432.jpg 768w, https:\/\/recarprofi.cz\/wp-content\/uploads\/2026\/03\/kioti-cs-2220-600x338.jpg 600w\" sizes=\"(max-width: 1200px) 100vw, 1200px\" \/><\/figure><div class=\"elementor-image-box-content\"><h3 class=\"elementor-image-box-title\">Traktor Kioti CS2220 s \u010deln\u00edm naklada\u010dem<\/h3><p class=\"elementor-image-box-description\">P\u0159edv\u00e1d\u011bc\u00ed traktor, v\u00fdkon motoru 21k., pohon diesel, 4x4, \u010deln\u00ed naklada\u010d s lopatou, z\u00e1ruka 24 m\u011bs\u00edc\u016f. Cena: 315.000,-K\u010d+DPH<\/p><\/div><\/div>\t\t\t\t<\/div>\n\t\t\t\t<\/div>\n\t\t\t\t\t<\/div>\n\t\t<\/div>\n\t\t\t\t\t<\/div>\n\t\t<\/section>\n\t\t\t\t<section class=\"elementor-section elementor-top-section elementor-element elementor-element-2c52ac1 elementor-section-boxed elementor-section-height-default elementor-section-height-default\" data-id=\"2c52ac1\" data-element_type=\"section\" data-e-type=\"section\">\n\t\t\t\t\t\t<div class=\"elementor-container elementor-column-gap-default\">\n\t\t\t\t\t<div class=\"elementor-column elementor-col-100 elementor-top-column elementor-element elementor-element-c605cb1\" data-id=\"c605cb1\" data-element_type=\"column\" data-e-type=\"column\">\n\t\t\t<div class=\"elementor-widget-wrap elementor-element-populated\">\n\t\t\t\t\t\t<div class=\"elementor-element elementor-element-017c653 elementor-position-left elementor-vertical-align-middle elementor-widget elementor-widget-image-box\" data-id=\"017c653\" data-element_type=\"widget\" data-e-type=\"widget\" data-widget_type=\"image-box.default\">\n\t\t\t\t<div class=\"elementor-widget-container\">\n\t\t\t\t\t<div class=\"elementor-image-box-wrapper\"><figure class=\"elementor-image-box-img\"><img decoding=\"async\" width=\"2016\" height=\"1512\" src=\"https:\/\/recarprofi.cz\/wp-content\/uploads\/2024\/01\/solis-16.jpg\" class=\"attachment-full size-full wp-image-27461\" alt=\"\" srcset=\"https:\/\/recarprofi.cz\/wp-content\/uploads\/2024\/01\/solis-16.jpg 2016w, https:\/\/recarprofi.cz\/wp-content\/uploads\/2024\/01\/solis-16-744x558.jpg 744w, https:\/\/recarprofi.cz\/wp-content\/uploads\/2024\/01\/solis-16-1200x900.jpg 1200w, https:\/\/recarprofi.cz\/wp-content\/uploads\/2024\/01\/solis-16-420x315.jpg 420w, https:\/\/recarprofi.cz\/wp-content\/uploads\/2024\/01\/solis-16-768x576.jpg 768w, https:\/\/recarprofi.cz\/wp-content\/uploads\/2024\/01\/solis-16-1536x1152.jpg 1536w, https:\/\/recarprofi.cz\/wp-content\/uploads\/2024\/01\/solis-16-1024x768.jpg 1024w, https:\/\/recarprofi.cz\/wp-content\/uploads\/2024\/01\/solis-16-1440x1080.jpg 1440w, https:\/\/recarprofi.cz\/wp-content\/uploads\/2024\/01\/solis-16-600x450.jpg 600w\" sizes=\"(max-width: 2016px) 100vw, 2016px\" \/><\/figure><div class=\"elementor-image-box-content\"><h3 class=\"elementor-image-box-title\">Traktor Solis 16<\/h3><p class=\"elementor-image-box-description\">P\u0159edv\u00e1d\u011bc\u00ed traktor, v\u00fdkon motoru 16k., pohon diesel, 4x4, zadn\u00ed v\u00fdvodov\u00fd h\u0159\u00eddel, z\u00e1ruka 24 m\u011bs\u00edc\u016f. Cena: 205.000,-K\u010d+DPH<\/p><\/div><\/div>\t\t\t\t<\/div>\n\t\t\t\t<\/div>\n\t\t\t\t\t<\/div>\n\t\t<\/div>\n\t\t\t\t\t<\/div>\n\t\t<\/section>\n\t\t\t\t<section class=\"elementor-section elementor-top-section elementor-element elementor-element-dc9a28c elementor-section-boxed elementor-section-height-default elementor-section-height-default\" data-id=\"dc9a28c\" data-element_type=\"section\" data-e-type=\"section\">\n\t\t\t\t\t\t<div class=\"elementor-container elementor-column-gap-default\">\n\t\t\t\t\t<div class=\"elementor-column elementor-col-100 elementor-top-column elementor-element elementor-element-16711f5\" data-id=\"16711f5\" data-element_type=\"column\" data-e-type=\"column\">\n\t\t\t<div class=\"elementor-widget-wrap elementor-element-populated\">\n\t\t\t\t\t\t<div class=\"elementor-element elementor-element-7698982 elementor-position-left elementor-vertical-align-middle elementor-widget elementor-widget-image-box\" data-id=\"7698982\" data-element_type=\"widget\" data-e-type=\"widget\" data-widget_type=\"image-box.default\">\n\t\t\t\t<div class=\"elementor-widget-container\">\n\t\t\t\t\t<div class=\"elementor-image-box-wrapper\"><figure class=\"elementor-image-box-img\"><img decoding=\"async\" width=\"1024\" height=\"649\" src=\"https:\/\/recarprofi.cz\/wp-content\/uploads\/2026\/03\/belarus.png\" class=\"attachment-full size-full wp-image-33348\" alt=\"\" srcset=\"https:\/\/recarprofi.cz\/wp-content\/uploads\/2026\/03\/belarus.png 1024w, https:\/\/recarprofi.cz\/wp-content\/uploads\/2026\/03\/belarus-744x472.png 744w, https:\/\/recarprofi.cz\/wp-content\/uploads\/2026\/03\/belarus-420x266.png 420w, https:\/\/recarprofi.cz\/wp-content\/uploads\/2026\/03\/belarus-768x487.png 768w, https:\/\/recarprofi.cz\/wp-content\/uploads\/2026\/03\/belarus-600x380.png 600w\" sizes=\"(max-width: 1024px) 100vw, 1024px\" \/><\/figure><div class=\"elementor-image-box-content\"><h3 class=\"elementor-image-box-title\">Traktor Belarus 1025.3 s \u010deln\u00edm naklada\u010dem<\/h3><p class=\"elementor-image-box-description\">V\u00fdkon motoru 110k., \u010deln\u00ed naklada\u010d, kabina s topen\u00edm, pohon 4x4, zadn\u00ed v\u00fdvodov\u00fd h\u0159\u00eddel 540\/1.000 ot\/min., zadn\u00ed 3-bodov\u00fd z\u00e1v\u011bs, z\u00e1ruka 6 m\u011bs\u00edc\u016f. Cena: 378.000,-K\u010d+DPH<\/p><\/div><\/div>\t\t\t\t<\/div>\n\t\t\t\t<\/div>\n\t\t\t\t\t<\/div>\n\t\t<\/div>\n\t\t\t\t\t<\/div>\n\t\t<\/section>\n\t\t\t\t<\/div>\n\t\t","protected":false},"excerpt":{"rendered":"<p>Traktor Kioti CS2220 s \u010deln\u00edm naklada\u010dem P\u0159edv\u00e1d\u011bc\u00ed traktor, v\u00fdkon motoru 21k., pohon diesel, 4&#215;4, \u010deln\u00ed naklada\u010d s lopatou, z\u00e1ruka 24 m\u011bs\u00edc\u016f. Cena: 315.000,-K\u010d+DPH Traktor Solis 16 P\u0159edv\u00e1d\u011bc\u00ed traktor, v\u00fdkon motoru 16k., pohon diesel, 4&#215;4, zadn\u00ed&hellip;<\/p>\n","protected":false},"author":1,"featured_media":33134,"parent":187,"menu_order":4,"comment_status":"closed","ping_status":"closed","template":"","meta":{"footnotes":""},"class_list":["post-33338","page","type-page","status-publish","has-post-thumbnail","hentry"],"_links":{"self":[{"href":"https:\/\/recarprofi.cz\/uvod\/wp-json\/wp\/v2\/pages\/33338","targetHints":{"allow":["GET"]}}],"collection":[{"href":"https:\/\/recarprofi.cz\/uvod\/wp-json\/wp\/v2\/pages"}],"about":[{"href":"https:\/\/recarprofi.cz\/uvod\/wp-json\/wp\/v2\/types\/page"}],"author":[{"embeddable":true,"href":"https:\/\/recarprofi.cz\/uvod\/wp-json\/wp\/v2\/users\/1"}],"replies":[{"embeddable":true,"href":"https:\/\/recarprofi.cz\/uvod\/wp-json\/wp\/v2\/comments?post=33338"}],"version-history":[{"count":10,"href":"https:\/\/recarprofi.cz\/uvod\/wp-json\/wp\/v2\/pages\/33338\/revisions"}],"predecessor-version":[{"id":33351,"href":"https:\/\/recarprofi.cz\/uvod\/wp-json\/wp\/v2\/pages\/33338\/revisions\/33351"}],"up":[{"embeddable":true,"href":"https:\/\/recarprofi.cz\/uvod\/wp-json\/wp\/v2\/pages\/187"}],"wp:featuredmedia":[{"embeddable":true,"href":"https:\/\/recarprofi.cz\/uvod\/wp-json\/wp\/v2\/media\/33134"}],"wp:attachment":[{"href":"https:\/\/recarprofi.cz\/uvod\/wp-json\/wp\/v2\/media?parent=33338"}],"curies":[{"name":"wp","href":"https:\/\/api.w.org\/{rel}","templated":true}]}}