{"id":367,"date":"2013-02-01T14:27:37","date_gmt":"2013-02-01T13:27:37","guid":{"rendered":"http:\/\/recarprofi.cz\/?page_id=367"},"modified":"2024-04-09T14:24:26","modified_gmt":"2024-04-09T12:24:26","slug":"110d-160d-9","status":"publish","type":"page","link":"https:\/\/recarprofi.cz\/uvod\/manipulacni-technika\/vysokozdvizne-voziky-hyundai\/naftove\/110d-160d-9\/","title":{"rendered":"Vysokozdvi\u017en\u00e9 voz\u00edky Hyundai 110D\/160D-9"},"content":{"rendered":"\t\t<div data-elementor-type=\"wp-page\" data-elementor-id=\"367\" class=\"elementor elementor-367\">\n\t\t\t\t\t\t<section class=\"elementor-section elementor-top-section elementor-element elementor-element-52ee387e elementor-section-boxed elementor-section-height-default elementor-section-height-default\" data-id=\"52ee387e\" data-element_type=\"section\" data-e-type=\"section\">\n\t\t\t\t\t\t<div class=\"elementor-container elementor-column-gap-default\">\n\t\t\t\t\t<div class=\"elementor-column elementor-col-100 elementor-top-column elementor-element elementor-element-5a05c91d\" data-id=\"5a05c91d\" data-element_type=\"column\" data-e-type=\"column\">\n\t\t\t<div class=\"elementor-widget-wrap elementor-element-populated\">\n\t\t\t\t\t\t<div class=\"elementor-element elementor-element-20ec2f32 elementor-widget elementor-widget-text-editor\" data-id=\"20ec2f32\" data-element_type=\"widget\" data-e-type=\"widget\" data-widget_type=\"text-editor.default\">\n\t\t\t\t<div class=\"elementor-widget-container\">\n\t\t\t\t\t\t\t\t\t<p><a href=\"http:\/\/recarprofi.cz\/wp-content\/uploads\/2019\/03\/hyundai-160d-91.png\"><img fetchpriority=\"high\" decoding=\"async\" class=\"aligncenter wp-image-11715 size-full\" src=\"https:\/\/recarprofi.cz\/wp-content\/uploads\/2019\/03\/hyundai-160d-91.png\" alt=\"\" width=\"1000\" height=\"667\" srcset=\"https:\/\/recarprofi.cz\/wp-content\/uploads\/2019\/03\/hyundai-160d-91.png 1000w, https:\/\/recarprofi.cz\/wp-content\/uploads\/2019\/03\/hyundai-160d-91-600x400.png 600w, https:\/\/recarprofi.cz\/wp-content\/uploads\/2019\/03\/hyundai-160d-91-420x280.png 420w, https:\/\/recarprofi.cz\/wp-content\/uploads\/2019\/03\/hyundai-160d-91-744x496.png 744w, https:\/\/recarprofi.cz\/wp-content\/uploads\/2019\/03\/hyundai-160d-91-768x512.png 768w\" sizes=\"(max-width: 1000px) 100vw, 1000px\" \/><\/a><\/p><p><span style=\"color: #993366;\"><em><strong>Naftov\u00e9 vysokozdvi\u017en\u00e9 voz\u00edky Hyundai s nosnosti od 11 do 16t.<\/strong><\/em><\/span><\/p><p><span style=\"color: #0000ff;\"><strong><em>V z\u00e1kladn\u00ed v\u00fdbav\u011b: kabina s topen\u00edm, klimatizace, CD p\u0159ehr\u00e1va\u010d, zadn\u00ed kamera.<\/em><\/strong><\/span><\/p><p><strong>Hled\u00e1te skv\u011bl\u00fd v\u0161estrann\u00fd velk\u00fd voz\u00edk?<\/strong><\/p><p><strong>Voz\u00edky nov\u00e9 \u0159ady 9 spl\u0148uj\u00ed vysok\u00e9 n\u00e1roky na bezpe\u010dnost a efektivnost n\u00e1klad\u016f, stejn\u011b jako komfort obsluhy. Osv\u011bd\u010den\u00e1 \u00fa\u010dinn\u00e1 kombinace Cummins QSC motoru, p\u0159evodovky ZF a Kessler p\u0159edn\u00ed n\u00e1pravou zaji\u0161\u0165uje perfektn\u00ed v\u00fdkon, tak\u017ee pr\u00e1ce mnohem jednodu\u0161\u0161\u00ed. P\u0159idejte k tomu snadnou \u00fadr\u017ebu prost\u0159ednictv\u00edm centralizovan\u00e9ho poklopu a budete souhlasit, \u017ee nov\u00e1 \u0159ada 9 je sen.<\/strong><\/p><p><span style=\"color: #800000;\"><strong><em>Parametry:<\/em><\/strong><\/span><\/p><table width=\"100%\"><tbody><tr><td width=\"27%\"><strong><em>Typ voz\u00edku<\/em><\/strong><\/td><td width=\"24%\"><strong><em>110D-9<\/em><\/strong><\/td><td width=\"24%\"><strong><em>130D-9<\/em><\/strong><\/td><td width=\"24%\"><strong><em>160D-9<\/em><\/strong><\/td><\/tr><tr><td width=\"27%\"><strong><em>Pohon<\/em><\/strong><\/td><td width=\"24%\">Diesel<\/td><td width=\"24%\">Diesel<\/td><td width=\"24%\">Diesel<\/td><\/tr><tr><td width=\"27%\"><strong><em>Nosnost<\/em><\/strong><\/td><td width=\"24%\">11000 kg<\/td><td width=\"24%\">13000 kg<\/td><td width=\"24%\">\u00a016000 kg<\/td><\/tr><tr><td width=\"27%\"><strong><em>Vylo\u017een\u00ed t\u011b\u017ei\u0161t\u011b<\/em><\/strong><\/td><td width=\"24%\">600 mm<\/td><td width=\"24%\">600 mm<\/td><td width=\"24%\">600 mm<\/td><\/tr><tr><td width=\"27%\"><strong><em>Vlastn\u00ed hmotnost<\/em><\/strong><\/td><td width=\"24%\">16.275 kg<\/td><td width=\"24%\">16.991 kg<\/td><td width=\"24%\">19.843 kg<\/td><\/tr><tr><td width=\"27%\"><strong><em>Pneumatiky p\u0159edn\u00ed<\/em><\/strong><\/td><td width=\"24%\">10.00-20<\/td><td width=\"24%\">10.00-20<\/td><td width=\"24%\">12.00-20<\/td><\/tr><tr><td width=\"27%\"><strong><em>Pneumatiky zadn\u00ed<\/em><\/strong><\/td><td width=\"24%\">10.00-20<\/td><td width=\"24%\">10.00-20<\/td><td width=\"24%\">12.00-20<\/td><\/tr><tr><td width=\"27%\"><strong><em>Rychlost pojezdu<\/em><\/strong><\/td><td width=\"24%\">35,6 km\/h<\/td><td width=\"24%\">35,6 km\/h<\/td><td width=\"24%\">35,2 km\/h<\/td><\/tr><tr><td width=\"27%\"><strong><em>Motor<\/em><\/strong><\/td><td width=\"24%\">Cummins QSB6.7<\/td><td width=\"24%\">Cummins QSB6.7<\/td><td width=\"24%\">Cummins QSB6.7<\/td><\/tr><tr><td width=\"27%\"><strong><em>V\u00fdkon motoru<\/em><\/strong><\/td><td width=\"24%\">122 kW<\/td><td width=\"24%\">122 kW<\/td><td width=\"24%\">122 kW<\/td><\/tr><\/tbody><\/table><p>\u00a0<\/p><p><span style=\"color: #800000;\"><em><strong>Prospekt:\u00a0<a href=\"http:\/\/recarprofi.cz\/wp-content\/uploads\/2013\/02\/hyundai-110-160d-9.pdf\">hyundai-110-160d-9<\/a><\/strong><\/em><\/span><\/p><p>\u00a0<\/p><p><a href=\"http:\/\/recarprofi.cz\/wp-content\/uploads\/2013\/02\/hyundai-110d-9.jpg\"><img decoding=\"async\" class=\"aligncenter wp-image-7919 size-full\" src=\"https:\/\/recarprofi.cz\/wp-content\/uploads\/2013\/02\/hyundai-110d-9.jpg\" alt=\"hyundai-110d-9\" width=\"960\" height=\"720\" srcset=\"https:\/\/recarprofi.cz\/wp-content\/uploads\/2013\/02\/hyundai-110d-9.jpg 960w, https:\/\/recarprofi.cz\/wp-content\/uploads\/2013\/02\/hyundai-110d-9-600x450.jpg 600w, https:\/\/recarprofi.cz\/wp-content\/uploads\/2013\/02\/hyundai-110d-9-300x225.jpg 300w, https:\/\/recarprofi.cz\/wp-content\/uploads\/2013\/02\/hyundai-110d-9-768x576.jpg 768w\" sizes=\"(max-width: 960px) 100vw, 960px\" \/><\/a>\u00a0<a href=\"http:\/\/recarprofi.cz\/wp-content\/uploads\/2013\/02\/hyundai-130d-9.jpg\"><img decoding=\"async\" class=\"aligncenter wp-image-7921 size-large\" src=\"https:\/\/recarprofi.cz\/wp-content\/uploads\/2013\/02\/hyundai-130d-9-1024x768.jpg\" alt=\"hyundai-130d-9\" width=\"1024\" height=\"768\" srcset=\"https:\/\/recarprofi.cz\/wp-content\/uploads\/2013\/02\/hyundai-130d-9-1024x768.jpg 1024w, https:\/\/recarprofi.cz\/wp-content\/uploads\/2013\/02\/hyundai-130d-9-scaled-600x450.jpg 600w, https:\/\/recarprofi.cz\/wp-content\/uploads\/2013\/02\/hyundai-130d-9-300x225.jpg 300w, https:\/\/recarprofi.cz\/wp-content\/uploads\/2013\/02\/hyundai-130d-9-768x576.jpg 768w\" sizes=\"(max-width: 1024px) 100vw, 1024px\" \/><\/a>\u00a0<a href=\"http:\/\/recarprofi.cz\/wp-content\/uploads\/2013\/02\/hyundai-160d-9.jpg\"><img loading=\"lazy\" decoding=\"async\" class=\"aligncenter wp-image-7922 size-full\" src=\"https:\/\/recarprofi.cz\/wp-content\/uploads\/2013\/02\/hyundai-160d-9.jpg\" alt=\"hyundai-160d-9\" width=\"1013\" height=\"760\" srcset=\"https:\/\/recarprofi.cz\/wp-content\/uploads\/2013\/02\/hyundai-160d-9.jpg 1013w, https:\/\/recarprofi.cz\/wp-content\/uploads\/2013\/02\/hyundai-160d-9-600x450.jpg 600w, https:\/\/recarprofi.cz\/wp-content\/uploads\/2013\/02\/hyundai-160d-9-300x225.jpg 300w, https:\/\/recarprofi.cz\/wp-content\/uploads\/2013\/02\/hyundai-160d-9-768x576.jpg 768w\" sizes=\"(max-width: 1013px) 100vw, 1013px\" \/><\/a><\/p>\t\t\t\t\t\t\t\t<\/div>\n\t\t\t\t<\/div>\n\t\t\t\t\t<\/div>\n\t\t<\/div>\n\t\t\t\t\t<\/div>\n\t\t<\/section>\n\t\t\t\t<\/div>\n\t\t","protected":false},"excerpt":{"rendered":"<p>Naftov\u00e9 vysokozdvi\u017en\u00e9 voz\u00edky Hyundai s nosnosti od 11 do 16t. V z\u00e1kladn\u00ed v\u00fdbav\u011b: kabina s topen\u00edm, klimatizace, CD p\u0159ehr\u00e1va\u010d, zadn\u00ed kamera. Hled\u00e1te skv\u011bl\u00fd v\u0161estrann\u00fd velk\u00fd voz\u00edk? Voz\u00edky nov\u00e9 \u0159ady 9 spl\u0148uj\u00ed vysok\u00e9 n\u00e1roky na bezpe\u010dnost&hellip;<\/p>\n","protected":false},"author":1,"featured_media":8255,"parent":227,"menu_order":6,"comment_status":"closed","ping_status":"closed","template":"","meta":{"footnotes":""},"class_list":["post-367","page","type-page","status-publish","has-post-thumbnail","hentry"],"_links":{"self":[{"href":"https:\/\/recarprofi.cz\/uvod\/wp-json\/wp\/v2\/pages\/367","targetHints":{"allow":["GET"]}}],"collection":[{"href":"https:\/\/recarprofi.cz\/uvod\/wp-json\/wp\/v2\/pages"}],"about":[{"href":"https:\/\/recarprofi.cz\/uvod\/wp-json\/wp\/v2\/types\/page"}],"author":[{"embeddable":true,"href":"https:\/\/recarprofi.cz\/uvod\/wp-json\/wp\/v2\/users\/1"}],"replies":[{"embeddable":true,"href":"https:\/\/recarprofi.cz\/uvod\/wp-json\/wp\/v2\/comments?post=367"}],"version-history":[{"count":29,"href":"https:\/\/recarprofi.cz\/uvod\/wp-json\/wp\/v2\/pages\/367\/revisions"}],"predecessor-version":[{"id":20437,"href":"https:\/\/recarprofi.cz\/uvod\/wp-json\/wp\/v2\/pages\/367\/revisions\/20437"}],"up":[{"embeddable":true,"href":"https:\/\/recarprofi.cz\/uvod\/wp-json\/wp\/v2\/pages\/227"}],"wp:featuredmedia":[{"embeddable":true,"href":"https:\/\/recarprofi.cz\/uvod\/wp-json\/wp\/v2\/media\/8255"}],"wp:attachment":[{"href":"https:\/\/recarprofi.cz\/uvod\/wp-json\/wp\/v2\/media?parent=367"}],"curies":[{"name":"wp","href":"https:\/\/api.w.org\/{rel}","templated":true}]}}