{"id":3893,"date":"2013-04-09T12:29:12","date_gmt":"2013-04-09T10:29:12","guid":{"rendered":"http:\/\/recarprofi.cz\/?page_id=3893"},"modified":"2026-01-13T08:20:41","modified_gmt":"2026-01-13T07:20:41","slug":"hnojeni","status":"publish","type":"page","link":"https:\/\/recarprofi.cz\/uvod\/zemedelska-technika\/hnojeni\/","title":{"rendered":"Hnojen\u00ed"},"content":{"rendered":"\t\t<div data-elementor-type=\"wp-page\" data-elementor-id=\"3893\" class=\"elementor elementor-3893\">\n\t\t\t\t\t\t<section class=\"elementor-section elementor-top-section elementor-element elementor-element-34d0c55 elementor-section-boxed elementor-section-height-default elementor-section-height-default\" data-id=\"34d0c55\" data-element_type=\"section\" data-e-type=\"section\">\n\t\t\t\t\t\t<div class=\"elementor-container elementor-column-gap-default\">\n\t\t\t\t\t<div class=\"elementor-column elementor-col-100 elementor-top-column elementor-element elementor-element-97b4f32\" data-id=\"97b4f32\" data-element_type=\"column\" data-e-type=\"column\">\n\t\t\t<div class=\"elementor-widget-wrap elementor-element-populated\">\n\t\t\t\t\t\t<div class=\"elementor-element elementor-element-3c24813 elementor-position-left elementor-vertical-align-top elementor-widget elementor-widget-image-box\" data-id=\"3c24813\" data-element_type=\"widget\" data-e-type=\"widget\" data-widget_type=\"image-box.default\">\n\t\t\t\t<div class=\"elementor-widget-container\">\n\t\t\t\t\t<div class=\"elementor-image-box-wrapper\"><figure class=\"elementor-image-box-img\"><a href=\"https:\/\/recarprofi.cz\/uvod\/zemedelska-technika\/hnojeni\/rozmetadla-mineralnich-hnojiv-nesena\/\" tabindex=\"-1\"><img fetchpriority=\"high\" decoding=\"async\" width=\"1000\" height=\"750\" src=\"https:\/\/recarprofi.cz\/wp-content\/uploads\/2018\/07\/unia-ms-sad.jpg\" class=\"attachment-full size-full wp-image-10839\" alt=\"\" srcset=\"https:\/\/recarprofi.cz\/wp-content\/uploads\/2018\/07\/unia-ms-sad.jpg 1000w, https:\/\/recarprofi.cz\/wp-content\/uploads\/2018\/07\/unia-ms-sad-600x450.jpg 600w\" sizes=\"(max-width: 1000px) 100vw, 1000px\" \/><\/a><\/figure><div class=\"elementor-image-box-content\"><h3 class=\"elementor-image-box-title\"><a href=\"https:\/\/recarprofi.cz\/uvod\/zemedelska-technika\/hnojeni\/rozmetadla-mineralnich-hnojiv-nesena\/\">Rozmetadla miner\u00e1ln\u00edch hnojiv do sad\u016f Unia<\/a><\/h3><\/div><\/div>\t\t\t\t<\/div>\n\t\t\t\t<\/div>\n\t\t\t\t\t<\/div>\n\t\t<\/div>\n\t\t\t\t\t<\/div>\n\t\t<\/section>\n\t\t\t\t<section class=\"elementor-section elementor-top-section elementor-element elementor-element-ab746ea elementor-section-boxed elementor-section-height-default elementor-section-height-default\" data-id=\"ab746ea\" data-element_type=\"section\" data-e-type=\"section\">\n\t\t\t\t\t\t<div class=\"elementor-container elementor-column-gap-default\">\n\t\t\t\t\t<div class=\"elementor-column elementor-col-100 elementor-top-column elementor-element elementor-element-72e64f4\" data-id=\"72e64f4\" data-element_type=\"column\" data-e-type=\"column\">\n\t\t\t<div class=\"elementor-widget-wrap elementor-element-populated\">\n\t\t\t\t\t\t<div class=\"elementor-element elementor-element-7391db5 elementor-position-left elementor-vertical-align-top elementor-widget elementor-widget-image-box\" data-id=\"7391db5\" data-element_type=\"widget\" data-e-type=\"widget\" data-widget_type=\"image-box.default\">\n\t\t\t\t<div class=\"elementor-widget-container\">\n\t\t\t\t\t<div class=\"elementor-image-box-wrapper\"><figure class=\"elementor-image-box-img\"><a href=\"https:\/\/recarprofi.cz\/uvod\/zemedelska-technika\/hnojeni\/rozmetadla-mineralnich-hnojiv-nesena-unia\/\" tabindex=\"-1\"><img decoding=\"async\" width=\"813\" height=\"600\" src=\"https:\/\/recarprofi.cz\/wp-content\/uploads\/2019\/09\/unia-ms500.jpg\" class=\"attachment-full size-full wp-image-14259\" alt=\"\" srcset=\"https:\/\/recarprofi.cz\/wp-content\/uploads\/2019\/09\/unia-ms500.jpg 813w, https:\/\/recarprofi.cz\/wp-content\/uploads\/2019\/09\/unia-ms500-600x443.jpg 600w, https:\/\/recarprofi.cz\/wp-content\/uploads\/2019\/09\/unia-ms500-420x310.jpg 420w, https:\/\/recarprofi.cz\/wp-content\/uploads\/2019\/09\/unia-ms500-744x549.jpg 744w, https:\/\/recarprofi.cz\/wp-content\/uploads\/2019\/09\/unia-ms500-768x567.jpg 768w\" sizes=\"(max-width: 813px) 100vw, 813px\" \/><\/a><\/figure><div class=\"elementor-image-box-content\"><h3 class=\"elementor-image-box-title\"><a href=\"https:\/\/recarprofi.cz\/uvod\/zemedelska-technika\/hnojeni\/rozmetadla-mineralnich-hnojiv-nesena-unia\/\">Rozmetadla miner\u00e1ln\u00edch hnojiv nesena Unia<\/a><\/h3><\/div><\/div>\t\t\t\t<\/div>\n\t\t\t\t<\/div>\n\t\t\t\t\t<\/div>\n\t\t<\/div>\n\t\t\t\t\t<\/div>\n\t\t<\/section>\n\t\t\t\t<section class=\"elementor-section elementor-top-section elementor-element elementor-element-e405b6e elementor-section-boxed elementor-section-height-default elementor-section-height-default\" data-id=\"e405b6e\" data-element_type=\"section\" data-e-type=\"section\">\n\t\t\t\t\t\t<div class=\"elementor-container elementor-column-gap-default\">\n\t\t\t\t\t<div class=\"elementor-column elementor-col-100 elementor-top-column elementor-element elementor-element-00a730e\" data-id=\"00a730e\" data-element_type=\"column\" data-e-type=\"column\">\n\t\t\t<div class=\"elementor-widget-wrap elementor-element-populated\">\n\t\t\t\t\t\t<div class=\"elementor-element elementor-element-936e30e elementor-position-left elementor-vertical-align-top elementor-widget elementor-widget-image-box\" data-id=\"936e30e\" data-element_type=\"widget\" data-e-type=\"widget\" data-widget_type=\"image-box.default\">\n\t\t\t\t<div class=\"elementor-widget-container\">\n\t\t\t\t\t<div class=\"elementor-image-box-wrapper\"><figure class=\"elementor-image-box-img\"><a href=\"https:\/\/recarprofi.cz\/uvod\/zemedelska-technika\/hnojeni\/rozmetadla-mineralnich-hnojiv-tazena-rcw\/\" tabindex=\"-1\"><img decoding=\"async\" width=\"800\" height=\"600\" src=\"https:\/\/recarprofi.cz\/wp-content\/uploads\/2019\/09\/unia-rcw-8202.jpg\" class=\"attachment-full size-full wp-image-14399\" alt=\"\" srcset=\"https:\/\/recarprofi.cz\/wp-content\/uploads\/2019\/09\/unia-rcw-8202.jpg 800w, https:\/\/recarprofi.cz\/wp-content\/uploads\/2019\/09\/unia-rcw-8202-600x450.jpg 600w, https:\/\/recarprofi.cz\/wp-content\/uploads\/2019\/09\/unia-rcw-8202-420x315.jpg 420w, https:\/\/recarprofi.cz\/wp-content\/uploads\/2019\/09\/unia-rcw-8202-744x558.jpg 744w, https:\/\/recarprofi.cz\/wp-content\/uploads\/2019\/09\/unia-rcw-8202-768x576.jpg 768w\" sizes=\"(max-width: 800px) 100vw, 800px\" \/><\/a><\/figure><div class=\"elementor-image-box-content\"><h3 class=\"elementor-image-box-title\"><a href=\"https:\/\/recarprofi.cz\/uvod\/zemedelska-technika\/hnojeni\/rozmetadla-mineralnich-hnojiv-tazena-rcw\/\">Rozmetadla minar\u00e1ln\u00edch hnojiv ta\u017een\u00e1 Unia<\/a><\/h3><p class=\"elementor-image-box-description\">Pasov\u00fd dopravn\u00edk.<\/p><\/div><\/div>\t\t\t\t<\/div>\n\t\t\t\t<\/div>\n\t\t\t\t\t<\/div>\n\t\t<\/div>\n\t\t\t\t\t<\/div>\n\t\t<\/section>\n\t\t\t\t<section class=\"elementor-section elementor-top-section elementor-element elementor-element-c3c50eb elementor-section-boxed elementor-section-height-default elementor-section-height-default\" data-id=\"c3c50eb\" data-element_type=\"section\" data-e-type=\"section\">\n\t\t\t\t\t\t<div class=\"elementor-container elementor-column-gap-default\">\n\t\t\t\t\t<div class=\"elementor-column elementor-col-100 elementor-top-column elementor-element elementor-element-d8462f7\" data-id=\"d8462f7\" data-element_type=\"column\" data-e-type=\"column\">\n\t\t\t<div class=\"elementor-widget-wrap elementor-element-populated\">\n\t\t\t\t\t\t<div class=\"elementor-element elementor-element-5b23108 elementor-position-left elementor-vertical-align-top elementor-widget elementor-widget-image-box\" data-id=\"5b23108\" data-element_type=\"widget\" data-e-type=\"widget\" data-widget_type=\"image-box.default\">\n\t\t\t\t<div class=\"elementor-widget-container\">\n\t\t\t\t\t<div class=\"elementor-image-box-wrapper\"><figure class=\"elementor-image-box-img\"><a href=\"https:\/\/recarprofi.cz\/uvod\/zemedelska-technika\/hnojeni\/rozmetadla-mineralnich-hnojiv-tazena-pomot\/\" tabindex=\"-1\"><img loading=\"lazy\" decoding=\"async\" width=\"1024\" height=\"768\" src=\"https:\/\/recarprofi.cz\/wp-content\/uploads\/2019\/09\/pomot-upr10.jpg\" class=\"attachment-full size-full wp-image-14428\" alt=\"\" srcset=\"https:\/\/recarprofi.cz\/wp-content\/uploads\/2019\/09\/pomot-upr10.jpg 1024w, https:\/\/recarprofi.cz\/wp-content\/uploads\/2019\/09\/pomot-upr10-600x450.jpg 600w, https:\/\/recarprofi.cz\/wp-content\/uploads\/2019\/09\/pomot-upr10-420x315.jpg 420w, https:\/\/recarprofi.cz\/wp-content\/uploads\/2019\/09\/pomot-upr10-744x558.jpg 744w, https:\/\/recarprofi.cz\/wp-content\/uploads\/2019\/09\/pomot-upr10-768x576.jpg 768w\" sizes=\"(max-width: 1024px) 100vw, 1024px\" \/><\/a><\/figure><div class=\"elementor-image-box-content\"><h3 class=\"elementor-image-box-title\"><a href=\"https:\/\/recarprofi.cz\/uvod\/zemedelska-technika\/hnojeni\/rozmetadla-mineralnich-hnojiv-tazena-pomot\/\">Rozmetadla miner\u00e1ln\u00edch hnojiv ta\u017een\u00e1 Pomot<\/a><\/h3><p class=\"elementor-image-box-description\">\u0158et\u011bzov\u00fd dopravn\u00edk. <\/p><\/div><\/div>\t\t\t\t<\/div>\n\t\t\t\t<\/div>\n\t\t\t\t\t<\/div>\n\t\t<\/div>\n\t\t\t\t\t<\/div>\n\t\t<\/section>\n\t\t\t\t<section class=\"elementor-section elementor-top-section elementor-element elementor-element-8c49afb elementor-section-boxed elementor-section-height-default elementor-section-height-default\" data-id=\"8c49afb\" data-element_type=\"section\" data-e-type=\"section\">\n\t\t\t\t\t\t<div class=\"elementor-container elementor-column-gap-default\">\n\t\t\t\t\t<div class=\"elementor-column elementor-col-100 elementor-top-column elementor-element elementor-element-8ae9117\" data-id=\"8ae9117\" data-element_type=\"column\" data-e-type=\"column\">\n\t\t\t<div class=\"elementor-widget-wrap elementor-element-populated\">\n\t\t\t\t\t\t<div class=\"elementor-element elementor-element-15e4a62 elementor-position-left elementor-vertical-align-top elementor-widget elementor-widget-image-box\" data-id=\"15e4a62\" data-element_type=\"widget\" data-e-type=\"widget\" data-widget_type=\"image-box.default\">\n\t\t\t\t<div class=\"elementor-widget-container\">\n\t\t\t\t\t<div class=\"elementor-image-box-wrapper\"><figure class=\"elementor-image-box-img\"><a href=\"https:\/\/recarprofi.cz\/uvod\/zemedelska-technika\/hnojeni\/rozmetadla-organickych-hnojiv-unia\/\" tabindex=\"-1\"><img loading=\"lazy\" decoding=\"async\" width=\"270\" height=\"240\" src=\"https:\/\/recarprofi.cz\/wp-content\/uploads\/2017\/02\/unia-titan3.jpg\" class=\"attachment-full size-full wp-image-8737\" alt=\"\" \/><\/a><\/figure><div class=\"elementor-image-box-content\"><h3 class=\"elementor-image-box-title\"><a href=\"https:\/\/recarprofi.cz\/uvod\/zemedelska-technika\/hnojeni\/rozmetadla-organickych-hnojiv-unia\/\">Rozmetadla organick\u00fdch hnojiv Unia<\/a><\/h3><\/div><\/div>\t\t\t\t<\/div>\n\t\t\t\t<\/div>\n\t\t\t\t\t<\/div>\n\t\t<\/div>\n\t\t\t\t\t<\/div>\n\t\t<\/section>\n\t\t\t\t<section class=\"elementor-section elementor-top-section elementor-element elementor-element-3871277 elementor-section-boxed elementor-section-height-default elementor-section-height-default\" data-id=\"3871277\" data-element_type=\"section\" data-e-type=\"section\">\n\t\t\t\t\t\t<div class=\"elementor-container elementor-column-gap-default\">\n\t\t\t\t\t<div class=\"elementor-column elementor-col-100 elementor-top-column elementor-element elementor-element-8752654\" data-id=\"8752654\" data-element_type=\"column\" data-e-type=\"column\">\n\t\t\t<div class=\"elementor-widget-wrap elementor-element-populated\">\n\t\t\t\t\t\t<div class=\"elementor-element elementor-element-89d2bf6 elementor-position-left elementor-vertical-align-top elementor-widget elementor-widget-image-box\" data-id=\"89d2bf6\" data-element_type=\"widget\" data-e-type=\"widget\" data-widget_type=\"image-box.default\">\n\t\t\t\t<div class=\"elementor-widget-container\">\n\t\t\t\t\t<div class=\"elementor-image-box-wrapper\"><figure class=\"elementor-image-box-img\"><a href=\"https:\/\/recarprofi.cz\/uvod\/zemedelska-technika\/hnojeni\/rozmetadla-organickych-hnojiv-cynkomet\/\" tabindex=\"-1\"><img loading=\"lazy\" decoding=\"async\" width=\"1238\" height=\"826\" src=\"https:\/\/recarprofi.cz\/wp-content\/uploads\/2019\/08\/cynkomet-n2001.png\" class=\"attachment-full size-full wp-image-13620\" alt=\"\" srcset=\"https:\/\/recarprofi.cz\/wp-content\/uploads\/2019\/08\/cynkomet-n2001.png 1238w, https:\/\/recarprofi.cz\/wp-content\/uploads\/2019\/08\/cynkomet-n2001-600x400.png 600w, https:\/\/recarprofi.cz\/wp-content\/uploads\/2019\/08\/cynkomet-n2001-420x280.png 420w, https:\/\/recarprofi.cz\/wp-content\/uploads\/2019\/08\/cynkomet-n2001-744x496.png 744w, https:\/\/recarprofi.cz\/wp-content\/uploads\/2019\/08\/cynkomet-n2001-768x512.png 768w, https:\/\/recarprofi.cz\/wp-content\/uploads\/2019\/08\/cynkomet-n2001-1200x801.png 1200w\" sizes=\"(max-width: 1238px) 100vw, 1238px\" \/><\/a><\/figure><div class=\"elementor-image-box-content\"><h3 class=\"elementor-image-box-title\"><a href=\"https:\/\/recarprofi.cz\/uvod\/zemedelska-technika\/hnojeni\/rozmetadla-organickych-hnojiv-cynkomet\/\">Rozmetadla organick\u00fdch hnojiv Cynkomet<\/a><\/h3><\/div><\/div>\t\t\t\t<\/div>\n\t\t\t\t<\/div>\n\t\t\t\t\t<\/div>\n\t\t<\/div>\n\t\t\t\t\t<\/div>\n\t\t<\/section>\n\t\t\t\t<\/div>\n\t\t","protected":false},"excerpt":{"rendered":"<p>Rozmetadla miner\u00e1ln\u00edch hnojiv do sad\u016f Unia Rozmetadla miner\u00e1ln\u00edch hnojiv nesena Unia Rozmetadla minar\u00e1ln\u00edch hnojiv ta\u017een\u00e1 Unia Pasov\u00fd dopravn\u00edk. Rozmetadla miner\u00e1ln\u00edch hnojiv ta\u017een\u00e1 Pomot \u0158et\u011bzov\u00fd dopravn\u00edk. Rozmetadla organick\u00fdch hnojiv Unia Rozmetadla organick\u00fdch hnojiv Cynkomet<\/p>\n","protected":false},"author":1,"featured_media":21654,"parent":77,"menu_order":8,"comment_status":"closed","ping_status":"closed","template":"","meta":{"footnotes":""},"class_list":["post-3893","page","type-page","status-publish","has-post-thumbnail","hentry"],"_links":{"self":[{"href":"https:\/\/recarprofi.cz\/uvod\/wp-json\/wp\/v2\/pages\/3893","targetHints":{"allow":["GET"]}}],"collection":[{"href":"https:\/\/recarprofi.cz\/uvod\/wp-json\/wp\/v2\/pages"}],"about":[{"href":"https:\/\/recarprofi.cz\/uvod\/wp-json\/wp\/v2\/types\/page"}],"author":[{"embeddable":true,"href":"https:\/\/recarprofi.cz\/uvod\/wp-json\/wp\/v2\/users\/1"}],"replies":[{"embeddable":true,"href":"https:\/\/recarprofi.cz\/uvod\/wp-json\/wp\/v2\/comments?post=3893"}],"version-history":[{"count":57,"href":"https:\/\/recarprofi.cz\/uvod\/wp-json\/wp\/v2\/pages\/3893\/revisions"}],"predecessor-version":[{"id":32750,"href":"https:\/\/recarprofi.cz\/uvod\/wp-json\/wp\/v2\/pages\/3893\/revisions\/32750"}],"up":[{"embeddable":true,"href":"https:\/\/recarprofi.cz\/uvod\/wp-json\/wp\/v2\/pages\/77"}],"wp:featuredmedia":[{"embeddable":true,"href":"https:\/\/recarprofi.cz\/uvod\/wp-json\/wp\/v2\/media\/21654"}],"wp:attachment":[{"href":"https:\/\/recarprofi.cz\/uvod\/wp-json\/wp\/v2\/media?parent=3893"}],"curies":[{"name":"wp","href":"https:\/\/api.w.org\/{rel}","templated":true}]}}