{"id":3900,"date":"2013-04-09T12:45:52","date_gmt":"2013-04-09T10:45:52","guid":{"rendered":"http:\/\/recarprofi.cz\/?page_id=3900"},"modified":"2020-03-26T13:47:35","modified_gmt":"2020-03-26T12:47:35","slug":"rozmetadla-mineralnich-hnojiv-nesena","status":"publish","type":"page","link":"https:\/\/recarprofi.cz\/uvod\/zemedelska-technika\/hnojeni\/rozmetadla-mineralnich-hnojiv-nesena\/","title":{"rendered":"Rozmetadla miner\u00e1ln\u00edch hnojiv do sad\u016f Unia"},"content":{"rendered":"\t\t<div data-elementor-type=\"wp-page\" data-elementor-id=\"3900\" class=\"elementor elementor-3900\">\n\t\t\t\t\t\t<section class=\"elementor-section elementor-top-section elementor-element elementor-element-5c6edeee elementor-section-boxed elementor-section-height-default elementor-section-height-default\" data-id=\"5c6edeee\" data-element_type=\"section\" data-e-type=\"section\">\n\t\t\t\t\t\t<div class=\"elementor-container elementor-column-gap-default\">\n\t\t\t\t\t<div class=\"elementor-column elementor-col-100 elementor-top-column elementor-element elementor-element-609a2903\" data-id=\"609a2903\" data-element_type=\"column\" data-e-type=\"column\">\n\t\t\t<div class=\"elementor-widget-wrap elementor-element-populated\">\n\t\t\t\t\t\t<div class=\"elementor-element elementor-element-2af1d710 elementor-widget elementor-widget-text-editor\" data-id=\"2af1d710\" data-element_type=\"widget\" data-e-type=\"widget\" data-widget_type=\"text-editor.default\">\n\t\t\t\t<div class=\"elementor-widget-container\">\n\t\t\t\t\t\t\t\t\t<p>Rozmetadla miner\u00e1ln\u00edch hnojiv UNIA MS SAD.<a href=\"http:\/\/recarprofi.cz\/wp-content\/uploads\/2018\/07\/unia-ms-sad.jpg\"><img fetchpriority=\"high\" decoding=\"async\" class=\"aligncenter wp-image-10839 size-full\" src=\"https:\/\/recarprofi.cz\/wp-content\/uploads\/2018\/07\/unia-ms-sad.jpg\" alt=\"\" width=\"1000\" height=\"750\" srcset=\"https:\/\/recarprofi.cz\/wp-content\/uploads\/2018\/07\/unia-ms-sad.jpg 1000w, https:\/\/recarprofi.cz\/wp-content\/uploads\/2018\/07\/unia-ms-sad-600x450.jpg 600w\" sizes=\"(max-width: 1000px) 100vw, 1000px\" \/><\/a><\/p><p>Rozmetadla maj\u00ed gravita\u010dn\u00ed sp\u00e1d hnojiva, mo\u017enost hydraulick\u00e9ho zav\u00edr\u00e1n\u00ed hrad\u00edtek, v z\u00e1kladn\u00edm proveden\u00ed v\u017edy mechanick\u00e9. Nerezov\u00e9 rozmetac\u00ed \u00fastroj\u00ed poh\u00e1n\u011bn\u00e9 v\u00fdvodov\u00fdm h\u0159\u00eddelem traktoru.<\/p><p>Rozmetadla jsou standardn\u011b vybaven\u00e1:<\/p><ul><li>Nerezov\u00e9 rozmetac\u00ed \u00fastroj\u00ed poh\u00e1n\u011bn\u00e9 v\u00fdvodov\u00fdm h\u0159\u00eddelem traktoru<\/li><li>Vrchn\u00ed s\u00edto<\/li><li>Vnit\u0159n\u00ed m\u00edchadlo<\/li><li>Ukazatel vych\u00fdlen\u00ed rozmetadla<\/li><li>Tabulka k ustaven\u00ed d\u00e1vky<\/li><li>nerezov\u00e9 deflektory ke stroji pro aplikaci do sad\u016f<\/li><\/ul><p><strong>Technick\u00e9 parametry:<\/strong><\/p><table><tbody><tr><td width=\"85\"><strong>Model<\/strong><\/td><td width=\"85\"><strong>MS 400<\/strong><\/td><td width=\"85\"><strong>MS 500<\/strong><\/td><td width=\"85\"><strong>MS 400 SAD<\/strong><\/td><td width=\"85\"><strong>MS 500 SAD<\/strong><\/td><td width=\"85\"><strong>MS 600 SAD<\/strong><\/td><\/tr><tr><td width=\"85\">Objem z\u00e1sobn\u00edku (L)<\/td><td width=\"85\">400<\/td><td width=\"85\">500<\/td><td width=\"85\">400<\/td><td width=\"85\">500<\/td><td width=\"85\">600<\/td><\/tr><tr><td width=\"85\">Pracovn\u00ed z\u00e1b\u011br (m)<\/td><td width=\"85\">12-24<\/td><td width=\"85\">12-24<\/td><td width=\"85\">10-18 nebo 2-6<\/td><td width=\"85\">10-18 nebo 2-6<\/td><td width=\"85\">10-18 nebo 2-6<\/td><\/tr><tr><td width=\"85\">Celkov\u00e9 rozm\u011bry\u00a0 \u00a0 d\/\u0161\/v (m)<\/td><td width=\"85\">0,94\/1,65\/0,95<\/td><td width=\"85\">0,94\/1,65\/1,05<\/td><td width=\"85\">1\/1,3\/1,1<\/td><td width=\"85\">1\/1,3\/1,3<\/td><td width=\"85\">1\/1,3\/1,5<\/td><\/tr><tr><td width=\"85\">V\u00fdkon traktoru (k)<\/td><td width=\"85\">40 50<\/td><td width=\"85\">50-60<\/td><td width=\"85\">40-50<\/td><td width=\"85\">50-60<\/td><td width=\"85\">60-70<\/td><\/tr><tr><td width=\"85\">Hmotnost (kg)<\/td><td width=\"85\">223<\/td><td width=\"85\">240<\/td><td width=\"85\">230<\/td><td width=\"85\">240<\/td><td width=\"85\">250<\/td><\/tr><\/tbody><\/table><p><a href=\"http:\/\/recarprofi.cz\/wp-content\/uploads\/2018\/07\/unia-ms-sad2.jpg\"><img decoding=\"async\" class=\"aligncenter wp-image-10848 size-full\" src=\"https:\/\/recarprofi.cz\/wp-content\/uploads\/2018\/07\/unia-ms-sad2.jpg\" alt=\"\" width=\"1000\" height=\"750\" srcset=\"https:\/\/recarprofi.cz\/wp-content\/uploads\/2018\/07\/unia-ms-sad2.jpg 1000w, https:\/\/recarprofi.cz\/wp-content\/uploads\/2018\/07\/unia-ms-sad2-600x450.jpg 600w, https:\/\/recarprofi.cz\/wp-content\/uploads\/2018\/07\/unia-ms-sad2-420x315.jpg 420w, https:\/\/recarprofi.cz\/wp-content\/uploads\/2018\/07\/unia-ms-sad2-744x558.jpg 744w, https:\/\/recarprofi.cz\/wp-content\/uploads\/2018\/07\/unia-ms-sad2-768x576.jpg 768w\" sizes=\"(max-width: 1000px) 100vw, 1000px\" \/><\/a><a href=\"http:\/\/recarprofi.cz\/wp-content\/uploads\/2018\/07\/unia-ms-sad3.jpg\"><img decoding=\"async\" class=\"aligncenter wp-image-10849 size-full\" src=\"https:\/\/recarprofi.cz\/wp-content\/uploads\/2018\/07\/unia-ms-sad3.jpg\" alt=\"\" width=\"1024\" height=\"757\" srcset=\"https:\/\/recarprofi.cz\/wp-content\/uploads\/2018\/07\/unia-ms-sad3.jpg 1024w, https:\/\/recarprofi.cz\/wp-content\/uploads\/2018\/07\/unia-ms-sad3-600x444.jpg 600w, https:\/\/recarprofi.cz\/wp-content\/uploads\/2018\/07\/unia-ms-sad3-420x310.jpg 420w, https:\/\/recarprofi.cz\/wp-content\/uploads\/2018\/07\/unia-ms-sad3-744x550.jpg 744w, https:\/\/recarprofi.cz\/wp-content\/uploads\/2018\/07\/unia-ms-sad3-768x568.jpg 768w\" sizes=\"(max-width: 1024px) 100vw, 1024px\" \/><\/a><\/p><p><a href=\"http:\/\/recarprofi.cz\/wp-content\/uploads\/2018\/07\/unia-ms-sad4.jpg\"><img loading=\"lazy\" decoding=\"async\" class=\"aligncenter wp-image-10851 size-full\" src=\"https:\/\/recarprofi.cz\/wp-content\/uploads\/2018\/07\/unia-ms-sad4.jpg\" alt=\"\" width=\"1000\" height=\"750\" srcset=\"https:\/\/recarprofi.cz\/wp-content\/uploads\/2018\/07\/unia-ms-sad4.jpg 1000w, https:\/\/recarprofi.cz\/wp-content\/uploads\/2018\/07\/unia-ms-sad4-600x450.jpg 600w, https:\/\/recarprofi.cz\/wp-content\/uploads\/2018\/07\/unia-ms-sad4-420x315.jpg 420w, https:\/\/recarprofi.cz\/wp-content\/uploads\/2018\/07\/unia-ms-sad4-744x558.jpg 744w, https:\/\/recarprofi.cz\/wp-content\/uploads\/2018\/07\/unia-ms-sad4-768x576.jpg 768w\" sizes=\"(max-width: 1000px) 100vw, 1000px\" \/><\/a><\/p>\t\t\t\t\t\t\t\t<\/div>\n\t\t\t\t<\/div>\n\t\t\t\t\t<\/div>\n\t\t<\/div>\n\t\t\t\t\t<\/div>\n\t\t<\/section>\n\t\t\t\t<\/div>\n\t\t","protected":false},"excerpt":{"rendered":"<p>Rozmetadla miner\u00e1ln\u00edch hnojiv UNIA MS SAD. Rozmetadla maj\u00ed gravita\u010dn\u00ed sp\u00e1d hnojiva, mo\u017enost hydraulick\u00e9ho zav\u00edr\u00e1n\u00ed hrad\u00edtek, v z\u00e1kladn\u00edm proveden\u00ed v\u017edy mechanick\u00e9. Nerezov\u00e9 rozmetac\u00ed \u00fastroj\u00ed poh\u00e1n\u011bn\u00e9 v\u00fdvodov\u00fdm h\u0159\u00eddelem traktoru. Rozmetadla jsou standardn\u011b vybaven\u00e1: Nerezov\u00e9 rozmetac\u00ed \u00fastroj\u00ed poh\u00e1n\u011bn\u00e9&hellip;<\/p>\n","protected":false},"author":1,"featured_media":0,"parent":3893,"menu_order":1,"comment_status":"closed","ping_status":"closed","template":"","meta":{"footnotes":""},"class_list":["post-3900","page","type-page","status-publish","hentry"],"_links":{"self":[{"href":"https:\/\/recarprofi.cz\/uvod\/wp-json\/wp\/v2\/pages\/3900","targetHints":{"allow":["GET"]}}],"collection":[{"href":"https:\/\/recarprofi.cz\/uvod\/wp-json\/wp\/v2\/pages"}],"about":[{"href":"https:\/\/recarprofi.cz\/uvod\/wp-json\/wp\/v2\/types\/page"}],"author":[{"embeddable":true,"href":"https:\/\/recarprofi.cz\/uvod\/wp-json\/wp\/v2\/users\/1"}],"replies":[{"embeddable":true,"href":"https:\/\/recarprofi.cz\/uvod\/wp-json\/wp\/v2\/comments?post=3900"}],"version-history":[{"count":21,"href":"https:\/\/recarprofi.cz\/uvod\/wp-json\/wp\/v2\/pages\/3900\/revisions"}],"predecessor-version":[{"id":21400,"href":"https:\/\/recarprofi.cz\/uvod\/wp-json\/wp\/v2\/pages\/3900\/revisions\/21400"}],"up":[{"embeddable":true,"href":"https:\/\/recarprofi.cz\/uvod\/wp-json\/wp\/v2\/pages\/3893"}],"wp:attachment":[{"href":"https:\/\/recarprofi.cz\/uvod\/wp-json\/wp\/v2\/media?parent=3900"}],"curies":[{"name":"wp","href":"https:\/\/api.w.org\/{rel}","templated":true}]}}